{"id":2953,"date":"2021-06-03T09:39:42","date_gmt":"2021-06-03T09:39:42","guid":{"rendered":"https:\/\/www.haravara.sk\/?post_type=atrakcie&#038;p=2953"},"modified":"2026-04-09T17:40:49","modified_gmt":"2026-04-09T16:40:49","slug":"ekovcelnica-v-hrabusiciach","status":"publish","type":"atrakcie","link":"https:\/\/www.haravara.sk\/en\/atrakcie\/ekovcelnica-v-hrabusiciach\/","title":{"rendered":"V\u010dely raja - Ekov\u010delnica v Hrabu\u0161iciach"},"content":{"rendered":"<blockquote class=\"wp-block-quote is-layout-flow wp-block-quote-is-layout-flow\">\n<p><strong><em>,,Aaaaaaaaaa, he\u0161, he\u0161, cho\u010f pre\u010d!\" kri\u010dala Majka na cel\u00fa izbu. <br>,,\u010co sa deje?\" pribehol jej ve\u013ek\u00fd brat na pomoc. <br>,,V\u010dela! Je tu v\u010dela a ur\u010dite ma chce u\u0161tipn\u00fa\u0165!\" kri\u010dala Majka so strachom v hlase. <br>,,Majka, v\u010dielok sa b\u00e1\u0165 nemus\u00ed\u0161! Pom\u00f4\u017eeme jej vyletie\u0165 z izby von, preto\u017ee m\u00e1 ur\u010dite e\u0161te ve\u013ea pr\u00e1ce\" upokojoval ju Ka\u0161ko. <br>,,Ak\u00fa m\u00f4\u017ee ma\u0165 t\u00e1 v\u010dela pr\u00e1cu?\" nech\u00e1pavo kr\u00fatila hlavou Majka a pritom sa skr\u00fdvala pod dekou. <br>,,V\u010dielky maj\u00fa ve\u013emi v\u00fdznamn\u00fa \u00falohu v na\u0161om ekosyst\u00e9me. Po\u010fte, zoberiem v\u00e1s dnes na v\u00fdlet ekov\u010delnice s n\u00e1zvom V\u010dely raja, kde sa nau\u010d\u00edte v\u0161etko o v\u010dielkach a ich \u017eivote.\" ukon\u010dil debatu Ka\u0161ko a spolu s Maxom pomohli v\u010dielke, vyletie\u0165 von z izby. <\/em><\/strong><\/p>\n<\/blockquote>\n\n\n\n<div style=\"height:28px\" aria-hidden=\"true\" class=\"wp-block-spacer\"><\/div>\n\n\n\n<figure class=\"wp-block-gallery has-nested-images columns-default is-cropped wp-block-gallery-1 is-layout-flex wp-block-gallery-is-layout-flex\">\n<figure class=\"wp-block-image size-large\"><img decoding=\"async\" width=\"500\" height=\"333\" data-id=\"21325\" src=\"https:\/\/www.haravara.sk\/wp-content\/uploads\/2021\/06\/Slov.Raj-sever-_Kikinder_full_076_zmensena.jpg\" alt=\"\" class=\"wp-image-21325\" srcset=\"https:\/\/www.haravara.sk\/wp-content\/uploads\/2021\/06\/Slov.Raj-sever-_Kikinder_full_076_zmensena.jpg 500w, https:\/\/www.haravara.sk\/wp-content\/uploads\/2021\/06\/Slov.Raj-sever-_Kikinder_full_076_zmensena-300x200.jpg 300w, https:\/\/www.haravara.sk\/wp-content\/uploads\/2021\/06\/Slov.Raj-sever-_Kikinder_full_076_zmensena-18x12.jpg 18w\" sizes=\"(max-width: 500px) 100vw, 500px\" \/><\/figure>\n\n\n\n<figure class=\"wp-block-image size-large\"><img decoding=\"async\" width=\"500\" height=\"333\" data-id=\"21328\" src=\"https:\/\/www.haravara.sk\/wp-content\/uploads\/2021\/06\/Slov.Raj-sever-_Kikinder_full_079_zmensena.jpg\" alt=\"\" class=\"wp-image-21328\" srcset=\"https:\/\/www.haravara.sk\/wp-content\/uploads\/2021\/06\/Slov.Raj-sever-_Kikinder_full_079_zmensena.jpg 500w, https:\/\/www.haravara.sk\/wp-content\/uploads\/2021\/06\/Slov.Raj-sever-_Kikinder_full_079_zmensena-300x200.jpg 300w, https:\/\/www.haravara.sk\/wp-content\/uploads\/2021\/06\/Slov.Raj-sever-_Kikinder_full_079_zmensena-18x12.jpg 18w\" sizes=\"(max-width: 500px) 100vw, 500px\" \/><\/figure>\n\n\n\n<figure class=\"wp-block-image size-large\"><img decoding=\"async\" width=\"500\" height=\"333\" data-id=\"21324\" src=\"https:\/\/www.haravara.sk\/wp-content\/uploads\/2021\/06\/Slov.Raj-sever-_Kikinder_full_082_zmensena.jpg\" alt=\"\" class=\"wp-image-21324\" srcset=\"https:\/\/www.haravara.sk\/wp-content\/uploads\/2021\/06\/Slov.Raj-sever-_Kikinder_full_082_zmensena.jpg 500w, https:\/\/www.haravara.sk\/wp-content\/uploads\/2021\/06\/Slov.Raj-sever-_Kikinder_full_082_zmensena-300x200.jpg 300w, https:\/\/www.haravara.sk\/wp-content\/uploads\/2021\/06\/Slov.Raj-sever-_Kikinder_full_082_zmensena-18x12.jpg 18w\" sizes=\"(max-width: 500px) 100vw, 500px\" \/><\/figure>\n<\/figure>\n\n\n\n<p>Nav\u0161t\u00edvte unik\u00e1tnu ekov\u010delnicu, ktor\u00e1 vyr\u00e1stla ne\u010faleko obce Hrabu\u0161ice! Projekt s n\u00e1zvom V\u010dely raja v\u00e1m predstav\u00ed prirodzen\u00fd sp\u00f4sob \u017eivota v\u010diel. S\u00fa\u010das\u0165ou are\u00e1lu s\u00fa v\u010delie \u00fale a n\u00e1u\u010dn\u00e9 tabule, z ktor\u00fdch sa dozviete aj to \u010do ste mo\u017eno doteraz o v\u010dielkach nevedeli. N\u00e1jdete tu aj apidom\u010dek, oddychov\u00e9 miesto a ohnisko. Apiterapiu si v apidom\u010deku m\u00f4\u017eete vysk\u00fa\u0161a\u0165 aj sami. Sta\u010d\u00ed si v\u010faka automatu zaplati\u0165 vstup a vychutna\u0165 si bzukot v\u010diel z bezpe\u010dnej bl\u00edzkosti. <\/p>\n\n\n\n<p>Vedeli ste, \u017ee po\u010d\u00favanie bzukotu v\u010diel \u010di inhal\u00e1cia v\u010delieho vzduchu priamo z \u00fa\u013ea m\u00e1 lie\u010div\u00e9 \u00fa\u010dinky? Pr\u00ed\u010fte si t\u00fato atmosf\u00e9ru vychutna\u0165 aj vy.<\/p>\n\n\n\n<div style=\"height:28px\" aria-hidden=\"true\" class=\"wp-block-spacer\"><\/div>\n\n\n\n<h3 class=\"wp-block-heading\" id=\"h-otv-racie-hodiny\"><mark style=\"background-color:rgba(0, 0, 0, 0);color:#21ad04\" class=\"has-inline-color\">Otv\u00e1racie hodiny:<\/mark><\/h3>\n\n\n\n<p>Are\u00e1l ekov\u010delnice je pr\u00edstupn\u00fd celoro\u010dne.<\/p>\n\n\n\n<div style=\"height:28px\" aria-hidden=\"true\" class=\"wp-block-spacer\"><\/div>\n\n\n\n<h3 class=\"wp-block-heading\" id=\"h-vstupn-do-ekov-elnice-v-ely-raja\"><mark style=\"background-color:rgba(0, 0, 0, 0);color:#21ad04\" class=\"has-inline-color\">Vstupn\u00e9 do ekov\u010delnice V\u010dely raja:<\/mark><\/h3>\n\n\n\n<p>Vstup do apidom\u010deka je spoplatnen\u00fd prostredn\u00edctvom elektronick\u00e9ho mincov\u00e9ho automatu 2 \u20ac.<\/p>\n\n\n\n<div style=\"height:28px\" aria-hidden=\"true\" class=\"wp-block-spacer\"><\/div>\n\n\n\n<figure class=\"wp-block-gallery has-nested-images columns-default is-cropped wp-block-gallery-2 is-layout-flex wp-block-gallery-is-layout-flex\">\n<figure class=\"wp-block-image size-large\"><img decoding=\"async\" width=\"500\" height=\"333\" data-id=\"21327\" src=\"https:\/\/www.haravara.sk\/wp-content\/uploads\/2021\/06\/Slov.Raj-sever-_Kikinder_full_085_zmensena.jpg\" alt=\"\" class=\"wp-image-21327\" srcset=\"https:\/\/www.haravara.sk\/wp-content\/uploads\/2021\/06\/Slov.Raj-sever-_Kikinder_full_085_zmensena.jpg 500w, https:\/\/www.haravara.sk\/wp-content\/uploads\/2021\/06\/Slov.Raj-sever-_Kikinder_full_085_zmensena-300x200.jpg 300w, https:\/\/www.haravara.sk\/wp-content\/uploads\/2021\/06\/Slov.Raj-sever-_Kikinder_full_085_zmensena-18x12.jpg 18w\" sizes=\"(max-width: 500px) 100vw, 500px\" \/><\/figure>\n\n\n\n<figure class=\"wp-block-image size-large\"><img decoding=\"async\" width=\"500\" height=\"333\" data-id=\"21329\" src=\"https:\/\/www.haravara.sk\/wp-content\/uploads\/2021\/06\/Slov.Raj-sever-_Kikinder_full_080_zmensena.jpg\" alt=\"\" class=\"wp-image-21329\" srcset=\"https:\/\/www.haravara.sk\/wp-content\/uploads\/2021\/06\/Slov.Raj-sever-_Kikinder_full_080_zmensena.jpg 500w, https:\/\/www.haravara.sk\/wp-content\/uploads\/2021\/06\/Slov.Raj-sever-_Kikinder_full_080_zmensena-300x200.jpg 300w, https:\/\/www.haravara.sk\/wp-content\/uploads\/2021\/06\/Slov.Raj-sever-_Kikinder_full_080_zmensena-18x12.jpg 18w\" sizes=\"(max-width: 500px) 100vw, 500px\" \/><\/figure>\n<\/figure>\n\n\n\n<h3 class=\"wp-block-heading\" id=\"h-kontakt\"><mark style=\"background-color:rgba(0, 0, 0, 0);color:#21ad04\" class=\"has-inline-color\">Kontakt:<\/mark><\/h3>\n\n\n\n<p>V pr\u00edpade z\u00e1ujmu o prehliadku, kontaktujte Urbari\u00e1t v Hrabu\u0161iciach - <a href=\"http:\/\/tel.: \t053\/449 04 05\">053\/ 449 04 05<\/a><br>Viac inform\u00e1ci\u00ed n\u00e1jdete tu<a href=\"http:\/\/www.lezeckastenakosice.sk\/\">:<\/a> <a href=\"http:\/\/www.urbariathrabusice.sk\/vcely-raja-otvorene\/\">Bees of paradise<\/a><\/p>\n\n\n\n<div style=\"height:28px\" aria-hidden=\"true\" class=\"wp-block-spacer\"><\/div>\n\n\n\n<h3 class=\"wp-block-heading\" id=\"h-ako-sa-dostanete-k-ekov-elnici-v-ely-raja\"><mark style=\"background-color:rgba(0, 0, 0, 0);color:#21ad04\" class=\"has-inline-color\">Ako sa dostanete k ekov\u010delnici V\u010dely raja?<\/mark> <\/h3>\n\n\n\n<p>Auto m\u00f4\u017eete odstavi\u0165 v obci Hrabu\u0161ice. K ekov\u010delnici vedie turistick\u00fd chodn\u00edk priamo z obce. <\/p>\n\n\n\n<div style=\"height:28px\" aria-hidden=\"true\" class=\"wp-block-spacer\"><\/div>\n\n\n<p><iframe src=\"https:\/\/www.google.com\/maps\/embed?pb=!1m14!1m8!1m3!1d20957.38949167971!2d20.415966!3d48.959699!3m2!1i1024!2i768!4f13.1!3m3!1m2!1s0x0%3A0xb745a6da2f4b2904!2sUrbar%20Hrabusice!5e0!3m2!1ssk!2sus!4v1622635184488!5m2!1ssk!2sus\" width=\"100%\" height=\"450\" style=\"border:0;\" allowfullscreen=\"\" loading=\"lazy\"><\/iframe><\/p>","protected":false},"excerpt":{"rendered":"<p>,,Pozrite sa na toho pav\u00faka, ako lezie po stene!\" ukazoval prstom Max na mal\u00e9ho pav\u00fa\u010dika, ,,tie\u017e by som chcel, tak vedie\u0165 liez\u0165. Vyliezol by som na ka\u017ed\u00fa skalu \u010di budovu.\"<br \/>\n,,Ale to nie je probl\u00e9m.\" ozval sa spoza dver\u00ed Ka\u0161kov hlas, ,,Na lezeckej stene v Ko\u0161iciach n\u00e1s to sk\u00fasen\u00ed horolezci ur\u010dite nau\u010dia!\" <\/p>","protected":false},"featured_media":21325,"menu_order":0,"template":"","format":"standard","meta":{"_acf_changed":false,"footnotes":""},"categories":[1],"class_list":["post-2953","atrakcie","type-atrakcie","status-publish","format-standard","has-post-thumbnail","hentry","category-tipy-pre-rodicov"],"acf":[],"yoast_head":"<!-- This site is optimized with the Yoast SEO Premium plugin v22.7 (Yoast SEO v27.2) - https:\/\/yoast.com\/product\/yoast-seo-premium-wordpress\/ -->\n<title>\u2b50 Kam s de\u0165mi v Ko\u0161ickom kraji - V\u010dely raja - Ekov\u010delnica v Hrabu\u0161iciach<\/title>\n<meta name=\"description\" content=\"P\u00fdtate sa kam s de\u0165mi v Ko\u0161ickom kraji? Odpove\u010f je Haravara - V\u010dely raja - Ekov\u010delnica v Hrabu\u0161iciach Nechajte sa in\u0161pirova\u0165 skvel\u00fdm tipom ...\" \/>\n<meta name=\"robots\" content=\"index, follow, max-snippet:-1, max-image-preview:large, max-video-preview:-1\" \/>\n<link rel=\"canonical\" href=\"https:\/\/www.haravara.sk\/en\/atrakcie\/ekovcelnica-v-hrabusiciach\/\" \/>\n<meta property=\"og:locale\" content=\"en_GB\" \/>\n<meta property=\"og:type\" content=\"article\" \/>\n<meta property=\"og:title\" content=\"V\u010dely raja - Ekov\u010delnica v Hrabu\u0161iciach\" \/>\n<meta property=\"og:description\" content=\"P\u00fdtate sa kam s de\u0165mi v Ko\u0161ickom kraji? Odpove\u010f je Haravara - V\u010dely raja - Ekov\u010delnica v Hrabu\u0161iciach Nechajte sa in\u0161pirova\u0165 skvel\u00fdm tipom ...\" \/>\n<meta property=\"og:url\" content=\"https:\/\/www.haravara.sk\/en\/atrakcie\/ekovcelnica-v-hrabusiciach\/\" \/>\n<meta property=\"og:site_name\" content=\"HARAVARA\" \/>\n<meta property=\"article:publisher\" content=\"https:\/\/www.facebook.com\/haravara.detsky.svet\" \/>\n<meta property=\"article:modified_time\" content=\"2026-04-09T16:40:49+00:00\" \/>\n<meta property=\"og:image\" content=\"https:\/\/www.haravara.sk\/wp-content\/uploads\/2021\/06\/A87A5855.jpg\" \/>\n\t<meta property=\"og:image:width\" content=\"1000\" \/>\n\t<meta property=\"og:image:height\" content=\"667\" \/>\n\t<meta property=\"og:image:type\" content=\"image\/jpeg\" \/>\n<meta name=\"twitter:card\" content=\"summary_large_image\" \/>\n<meta name=\"twitter:label1\" content=\"Estimated reading time\" \/>\n\t<meta name=\"twitter:data1\" content=\"3 minutes\" \/>\n<script type=\"application\/ld+json\" class=\"yoast-schema-graph\">{\"@context\":\"https:\/\/schema.org\",\"@graph\":[{\"@type\":\"WebPage\",\"@id\":\"https:\/\/www.haravara.sk\/atrakcie\/ekovcelnica-v-hrabusiciach\/\",\"url\":\"https:\/\/www.haravara.sk\/atrakcie\/ekovcelnica-v-hrabusiciach\/\",\"name\":\"\u2b50 Kam s de\u0165mi v Ko\u0161ickom kraji - V\u010dely raja - Ekov\u010delnica v Hrabu\u0161iciach\",\"isPartOf\":{\"@id\":\"https:\/\/www.haravara.sk\/#website\"},\"primaryImageOfPage\":{\"@id\":\"https:\/\/www.haravara.sk\/atrakcie\/ekovcelnica-v-hrabusiciach\/#primaryimage\"},\"image\":{\"@id\":\"https:\/\/www.haravara.sk\/atrakcie\/ekovcelnica-v-hrabusiciach\/#primaryimage\"},\"thumbnailUrl\":\"https:\/\/www.haravara.sk\/wp-content\/uploads\/2021\/06\/Slov.Raj-sever-_Kikinder_full_076_zmensena.jpg\",\"datePublished\":\"2021-06-03T09:39:42+00:00\",\"dateModified\":\"2026-04-09T16:40:49+00:00\",\"description\":\"P\u00fdtate sa kam s de\u0165mi v Ko\u0161ickom kraji? Odpove\u010f je Haravara - V\u010dely raja - Ekov\u010delnica v Hrabu\u0161iciach Nechajte sa in\u0161pirova\u0165 skvel\u00fdm tipom ...\",\"breadcrumb\":{\"@id\":\"https:\/\/www.haravara.sk\/atrakcie\/ekovcelnica-v-hrabusiciach\/#breadcrumb\"},\"inLanguage\":\"en-GB\",\"potentialAction\":[{\"@type\":\"ReadAction\",\"target\":[\"https:\/\/www.haravara.sk\/atrakcie\/ekovcelnica-v-hrabusiciach\/\"]}]},{\"@type\":\"ImageObject\",\"inLanguage\":\"en-GB\",\"@id\":\"https:\/\/www.haravara.sk\/atrakcie\/ekovcelnica-v-hrabusiciach\/#primaryimage\",\"url\":\"https:\/\/www.haravara.sk\/wp-content\/uploads\/2021\/06\/Slov.Raj-sever-_Kikinder_full_076_zmensena.jpg\",\"contentUrl\":\"https:\/\/www.haravara.sk\/wp-content\/uploads\/2021\/06\/Slov.Raj-sever-_Kikinder_full_076_zmensena.jpg\",\"width\":500,\"height\":333},{\"@type\":\"BreadcrumbList\",\"@id\":\"https:\/\/www.haravara.sk\/atrakcie\/ekovcelnica-v-hrabusiciach\/#breadcrumb\",\"itemListElement\":[{\"@type\":\"ListItem\",\"position\":1,\"name\":\"Domov\",\"item\":\"https:\/\/www.haravara.sk\/\"},{\"@type\":\"ListItem\",\"position\":2,\"name\":\"Atrakcie\",\"item\":\"https:\/\/www.haravara.sk\/atrakcie\/\"},{\"@type\":\"ListItem\",\"position\":3,\"name\":\"V\u010dely raja - Ekov\u010delnica v Hrabu\u0161iciach\"}]},{\"@type\":\"WebSite\",\"@id\":\"https:\/\/www.haravara.sk\/#website\",\"url\":\"https:\/\/www.haravara.sk\/\",\"name\":\"HARAVARA\",\"description\":\"Objav detsk\u00fd svet v Ko\u0161ickom kraji\",\"publisher\":{\"@id\":\"https:\/\/www.haravara.sk\/#organization\"},\"potentialAction\":[{\"@type\":\"SearchAction\",\"target\":{\"@type\":\"EntryPoint\",\"urlTemplate\":\"https:\/\/www.haravara.sk\/?s={search_term_string}\"},\"query-input\":{\"@type\":\"PropertyValueSpecification\",\"valueRequired\":true,\"valueName\":\"search_term_string\"}}],\"inLanguage\":\"en-GB\"},{\"@type\":\"Organization\",\"@id\":\"https:\/\/www.haravara.sk\/#organization\",\"name\":\"Haravara\",\"url\":\"https:\/\/www.haravara.sk\/\",\"logo\":{\"@type\":\"ImageObject\",\"inLanguage\":\"en-GB\",\"@id\":\"https:\/\/www.haravara.sk\/#\/schema\/logo\/image\/\",\"url\":\"https:\/\/www.haravara.sk\/wp-content\/uploads\/2021\/04\/LOGO-LandingPage.png\",\"contentUrl\":\"https:\/\/www.haravara.sk\/wp-content\/uploads\/2021\/04\/LOGO-LandingPage.png\",\"width\":832,\"height\":618,\"caption\":\"Haravara\"},\"image\":{\"@id\":\"https:\/\/www.haravara.sk\/#\/schema\/logo\/image\/\"},\"sameAs\":[\"https:\/\/www.facebook.com\/haravara.detsky.svet\"]}]}<\/script>\n<!-- \/ Yoast SEO Premium plugin. -->","yoast_head_json":{"title":"\u2b50 Kam s de\u0165mi v Ko\u0161ickom kraji - V\u010dely raja - Ekov\u010delnica v Hrabu\u0161iciach","description":"P\u00fdtate sa kam s de\u0165mi v Ko\u0161ickom kraji? Odpove\u010f je Haravara - V\u010dely raja - Ekov\u010delnica v Hrabu\u0161iciach Nechajte sa in\u0161pirova\u0165 skvel\u00fdm tipom ...","robots":{"index":"index","follow":"follow","max-snippet":"max-snippet:-1","max-image-preview":"max-image-preview:large","max-video-preview":"max-video-preview:-1"},"canonical":"https:\/\/www.haravara.sk\/en\/atrakcie\/ekovcelnica-v-hrabusiciach\/","og_locale":"en_GB","og_type":"article","og_title":"V\u010dely raja - Ekov\u010delnica v Hrabu\u0161iciach","og_description":"P\u00fdtate sa kam s de\u0165mi v Ko\u0161ickom kraji? Odpove\u010f je Haravara - V\u010dely raja - Ekov\u010delnica v Hrabu\u0161iciach Nechajte sa in\u0161pirova\u0165 skvel\u00fdm tipom ...","og_url":"https:\/\/www.haravara.sk\/en\/atrakcie\/ekovcelnica-v-hrabusiciach\/","og_site_name":"HARAVARA","article_publisher":"https:\/\/www.facebook.com\/haravara.detsky.svet","article_modified_time":"2026-04-09T16:40:49+00:00","og_image":[{"width":1000,"height":667,"url":"https:\/\/www.haravara.sk\/wp-content\/uploads\/2021\/06\/A87A5855.jpg","type":"image\/jpeg"}],"twitter_card":"summary_large_image","twitter_misc":{"Estimated reading time":"3 minutes"},"schema":{"@context":"https:\/\/schema.org","@graph":[{"@type":"WebPage","@id":"https:\/\/www.haravara.sk\/atrakcie\/ekovcelnica-v-hrabusiciach\/","url":"https:\/\/www.haravara.sk\/atrakcie\/ekovcelnica-v-hrabusiciach\/","name":"\u2b50 Kam s de\u0165mi v Ko\u0161ickom kraji - V\u010dely raja - Ekov\u010delnica v Hrabu\u0161iciach","isPartOf":{"@id":"https:\/\/www.haravara.sk\/#website"},"primaryImageOfPage":{"@id":"https:\/\/www.haravara.sk\/atrakcie\/ekovcelnica-v-hrabusiciach\/#primaryimage"},"image":{"@id":"https:\/\/www.haravara.sk\/atrakcie\/ekovcelnica-v-hrabusiciach\/#primaryimage"},"thumbnailUrl":"https:\/\/www.haravara.sk\/wp-content\/uploads\/2021\/06\/Slov.Raj-sever-_Kikinder_full_076_zmensena.jpg","datePublished":"2021-06-03T09:39:42+00:00","dateModified":"2026-04-09T16:40:49+00:00","description":"P\u00fdtate sa kam s de\u0165mi v Ko\u0161ickom kraji? Odpove\u010f je Haravara - V\u010dely raja - Ekov\u010delnica v Hrabu\u0161iciach Nechajte sa in\u0161pirova\u0165 skvel\u00fdm tipom ...","breadcrumb":{"@id":"https:\/\/www.haravara.sk\/atrakcie\/ekovcelnica-v-hrabusiciach\/#breadcrumb"},"inLanguage":"en-GB","potentialAction":[{"@type":"ReadAction","target":["https:\/\/www.haravara.sk\/atrakcie\/ekovcelnica-v-hrabusiciach\/"]}]},{"@type":"ImageObject","inLanguage":"en-GB","@id":"https:\/\/www.haravara.sk\/atrakcie\/ekovcelnica-v-hrabusiciach\/#primaryimage","url":"https:\/\/www.haravara.sk\/wp-content\/uploads\/2021\/06\/Slov.Raj-sever-_Kikinder_full_076_zmensena.jpg","contentUrl":"https:\/\/www.haravara.sk\/wp-content\/uploads\/2021\/06\/Slov.Raj-sever-_Kikinder_full_076_zmensena.jpg","width":500,"height":333},{"@type":"BreadcrumbList","@id":"https:\/\/www.haravara.sk\/atrakcie\/ekovcelnica-v-hrabusiciach\/#breadcrumb","itemListElement":[{"@type":"ListItem","position":1,"name":"Domov","item":"https:\/\/www.haravara.sk\/"},{"@type":"ListItem","position":2,"name":"Atrakcie","item":"https:\/\/www.haravara.sk\/atrakcie\/"},{"@type":"ListItem","position":3,"name":"V\u010dely raja - Ekov\u010delnica v Hrabu\u0161iciach"}]},{"@type":"WebSite","@id":"https:\/\/www.haravara.sk\/#website","url":"https:\/\/www.haravara.sk\/","name":"HARAVARA","description":"Objav detsk\u00fd svet v Ko\u0161ickom kraji","publisher":{"@id":"https:\/\/www.haravara.sk\/#organization"},"potentialAction":[{"@type":"SearchAction","target":{"@type":"EntryPoint","urlTemplate":"https:\/\/www.haravara.sk\/?s={search_term_string}"},"query-input":{"@type":"PropertyValueSpecification","valueRequired":true,"valueName":"search_term_string"}}],"inLanguage":"en-GB"},{"@type":"Organization","@id":"https:\/\/www.haravara.sk\/#organization","name":"Haravara","url":"https:\/\/www.haravara.sk\/","logo":{"@type":"ImageObject","inLanguage":"en-GB","@id":"https:\/\/www.haravara.sk\/#\/schema\/logo\/image\/","url":"https:\/\/www.haravara.sk\/wp-content\/uploads\/2021\/04\/LOGO-LandingPage.png","contentUrl":"https:\/\/www.haravara.sk\/wp-content\/uploads\/2021\/04\/LOGO-LandingPage.png","width":832,"height":618,"caption":"Haravara"},"image":{"@id":"https:\/\/www.haravara.sk\/#\/schema\/logo\/image\/"},"sameAs":["https:\/\/www.facebook.com\/haravara.detsky.svet"]}]}},"_links":{"self":[{"href":"https:\/\/www.haravara.sk\/en\/wp-json\/wp\/v2\/atrakcie\/2953","targetHints":{"allow":["GET"]}}],"collection":[{"href":"https:\/\/www.haravara.sk\/en\/wp-json\/wp\/v2\/atrakcie"}],"about":[{"href":"https:\/\/www.haravara.sk\/en\/wp-json\/wp\/v2\/types\/atrakcie"}],"version-history":[{"count":3,"href":"https:\/\/www.haravara.sk\/en\/wp-json\/wp\/v2\/atrakcie\/2953\/revisions"}],"predecessor-version":[{"id":21331,"href":"https:\/\/www.haravara.sk\/en\/wp-json\/wp\/v2\/atrakcie\/2953\/revisions\/21331"}],"wp:featuredmedia":[{"embeddable":true,"href":"https:\/\/www.haravara.sk\/en\/wp-json\/wp\/v2\/media\/21325"}],"wp:attachment":[{"href":"https:\/\/www.haravara.sk\/en\/wp-json\/wp\/v2\/media?parent=2953"}],"wp:term":[{"taxonomy":"category","embeddable":true,"href":"https:\/\/www.haravara.sk\/en\/wp-json\/wp\/v2\/categories?post=2953"}],"curies":[{"name":"wp","href":"https:\/\/api.w.org\/{rel}","templated":true}]}}