{"id":21302,"date":"2026-04-07T18:44:33","date_gmt":"2026-04-07T17:44:33","guid":{"rendered":"https:\/\/www.haravara.sk\/?post_type=podujatia&#038;p=21302"},"modified":"2026-04-23T08:52:57","modified_gmt":"2026-04-23T07:52:57","slug":"festival-puntik","status":"publish","type":"podujatia","link":"https:\/\/www.haravara.sk\/en\/podujatia\/festival-puntik\/","title":{"rendered":"Festival Punt\u00edk 2026"},"content":{"rendered":"<div style=\"height:30px\" aria-hidden=\"true\" class=\"wp-block-spacer\"><\/div>\n\n\n\n<p><strong>Detsk\u00fd liter\u00e1rny festival pln\u00fd kn\u00edh, pr\u00edbehov a z\u00e1\u017eitkov<\/strong><br><\/p>\n\n\n\n<div style=\"height:21px\" aria-hidden=\"true\" class=\"wp-block-spacer\"><\/div>\n\n\n\n<p>Festival Punkt\u00edk je ob\u013e\u00faben\u00fd detsk\u00fd liter\u00e1rny festival, ktor\u00fd prin\u00e1\u0161a to najlep\u0161ie z kvalitnej detskej literat\u00fary. Zameriava sa na pr\u00edbehy, \u010d\u00edtanie, stretnutia s autormi detsk\u00fdch kn\u00edh, autogrami\u00e1dy, workshopy, divadlo aj hudbu. S\u00fa\u010das\u0165ou podujatia je aj ve\u013ek\u00fd trh vydavate\u013eov detsk\u00fdch kn\u00edh, kde si n\u00e1v\u0161tevn\u00edci m\u00f4\u017eu vybra\u0165 z bohatej ponuky kn\u00edh pre deti.<\/p>\n\n\n\n<div style=\"height:21px\" aria-hidden=\"true\" class=\"wp-block-spacer\"><\/div>\n\n\n\n<p>Deviaty ro\u010dn\u00edk festivalu Punkt\u00edk sa uskuto\u010dn\u00ed v sobotu 25. apr\u00edla 2026 v kult\u00farnom centre Taba\u010dka Kulturfabrik v centre Ko\u0161\u00edc. Festival je ur\u010den\u00fd pre deti, rodi\u010dov, star\u00fdch rodi\u010dov aj v\u0161etk\u00fdch milovn\u00edkov detskej literat\u00fary, ktor\u00ed chc\u00fa za\u017ei\u0165 jedine\u010dn\u00fa atmosf\u00e9ru liter\u00e1rneho podujatia pre rodiny.<\/p>\n\n\n\n<figure class=\"wp-block-gallery has-nested-images columns-default is-cropped wp-block-gallery-1 is-layout-flex wp-block-gallery-is-layout-flex\">\n<figure class=\"wp-block-image size-large\"><img decoding=\"async\" width=\"1024\" height=\"683\" data-id=\"21621\" src=\"https:\/\/www.haravara.sk\/wp-content\/uploads\/2026\/04\/491445266_18302726731246570_7665995541370880459_n-1024x683.jpg\" alt=\"\" class=\"wp-image-21621\" srcset=\"https:\/\/www.haravara.sk\/wp-content\/uploads\/2026\/04\/491445266_18302726731246570_7665995541370880459_n-1024x683.jpg 1024w, https:\/\/www.haravara.sk\/wp-content\/uploads\/2026\/04\/491445266_18302726731246570_7665995541370880459_n-300x200.jpg 300w, https:\/\/www.haravara.sk\/wp-content\/uploads\/2026\/04\/491445266_18302726731246570_7665995541370880459_n-768x512.jpg 768w, https:\/\/www.haravara.sk\/wp-content\/uploads\/2026\/04\/491445266_18302726731246570_7665995541370880459_n-18x12.jpg 18w, https:\/\/www.haravara.sk\/wp-content\/uploads\/2026\/04\/491445266_18302726731246570_7665995541370880459_n.jpg 1440w\" sizes=\"(max-width: 1024px) 100vw, 1024px\" \/><\/figure>\n\n\n\n<figure class=\"wp-block-image size-large\"><img decoding=\"async\" width=\"1024\" height=\"683\" data-id=\"21622\" src=\"https:\/\/www.haravara.sk\/wp-content\/uploads\/2026\/04\/491444148_18302726761246570_5825912582978725390_n-1024x683.jpg\" alt=\"\" class=\"wp-image-21622\" srcset=\"https:\/\/www.haravara.sk\/wp-content\/uploads\/2026\/04\/491444148_18302726761246570_5825912582978725390_n-1024x683.jpg 1024w, https:\/\/www.haravara.sk\/wp-content\/uploads\/2026\/04\/491444148_18302726761246570_5825912582978725390_n-300x200.jpg 300w, https:\/\/www.haravara.sk\/wp-content\/uploads\/2026\/04\/491444148_18302726761246570_5825912582978725390_n-768x512.jpg 768w, https:\/\/www.haravara.sk\/wp-content\/uploads\/2026\/04\/491444148_18302726761246570_5825912582978725390_n-18x12.jpg 18w, https:\/\/www.haravara.sk\/wp-content\/uploads\/2026\/04\/491444148_18302726761246570_5825912582978725390_n.jpg 1440w\" sizes=\"(max-width: 1024px) 100vw, 1024px\" \/><\/figure>\n\n\n\n<figure class=\"wp-block-image size-large\"><img decoding=\"async\" width=\"1024\" height=\"683\" data-id=\"21623\" src=\"https:\/\/www.haravara.sk\/wp-content\/uploads\/2026\/04\/491449704_18302726740246570_4518550264564704149_n-1024x683.jpg\" alt=\"\" class=\"wp-image-21623\" srcset=\"https:\/\/www.haravara.sk\/wp-content\/uploads\/2026\/04\/491449704_18302726740246570_4518550264564704149_n-1024x683.jpg 1024w, https:\/\/www.haravara.sk\/wp-content\/uploads\/2026\/04\/491449704_18302726740246570_4518550264564704149_n-300x200.jpg 300w, https:\/\/www.haravara.sk\/wp-content\/uploads\/2026\/04\/491449704_18302726740246570_4518550264564704149_n-768x512.jpg 768w, https:\/\/www.haravara.sk\/wp-content\/uploads\/2026\/04\/491449704_18302726740246570_4518550264564704149_n-18x12.jpg 18w, https:\/\/www.haravara.sk\/wp-content\/uploads\/2026\/04\/491449704_18302726740246570_4518550264564704149_n.jpg 1440w\" sizes=\"(max-width: 1024px) 100vw, 1024px\" \/><\/figure>\n<\/figure>\n\n\n\n<p>zdroj: <a href=\"https:\/\/www.facebook.com\/festival.punktik\/\">Facebook - Punkt\u00edk - festival detskej knihy<\/a><\/p>\n\n\n\n<hr class=\"wp-block-separator has-alpha-channel-opacity\"\/>\n\n\n\n<h3 class=\"wp-block-heading\" id=\"h-program-festivalu-punktik-2026\"><mark style=\"background-color:rgba(0, 0, 0, 0);color:#061172\" class=\"has-inline-color\">Program festivalu Punkt\u00edk 2026<\/mark><\/h3>\n\n\n\n<div style=\"height:17px\" aria-hidden=\"true\" class=\"wp-block-spacer\"><\/div>\n\n\n\n<p>Festival Punkt\u00edk 2026 za\u010d\u00edna u\u017e v piatok 24. apr\u00edla v priestoroch kn\u00edhkupectva Artforum v Ko\u0161iciach:<\/p>\n\n\n\n<div style=\"height:17px\" aria-hidden=\"true\" class=\"wp-block-spacer\"><\/div>\n\n\n\n<ul class=\"wp-block-list\">\n<li><strong>18:00 \u2013 diskusia o vyd\u00e1van\u00ed detsk\u00fdch kn\u00edh<\/strong> (vstup vo\u013en\u00fd)<br>Moderuje report\u00e9r Peter B\u00e9re\u0161, host\u00ed bud\u00fa doplnen\u00ed<\/li>\n\n\n\n<li><strong>20:20 \u2013 Pecha Kucha Night Punkt\u00edk<\/strong> (vstup vo\u013en\u00fd)<br>Prezenta\u010dn\u00fd ve\u010der \u00fa\u010dinkuj\u00facich v spolupr\u00e1ci s v\u00fdchodn\u00fdm pobre\u017e\u00edm<\/li>\n<\/ul>\n\n\n\n<div style=\"height:17px\" aria-hidden=\"true\" class=\"wp-block-spacer\"><\/div>\n\n\n\n<p>Hlavn\u00fd program pokra\u010duje v sobotu 25. apr\u00edla 2026 v Taba\u010dka Kulturfabrik (9:00 \u2013 18:00):<\/p>\n\n\n\n<hr class=\"wp-block-separator has-alpha-channel-opacity\"\/>\n\n\n\n<div style=\"height:17px\" aria-hidden=\"true\" class=\"wp-block-spacer\"><\/div>\n\n\n\n<h3 class=\"wp-block-heading\">\u00da\u010dinkuj\u00faci na festivale Punkt\u00edk 2026<\/h3>\n\n\n\n<div style=\"height:17px\" aria-hidden=\"true\" class=\"wp-block-spacer\"><\/div>\n\n\n\n<p>Na festivale detskej knihy Punkt\u00edk v Ko\u0161iciach vyst\u00fapia zn\u00e1mi autori a umelci:<\/p>\n\n\n\n<ul class=\"wp-block-list\">\n<li>Daniela Olejn\u00edkov\u00e1 a Marek Vadas<\/li>\n\n\n\n<li>Gabriela Futov\u00e1<\/li>\n\n\n\n<li>Ellie \u0160ediv\u00e1 (knihy o Lond\u00fdne)<\/li>\n\n\n\n<li>Silvia Ka\u0161\u010d\u00e1kov\u00e1 (liter\u00e1rny workshop)<\/li>\n\n\n\n<li>Priestor s\u00fa\u010dasn\u00e9ho tanca \u2013 predstavenie \u201e\u2026a kto si ty?\u201c<\/li>\n\n\n\n<li>Divadlo K\u013dUD<\/li>\n\n\n\n<li>Divadlo Hopi Hope<\/li>\n\n\n\n<li>D\u017eumelec a D\u017eemiaky (koncert a diskot\u00e9ka pre deti)<\/li>\n<\/ul>\n\n\n\n<div style=\"height:17px\" aria-hidden=\"true\" class=\"wp-block-spacer\"><\/div>\n\n\n\n<p>Cel\u00fdm programom bude sprev\u00e1dza\u0165 slamer Tom\u00e1\u0161 Straka.<\/p>\n\n\n\n<div style=\"height:17px\" aria-hidden=\"true\" class=\"wp-block-spacer\"><\/div>\n\n\n\n<hr class=\"wp-block-separator has-alpha-channel-opacity\"\/>\n\n\n\n<h3 class=\"wp-block-heading\">Vstupn\u00e9 a l\u00edstky<\/h3>\n\n\n\n<div style=\"height:17px\" aria-hidden=\"true\" class=\"wp-block-spacer\"><\/div>\n\n\n\n<ul class=\"wp-block-list\">\n<li>Dospel\u00ed: 10 \u20ac<\/li>\n\n\n\n<li>Rodinn\u00fd l\u00edstok (2 dospel\u00ed): 18 \u20ac<\/li>\n\n\n\n<li>Deti do 15 rokov v sprievode rodi\u010dov: zdarma<\/li>\n<\/ul>\n\n\n\n<div style=\"height:17px\" aria-hidden=\"true\" class=\"wp-block-spacer\"><\/div>\n\n\n\n<p>Ka\u017ed\u00e1 vstupenka je zaraden\u00e1 do tomboly o knihy a \u010dasopisy. L\u00edstky si m\u00f4\u017eete k\u00fapi\u0165 na mieste alebo v predpredaji v kn\u00edhkupectve Artforum na Hlavnej ulici 87 v Ko\u0161iciach.<\/p>\n\n\n\n<hr class=\"wp-block-separator has-alpha-channel-opacity\"\/>\n\n\n\n<div style=\"height:17px\" aria-hidden=\"true\" class=\"wp-block-spacer\"><\/div>\n\n\n\n<h3 class=\"wp-block-heading\">Sprievodn\u00fd program a v\u00fdstava<\/h3>\n\n\n\n<div style=\"height:17px\" aria-hidden=\"true\" class=\"wp-block-spacer\"><\/div>\n\n\n\n<p>Od 15. apr\u00edla do 15. m\u00e1ja 2026 prebieha v\u00fdstava ilustr\u00e1ci\u00ed Daniely Olejn\u00edkovej ku knih\u00e1m Mareka Vadasa (\u00datek, Krut\u00e1 Marta, De\u0148 otvoren\u00fdch dver\u00ed) v Kni\u017enici pre ml\u00e1de\u017e mesta Ko\u0161ice (Kuku\u010d\u00ednova 2).<br>Kur\u00e1torom v\u00fdstavy je Boris Vaitovi\u010d. Vstup na v\u00fdstavu je vo\u013en\u00fd.<\/p>\n\n\n\n<div style=\"height:17px\" aria-hidden=\"true\" class=\"wp-block-spacer\"><\/div>\n\n\n\n<hr class=\"wp-block-separator has-alpha-channel-opacity\"\/>\n\n\n\n<div style=\"height:17px\" aria-hidden=\"true\" class=\"wp-block-spacer\"><\/div>\n\n\n\n<h3 class=\"wp-block-heading\">Ob\u010derstvenie na festivale<\/h3>\n\n\n\n<p>Po\u010das festivalu Punkt\u00edk nebude ch\u00fdba\u0165 ani kvalitn\u00e9 jedlo. Na dvore Taba\u010dky sa bude pod\u00e1va\u0165 veg\u00e1nsky bor\u0161\u010d a gul\u00e1\u0161, re\u0161taur\u00e1cia Taba\u010dka Taste&amp;Share priprav\u00ed \u0161peci\u00e1lne festivalov\u00e9 menu.<\/p>\n\n\n\n<div style=\"height:17px\" aria-hidden=\"true\" class=\"wp-block-spacer\"><\/div>\n\n\n\n<hr class=\"wp-block-separator has-alpha-channel-opacity\"\/>\n\n\n\n<div style=\"height:17px\" aria-hidden=\"true\" class=\"wp-block-spacer\"><\/div>\n\n\n\n<h3 class=\"wp-block-heading\">Festival Punkt\u00edk Ko\u0161ice \u2013 partneri<\/h3>\n\n\n\n<div style=\"height:17px\" aria-hidden=\"true\" class=\"wp-block-spacer\"><\/div>\n\n\n\n<p>Hlavn\u00ed partneri: Artforum, Vydavate\u013estvo Slovart, Copyvait, Taba\u010dka Kulturfabrik<br>Partneri: v\u00fdchodn\u00e9 pobre\u017eie, Slnie\u010dko, Bublina, Monokel, BRAK, E.J. Publishing, F.A.C.E., Kni\u017enica pre ml\u00e1de\u017e mesta Ko\u0161ice, Kino \u00dasmev, \u0160opa Gallery, Forra \u010dokol\u00e1da, Ez-Az<br>Medi\u00e1lni partneri: \u010co \u010d\u00edta\u0165?, R\u00e1dio_FM, R\u00e1dio Dev\u00edn, R\u00e1dio Regina, Medziknihami<\/p>\n\n\n\n<div style=\"height:17px\" aria-hidden=\"true\" class=\"wp-block-spacer\"><\/div>\n\n\n\n<hr class=\"wp-block-separator has-alpha-channel-opacity\"\/>\n\n\n\n<p><strong>Festival Punkt\u00edk 2026 v Ko\u0161iciach je ide\u00e1lne podujatie pre v\u0161etk\u00fdch, ktor\u00ed h\u013eadaj\u00fa kvalitn\u00fd program pre deti, detsk\u00e9 knihy a kult\u00farne z\u00e1\u017eitky pre rodiny. Te\u0161\u00edme sa na v\u00e1s 25. apr\u00edla 2026 v centre Ko\u0161\u00edc.<\/strong><\/p>\n\n\n\n<div style=\"height:17px\" aria-hidden=\"true\" class=\"wp-block-spacer\"><\/div>\n\n\n\n<h3 class=\"wp-block-heading\" id=\"h-kontakt\"><mark style=\"background-color:rgba(0, 0, 0, 0);color:#061172\" class=\"has-inline-color\">Kontakt:<\/mark><\/h3>\n\n\n\n<div style=\"height:22px\" aria-hidden=\"true\" class=\"wp-block-spacer\"><\/div>\n\n\n\n<p>Web: <a href=\"https:\/\/tabacka.sk\/event-detail\/642d8b2b11edb6044c56e00a\/\">https:\/\/tabacka.sk\/event-detail\/642d8b2b11edb6044c56e00a\/<\/a><br>E- mail: <a href=\"mailto:info@tabacka.sk\">info@tabacka.sk<\/a><a href=\"\/en\/tabor@cvckosice.sk\/\"><br><\/a><\/p>\n\n\n\n<div style=\"height:34px\" aria-hidden=\"true\" class=\"wp-block-spacer\"><\/div>\n\n\n\n<h3 class=\"wp-block-heading\" id=\"h-ako-sa-dostanete-do-tabacky\"><mark style=\"background-color:rgba(0, 0, 0, 0);color:#061172\" class=\"has-inline-color\">Ako sa dostanete do Taba\u010dky<\/mark>?<\/h3>\n\n\n<p><iframe src=\"https:\/\/www.google.com\/maps\/embed?pb=!1m18!1m12!1m3!1d2631.769778309665!2d21.253400276297853!3d48.7289905713149!2m3!1f0!2f0!3f0!3m2!1i1024!2i768!4f13.1!3m3!1m2!1s0x473ee061c064051f%3A0x9193fbf5f43df644!2sTaba%C4%8Dka%20Kulturfabrik!5e0!3m2!1ssk!2ssk!4v1775583612040!5m2!1ssk!2ssk\" width=\"100%\" height=\"450\" style=\"border:0;\" allowfullscreen=\"\" loading=\"lazy\" referrerpolicy=\"no-referrer-when-downgrade\"><\/iframe><\/p>\n\n\n\n<p><\/p>","protected":false},"excerpt":{"rendered":"<p>Detsk\u00fd liter\u00e1rny festival pln\u00fd kn\u00edh, pr\u00edbehov a z\u00e1\u017eitkov Festival Punkt\u00edk je ob\u013e\u00faben\u00fd detsk\u00fd liter\u00e1rny festival, ktor\u00fd prin\u00e1\u0161a to najlep\u0161ie z kvalitnej detskej literat\u00fary. Zameriava sa na pr\u00edbehy, \u010d\u00edtanie, stretnutia s autormi detsk\u00fdch kn\u00edh, autogrami\u00e1dy, workshopy, divadlo aj hudbu. S\u00fa\u010das\u0165ou podujatia je aj ve\u013ek\u00fd trh vydavate\u013eov detsk\u00fdch kn\u00edh, kde si n\u00e1v\u0161tevn\u00edci m\u00f4\u017eu vybra\u0165 z bohatej ponuky...<\/p>","protected":false},"featured_media":21620,"menu_order":0,"template":"","format":"standard","meta":{"_acf_changed":false,"footnotes":""},"categories":[],"class_list":["post-21302","podujatia","type-podujatia","status-publish","format-standard","has-post-thumbnail","hentry"],"acf":[],"yoast_head":"<!-- This site is optimized with the Yoast SEO Premium plugin v22.7 (Yoast SEO v27.2) - https:\/\/yoast.com\/product\/yoast-seo-premium-wordpress\/ -->\n<title>\u2b50 HARAVARA - Kam s de\u0165mi v Ko\u0161ickom kraji - Festival Punt\u00edk 2026<\/title>\n<meta name=\"description\" content=\"P\u00fdtate sa kam s de\u0165mi v Ko\u0161ickom kraji? Odpove\u010f je Festival Punt\u00edk 2026. Nechajte sa in\u0161pirova\u0165 skvel\u00fdmi tipmi na rodinn\u00e9 v\u00fdlety, podujatia...\" \/>\n<meta name=\"robots\" content=\"index, follow, max-snippet:-1, max-image-preview:large, max-video-preview:-1\" \/>\n<link rel=\"canonical\" href=\"https:\/\/www.haravara.sk\/en\/podujatia\/festival-puntik\/\" \/>\n<meta property=\"og:locale\" content=\"en_GB\" \/>\n<meta property=\"og:type\" content=\"article\" \/>\n<meta property=\"og:title\" content=\"Festival Punt\u00edk 2026\" \/>\n<meta property=\"og:description\" content=\"P\u00fdtate sa kam s de\u0165mi v Ko\u0161ickom kraji? Odpove\u010f je Festival Punt\u00edk 2026. Nechajte sa in\u0161pirova\u0165 skvel\u00fdmi tipmi na rodinn\u00e9 v\u00fdlety, podujatia...\" \/>\n<meta property=\"og:url\" content=\"https:\/\/www.haravara.sk\/en\/podujatia\/festival-puntik\/\" \/>\n<meta property=\"og:site_name\" content=\"HARAVARA\" \/>\n<meta property=\"article:publisher\" content=\"https:\/\/www.facebook.com\/haravara.detsky.svet\" \/>\n<meta property=\"article:modified_time\" content=\"2026-04-23T07:52:57+00:00\" \/>\n<meta property=\"og:image\" content=\"https:\/\/www.haravara.sk\/wp-content\/uploads\/2026\/04\/657948010_1756293342460974_55143646172258886_n.jpg\" \/>\n\t<meta property=\"og:image:width\" content=\"2048\" \/>\n\t<meta property=\"og:image:height\" content=\"779\" \/>\n\t<meta property=\"og:image:type\" content=\"image\/jpeg\" \/>\n<meta name=\"twitter:card\" content=\"summary_large_image\" \/>\n<meta name=\"twitter:label1\" content=\"Estimated reading time\" \/>\n\t<meta name=\"twitter:data1\" content=\"3 minutes\" \/>\n<script type=\"application\/ld+json\" class=\"yoast-schema-graph\">{\"@context\":\"https:\/\/schema.org\",\"@graph\":[{\"@type\":\"WebPage\",\"@id\":\"https:\/\/www.haravara.sk\/podujatia\/festival-puntik\/\",\"url\":\"https:\/\/www.haravara.sk\/podujatia\/festival-puntik\/\",\"name\":\"\u2b50 HARAVARA - Kam s de\u0165mi v Ko\u0161ickom kraji - Festival Punt\u00edk 2026\",\"isPartOf\":{\"@id\":\"https:\/\/www.haravara.sk\/#website\"},\"primaryImageOfPage\":{\"@id\":\"https:\/\/www.haravara.sk\/podujatia\/festival-puntik\/#primaryimage\"},\"image\":{\"@id\":\"https:\/\/www.haravara.sk\/podujatia\/festival-puntik\/#primaryimage\"},\"thumbnailUrl\":\"https:\/\/www.haravara.sk\/wp-content\/uploads\/2026\/04\/657948010_1756293342460974_55143646172258886_n.jpg\",\"datePublished\":\"2026-04-07T17:44:33+00:00\",\"dateModified\":\"2026-04-23T07:52:57+00:00\",\"description\":\"P\u00fdtate sa kam s de\u0165mi v Ko\u0161ickom kraji? Odpove\u010f je Festival Punt\u00edk 2026. Nechajte sa in\u0161pirova\u0165 skvel\u00fdmi tipmi na rodinn\u00e9 v\u00fdlety, podujatia...\",\"breadcrumb\":{\"@id\":\"https:\/\/www.haravara.sk\/podujatia\/festival-puntik\/#breadcrumb\"},\"inLanguage\":\"en-GB\",\"potentialAction\":[{\"@type\":\"ReadAction\",\"target\":[\"https:\/\/www.haravara.sk\/podujatia\/festival-puntik\/\"]}]},{\"@type\":\"ImageObject\",\"inLanguage\":\"en-GB\",\"@id\":\"https:\/\/www.haravara.sk\/podujatia\/festival-puntik\/#primaryimage\",\"url\":\"https:\/\/www.haravara.sk\/wp-content\/uploads\/2026\/04\/657948010_1756293342460974_55143646172258886_n.jpg\",\"contentUrl\":\"https:\/\/www.haravara.sk\/wp-content\/uploads\/2026\/04\/657948010_1756293342460974_55143646172258886_n.jpg\",\"width\":2048,\"height\":779},{\"@type\":\"BreadcrumbList\",\"@id\":\"https:\/\/www.haravara.sk\/podujatia\/festival-puntik\/#breadcrumb\",\"itemListElement\":[{\"@type\":\"ListItem\",\"position\":1,\"name\":\"Domov\",\"item\":\"https:\/\/www.haravara.sk\/\"},{\"@type\":\"ListItem\",\"position\":2,\"name\":\"Podujatia\",\"item\":\"https:\/\/www.haravara.sk\/podujatia\/\"},{\"@type\":\"ListItem\",\"position\":3,\"name\":\"Festival Punt\u00edk 2026\"}]},{\"@type\":\"WebSite\",\"@id\":\"https:\/\/www.haravara.sk\/#website\",\"url\":\"https:\/\/www.haravara.sk\/\",\"name\":\"HARAVARA\",\"description\":\"Objav detsk\u00fd svet v Ko\u0161ickom kraji\",\"publisher\":{\"@id\":\"https:\/\/www.haravara.sk\/#organization\"},\"potentialAction\":[{\"@type\":\"SearchAction\",\"target\":{\"@type\":\"EntryPoint\",\"urlTemplate\":\"https:\/\/www.haravara.sk\/?s={search_term_string}\"},\"query-input\":{\"@type\":\"PropertyValueSpecification\",\"valueRequired\":true,\"valueName\":\"search_term_string\"}}],\"inLanguage\":\"en-GB\"},{\"@type\":\"Organization\",\"@id\":\"https:\/\/www.haravara.sk\/#organization\",\"name\":\"Haravara\",\"url\":\"https:\/\/www.haravara.sk\/\",\"logo\":{\"@type\":\"ImageObject\",\"inLanguage\":\"en-GB\",\"@id\":\"https:\/\/www.haravara.sk\/#\/schema\/logo\/image\/\",\"url\":\"https:\/\/www.haravara.sk\/wp-content\/uploads\/2021\/04\/LOGO-LandingPage.png\",\"contentUrl\":\"https:\/\/www.haravara.sk\/wp-content\/uploads\/2021\/04\/LOGO-LandingPage.png\",\"width\":832,\"height\":618,\"caption\":\"Haravara\"},\"image\":{\"@id\":\"https:\/\/www.haravara.sk\/#\/schema\/logo\/image\/\"},\"sameAs\":[\"https:\/\/www.facebook.com\/haravara.detsky.svet\"]}]}<\/script>\n<!-- \/ Yoast SEO Premium plugin. -->","yoast_head_json":{"title":"\u2b50 HARAVARA - Kam s de\u0165mi v Ko\u0161ickom kraji - Festival Punt\u00edk 2026","description":"P\u00fdtate sa kam s de\u0165mi v Ko\u0161ickom kraji? Odpove\u010f je Festival Punt\u00edk 2026. Nechajte sa in\u0161pirova\u0165 skvel\u00fdmi tipmi na rodinn\u00e9 v\u00fdlety, podujatia...","robots":{"index":"index","follow":"follow","max-snippet":"max-snippet:-1","max-image-preview":"max-image-preview:large","max-video-preview":"max-video-preview:-1"},"canonical":"https:\/\/www.haravara.sk\/en\/podujatia\/festival-puntik\/","og_locale":"en_GB","og_type":"article","og_title":"Festival Punt\u00edk 2026","og_description":"P\u00fdtate sa kam s de\u0165mi v Ko\u0161ickom kraji? Odpove\u010f je Festival Punt\u00edk 2026. Nechajte sa in\u0161pirova\u0165 skvel\u00fdmi tipmi na rodinn\u00e9 v\u00fdlety, podujatia...","og_url":"https:\/\/www.haravara.sk\/en\/podujatia\/festival-puntik\/","og_site_name":"HARAVARA","article_publisher":"https:\/\/www.facebook.com\/haravara.detsky.svet","article_modified_time":"2026-04-23T07:52:57+00:00","og_image":[{"width":2048,"height":779,"url":"https:\/\/www.haravara.sk\/wp-content\/uploads\/2026\/04\/657948010_1756293342460974_55143646172258886_n.jpg","type":"image\/jpeg"}],"twitter_card":"summary_large_image","twitter_misc":{"Estimated reading time":"3 minutes"},"schema":{"@context":"https:\/\/schema.org","@graph":[{"@type":"WebPage","@id":"https:\/\/www.haravara.sk\/podujatia\/festival-puntik\/","url":"https:\/\/www.haravara.sk\/podujatia\/festival-puntik\/","name":"\u2b50 HARAVARA - Kam s de\u0165mi v Ko\u0161ickom kraji - Festival Punt\u00edk 2026","isPartOf":{"@id":"https:\/\/www.haravara.sk\/#website"},"primaryImageOfPage":{"@id":"https:\/\/www.haravara.sk\/podujatia\/festival-puntik\/#primaryimage"},"image":{"@id":"https:\/\/www.haravara.sk\/podujatia\/festival-puntik\/#primaryimage"},"thumbnailUrl":"https:\/\/www.haravara.sk\/wp-content\/uploads\/2026\/04\/657948010_1756293342460974_55143646172258886_n.jpg","datePublished":"2026-04-07T17:44:33+00:00","dateModified":"2026-04-23T07:52:57+00:00","description":"P\u00fdtate sa kam s de\u0165mi v Ko\u0161ickom kraji? Odpove\u010f je Festival Punt\u00edk 2026. Nechajte sa in\u0161pirova\u0165 skvel\u00fdmi tipmi na rodinn\u00e9 v\u00fdlety, podujatia...","breadcrumb":{"@id":"https:\/\/www.haravara.sk\/podujatia\/festival-puntik\/#breadcrumb"},"inLanguage":"en-GB","potentialAction":[{"@type":"ReadAction","target":["https:\/\/www.haravara.sk\/podujatia\/festival-puntik\/"]}]},{"@type":"ImageObject","inLanguage":"en-GB","@id":"https:\/\/www.haravara.sk\/podujatia\/festival-puntik\/#primaryimage","url":"https:\/\/www.haravara.sk\/wp-content\/uploads\/2026\/04\/657948010_1756293342460974_55143646172258886_n.jpg","contentUrl":"https:\/\/www.haravara.sk\/wp-content\/uploads\/2026\/04\/657948010_1756293342460974_55143646172258886_n.jpg","width":2048,"height":779},{"@type":"BreadcrumbList","@id":"https:\/\/www.haravara.sk\/podujatia\/festival-puntik\/#breadcrumb","itemListElement":[{"@type":"ListItem","position":1,"name":"Domov","item":"https:\/\/www.haravara.sk\/"},{"@type":"ListItem","position":2,"name":"Podujatia","item":"https:\/\/www.haravara.sk\/podujatia\/"},{"@type":"ListItem","position":3,"name":"Festival Punt\u00edk 2026"}]},{"@type":"WebSite","@id":"https:\/\/www.haravara.sk\/#website","url":"https:\/\/www.haravara.sk\/","name":"HARAVARA","description":"Objav detsk\u00fd svet v Ko\u0161ickom kraji","publisher":{"@id":"https:\/\/www.haravara.sk\/#organization"},"potentialAction":[{"@type":"SearchAction","target":{"@type":"EntryPoint","urlTemplate":"https:\/\/www.haravara.sk\/?s={search_term_string}"},"query-input":{"@type":"PropertyValueSpecification","valueRequired":true,"valueName":"search_term_string"}}],"inLanguage":"en-GB"},{"@type":"Organization","@id":"https:\/\/www.haravara.sk\/#organization","name":"Haravara","url":"https:\/\/www.haravara.sk\/","logo":{"@type":"ImageObject","inLanguage":"en-GB","@id":"https:\/\/www.haravara.sk\/#\/schema\/logo\/image\/","url":"https:\/\/www.haravara.sk\/wp-content\/uploads\/2021\/04\/LOGO-LandingPage.png","contentUrl":"https:\/\/www.haravara.sk\/wp-content\/uploads\/2021\/04\/LOGO-LandingPage.png","width":832,"height":618,"caption":"Haravara"},"image":{"@id":"https:\/\/www.haravara.sk\/#\/schema\/logo\/image\/"},"sameAs":["https:\/\/www.facebook.com\/haravara.detsky.svet"]}]}},"_links":{"self":[{"href":"https:\/\/www.haravara.sk\/en\/wp-json\/wp\/v2\/podujatia\/21302","targetHints":{"allow":["GET"]}}],"collection":[{"href":"https:\/\/www.haravara.sk\/en\/wp-json\/wp\/v2\/podujatia"}],"about":[{"href":"https:\/\/www.haravara.sk\/en\/wp-json\/wp\/v2\/types\/podujatia"}],"version-history":[{"count":3,"href":"https:\/\/www.haravara.sk\/en\/wp-json\/wp\/v2\/podujatia\/21302\/revisions"}],"predecessor-version":[{"id":21625,"href":"https:\/\/www.haravara.sk\/en\/wp-json\/wp\/v2\/podujatia\/21302\/revisions\/21625"}],"wp:featuredmedia":[{"embeddable":true,"href":"https:\/\/www.haravara.sk\/en\/wp-json\/wp\/v2\/media\/21620"}],"wp:attachment":[{"href":"https:\/\/www.haravara.sk\/en\/wp-json\/wp\/v2\/media?parent=21302"}],"wp:term":[{"taxonomy":"category","embeddable":true,"href":"https:\/\/www.haravara.sk\/en\/wp-json\/wp\/v2\/categories?post=21302"}],"curies":[{"name":"wp","href":"https:\/\/api.w.org\/{rel}","templated":true}]}}