{"id":385,"date":"2021-02-23T11:22:40","date_gmt":"2021-02-23T11:22:40","guid":{"rendered":"https:\/\/www.haravara.sk\/?post_type=pribehy&#038;p=385"},"modified":"2021-09-16T13:28:10","modified_gmt":"2021-09-16T13:28:10","slug":"ako-bezal-kasko-s-vetrom-opreteky","status":"publish","type":"pribehy","link":"https:\/\/www.haravara.sk\/en\/pribehy\/ako-bezal-kasko-s-vetrom-opreteky\/","title":{"rendered":"Ako be\u017eal Ka\u0161ko s vetrom opreteky"},"content":{"rendered":"<p class=\"has-drop-cap translation-block\">V n\u00e1zve krajiny Haravara je ukryt\u00e9 jedno slovo, ktor\u00e9 na\u0161u krajinu \u00faplne vystihuje. Je to HRA. Sme asi najhravej\u0161\u00ed n\u00e1rod <strong>\u2013 <\/strong>Haravarania. A nehraj\u00fa sa len deti, ale aj dospel\u00ed.<\/p>\n\n\n\n<p>Z domu, kde b\u00fdvali Max\u00edk s Majkou, sa oz\u00fdval ve\u013ek\u00fd krik a smiech. Ka\u0161ko s nimi toti\u017e hral nah\u00e1\u0148a\u010dku. Behali v\u0161ade. Po izb\u00e1ch, po schodoch, po chodb\u00e1ch, po pivnici. Max\u00edk pr\u00e1ve chytal. Ka\u0161ko sa zle oto\u010dil na schodoch a Max\u00edk ho u\u017e-u\u017e mal. Vtom ale Ka\u0161ko pou\u017eil svoje d\u00fa\u0161ikovsk\u00e9 schopnosti a pre\u0161iel cez m\u00far do ob\u00fdva\u010dky.<\/p>\n\n\n\n<p>\u201eTak to teda nie! Tak sa to ned\u00e1 hra\u0165!\u201c roz\u010d\u00falil sa Max\u00edk.<\/p>\n\n\n\n<p>\u201ePre\u010do?\u201c op\u00fdtal sa prekvapen\u00fd Ka\u0161ko, ke\u010f mu zo steny tr\u010dala len hlava a zbytok tela ostal vo ved\u013eaj\u0161ej izbe.<\/p>\n\n\n\n<p>\u201eLebo podv\u00e1dza\u0161.\u201c<\/p>\n\n\n\n<p>\u201eNepodv\u00e1dzam. Len vyu\u017e\u00edvam, v \u010dom som dobr\u00fd,\u201c vysvet\u013eoval Ka\u0161ko.<\/p>\n\n\n\n<p>\u201eV podv\u00e1dzan\u00ed?\u201c odfrkol ofu\u010dan\u00fd Max\u00edk.<\/p>\n\n\n\n<p>\u201eMy \u0165a nem\u00f4\u017eeme chyti\u0165, ke\u010f bude\u0161 prelieza\u0165 cez m\u00fary,\u201c dohov\u00e1rala mu Majka.<\/p>\n\n\n\n<p>\u201e Alebo lieta\u0165 pod plaf\u00f3nom,\u201c pridal sa u\u017e pokojnej\u0161ie Max\u00edk.<\/p>\n\n\n\n<p>\u201eAlebo sa kr\u00fati\u0165 v pr\u00e1\u010dke,\u201c dodala s \u00fasmevom Majka.<\/p>\n\n\n\n<p>\u201eTo je pravda. Ale ja za to nem\u00f4\u017eem. Jednoducho vid\u00edm, \u017ee u\u017e ide\u0161 po mne a okam\u017eite sa vo mne ozve duch.\u201c<\/p>\n\n\n\n<p>\u201eTak to ti potom mus\u00edme n\u00e1js\u0165 nejak\u00e9ho s\u00fapera.\u201c<\/p>\n\n\n\n<p>\u201eHa, tak to som zvedav\u00fd, kto by sa u\u017e len so mnou chcel preteka\u0165 a nah\u00e1\u0148a\u0165.\u201c<\/p>\n\n\n\n<p>Majka otvorila okno, aby trochu vyvetrala, lebo v \u010derstvom vzduchu sa rozm\u00fd\u0161\u013ea najlep\u0161ie a vyzerala, \u010di nezbad\u00e1 nejak\u00e9ho namakan\u00e9ho \u0161portovca, ktor\u00fd by mohol s Ka\u0161kom s\u00fa\u0165a\u017ei\u0165. A&nbsp; vtom sa to stalo.<\/p>\n\n\n\n<p>Do izby vletel zn\u00e1my ko\u0161ick\u00fd vietor.<\/p>\n\n\n\n<p>\u201eTak po\u010f sa preteka\u0165 so mnou,\u201c zaskuv\u00ed\u0148al.<\/p>\n\n\n\n<p>\u201eNooo, to sa mi p\u00e1\u010di! Ale nie tu a ani v meste, tam m\u00e1\u0161 v\u00fdhodu,\u201c uva\u017eoval Ka\u0161ko, \u201ep\u00f4jdeme do jednej doliny. To bude t\u00e1 prav\u00e1 dr\u00e1ha na nah\u00e1\u0148a\u010dku pre n\u00e1s dvoch,\u201c a za\u0161epkal vetru, kde sa stretn\u00fa.<\/p>\n\n\n\n<p>\u201eTak po\u010fme!\u201c zap\u00edskal vietor a u\u017e ho nebolo.<\/p>\n\n\n\n<p>\u201eVy pr\u00ed\u010fte za nami vlakom alebo autobusom. Vyst\u00fapte v Z\u00e1dieli a tam sa op\u00fdtate na Z\u00e1dielsku dolinu. \u010cak\u00e1m V\u00e1s, dr\u017ete mi palce!\u201c&nbsp;<\/p>\n\n\n\n<p>Ka\u0161ko sa e\u0161te tro\u0161ku rozcvi\u010dil a vzal si na hlavu pretek\u00e1rsku \u010diapku, ktor\u00fa si priniesol z majstrovstiev sveta v atletike v Mexiku.<\/p>\n\n\n\n<p>\u201eBudeme sa pon\u00e1h\u013ea\u0165,\u201c s\u013eubovala Majka a u\u017e si aj s Max\u00edkom balili veci.<\/p>\n\n\n\n<p>Vietor a Ka\u0161ko odleteli. Majka s Max\u00edkom sadli na vlak a o mal\u00fa chv\u00ed\u013eku boli pred skalou, ktor\u00fa akoby niekto presekol na polovicu.&nbsp;<\/p>\n\n\n\n<p>\u201eTo musel by\u0165 ve\u013ek\u00fd me\u010d alebo kladivo, \u010do urobilo ten sek,\u201c zamyslela sa Majka.<\/p>\n\n\n\n<p>\u201eKde\u017ee, Majka. To bola voda, mal\u00fd pot\u00f4\u010dik, ktor\u00fd tu mili\u00f3ny rokov te\u010die a urobil t\u00fato jamu. Hovor\u00ed sa jej ties\u0148ava,\u201c vysvet\u013eoval sestre Max\u00edk.<\/p>\n\n\n\n<p>\u201eMal\u00fd pot\u00f4\u010dik?\u201c nechcela veri\u0165 Majka.<\/p>\n\n\n\n<p>\u201ePredstav si, keby mali pot\u00f4\u010diky v krajine Haravara pam\u00e4\u0165, \u010do v\u0161etko by si pam\u00e4tali. Vedeli by n\u00e1m poveda\u0165, ako to tu niekedy vyzeralo a kto tu v\u0161etko okolo nich \u017eil,\u201c rozrozpr\u00e1val sa Max\u00edk.<\/p>\n\n\n\n<p>\u201ePozri, tam s\u00fa!\u201c sko\u010dila mu do re\u010di Majka a uk\u00e1zala na okraj Z\u00e1dielskej ties\u0148avy.<\/p>\n\n\n\n<p>V dia\u013eke zbadali Ka\u0161ka a ko\u0161ick\u00fd vietor, ako sa nah\u00e1\u0148aj\u00fa po ties\u0148ave, prelietaj\u00fa okolo pot\u00f4\u010dika, skr\u00fdvaj\u00fa sa za n\u00e1dhern\u00fdmi stromami. Vtom ale vetr\u00edk urobil nepochopite\u013en\u00fa vec. Jeho vetern\u00fd in\u0161tinkt ho zahnal do najbli\u017e\u0161ej jaskyne. Preletel u\u017e okolo p\u00e4\u0165desiatich jask\u00fd\u0148 a odolal, ale t\u00e1to Kr\u00e1\u013eovsk\u00e1 jasky\u0148a ho jednoducho vtiahla dnu.&nbsp;<\/p>\n\n\n\n<p>Vietor toti\u017e mus\u00ed presk\u00fama\u0165 ka\u017ed\u00fa dieru v zemi, ktor\u00fa objav\u00ed a pok\u00fa\u0161a sa na nej zahra\u0165 nejak\u00fa mel\u00f3diu.<\/p>\n\n\n\n<p>Max\u00edk si z bat\u00f4\u017eka vybral p\u00ed\u0161\u0165alku koncovku a zap\u00edskal vetr\u00edku pomal\u00fa smutn\u00fa pesni\u010dku.<\/p>\n\n\n\n<figure class=\"wp-block-image size-large\"><img decoding=\"async\" width=\"1024\" height=\"1024\" src=\"https:\/\/www.haravara.sk\/wp-content\/uploads\/2021\/03\/BATOH-1-1024x1024.png\" alt=\"\" class=\"wp-image-386\" srcset=\"https:\/\/www.haravara.sk\/wp-content\/uploads\/2021\/03\/BATOH-1-1024x1024.png 1024w, https:\/\/www.haravara.sk\/wp-content\/uploads\/2021\/03\/BATOH-1-300x300.png 300w, https:\/\/www.haravara.sk\/wp-content\/uploads\/2021\/03\/BATOH-1-150x150.png 150w, https:\/\/www.haravara.sk\/wp-content\/uploads\/2021\/03\/BATOH-1-768x768.png 768w, https:\/\/www.haravara.sk\/wp-content\/uploads\/2021\/03\/BATOH-1-1536x1536.png 1536w, https:\/\/www.haravara.sk\/wp-content\/uploads\/2021\/03\/BATOH-1-2048x2048.png 2048w, https:\/\/www.haravara.sk\/wp-content\/uploads\/2021\/03\/BATOH-1.png 3000w\" sizes=\"(max-width: 1024px) 100vw, 1024px\" \/><\/figure>\n\n\n\n<p><\/p>\n\n\n\n<p>Ka\u0161ko doletel na koniec ties\u0148avy a nasp\u00e4\u0165. Zastal pred jasky\u0148ou a ke\u010f vietor vych\u00e1dzal, t\u013eapol ho po veternom ramene.<\/p>\n\n\n\n<p>\u201eM\u00e1m \u0165a! Sladkos\u0165 je moja.\u201c<\/p>\n\n\n\n<p>Majka s Max\u00edkom tlieskali a v\u00fdskali.<\/p>\n\n\n\n<p>\u201eTak \u010dak\u00e1m, kde m\u00e1m t\u00fa svoju sladkos\u0165?\u201c nedal sa odradi\u0165 ml\u010dan\u00edm vetra Ka\u0161ko. \u201eS\u013e\u00fabil si mi to.\u201c<\/p>\n\n\n\n<p>\u201eVe\u010f ja viem. Tak po\u010f! Ale nezabudni, nes\u013e\u00fabil som ti \u017eiadnu sladkos\u0165, ale nie\u010do cukrov\u00e9,\u201c podivne sa usmial popod vetroplachovsk\u00fd f\u00faz ko\u0161ick\u00fd vetr\u00edk.<\/p>\n\n\n\n<p>\u201eJasn\u00e9, jasn\u00e9, ale ve\u010f to je to ist\u00e9, nie?\u201c za\u0161omral si Ka\u0161ko a z jedn\u00e9ho z vreciek vyberal mal\u00fd obr\u00fasok.<\/p>\n\n\n\n<p>Vtom ho vietor schytil a zaviedol pred ak\u00fasi ve\u013ek\u00fa skalu.&nbsp;<\/p>\n\n\n\n<p>\u201eTak, tu je tvoja odmena,\u201c uk\u00e1zal vietor na skalu pred nimi.<\/p>\n\n\n\n<p>\u201e\u010co\u017ee?? Ale ve\u010f to je skala! S\u00edce pekn\u00e1, ale skala!\u201c Ka\u0161ko ju tro\u0161ku obl\u00edzal. \u201eA nie je ani sladk\u00e1!\u201c<\/p>\n\n\n\n<p>\u201eJe to s\u00edce skala, ale vol\u00e1 sa Cukrov\u00e1 homo\u013ea. Pochutnaj si. S\u013e\u00fabil som ti nie\u010do cukrov\u00e9, tak tu to m\u00e1\u0161,\u201c zav\u00fdskal vietor a u\u017e ho nebolo.<\/p>\n\n\n\n<p>&nbsp;&nbsp;&nbsp;&nbsp;&nbsp;&nbsp;&nbsp;&nbsp;&nbsp;&nbsp;&nbsp;\u201eNo, pekne. \u010co ja budem robi\u0165 s touto kamennou cukrovinkou? Idem rad\u0161ej za mojimi kamar\u00e1tmi.\u201c<\/p>\n\n\n\n<p>Ke\u010f Ka\u0161ko priletel za Majkou a Max\u00edkom a porozpr\u00e1val im, ako ho vietor prekab\u00e1til, deti sa samozrejme v\u00fdborne zab\u00e1vali a&nbsp;po\u010das celej cesty domov zdv\u00edhali zo zeme kamienky a n\u00fakali Ka\u0161kovi, \u010di si ned\u00e1 super l\u00edzanku.<\/p>\n\n\n\n<p>Ka\u0161ko sa u\u017e takmer nahneval, ale Max\u00edk otvoril svoj bat\u00f4\u017etek a v \u0148om mal tri medov\u00e9 kol\u00e1\u010de od babky Gitky.<\/p>\n\n\n\n<p>Ka\u0161ko si chcel hne\u010f zahryzn\u00fa\u0165.<\/p>\n\n\n\n<p>\u201eE\u0161te nie,\u201c zastavil ho Max\u00edk a \u017emurkol na Majku.<\/p>\n\n\n\n<p>\u201eTeraz ti uk\u00e1\u017eeme nie\u010do my,\u201c za\u0161epkala tajomne Majka.<\/p>\n\n\n\n<p>I\u0161li chv\u00ed\u013eu lesom a kr\u00e1snymi farebn\u00fdmi l\u00fakami a zastavili sa v malej dedinke.<\/p>\n\n\n\n<p>\u201eKde sme to?\u201c op\u00fdtal sa Ka\u0161ko.<\/p>\n\n\n\n<p>\u201eV H\u00e1ji.\u201c<\/p>\n\n\n\n<p>\u201eNo ja som vedel, \u017ee zabl\u00fadite. Nevad\u00ed, nie\u010do vymysl\u00edme.\u201c<\/p>\n\n\n\n<p>\u201eAle nie v h\u00e1ji, ako \u017ee sme v keli, ale t\u00e1to dedinka sa vol\u00e1 H\u00e1j.\u201c<\/p>\n\n\n\n<p>\u201eAhaa! A \u010do tu budeme robi\u0165?\u201c<\/p>\n\n\n\n<p>\u201eUrob\u00edme si piknik!\u201c povedali zborovo Max\u00edk s Majkou.<\/p>\n\n\n\n<p>Deti zaviedli Ka\u0161ka ku kr\u00e1snym h\u00e1jskym vodop\u00e1dom, ktor\u00e9 vyzeraj\u00fa ako z rozpr\u00e1vky o v\u0161etk\u00fdch princezn\u00e1ch sveta, rozlo\u017eili si na zem obr\u00fasok a tri kol\u00e1\u010de.&nbsp;<\/p>\n\n\n\n<p>Max\u00edk s Majkou poznali to miesto, lebo ne\u010faleko mal chalupu kamar\u00e1t ich rodi\u010dov, ujo Robo. Preto Max\u00edk to\u013eko vedel o&nbsp;ties\u0148ave.<\/p>\n\n\n\n<p>Jedli a bavili sa a\u017e do ve\u010dera. Ke\u010f u\u017e chceli \u00eds\u0165 domov, Ka\u0161ko ich trochu zdr\u017eal, aby im uk\u00e1zal najkraj\u0161\u00ed z\u00e1pad slnka. Ke\u010f deti zaspali pri posledn\u00fdch l\u00fa\u010doch slnie\u010dka, preniesol ich do ich postie\u013eok.<\/p>\n\n\n\n<p>Ticho otvoril okno a \u0161epotom zavolal: \u201eHej, kamar\u00e1t, aspo\u0148 im zahraj nejak\u00fa sladk\u00fa piese\u0148 na dobr\u00e9 sny!\u201c<\/p>\n\n\n\n<p>Do izby vletel ko\u0161ick\u00fd vietor a zahral de\u0165om do u\u0161ka t\u00fa najslad\u0161iu usp\u00e1vanku.<\/p>","protected":false},"excerpt":{"rendered":"<p>N\u00e1jde Ka\u0161ko rovnocenn\u00e9ho s\u00fapera? A kto nakoniec vyhr\u00e1 preteky o sladkos\u0165? Pr\u00edbeh v\u00e1s zavedie do najkraj\u0161ej ties\u0148avy v Haravare.<\/p>","protected":false},"featured_media":633,"menu_order":0,"template":"","format":"standard","meta":{"_acf_changed":false,"footnotes":""},"categories":[],"class_list":["post-385","pribehy","type-pribehy","status-publish","format-standard","has-post-thumbnail","hentry"],"acf":[],"yoast_head":"<!-- This site is optimized with the Yoast SEO Premium plugin v22.7 (Yoast SEO v27.2) - https:\/\/yoast.com\/product\/yoast-seo-premium-wordpress\/ -->\n<title>\u2b50 HARAVARA - Kam s de\u0165mi v Ko\u0161ickom kraji - Ako be\u017eal Ka\u0161ko s vetrom opreteky<\/title>\n<meta name=\"description\" content=\"N\u00e1jde Ka\u0161ko rovnocenn\u00e9ho s\u00fapera? A kto nakoniec vyhr\u00e1 preteky o sladkos\u0165? Pr\u00edbeh v\u00e1s zavedie do najkraj\u0161ej ties\u0148avy v Haravare.\" \/>\n<meta name=\"robots\" content=\"index, follow, max-snippet:-1, max-image-preview:large, max-video-preview:-1\" \/>\n<link rel=\"canonical\" href=\"https:\/\/www.haravara.sk\/en\/pribehy\/ako-bezal-kasko-s-vetrom-opreteky\/\" \/>\n<meta property=\"og:locale\" content=\"en_GB\" \/>\n<meta property=\"og:type\" content=\"article\" \/>\n<meta property=\"og:title\" content=\"Ako be\u017eal Ka\u0161ko s vetrom opreteky - HARAVARA\" \/>\n<meta property=\"og:description\" content=\"N\u00e1jde Ka\u0161ko rovnocenn\u00e9ho s\u00fapera? A kto nakoniec vyhr\u00e1 preteky o sladkos\u0165? Pr\u00edbeh v\u00e1s zavedie do najkraj\u0161ej ties\u0148avy v Haravare.\" \/>\n<meta property=\"og:url\" content=\"https:\/\/www.haravara.sk\/en\/pribehy\/ako-bezal-kasko-s-vetrom-opreteky\/\" \/>\n<meta property=\"og:site_name\" content=\"HARAVARA\" \/>\n<meta property=\"article:publisher\" content=\"https:\/\/www.facebook.com\/haravara.detsky.svet\" \/>\n<meta property=\"article:modified_time\" content=\"2021-09-16T13:28:10+00:00\" \/>\n<meta property=\"og:image\" content=\"https:\/\/www.haravara.sk\/wp-content\/uploads\/2021\/02\/Co-myslite-kto-vyhra-Ja-alebo-kosicky-vietor.jpg\" \/>\n\t<meta property=\"og:image:width\" content=\"1920\" \/>\n\t<meta property=\"og:image:height\" content=\"1080\" \/>\n\t<meta property=\"og:image:type\" content=\"image\/jpeg\" \/>\n<meta name=\"twitter:card\" content=\"summary_large_image\" \/>\n<meta name=\"twitter:title\" content=\"Ako be\u017eal Ka\u0161ko s vetrom opreteky\" \/>\n<meta name=\"twitter:label1\" content=\"Estimated reading time\" \/>\n\t<meta name=\"twitter:data1\" content=\"5 minutes\" \/>\n<script type=\"application\/ld+json\" class=\"yoast-schema-graph\">{\"@context\":\"https:\/\/schema.org\",\"@graph\":[{\"@type\":\"WebPage\",\"@id\":\"https:\/\/www.haravara.sk\/pribehy\/ako-bezal-kasko-s-vetrom-opreteky\/\",\"url\":\"https:\/\/www.haravara.sk\/pribehy\/ako-bezal-kasko-s-vetrom-opreteky\/\",\"name\":\"\u2b50 HARAVARA - Kam s de\u0165mi v Ko\u0161ickom kraji - Ako be\u017eal Ka\u0161ko s vetrom opreteky\",\"isPartOf\":{\"@id\":\"https:\/\/www.haravara.sk\/#website\"},\"primaryImageOfPage\":{\"@id\":\"https:\/\/www.haravara.sk\/pribehy\/ako-bezal-kasko-s-vetrom-opreteky\/#primaryimage\"},\"image\":{\"@id\":\"https:\/\/www.haravara.sk\/pribehy\/ako-bezal-kasko-s-vetrom-opreteky\/#primaryimage\"},\"thumbnailUrl\":\"https:\/\/www.haravara.sk\/wp-content\/uploads\/2021\/03\/6.png\",\"datePublished\":\"2021-02-23T11:22:40+00:00\",\"dateModified\":\"2021-09-16T13:28:10+00:00\",\"description\":\"N\u00e1jde Ka\u0161ko rovnocenn\u00e9ho s\u00fapera? A kto nakoniec vyhr\u00e1 preteky o sladkos\u0165? Pr\u00edbeh v\u00e1s zavedie do najkraj\u0161ej ties\u0148avy v Haravare.\",\"breadcrumb\":{\"@id\":\"https:\/\/www.haravara.sk\/pribehy\/ako-bezal-kasko-s-vetrom-opreteky\/#breadcrumb\"},\"inLanguage\":\"en-GB\",\"potentialAction\":[{\"@type\":\"ReadAction\",\"target\":[\"https:\/\/www.haravara.sk\/pribehy\/ako-bezal-kasko-s-vetrom-opreteky\/\"]}]},{\"@type\":\"ImageObject\",\"inLanguage\":\"en-GB\",\"@id\":\"https:\/\/www.haravara.sk\/pribehy\/ako-bezal-kasko-s-vetrom-opreteky\/#primaryimage\",\"url\":\"https:\/\/www.haravara.sk\/wp-content\/uploads\/2021\/03\/6.png\",\"contentUrl\":\"https:\/\/www.haravara.sk\/wp-content\/uploads\/2021\/03\/6.png\",\"width\":1200,\"height\":628},{\"@type\":\"BreadcrumbList\",\"@id\":\"https:\/\/www.haravara.sk\/pribehy\/ako-bezal-kasko-s-vetrom-opreteky\/#breadcrumb\",\"itemListElement\":[{\"@type\":\"ListItem\",\"position\":1,\"name\":\"Domov\",\"item\":\"https:\/\/www.haravara.sk\/\"},{\"@type\":\"ListItem\",\"position\":2,\"name\":\"Pr\u00edbehy\",\"item\":\"https:\/\/www.haravara.sk\/pribehy\/\"},{\"@type\":\"ListItem\",\"position\":3,\"name\":\"Ako be\u017eal Ka\u0161ko s vetrom opreteky\"}]},{\"@type\":\"WebSite\",\"@id\":\"https:\/\/www.haravara.sk\/#website\",\"url\":\"https:\/\/www.haravara.sk\/\",\"name\":\"HARAVARA\",\"description\":\"Objav detsk\u00fd svet v Ko\u0161ickom kraji\",\"publisher\":{\"@id\":\"https:\/\/www.haravara.sk\/#organization\"},\"potentialAction\":[{\"@type\":\"SearchAction\",\"target\":{\"@type\":\"EntryPoint\",\"urlTemplate\":\"https:\/\/www.haravara.sk\/?s={search_term_string}\"},\"query-input\":{\"@type\":\"PropertyValueSpecification\",\"valueRequired\":true,\"valueName\":\"search_term_string\"}}],\"inLanguage\":\"en-GB\"},{\"@type\":\"Organization\",\"@id\":\"https:\/\/www.haravara.sk\/#organization\",\"name\":\"Haravara\",\"url\":\"https:\/\/www.haravara.sk\/\",\"logo\":{\"@type\":\"ImageObject\",\"inLanguage\":\"en-GB\",\"@id\":\"https:\/\/www.haravara.sk\/#\/schema\/logo\/image\/\",\"url\":\"https:\/\/www.haravara.sk\/wp-content\/uploads\/2021\/04\/LOGO-LandingPage.png\",\"contentUrl\":\"https:\/\/www.haravara.sk\/wp-content\/uploads\/2021\/04\/LOGO-LandingPage.png\",\"width\":832,\"height\":618,\"caption\":\"Haravara\"},\"image\":{\"@id\":\"https:\/\/www.haravara.sk\/#\/schema\/logo\/image\/\"},\"sameAs\":[\"https:\/\/www.facebook.com\/haravara.detsky.svet\"]}]}<\/script>\n<!-- \/ Yoast SEO Premium plugin. -->","yoast_head_json":{"title":"\u2b50 HARAVARA - Kam s de\u0165mi v Ko\u0161ickom kraji - Ako be\u017eal Ka\u0161ko s vetrom opreteky","description":"N\u00e1jde Ka\u0161ko rovnocenn\u00e9ho s\u00fapera? A kto nakoniec vyhr\u00e1 preteky o sladkos\u0165? Pr\u00edbeh v\u00e1s zavedie do najkraj\u0161ej ties\u0148avy v Haravare.","robots":{"index":"index","follow":"follow","max-snippet":"max-snippet:-1","max-image-preview":"max-image-preview:large","max-video-preview":"max-video-preview:-1"},"canonical":"https:\/\/www.haravara.sk\/en\/pribehy\/ako-bezal-kasko-s-vetrom-opreteky\/","og_locale":"en_GB","og_type":"article","og_title":"Ako be\u017eal Ka\u0161ko s vetrom opreteky - HARAVARA","og_description":"N\u00e1jde Ka\u0161ko rovnocenn\u00e9ho s\u00fapera? A kto nakoniec vyhr\u00e1 preteky o sladkos\u0165? Pr\u00edbeh v\u00e1s zavedie do najkraj\u0161ej ties\u0148avy v Haravare.","og_url":"https:\/\/www.haravara.sk\/en\/pribehy\/ako-bezal-kasko-s-vetrom-opreteky\/","og_site_name":"HARAVARA","article_publisher":"https:\/\/www.facebook.com\/haravara.detsky.svet","article_modified_time":"2021-09-16T13:28:10+00:00","og_image":[{"width":1920,"height":1080,"url":"https:\/\/www.haravara.sk\/wp-content\/uploads\/2021\/02\/Co-myslite-kto-vyhra-Ja-alebo-kosicky-vietor.jpg","type":"image\/jpeg"}],"twitter_card":"summary_large_image","twitter_title":"Ako be\u017eal Ka\u0161ko s vetrom opreteky","twitter_misc":{"Estimated reading time":"5 minutes"},"schema":{"@context":"https:\/\/schema.org","@graph":[{"@type":"WebPage","@id":"https:\/\/www.haravara.sk\/pribehy\/ako-bezal-kasko-s-vetrom-opreteky\/","url":"https:\/\/www.haravara.sk\/pribehy\/ako-bezal-kasko-s-vetrom-opreteky\/","name":"\u2b50 HARAVARA - Kam s de\u0165mi v Ko\u0161ickom kraji - Ako be\u017eal Ka\u0161ko s vetrom opreteky","isPartOf":{"@id":"https:\/\/www.haravara.sk\/#website"},"primaryImageOfPage":{"@id":"https:\/\/www.haravara.sk\/pribehy\/ako-bezal-kasko-s-vetrom-opreteky\/#primaryimage"},"image":{"@id":"https:\/\/www.haravara.sk\/pribehy\/ako-bezal-kasko-s-vetrom-opreteky\/#primaryimage"},"thumbnailUrl":"https:\/\/www.haravara.sk\/wp-content\/uploads\/2021\/03\/6.png","datePublished":"2021-02-23T11:22:40+00:00","dateModified":"2021-09-16T13:28:10+00:00","description":"N\u00e1jde Ka\u0161ko rovnocenn\u00e9ho s\u00fapera? A kto nakoniec vyhr\u00e1 preteky o sladkos\u0165? Pr\u00edbeh v\u00e1s zavedie do najkraj\u0161ej ties\u0148avy v Haravare.","breadcrumb":{"@id":"https:\/\/www.haravara.sk\/pribehy\/ako-bezal-kasko-s-vetrom-opreteky\/#breadcrumb"},"inLanguage":"en-GB","potentialAction":[{"@type":"ReadAction","target":["https:\/\/www.haravara.sk\/pribehy\/ako-bezal-kasko-s-vetrom-opreteky\/"]}]},{"@type":"ImageObject","inLanguage":"en-GB","@id":"https:\/\/www.haravara.sk\/pribehy\/ako-bezal-kasko-s-vetrom-opreteky\/#primaryimage","url":"https:\/\/www.haravara.sk\/wp-content\/uploads\/2021\/03\/6.png","contentUrl":"https:\/\/www.haravara.sk\/wp-content\/uploads\/2021\/03\/6.png","width":1200,"height":628},{"@type":"BreadcrumbList","@id":"https:\/\/www.haravara.sk\/pribehy\/ako-bezal-kasko-s-vetrom-opreteky\/#breadcrumb","itemListElement":[{"@type":"ListItem","position":1,"name":"Domov","item":"https:\/\/www.haravara.sk\/"},{"@type":"ListItem","position":2,"name":"Pr\u00edbehy","item":"https:\/\/www.haravara.sk\/pribehy\/"},{"@type":"ListItem","position":3,"name":"Ako be\u017eal Ka\u0161ko s vetrom opreteky"}]},{"@type":"WebSite","@id":"https:\/\/www.haravara.sk\/#website","url":"https:\/\/www.haravara.sk\/","name":"HARAVARA","description":"Objav detsk\u00fd svet v Ko\u0161ickom kraji","publisher":{"@id":"https:\/\/www.haravara.sk\/#organization"},"potentialAction":[{"@type":"SearchAction","target":{"@type":"EntryPoint","urlTemplate":"https:\/\/www.haravara.sk\/?s={search_term_string}"},"query-input":{"@type":"PropertyValueSpecification","valueRequired":true,"valueName":"search_term_string"}}],"inLanguage":"en-GB"},{"@type":"Organization","@id":"https:\/\/www.haravara.sk\/#organization","name":"Haravara","url":"https:\/\/www.haravara.sk\/","logo":{"@type":"ImageObject","inLanguage":"en-GB","@id":"https:\/\/www.haravara.sk\/#\/schema\/logo\/image\/","url":"https:\/\/www.haravara.sk\/wp-content\/uploads\/2021\/04\/LOGO-LandingPage.png","contentUrl":"https:\/\/www.haravara.sk\/wp-content\/uploads\/2021\/04\/LOGO-LandingPage.png","width":832,"height":618,"caption":"Haravara"},"image":{"@id":"https:\/\/www.haravara.sk\/#\/schema\/logo\/image\/"},"sameAs":["https:\/\/www.facebook.com\/haravara.detsky.svet"]}]}},"_links":{"self":[{"href":"https:\/\/www.haravara.sk\/en\/wp-json\/wp\/v2\/pribehy\/385","targetHints":{"allow":["GET"]}}],"collection":[{"href":"https:\/\/www.haravara.sk\/en\/wp-json\/wp\/v2\/pribehy"}],"about":[{"href":"https:\/\/www.haravara.sk\/en\/wp-json\/wp\/v2\/types\/pribehy"}],"version-history":[{"count":3,"href":"https:\/\/www.haravara.sk\/en\/wp-json\/wp\/v2\/pribehy\/385\/revisions"}],"predecessor-version":[{"id":3208,"href":"https:\/\/www.haravara.sk\/en\/wp-json\/wp\/v2\/pribehy\/385\/revisions\/3208"}],"wp:featuredmedia":[{"embeddable":true,"href":"https:\/\/www.haravara.sk\/en\/wp-json\/wp\/v2\/media\/633"}],"wp:attachment":[{"href":"https:\/\/www.haravara.sk\/en\/wp-json\/wp\/v2\/media?parent=385"}],"wp:term":[{"taxonomy":"category","embeddable":true,"href":"https:\/\/www.haravara.sk\/en\/wp-json\/wp\/v2\/categories?post=385"}],"curies":[{"name":"wp","href":"https:\/\/api.w.org\/{rel}","templated":true}]}}