{"id":21249,"date":"2026-04-01T21:46:35","date_gmt":"2026-04-01T20:46:35","guid":{"rendered":"https:\/\/www.haravara.sk\/?post_type=vylety&#038;p=21249"},"modified":"2026-04-01T21:47:03","modified_gmt":"2026-04-01T20:47:03","slug":"knizne-dobrodruzstvo-v-krajine-haravara","status":"publish","type":"vylety","link":"https:\/\/www.haravara.sk\/en\/vylety\/knizne-dobrodruzstvo-v-krajine-haravara\/","title":{"rendered":"Kni\u017en\u00e9 dobrodru\u017estvo v krajine Haravara"},"content":{"rendered":"<p><\/p>\n\n\n\n<div style=\"height:24px\" aria-hidden=\"true\" class=\"wp-block-spacer\"><\/div>\n\n\n\n<blockquote class=\"wp-block-quote is-layout-flow wp-block-quote-is-layout-flow\">\n<blockquote class=\"wp-block-quote is-layout-flow wp-block-quote-is-layout-flow\">\n<p>\u201eMajka, po\u010dula si to?\" za\u0161epkal Max, ke\u010f sa medzi policami v kni\u017enici ozvalo tich\u00e9 za\u0161uchotanie.<\/p>\n\n\n\n<p>\u201eTo bol len niekto, kto h\u013ead\u00e1 knihu,\" m\u00e1vla rukou Majka, no aj tak sa rozhliadla okolo seba.<\/p>\n\n\n\n<p>Zrazu sa medzi dvoma ve\u013ek\u00fdmi knihami na poli\u010dke objavil mal\u00fd obl\u00e1\u010dik prachu. Knihy sa jemne pohli \u2013 a z medzery medzi nimi vykukla zn\u00e1ma postavi\u010dka.<\/p>\n\n\n\n<p>\u201eKa\u0161ko!\" zvolali s\u00farodenci prekvapene.<\/p>\n\n\n\n<p>\u201ePresne tak,\" usmial sa Ka\u0161ko a opr\u00e1\u0161il si klob\u00fak. \u201ePredsa je marec \u2013 mesiac knihy. A knihy nie s\u00fa len na \u010d\u00edtanie. S\u00fa to br\u00e1ny do dobrodru\u017estiev.\u201c<\/p>\n\n\n\n<p>\u201eA kam by si sa chcel vybra\u0165?\" sp\u00fdtal sa Max.<\/p>\n\n\n\n<p>\u201eNa v\u00fdpravu za pr\u00edbehmi! Nav\u0161t\u00edvime kni\u017enice, kde sa ukr\u00fdvaj\u00fa tis\u00edce pr\u00edbehov. Niektor\u00e9 s\u00fa v star\u00fdch kl\u00e1\u0161toroch, in\u00e9 v ka\u0161tie\u013eoch a \u010fal\u0161ie v mest\u00e1ch pln\u00fdch \u017eivota. Ale popon\u00e1h\u013eajte sa \u2013 dobrodru\u017estvo \u010dak\u00e1!\u201c<\/p>\n\n\n\n<p>S\u00farodenci sa na seba usmiali. Vedeli, \u017ee ke\u010f je s nimi Ka\u0161ko, \u010dak\u00e1 ich zauj\u00edmav\u00e1 v\u00fdprava.<\/p>\n<\/blockquote>\n<\/blockquote>\n\n\n\n<div style=\"height:42px\" aria-hidden=\"true\" class=\"wp-block-spacer\"><\/div>\n\n\n\n<div style=\"height:11px\" aria-hidden=\"true\" class=\"wp-block-spacer\"><\/div>\n\n\n\n<h2 class=\"wp-block-heading\" id=\"h-marec-mesiac-knihy\">Marec \u2013 mesiac knihy<\/h2>\n\n\n\n<p>Marec je u\u017e tradi\u010dne mesiacom kn\u00edh. Je to \u010das, ke\u010f si mnoh\u00ed z n\u00e1s spomen\u00fa na v\u00f4\u0148u star\u00fdch str\u00e1nok, dobrodru\u017estv\u00e1 ukryt\u00e9 medzi riadkami a tich\u00e9 z\u00e1kutia kni\u017en\u00edc.<\/p>\n\n\n\n<p>Kni\u017enice v\u0161ak nie s\u00fa len miestami na po\u017ei\u010diavanie kn\u00edh. Mnoh\u00e9 z nich s\u00eddlia v historick\u00fdch budov\u00e1ch, organizuj\u00fa zauj\u00edmav\u00e9 podujatia alebo ukr\u00fdvaj\u00fa vz\u00e1cne zbierky.<\/p>\n\n\n\n<p>V Ko\u0161ickom kraji n\u00e1jdete viacero kni\u017en\u00edc, ktor\u00e9 stoja za n\u00e1v\u0161tevu. Niektor\u00e9 s\u00fa v kl\u00e1\u0161toroch \u010di ka\u0161tie\u013eoch, in\u00e9 v mest\u00e1ch pln\u00fdch \u017eivota. A ke\u010f u\u017e sa za nimi vyberiete, m\u00f4\u017eete si v\u00fdlet spr\u00edjemni\u0165 objavovan\u00edm zauj\u00edmav\u00fdch miest v ich okol\u00ed.<\/p>\n\n\n\n<div style=\"height:20px\" aria-hidden=\"true\" class=\"wp-block-spacer\"><\/div>\n\n\n\n<h3 class=\"wp-block-heading\" id=\"h-\"><\/h3>\n\n\n\n<div style=\"height:9px\" aria-hidden=\"true\" class=\"wp-block-spacer\"><\/div>\n\n\n\n<h2 class=\"wp-block-heading\">Zauj\u00edmav\u00e9 kni\u017enice Ko\u0161ick\u00e9ho kraja<\/h2>\n\n\n\n<h3 class=\"wp-block-heading\">Kl\u00e1\u0161torn\u00e1 kni\u017enica v Jasove<\/h3>\n\n\n\n<figure class=\"wp-block-gallery has-nested-images columns-default is-cropped wp-block-gallery-1 is-layout-flex wp-block-gallery-is-layout-flex\">\n<figure class=\"wp-block-image size-large\"><img decoding=\"async\" width=\"1024\" height=\"675\" data-id=\"21228\" src=\"https:\/\/www.haravara.sk\/wp-content\/uploads\/2026\/03\/atrakcia-foto-79-1-edited-1536x864-1-1024x675.jpg\" alt=\"\" class=\"wp-image-21228\" srcset=\"https:\/\/www.haravara.sk\/wp-content\/uploads\/2026\/03\/atrakcia-foto-79-1-edited-1536x864-1-1024x675.jpg 1024w, https:\/\/www.haravara.sk\/wp-content\/uploads\/2026\/03\/atrakcia-foto-79-1-edited-1536x864-1-300x198.jpg 300w, https:\/\/www.haravara.sk\/wp-content\/uploads\/2026\/03\/atrakcia-foto-79-1-edited-1536x864-1-768x506.jpg 768w, https:\/\/www.haravara.sk\/wp-content\/uploads\/2026\/03\/atrakcia-foto-79-1-edited-1536x864-1-18x12.jpg 18w, https:\/\/www.haravara.sk\/wp-content\/uploads\/2026\/03\/atrakcia-foto-79-1-edited-1536x864-1.jpg 1251w\" sizes=\"(max-width: 1024px) 100vw, 1024px\" \/><\/figure>\n\n\n\n<figure class=\"wp-block-image size-large\"><img decoding=\"async\" width=\"1024\" height=\"682\" data-id=\"21162\" src=\"https:\/\/www.haravara.sk\/wp-content\/uploads\/2026\/03\/kniznica.jpg\" alt=\"\" class=\"wp-image-21162\" srcset=\"https:\/\/www.haravara.sk\/wp-content\/uploads\/2026\/03\/kniznica.jpg 1024w, https:\/\/www.haravara.sk\/wp-content\/uploads\/2026\/03\/kniznica-300x200.jpg 300w, https:\/\/www.haravara.sk\/wp-content\/uploads\/2026\/03\/kniznica-768x512.jpg 768w, https:\/\/www.haravara.sk\/wp-content\/uploads\/2026\/03\/kniznica-18x12.jpg 18w\" sizes=\"(max-width: 1024px) 100vw, 1024px\" \/><\/figure>\n<\/figure>\n\n\n\n<p>V premon\u0161tr\u00e1tskom kl\u00e1\u0161tore v Jasove sa ukr\u00fdva jedna z najkraj\u0161\u00edch historick\u00fdch kni\u017en\u00edc na Slovensku. Barokov\u00e1 kni\u017eni\u010dn\u00e1 s\u00e1la vznikla v 18. storo\u010d\u00ed a zdobia ju n\u00e1dhern\u00e9 fresky. V policiach sa nach\u00e1dzaj\u00fa tis\u00edce historick\u00fdch kn\u00edh a star\u00fdch tla\u010d\u00ed.<\/p>\n\n\n\n<p>Kni\u017enicu mo\u017eno vidie\u0165 po\u010das prehliadky kl\u00e1\u0161tora so sprievodcom \u2013 a atmosf\u00e9ra star\u00fdch kn\u00edh tu naozaj stoj\u00ed za to.<\/p>\n\n\n\n<p>\ud83d\udccd <strong>Adresa:<\/strong> Premon\u0161tr\u00e1tske op\u00e1tstvo Jasov, Jasov 132<br>\ud83d\udd50 <strong>Otv\u00e1racie hodiny:<\/strong> interi\u00e9r kl\u00e1\u0161tora je pr\u00edstupn\u00fd verejnosti <strong>od 16. m\u00e1ja 2026<\/strong> v r\u00e1mci prehliadok<br>\ud83c\udd7f\ufe0f <strong>Parkovanie:<\/strong> parkovisko pri kl\u00e1\u0161tore<\/p>\n\n\n\n<p>\ud83d\udd17 Viac inform\u00e1ci\u00ed:<br><a href=\"https:\/\/opatstvojasov.sk\">https:\/\/opatstvojasov.sk<\/a><\/p>\n\n\n\n<p><strong>Tip na v\u00fdlet v okol\u00ed:<\/strong><br>Nav\u0161t\u00edvte <strong>Jasovsk\u00fa jasky\u0148u<\/strong> alebo sa vyberte na kr\u00e1tku prech\u00e1dzku na <strong>Jasovsk\u00fa skalu<\/strong>.<\/p>\n\n\n\n<p>\ud83e\udded <strong>Ka\u0161kov tip:<\/strong><br>\u201eV takejto kni\u017enici by som ur\u010dite h\u013eadal star\u00fa knihu o rytieroch a kl\u00e1\u0161toroch!\u201c<\/p>\n\n\n\n<hr class=\"wp-block-separator has-alpha-channel-opacity\"\/>\n\n\n\n<h2 class=\"wp-block-heading\">Kni\u017enica v ka\u0161tieli Betliar<\/h2>\n\n\n\n<p>Historick\u00e1 kni\u017enica v ka\u0161tieli Betliar patr\u00ed medzi najkraj\u0161ie \u0161\u013eachtick\u00e9 kni\u017enice na Slovensku. Zalo\u017eil ju rod Andr\u00e1ssyovcov a obsahuje pribli\u017ene <strong>15 000 zv\u00e4zkov<\/strong> kn\u00edh z r\u00f4znych oblast\u00ed \u2013 od hist\u00f3rie a\u017e po geografiu.<\/p>\n\n\n\n<p>Poli\u010dky pln\u00e9 star\u00fdch kn\u00edh a elegantn\u00e9 dreven\u00e9 zariadenie vytv\u00e1raj\u00fa atmosf\u00e9ru ako z historick\u00e9ho rom\u00e1nu.<\/p>\n\n\n\n<p>\ud83d\udccd <strong>Adresa:<\/strong> Ka\u0161tie\u013ena 6, Betliar<br>\ud83d\udd50 <strong>Otv\u00e1racie hodiny:<\/strong> pod\u013ea prehliadok ka\u0161tie\u013ea<br>\ud83c\udd7f\ufe0f <strong>Parkovanie:<\/strong> parkovisko pri vstupe do are\u00e1lu<\/p>\n\n\n\n<p>\ud83d\udd17 Viac inform\u00e1ci\u00ed:<br><a>https:\/\/www.snm.sk\/muzea-snm\/muzeum-betliar<\/a><\/p>\n\n\n\n<p><strong>Tip na v\u00fdlet v okol\u00ed:<\/strong><br>Prejdite sa <strong>anglick\u00fdm parkom v Betliari<\/strong>, ktor\u00fd patr\u00ed medzi najkraj\u0161ie historick\u00e9 parky na Slovensku.<\/p>\n\n\n\n<p>\ud83e\udded <strong>Ka\u0161kov tip:<\/strong><br>\u201eTu by som ur\u010dite h\u013eadal knihu o cest\u00e1ch okolo sveta \u2013 mo\u017eno ju \u010d\u00edtal aj nejak\u00fd \u0161\u013eachtic!\u201c<\/p>\n\n\n\n<hr class=\"wp-block-separator has-alpha-channel-opacity\"\/>\n\n\n\n<h2 class=\"wp-block-heading\">Kni\u017enica pre deti a ml\u00e1de\u017e mesta Ko\u0161ice<\/h2>\n\n\n\n<p>T\u00e1to kni\u017enica je jedine\u010dn\u00e1 t\u00fdm, \u017ee sa venuje v\u00fdhradne detsk\u00fdm a mlad\u00fdm \u010ditate\u013eom. Organizuje mno\u017estvo podujat\u00ed \u2013 \u010d\u00edtania, besedy so spisovate\u013emi \u010di r\u00f4zne tvoriv\u00e9 dielne.<\/p>\n\n\n\n<p>Je to miesto, kde deti objavuj\u00fa rados\u0165 z \u010d\u00edtania.<\/p>\n\n\n\n<p>\ud83d\udccd <strong>Adresa:<\/strong> Kuku\u010d\u00ednova 2, Ko\u0161ice<br>\ud83d\udd50 <strong>Otv\u00e1racie hodiny:<\/strong> l\u00ed\u0161ia sa pod\u013ea pobo\u010dky<br>\ud83c\udd7f\ufe0f <strong>Parkovanie:<\/strong> mestsk\u00e9 parkovisk\u00e1 v centre<\/p>\n\n\n\n<p>\ud83d\udd17 Viac inform\u00e1ci\u00ed:<br><a href=\"https:\/\/www.kosicekmk.sk\">https:\/\/www.kosicekmk.sk<\/a><\/p>\n\n\n\n<p><strong>Tip na v\u00fdlet v okol\u00ed:<\/strong><br>Spojte n\u00e1v\u0161tevu kni\u017enice s prech\u00e1dzkou po <strong>Hlavnej ulici v Ko\u0161iciach<\/strong> alebo n\u00e1v\u0161tevou <strong>D\u00f3mu sv\u00e4tej Al\u017ebety<\/strong>.<\/p>\n\n\n\n<p>\ud83e\udded <strong>Ka\u0161kov tip:<\/strong><br>\u201eTu by som ur\u010dite h\u013eadal knihu o drakoch a dobrodru\u017estv\u00e1ch!\u201c<\/p>\n\n\n\n<hr class=\"wp-block-separator has-alpha-channel-opacity\"\/>\n\n\n\n<h2 class=\"wp-block-heading\">Verejn\u00e1 kni\u017enica J\u00e1na Bocatia v Ko\u0161iciach<\/h2>\n\n\n\n<p>Ide o najv\u00e4\u010d\u0161iu verejn\u00fa kni\u017enicu v Ko\u0161ickom kraji. Nesie meno humanistu a b\u00e1snika J\u00e1na Bocatia a okrem hlavnej budovy m\u00e1 viacero pobo\u010diek v meste.<\/p>\n\n\n\n<p>Kni\u017enica pravidelne organizuje v\u00fdstavy, liter\u00e1rne stretnutia \u010di kult\u00farne podujatia.<\/p>\n\n\n\n<p>\ud83d\udccd <strong>Adresa:<\/strong> Hlavn\u00e1 48, Ko\u0161ice<br>\ud83d\udd50 <strong>Otv\u00e1racie hodiny:<\/strong> pribli\u017ene pondelok \u2013 piatok 8:00 \u2013 19:00<br>\ud83c\udd7f\ufe0f <strong>Parkovanie:<\/strong> parkovanie v centre mesta<\/p>\n\n\n\n<p>\ud83d\udd17 Viac inform\u00e1ci\u00ed:<br><a>https:\/\/www.vkjb.sk<\/a><\/p>\n\n\n\n<p><strong>Tip na v\u00fdlet v okol\u00ed:<\/strong><br>Nav\u0161t\u00edvte <strong>\u0160t\u00e1tne divadlo Ko\u0161ice<\/strong> alebo spievaj\u00facu font\u00e1nu na Hlavnej ulici.<\/p>\n\n\n\n<p>\ud83e\udded <strong>Ka\u0161kov tip:<\/strong><br>\u201eV takej ve\u013ekej kni\u017enici by som sa ur\u010dite stratil medzi pr\u00edbehmi!\u201c<\/p>\n\n\n\n<hr class=\"wp-block-separator has-alpha-channel-opacity\"\/>\n\n\n\n<h2 class=\"wp-block-heading\">Zempl\u00ednska kni\u017enica Gorazda Zvonick\u00e9ho v Michalovciach<\/h2>\n\n\n\n<p>T\u00e1to kni\u017enica patr\u00ed medzi d\u00f4le\u017eit\u00e9 kult\u00farne centr\u00e1 regi\u00f3nu Zempl\u00edn. Organizuje mno\u017estvo podujat\u00ed \u2013 v\u00fdstavy, besedy \u010di \u010ditate\u013esk\u00e9 kluby.<\/p>\n\n\n\n<p>Rok <strong>2025 bol pre kni\u017enicu v\u00fdnimo\u010dn\u00fd<\/strong>, preto\u017ee osl\u00e1vila <strong>100 rokov od svojho zalo\u017eenia<\/strong>. Prv\u00e1 verejn\u00e1 kni\u017enica v Michalovciach vznikla v roku 1925.<\/p>\n\n\n\n<p>\ud83d\udccd <strong>Adresa:<\/strong> \u0160tef\u00e1nikova 20, Michalovce<br>\ud83d\udd50 <strong>Otv\u00e1racie hodiny:<\/strong><br>pondelok \u2013 piatok 8:00 \u2013 18:00<br>sobota 8:00 \u2013 12:00<\/p>\n\n\n\n<p>\ud83c\udd7f\ufe0f <strong>Parkovanie:<\/strong> v centre mesta<\/p>\n\n\n\n<p>\ud83d\udd17 Viac inform\u00e1ci\u00ed:<br><a href=\"https:\/\/www.zkgz.sk\">https:\/\/www.zkgz.sk<\/a><\/p>\n\n\n\n<p><strong>Tip na v\u00fdlet v okol\u00ed:<\/strong><br>Len p\u00e1r kilometrov od mesta sa nach\u00e1dza <strong>Zempl\u00ednska \u0161\u00edrava<\/strong>, ob\u013e\u00faben\u00e9 miesto na oddych a prech\u00e1dzky.<\/p>\n\n\n\n<p>\ud83e\udded <strong>Ka\u0161kov tip:<\/strong><br>\u201eSto rokov kn\u00edh? To je u\u017e poriadna kni\u017en\u00e1 pokladnica!\u201c<\/p>\n\n\n\n<hr class=\"wp-block-separator has-alpha-channel-opacity\"\/>\n\n\n\n<h2 class=\"wp-block-heading\">Spi\u0161sk\u00e9 kult\u00farne centrum a kni\u017enica v Spi\u0161skej Novej Vsi<\/h2>\n\n\n\n<p>T\u00e1to kni\u017enica je s\u00fa\u010das\u0165ou kult\u00farneho centra mesta a pravidelne organizuje v\u00fdstavy, predn\u00e1\u0161ky \u010di liter\u00e1rne podujatia.<\/p>\n\n\n\n<p>\ud83d\udccd <strong>Adresa:<\/strong> Zimn\u00e1 47, Spi\u0161sk\u00e1 Nov\u00e1 Ves<br>\ud83d\udd50 <strong>Otv\u00e1racie hodiny:<\/strong> pribli\u017ene pondelok \u2013 piatok 8:00 \u2013 18:00<br>\ud83c\udd7f\ufe0f <strong>Parkovanie:<\/strong> v centre mesta<\/p>\n\n\n\n<p>\ud83d\udd17 Viac inform\u00e1ci\u00ed:<br><a>https:\/\/www.skck.sk<\/a><\/p>\n\n\n\n<p><strong>Tip na v\u00fdlet v okol\u00ed:<\/strong><br>Spi\u0161sk\u00e1 Nov\u00e1 Ves je skvel\u00fdm v\u00fdchodiskov\u00fdm bodom do <strong>Slovensk\u00e9ho raja<\/strong>.<\/p>\n\n\n\n<p>\ud83e\udded <strong>Ka\u0161kov tip:<\/strong><br>\u201ePo \u010d\u00edtan\u00ed by som sa ur\u010dite vybral na dobrodru\u017estvo do rokl\u00edn!\u201c<\/p>\n\n\n\n<hr class=\"wp-block-separator has-alpha-channel-opacity\"\/>\n\n\n\n<h2 class=\"wp-block-heading\">Gemersk\u00e1 kni\u017enica Pavla Dob\u0161insk\u00e9ho v Ro\u017e\u0148ave<\/h2>\n\n\n\n<p>Kni\u017enica nesie meno zn\u00e1meho zberate\u013ea slovensk\u00fdch rozpr\u00e1vok Pavla Dob\u0161insk\u00e9ho. N\u00e1jdete tu mno\u017estvo region\u00e1lnej literat\u00fary a \u010dasto sa tu konaj\u00fa podujatia pre deti.<\/p>\n\n\n\n<p>\ud83d\udccd <strong>Adresa:<\/strong> Lipov\u00e1 3, Ro\u017e\u0148ava<br>\ud83d\udd50 <strong>Otv\u00e1racie hodiny:<\/strong> pribli\u017ene pondelok \u2013 piatok 8:00 \u2013 17:00<br>\ud83c\udd7f\ufe0f <strong>Parkovanie:<\/strong> v centre mesta<\/p>\n\n\n\n<p>\ud83d\udd17 Viac inform\u00e1ci\u00ed:<br><a>https:\/\/www.gkpd.sk<\/a><\/p>\n\n\n\n<p><strong>Tip na v\u00fdlet v okol\u00ed:<\/strong><br>Nav\u0161t\u00edvte historick\u00e9 <strong>N\u00e1mestie ban\u00edkov<\/strong> alebo <strong>Ochtinsk\u00fa aragonitov\u00fa jasky\u0148u<\/strong>.<\/p>\n\n\n\n<p>\ud83e\udded <strong>Ka\u0161kov tip:<\/strong><br>\u201eKe\u010f sa kni\u017enica vol\u00e1 po zberate\u013eovi rozpr\u00e1vok, ur\u010dite tu n\u00e1jdem aj t\u00fa najkraj\u0161iu!\u201c<\/p>\n\n\n\n<hr class=\"wp-block-separator has-alpha-channel-opacity\"\/>\n\n\n\n<h2 class=\"wp-block-heading\">Zempl\u00ednska kni\u017enica v Trebi\u0161ove<\/h2>\n\n\n\n<p>Kni\u017enica je d\u00f4le\u017eit\u00fdm kult\u00farnym miestom regi\u00f3nu a organizuje mno\u017estvo podujat\u00ed pre deti aj dospel\u00fdch.<\/p>\n\n\n\n<p>\ud83d\udccd <strong>Adresa:<\/strong> M. R. \u0160tef\u00e1nika 53, Trebi\u0161ov<br>\ud83d\udd50 <strong>Otv\u00e1racie hodiny:<\/strong> pribli\u017ene pondelok \u2013 piatok 8:00 \u2013 16:00<br>\ud83c\udd7f\ufe0f <strong>Parkovanie:<\/strong> priamo pri budove<\/p>\n\n\n\n<p>\ud83d\udd17 Viac inform\u00e1ci\u00ed:<br><a>https:\/\/www.kniznicatv.sk<\/a><\/p>\n\n\n\n<p><strong>Tip na v\u00fdlet v okol\u00ed:<\/strong><br>Nav\u0161t\u00edvte <strong>Trebi\u0161ovsk\u00fd ka\u0161tie\u013e a park<\/strong>.<\/p>\n\n\n\n<p>\ud83e\udded <strong>Ka\u0161kov tip:<\/strong><br>\u201ePo \u010d\u00edtan\u00ed by som si ur\u010dite sadol do parku a pokra\u010doval v dobrodru\u017estve!\u201c<\/p>\n\n\n\n<hr class=\"wp-block-separator has-alpha-channel-opacity\"\/>\n\n\n\n<h2 class=\"wp-block-heading\">Mestsk\u00e1 kni\u017enica v Moldave nad Bodvou<\/h2>\n\n\n\n<p>Men\u0161ia, no ve\u013emi akt\u00edvna kni\u017enica, ktor\u00e1 organizuje \u010d\u00edtania pre deti \u010di tvoriv\u00e9 dielne.<\/p>\n\n\n\n<p>\ud83d\udccd <strong>Adresa:<\/strong> \u0160kolsk\u00e1 2, Moldava nad Bodvou<br>\ud83d\udd50 <strong>Otv\u00e1racie hodiny:<\/strong> pribli\u017ene pondelok \u2013 piatok 8:00 \u2013 17:00<br>\ud83c\udd7f\ufe0f <strong>Parkovanie:<\/strong> v okol\u00ed budovy<\/p>\n\n\n\n<p>\ud83d\udd17 Viac inform\u00e1ci\u00ed:<br><a href=\"https:\/\/www.moldava.sk\">https:\/\/www.moldava.sk<\/a><\/p>\n\n\n\n<p><strong>Tip na v\u00fdlet v okol\u00ed:<\/strong><br>Nav\u0161t\u00edvte <strong>Z\u00e1dielsku ties\u0148avu<\/strong> v Slovenskom krase.<\/p>\n\n\n\n<p>\ud83e\udded <strong>Ka\u0161kov tip:<\/strong><br>\u201ePo knihe o hor\u00e1ch by som sa hne\u010f vybral objavova\u0165 t\u00fato ties\u0148avu!\u201c<\/p>\n\n\n\n<hr class=\"wp-block-separator has-alpha-channel-opacity\"\/>\n\n\n\n<h2 class=\"wp-block-heading\">Mestsk\u00e1 kni\u017enica v Gelnici<\/h2>\n\n\n\n<p>Kni\u017enica sa nach\u00e1dza v historickom banskom meste Gelnica. \u010casto organizuje podujatia pre deti a zap\u00e1ja sa do kult\u00farneho \u017eivota mesta.<\/p>\n\n\n\n<p>\ud83d\udccd <strong>Adresa:<\/strong> Ban\u00edcke n\u00e1mestie 4, Gelnica<br>\ud83d\udd50 <strong>Otv\u00e1racie hodiny:<\/strong> pribli\u017ene pondelok \u2013 piatok 8:00 \u2013 17:00<br>\ud83c\udd7f\ufe0f <strong>Parkovanie:<\/strong> na Ban\u00edckom n\u00e1mest\u00ed<\/p>\n\n\n\n<p>\ud83d\udd17 Viac inform\u00e1ci\u00ed:<br><a href=\"https:\/\/www.gelnica.sk\">https:\/\/www.gelnica.sk<\/a><\/p>\n\n\n\n<p><strong>Tip na v\u00fdlet v okol\u00ed:<\/strong><br>Vyjdite na <strong>vyhliadku Turzov<\/strong> alebo sa prejdite po <strong>Ban\u00edckom n\u00e1u\u010dnom chodn\u00edku<\/strong>.<\/p>\n\n\n\n<p>\ud83e\udded <strong>Ka\u0161kov tip:<\/strong><br>\u201eMo\u017eno tu n\u00e1jdem knihu o star\u00fdch ban\u00edkoch a ich tajomstv\u00e1ch!\u201c<\/p>\n\n\n\n<div class=\"wp-block-group has-global-padding\"><div class=\"wp-block-group__inner-container is-layout-constrained wp-block-group-is-layout-constrained\"><\/div><\/div>\n\n\n\n<div style=\"height:25px\" aria-hidden=\"true\" class=\"wp-block-spacer\"><\/div>\n\n\n\n<div style=\"height:0px\" aria-hidden=\"true\" class=\"wp-block-spacer\"><\/div>\n\n\n\n<div class=\"wp-block-media-text is-stacked-on-mobile is-vertically-aligned-center\" style=\"grid-template-columns:35% auto\"><figure class=\"wp-block-media-text__media\"><img decoding=\"async\" width=\"694\" height=\"1024\" src=\"https:\/\/www.haravara.sk\/wp-content\/uploads\/2023\/02\/KASO_VYSVETLUJE-1-694x1024.png\" alt=\"\" class=\"wp-image-11471 size-full\" srcset=\"https:\/\/www.haravara.sk\/wp-content\/uploads\/2023\/02\/KASO_VYSVETLUJE-1-694x1024.png 694w, https:\/\/www.haravara.sk\/wp-content\/uploads\/2023\/02\/KASO_VYSVETLUJE-1-203x300.png 203w, https:\/\/www.haravara.sk\/wp-content\/uploads\/2023\/02\/KASO_VYSVETLUJE-1.png 727w\" sizes=\"(max-width: 694px) 100vw, 694px\" \/><\/figure><div class=\"wp-block-media-text__content\">\n<h3 class=\"wp-block-heading\" id=\"h-tipy-na-zaver\"><mark style=\"background-color:rgba(0, 0, 0, 0);color:#ba20a4\" class=\"has-inline-color\"><strong>Tipy na z\u00e1ver:<\/strong><\/mark><\/h3>\n\n\n\n<ul class=\"wp-block-list\">\n<li>Nezabudnite si pribali\u0165 ob\u013e\u00faben\u00fa detsk\u00fa knihu alebo si jednu po\u017ei\u010dajte priamo v kni\u017enici. M\u00f4\u017eete si z nej pre\u010d\u00edta\u0165 kapitolu v parku, cestou domov alebo ve\u010der pred span\u00edm a zap\u00edsa\u0165 si kr\u00e1snu spomienku na kni\u017en\u00fd v\u00fdlet.<\/li>\n<\/ul>\n\n\n\n<ul class=\"wp-block-list\">\n<li>Pravidelne kontrolujte aj na\u0161u <a href=\"https:\/\/www.haravara.sk\/en\/podujatia\/\">sekciu s podujatiami, <\/a>ktor\u00e1 je pravidelne aktualizovan\u00e1 aktivitami na najbli\u017e\u0161ie dni a t\u00fd\u017edne.<\/li>\n<\/ul>\n\n\n\n<div style=\"height:18px\" aria-hidden=\"true\" class=\"wp-block-spacer\"><\/div>\n\n\n\n<ul class=\"wp-block-list\">\n<li>Ur\u010dite sa po\u010das svojho v\u00fdletu odfo\u0165te a ozna\u010dte n\u00e1s vo svojich pr\u00edspevkoch! <a href=\"https:\/\/www.instagram.com\/haravara_detskysvet\/\">#haravara<\/a><\/li>\n<\/ul>\n<\/div><\/div>\n\n\n\n<div style=\"height:28px\" aria-hidden=\"true\" class=\"wp-block-spacer\"><\/div>","protected":false},"excerpt":{"rendered":"<p>Marec \u2013 mesiac knihy Marec je u\u017e tradi\u010dne mesiacom kn\u00edh. Je to \u010das, ke\u010f si mnoh\u00ed z n\u00e1s spomen\u00fa na v\u00f4\u0148u star\u00fdch str\u00e1nok, dobrodru\u017estv\u00e1 ukryt\u00e9 medzi riadkami a tich\u00e9 z\u00e1kutia kni\u017en\u00edc. Kni\u017enice v\u0161ak nie s\u00fa len miestami na po\u017ei\u010diavanie kn\u00edh. Mnoh\u00e9 z nich s\u00eddlia v historick\u00fdch budov\u00e1ch, organizuj\u00fa zauj\u00edmav\u00e9 podujatia alebo ukr\u00fdvaj\u00fa vz\u00e1cne zbierky. V...<\/p>","protected":false},"featured_media":21162,"menu_order":0,"template":"","format":"standard","meta":{"_acf_changed":false,"footnotes":""},"categories":[17,1],"class_list":["post-21249","vylety","type-vylety","status-publish","format-standard","has-post-thumbnail","hentry","category-jednodnove-vylety","category-tipy-pre-rodicov"],"acf":[],"yoast_head":"<!-- This site is optimized with the Yoast SEO Premium plugin v22.7 (Yoast SEO v27.5) - https:\/\/yoast.com\/product\/yoast-seo-premium-wordpress\/ -->\n<title>\u2b50HARAVARA - Kam s de\u0165mi v Ko\u0161ickom kraji -Kni\u017en\u00e9 dobrodru\u017estvo v krajine Haravara<\/title>\n<meta name=\"description\" content=\"Vyberte sa na kni\u017en\u00e9 dobrodru\u017estvo po krajine Haravara! Nav\u0161t\u00edvte niektor\u00fa z mnoh\u00fdch kni\u017en\u00edc v Haravare a nechajte sa in\u0161pirova\u0165 tipmi na v\u00fdlet.\" \/>\n<meta name=\"robots\" content=\"index, follow, max-snippet:-1, max-image-preview:large, max-video-preview:-1\" \/>\n<link rel=\"canonical\" href=\"https:\/\/www.haravara.sk\/en\/vylety\/knizne-dobrodruzstvo-v-krajine-haravara\/\" \/>\n<meta property=\"og:locale\" content=\"en_GB\" \/>\n<meta property=\"og:type\" content=\"article\" \/>\n<meta property=\"og:title\" content=\"Kni\u017en\u00e9 dobrodru\u017estvo v krajine Haravara\" \/>\n<meta property=\"og:description\" content=\"Vyberte sa na kni\u017en\u00e9 dobrodru\u017estvo po krajine Haravara! Nav\u0161t\u00edvte niektor\u00fa z mnoh\u00fdch kni\u017en\u00edc v Haravare a nechajte sa in\u0161pirova\u0165 tipmi na v\u00fdlet.\" \/>\n<meta property=\"og:url\" content=\"https:\/\/www.haravara.sk\/en\/vylety\/knizne-dobrodruzstvo-v-krajine-haravara\/\" \/>\n<meta property=\"og:site_name\" content=\"HARAVARA\" \/>\n<meta property=\"article:publisher\" content=\"https:\/\/www.facebook.com\/haravara.detsky.svet\" \/>\n<meta property=\"article:modified_time\" content=\"2026-04-01T20:47:03+00:00\" \/>\n<meta property=\"og:image\" content=\"https:\/\/www.haravara.sk\/wp-content\/uploads\/2026\/03\/vydajsa_1920x1080-1.jpg\" \/>\n\t<meta property=\"og:image:width\" content=\"1920\" \/>\n\t<meta property=\"og:image:height\" content=\"1080\" \/>\n\t<meta property=\"og:image:type\" content=\"image\/jpeg\" \/>\n<meta name=\"twitter:card\" content=\"summary_large_image\" \/>\n<meta name=\"twitter:label1\" content=\"Estimated reading time\" \/>\n\t<meta name=\"twitter:data1\" content=\"6 minutes\" \/>\n<script type=\"application\/ld+json\" class=\"yoast-schema-graph\">{\"@context\":\"https:\\\/\\\/schema.org\",\"@graph\":[{\"@type\":\"WebPage\",\"@id\":\"https:\\\/\\\/www.haravara.sk\\\/vylety\\\/knizne-dobrodruzstvo-v-krajine-haravara\\\/\",\"url\":\"https:\\\/\\\/www.haravara.sk\\\/vylety\\\/knizne-dobrodruzstvo-v-krajine-haravara\\\/\",\"name\":\"\u2b50HARAVARA - Kam s de\u0165mi v Ko\u0161ickom kraji -Kni\u017en\u00e9 dobrodru\u017estvo v krajine Haravara\",\"isPartOf\":{\"@id\":\"https:\\\/\\\/www.haravara.sk\\\/#website\"},\"primaryImageOfPage\":{\"@id\":\"https:\\\/\\\/www.haravara.sk\\\/vylety\\\/knizne-dobrodruzstvo-v-krajine-haravara\\\/#primaryimage\"},\"image\":{\"@id\":\"https:\\\/\\\/www.haravara.sk\\\/vylety\\\/knizne-dobrodruzstvo-v-krajine-haravara\\\/#primaryimage\"},\"thumbnailUrl\":\"https:\\\/\\\/www.haravara.sk\\\/wp-content\\\/uploads\\\/2026\\\/03\\\/kniznica.jpg\",\"datePublished\":\"2026-04-01T20:46:35+00:00\",\"dateModified\":\"2026-04-01T20:47:03+00:00\",\"description\":\"Vyberte sa na kni\u017en\u00e9 dobrodru\u017estvo po krajine Haravara! Nav\u0161t\u00edvte niektor\u00fa z mnoh\u00fdch kni\u017en\u00edc v Haravare a nechajte sa in\u0161pirova\u0165 tipmi na v\u00fdlet.\",\"breadcrumb\":{\"@id\":\"https:\\\/\\\/www.haravara.sk\\\/vylety\\\/knizne-dobrodruzstvo-v-krajine-haravara\\\/#breadcrumb\"},\"inLanguage\":\"en-GB\",\"potentialAction\":[{\"@type\":\"ReadAction\",\"target\":[\"https:\\\/\\\/www.haravara.sk\\\/vylety\\\/knizne-dobrodruzstvo-v-krajine-haravara\\\/\"]}]},{\"@type\":\"ImageObject\",\"inLanguage\":\"en-GB\",\"@id\":\"https:\\\/\\\/www.haravara.sk\\\/vylety\\\/knizne-dobrodruzstvo-v-krajine-haravara\\\/#primaryimage\",\"url\":\"https:\\\/\\\/www.haravara.sk\\\/wp-content\\\/uploads\\\/2026\\\/03\\\/kniznica.jpg\",\"contentUrl\":\"https:\\\/\\\/www.haravara.sk\\\/wp-content\\\/uploads\\\/2026\\\/03\\\/kniznica.jpg\",\"width\":1024,\"height\":682},{\"@type\":\"BreadcrumbList\",\"@id\":\"https:\\\/\\\/www.haravara.sk\\\/vylety\\\/knizne-dobrodruzstvo-v-krajine-haravara\\\/#breadcrumb\",\"itemListElement\":[{\"@type\":\"ListItem\",\"position\":1,\"name\":\"Domov\",\"item\":\"https:\\\/\\\/www.haravara.sk\\\/\"},{\"@type\":\"ListItem\",\"position\":2,\"name\":\"V\u00fdlety\",\"item\":\"https:\\\/\\\/www.haravara.sk\\\/vylety\\\/\"},{\"@type\":\"ListItem\",\"position\":3,\"name\":\"Kni\u017en\u00e9 dobrodru\u017estvo v krajine Haravara\"}]},{\"@type\":\"WebSite\",\"@id\":\"https:\\\/\\\/www.haravara.sk\\\/#website\",\"url\":\"https:\\\/\\\/www.haravara.sk\\\/\",\"name\":\"HARAVARA\",\"description\":\"Objav detsk\u00fd svet v Ko\u0161ickom kraji\",\"publisher\":{\"@id\":\"https:\\\/\\\/www.haravara.sk\\\/#organization\"},\"potentialAction\":[{\"@type\":\"SearchAction\",\"target\":{\"@type\":\"EntryPoint\",\"urlTemplate\":\"https:\\\/\\\/www.haravara.sk\\\/?s={search_term_string}\"},\"query-input\":{\"@type\":\"PropertyValueSpecification\",\"valueRequired\":true,\"valueName\":\"search_term_string\"}}],\"inLanguage\":\"en-GB\"},{\"@type\":\"Organization\",\"@id\":\"https:\\\/\\\/www.haravara.sk\\\/#organization\",\"name\":\"Haravara\",\"url\":\"https:\\\/\\\/www.haravara.sk\\\/\",\"logo\":{\"@type\":\"ImageObject\",\"inLanguage\":\"en-GB\",\"@id\":\"https:\\\/\\\/www.haravara.sk\\\/#\\\/schema\\\/logo\\\/image\\\/\",\"url\":\"https:\\\/\\\/www.haravara.sk\\\/wp-content\\\/uploads\\\/2021\\\/04\\\/LOGO-LandingPage.png\",\"contentUrl\":\"https:\\\/\\\/www.haravara.sk\\\/wp-content\\\/uploads\\\/2021\\\/04\\\/LOGO-LandingPage.png\",\"width\":832,\"height\":618,\"caption\":\"Haravara\"},\"image\":{\"@id\":\"https:\\\/\\\/www.haravara.sk\\\/#\\\/schema\\\/logo\\\/image\\\/\"},\"sameAs\":[\"https:\\\/\\\/www.facebook.com\\\/haravara.detsky.svet\"]}]}<\/script>\n<!-- \/ Yoast SEO Premium plugin. -->","yoast_head_json":{"title":"\u2b50HARAVARA - Kam s de\u0165mi v Ko\u0161ickom kraji -Kni\u017en\u00e9 dobrodru\u017estvo v krajine Haravara","description":"Vyberte sa na kni\u017en\u00e9 dobrodru\u017estvo po krajine Haravara! Nav\u0161t\u00edvte niektor\u00fa z mnoh\u00fdch kni\u017en\u00edc v Haravare a nechajte sa in\u0161pirova\u0165 tipmi na v\u00fdlet.","robots":{"index":"index","follow":"follow","max-snippet":"max-snippet:-1","max-image-preview":"max-image-preview:large","max-video-preview":"max-video-preview:-1"},"canonical":"https:\/\/www.haravara.sk\/en\/vylety\/knizne-dobrodruzstvo-v-krajine-haravara\/","og_locale":"en_GB","og_type":"article","og_title":"Kni\u017en\u00e9 dobrodru\u017estvo v krajine Haravara","og_description":"Vyberte sa na kni\u017en\u00e9 dobrodru\u017estvo po krajine Haravara! Nav\u0161t\u00edvte niektor\u00fa z mnoh\u00fdch kni\u017en\u00edc v Haravare a nechajte sa in\u0161pirova\u0165 tipmi na v\u00fdlet.","og_url":"https:\/\/www.haravara.sk\/en\/vylety\/knizne-dobrodruzstvo-v-krajine-haravara\/","og_site_name":"HARAVARA","article_publisher":"https:\/\/www.facebook.com\/haravara.detsky.svet","article_modified_time":"2026-04-01T20:47:03+00:00","og_image":[{"width":1920,"height":1080,"url":"https:\/\/www.haravara.sk\/wp-content\/uploads\/2026\/03\/vydajsa_1920x1080-1.jpg","type":"image\/jpeg"}],"twitter_card":"summary_large_image","twitter_misc":{"Estimated reading time":"6 minutes"},"schema":{"@context":"https:\/\/schema.org","@graph":[{"@type":"WebPage","@id":"https:\/\/www.haravara.sk\/vylety\/knizne-dobrodruzstvo-v-krajine-haravara\/","url":"https:\/\/www.haravara.sk\/vylety\/knizne-dobrodruzstvo-v-krajine-haravara\/","name":"\u2b50HARAVARA - Kam s de\u0165mi v Ko\u0161ickom kraji -Kni\u017en\u00e9 dobrodru\u017estvo v krajine Haravara","isPartOf":{"@id":"https:\/\/www.haravara.sk\/#website"},"primaryImageOfPage":{"@id":"https:\/\/www.haravara.sk\/vylety\/knizne-dobrodruzstvo-v-krajine-haravara\/#primaryimage"},"image":{"@id":"https:\/\/www.haravara.sk\/vylety\/knizne-dobrodruzstvo-v-krajine-haravara\/#primaryimage"},"thumbnailUrl":"https:\/\/www.haravara.sk\/wp-content\/uploads\/2026\/03\/kniznica.jpg","datePublished":"2026-04-01T20:46:35+00:00","dateModified":"2026-04-01T20:47:03+00:00","description":"Vyberte sa na kni\u017en\u00e9 dobrodru\u017estvo po krajine Haravara! Nav\u0161t\u00edvte niektor\u00fa z mnoh\u00fdch kni\u017en\u00edc v Haravare a nechajte sa in\u0161pirova\u0165 tipmi na v\u00fdlet.","breadcrumb":{"@id":"https:\/\/www.haravara.sk\/vylety\/knizne-dobrodruzstvo-v-krajine-haravara\/#breadcrumb"},"inLanguage":"en-GB","potentialAction":[{"@type":"ReadAction","target":["https:\/\/www.haravara.sk\/vylety\/knizne-dobrodruzstvo-v-krajine-haravara\/"]}]},{"@type":"ImageObject","inLanguage":"en-GB","@id":"https:\/\/www.haravara.sk\/vylety\/knizne-dobrodruzstvo-v-krajine-haravara\/#primaryimage","url":"https:\/\/www.haravara.sk\/wp-content\/uploads\/2026\/03\/kniznica.jpg","contentUrl":"https:\/\/www.haravara.sk\/wp-content\/uploads\/2026\/03\/kniznica.jpg","width":1024,"height":682},{"@type":"BreadcrumbList","@id":"https:\/\/www.haravara.sk\/vylety\/knizne-dobrodruzstvo-v-krajine-haravara\/#breadcrumb","itemListElement":[{"@type":"ListItem","position":1,"name":"Domov","item":"https:\/\/www.haravara.sk\/"},{"@type":"ListItem","position":2,"name":"V\u00fdlety","item":"https:\/\/www.haravara.sk\/vylety\/"},{"@type":"ListItem","position":3,"name":"Kni\u017en\u00e9 dobrodru\u017estvo v krajine Haravara"}]},{"@type":"WebSite","@id":"https:\/\/www.haravara.sk\/#website","url":"https:\/\/www.haravara.sk\/","name":"HARAVARA","description":"Objav detsk\u00fd svet v Ko\u0161ickom kraji","publisher":{"@id":"https:\/\/www.haravara.sk\/#organization"},"potentialAction":[{"@type":"SearchAction","target":{"@type":"EntryPoint","urlTemplate":"https:\/\/www.haravara.sk\/?s={search_term_string}"},"query-input":{"@type":"PropertyValueSpecification","valueRequired":true,"valueName":"search_term_string"}}],"inLanguage":"en-GB"},{"@type":"Organization","@id":"https:\/\/www.haravara.sk\/#organization","name":"Haravara","url":"https:\/\/www.haravara.sk\/","logo":{"@type":"ImageObject","inLanguage":"en-GB","@id":"https:\/\/www.haravara.sk\/#\/schema\/logo\/image\/","url":"https:\/\/www.haravara.sk\/wp-content\/uploads\/2021\/04\/LOGO-LandingPage.png","contentUrl":"https:\/\/www.haravara.sk\/wp-content\/uploads\/2021\/04\/LOGO-LandingPage.png","width":832,"height":618,"caption":"Haravara"},"image":{"@id":"https:\/\/www.haravara.sk\/#\/schema\/logo\/image\/"},"sameAs":["https:\/\/www.facebook.com\/haravara.detsky.svet"]}]}},"_links":{"self":[{"href":"https:\/\/www.haravara.sk\/en\/wp-json\/wp\/v2\/vylety\/21249","targetHints":{"allow":["GET"]}}],"collection":[{"href":"https:\/\/www.haravara.sk\/en\/wp-json\/wp\/v2\/vylety"}],"about":[{"href":"https:\/\/www.haravara.sk\/en\/wp-json\/wp\/v2\/types\/vylety"}],"version-history":[{"count":2,"href":"https:\/\/www.haravara.sk\/en\/wp-json\/wp\/v2\/vylety\/21249\/revisions"}],"predecessor-version":[{"id":21294,"href":"https:\/\/www.haravara.sk\/en\/wp-json\/wp\/v2\/vylety\/21249\/revisions\/21294"}],"wp:featuredmedia":[{"embeddable":true,"href":"https:\/\/www.haravara.sk\/en\/wp-json\/wp\/v2\/media\/21162"}],"wp:attachment":[{"href":"https:\/\/www.haravara.sk\/en\/wp-json\/wp\/v2\/media?parent=21249"}],"wp:term":[{"taxonomy":"category","embeddable":true,"href":"https:\/\/www.haravara.sk\/en\/wp-json\/wp\/v2\/categories?post=21249"}],"curies":[{"name":"wp","href":"https:\/\/api.w.org\/{rel}","templated":true}]}}