{"id":1730,"date":"2021-04-22T11:17:09","date_gmt":"2021-04-22T11:17:09","guid":{"rendered":"https:\/\/www.haravara.sk\/?post_type=atrakcie&#038;p=1730"},"modified":"2026-04-22T09:56:34","modified_gmt":"2026-04-22T08:56:34","slug":"zadielska-tiesnava","status":"publish","type":"atrakcie","link":"https:\/\/www.haravara.sk\/hu\/atrakcie\/zadielska-tiesnava\/","title":{"rendered":"Z\u00e1dielska ties\u0148ava"},"content":{"rendered":"<blockquote class=\"wp-block-quote is-layout-flow wp-block-quote-is-layout-flow\">\n<p><em><em><em><em><em><em><em><em><em><em><em><em>Pam\u00e4t\u00e1te si pr\u00edbeh, kedy <a href=\"https:\/\/www.haravara.sk\/hu\/pribehy\/ako-bezal-kasko-s-vetrom-opreteky\/\">Ka\u0161ko s\u00fa\u0165a\u017eil s\u00a0Ko\u0161ick\u00fdm vetrom?<\/a> Nav\u0161t\u00edvte miesto, kde sa to cel\u00e9 odohralo! Zist\u00edte, \u017ee Cukrov\u00e1 homo\u013ea nie je v\u00f4bec sladk\u00e1 a\u00a0ktovie \u010di dovid\u00edte a\u017e na jej vrchol. Ale majte sa na pozore, m\u00f4\u017ee sa toti\u017e sta\u0165, \u017ee\u00a0\u0161ibal Ko\u0161ick\u00fd vietor v\u00e1m rozstrapat\u00ed vlasy.<\/em><\/em><\/em><\/em><\/em><\/em><\/em><\/em><\/em><\/em><\/em><\/em> <em>Vydajte sa do Z\u00e1dielskej ties\u0148avy aj s de\u0165mi a neolujete. <\/em><\/p>\n<\/blockquote>\n\n\n\n<div style=\"height:23px\" aria-hidden=\"true\" class=\"wp-block-spacer\"><\/div>\n\n\n\n<p>Z\u00e1dielska ties\u0148ava sa nach\u00e1dza v Slovenskom krase pri obci Z\u00e1diel a patr\u00ed medzi najkraj\u0161ie pr\u00edrodn\u00e9 miesta na v\u00fdchodnom Slovensku. <a href=\"https:\/\/www.haravara.sk\/wp-content\/uploads\/2026\/04\/Snimka-obrazovky-2026-04-22-o-10.45.04.png\">N\u00e1u\u010dn\u00fd chodn\u00edk Z\u00e1dielska ties\u0148ava<\/a> v\u00e1s prevedie celou roklinou a upozorn\u00ed na najkraj\u0161ie zast\u00e1vky. <\/p>\n\n\n\n<div style=\"height:23px\" aria-hidden=\"true\" class=\"wp-block-spacer\"><\/div>\n\n\n\n<ul class=\"wp-block-list\">\n<li>d\u013a\u017eka ties\u0148avy: pribli\u017ene 2\u20133 km<\/li>\n\n\n\n<li>h\u013abka: a\u017e 300 m (miestami aj viac)<\/li>\n\n\n\n<li>naju\u017e\u0161ie miesta: len okolo 10 metrov<\/li>\n\n\n\n<li>chodn\u00edk je ide\u00e1lny aj pre ko\u010d\u00edky \u010di invalidn\u00e9 voz\u00edky<\/li>\n<\/ul>\n\n\n\n<div style=\"height:23px\" aria-hidden=\"true\" class=\"wp-block-spacer\"><\/div>\n\n\n\n<blockquote class=\"wp-block-quote is-layout-flow wp-block-quote-is-layout-flow\">\n<p><strong><em>Je to najhlb\u0161ia ties\u0148ava na Slovensku, ktor\u00fa vytvoril potok pretekaj\u00faci dolinou.<\/em><\/strong><\/p>\n<\/blockquote>\n\n\n\n<div style=\"height:23px\" aria-hidden=\"true\" class=\"wp-block-spacer\"><\/div>\n\n\n\n<h2 class=\"wp-block-heading\" id=\"h-zadielska-tiesnava-s-detmi-nenarocna-tura-pre-rodiny\">Z\u00e1dielska ties\u0148ava s de\u0165mi: nen\u00e1ro\u010dn\u00e1 t\u00fara pre rodiny<\/h2>\n\n\n\n<div style=\"height:23px\" aria-hidden=\"true\" class=\"wp-block-spacer\"><\/div>\n\n\n\n<p>Najv\u00e4\u010d\u0161ou v\u00fdhodou tohto miesta je, \u017ee <strong>v\u00e4\u010d\u0161inu Z\u00e1dielskej ties\u0148avy prejdete pohodlne po ceste popri potoku<\/strong>. Trasa m\u00e1 <strong>nen\u00e1ro\u010dn\u00fd ter\u00e9n<\/strong>, tak\u017ee je <strong>vhodn\u00e1 aj pre men\u0161ie deti<\/strong> a na niektor\u00fdch \u00fasekoch ju zvl\u00e1dnete dokonca <strong>aj s ko\u010d\u00edkom<\/strong>.<\/p>\n\n\n\n<div style=\"height:23px\" aria-hidden=\"true\" class=\"wp-block-spacer\"><\/div>\n\n\n\n<p>Po\u010das prech\u00e1dzky v\u00e1s bude sprev\u00e1dza\u0165 <strong>\u0161um potoka Blatnica<\/strong>, naraz\u00edte na <strong>mal\u00e9 kask\u00e1dy a vodop\u00e1dy<\/strong> a po cel\u00fd \u010das budete kr\u00e1\u010da\u0165 medzi <strong>vysok\u00fdmi skaln\u00fdmi stenami<\/strong>, ktor\u00e9 vytv\u00e1raj\u00fa jedine\u010dn\u00fa atmosf\u00e9ru celej ties\u0148avy.<\/p>\n\n\n\n<div style=\"height:23px\" aria-hidden=\"true\" class=\"wp-block-spacer\"><\/div>\n\n\n\n<p>Po\u010das prech\u00e1dzky si ur\u010dite v\u0161imnete v\u00fdrazn\u00fd skaln\u00fd \u00fatvar \u2013 <strong>Cukrov\u00fa ho\u013eu<\/strong>, ktor\u00e1 patr\u00ed medzi najzn\u00e1mej\u0161ie dominanty tejto oblasti. Dosahuje v\u00fd\u0161ku pribli\u017ene <strong>105 metrov<\/strong> a v\u010faka svojmu tvaru ju len \u0165a\u017eko prehliadnete. Pre deti \u010dasto funguje ako prirodzen\u00fd cie\u013e v\u00fdletu \u2013 ke\u010f ju uvidia, maj\u00fa motiv\u00e1ciu pokra\u010dova\u0165 \u010falej a zisti\u0165, kam a\u017e sa d\u00e1 v ties\u0148ave dosta\u0165.<\/p>\n\n\n\n<div style=\"height:23px\" aria-hidden=\"true\" class=\"wp-block-spacer\"><\/div>\n\n\n\n<p>Okru\u017en\u00fd <strong>n\u00e1u\u010dn\u00fd chodn\u00edk s d\u013a\u017ekou pribli\u017ene 7\u20139 km (okruh)<\/strong> dop\u013a\u0148aj\u00fa <strong>informa\u010dn\u00e9 tabule o pr\u00edrode<\/strong> a pon\u00faka aj <strong>mo\u017enos\u0165 vyst\u00fapi\u0165 na planinu s kr\u00e1snymi v\u00fdh\u013eadmi<\/strong>.  <strong>TIP:<\/strong> Ak idete s men\u0161\u00edmi de\u0165mi, \u00faplne posta\u010d\u00ed prejs\u0165 len doln\u00fa \u010das\u0165 ties\u0148avy \u2013 pr\u00e1ve t\u00e1 patr\u00ed medzi najkraj\u0161ie \u00faseky.<br><br><\/p>\n\n\n\n<figure class=\"wp-block-gallery has-nested-images columns-default is-cropped wp-block-gallery-1 is-layout-flex wp-block-gallery-is-layout-flex\">\n<figure class=\"wp-block-image size-large\"><a href=\"https:\/\/www.haravara.sk\/wp-content\/uploads\/2021\/04\/zadiel1.jpg\"><img decoding=\"async\" width=\"1024\" height=\"683\" data-id=\"21450\" src=\"https:\/\/www.haravara.sk\/wp-content\/uploads\/2021\/04\/zadiel1-1024x683.jpg\" alt=\"\" class=\"wp-image-21450\" srcset=\"https:\/\/www.haravara.sk\/wp-content\/uploads\/2021\/04\/zadiel1-1024x683.jpg 1024w, https:\/\/www.haravara.sk\/wp-content\/uploads\/2021\/04\/zadiel1-300x200.jpg 300w, https:\/\/www.haravara.sk\/wp-content\/uploads\/2021\/04\/zadiel1-768x512.jpg 768w, https:\/\/www.haravara.sk\/wp-content\/uploads\/2021\/04\/zadiel1-1536x1024.jpg 1536w, https:\/\/www.haravara.sk\/wp-content\/uploads\/2021\/04\/zadiel1-2048x1365.jpg 2048w, https:\/\/www.haravara.sk\/wp-content\/uploads\/2021\/04\/zadiel1-18x12.jpg 18w, https:\/\/www.haravara.sk\/wp-content\/uploads\/2021\/04\/zadiel1.jpg 2507w\" sizes=\"(max-width: 1024px) 100vw, 1024px\" \/><\/a><\/figure>\n\n\n\n<figure class=\"wp-block-image size-large\"><a href=\"https:\/\/www.haravara.sk\/wp-content\/uploads\/2021\/04\/zadiel2.jpg\"><img decoding=\"async\" width=\"1024\" height=\"683\" data-id=\"21451\" src=\"https:\/\/www.haravara.sk\/wp-content\/uploads\/2021\/04\/zadiel2-1024x683.jpg\" alt=\"\" class=\"wp-image-21451\" srcset=\"https:\/\/www.haravara.sk\/wp-content\/uploads\/2021\/04\/zadiel2-1024x683.jpg 1024w, https:\/\/www.haravara.sk\/wp-content\/uploads\/2021\/04\/zadiel2-300x200.jpg 300w, https:\/\/www.haravara.sk\/wp-content\/uploads\/2021\/04\/zadiel2-768x512.jpg 768w, https:\/\/www.haravara.sk\/wp-content\/uploads\/2021\/04\/zadiel2-1536x1024.jpg 1536w, https:\/\/www.haravara.sk\/wp-content\/uploads\/2021\/04\/zadiel2-2048x1366.jpg 2048w, https:\/\/www.haravara.sk\/wp-content\/uploads\/2021\/04\/zadiel2-18x12.jpg 18w, https:\/\/www.haravara.sk\/wp-content\/uploads\/2021\/04\/zadiel2.jpg 3220w\" sizes=\"(max-width: 1024px) 100vw, 1024px\" \/><\/a><\/figure>\n<\/figure>\n\n\n\n<h3 class=\"wp-block-heading\" id=\"h-otv-racie-hodiny\"><mark style=\"background-color:rgba(0, 0, 0, 0);color:#21ad04\" class=\"has-inline-color\">Otv\u00e1racie hodiny<\/mark><\/h3>\n\n\n\n<p>Ties\u0148ava je vo\u013ene pr\u00edstupn\u00e1. Na konci ties\u0148avy (v polovici okruhu) na v\u00e1s \u010dak\u00e1 <a href=\"http:\/\/www.zadielskachata.sk\/\">Z\u00e1dielska chata,<\/a> kde sa m\u00f4\u017eete osvie\u017ei\u0165 a ob\u010derstvi\u0165. Chata je otvoren\u00e1 PO - Ne od 10-19:00 a v jej tesnej bl\u00edzkosti n\u00e1jdete aj <a href=\"https:\/\/www.haravara.sk\/hu\/atrakcie\/haravarkovia-v-zadielskej-tiesnave\/\">Haravarkov - dreven\u00fdch obrov Maxa a Majky. <\/a><\/p>\n\n\n\n<h3 class=\"wp-block-heading\" id=\"h-vstupn\"><mark style=\"background-color:rgba(0, 0, 0, 0);color:#21ad04\" class=\"has-inline-color\">Vstupn\u00e9<\/mark><\/h3>\n\n\n\n<p>Vstup do rokliny je bezplatn\u00fd. <\/p>\n\n\n\n<h3 class=\"wp-block-heading\" id=\"h-kontakt\"><mark style=\"background-color:rgba(0, 0, 0, 0);color:#21ad04\" class=\"has-inline-color\">Kontakt:<\/mark><\/h3>\n\n\n\n<p>Viac inform\u00e1ci\u00ed n\u00e1jdete tu: <a href=\"http:\/\/npslovenskykras.sopsr.sk\/\">N\u00e1rodn\u00fd park Slovensk\u00fd kras<\/a><\/p>\n\n\n\n<h3 class=\"wp-block-heading\" id=\"h-ako-sa-dostanete-k-z-dielskej-ties-ave\"><mark style=\"background-color:rgba(0, 0, 0, 0);color:#21ad04\" class=\"has-inline-color\">Ako sa dostanete k Z\u00e1dielskej ties\u0148ave ?<\/mark><\/h3>\n\n\n\n<p>Vstup do ties\u0148avy je <strong>zdarma<\/strong>. Zaparkova\u0165 m\u00f4\u017eete <strong>v obci Z\u00e1diel pri vstupe do doliny<\/strong>, odkia\u013e sa <strong>priamo z parkoviska napoj\u00edte na chodn\u00edk<\/strong>.<\/p>\n\n\n<p><iframe src=\"https:\/\/www.google.com\/maps\/embed?pb=!1m18!1m12!1m3!1d21097.112445989056!2d20.823254544671254!3d48.626321032697746!2m3!1f0!2f0!3f0!3m2!1i1024!2i768!4f13.1!3m3!1m2!1s0x473f05e78905d35f%3A0x6a142c98bc88a420!2zWsOhZGllbHNrYSB0aWVzxYhhdmE!5e0!3m2!1ssk!2ssk!4v1619090177803!5m2!1ssk!2ssk\" width=\"100%\" height=\"450\" style=\"border:0;\" allowfullscreen=\"\" loading=\"lazy\"><\/iframe><\/p>","protected":false},"excerpt":{"rendered":"<p>Roz\u013eahl\u00e1 skalnat\u00e1 ties\u0148ava krasov\u00e9ho p\u00f4vodu sa nach\u00e1dza ved\u013ea obce Z\u00e1diel. Je dlh\u00e1 asi 3 km a jej bral\u00e1 s\u00fa dobre vidite\u013en\u00e9 u\u017e z dia\u013eky. <\/p>","protected":false},"featured_media":21451,"menu_order":0,"template":"","format":"standard","meta":{"_acf_changed":false,"footnotes":""},"categories":[1],"class_list":["post-1730","atrakcie","type-atrakcie","status-publish","format-standard","has-post-thumbnail","hentry","category-tipy-pre-rodicov"],"acf":[],"yoast_head":"<!-- This site is optimized with the Yoast SEO Premium plugin v22.7 (Yoast SEO v27.2) - https:\/\/yoast.com\/product\/yoast-seo-premium-wordpress\/ -->\n<title>\u2b50HARAVARA - Kam s de\u0165mi v Ko\u0161ickom kraji - Z\u00e1dielska ties\u0148ava<\/title>\n<meta name=\"description\" content=\"Roz\u013eahl\u00e1 skalnat\u00e1 Z\u00e1dielska ties\u0148ava sa nach\u00e1dza ved\u013ea obce Z\u00e1diel. Je dlh\u00e1 asi 3 km a jej bral\u00e1 s\u00fa dobre vidite\u013en\u00e9 u\u017e z dia\u013eky.\" \/>\n<meta name=\"robots\" content=\"index, follow, max-snippet:-1, max-image-preview:large, max-video-preview:-1\" \/>\n<link rel=\"canonical\" href=\"https:\/\/www.haravara.sk\/hu\/atrakcie\/zadielska-tiesnava\/\" \/>\n<meta property=\"og:locale\" content=\"hu_HU\" \/>\n<meta property=\"og:type\" content=\"article\" \/>\n<meta property=\"og:title\" content=\"Z\u00e1dielska ties\u0148ava\" \/>\n<meta property=\"og:description\" content=\"Roz\u013eahl\u00e1 skalnat\u00e1 Z\u00e1dielska ties\u0148ava sa nach\u00e1dza ved\u013ea obce Z\u00e1diel. Je dlh\u00e1 asi 3 km a jej bral\u00e1 s\u00fa dobre vidite\u013en\u00e9 u\u017e z dia\u013eky.\" \/>\n<meta property=\"og:url\" content=\"https:\/\/www.haravara.sk\/hu\/atrakcie\/zadielska-tiesnava\/\" \/>\n<meta property=\"og:site_name\" content=\"HARAVARA\" \/>\n<meta property=\"article:publisher\" content=\"https:\/\/www.facebook.com\/haravara.detsky.svet\" \/>\n<meta property=\"article:modified_time\" content=\"2026-04-22T08:56:34+00:00\" \/>\n<meta property=\"og:image\" content=\"https:\/\/www.haravara.sk\/wp-content\/uploads\/2021\/04\/zadiel2.jpg\" \/>\n\t<meta property=\"og:image:width\" content=\"3220\" \/>\n\t<meta property=\"og:image:height\" content=\"2147\" \/>\n\t<meta property=\"og:image:type\" content=\"image\/jpeg\" \/>\n<meta name=\"twitter:card\" content=\"summary_large_image\" \/>\n<meta name=\"twitter:label1\" content=\"Becs\u00fclt olvas\u00e1si id\u0151\" \/>\n\t<meta name=\"twitter:data1\" content=\"2 perc\" \/>\n<script type=\"application\/ld+json\" class=\"yoast-schema-graph\">{\"@context\":\"https:\/\/schema.org\",\"@graph\":[{\"@type\":\"WebPage\",\"@id\":\"https:\/\/www.haravara.sk\/atrakcie\/zadielska-tiesnava\/\",\"url\":\"https:\/\/www.haravara.sk\/atrakcie\/zadielska-tiesnava\/\",\"name\":\"\u2b50HARAVARA - Kam s de\u0165mi v Ko\u0161ickom kraji - Z\u00e1dielska ties\u0148ava\",\"isPartOf\":{\"@id\":\"https:\/\/www.haravara.sk\/#website\"},\"primaryImageOfPage\":{\"@id\":\"https:\/\/www.haravara.sk\/atrakcie\/zadielska-tiesnava\/#primaryimage\"},\"image\":{\"@id\":\"https:\/\/www.haravara.sk\/atrakcie\/zadielska-tiesnava\/#primaryimage\"},\"thumbnailUrl\":\"https:\/\/www.haravara.sk\/wp-content\/uploads\/2021\/04\/zadiel2.jpg\",\"datePublished\":\"2021-04-22T11:17:09+00:00\",\"dateModified\":\"2026-04-22T08:56:34+00:00\",\"description\":\"Roz\u013eahl\u00e1 skalnat\u00e1 Z\u00e1dielska ties\u0148ava sa nach\u00e1dza ved\u013ea obce Z\u00e1diel. Je dlh\u00e1 asi 3 km a jej bral\u00e1 s\u00fa dobre vidite\u013en\u00e9 u\u017e z dia\u013eky.\",\"breadcrumb\":{\"@id\":\"https:\/\/www.haravara.sk\/atrakcie\/zadielska-tiesnava\/#breadcrumb\"},\"inLanguage\":\"hu\",\"potentialAction\":[{\"@type\":\"ReadAction\",\"target\":[\"https:\/\/www.haravara.sk\/atrakcie\/zadielska-tiesnava\/\"]}]},{\"@type\":\"ImageObject\",\"inLanguage\":\"hu\",\"@id\":\"https:\/\/www.haravara.sk\/atrakcie\/zadielska-tiesnava\/#primaryimage\",\"url\":\"https:\/\/www.haravara.sk\/wp-content\/uploads\/2021\/04\/zadiel2.jpg\",\"contentUrl\":\"https:\/\/www.haravara.sk\/wp-content\/uploads\/2021\/04\/zadiel2.jpg\",\"width\":3220,\"height\":2147},{\"@type\":\"BreadcrumbList\",\"@id\":\"https:\/\/www.haravara.sk\/atrakcie\/zadielska-tiesnava\/#breadcrumb\",\"itemListElement\":[{\"@type\":\"ListItem\",\"position\":1,\"name\":\"Domov\",\"item\":\"https:\/\/www.haravara.sk\/\"},{\"@type\":\"ListItem\",\"position\":2,\"name\":\"Atrakcie\",\"item\":\"https:\/\/www.haravara.sk\/atrakcie\/\"},{\"@type\":\"ListItem\",\"position\":3,\"name\":\"Z\u00e1dielska ties\u0148ava\"}]},{\"@type\":\"WebSite\",\"@id\":\"https:\/\/www.haravara.sk\/#website\",\"url\":\"https:\/\/www.haravara.sk\/\",\"name\":\"HARAVARA\",\"description\":\"Objav detsk\u00fd svet v Ko\u0161ickom kraji\",\"publisher\":{\"@id\":\"https:\/\/www.haravara.sk\/#organization\"},\"potentialAction\":[{\"@type\":\"SearchAction\",\"target\":{\"@type\":\"EntryPoint\",\"urlTemplate\":\"https:\/\/www.haravara.sk\/?s={search_term_string}\"},\"query-input\":{\"@type\":\"PropertyValueSpecification\",\"valueRequired\":true,\"valueName\":\"search_term_string\"}}],\"inLanguage\":\"hu\"},{\"@type\":\"Organization\",\"@id\":\"https:\/\/www.haravara.sk\/#organization\",\"name\":\"Haravara\",\"url\":\"https:\/\/www.haravara.sk\/\",\"logo\":{\"@type\":\"ImageObject\",\"inLanguage\":\"hu\",\"@id\":\"https:\/\/www.haravara.sk\/#\/schema\/logo\/image\/\",\"url\":\"https:\/\/www.haravara.sk\/wp-content\/uploads\/2021\/04\/LOGO-LandingPage.png\",\"contentUrl\":\"https:\/\/www.haravara.sk\/wp-content\/uploads\/2021\/04\/LOGO-LandingPage.png\",\"width\":832,\"height\":618,\"caption\":\"Haravara\"},\"image\":{\"@id\":\"https:\/\/www.haravara.sk\/#\/schema\/logo\/image\/\"},\"sameAs\":[\"https:\/\/www.facebook.com\/haravara.detsky.svet\"]}]}<\/script>\n<!-- \/ Yoast SEO Premium plugin. -->","yoast_head_json":{"title":"\u2b50HARAVARA - Kam s de\u0165mi v Ko\u0161ickom kraji - Z\u00e1dielska ties\u0148ava","description":"Roz\u013eahl\u00e1 skalnat\u00e1 Z\u00e1dielska ties\u0148ava sa nach\u00e1dza ved\u013ea obce Z\u00e1diel. Je dlh\u00e1 asi 3 km a jej bral\u00e1 s\u00fa dobre vidite\u013en\u00e9 u\u017e z dia\u013eky.","robots":{"index":"index","follow":"follow","max-snippet":"max-snippet:-1","max-image-preview":"max-image-preview:large","max-video-preview":"max-video-preview:-1"},"canonical":"https:\/\/www.haravara.sk\/hu\/atrakcie\/zadielska-tiesnava\/","og_locale":"hu_HU","og_type":"article","og_title":"Z\u00e1dielska ties\u0148ava","og_description":"Roz\u013eahl\u00e1 skalnat\u00e1 Z\u00e1dielska ties\u0148ava sa nach\u00e1dza ved\u013ea obce Z\u00e1diel. Je dlh\u00e1 asi 3 km a jej bral\u00e1 s\u00fa dobre vidite\u013en\u00e9 u\u017e z dia\u013eky.","og_url":"https:\/\/www.haravara.sk\/hu\/atrakcie\/zadielska-tiesnava\/","og_site_name":"HARAVARA","article_publisher":"https:\/\/www.facebook.com\/haravara.detsky.svet","article_modified_time":"2026-04-22T08:56:34+00:00","og_image":[{"width":3220,"height":2147,"url":"https:\/\/www.haravara.sk\/wp-content\/uploads\/2021\/04\/zadiel2.jpg","type":"image\/jpeg"}],"twitter_card":"summary_large_image","twitter_misc":{"Becs\u00fclt olvas\u00e1si id\u0151":"2 perc"},"schema":{"@context":"https:\/\/schema.org","@graph":[{"@type":"WebPage","@id":"https:\/\/www.haravara.sk\/atrakcie\/zadielska-tiesnava\/","url":"https:\/\/www.haravara.sk\/atrakcie\/zadielska-tiesnava\/","name":"\u2b50HARAVARA - Kam s de\u0165mi v Ko\u0161ickom kraji - Z\u00e1dielska ties\u0148ava","isPartOf":{"@id":"https:\/\/www.haravara.sk\/#website"},"primaryImageOfPage":{"@id":"https:\/\/www.haravara.sk\/atrakcie\/zadielska-tiesnava\/#primaryimage"},"image":{"@id":"https:\/\/www.haravara.sk\/atrakcie\/zadielska-tiesnava\/#primaryimage"},"thumbnailUrl":"https:\/\/www.haravara.sk\/wp-content\/uploads\/2021\/04\/zadiel2.jpg","datePublished":"2021-04-22T11:17:09+00:00","dateModified":"2026-04-22T08:56:34+00:00","description":"Roz\u013eahl\u00e1 skalnat\u00e1 Z\u00e1dielska ties\u0148ava sa nach\u00e1dza ved\u013ea obce Z\u00e1diel. Je dlh\u00e1 asi 3 km a jej bral\u00e1 s\u00fa dobre vidite\u013en\u00e9 u\u017e z dia\u013eky.","breadcrumb":{"@id":"https:\/\/www.haravara.sk\/atrakcie\/zadielska-tiesnava\/#breadcrumb"},"inLanguage":"hu","potentialAction":[{"@type":"ReadAction","target":["https:\/\/www.haravara.sk\/atrakcie\/zadielska-tiesnava\/"]}]},{"@type":"ImageObject","inLanguage":"hu","@id":"https:\/\/www.haravara.sk\/atrakcie\/zadielska-tiesnava\/#primaryimage","url":"https:\/\/www.haravara.sk\/wp-content\/uploads\/2021\/04\/zadiel2.jpg","contentUrl":"https:\/\/www.haravara.sk\/wp-content\/uploads\/2021\/04\/zadiel2.jpg","width":3220,"height":2147},{"@type":"BreadcrumbList","@id":"https:\/\/www.haravara.sk\/atrakcie\/zadielska-tiesnava\/#breadcrumb","itemListElement":[{"@type":"ListItem","position":1,"name":"Domov","item":"https:\/\/www.haravara.sk\/"},{"@type":"ListItem","position":2,"name":"Atrakcie","item":"https:\/\/www.haravara.sk\/atrakcie\/"},{"@type":"ListItem","position":3,"name":"Z\u00e1dielska ties\u0148ava"}]},{"@type":"WebSite","@id":"https:\/\/www.haravara.sk\/#website","url":"https:\/\/www.haravara.sk\/","name":"HARAVARA","description":"Objav detsk\u00fd svet v Ko\u0161ickom kraji","publisher":{"@id":"https:\/\/www.haravara.sk\/#organization"},"potentialAction":[{"@type":"SearchAction","target":{"@type":"EntryPoint","urlTemplate":"https:\/\/www.haravara.sk\/?s={search_term_string}"},"query-input":{"@type":"PropertyValueSpecification","valueRequired":true,"valueName":"search_term_string"}}],"inLanguage":"hu"},{"@type":"Organization","@id":"https:\/\/www.haravara.sk\/#organization","name":"Haravara","url":"https:\/\/www.haravara.sk\/","logo":{"@type":"ImageObject","inLanguage":"hu","@id":"https:\/\/www.haravara.sk\/#\/schema\/logo\/image\/","url":"https:\/\/www.haravara.sk\/wp-content\/uploads\/2021\/04\/LOGO-LandingPage.png","contentUrl":"https:\/\/www.haravara.sk\/wp-content\/uploads\/2021\/04\/LOGO-LandingPage.png","width":832,"height":618,"caption":"Haravara"},"image":{"@id":"https:\/\/www.haravara.sk\/#\/schema\/logo\/image\/"},"sameAs":["https:\/\/www.facebook.com\/haravara.detsky.svet"]}]}},"_links":{"self":[{"href":"https:\/\/www.haravara.sk\/hu\/wp-json\/wp\/v2\/atrakcie\/1730","targetHints":{"allow":["GET"]}}],"collection":[{"href":"https:\/\/www.haravara.sk\/hu\/wp-json\/wp\/v2\/atrakcie"}],"about":[{"href":"https:\/\/www.haravara.sk\/hu\/wp-json\/wp\/v2\/types\/atrakcie"}],"version-history":[{"count":3,"href":"https:\/\/www.haravara.sk\/hu\/wp-json\/wp\/v2\/atrakcie\/1730\/revisions"}],"predecessor-version":[{"id":21617,"href":"https:\/\/www.haravara.sk\/hu\/wp-json\/wp\/v2\/atrakcie\/1730\/revisions\/21617"}],"wp:featuredmedia":[{"embeddable":true,"href":"https:\/\/www.haravara.sk\/hu\/wp-json\/wp\/v2\/media\/21451"}],"wp:attachment":[{"href":"https:\/\/www.haravara.sk\/hu\/wp-json\/wp\/v2\/media?parent=1730"}],"wp:term":[{"taxonomy":"category","embeddable":true,"href":"https:\/\/www.haravara.sk\/hu\/wp-json\/wp\/v2\/categories?post=1730"}],"curies":[{"name":"wp","href":"https:\/\/api.w.org\/{rel}","templated":true}]}}