{"id":18735,"date":"2022-07-04T09:49:38","date_gmt":"2022-07-04T08:49:38","guid":{"rendered":"https:\/\/www.haravara.sk\/?post_type=pribehy&#038;p=18735"},"modified":"2026-03-19T00:05:24","modified_gmt":"2026-03-18T23:05:24","slug":"o-com-snivaju-zvieratka","status":"publish","type":"pribehy","link":"https:\/\/www.haravara.sk\/hu\/pribehy\/o-com-snivaju-zvieratka\/","title":{"rendered":"Mir\u0151l \u00e1lmodnak az \u00e1llatok"},"content":{"rendered":"<div style=\"height:39px\" aria-hidden=\"true\" class=\"wp-block-spacer\"><\/div>\n\n\n\n<p class=\"has-drop-cap\">Maxi \u00e9s Maja az ablakn\u00e1l \u00e1lltak \u00e9s \u00e1lmodozva n\u00e9ztek a t\u00e1volba. Odakint nagy pelyhekben hullt a h\u00f3 \u00e9s a fagy vir\u00e1gokat rajzolt az abak\u00fcvegre.<br>\u201eCsodasz\u00e9p,\u201c suttogta Maja.<br>\u201eBizony az, \u201c b\u00f3logatott Maxi.<br>\u201eA t\u00e9l olyan sz\u00e9p!\u201c<br>\u201eDe tudod, mi a t\u00e9lben a legrosszabb?\u201c lehelt r\u00e1 Maxi az \u00fcvegre.<br>\u201eHogy hideg van,\u201c Maja sz\u00edvecsk\u00e9t rajzolt a hom\u00e1lyos \u00fcvegre.<br>\u201eSzerinted az a legrosszabb t\u00e9len, hogy hideg van?\u201c, mosolygott Maxi \u00e9s megtoldotta Maja rajz\u00e1t egy ny\u00edllal meg egy k\u00f6nnycseppel.<br>\u201eAkkor az, hogy n\u00e1lunk nincs akkora h\u00f3, mint a k\u00e9peken,\u201c \u00e9s most Maja lehelt az \u00fcvegre.<br>\u201eM\u00e9g az sem a legrosszabb,\u201c mondta Maxi \u00e9s tov\u00e1bb firk\u00e1lt az \u00fcvegre.<br>\u201eNem?\u201c<br>\u201eNem, mert az\u00e9rt vannak m\u00e9g olyan helyek, ahol igazi t\u00e9l van,\u201c \u00e9s a firk\u00e1ib\u00f3l egyszerre egy h\u00f3vihar rajzol\u00f3dott ki.<br>\u201eIgaz,\u201c mer\u00fclt el Maja a gondolataiban \u00e9s m\u00e1ris \u00e1lmodozni kezdett.<br>\u201eDe...\u201c sz\u00f3lalt meg Maxi.<br>\u201eTudom m\u00e1r, az is rossz, hogy Kask\u00f3t nem l\u00e1tjuk minden nap,\u201c \u00e1llt el\u0151 Maja az \u00faj v\u00e1lasszal.<br>\u201eTudtad, hogy a szellemek vil\u00e1g\u00e1ban is havat kell lap\u00e1tolni? \u201c Max m\u00e9g sz\u00e1nk\u00f3t is rajzolt az ablakra.<br>\u201eMondta ugyan, de \u00e9n nem hiszem, mert \u2026\u201c<br>\u201eMit nem hiszel?\u201c hangzott az ablak fel\u0151l \u00e9s a r\u00e1 rajzolt sz\u00e1nk\u00f3 m\u00f6g\u00fcl Kask\u00f3 bukkant el\u0151. Maja gyorsan kinyitotta az ablakot, majd be is csukta.<br>\u201eEl sem tudom k\u00e9pzelni, hogy a szellemek vil\u00e1g\u00e1ban h\u00f3 is van,\u201c fejezte be Maja.<br>\u201eDe \u00e9n nem arr\u00f3l a vil\u00e1gr\u00f3l mes\u00e9ltem.\u201c<br>\u201eAkkor hov\u00e1 j\u00e1rsz havat lap\u00e1tolni?\u201c<br>\u201eSeg\u00edt\u00fcnk azoknak az apr\u00f3 l\u00e9nyeknek, akiket az emberek nem \u00e9rtenek meg,\u201c mondta b\u00f6lcselkedve Kask\u00f3.<br>\u201eVagyis?\u201c n\u00e9zett Maja Kask\u00f3ra kiss\u00e9 bizalmatlanul.<br>\u201eVagyis az \u00e1llatoknak, \u201c mondta Kask\u00f3 \u00e9s egy m\u00f3kust is rajzolt az ablakra.<br>\u201e\u00c1, sz\u00f3val r\u00f3luk van sz\u00f3,\u201c s\u00f3hajtott Maja.<br>\u201eMi az, mir\u0151l besz\u00e9lsz?\u201c Kask\u00f3 nem \u00e9rtette.<br>\u201eEz a legszomor\u00fabb t\u00e9len.\u201c<br>\u201eAz \u00e1llatok, \u201c Maja elgondolkodott.<br>\u201e\u00c9s nemcsak az, hogy t\u00e9len nem l\u00e1thatjuk az \u00e1llatokat az \u00e1llatkertben, hanem az is, hogy egyes v\u00e1rak \u00e9s kast\u00e9lyok be vannak z\u00e1rva...\u201c magyar\u00e1zta Maxi \u00e9s Maja egy pillanatra elgondolkodott.<br>\u201eTulajdonk\u00e9ppen mit csin\u00e1lnak az \u00e1llatok az \u00e1llatkertben t\u00e9len, ha z\u00e1rva van?\u201c<br>\u201eUgyanazt, amit akkor, ha nyitva van, de \u00e9pp nem j\u00e1rnak ott a l\u00e1togat\u00f3k,\u201d Kask\u00f3 nem \u00e9rtette, mire gondol Maja.<br>\u201eDe vannak olyan \u00e1llatok is, ugye, akik szeretik az embereket?\u201c<br>\u201eH\u00e1t persze, nem is kevesen, hiszen az \u00e1llatkertben is t\u00f6bbnyire olyan \u00e1llatok laknak, akiket a term\u00e9szetben vesz\u00e9ly fenyegetett.\u201c<br>\u201e\u00c9rtem, \u00e9s \u0151k mit csin\u00e1lnak vajon?\u201c Maja nem hagyta abba a faggat\u00f3z\u00e1st.<br>\u201e\u00c1lmodoznak, \u201c mondta Kask\u00f3 titokzatosan.<br>\u201eHogy mit csin\u00e1lnak?\u201c sz\u00e1llt be a besz\u00e9lget\u00e9sbe Maxi is, mert ez nem f\u00e9rt a fej\u00e9be.<br>\u201e\u00c1lmodoznak, \u201c ism\u00e9telte Kask\u00f3.<br>\u201eM\u00e1rmint hogy \u00e1talussz\u00e1k az eg\u00e9sz napot?\u201c Maja hitte is, nem is, \u00e9s k\u00f6zben sz\u00e1mba vette azokat az \u00e1llatokat, akik t\u00e9li \u00e1lmot alszanak.<br>\u201eNem \u00e1lmodnak, azt mondtam: \u00e1lmodoznak! Szuper dolgokr\u00f3l \u00e9s ami\u00f3ta megtudt\u00e1k, hogy az emberek az\u00e9rt sem j\u00e1rnak t\u00e9len az \u00e1llatkertbe, mert kar\u00e1csony van, m\u00e9g t\u00f6bbet \u00e1lmodoznak,\u201c pr\u00f3b\u00e1lta elmagyar\u00e1zni Kask\u00f3.<br>\u201e\u00c9s mir\u0151l \u00e1lmodoznak?\u201c k\u00e9rdezte egyszerre Maxi \u00e9s Maja.<br>\u201eMinden \u00e1llat m\u00e1sr\u00f3l.\u201c<br>\u201e\u00c9s val\u00f3ra v\u00e1lnak az \u00e1lmaik?\u201c<br>\u201e\u00c9ppen az\u00e9rt j\u00e1runk hozz\u00e1juk,\u201c kacsintott Kask\u00f3.<br>\u201eKask\u00f3\u00f3\u00f3\u00f3,\u201c kezdett k\u00f6ny\u00f6r\u00f6gni Maja.<br>\u201eIgen?\u201c figyelt fel Kask\u00f3.<br>\u201eMenj\u00fcnk \u00e9s seg\u00edts\u00fcnk az \u00e1llatoknak, v\u00e1ltsuk val\u00f3ra az \u00e1lmaikat,\u201c k\u00e9rte Maja.<br>\u201eHmmm, ez nem rossz \u00f6tlet,\u201c fontolgatta Kask\u00f3.<br>\u201eHiszen az \u00e1llatkert itt van k\u00f6zel, egy kassai dombtet\u0151n,\u201c csatlakozott Maxi is a gy\u0151zk\u00f6d\u00e9shez.<br>\u201eJ\u00f3, de mit sz\u00f3ln\u00e1tok hozz\u00e1, ha most egy m\u00e1sik \u00e1llatkertbe menn\u00e9nk?\u201c k\u00e9rdezte Kask\u00f3 egy huncut mosollyal.<br>\u201eHaravar\u00e1ban m\u00e1sik \u00e1llatkert is van?\u201c k\u00e9telkedett Maxi.<br>\u201eH\u00e1t persze, csomagoljatok \u00e9s \u00f6lt\u00f6zzetek melegen,\u201c mondta nekik Kask\u00f3.<\/p>\n\n\n\n<p>Nem telt sok id\u0151be, \u00e9s m\u00e1r a vonat\u00e1llom\u00e1son voltak, ahol egy Igl\u00f3ra tart\u00f3 vonatra sz\u00e1lltak fel. Igl\u00f3n els\u00e9t\u00e1ltak a k\u00e9t torony\u00f3r\u00e1s torony mellett, amely olyan magas, hogy az ember nyaka majdnem kit\u00f6rik, ha felfel\u00e9 b\u00e1mul.<br>\u201eHa ny\u00e1ron j\u00f6nn\u00e9tek el ide, akkor tal\u00e1lkozhatn\u00e1tok sok-sok t\u00f6rt\u00e9nelmi szem\u00e9lyis\u00e9ggel.\u201c<br>\u201eSzellemekkel?\u201c ragyogott fel a gyerekek szeme.<br>\u201eNem, \u00e9l\u0151 szobrokkal,\u201c mosolygott Kask\u00f3.<br>\u201eAz meg mi f\u00e1n terem?\u201c<br>\u201eItt tartj\u00e1k az \u00e9l\u0151 szobrok fesztiv\u00e1lj\u00e1t.\u201c<br>\u00c9s am\u00edg Kask\u00f3 arr\u00f3l mes\u00e9lt, mi minden van Igl\u00f3n \u2013 p\u00e9ld\u00e1ul a LaborART\u00f3rium, ahol tanulm\u00e1nyozhatj\u00e1k a term\u00e9szet m\u0171k\u00f6d\u00e9s\u00e9t, \u00e9s egy nagyszer\u0171 sz\u00ednh\u00e1z \u2013 m\u00e1r meg is \u00e9rkeztek az \u00e1llatkert kapuja el\u00e9.<br>\u201eHogy fogunk bejutni?\u201c b\u00e1mult Maxi \u00e9s Maja a z\u00e1rt kapura.<br>\u201eNem v\u00e9letlen\u00fcl vagyok Haravara Birodalom szelleme \u00e9s ti nem v\u00e9letlen\u00fcl vagytok a bar\u00e1taim,\u201c mondta Kask\u00f3 a mell\u00e9t veregetve.<br>\u201eSz\u00f3val hogyan?\u201c<br>\u201eH\u00e1t \u00edgy.\u201c<br>Kask\u00f3 egy \u00fcvegcs\u00e9t h\u00fazott el\u0151 a k\u00f6penye al\u00f3l.<br>\u201eEz meg mi?\u201c<br>\u201eZsugor\u00edt\u00f3 ny\u00fajt\u00f3f\u0171.\u201c<br>\u201eHogy mi?\u201c ki\u00e1ltottak fel egyszerre a testv\u00e9rek.<br>\u201eEz egy olyan n\u00f6v\u00e9ny, amelyet titkos helyen kell \u0151rizn\u00fcnk.\u201c<br>\u201eMi\u00e9rt?\u201c k\u00e9rdezt\u00e9k a gyerekek most m\u00e1r suttogva.<br>\u201eMert ha elfogyasztja valaki, olyan apr\u00f3 lesz, hogy b\u00e1rmilyen r\u00e1cson \u00e1tf\u00e9r.\u201c<br>\u201eVagy \u00fagy.\u201c<br>\u201eEl tudj\u00e1tok k\u00e9pzelni, mi lenne, ha err\u0151l minden kal\u00f3z \u00e9s bety\u00e1r tudott volna, ak\u00e1r r\u00e9gen, ak\u00e1r most?\u201c szegezte nekik a k\u00e9rd\u00e9st Kask\u00f3, olyan tekintettel, hogy abb\u00f3l m\u00e1ris tudt\u00e1k, hogy err\u0151l senki sem tudhat.<br>\u201eM\u00e9g gondolni sem merek r\u00e1,\u201c suttogta Maja \u00e9s visszagondolt a sok-sok kal\u00f3zos \u00e9s bety\u00e1ros t\u00f6rt\u00e9netre, amit olvasott.<br>Maxi \u00e9s Maja megitt\u00e1k a f\u0151zetet \u00e9s nagyon fur\u00e1n \u00e9rezt\u00e9k magukat. Olyan apr\u00f3k \u00e9s v\u00e9konyak voltak, mint egy vonal a f\u00fczetben, \u00e1m \u00edgy k\u00f6nnyed\u00e9n \u00e1tf\u00e9rtek a r\u00e1csok k\u00f6z\u00f6tt \u00e9s m\u00e1ris az \u00e1llatkertben voltak. M\u00e9g szerencse, hogy a zsugor\u00edt\u00f3 ny\u00fajt\u00f3f\u0171 hat\u00e1sa csak \u00f6t percig tart.<br>\u201eSz\u00f3val, milyen \u00e1llatokat v\u00e1lasztunk?\u201c n\u00e9zel\u0151d\u00f6tt Kask\u00f3 az \u00e1llatkertben.<br>\u201e\u00c9s milyen \u00e1llatok vannak itt az igl\u00f3i \u00e1llatkertben?\u201c<br>\u201eP\u00e9ld\u00e1ul kenguru, l\u00e1ma, or\u00e1ngut\u00e1n, teve, flaming\u00f3, emu \u00e9s term\u00e9szetesen oroszl\u00e1n \u00e9s p\u00e1rduc is.\u201c<br>\u201eNah\u00e1t, \u00e9s ez lenne Haravara legkisebb \u00e1llatkertje?\u201c kerekedett el Maxi \u00e9s Maja szeme.<br>\u201e\u00dch\u00fcm.\u201c<br>\u201ePedig j\u00f3 sok \u00e1llat lakik itt,\u201c gondolt\u00e1k a gyerekek \u00e9s elkezdtek n\u00e9zel\u0151dni, hogy melyik \u00e1llatnak v\u00e1ltan\u00e1k val\u00f3ra legsz\u00edvesebben az \u00e1lmait.<br>\u201eNos, merre?\u201c d\u00f6rzs\u00f6lte egym\u00e1shoz a k\u00e9t tenyer\u00e9t Kask\u00f3 t\u00fcrelmetlen\u00fcl.<br>\u201e\u00c9s mi lenne, ha minden olyan \u00e1llatnak seg\u00edten\u00e9nk, aki nem ismeri a telet \u00e9s alkalmazkodnia kellett a hideghez?\u201c javasolta Maja.<br>\u201eAhogy akarj\u00e1tok,\u201c hajolt meg Kask\u00f3 r\u00e9gim\u00f3di eleganci\u00e1val \u00e9s elrep\u00fclt.<br>\u201eDe honnan fogjuk tudni, mire v\u00e1gynak?\u201c torpant meg Maxi.<br>\u201eTi tal\u00e1n nem tudj\u00e1tok, de a legt\u00f6bb \u00e1llat besz\u00e9l emberi nyelven.\u201c<br>\u201eHogy miiiiiii?\u201c Maja \u00e9s Maxi majdnem belezuhantak a h\u00f3ba.<br>\u201eAmikor itt a sok gyerek \u00e9s feln\u0151tt, akkor nem \u00e1rulj\u00e1k el, mert akkor folyton csak k\u00e9rdezgetn\u00e9k \u0151ket, m\u00e9g nagyobb lenne a zsivaj...\u201c magyar\u00e1zta Kask\u00f3.<br>\u201eVagyis \u00e9rtenek is benn\u00fcnket?\u201c a gyerekek szinte megn\u00e9multak a d\u00f6bbenett\u0151l.<br>\u201eTerm\u00e9szetesen.\u201c<\/p>\n\n\n\n<p>\u201eH\u00e1t ezt l\u00e1tni akarom!\u201c jelentette ki Maxi k\u00e9telkedve.<br>\u201eMenjetek fel oda, az amfite\u00e1trumba,\u201c mutatott Kask\u00f3 a dombtet\u0151re.<br>\u201eItt m\u00e9g amfite\u00e1trum is van?\u201c Maja \u00fajra csod\u00e1lkozott, \u00e9s m\u00e1r el is k\u00e9pzelte, milyen el\u0151ad\u00e1sokat n\u00e9zne itt meg sz\u00edvesen.<br>\u201ePersze hogy van, hol m\u00e1sutt lenn\u00e9nek az el\u0151ad\u00e1sok \u00e9s a gyerekprogramok?\u201c cs\u00f3v\u00e1lta a fej\u00e9t Kask\u00f3.<br>Maxi \u00e9s Maja teh\u00e1t elrejt\u0151ztek az amfite\u00e1trum legtetej\u00e9n, \u00e9s onnan n\u00e9zegett\u00e9k az \u00e1llatokat. Amint Kask\u00f3 is megjelent, elkezd\u0151d\u00f6tt a dolog. Az \u00e1llatok vid\u00e1man csevegtek arr\u00f3l, mi t\u00f6rt\u00e9nt aznap, milyen \u00e9lm\u00e9nyeket szereztek. A kenguru p\u00e9ld\u00e1ul arr\u00f3l sz\u00e1molt be, hogy amikor az ersz\u00e9ny\u00e9ben sz\u00e9n\u00e1t vitt a tev\u00e9knek, t\u00fcssz\u00f6gni kezdett \u00e9s mind elhullatta a sz\u00e9n\u00e1t.<br>\u201eAzt hiszem, \u00e9n is allergi\u00e1s vagyok,\u201c s\u00f3hajtott a teve.<br>\u201eAz semmi, de \u00e9n a t\u00e9li \u00e1lmomhoz akartam k\u00e9sz\u00fcl\u0151dni,\u201c kezdte a medve.<br>\u201e\u00c9s mi\u00e9rt nem alszol m\u00e9g?\u201c k\u00e9rdezte Kask\u00f3, mert akkor kapcsolt, hogy a medv\u00e9k ilyenkor m\u00e1r a t\u00e9li \u00e1lmukat alussz\u00e1k.<br>\u201eValaki megette a m\u00e9zemet,\u201c brummogott a mack\u00f3 m\u00e9rgesen. \u201e\u00c9s mint azt j\u00f3l tudj\u00e1tok, \u00fcres hassal a medve nem tud elaludni.\u201c<br>\u201eAz semmi,\u201c kopogott a daru a cs\u0151r\u00e9vel. \u201e\u00c9n s\u00e9t\u00e1lni indultam \u00e9s nem vettem \u00e9szre, hogy jeges az \u00fat. Akkora terpeszbe cs\u00fasztam sz\u00e9t, hogy h\u00e1rom \u00f3r\u00e1ba tellett, m\u00edg \u00fajra fel\u00e1lltam.\u201c<br>\u201eEz nagyszer\u0171. Egy\u00e9bk\u00e9nt ugye tudj\u00e1tok, hogy mi\u00e9rt vagyok itt?\u201c<br>\u201eMert k\u00f6zeleg a kar\u00e1csony,\u201c ragyogott fel az \u00e1llatok szeme.<br>\u201e\u00dagy, \u00fagy. Milyen \u00e1lmotokat v\u00e1lthatn\u00e1m val\u00f3ra?\u201c Kask\u00f3 lehuppant az egy ik k\u0151falra.<br>\u201eKask\u00f3,\u201c b\u0151g\u00f6tt fel valahonnan az oroszl\u00e1n, \u201eminden \u00e1llat nev\u00e9ben mondhatom, hogy a legnagyobb \u00e1lmunk az, hogy t\u00e1ncolhassunk az \u00e1llatok b\u00e1lj\u00e1n.\u201c<br>\u201eVal\u00f3ban?\u201c Kask\u00f3 alig hitt a saj\u00e1t f\u00fcl\u00e9nek.<br>\u201eEz az!\u201c ki\u00e1ltott fel Maja akaratlanula rejtekhelyen, amikor elk\u00e9pzelte, milyen sz\u00e9p lehet az \u00e1llatok b\u00e1lja.<br>\u201eEmberek,\u201c szisszent fel a k\u00edgy\u00f3 a terr\u00e1riumban.<br>\u201e\u00c9s hallottak minket,\u201c sz\u00f6rny\u00fclk\u00f6d\u00f6tt a daru.<br>\u201eNe f\u00e9ljetek, \u0151k a bar\u00e1taim,\u201c nyugtatta meg az \u00e1llatokat Kask\u00f3.<br>\u201eA bar\u00e1taid?\u201c n\u00e9ztek Maxi \u00e9s Maja fel\u00e9 az \u00e1llatok.<br>\u201eGyertek csak el\u0151, ti rejt\u0151zk\u00f6d\u0151 mesterek!\u201c<br>\u201eBocs\u00e1nat, de nekem nagyon tetszik az \u00e1llatok b\u00e1lj\u00e1nak \u00f6tlete \u00e9s egyszer m\u00e1r szervezt\u00fcnk is ilyet,\u201c Maja m\u00e1r akkor elkezdett besz\u00e9lni, amikor m\u00e9g csak lassan m\u00e1sztak el\u0151 Maxival a rejtekhely\u00fckr\u0151l.<br>\u201eMi lenne, ha tal\u00e1ln\u00e1nk hozz\u00e1 egy megfelel\u0151 helysz\u00ednt?\u201c csillant fel Kask\u00f3 szeme.<br>\u201eDe hogy jutunk ki innen?\u201c k\u00e9rdezte a brummog\u00f3 medve, am\u00edg a t\u00f6bbi \u00e1llat az \u00faj j\u00f6vev\u00e9nyeket f\u00fcrk\u00e9szte.<br>\u201eEz j\u00f3 k\u00e9rd\u00e9s,\u201c gondolkodott Kask\u00f3.<br>\u201eA zsugor\u00edt\u00f3f\u0171,\u201c s\u00fagta oda maxi Kask\u00f3nak.<br>Kask\u00f3 el\u0151vett a zseb\u00e9b\u0151l m\u00e9g n\u00e9h\u00e1ny lev\u00e9l zsugor\u00edt\u00f3f\u00fcvet \u00e9s sz\u00e9tosztotta az \u00e1llatok k\u00f6z\u00f6tt. Ezut\u00e1n mind \u00e1tsiklottak a r\u00e1csok k\u00f6z\u00f6tt. El sem hiszitek, mennyire k\u00fcl\u00f6n\u00f6s l\u00e1tv\u00e1ny ny\u00fajtott a lapos medve, a v\u00e9kony p\u00e1rduc \u00e9s a ny\u00fal\u00e1nk miniteve!<br>\u201e\u00c9s hov\u00e1 megy\u00fcnk?\u201c k\u00e9rdezte a k\u00edv\u00e1ncsi teve.<br>\u201eAz egyetlen olyan helyre, ami olyan, mint egy kast\u00e9ly \u00e9s ahol az \u00e1llatok is t\u00e1ncolhatnak,\u201c mosolygott Kask\u00f3, mik\u00f6zben figyelmesen v\u00e9gign\u00e9zte, hogyan nyerik vissza az \u00e1llatok az eredeti m\u00e9reteiket.<br>\u201e\u00c9s az hol van?\u201c k\u00edv\u00e1ncsiskodott Maja \u00e9s Maxi.<br>\u201eA Kast\u00e9lydombon,\u201c csicseregte csak \u00fagy a sz\u00e9lbe Kask\u00f3 \u00e9s el\u0151rerep\u00fclt, hogy mutassa az utat.<br>Egy r\u00f6vid s\u00e9t\u00e1t k\u00f6vet\u0151en, a piros jelz\u00e9s ment\u00e9n, egy r\u00e9tre \u00e9rtek, ahol \u00e1llt ugyan egy csodasz\u00e9p k\u00e1polna \u00e9s valami obeliszk, de kast\u00e9lynak semmi nyoma nem volt.<br>\u201eKask\u00f3, deh\u00e1t itt nincs semmif\u00e9le kast\u00e9ly,\u201c s\u00fagta Maja, hogy az \u00e1llatok ne hallj\u00e1k meg.<br>\u201e\u00c9ppen rajta \u00e1lltok.\u201c<br>\u201eHol?\u201c kapt\u00e1k fel a fej\u00fcket az \u00e1llatok is.<br>\u201eAlattunk van a Kast\u00e9lydomb,\u201c mosolygott Kask\u00f3.<br>\u201eAkkor j\u00f3l \u00e1tvert\u00e9l benn\u00fcnket,\u201c szuszogtak morgol\u00f3dva az \u00e1llatok, az oroszl\u00e1n m\u00e9g a karm\u00e1t is el\u0151h\u00fazta.<br>\u201eDehogy vertem. Ezen a helyen valaha egy kast\u00e9ly \u00e1llt, ahol a legszebb b\u00e1lokat rendezt\u00e9k, szebbet sehol sem l\u00e1ttam, pedig m\u00e9g B\u00e9cset is megj\u00e1rtam, Trudi n\u00e9nik\u00e9mmel.\u201c<br>\u201e\u00c9s ez a k\u00e1polna?\u201c mutatott r\u00e1 Maxi a kis \u00e9p\u00fcletre, amely mintha egy mes\u00e9b\u0151l bukkant volna el\u0151.<br>\u201eEz a k\u00e1polna \u00e9s az obeliszk maradt meg a r\u00e9gi id\u0151k f\u00e9ny\u00e9b\u0151l.\u201c<br>\u201eLessetek be a h\u00f3takar\u00f3 al\u00e1,\u201c mutatott a medve a tappancsaira.<br>Mindenki a sorba rakott k\u00f6vekre n\u00e9zett.<br>\u201eEz a kast\u00e9ly k\u00f6rvonala,\u201c mutatta Kask\u00f3. \u201eA k\u00e1polna neve pedig Ezer\u00e9ves.\u201c<br>\u201eM\u00e1r olyan r\u00e9gi?\u201c ford\u00edtotta el a fej\u00e9t elismer\u0151en a bagoly, aki szint\u00e9n a n\u00e9pes csapat tagja volt.<br>\u201eNem, de m\u00e1r ezer \u00e9ve is \u00e1llt itt egy k\u00e1polna, ezt annak a hely\u00e9re \u00e9p\u00edtett\u00e9k.\u201c<br>\u201eIgaz\u00e1n csodasz\u00e9p,\u201c Maja lelk\u00e9t mindig megmelengette az ilyen l\u00e1tv\u00e1ny.<br>\u201e\u00c9s az obeliszk?\u201c k\u00e9rdezte a teve, mert esz\u00e9be jutott, hogy Egyiptomban is vannak hasonl\u00f3k, ahonnan sz\u00e1rmazik.<br>\u201eAz a kast\u00e9ly r\u00e9sze volt \u00e9s k\u00e9pzelj\u00e9tek el, hogy teljesen le\u00e9gett. N\u00e9h\u00e1ny \u00e9ve \u00faj\u00edtott\u00e1k fel, hogy mindenki el tudja k\u00e9pzelni, milyen sz\u00e9p volt valaha. Ezen a helyen \u00e1llt egy kast\u00e9ly, vagy ink\u00e1bb egy olyan ny\u00e1ri rezidencia.\u201c<br>\u201eNy\u00e1ri rezidencia?\u201c<br>\u201eOlyan pihen\u0151hely, ahol a Cs\u00e1ky csal\u00e1d ny\u00e1ron a legel\u0151kel\u0151bb b\u00e1lokat tartotta.\u201c<br>\u201eAha,\u201c h\u00fcmm\u00f6g\u00f6tt Maja, \u00e9s m\u00e1r el is k\u00e9pzelte.<br>\u201e\u00dagy h\u00edvt\u00e1k, hogy Sans Souci,\u201c mondta Kask\u00f3 felv\u00e1g\u00f3san \u00e9s folytatni akarta a t\u00f6rt\u00e9netet.<br>\u201eKask\u00f3?\u201c sz\u00f3lalt meg az oroszl\u00e1n.<br>\u201eIgen, fels\u00e9g?\u201c<br>\u201eNagyon sz\u00e9p ez a hely.\u201c<br>\u201eAz biztos.\u201c<br>\u201eEl tudom k\u00e9pzelni, hogy ny\u00e1ron ideutazn\u00e9k pihenni, szalonn\u00e1t s\u00fct\u00f6getni vagy csak elm\u00e9lkedni az \u00e9let \u00e9rtelm\u00e9r\u0151l...\u201c<br>\u201eDe?\u201c v\u00e1gott Kask\u00f3 a szav\u00e1ba.<br>\u201eDe mi t\u00e1ncolni j\u00f6tt\u00fcnk!\u201c ki\u00e1ltott fel t\u00f6bb \u00e1llat egyszerre.<br>\u201eH\u0171, bocs\u00e1nat, arr\u00f3l egy kiss\u00e9 megfeledkeztem,\u201c ismerte be Kask\u00f3. \u201eA kar\u00e1csonyi \u00e1lmoknak teljes\u00fclni\u00fck kell.\u201c<br>Belemormogott valamit a sz\u00e9lbe \u00e9s egyszer csak ott termett k\u00e9t d\u00edszbe \u00f6lt\u00f6z\u00f6tt szellem, hangszerekkel. Zen\u00e9lni kezdtek, az \u00e1llatok pedig t\u00e1ncra perd\u00fcltek.<br>Nagyon sz\u00e9p \u00e9s m\u00f3k\u00e1s l\u00e1tv\u00e1ny volt.<br>A kenguru a k\u00edgy\u00f3val ugr\u00e1ndozott, az oroszl\u00e1n a flaming\u00f3 l\u00e1b\u00e1n t\u00e1ncolt, a teve k\u00e9t p\u00fapj\u00e1n pedig k\u00e9t majom ugrabugr\u00e1lt. \u00c9s mivel a kis zenekar ismert dallamokat j\u00e1tszott, az \u00e1llatok m\u00e9g rik\u00e1csoltak, f\u00fctty\u00f6gtek \u00e9s r\u00f6f\u00f6gtek is hozz\u00e1, a csacsi meg i\u00e1zott.<br>Az \u00e1llatok addig j\u00e1tszottak, sz\u00f3rakoztak, kacagtak \u00e9s mulattak, ameddig csak b\u00edrtak, Maja \u00e9s Maxi is csatlakozott hozz\u00e1juk. Minden \u00e1llattal kifullad\u00e1sig ropt\u00e1k a t\u00e1ncot, azt\u00e1n pedig visszak\u00eds\u00e9rt\u00e9k \u0151ket az \u00e1llatkertbe.<br>Amikor visszat\u00e9rtek, halk s\u00edr\u00e1st, valami h\u00fcpp\u00f6g\u00e9st hallottak. Megpr\u00f3b\u00e1lt\u00e1k kinyomozni, honnan j\u00f6nnek az elkeseredett hangok.<\/p>\n\n\n\n<p>\u201eOtt, az ajt\u00f3 m\u00f6g\u00f6tt,\u201c sz\u00f3lt Maja.<\/p>\n\n\n\n<p>\u201eM\u00e1r sejtem, mi lehet,\u201c s\u00fagta Kask\u00f3.<\/p>\n\n\n\n<p>\u201eMit sejtesz?\u201c<\/p>\n\n\n\n<p>\u201eEz az aquaterrium.\u201c<\/p>\n\n\n\n<p>\u201eAz meg mi?\u201c n\u00e9zett Maxi \u00e9s Maja \u00e9rtetlen\u00fcl az ajt\u00f3ra.<\/p>\n\n\n\n<p>\u201eAz igl\u00f3i \u00e1llatkert egyik r\u00e9sze, ahol a halak laknak\u201c, magyar\u00e1zta Kask\u00f3.<\/p>\n\n\n\n<p>\u201eMegfeledkezt\u00fcnk volna r\u00f3luk?\u201c csaptak a homlokukra az \u00e1llatok, mindenki azzal, amije volt: pat\u00e1val, sz\u00e1rnnyal, tappanccsal.<\/p>\n\n\n\n<p>\u201eNem ti, hanem \u00e9n,\u201c vallotta be Kask\u00f3.<\/p>\n\n\n\n<p>\u201e\u00c9s most mi legyen?\u201c<\/p>\n\n\n\n<p>\u201eM\u00e9g maradt egy kis id\u0151nk, k\u00e9rdezz\u00fck meg \u0151ket, \u0151k mir\u0151l \u00e1lmodoznak.\u201c<\/p>\n\n\n\n<p>A halak is, ahogy a t\u00f6bbi \u00e1llat, azonnal besz\u00e9lni kezdenek, ha az utols\u00f3 ember is elt\u0171nt a k\u00f6zel\u00fckb\u0151l. \u00cdgy h\u00e1t, amikor megl\u00e1tt\u00e1k Kask\u00f3t, r\u00f6gt\u00f6n s\u00edrva fakadtak, hogy m\u00e1r megint megfeledkezett r\u00f3luk \u00e9s ......<\/p>\n\n\n\n<p>\u201eJ\u00f3, j\u00f3, bocs\u00e1natot k\u00e9rek. Meg\u00edg\u00e9rem, hogy teljes\u00edtem m\u00e9g a leg\u0151r\u00fcltebb k\u00edv\u00e1ns\u00e1gotokat is.\u201c<\/p>\n\n\n\n<p>\u201eA sziv\u00e1rv\u00e1nyon szeretn\u00e9nk cs\u00faszk\u00e1lni \u00e9s sz\u00e1nk\u00f3zni,\u201c mondt\u00e1k a halak, majd elhallgattak, mint a halak.<\/p>\n\n\n\n<p>\u201eSziv\u00e1rv\u00e1nyon, most?\u201c<\/p>\n\n\n\n<p>\u201e\u00dch\u00fcm,\u201c mondt\u00e1k a halak cs\u00fccs\u00f6r\u00edtve.<\/p>\n\n\n\n<p>Kask\u00f3 majdnem el\u00e1jult, de azt\u00e1n huncut mosoly jelent meg az arc\u00e1n. Maxi \u00e9s Maja m\u00e1r j\u00f3l ismerte ezt a vigyort.<\/p>\n\n\n\n<p>\u201eIndul\u00e1s!\u201c A gyerekek pontosan erre az utas\u00edt\u00e1sra sz\u00e1m\u00edtottak.<\/p>\n\n\n\n<p>\u201eCsakhogy mi nem tudunk j\u00e1rni, nem t\u0171nt fel?\u201c k\u00e9rdezt\u00e9k a halak kiss\u00e9 s\u00e9rt\u0151d\u00f6tten.<\/p>\n\n\n\n<p>\u201eDe rep\u00fclni tudtok, ugye?\u201c<\/p>\n\n\n\n<p>\u201eHogy mi?\u201c t\u00e1tott\u00e1k el kerek sz\u00e1jukat az uszonyosok.<\/p>\n\n\n\n<p>Kask\u00f3 egy var\u00e1zsf\u00fcves var\u00e1zsp\u00e1lc\u00e1t m\u00e1rtott a v\u00edzbe, \u00e9s ett\u0151l a halak uszonyai sz\u00e1rnyakk\u00e1 v\u00e1ltoztak!<\/p>\n\n\n\n<p>Kask\u00f3 k\u00e9zen fogta Maxit \u00e9s Maj\u00e1t, \u00e9s m\u00e1r rep\u00fcltek is.<\/p>\n\n\n\n<p>\u201eHov\u00e1 rep\u00fcl\u00fcnk?\u201c k\u00e9rdezte meg Maja, csak \u00fagy mell\u00e9kesen.<\/p>\n\n\n\n<p>\u201eH\u00e1t a sziv\u00e1rv\u00e1nyhoz,\u201c mondta Kask\u00f3 m\u00e9g mindig sz\u00e9les mosollyal.<\/p>\n\n\n\n<p>\u201eAz \u00e9gbe?\u201c k\u00e9rdezt\u00e9k t\u00fcrelmetlen\u00fcl egyes k\u00edv\u00e1ncsi halacsk\u00e1k.<\/p>\n\n\n\n<p>\u201eItt van a k\u00f6zelben a Szlov\u00e1k Paradicsom.\u201c<\/p>\n\n\n\n<p>\u201e\u00c9s ott van most sziv\u00e1rv\u00e1ny?\u201c kezdtek \u00f6r\u00fclni a halak.<\/p>\n\n\n\n<p>\u201e\u00c9s nem is ak\u00e1rmilyen,\u201c tette hozz\u00e1 Kask\u00f3.<\/p>\n\n\n\n<p>\u201eMi\u00e9rt, milyen?\u201c a halak szinte rep\u00fclni is elfelejtettek az \u00e1mulatt\u00f3l.<\/p>\n\n\n\n<p>\u201eOlyan, ami vizet iszik.\u201c<\/p>\n\n\n\n<p>\u201eHogy mondod?\u201c<\/p>\n\n\n\n<p>Kask\u00f3 csak rep\u00fclt, nyom\u00e1ban a halakkal \u00e9s igencsak j\u00f3l sz\u00f3rakozott.<\/p>\n\n\n\n<p>Meg\u00e9rkeztek valami dombhoz hasonl\u00f3hoz.<\/p>\n\n\n\n<p>\u201eKedves halak \u00e9s kedves gyerekek, ezt itt a sziv\u00e1rv\u00e1ny,\u201c mondta Kask\u00f3, mire a halak, de Maja \u00e9s Maxi is, elt\u00e1tott\u00e1k a sz\u00e1jukat \u00e9s meg sem tudtak sz\u00f3lalni.<\/p>\n\n\n\n<p>\u201eDe hiszen ez a sziv\u00e1rv\u00e1ny f\u00e1b\u00f3l van?!\u201c M\u00e1r sejtett\u00e9k, hogy Kask\u00f3 valami tr\u00e9f\u00e1t \u0171z vel\u00fck.<\/p>\n\n\n\n<p>\u201eEz egy m\u0171alkot\u00e1s,\u201c kopogtatta meg a szellemfi\u00fa a dombon \u00e1ll\u00f3, f\u00e1b\u00f3l k\u00e9sz\u00fclt sziv\u00e1rv\u00e1nyt. \u201eAzt tudt\u00e1tok, hogy ak\u00e1r bele is l\u00e9phettek \u00e9s v\u00e9gigs\u00e9t\u00e1lhattok rajta?\u201c<\/p>\n\n\n\n<p>\u201eDe ez nem sziv\u00e1rv\u00e1ny,\u201c sz\u00f3laltak meg t\u00f6bben a halak k\u00f6z\u00fcl.<\/p>\n\n\n\n<p>\u201eMondom, hogy ez egy m\u0171alkot\u00e1s, f\u00e1b\u00f3l k\u00e9sz\u00fclt, a c\u00edme pedig: Vizet iszik a sziv\u00e1rv\u00e1ny.\u201c<\/p>\n\n\n\n<p>\u201eEjnye, Kask\u00f3, most egy kicsit \u00e1tvert\u00e9l minket,\u201c n\u00e9ztek a rep\u00fcl\u0151 halak k\u00e9rd\u0151n Kask\u00f3ra.<\/p>\n\n\n\n<p>\u201eNem vertem \u00e1t senkit, hiszen ez t\u00e9nyleg egy sziv\u00e1rv\u00e1ny.\u201c<\/p>\n\n\n\n<p>\u201eAz igaz,\u201c ezt a halaknak is el kellett ismerni\u00fck, b\u00f3logattak az uszonyaikat mozgatva.<\/p>\n\n\n\n<p>\u201e\u00c9s van rajta h\u00f3?\u201c<\/p>\n\n\n\n<p>\u201eBizony van,\u201c nevetett most m\u00e1r Maja is, hogy Kask\u00f3 milyen j\u00f3l feltal\u00e1lta mag\u00e1t.<\/p>\n\n\n\n<p>\u201e\u00c9s hoztam nektek sz\u00e1nk\u00f3t is, meg cs\u00faszk\u00e1kat.\u201c<\/p>\n\n\n\n<p>A halak el\u0151sz\u00f6r egy kicsit becsapva \u00e9rezt\u00e9k magukat, de azt\u00e1n a boh\u00f3chal nekiveselkedett \u00e9s leereszkedett a sziv\u00e1rv\u00e1ny \u00edv\u00e9n. Ezut\u00e1n pedig kezdet\u00e9t vette a legnagyobb mulats\u00e1g, amit Maja \u00e9s Maxi valaha l\u00e1ttak! Sziv\u00e1rv\u00e1nyon sz\u00e1nk\u00f3z\u00f3 \u00e9s cs\u00faszk\u00e1l\u00f3 halak!<\/p>\n\n\n\n<p>\u201eHa majd elj\u00f6tt\u00f6k ide tavasszal vagy ny\u00e1ron is, akkor itt a sziv\u00e1rv\u00e1ny mellett megpihenhettek \u00e9s ak\u00e1r kil\u00e1t\u00f3toronynak is haszn\u00e1lhatj\u00e1tok, vagy megb\u00fajhattok alatta, ha nagyon f\u00faj a sz\u00e9l,\u201c adott \u00fajabb \u00f6tletet Kask\u00f3 a gyerekeknek.<\/p>\n\n\n\n<p>\u201eGy\u00f6ny\u00f6r\u0171!\u201c ki\u00e1ltott Maja, a sz\u00e1nk\u00f3ba kapaszkodva.<\/p>\n\n\n\n<p>\u201eEzt \u00fagy h\u00edvj\u00e1k, hogy landart,\u201c dicsekedett Kask\u00f3 az idegen sz\u00f3val.<\/p>\n\n\n\n<p>\u201eTess\u00e9k?\u201c cs\u00faszott mell\u00e9 Maxi.<\/p>\n\n\n\n<p>\u201eLandart, vagyis t\u00e1jm\u0171v\u00e9szet.\u201c<\/p>\n\n\n\n<p>K\u00f6zben egyre k\u00e9s\u0151bb lett \u00e9s lassan b\u00facs\u00fazniuk kellett.<\/p>\n\n\n\n<p>A halak, Kask\u00f3, Maxi \u00e9s Maja hazarep\u00fcltek, ki-ki a saj\u00e1t otthon\u00e1ba.<\/p>\n\n\n\n<p>Maja szem\u00e9re nem j\u00f6tt az \u00e1lom, el\u0151vette h\u00e1t a git\u00e1rj\u00e1t \u00e9s halkan pengette m\u00e9g egy kicsit: \u00edrt egy dalocsk\u00e1t a paradicsomi sziv\u00e1rv\u00e1nyr\u00f3l.<\/p>","protected":false},"excerpt":{"rendered":"<p>V \u010fal\u0161ej rozpr\u00e1vke z krajiny Haravara sa dozviete, \u017ee zvieratk\u00e1 v ZOO sn\u00edvaj\u00fa po\u010das zimy o r\u00f4znych veciach. Ka\u0161ko s de\u0165mi sa im rozhodn\u00fa pom\u00f4c\u0165 splni\u0165 sny: pripravia zvierac\u00ed ples pri Tis\u00edcro\u010dnej kaplnke, rybk\u00e1m splnia sen o \u0161m\u00fdkan\u00ed na d\u00fahe (v skuto\u010dnosti ide o umeleck\u00e9 dielo \u201cD\u00faha, ktor\u00e1 pije vodu\u201d).<\/p>","protected":false},"featured_media":19389,"menu_order":0,"template":"","format":"standard","meta":{"_acf_changed":false,"footnotes":""},"categories":[],"class_list":["post-18735","pribehy","type-pribehy","status-publish","format-standard","has-post-thumbnail","hentry"],"acf":[],"yoast_head":"<!-- This site is optimized with the Yoast SEO Premium plugin v22.7 (Yoast SEO v27.2) - https:\/\/yoast.com\/product\/yoast-seo-premium-wordpress\/ -->\n<title>O \u010dom sn\u00edvaj\u00fa zvieratk\u00e1 - HARAVARA Pr\u00edbehy (rozpr\u00e1vky)<\/title>\n<meta name=\"description\" content=\"V \u010fal\u0161ej rozpr\u00e1vke z krajiny Haravara sa dozviete, \u017ee zvieratk\u00e1 v ZOO sn\u00edvaj\u00fa po\u010das zimy o r\u00f4znych veciach. Ka\u0161ko s de\u0165mi sa im rozhodn\u00fa pom\u00f4c\u0165 splni\u0165 sny: pripravia zvierac\u00ed ples pri Tis\u00edcro\u010dnej kaplnke, rybk\u00e1m splnia sen o \u0161m\u00fdkan\u00ed na d\u00fahe (v skuto\u010dnosti ide o umeleck\u00e9 dielo \u201cD\u00faha, ktor\u00e1 pije vodu\u201d).\" \/>\n<meta name=\"robots\" content=\"index, follow, max-snippet:-1, max-image-preview:large, max-video-preview:-1\" \/>\n<link rel=\"canonical\" href=\"https:\/\/www.haravara.sk\/hu\/pribehy\/o-com-snivaju-zvieratka\/\" \/>\n<meta property=\"og:locale\" content=\"hu_HU\" \/>\n<meta property=\"og:type\" content=\"article\" \/>\n<meta property=\"og:title\" content=\"O \u010dom sn\u00edvaj\u00fa zvieratk\u00e1\" \/>\n<meta property=\"og:description\" content=\"V \u010fal\u0161ej rozpr\u00e1vke z krajiny Haravara sa dozviete, \u017ee zvieratk\u00e1 v ZOO sn\u00edvaj\u00fa po\u010das zimy o r\u00f4znych veciach. Ka\u0161ko s de\u0165mi sa im rozhodn\u00fa pom\u00f4c\u0165 splni\u0165 sny: pripravia zvierac\u00ed ples pri Tis\u00edcro\u010dnej kaplnke, rybk\u00e1m splnia sen o \u0161m\u00fdkan\u00ed na d\u00fahe (v skuto\u010dnosti ide o umeleck\u00e9 dielo \u201cD\u00faha, ktor\u00e1 pije vodu\u201d).\" \/>\n<meta property=\"og:url\" content=\"https:\/\/www.haravara.sk\/hu\/pribehy\/o-com-snivaju-zvieratka\/\" \/>\n<meta property=\"og:site_name\" content=\"HARAVARA\" \/>\n<meta property=\"article:publisher\" content=\"https:\/\/www.facebook.com\/haravara.detsky.svet\" \/>\n<meta property=\"article:modified_time\" content=\"2026-03-18T23:05:24+00:00\" \/>\n<meta property=\"og:image\" content=\"https:\/\/www.haravara.sk\/wp-content\/uploads\/2022\/07\/Haravara-pribehove-ilustracie-FB-60.png\" \/>\n\t<meta property=\"og:image:width\" content=\"1200\" \/>\n\t<meta property=\"og:image:height\" content=\"628\" \/>\n\t<meta property=\"og:image:type\" content=\"image\/png\" \/>\n<meta name=\"twitter:card\" content=\"summary_large_image\" \/>\n<meta name=\"twitter:description\" content=\"Vonku u\u017e tro\u0161ku mrzlo. R\u00e1no si mamky a ockovia museli \u010disti\u0165 okn\u00e1 na aut\u00e1ch od mraz\u00edku a Ka\u0161ko a ostatn\u00ed duchovia si museli\u2026 vlastne nemuseli ni\u010d. Duchovia toti\u017e nec\u00edtia zimu ani teplo. C\u00edtia to len vtedy, ke\u010f n\u00e1hodou dostan\u00fa nejak\u00fa d\u00fa\u0161iu chorobu.\" \/>\n<meta name=\"twitter:label1\" content=\"Becs\u00fclt olvas\u00e1si id\u0151\" \/>\n\t<meta name=\"twitter:data1\" content=\"12 perc\" \/>\n<script type=\"application\/ld+json\" class=\"yoast-schema-graph\">{\"@context\":\"https:\/\/schema.org\",\"@graph\":[{\"@type\":\"WebPage\",\"@id\":\"https:\/\/www.haravara.sk\/pribehy\/o-com-snivaju-zvieratka\/\",\"url\":\"https:\/\/www.haravara.sk\/pribehy\/o-com-snivaju-zvieratka\/\",\"name\":\"O \u010dom sn\u00edvaj\u00fa zvieratk\u00e1 - HARAVARA Pr\u00edbehy (rozpr\u00e1vky)\",\"isPartOf\":{\"@id\":\"https:\/\/www.haravara.sk\/#website\"},\"primaryImageOfPage\":{\"@id\":\"https:\/\/www.haravara.sk\/pribehy\/o-com-snivaju-zvieratka\/#primaryimage\"},\"image\":{\"@id\":\"https:\/\/www.haravara.sk\/pribehy\/o-com-snivaju-zvieratka\/#primaryimage\"},\"thumbnailUrl\":\"https:\/\/www.haravara.sk\/wp-content\/uploads\/2022\/07\/Haravara-pribehove-ilustracie-FB-58.png\",\"datePublished\":\"2022-07-04T08:49:38+00:00\",\"dateModified\":\"2026-03-18T23:05:24+00:00\",\"description\":\"V \u010fal\u0161ej rozpr\u00e1vke z krajiny Haravara sa dozviete, \u017ee zvieratk\u00e1 v ZOO sn\u00edvaj\u00fa po\u010das zimy o r\u00f4znych veciach. Ka\u0161ko s de\u0165mi sa im rozhodn\u00fa pom\u00f4c\u0165 splni\u0165 sny: pripravia zvierac\u00ed ples pri Tis\u00edcro\u010dnej kaplnke, rybk\u00e1m splnia sen o \u0161m\u00fdkan\u00ed na d\u00fahe (v skuto\u010dnosti ide o umeleck\u00e9 dielo \u201cD\u00faha, ktor\u00e1 pije vodu\u201d).\",\"breadcrumb\":{\"@id\":\"https:\/\/www.haravara.sk\/pribehy\/o-com-snivaju-zvieratka\/#breadcrumb\"},\"inLanguage\":\"hu\",\"potentialAction\":[{\"@type\":\"ReadAction\",\"target\":[\"https:\/\/www.haravara.sk\/pribehy\/o-com-snivaju-zvieratka\/\"]}]},{\"@type\":\"ImageObject\",\"inLanguage\":\"hu\",\"@id\":\"https:\/\/www.haravara.sk\/pribehy\/o-com-snivaju-zvieratka\/#primaryimage\",\"url\":\"https:\/\/www.haravara.sk\/wp-content\/uploads\/2022\/07\/Haravara-pribehove-ilustracie-FB-58.png\",\"contentUrl\":\"https:\/\/www.haravara.sk\/wp-content\/uploads\/2022\/07\/Haravara-pribehove-ilustracie-FB-58.png\",\"width\":1200,\"height\":628},{\"@type\":\"BreadcrumbList\",\"@id\":\"https:\/\/www.haravara.sk\/pribehy\/o-com-snivaju-zvieratka\/#breadcrumb\",\"itemListElement\":[{\"@type\":\"ListItem\",\"position\":1,\"name\":\"Domov\",\"item\":\"https:\/\/www.haravara.sk\/\"},{\"@type\":\"ListItem\",\"position\":2,\"name\":\"Pr\u00edbehy\",\"item\":\"https:\/\/www.haravara.sk\/pribehy\/\"},{\"@type\":\"ListItem\",\"position\":3,\"name\":\"O \u010dom sn\u00edvaj\u00fa zvieratk\u00e1\"}]},{\"@type\":\"WebSite\",\"@id\":\"https:\/\/www.haravara.sk\/#website\",\"url\":\"https:\/\/www.haravara.sk\/\",\"name\":\"HARAVARA\",\"description\":\"Objav detsk\u00fd svet v Ko\u0161ickom kraji\",\"publisher\":{\"@id\":\"https:\/\/www.haravara.sk\/#organization\"},\"potentialAction\":[{\"@type\":\"SearchAction\",\"target\":{\"@type\":\"EntryPoint\",\"urlTemplate\":\"https:\/\/www.haravara.sk\/?s={search_term_string}\"},\"query-input\":{\"@type\":\"PropertyValueSpecification\",\"valueRequired\":true,\"valueName\":\"search_term_string\"}}],\"inLanguage\":\"hu\"},{\"@type\":\"Organization\",\"@id\":\"https:\/\/www.haravara.sk\/#organization\",\"name\":\"Haravara\",\"url\":\"https:\/\/www.haravara.sk\/\",\"logo\":{\"@type\":\"ImageObject\",\"inLanguage\":\"hu\",\"@id\":\"https:\/\/www.haravara.sk\/#\/schema\/logo\/image\/\",\"url\":\"https:\/\/www.haravara.sk\/wp-content\/uploads\/2021\/04\/LOGO-LandingPage.png\",\"contentUrl\":\"https:\/\/www.haravara.sk\/wp-content\/uploads\/2021\/04\/LOGO-LandingPage.png\",\"width\":832,\"height\":618,\"caption\":\"Haravara\"},\"image\":{\"@id\":\"https:\/\/www.haravara.sk\/#\/schema\/logo\/image\/\"},\"sameAs\":[\"https:\/\/www.facebook.com\/haravara.detsky.svet\"]}]}<\/script>\n<!-- \/ Yoast SEO Premium plugin. -->","yoast_head_json":{"title":"O \u010dom sn\u00edvaj\u00fa zvieratk\u00e1 - HARAVARA Pr\u00edbehy (rozpr\u00e1vky)","description":"V \u010fal\u0161ej rozpr\u00e1vke z krajiny Haravara sa dozviete, \u017ee zvieratk\u00e1 v ZOO sn\u00edvaj\u00fa po\u010das zimy o r\u00f4znych veciach. Ka\u0161ko s de\u0165mi sa im rozhodn\u00fa pom\u00f4c\u0165 splni\u0165 sny: pripravia zvierac\u00ed ples pri Tis\u00edcro\u010dnej kaplnke, rybk\u00e1m splnia sen o \u0161m\u00fdkan\u00ed na d\u00fahe (v skuto\u010dnosti ide o umeleck\u00e9 dielo \u201cD\u00faha, ktor\u00e1 pije vodu\u201d).","robots":{"index":"index","follow":"follow","max-snippet":"max-snippet:-1","max-image-preview":"max-image-preview:large","max-video-preview":"max-video-preview:-1"},"canonical":"https:\/\/www.haravara.sk\/hu\/pribehy\/o-com-snivaju-zvieratka\/","og_locale":"hu_HU","og_type":"article","og_title":"O \u010dom sn\u00edvaj\u00fa zvieratk\u00e1","og_description":"V \u010fal\u0161ej rozpr\u00e1vke z krajiny Haravara sa dozviete, \u017ee zvieratk\u00e1 v ZOO sn\u00edvaj\u00fa po\u010das zimy o r\u00f4znych veciach. Ka\u0161ko s de\u0165mi sa im rozhodn\u00fa pom\u00f4c\u0165 splni\u0165 sny: pripravia zvierac\u00ed ples pri Tis\u00edcro\u010dnej kaplnke, rybk\u00e1m splnia sen o \u0161m\u00fdkan\u00ed na d\u00fahe (v skuto\u010dnosti ide o umeleck\u00e9 dielo \u201cD\u00faha, ktor\u00e1 pije vodu\u201d).","og_url":"https:\/\/www.haravara.sk\/hu\/pribehy\/o-com-snivaju-zvieratka\/","og_site_name":"HARAVARA","article_publisher":"https:\/\/www.facebook.com\/haravara.detsky.svet","article_modified_time":"2026-03-18T23:05:24+00:00","og_image":[{"width":1200,"height":628,"url":"https:\/\/www.haravara.sk\/wp-content\/uploads\/2022\/07\/Haravara-pribehove-ilustracie-FB-60.png","type":"image\/png"}],"twitter_card":"summary_large_image","twitter_description":"Vonku u\u017e tro\u0161ku mrzlo. R\u00e1no si mamky a ockovia museli \u010disti\u0165 okn\u00e1 na aut\u00e1ch od mraz\u00edku a Ka\u0161ko a ostatn\u00ed duchovia si museli\u2026 vlastne nemuseli ni\u010d. Duchovia toti\u017e nec\u00edtia zimu ani teplo. C\u00edtia to len vtedy, ke\u010f n\u00e1hodou dostan\u00fa nejak\u00fa d\u00fa\u0161iu chorobu.","twitter_misc":{"Becs\u00fclt olvas\u00e1si id\u0151":"12 perc"},"schema":{"@context":"https:\/\/schema.org","@graph":[{"@type":"WebPage","@id":"https:\/\/www.haravara.sk\/pribehy\/o-com-snivaju-zvieratka\/","url":"https:\/\/www.haravara.sk\/pribehy\/o-com-snivaju-zvieratka\/","name":"O \u010dom sn\u00edvaj\u00fa zvieratk\u00e1 - HARAVARA Pr\u00edbehy (rozpr\u00e1vky)","isPartOf":{"@id":"https:\/\/www.haravara.sk\/#website"},"primaryImageOfPage":{"@id":"https:\/\/www.haravara.sk\/pribehy\/o-com-snivaju-zvieratka\/#primaryimage"},"image":{"@id":"https:\/\/www.haravara.sk\/pribehy\/o-com-snivaju-zvieratka\/#primaryimage"},"thumbnailUrl":"https:\/\/www.haravara.sk\/wp-content\/uploads\/2022\/07\/Haravara-pribehove-ilustracie-FB-58.png","datePublished":"2022-07-04T08:49:38+00:00","dateModified":"2026-03-18T23:05:24+00:00","description":"V \u010fal\u0161ej rozpr\u00e1vke z krajiny Haravara sa dozviete, \u017ee zvieratk\u00e1 v ZOO sn\u00edvaj\u00fa po\u010das zimy o r\u00f4znych veciach. Ka\u0161ko s de\u0165mi sa im rozhodn\u00fa pom\u00f4c\u0165 splni\u0165 sny: pripravia zvierac\u00ed ples pri Tis\u00edcro\u010dnej kaplnke, rybk\u00e1m splnia sen o \u0161m\u00fdkan\u00ed na d\u00fahe (v skuto\u010dnosti ide o umeleck\u00e9 dielo \u201cD\u00faha, ktor\u00e1 pije vodu\u201d).","breadcrumb":{"@id":"https:\/\/www.haravara.sk\/pribehy\/o-com-snivaju-zvieratka\/#breadcrumb"},"inLanguage":"hu","potentialAction":[{"@type":"ReadAction","target":["https:\/\/www.haravara.sk\/pribehy\/o-com-snivaju-zvieratka\/"]}]},{"@type":"ImageObject","inLanguage":"hu","@id":"https:\/\/www.haravara.sk\/pribehy\/o-com-snivaju-zvieratka\/#primaryimage","url":"https:\/\/www.haravara.sk\/wp-content\/uploads\/2022\/07\/Haravara-pribehove-ilustracie-FB-58.png","contentUrl":"https:\/\/www.haravara.sk\/wp-content\/uploads\/2022\/07\/Haravara-pribehove-ilustracie-FB-58.png","width":1200,"height":628},{"@type":"BreadcrumbList","@id":"https:\/\/www.haravara.sk\/pribehy\/o-com-snivaju-zvieratka\/#breadcrumb","itemListElement":[{"@type":"ListItem","position":1,"name":"Domov","item":"https:\/\/www.haravara.sk\/"},{"@type":"ListItem","position":2,"name":"Pr\u00edbehy","item":"https:\/\/www.haravara.sk\/pribehy\/"},{"@type":"ListItem","position":3,"name":"O \u010dom sn\u00edvaj\u00fa zvieratk\u00e1"}]},{"@type":"WebSite","@id":"https:\/\/www.haravara.sk\/#website","url":"https:\/\/www.haravara.sk\/","name":"HARAVARA","description":"Objav detsk\u00fd svet v Ko\u0161ickom kraji","publisher":{"@id":"https:\/\/www.haravara.sk\/#organization"},"potentialAction":[{"@type":"SearchAction","target":{"@type":"EntryPoint","urlTemplate":"https:\/\/www.haravara.sk\/?s={search_term_string}"},"query-input":{"@type":"PropertyValueSpecification","valueRequired":true,"valueName":"search_term_string"}}],"inLanguage":"hu"},{"@type":"Organization","@id":"https:\/\/www.haravara.sk\/#organization","name":"Haravara","url":"https:\/\/www.haravara.sk\/","logo":{"@type":"ImageObject","inLanguage":"hu","@id":"https:\/\/www.haravara.sk\/#\/schema\/logo\/image\/","url":"https:\/\/www.haravara.sk\/wp-content\/uploads\/2021\/04\/LOGO-LandingPage.png","contentUrl":"https:\/\/www.haravara.sk\/wp-content\/uploads\/2021\/04\/LOGO-LandingPage.png","width":832,"height":618,"caption":"Haravara"},"image":{"@id":"https:\/\/www.haravara.sk\/#\/schema\/logo\/image\/"},"sameAs":["https:\/\/www.facebook.com\/haravara.detsky.svet"]}]}},"_links":{"self":[{"href":"https:\/\/www.haravara.sk\/hu\/wp-json\/wp\/v2\/pribehy\/18735","targetHints":{"allow":["GET"]}}],"collection":[{"href":"https:\/\/www.haravara.sk\/hu\/wp-json\/wp\/v2\/pribehy"}],"about":[{"href":"https:\/\/www.haravara.sk\/hu\/wp-json\/wp\/v2\/types\/pribehy"}],"version-history":[{"count":3,"href":"https:\/\/www.haravara.sk\/hu\/wp-json\/wp\/v2\/pribehy\/18735\/revisions"}],"predecessor-version":[{"id":21267,"href":"https:\/\/www.haravara.sk\/hu\/wp-json\/wp\/v2\/pribehy\/18735\/revisions\/21267"}],"wp:featuredmedia":[{"embeddable":true,"href":"https:\/\/www.haravara.sk\/hu\/wp-json\/wp\/v2\/media\/19389"}],"wp:attachment":[{"href":"https:\/\/www.haravara.sk\/hu\/wp-json\/wp\/v2\/media?parent=18735"}],"wp:term":[{"taxonomy":"category","embeddable":true,"href":"https:\/\/www.haravara.sk\/hu\/wp-json\/wp\/v2\/categories?post=18735"}],"curies":[{"name":"wp","href":"https:\/\/api.w.org\/{rel}","templated":true}]}}