{"id":19124,"date":"2022-07-05T23:28:03","date_gmt":"2022-07-05T22:28:03","guid":{"rendered":"https:\/\/www.haravara.sk\/?post_type=pribehy&#038;p=19124"},"modified":"2026-03-22T14:26:05","modified_gmt":"2026-03-22T13:26:05","slug":"ako-sa-hraju-duchovia","status":"publish","type":"pribehy","link":"https:\/\/www.haravara.sk\/hu\/pribehy\/ako-sa-hraju-duchovia\/","title":{"rendered":"Hogyan j\u00e1tszanak a szellemek"},"content":{"rendered":"<div style=\"height:39px\" aria-hidden=\"true\" class=\"wp-block-spacer\"><\/div>\n\n\n\n<div class=\"wp-block-group has-global-padding\"><div class=\"wp-block-group__inner-container is-layout-constrained wp-block-group-is-layout-constrained\">\n<p class=\"has-drop-cap\">Odakint a nap biztat\u00f3an kidugta fej\u00e9t, \u00e9s m\u00e1r szinte \u00fagy t\u0171nt, hogy sz\u00e9p id\u0151 lesz. Egy sz\u00e9p tavasznap! Csakhogy hirtelen eleredt az es\u0151...... Maxi \u00e9s Maja az ablakban kuksoltak \u00e9s kifele b\u00e1multak.<\/p>\n\n\n\n<p>\u201eMit kezdj\u00fcnk most?\u201c morgott Maja az orra alatt.<\/p>\n\n\n\n<p>\u201eUgyan mit?\u201c r\u00e1nd\u00edtotta meg Maxi a v\u00e1ll\u00e1t.<\/p>\n\n\n\n<p>\u201eHisz \u00e9ppen ez az.... mit.....\u201c s\u00f3hajtott Maja.<\/p>\n\n\n\n<p>\u201eVal\u00f3sz\u00edn\u0171leg semmit,\u201c k\u00e9mlelte Maxi a hull\u00f3 es\u0151cseppeket.<\/p>\n\n\n\n<p class=\"translation-block\">\u201eHogyhogy semmit?!\u201c Maja kezdett d\u00fchbe gurulni.<\/p>\n\n\n\n<p>\u201eMit tudn\u00e1nk csin\u00e1lni ilyen id\u0151ben?\u201c s\u00f3hajtott Maxi m\u00e9g nagyobbat.<\/p>\n\n\n\n<p>\u201eJ\u00e1tszhatn\u00e1nk valami benti t\u00e1rsasj\u00e1t\u00e9kot,\u201c javasolta Maja \u00e9s gondolatban sz\u00e1mba vette, milyen j\u00e1t\u00e9kaik vannak otthon, amikkel m\u00e1r r\u00e9gen nem j\u00e1tszottak.<\/p>\n\n\n\n<p>\u201eIgen, j\u00e1tszhatn\u00e1nk... De a sakkb\u00f3l k\u00e9t b\u00e1bu hi\u00e1nyzik,\u201c mondta Maxi \u00e9s el sem mozdult az ablakb\u00f3l.<\/p>\n\n\n\n<p>\u201eIgaz, val\u00f3ban, a kir\u00e1lyn\u0151 \u00e9s egy gyalog.\u201c<\/p>\n\n\n\n<p>\u201eA kir\u00e1lyn\u0151 \u00e9s szolg\u00e1ja,\u201c pr\u00f3b\u00e1lkozott Maxi viccesen.<\/p>\n\n\n\n<p>\u201ePontosan,\u201c t\u00f6prengett tov\u00e1bb Maja.<\/p>\n\n\n\n<p>\u201eA k\u00e1rty\u00e1kb\u00f3l is hi\u00e1nyoznak lapok.... \u201c<\/p>\n\n\n\n<p>\u201e\u00c9s..\u201c<\/p>\n\n\n\n<p>\u201e\u00c9s ne is folytasd,\u201c mondta Maxi \u2013 \u00e9s mindketten elhallgattak.<\/p>\n\n\n\n<p>Hirtelen valami csoda t\u00f6rt\u00e9nt a szem\u00fck l\u00e1tt\u00e1ra \u2013 az ablakon k\u00e9pek \u00e9s bet\u0171k jelentek meg....mintha csak az ablak egy darab pap\u00edr lenne, amire egy l\u00e1thatatlan k\u00e9z \u00edr:<\/p>\n\n\n\n<p><strong>mit<\/strong><br><strong>\u00fclt\u00f6k<\/strong><br><strong>itt<\/strong><br><strong>csak \u00fagy<\/strong><\/p>\n\n\n\n<p>\u201eMi t\u00f6rt\u00e9nik?\u201c k\u00e9rdezte Maxi, amikor elolvast\u00e1k a feliratot az ablak\u00fcvegen.<\/p>\n\n\n\n<p>\u201eVar\u00e1zslat\u2026\u201c mondta Maja csendesen \u00e9s lecs\u00faszott a f\u00f6ldre.<\/p>\n\n\n\n<p>\u201eDe mi csak egyetlen var\u00e1zsl\u00f3t ismer\u00fcnk.\u201c<\/p>\n\n\n\n<p>\u201eNorbit?\u201c<\/p>\n\n\n\n<p>\u201eHogy kit?\u201c Maxi a fej\u00e9ben kutatott valami Norbi ut\u00e1n.<\/p>\n\n\n\n<p>\u201eH\u00e1t azt a Norbit, aki az iskol\u00e1ban volt, olyan karik\u00e1kat \u00e9s kend\u0151ket h\u00fazott el\u0151 \u00e9s kis h\u00edj\u00e1n kiny\u00edrta a nyuszit!\u201c<\/p>\n\n\n\n<p>\u201eNem.\u201c<\/p>\n\n\n\n<p>\u201eAkkor kit ismer\u00fcnk m\u00e9g?\u201c \u00e9rtetlenkedett Maja.<\/p>\n\n\n\n<p>\u201eKask\u00f3\u00f3\u00f3!\u201c n\u00e9zett Maxi az ablak fel\u00e9.<\/p>\n\n\n\n<p>\u00c9s az ablakban val\u00f3ban Kask\u00f3 t\u0171nt fel \u00e9s nekik integetett. A j\u00f3bar\u00e1tok m\u00e1ris kinyitott\u00e1k az ablakot.<\/p>\n\n\n\n<p>\u201eMit csin\u00e1lsz itt, Kask\u00f3?\u201c der\u00fcltek fel a gyerekek.<\/p>\n\n\n\n<p>\u201eAz\u00e9rt j\u00f6ttem, hogy sz\u00f3ljak: n\u00e9h\u00e1ny napig nem leszek itt.... \u00e9s...\u201c<\/p>\n\n\n\n<p>\u201eDe mi\u00e9rt?!\u201c szomorodott el m\u00e1ris Maxi \u00e9s Maja, arra gondolva, hogy ebben a vacak id\u0151ben m\u00e9g a bar\u00e1tjukat is n\u00e9lk\u00fcl\u00f6zni\u00fck kell.<\/p>\n\n\n\n<p>\u201eA Szellemj\u00e1t\u00e9kokra megyek,\u201c magyar\u00e1zta Kask\u00f3.<\/p>\n\n\n\n<p>\u201eHogy mire?\u201c Maja nem \u00e9rtette.<\/p>\n\n\n\n<p>\u201eA Szellemj\u00e1t\u00e9kokra,\u201c ism\u00e9telte Kask\u00f3 lassan. \u201e\u00c9s az vajon mi?\u201c Maxi hasztalan kutatott a kobakj\u00e1ban valami ut\u00e1n, ami legal\u00e1bb hasonl\u00edtott a Szellemj\u00e1t\u00e9kokra.<\/p>\n\n\n\n<p>\u201eA szellemj\u00e1t\u00e9kokon Haravara Birodalom szellemei tal\u00e1lkoznak \u00e9s mindenf\u00e9le j\u00e1t\u00e9kot j\u00e1tszanak.\u201c<\/p>\n\n\n\n<p>\u201e\u00c9s mi is elmehetn\u00e9nk?\u201c vette el\u0151 Maxi \u00e9s Maja a legk\u00f6ny\u00f6rg\u0151bb n\u00e9z\u00e9s\u00e9t.<\/p>\n\n\n\n<p>\u201eAtt\u00f3l tartok nem ...\u201c<\/p>\n\n\n\n<p>\u201eMi\u00e9rt?\u201c k\u00e9rdezt\u00e9k a gyerekek csal\u00f3dottan.<\/p>\n\n\n\n<p>\u201eMert egyik j\u00e1t\u00e9kot sem ismeritek,\u201c mondta ki Kask\u00f3 a keser\u0171 igazs\u00e1got.<\/p>\n\n\n\n<p>\u201eNektek saj\u00e1t j\u00e1t\u00e9kaitok vannak, amiket mi nem ismer\u00fcnk?\u201c ett\u0151l csak m\u00e9g k\u00edv\u00e1ncsibbak lettek.<\/p>\n\n\n\n<p>\u201eTerm\u00e9szetesen!\u201c Kask\u00f3 nem is \u00e9rtette, mit\u0151l vannak \u00fagy meglep\u0151dve.<\/p>\n\n\n\n<p>\u201eVigy\u00e9l el minket is! Mert sz\u00f6rnyen unatkozunk \u00e9s unjuk azokat a j\u00e1t\u00e9kokat is, amiket m\u00e1r ismer\u00fcnk!\u201c Maja \u00e9s Maxi m\u00e1r szinte t\u00e9rden \u00e1llva esdekeltek.<\/p>\n\n\n\n<p>Kask\u00f3nak olyan er\u0151sen t\u00f6rte a fej\u00e9t, hogy majd megszakadt bele. Hogyan vihetn\u00e9 el bar\u00e1tait a Szellemj\u00e1t\u00e9kokra?<\/p>\n\n\n\n<p>\u201eJ\u00f3l van... de mit fogtok ott csin\u00e1lni, ha nem ismeritek a j\u00e1t\u00e9kokat?\u201c mondta ki hangosan a gondolat\u00e1t.<\/p>\n\n\n\n<p>\u201eMegtan\u00edthatn\u00e1d nek\u00fcnk,\u201c \u00e1llt el\u0151 Maja a megold\u00e1ssal.<\/p>\n\n\n\n<p>Kask\u00f3 \u00fajra t\u00f6rni kezdte a fej\u00e9t, de nagyon, majd kiadta a parancsot:<\/p>\n\n\n\n<p>\u201eIndul\u00e1s!\u201c<\/p>\n\n\n\n<p>\u201eHov\u00e1?\u201c<\/p>\n\n\n\n<p>\u201eA villamosra, azt\u00e1n a buszra \u00e9s felmegy\u00fcnk az Eprestet\u0151re.\u201c<\/p>\n\n\n\n<p>\u201eEpret fogunk szedni?\u201c csillant fel Maja szeme.<\/p>\n\n\n\n<p>\u201eCsod\u00e1s!\u201c ki\u00e1ltott fel Maxi \u00e9s m\u00e1r csorgott a ny\u00e1la.<\/p>\n\n\n\n<p>\u201eTi m\u00e9g nem j\u00e1rtatok az Eprestet\u0151n?\u201c k\u00e9rdezte Kask\u00f3, mert alig akarta elhinni a v\u00e1laszt.<\/p>\n\n\n\n<p>\u201eNem,\u201c vallott\u00e1k be a testv\u00e9rek.<\/p>\n\n\n\n<p>\u201eEz az a hely, ahov\u00e1 a Haravara Birodalom lak\u00f3i, f\u0151leg a kassaiak, s\u00edelni j\u00e1rnak \u00e9s...\u201c Kask\u00fc nem tudta befejezni a mondatot, mert Maja a szav\u00e1ba v\u00e1gott.<\/p>\n\n\n\n<p>\u201eDe hiszen m\u00e9g nincs t\u00e9l?!\u201c<\/p>\n\n\n\n<p>\u201eM\u00e9g nincs, de ny\u00e1ron \u00e9s tavasszal k\u00fcl\u00f6nf\u00e9le j\u00e1t\u00e9kokat lehet j\u00e1tszani az Eprestet\u0151n.\u201c<\/p>\n\n\n\n<p>\u201eCsakhogy te azt mondtad, hogy a ti j\u00e1t\u00e9kaitok eg\u00e9szen m\u00e1sak!,\u201c jegyezte meg Maxi \u00e9s m\u00e1r kezdett is csomagolni.<\/p>\n\n\n\n<p>\u201eDe m\u00e9g mennyire m\u00e1sak! M\u00e9gis el\u0151fordul n\u00e9ha, hogy egy-egy szellem megfeledkezik mag\u00e1r\u00f3l \u00e9s emberekkel is j\u00e1tszik.\u201c<\/p>\n\n\n\n<p>\u201eHogy micsoda?\u201c<\/p>\n\n\n\n<p>\u201eEzt t\u00f6rt\u00e9nt Adalbert unokatestv\u00e9remmel Az Eprestet\u0151n j\u00e1tszott a j\u00e1tsz\u00f3t\u00e9ren, amikor odaj\u00f6tt hozz\u00e1 k\u00e9t ilyesforma gyerk\u0151c, mint ti vagytok...\u201c kezdte Kask\u00f3 a t\u00f6rt\u00e9netet.<\/p>\n\n\n\n<p>\u201e\u00c9s kider\u00fclt, hogy l\u00e1tj\u00e1k \u0151t,\u201c eg\u00e9sz\u00edtette ki Majka, mik\u00f6zben m\u00e1r \u0151 is csomagolt.<\/p>\n\n\n\n<p>\u201ePontosan,\u201d er\u0151s\u00edtette meg Kask\u00f3.<\/p>\n\n\n\n<p>\u201e\u00c9s mit tett Adalbert?\u201c k\u00e9rdezte Maxi, mik\u00f6zben h\u00e1rom sapk\u00e1t dobott a csomagj\u00e1ba, mert nem tudta, hogy esni fog-e vagy szeles id\u0151 lesz.<\/p>\n\n\n\n<p>\u201e\u00dagy kellett tennie, hogy ez egy \u00faj j\u00e1t\u00e9k \u00e9s az\u00f3ta mindig j\u00e1tssz\u00e1k az Eprestet\u0151n,\u201c \u00e1rulta el Kask\u00f3.<\/p>\n\n\n\n<p>\u201eSz\u00f3val azt a j\u00e1t\u00e9kot, amit az Eprestet\u0151n is j\u00e1tszanak, azt a szellemek is j\u00e1tssz\u00e1k?\u201c k\u00edv\u00e1ncsiskodott Maja.<\/p>\n\n\n\n<p>\u201e\u00dagy van,\u201c mosolygott Kask\u00f3 az orra alatt.<\/p>\n\n\n\n<p>\u201eAkkor induljunk a Szellemj\u00e1t\u00e9kokra!\u201c Max \u00e9s Maja v\u00e9geztek a csomagol\u00e1ssal. A h\u00e1tizs\u00e1kba term\u00e9szetesen ir\u00e1nyt\u0171 \u00e9s hangszer is ker\u00fclt, hiszen Kask\u00f3n\u00e1l sosem lehet tudni, milyen kalandokba keverednek. \u00datnak indulnak.<\/p>\n\n\n\n<p>Fel is \u00e9rtek az Eprestet\u0151re.<\/p>\n\n\n\n<p>\u201eErre egy\u00e1ltal\u00e1n nem sz\u00e1m\u00edtottam, \u201c n\u00e9zett k\u00f6r\u00fcl Max meglepetten.<\/p>\n\n\n\n<p>\u201eAkkor mit v\u00e1rt\u00e1l?\u201c k\u00e9rdezte Kask\u00f3.<\/p>\n\n\n\n<p>\u201eAzt hittem, egy eperf\u00f6ld lesz itt, egy kis j\u00e1t\u00e9kkal.\u201c<\/p>\n\n\n\n<p>Max \u00e9s Maja nem gy\u0151zt\u00e9k sz\u00e1mba venni a l\u00e1tv\u00e1nyt. Az egyik helyen j\u00e1tsz\u00f3terek, sok-sok j\u00e1t\u00e9kkal, amott ker\u00e9kp\u00e1r k\u00f6lcs\u00f6nz\u0151, arra tov\u00e1bb egy medence, t\u00far\u00e1zni is lehetett ....<\/p>\n\n\n\n<p>\u201eVigy\u00e1\u00e1\u00e1zz!\u201c ki\u00e1ltott fel Kask\u00f3, de m\u00e1r k\u00e9s\u0151 volt.<\/p>\n\n\n\n<p>Maxi fej\u00e9n tal\u00e1lta egy rep\u00fcl\u0151t\u00e1ny\u00e9r.<\/p>\n\n\n\n<p>\u201eNincs semmi baj?\u201c k\u00e9rdezte Maja agg\u00f3dva.<\/p>\n\n\n\n<p>\u201eNincs, ez csak egy rep\u00fcl\u0151t\u00e1ny\u00e9r,\u201c n\u00e9zte a m\u0171anyag korongot Maxi.<\/p>\n\n\n\n<p>\u201eDe gyorsan rep\u00fclt!\u201c \u00e9s Maja megn\u00e9zte Maxi fej\u00e9t, hogy biztosan nincs-e rajta seb.<\/p>\n\n\n\n<p>\u201eBizony \u00e1m,\u201c vakarta meg Maxi az eltal\u00e1lt kobakj\u00e1t.<\/p>\n\n\n\n<p>\u201eDe ha a lyuk el\u00e9 \u00e1llsz, akkor ne is csod\u00e1lkozz,\u201c sz\u00f6gezte le Kask\u00f3.<\/p>\n\n\n\n<p>\u201eMif\u00e9le lyuk?\u201c forgol\u00f3dtak a testv\u00e9rek, mert lyukat sehol se l\u00e1ttak.<\/p>\n\n\n\n<p>\u201eEz a j\u00e1t\u00e9kunk, amit meg kell tanulnotok,\u201c mutatott Kask\u00f3 a j\u00e1tsz\u00f3 \u00e9s dob\u00e1l\u00f3dz\u00f3 gyerekekre.<\/p>\n\n\n\n<p>\u201eFrisbee?\u201c k\u00e9rdezte egyszerre a k\u00e9t testv\u00e9r.<\/p>\n\n\n\n<p>\u201eDehogy, nem a frisbee...\u201c<\/p>\n\n\n\n<p>\u201eAkkor mi ez?\u201c mutatott Maja \u00e9s Maxi a rep\u00fcl\u0151t\u00e1ny\u00e9rra.<\/p>\n\n\n\n<p>\u201eDiscgolf,\u201c jelentette ki Kask\u00f3 komoly k\u00e9ppel.<\/p>\n\n\n\n<p>\u201e\u00c9n tudom, \u00e9n tudom!\u201c sik\u00edtott Maja. R\u00e1kacsintott Maxira, aki elkezdett beatboxozni, el\u0151vette a dobver\u0151ket, hogy tartsa a ritmust, Kaja pedig t\u00e1ncolni kezdett.<\/p>\n\n\n\n<p>\u201eH\u00e1t ti meg mit m\u0171veltek?\u201c Kask\u00f3 nem \u00e9rtette.<\/p>\n\n\n\n<p>\u201eDiszk\u00f3zunk \u00e9s v\u00e1rjuk a golf\u00fct\u0151ket,\u201c \u00e9nekelte Maja \u00e9s Maxi, mik\u00f6zben risz\u00e1lt\u00e1k a cs\u00edp\u0151j\u00fcket.<\/p>\n\n\n\n<p>\u201eDe hiszen a discgolf nem diszk\u00f3-golf! \u201c<\/p>\n\n\n\n<p>\u201eAkkor mi?\u201c \u00c9s Maja m\u00e9g mindig nem hagyta abba a t\u00e1ncot.<\/p>\n\n\n\n<p>\u201eEz egy olyan j\u00e1t\u00e9k, ahol a rep\u00fcl\u0151t\u00e1ny\u00e9rt eldobod egy ...\u201c<\/p>\n\n\n\n<p>\u201eVigy\u00e1zz!\u201c Maxi ler\u00e1ntotta Maj\u00e1t. Mindketten odafordultak \u00e9s m\u00f6g\u00f6tt\u00fck egy fura labdagy\u0171jt\u0151 kos\u00e1r volt, v\u00e9kony l\u00e1ncokb\u00f3l, amely egy r\u00fadon l\u00f3gott, benne pedig egy rep\u00fcl\u0151t\u00e1ny\u00e9r ringat\u00f3zott. \u00c9s m\u00e1r rohant is fel\u00e9j\u00fck egy fi\u00fa.<\/p>\n\n\n\n<p>\u201eBocsi, nem vettelek \u00e9szre benneteket,\u201c magyar\u00e1zkodott.<\/p>\n\n\n\n<p>\u201eMit csin\u00e1lsz?\u201c k\u00e9rdezte Maja \u00e9s k\u00f6r\u00fcln\u00e9zett, nem rep\u00fcl-e valami a feje fel\u00e9.<\/p>\n\n\n\n<p>\u201eEz a discgolf, azt j\u00e1tszom\u201c v\u00e1laszolta a fi\u00fa.<\/p>\n\n\n\n<p>\u201eAha,\u201c Maja \u00e9s Maxi \u00f6sszen\u00e9zett.<\/p>\n\n\n\n<p>\u201eAkartok j\u00e1tszani?\u201c sz\u00f3lt Benji, mert \u00edgy h\u00edvt\u00e1k a fi\u00fat.<\/p>\n\n\n\n<p>\u201eH\u00e1t persze!\u201c mondta Maja lelkesen \u00e9s Maxi is csatlakozott.<\/p>\n\n\n\n<p>H\u00e1rom \u00f3r\u00e1n \u00e1t pr\u00f3b\u00e1ltak a rep\u00fcl\u0151t\u00e1ny\u00e9rokkal betal\u00e1lni a k\u00fcl\u00f6nf\u00e9le kosarakba, vagyis a lyukakba, egy leveg\u0151ben l\u00e9v\u0151 golfp\u00e1ly\u00e1n, \u00e9s mikor m\u00e1r elf\u00e1radt a karjuk, biciklit k\u00f6lcs\u00f6n\u00f6ztek, vagy csak \u00fagy gy\u00f6ny\u00f6rk\u00f6dtek az \u0151ket k\u00f6r\u00fclvev\u0151 term\u00e9szetben.<\/p>\n\n\n\n<p>\u201eJ\u00f3l ment a j\u00e1t\u00e9k,\u201c s\u00fagta nekik Kask\u00f3, amikor \u00e9ppen lepihentek.<\/p>\n\n\n\n<p>\u201eK\u00f6sz\u00f6nj\u00fck.\u201c<\/p>\n\n\n\n<p>\u201eAkkor h\u00e1t ideje tov\u00e1bb\u00e1llni,\u201c h\u00edvta \u0151ket Kask\u00f3 titokzatosan.<\/p>\n\n\n\n<p>\u201eEg\u00e9szen megfeledkezt\u00fcnk a Szellemj\u00e1t\u00e9kokr\u00f3l,\u201c Maxinak \u00e9s Maj\u00e1nak csak most jutott esz\u00e9be, mi\u00e9rt is j\u00f6ttek ide.<\/p>\n\n\n\n<p>\u201eSz\u00f3val megy\u00fcnk j\u00e1tszani a szellemekkel?\u201c ki\u00e1ltottak fel lelkesen \u00e9s szedel\u0151zk\u00f6dni kezdtek.<\/p>\n\n\n\n<p>\u201eM\u00e9g nem.\u201c<\/p>\n\n\n\n<p>\u201eMi\u00e9rt?\u201c<\/p>\n\n\n\n<p>\u201eM\u00e9g meg kell n\u00e9znetek a kedvenc j\u00e1tsz\u00f3ter\u00fcnket.\u201c<\/p>\n\n\n\n<p>\u201eEgy \u00fajabbat?\u201c csillant fel a k\u00e9t gyerk\u0151c szeme.<\/p>\n\n\n\n<p>\u201eMhm,\u201c kacsintott Kask\u00f3.<\/p>\n\n\n\n<p>\u201eNah\u00e1t,\u201c a gyerekek nem \u00e9rtett\u00e9k, hogy lehet ennyi j\u00e1tsz\u00f3tere a szellemeknek.<\/p>\n\n\n\n<p>\u201eGyertek m\u00e1r!\u201c s\u00fcrgette \u0151ket Kask\u00f3.<\/p>\n\n\n\n<p>Elk\u00f6sz\u00f6ntek Benjit\u0151l, dobtak m\u00e9g egy utols\u00f3t a rep\u00fcl\u0151t\u00e1ny\u00e9rra \u00e9s elindultak a dombr\u00f3l lefel\u00e9. Tal\u00e1n k\u00e9t \u00f3r\u00e1csk\u00e1t s\u00e9t\u00e1ltak a sz\u00e9p erdei \u00f6sv\u00e9nyeken, amikor felett\u00fck \u00f3ri\u00e1si f\u00fcstfelh\u0151 jelent meg \u00e9s fura hangok hangzottak.<\/p>\n\n\n\n<p>\u201eEz egy s\u00e1\u00e1\u00e1\u00e1rk\u00e1ny!\u201c ki\u00e1ltott fel Maja.<\/p>\n\n\n\n<p>\u201eDehogy, a s\u00e1rk\u00e1nyoknak Haravar\u00e1ban m\u00e9g 650 \u00e9vig aludniuk kell.\u201c<\/p>\n\n\n\n<p>\u201eHogy mondod?\u201c<\/p>\n\n\n\n<p>\u201eHaravara Birodalomban t\u00f6bb s\u00e1rk\u00e1ny is \u00e9l.\u201c<\/p>\n\n\n\n<p>\u201eM\u00e9g az hi\u00e1nyzik!\u201c Maja \u00e9s Maxi majdnem el\u00e1jultak.<\/p>\n\n\n\n<p>\u201e\u00c9s hol vannak?\u201c n\u00e9ztek k\u00f6rbe a gyerekek.<\/p>\n\n\n\n<p>\u201eAlszanak \u00e9s ez \u00edgy is marad m\u00e9g 650 \u00e9vig.\u201c<\/p>\n\n\n\n<p>\u201eMi\u00e9rt?\u201c<\/p>\n\n\n\n<p>\u201eMert a s\u00e1rk\u00e1nyok t\u00e9li \u00e1lma ezer \u00e9vig tart.\u201c<\/p>\n\n\n\n<p>\u201e\u00c9s nem tudn\u00e1nk \u0151ket meglesni?\u201c pr\u00f3b\u00e1lkoztak k\u00f6zelebb ker\u00fclni a s\u00e1rk\u00e1nyokhoz a kis kalandorok.<\/p>\n\n\n\n<p>\u201eM\u00e9g v\u00e9letlen\u00fcl sem,\u201c mondta Kask\u00f3 hat\u00e1rozottan.<\/p>\n\n\n\n<p>\u201eAkkor meg mi ez a sz\u00f6rny\u0171 zaj \u00e9s f\u00fcst?\u201c<\/p>\n\n\n\n<p>\u201eEz a Katka.\u201c<\/p>\n\n\n\n<p>\u201e\u0150 a bar\u00e1tn\u0151d?\u201c<\/p>\n\n\n\n<p>\u201eAz a mi j\u00e1tsz\u00f3ter\u00fcnk.\u201c<\/p>\n\n\n\n<p>\u201eBiztos valami Kata nev\u0171 \u00f3ri\u00e1s,\u201c s\u00fagta Maxi Maja f\u00fcl\u00e9be, \u201eaki elf\u00e1radt \u00e9s most f\u00fajtat meg liheg.\u201c<\/p>\n\n\n\n<p>\u201eVagy \u00f3ri\u00e1s \u00fcstben f\u0151zi a levest.\u201c<\/p>\n\n\n\n<p>Amikor ki\u00e9rtek az erd\u0151b\u0151l, egy nagyon sz\u00e9p kis \u00e1llom\u00e1son tal\u00e1lt\u00e1k magukat, ahol sok gyerek \u00e9s sz\u00fcl\u0151 \u00e1llt, el\u0151tt\u00fcnk pedig egy gy\u00f6ny\u00f6r\u0171, r\u00e9gi vonat.<\/p>\n\n\n\n<p>\u201eEzzel megy\u00fcnk ahhoz a j\u00e1tsz\u00f3t\u00e9rhez?\u201c k\u00e9rdezt\u00e9k.<\/p>\n\n\n\n<p>\u201eEzt vonatot h\u00edvj\u00e1k Katk\u00e1nak \u00e9s ez a mi j\u00e1tsz\u00f3ter\u00fcnk,\u201c vil\u00e1gos\u00edtotta fel a meglepett gyerekeket Kask\u00f3.<\/p>\n\n\n\n<p>\u201eVonat? A k\u00e9t testv\u00e9r nem \u00e9rtette.\u201c<\/p>\n\n\n\n<p>\u201eEz a vonat m\u00e1r 1955 \u00f3ra itt van.\u201c<\/p>\n\n\n\n<p>\u201eSz\u00f3val el\u00e9g r\u00e9gen,\u201c tette hozz\u00e1 Kask\u00f3.<\/p>\n\n\n\n<p>\u00c9s Fif\u00f3 bar\u00e1tom \u00e9ppen akkor a legjobb helyen volt.<\/p>\n\n\n\n<p>\u201eVagyis?\u201c<\/p>\n\n\n\n<p>\u201eFelfedezte ezt a kisvonatot, amit akkor \u00e9p\u00edtettek a gyerekeknek.\u201c<\/p>\n\n\n\n<p>\u201eA gyerekeknek?\u201c<\/p>\n\n\n\n<p>\u201eEz egy gyerekvas\u00fat \u2013 az egyetlen Haravara Birodalomban, de m\u00e9g a messzi t\u00e1volban is.\u201c<\/p>\n\n\n\n<p>\u201eHmmmm,\u201c h\u00fcmm\u00f6gtek elismer\u0151en a gyerekek \u00e9s \u00e9szrevett\u00e9k, hogy itt val\u00f3ban minden a gyerekek sz\u00e1m\u00e1ra k\u00e9sz\u00fclt.<\/p>\n\n\n\n<p>\u201eAmikor \u00e9p\u00fclt, ez az \u00e9n Fif\u00f3 bar\u00e1tom teljesen beleszeretett Katk\u00e1ba,\u201c folytatta Kask\u00f3.<\/p>\n\n\n\n<p>\u201eEgy vonatba?\u201c<\/p>\n\n\n\n<p>\u201eRepkedett benne, elb\u00fajt \u00e9s legink\u00e1bb azt \u00e9lvezte, hogy ez egy g\u0151zmozdony.\u201c<\/p>\n\n\n\n<p>\u201eVagyis kiereszti a g\u0151zt, \u201c a gyerekek most \u00e9rtett\u00e9k meg, mi volt az a f\u00fcstfelh\u0151 a f\u00e1k felett, amit s\u00e1rk\u00e1nynak hittek.<\/p>\n\n\n\n<p>\u201e\u00c9s mi, szellemek, egy dolgot igaz\u00e1n j\u00f3l tudunk.\u201c<\/p>\n\n\n\n<p>\u201eMit?\u201c<\/p>\n\n\n\n<p>\u201eN\u00e9zzetek ide!\u201c Kask\u00f3 a mozdony f\u00f6l\u00e9 rep\u00fclt, r\u00e1\u00fclt a k\u00e9m\u00e9nyre \u00e9s amikor Katka kif\u00fajta a f\u00fcst\u00f6t, Kask\u00f3 j\u00f3 magasra suhant \u00e9s egy f\u00fcstfelh\u0151n himb\u00e1l\u00f3dzott.<\/p>\n\n\n\n<p>\u201eKask\u00f3\u00f3\u00f3\u00f3!\u201c ki\u00e1ltoztak a gyerekek kacagva.<\/p>\n\n\n\n<p>\u201eNos, tetszett a mutatv\u00e1ny?\u201c<\/p>\n\n\n\n<p>\u201eIgen, de az\u00e9rt mi nem fogjuk ezt csin\u00e1lni, ugye?\u201c k\u00e9rdezte Maja kicsi ijedten.<\/p>\n\n\n\n<p>\u201eNem, ti csak fel\u00fclt\u00f6k a vonatra \u00e9s l\u00e1tni fogj\u00e1tok a t\u00e1jat, az eg\u00e9sz k\u00f6rny\u00e9ket.\u201c<\/p>\n\n\n\n<p>\u201eHogyhogy?\u201c a gyerekek nem \u00e9rtett\u00e9k.<\/p>\n\n\n\n<p>\u201eMert Fif\u00f3 annakidej\u00e9n ijesztgette azokat, akik a vasutat \u00e9p\u00edtett\u00e9k, \u00e9s b\u00e1r nem tudom mi\u00e9rt, de az emberek f\u00e9lnek a szellemekt\u0151l, ez\u00e9rt nem \u00e9p\u00edtettek ablakokat a vonatra.\u201c<\/p>\n\n\n\n<p>\u201eHogy tudjatok ki-be rep\u00fclni rajta.\u201c<\/p>\n\n\n\n<p>\u201ePontosan! Vonatos j\u00e1t\u00e9k, nyitott ablakokkal, az m\u00e1r igen!\u201c<\/p>\n\n\n\n<p>\u201eM\u00e1r \u00e9rtj\u00fck,\u201c \u00e9s a gyerekek igaz\u00e1n j\u00f3l el tudt\u00e1k k\u00e9pzelni, hogy itt repkednek a szellemek \u00e9s fog\u00f3csk\u00e1znak, vagyis r\u00f6pfog\u00f3csk\u00e1znak.<\/p>\n\n\n\n<p>A vonat el\u00e9 be\u00e1llt egy ifj\u00fa forgalmi szolg\u00e1lattev\u0151, mert a gyermekvas\u00faton a forgalomir\u00e1ny\u00edt\u00f3k, az ellen\u0151r\u00f6k \u00e9s a kalauzok is mind gyerekek. Belef\u00fajt a s\u00edpj\u00e1ba \u00e9s felemelte a z\u00f6ld sz\u00edn\u0171 t\u00e1bl\u00e1t, mire a vonat mozg\u00e1sba lend\u00fclt. \u00c9lvezetes 20 percet utaztak a f\u00e1k k\u00f6z\u00f6tt, n\u00e9ha m\u00e9g egy erdei \u00e1llatot is l\u00e1ttak, \u00e9s ara gondoltak, milyen j\u00f3 lesz itt j\u00e1tszani a szellembar\u00e1taikkal. A kisvonat egy \u00fajabb j\u00e1tsz\u00f3t\u00e9rn\u00e9l \u00e1llt meg.<\/p>\n\n\n\n<p>\u201eFigyelj csak, Kask\u00f3...\u201c<\/p>\n\n\n\n<p>\u201eIgen?\u201c k\u00e9rdezte Kask\u00f3 \u00e9s k\u00f6zben azt rajzolta, hogy melyik szellem milyen p\u00e1ly\u00e1n fog rep\u00fclni.<\/p>\n\n\n\n<p>\u201eEz a j\u00e1tsz\u00f3terek v\u00f6lgye?\u201c<\/p>\n\n\n\n<p>\u201eEz itt az Alpinka.\u201c<\/p>\n\n\n\n<p>\u201eEnnyit aludtunk volna?\u201c<\/p>\n\n\n\n<p>\u201eMi\u00e9rt k\u00e9rdezed?\u201c<\/p>\n\n\n\n<p>\u201eM\u00e1ris az Alpokba jutottunk?\u201c<\/p>\n\n\n\n<p>\u201eNem az Alpokba, csak az Alpink\u00e1ra. \u201c<\/p>\n\n\n\n<p>\u201eDe mi az?\u201c<\/p>\n\n\n\n<p>\u201eEz az a hely, ahov\u00e1 a kassaiak m\u00e1r r\u00e9g\u00f3ta kir\u00e1ndulnak \u00e9s nyaral\u00f3kat is \u00e9p\u00edtettek itt, alpesi st\u00edlusban.\u201c<\/p>\n\n\n\n<p>\u201eAha, sz\u00f3val ez\u00e9rt Alpinka,\u201c \u00e9rtett\u00e9k meg Max \u00e9s Maja.<\/p>\n\n\n\n<p>\u201eEz\u00e9rt,\u201c b\u00f3lintott r\u00e1 Kask\u00f3, mik\u00f6zben ellen\u0151rizze a homokot a homokoz\u00f3ban \u00e9s a cs\u00faszd\u00e1k cs\u00fasz\u00f3fel\u00fclet\u00e9t.<\/p>\n\n\n\n<p>\u201eItt is van egy vonat, csak ez nem f\u00fajja a f\u00fcst\u00f6t.\u201c<\/p>\n\n\n\n<p>\u201eEz nem vonat, hanem hajt\u00e1ny,\u201c magyar\u00e1zta Kask\u00f3 \u00e9s m\u00e1ris leellen\u0151rizte, hogy \u00fagy m\u0171k\u00f6dik-e, ahogy kell.<\/p>\n\n\n\n<p>\u201eHajt\u00e1ny?\u201c<\/p>\n\n\n\n<p>\u201e\u00dclj fel.\u201c<\/p>\n\n\n\n<p>Maja \u00e9s Maxi fel\u00fcltek a fura vonatra. \u201e\u00c9s most hajts\u00e1tok, taposs\u00e1tok a ped\u00e1lokat,\u201c adta a tan\u00e1csot Kask\u00f3.<\/p>\n\n\n\n<p>\u201eMint a biciklin?\u201c<\/p>\n\n\n\n<p>\u201eMajdnem \u00fagy.\u201c<\/p>\n\n\n\n<p>R\u00e1l\u00e9ptek h\u00e1t a ped\u00e1lokra \u00e9s a hajt\u00e1ny megmozdult \u00e9s val\u00f3ban \u00fagy haladt, mint a vonat a v\u00e1g\u00e1nyokon.<\/p>\n\n\n\n<p>\u201eEz nagyszer\u0171 m\u00f3ka,\u201c kiab\u00e1ltak a gyerekek, de hirtelen elhallgattak.<\/p>\n\n\n\n<p>\u201eEz meg mi volt?\u201c<\/p>\n\n\n\n<p>\u201eIndi\u00e1n dobok. Tam-tam.\u201c<\/p>\n\n\n\n<p>\u201eIndi\u00e1nok?\u201c<\/p>\n\n\n\n<p>\u201eA haravarai emberek az Alpink\u00e1ra nemcsak pihenni j\u00e1rnak, hanem j\u00e1tszani is, mert itt vannak indi\u00e1n s\u00e1trak is, ahol igazi indi\u00e1nnak \u00e9rezheti mag\u00e1t a v\u00e1roslak\u00f3.\u201d<\/p>\n\n\n\n<p>\u201ePomp\u00e1s! Menj\u00fcnk oda.\u201c<\/p>\n\n\n\n<p>\u201eEgy pillanat, oda majd k\u00e9s\u0151bb megy\u00fcnk, most arra fogunk menni.\u201c<\/p>\n\n\n\n<p>A gyerekek a s\u00e1tor m\u00f6g\u00e9 n\u00e9ztek, ahol egy \u00f3ri\u00e1si j\u00e1tsz\u00f3t\u00e9r volt, teli cs\u00faszd\u00e1kkal, m\u00e1sz\u00f3k\u00e1kkal \u00e9s a f\u00e1kon k\u00f6telekkel.<\/p>\n\n\n\n<p>\u201eEz micsoda?\u201c a gyerekek nem \u00e9rtett\u00e9k.<\/p>\n\n\n\n<p>\u201eTarz\u00e1nia.\u201c<\/p>\n\n\n\n<p>\u201eHogy mondod?\u201c<\/p>\n\n\n\n<p>\u201eK\u00f6t\u00e9lp\u00e1lya,\u201c mutatott Kask\u00f3 a fi\u00fakra, akik a f\u00e1k k\u00f6z\u00f6tt, a magasban m\u00e1sztak egyik k\u00f6t\u00e9lh\u00eddr\u00f3l a m\u00e1sikra.<\/p>\n\n\n\n<p>\u201eEz is a ti j\u00e1t\u00e9kotok?\u201c<\/p>\n\n\n\n<p>\u201eItt csak pr\u00f3b\u00e1lj\u00e1tok ki, hogy nem f\u00e9ltek-e a magasban.\u201c<\/p>\n\n\n\n<p>\u201eMert?\u201c<\/p>\n\n\n\n<p>\u201eMert a szellemekkel \u00e1ltal\u00e1ban \u00fagy j\u00e1tszunk, hogy rep\u00fcl\u00fcnk. Sz\u00f3val, gyer\u00fcnk.\u201c<\/p>\n\n\n\n<p>A k\u00e9t gyerek elindult a k\u00f6t\u00e9lp\u00e1ly\u00e1k fel\u00e9, de term\u00e9szetesen k\u00f6zben meg\u00e1lltak a m\u00e1sz\u00f3k\u00e1kn\u00e1l, a homokoz\u00f3ban, ettek egy fagyit, ittak te\u00e1t \u00e9s m\u00e9g egy \u00f3r\u00e1n \u00e1t csak hint\u00e1ztak a f\u00e1kat \u00f6sszek\u00f6t\u0151 k\u00f6teleken.<\/p>\n\n\n\n<p>\u201eNe f\u00e9ljetek, nem esik bajotok, alattatok h\u00e1l\u00f3 fesz\u00fcl. Csak pr\u00f3b\u00e1lj\u00e1tok ki, f\u00e9ltek-e m\u00e9g a magasban.\u201c<\/p>\n\n\n\n<p>Maja \u00e9s Maxi igazi Tarzan m\u00f3dj\u00e1ra m\u00e1sztak.<\/p>\n\n\n\n<p>\u201eK\u00e9szen \u00e1llunk, Kask\u00f3!\u201c<\/p>\n\n\n\n<p>\u201eAkkor gyertek, most visszabuszozunk Kass\u00e1ra.\u201c<\/p>\n\n\n\n<p>\u201eOtt vannak a szellemj\u00e1t\u00e9kok?\u201c<\/p>\n\n\n\n<p>\u201eNem, a j\u00e1t\u00e9kok term\u00e9szetesen az Alpink\u00e1n \u00e9s az Eprestet\u0151n vannak.\u201c<\/p>\n\n\n\n<p>\u201eAkkor minek megy\u00fcnk Kass\u00e1ra?\u201c<\/p>\n\n\n\n<p>\u201eHogy tudjatok rep\u00fclni!\u201c<\/p>\n\n\n\n<p>Maxi \u00e9s Maja egym\u00e1sra n\u00e9zte, nem \u00e9rtett\u00e9k, Kask\u00f3 mir\u0151l besz\u00e9l, de biztosak voltak benne, hogy egy \u00fajabb kaland el\u00e9 n\u00e9znek.<\/p>\n\n\n\n<p>Egy kis id\u0151 m\u00falva m\u00e1r a v\u00e1rosban voltak, egy kapu el\u0151tt, amely m\u00f6g\u00f6tt \u00f3ri\u00e1si \u00fcvegh\u00e1zak l\u00e1tszottak.<\/p>\n\n\n\n<p>\u201eEz meg mi lehet?\u201c Maja nem \u00e9rtette.<\/p>\n\n\n\n<p>\u201eEz, k\u00e9rem sz\u00e9pen, a botanikus kert.\u201c<\/p>\n\n\n\n<p>\u201eId\u00e1ig \u00e9rzem a vir\u00e1gillatot.\u201c<\/p>\n\n\n\n<p>\u201eEz nem egy szok\u00e1sos botanikus kert.\u201c<\/p>\n\n\n\n<p>\u201eMivelhogy nem szok\u00e1sos?\u201c<\/p>\n\n\n\n<p>\u201e\u00cdgy van, nem szok\u00e1sos,\u201c folytatta Kask\u00f3 a magyar\u00e1zatot, \u201em\u00e9gpedig az\u00e9rt, mert ez a kert a tud\u00f3sok\u00e9 \u00e9s a di\u00e1kok\u00e9..\u201c<\/p>\n\n\n\n<p>\u201e\u00c9s \u0151k beengednek minket ide?\u201c v\u00e1gott a szav\u00e1ba Maja.<\/p>\n\n\n\n<p>\u201eA kert a tud\u00f3sok\u00e9 \u00e9s az egyetemi hallgat\u00f3k\u00e9, de nagyon sok rendezv\u00e9nyt tartanak itt a gyerekeknek \u00e9s a csal\u00e1doknak.\u201c<\/p>\n\n\n\n<p>\u201eP\u00e9ld\u00e1ul?\u201c<\/p>\n\n\n\n<p>\u201eKoncerteket \u00e9s ki\u00e1ll\u00edt\u00e1sokat, \u00e9s azt is meg lehet n\u00e9zni, amikor sz\u00ednes pillang\u00f3k b\u00fajnak el\u0151 a b\u00e1bokb\u00f3l.\u201c<\/p>\n\n\n\n<p>\u201eHogy mi err\u0151l nem tudtunk!\u201c csod\u00e1lkozott Maja \u00e9s amikor bel\u00e9ptek, m\u00e9g a sz\u00e1ja is t\u00e1tva maradt.  Egy\u00e1ltal\u00e1n nem \u00e9rtette, hov\u00e1 cs\u00f6ppent. Tavacska, \u00e1llatok, padok, mindenfel\u00e9 sz\u00ednes vir\u00e1gok, rendezett j\u00e1rd\u00e1k, az \u00fcvegh\u00e1zakban p\u00e1lmaf\u00e1k, ban\u00e1nf\u00e1k, citromf\u00e1k \u00e9s mindenf\u00e9le kaktuszok....<\/p>\n\n\n\n<p>\u201eAzt hiszem, itt sok\u00e1ig maradunk,\u201c mosolygott Maja \u00e9s lehuppant egy gy\u00f6ny\u00f6r\u0171 halast\u00f3 partj\u00e1n.<\/p>\n\n\n\n<p>\u201eEl\u0151sz\u00f6r a herb\u00e1riumba megy\u00fcnk,\u201c adta ki a parancsot Kask\u00f3.<\/p>\n\n\n\n<p>\u201eHov\u00e1?\u201c<\/p>\n\n\n\n<p>\u201eA vir\u00e1g\u00e1gy\u00e1sokon, az \u00fcvegh\u00e1zakon \u00e9s a tavakon k\u00edv\u00fcl k\u00f6nyvt\u00e1r is van itt, a term\u00e9szetr\u0151l sz\u00f3l\u00f3 k\u00f6nyvekkel, \u00e9s egy herb\u00e1rium is.\u201c<\/p>\n\n\n\n<p>\u201eAbba pr\u00e9selik a n\u00f6v\u00e9nyeket?\u201c<\/p>\n\n\n\n<p>\u201eVan itt egy r\u00e9ges-r\u00e9gi herb\u00e1rium, \u00e9s abban kell megkeresn\u00fcnk egy n\u00f6v\u00e9nyt.\u201c<\/p>\n\n\n\n<p>\u201e\u00c9s nem kereshetn\u00e9nk meg a botanikus kertben?\u201c<\/p>\n\n\n\n<p>\u201eAhol k\u00e1b\u00e9 1500 fajta n\u00f6v\u00e9ny van? Hol is kezdj\u00fck?\u201c mutatott r\u00e1 Kask\u00f3 a sok sz\u00e9p n\u00f6v\u00e9nyre, a vir\u00e1gokra.<\/p>\n\n\n\n<p>\u201eAzt bizony nem tudom,\u201c vallotta be Maja.<\/p>\n\n\n\n<p>\u201eR\u00e1ad\u00e1sul az a n\u00f6v\u00e9ny nem n\u0151het itt.\u201c<\/p>\n\n\n\n<p>\u201eMi\u00e9rt?\u201c<\/p>\n\n\n\n<p>\u201eMert annak rep\u00fcl\u0151 hat\u00e1sa van, \u00e9s ha csak \u00fagy szabadon n\u0151ne itt, akkor a tud\u00f3sok r\u00e1j\u00f6nn\u00e9nek \u00e9s mindenfel\u00e9 repkedn\u00e9nek.\u201c<\/p>\n\n\n\n<p>\u201eDej\u00f3\u00f3\u00f3\u00f3\u00f3!\u201c ujjongtak a gyerekek.<\/p>\n\n\n\n<p>\u201eDe az nem j\u00f3!,  h\u0151k\u00f6lt meg Kask\u00f3.<\/p>\n\n\n\n<p>\u201eMi\u00e9rt?\u201c<\/p>\n\n\n\n<p>\u201eAzt nem tudom pontosan, de megv\u00e1ltoztatn\u00e1 a vil\u00e1g rendj\u00e9t.\u201c<\/p>\n\n\n\n<p>\u201eEbben igazad van.\u201c<\/p>\n\n\n\n<p>Kask\u00f3 berep\u00fclt egy helyis\u00e9gbe, Max \u00e9s Maja pedig ut\u00e1nafutottak, hogy belelapozhassanak a r\u00e9gi herb\u00e1riumba.<\/p>\n\n\n\n<p>\u201eEz az, itt van!\u201c Kask\u00f3 megr\u00e1zta  a n\u00f6v\u00e9nyt, \u00e9s por sz\u00e1llt fel bel\u0151le, egy var\u00e1zspor, amit ez a n\u00f6v\u00e9ny, a k\u00f6z\u00f6ns\u00e9ges r\u00f6ptet\u0151ke hozott l\u00e9tre. A gyerekek belesz\u00f3rt\u00e1k a port egy kis v\u00edzbe, mintha csak \u00fcd\u00edt\u0151t k\u00e9sz\u00edten\u00e9nek, \u00e9s m\u00e1ris tudtak rep\u00fclni.<\/p>\n\n\n\n<p>Ezut\u00e1n a botanikus kertben id\u0151ztek, eg\u00e9szen estig csod\u00e1lt\u00e1k az \u00e1llatokat \u00e9s a n\u00f6v\u00e9nyeket, olvastak \u00e9s rajzoltak. Este Kask\u00f3 elvitte \u0151ket a Szellemj\u00e1t\u00e9kokra. Ha Maja \u00e9s Maxi el nem aludt volna, akkor megn\u00e9zhett\u00e9k volna, hogyan kerget\u0151znek a szellemek, fel\u00fclnek a gyermekvas\u00fatra, versenyeznek a rep\u00fcl\u00e9sben az Eprestet\u0151re \u00e9s vissza.... de mivel gy\u0151z\u00f6tt felett\u00fck az \u00e1lom, a szellemek hazasz\u00e1ll\u00edtott\u00e1k \u0151ket.<\/p>\n\n\n\n<p>\u00c9s amikor m\u00e1snap reggel fel\u00e9bredtek, nyakukban l\u00f3gott a leg\u00e9desebb \u00e1lmot alv\u00f3knak j\u00e1r\u00f3 \u00e9rem.<\/p>\n\n\n\n<p>S\u0151t, Maxi m\u00e9g a legcsendesebb horkol\u00e1s d\u00edj\u00e1t is elnyerte!<\/p>\n<\/div><\/div>","protected":false},"excerpt":{"rendered":"<p>Max\u00edk a Majka sa v da\u017ediv\u00fd de\u0148 nudia doma, no ne\u010dakan\u00e1 n\u00e1v\u0161teva ich kamar\u00e1ta ducha Ka\u0161ka im v\u0161etko zmen\u00ed. Ka\u0161ko ich vezme na Hrav\u00e9 dni duchov, kde sa deti u\u010dia nov\u00e9, netradi\u010dn\u00e9 hry, ktor\u00e9 hr\u00e1vaj\u00fa duchovia z krajiny Haravara.<\/p>\n<p>Spolu nav\u0161t\u00edvia Jahodn\u00fa, kde sa nau\u010dia hra\u0165 discgolf, potom sa presun\u00fa na Alpinku \u2013 miesto pln\u00e9 ihr\u00edsk, lanov\u00fdch parkov a z\u00e1bavy. Zvez\u00fa sa parn\u00fdm vl\u00e1\u010dikom Katka, objavia drezinu, vysk\u00fa\u0161aj\u00fa si Tarzaniu aj indi\u00e1nske t\u00edp\u00ed. Ich dobrodru\u017estvo vrchol\u00ed v botanickej z\u00e1hrade v Ko\u0161iciach, kde v tajnom herb\u00e1ri n\u00e1jdu z\u00e1zra\u010dn\u00fa rastlinku \u2013 vzn\u00e1\u0161ajn\u00ed\u010dek najoby\u010dajnej\u0161\u00ed, ktor\u00fd im umo\u017en\u00ed lieta\u0165.<\/p>\n<p>Hoci na skuto\u010dn\u00e9 Hry duchov nakoniec zaspia, r\u00e1no sa prebudia s medailami za \u00fa\u010das\u0165 \u2013 a s hlavou plnou z\u00e1\u017eitkov z v\u00fdnimo\u010dn\u00e9ho d\u0148a, ktor\u00fd im duchovia pripravili.<\/p>","protected":false},"featured_media":19372,"menu_order":0,"template":"","format":"standard","meta":{"_acf_changed":false,"footnotes":""},"categories":[],"class_list":["post-19124","pribehy","type-pribehy","status-publish","format-standard","has-post-thumbnail","hentry"],"acf":[],"yoast_head":"<!-- This site is optimized with the Yoast SEO Premium plugin v22.7 (Yoast SEO v27.2) - https:\/\/yoast.com\/product\/yoast-seo-premium-wordpress\/ -->\n<title>Ako sa hraj\u00fa duchovia - HARAVARA Pr\u00edbehy (rozpr\u00e1vky)<\/title>\n<meta name=\"description\" content=\"V \u010fal\u0161ej rozpr\u00e1vke z krajiny Haravara sa dozviete, \u017ee zvieratk\u00e1 v ZOO sn\u00edvaj\u00fa po\u010das zimy o r\u00f4znych veciach. Ka\u0161ko s de\u0165mi sa im rozhodn\u00fa pom\u00f4c\u0165 splni\u0165 sny: pripravia zvierac\u00ed ples pri Tis\u00edcro\u010dnej kaplnke, rybk\u00e1m splnia sen o \u0161m\u00fdkan\u00ed na d\u00fahe (v skuto\u010dnosti ide o umeleck\u00e9 dielo \u201cD\u00faha, ktor\u00e1 pije vodu\u201d).\" \/>\n<meta name=\"robots\" content=\"index, follow, max-snippet:-1, max-image-preview:large, max-video-preview:-1\" \/>\n<link rel=\"canonical\" href=\"https:\/\/www.haravara.sk\/hu\/pribehy\/ako-sa-hraju-duchovia\/\" \/>\n<meta property=\"og:locale\" content=\"hu_HU\" \/>\n<meta property=\"og:type\" content=\"article\" \/>\n<meta property=\"og:title\" content=\"Ako sa hraj\u00fa duchovia\" \/>\n<meta property=\"og:description\" content=\"V \u010fal\u0161ej rozpr\u00e1vke z krajiny Haravara sa dozviete, \u017ee zvieratk\u00e1 v ZOO sn\u00edvaj\u00fa po\u010das zimy o r\u00f4znych veciach. Ka\u0161ko s de\u0165mi sa im rozhodn\u00fa pom\u00f4c\u0165 splni\u0165 sny: pripravia zvierac\u00ed ples pri Tis\u00edcro\u010dnej kaplnke, rybk\u00e1m splnia sen o \u0161m\u00fdkan\u00ed na d\u00fahe (v skuto\u010dnosti ide o umeleck\u00e9 dielo \u201cD\u00faha, ktor\u00e1 pije vodu\u201d).\" \/>\n<meta property=\"og:url\" content=\"https:\/\/www.haravara.sk\/hu\/pribehy\/ako-sa-hraju-duchovia\/\" \/>\n<meta property=\"og:site_name\" content=\"HARAVARA\" \/>\n<meta property=\"article:publisher\" content=\"https:\/\/www.facebook.com\/haravara.detsky.svet\" \/>\n<meta property=\"article:modified_time\" content=\"2026-03-22T13:26:05+00:00\" \/>\n<meta property=\"og:image\" content=\"https:\/\/www.haravara.sk\/wp-content\/uploads\/2022\/07\/Haravara-pribehove-ilustracie-FB-48.png\" \/>\n\t<meta property=\"og:image:width\" content=\"1200\" \/>\n\t<meta property=\"og:image:height\" content=\"628\" \/>\n\t<meta property=\"og:image:type\" content=\"image\/png\" \/>\n<meta name=\"twitter:card\" content=\"summary_large_image\" \/>\n<meta name=\"twitter:description\" content=\"Vonku u\u017e tro\u0161ku mrzlo. R\u00e1no si mamky a ockovia museli \u010disti\u0165 okn\u00e1 na aut\u00e1ch od mraz\u00edku a Ka\u0161ko a ostatn\u00ed duchovia si museli\u2026 vlastne nemuseli ni\u010d. Duchovia toti\u017e nec\u00edtia zimu ani teplo. C\u00edtia to len vtedy, ke\u010f n\u00e1hodou dostan\u00fa nejak\u00fa d\u00fa\u0161iu chorobu.\" \/>\n<meta name=\"twitter:label1\" content=\"Becs\u00fclt olvas\u00e1si id\u0151\" \/>\n\t<meta name=\"twitter:data1\" content=\"12 perc\" \/>\n<script type=\"application\/ld+json\" class=\"yoast-schema-graph\">{\"@context\":\"https:\/\/schema.org\",\"@graph\":[{\"@type\":\"WebPage\",\"@id\":\"https:\/\/www.haravara.sk\/pribehy\/ako-sa-hraju-duchovia\/\",\"url\":\"https:\/\/www.haravara.sk\/pribehy\/ako-sa-hraju-duchovia\/\",\"name\":\"Ako sa hraj\u00fa duchovia - HARAVARA Pr\u00edbehy (rozpr\u00e1vky)\",\"isPartOf\":{\"@id\":\"https:\/\/www.haravara.sk\/#website\"},\"primaryImageOfPage\":{\"@id\":\"https:\/\/www.haravara.sk\/pribehy\/ako-sa-hraju-duchovia\/#primaryimage\"},\"image\":{\"@id\":\"https:\/\/www.haravara.sk\/pribehy\/ako-sa-hraju-duchovia\/#primaryimage\"},\"thumbnailUrl\":\"https:\/\/www.haravara.sk\/wp-content\/uploads\/2022\/07\/Haravara-pribehove-ilustracie-FB-46.png\",\"datePublished\":\"2022-07-05T22:28:03+00:00\",\"dateModified\":\"2026-03-22T13:26:05+00:00\",\"description\":\"V \u010fal\u0161ej rozpr\u00e1vke z krajiny Haravara sa dozviete, \u017ee zvieratk\u00e1 v ZOO sn\u00edvaj\u00fa po\u010das zimy o r\u00f4znych veciach. Ka\u0161ko s de\u0165mi sa im rozhodn\u00fa pom\u00f4c\u0165 splni\u0165 sny: pripravia zvierac\u00ed ples pri Tis\u00edcro\u010dnej kaplnke, rybk\u00e1m splnia sen o \u0161m\u00fdkan\u00ed na d\u00fahe (v skuto\u010dnosti ide o umeleck\u00e9 dielo \u201cD\u00faha, ktor\u00e1 pije vodu\u201d).\",\"breadcrumb\":{\"@id\":\"https:\/\/www.haravara.sk\/pribehy\/ako-sa-hraju-duchovia\/#breadcrumb\"},\"inLanguage\":\"hu\",\"potentialAction\":[{\"@type\":\"ReadAction\",\"target\":[\"https:\/\/www.haravara.sk\/pribehy\/ako-sa-hraju-duchovia\/\"]}]},{\"@type\":\"ImageObject\",\"inLanguage\":\"hu\",\"@id\":\"https:\/\/www.haravara.sk\/pribehy\/ako-sa-hraju-duchovia\/#primaryimage\",\"url\":\"https:\/\/www.haravara.sk\/wp-content\/uploads\/2022\/07\/Haravara-pribehove-ilustracie-FB-46.png\",\"contentUrl\":\"https:\/\/www.haravara.sk\/wp-content\/uploads\/2022\/07\/Haravara-pribehove-ilustracie-FB-46.png\",\"width\":1200,\"height\":628},{\"@type\":\"BreadcrumbList\",\"@id\":\"https:\/\/www.haravara.sk\/pribehy\/ako-sa-hraju-duchovia\/#breadcrumb\",\"itemListElement\":[{\"@type\":\"ListItem\",\"position\":1,\"name\":\"Domov\",\"item\":\"https:\/\/www.haravara.sk\/\"},{\"@type\":\"ListItem\",\"position\":2,\"name\":\"Pr\u00edbehy\",\"item\":\"https:\/\/www.haravara.sk\/pribehy\/\"},{\"@type\":\"ListItem\",\"position\":3,\"name\":\"Ako sa hraj\u00fa duchovia\"}]},{\"@type\":\"WebSite\",\"@id\":\"https:\/\/www.haravara.sk\/#website\",\"url\":\"https:\/\/www.haravara.sk\/\",\"name\":\"HARAVARA\",\"description\":\"Objav detsk\u00fd svet v Ko\u0161ickom kraji\",\"publisher\":{\"@id\":\"https:\/\/www.haravara.sk\/#organization\"},\"potentialAction\":[{\"@type\":\"SearchAction\",\"target\":{\"@type\":\"EntryPoint\",\"urlTemplate\":\"https:\/\/www.haravara.sk\/?s={search_term_string}\"},\"query-input\":{\"@type\":\"PropertyValueSpecification\",\"valueRequired\":true,\"valueName\":\"search_term_string\"}}],\"inLanguage\":\"hu\"},{\"@type\":\"Organization\",\"@id\":\"https:\/\/www.haravara.sk\/#organization\",\"name\":\"Haravara\",\"url\":\"https:\/\/www.haravara.sk\/\",\"logo\":{\"@type\":\"ImageObject\",\"inLanguage\":\"hu\",\"@id\":\"https:\/\/www.haravara.sk\/#\/schema\/logo\/image\/\",\"url\":\"https:\/\/www.haravara.sk\/wp-content\/uploads\/2021\/04\/LOGO-LandingPage.png\",\"contentUrl\":\"https:\/\/www.haravara.sk\/wp-content\/uploads\/2021\/04\/LOGO-LandingPage.png\",\"width\":832,\"height\":618,\"caption\":\"Haravara\"},\"image\":{\"@id\":\"https:\/\/www.haravara.sk\/#\/schema\/logo\/image\/\"},\"sameAs\":[\"https:\/\/www.facebook.com\/haravara.detsky.svet\"]}]}<\/script>\n<!-- \/ Yoast SEO Premium plugin. -->","yoast_head_json":{"title":"Ako sa hraj\u00fa duchovia - HARAVARA Pr\u00edbehy (rozpr\u00e1vky)","description":"V \u010fal\u0161ej rozpr\u00e1vke z krajiny Haravara sa dozviete, \u017ee zvieratk\u00e1 v ZOO sn\u00edvaj\u00fa po\u010das zimy o r\u00f4znych veciach. Ka\u0161ko s de\u0165mi sa im rozhodn\u00fa pom\u00f4c\u0165 splni\u0165 sny: pripravia zvierac\u00ed ples pri Tis\u00edcro\u010dnej kaplnke, rybk\u00e1m splnia sen o \u0161m\u00fdkan\u00ed na d\u00fahe (v skuto\u010dnosti ide o umeleck\u00e9 dielo \u201cD\u00faha, ktor\u00e1 pije vodu\u201d).","robots":{"index":"index","follow":"follow","max-snippet":"max-snippet:-1","max-image-preview":"max-image-preview:large","max-video-preview":"max-video-preview:-1"},"canonical":"https:\/\/www.haravara.sk\/hu\/pribehy\/ako-sa-hraju-duchovia\/","og_locale":"hu_HU","og_type":"article","og_title":"Ako sa hraj\u00fa duchovia","og_description":"V \u010fal\u0161ej rozpr\u00e1vke z krajiny Haravara sa dozviete, \u017ee zvieratk\u00e1 v ZOO sn\u00edvaj\u00fa po\u010das zimy o r\u00f4znych veciach. Ka\u0161ko s de\u0165mi sa im rozhodn\u00fa pom\u00f4c\u0165 splni\u0165 sny: pripravia zvierac\u00ed ples pri Tis\u00edcro\u010dnej kaplnke, rybk\u00e1m splnia sen o \u0161m\u00fdkan\u00ed na d\u00fahe (v skuto\u010dnosti ide o umeleck\u00e9 dielo \u201cD\u00faha, ktor\u00e1 pije vodu\u201d).","og_url":"https:\/\/www.haravara.sk\/hu\/pribehy\/ako-sa-hraju-duchovia\/","og_site_name":"HARAVARA","article_publisher":"https:\/\/www.facebook.com\/haravara.detsky.svet","article_modified_time":"2026-03-22T13:26:05+00:00","og_image":[{"width":1200,"height":628,"url":"https:\/\/www.haravara.sk\/wp-content\/uploads\/2022\/07\/Haravara-pribehove-ilustracie-FB-48.png","type":"image\/png"}],"twitter_card":"summary_large_image","twitter_description":"Vonku u\u017e tro\u0161ku mrzlo. R\u00e1no si mamky a ockovia museli \u010disti\u0165 okn\u00e1 na aut\u00e1ch od mraz\u00edku a Ka\u0161ko a ostatn\u00ed duchovia si museli\u2026 vlastne nemuseli ni\u010d. Duchovia toti\u017e nec\u00edtia zimu ani teplo. C\u00edtia to len vtedy, ke\u010f n\u00e1hodou dostan\u00fa nejak\u00fa d\u00fa\u0161iu chorobu.","twitter_misc":{"Becs\u00fclt olvas\u00e1si id\u0151":"12 perc"},"schema":{"@context":"https:\/\/schema.org","@graph":[{"@type":"WebPage","@id":"https:\/\/www.haravara.sk\/pribehy\/ako-sa-hraju-duchovia\/","url":"https:\/\/www.haravara.sk\/pribehy\/ako-sa-hraju-duchovia\/","name":"Ako sa hraj\u00fa duchovia - HARAVARA Pr\u00edbehy (rozpr\u00e1vky)","isPartOf":{"@id":"https:\/\/www.haravara.sk\/#website"},"primaryImageOfPage":{"@id":"https:\/\/www.haravara.sk\/pribehy\/ako-sa-hraju-duchovia\/#primaryimage"},"image":{"@id":"https:\/\/www.haravara.sk\/pribehy\/ako-sa-hraju-duchovia\/#primaryimage"},"thumbnailUrl":"https:\/\/www.haravara.sk\/wp-content\/uploads\/2022\/07\/Haravara-pribehove-ilustracie-FB-46.png","datePublished":"2022-07-05T22:28:03+00:00","dateModified":"2026-03-22T13:26:05+00:00","description":"V \u010fal\u0161ej rozpr\u00e1vke z krajiny Haravara sa dozviete, \u017ee zvieratk\u00e1 v ZOO sn\u00edvaj\u00fa po\u010das zimy o r\u00f4znych veciach. Ka\u0161ko s de\u0165mi sa im rozhodn\u00fa pom\u00f4c\u0165 splni\u0165 sny: pripravia zvierac\u00ed ples pri Tis\u00edcro\u010dnej kaplnke, rybk\u00e1m splnia sen o \u0161m\u00fdkan\u00ed na d\u00fahe (v skuto\u010dnosti ide o umeleck\u00e9 dielo \u201cD\u00faha, ktor\u00e1 pije vodu\u201d).","breadcrumb":{"@id":"https:\/\/www.haravara.sk\/pribehy\/ako-sa-hraju-duchovia\/#breadcrumb"},"inLanguage":"hu","potentialAction":[{"@type":"ReadAction","target":["https:\/\/www.haravara.sk\/pribehy\/ako-sa-hraju-duchovia\/"]}]},{"@type":"ImageObject","inLanguage":"hu","@id":"https:\/\/www.haravara.sk\/pribehy\/ako-sa-hraju-duchovia\/#primaryimage","url":"https:\/\/www.haravara.sk\/wp-content\/uploads\/2022\/07\/Haravara-pribehove-ilustracie-FB-46.png","contentUrl":"https:\/\/www.haravara.sk\/wp-content\/uploads\/2022\/07\/Haravara-pribehove-ilustracie-FB-46.png","width":1200,"height":628},{"@type":"BreadcrumbList","@id":"https:\/\/www.haravara.sk\/pribehy\/ako-sa-hraju-duchovia\/#breadcrumb","itemListElement":[{"@type":"ListItem","position":1,"name":"Domov","item":"https:\/\/www.haravara.sk\/"},{"@type":"ListItem","position":2,"name":"Pr\u00edbehy","item":"https:\/\/www.haravara.sk\/pribehy\/"},{"@type":"ListItem","position":3,"name":"Ako sa hraj\u00fa duchovia"}]},{"@type":"WebSite","@id":"https:\/\/www.haravara.sk\/#website","url":"https:\/\/www.haravara.sk\/","name":"HARAVARA","description":"Objav detsk\u00fd svet v Ko\u0161ickom kraji","publisher":{"@id":"https:\/\/www.haravara.sk\/#organization"},"potentialAction":[{"@type":"SearchAction","target":{"@type":"EntryPoint","urlTemplate":"https:\/\/www.haravara.sk\/?s={search_term_string}"},"query-input":{"@type":"PropertyValueSpecification","valueRequired":true,"valueName":"search_term_string"}}],"inLanguage":"hu"},{"@type":"Organization","@id":"https:\/\/www.haravara.sk\/#organization","name":"Haravara","url":"https:\/\/www.haravara.sk\/","logo":{"@type":"ImageObject","inLanguage":"hu","@id":"https:\/\/www.haravara.sk\/#\/schema\/logo\/image\/","url":"https:\/\/www.haravara.sk\/wp-content\/uploads\/2021\/04\/LOGO-LandingPage.png","contentUrl":"https:\/\/www.haravara.sk\/wp-content\/uploads\/2021\/04\/LOGO-LandingPage.png","width":832,"height":618,"caption":"Haravara"},"image":{"@id":"https:\/\/www.haravara.sk\/#\/schema\/logo\/image\/"},"sameAs":["https:\/\/www.facebook.com\/haravara.detsky.svet"]}]}},"_links":{"self":[{"href":"https:\/\/www.haravara.sk\/hu\/wp-json\/wp\/v2\/pribehy\/19124","targetHints":{"allow":["GET"]}}],"collection":[{"href":"https:\/\/www.haravara.sk\/hu\/wp-json\/wp\/v2\/pribehy"}],"about":[{"href":"https:\/\/www.haravara.sk\/hu\/wp-json\/wp\/v2\/types\/pribehy"}],"version-history":[{"count":2,"href":"https:\/\/www.haravara.sk\/hu\/wp-json\/wp\/v2\/pribehy\/19124\/revisions"}],"predecessor-version":[{"id":21280,"href":"https:\/\/www.haravara.sk\/hu\/wp-json\/wp\/v2\/pribehy\/19124\/revisions\/21280"}],"wp:featuredmedia":[{"embeddable":true,"href":"https:\/\/www.haravara.sk\/hu\/wp-json\/wp\/v2\/media\/19372"}],"wp:attachment":[{"href":"https:\/\/www.haravara.sk\/hu\/wp-json\/wp\/v2\/media?parent=19124"}],"wp:term":[{"taxonomy":"category","embeddable":true,"href":"https:\/\/www.haravara.sk\/hu\/wp-json\/wp\/v2\/categories?post=19124"}],"curies":[{"name":"wp","href":"https:\/\/api.w.org\/{rel}","templated":true}]}}