{"id":19228,"date":"2022-07-06T22:25:34","date_gmt":"2022-07-06T21:25:34","guid":{"rendered":"https:\/\/www.haravara.sk\/?post_type=pribehy&#038;p=19228"},"modified":"2025-07-29T22:58:28","modified_gmt":"2025-07-29T21:58:28","slug":"ako-sa-majka-a-max-otuzovali","status":"publish","type":"pribehy","link":"https:\/\/www.haravara.sk\/hu\/pribehy\/ako-sa-majka-a-max-otuzovali\/","title":{"rendered":"Amikor Maja \u00e9s Max edzettek"},"content":{"rendered":"<div style=\"height:39px\" aria-hidden=\"true\" class=\"wp-block-spacer\"><\/div>\n\n\n\n<p class=\"has-drop-cap\">Odakint m\u00e1r v\u00f6r\u00f6s \u00e9s s\u00e1rga sz\u00ednekben pomp\u00e1ztak a f\u00e1k, hullottak a levelek. A feny\u0151f\u00e1k t\u0171levelei pedig m\u00e9g reszkettek is. Hogy mi\u00e9rt? H\u00e1t nem vett\u00e9tek \u00e9szre? Amikor k\u00f6zeleg a t\u00e9l, a t\u0171levelek reszketni kezdenek, \u00e9s ez az\u00e9rt van \u00edgy, mert j\u00f6n a kar\u00e1csony. \u00c9s ha j\u00f6n a kar\u00e1csony, a t\u0171levelek reszketni kezdenek, hogy az \u00e1llatok \u00e9szre vegy\u00e9k \u0151ket, \u00e9s nekik is legyen kar\u00e1csonyuk. \u0150k is feld\u00edsz\u00edtik a f\u00e1jukat \u2013 csak mi azt nem l\u00e1tjuk.<\/p>\n\n\n\n<p>Maxi \u00e9s Maja a szob\u00e1jukban \u00fcld\u00f6g\u00e9ltek. Jobban mondva, maxi a f\u00f6ld\u00f6n fek\u00fcdt \u00e9s r\u00fagkap\u00e1lt, Maja valami lev\u00e9lk\u00e9kkel bajl\u00f3dott.<\/p>\n\n\n\n<p>\u201eNem zavarok?\u201c hangzott az ablak m\u00f6g\u00fcl.<\/p>\n\n\n\n<p>\u201eKask\u00f3\u00f3\u00f3\u201c ki\u00e1ltottak fel mindketten.<\/p>\n\n\n\n<p>\u201eMit csin\u00e1ltok itt, bar\u00e1taim?\u201c n\u00e9zett k\u00f6r\u00fcl Kask\u00f3.<\/p>\n\n\n\n<p>\u201eNem l\u00e1tod?\u201c Maxi \u00e9s Maja sz\u00e9tt\u00e1rta karj\u00e1t, mint a Ri\u00f3 feletti szobor.<\/p>\n\n\n\n<p>\u201eL\u00e1tom, hogy te, Maxi, tal\u00e1n b\u00e9k\u00e1ra j\u00e1tszol \u00e9s Maja pedig kiad\u00f3s b\u00e9kakaj\u00e1t k\u00e9sz\u00edt neked, levelekb\u0151l.\u201c<\/p>\n\n\n\n<p>\u201eEml\u00e9kszel, Kask\u00f3, hogy m\u00falt \u0151sszel v\u00e9gig t\u00fcssz\u00f6gt\u00fcnk?\u201c sz\u00f3lt Maxi \u00e9s r\u00f6gt\u00f6n csin\u00e1lt m\u00e9g k\u00e9t b\u00e9kaugr\u00e1st.<\/p>\n\n\n\n<p>\u201eAzt nem lehet elfelejteni. H\u00e1rom napig a hangotokat se hallottam,\u201c vakarta meg Kask\u00f3 a f\u00fcl\u00e9t.<\/p>\n\n\n\n<p>\u201eNem hallottad?\u201c csod\u00e1lkozott Maja \u00e9s tov\u00e1bbra is a tealevekkel foglalkozott.<\/p>\n\n\n\n<p>\u201eNem, nem hallottam, mert csak k\u00f6h\u00f6gtetek \u00e9s t\u00fcssz\u00f6gtetek, akkor zaj volt, hogy csak!\u201c<\/p>\n\n\n\n<p>\u201e\u00c9s most pont ezt szeretn\u00e9nk megel\u0151zni,\u201c a gyerekek a leveleket kevergett\u00e9k, recepteket olvastak \u00e9s v\u00e1rt\u00e1k, hogy felforrjon a teav\u00edz.<\/p>\n\n\n\n<p>\u201e\u00dagy, hogy b\u00e9k\u00e1ra j\u00e1tszotok?\u201c<\/p>\n\n\n\n<p>\u201eNem, hanem \u00fagy, hogy torn\u00e1zunk, t\u00f6r\u0151d\u00fcnk a test\u00fcnkkel \u00e9s edz\u00e9sben tartjuk,\u201c fejezte be Maxi \u00e9s m\u00e1ris lenyomott m\u00e9g h\u00e1rom fekv\u0151t\u00e1maszt, n\u00e9gy fel\u00fcl\u00e9st \u00e9s \u00f6t karny\u00fajt\u00e1st.<\/p>\n\n\n\n<p>\u201eEdzeni, forr\u00f3 te\u00e1val?\u201c nevetett a szellem.<\/p>\n\n\n\n<p>\u201eEz m\u00e9g csak a kezdet,\u201c \u00f6nt\u00f6tte le a te\u00e1t Maja \u00e9s m\u00e9rni kezdte az id\u0151t, meddig \u00e1zzon.<\/p>\n\n\n\n<p>\u201eH\u00e1t \u00e9n nem tudom ... nek\u00fcnk szellemeknek nincs sz\u00fcks\u00e9g\u00fcnk edz\u00e9sre, de ismerek egy szellemet, aki j\u00f3l \u00e9rt ehhez,\u201c mondta Kask\u00f3, csak \u00fagy mell\u00e9kesen.<\/p>\n\n\n\n<p>\u201e\u00c9s ki az?\u201c fordult oda Maxi, Maja pedig k\u00f6zben lesz\u0171rte a gy\u00f3gyte\u00e1t.<\/p>\n\n\n\n<p>\u201eBenj\u00e1min.\u201c<\/p>\n\n\n\n<p>\u201eBenj\u00e1min?\u201c<\/p>\n\n\n\n<p>\u201e\u00dch\u00fcm.\u201c<\/p>\n\n\n\n<p>\u201eH\u00e1t ez meg ki?\u201c a testv\u00e9rek t\u00f6bbet szerettek volna tudni, mik\u00f6zben m\u00e1r sz\u00fcrcs\u00f6lt\u00e9k a forr\u00f3 te\u00e1t.<\/p>\n\n\n\n<p>\u201e\u0150 a m\u00e1sodunokates\u00f3m. De a fontosabb az, hogy \u0151 a paradicsomi titkok \u0151rz\u0151je.\u201c<\/p>\n\n\n\n<p>\u201eParadicsomi titkok?\u201c csillant fel Maja szeme.<\/p>\n\n\n\n<p>\u201eHaravar\u00e1ban van egy hely, amely m\u00e1r t\u00f6bb sz\u00e1z \u00e9ve, s\u0151t, t\u00f6bb ezer \u00e9ve a testedz\u00e9s paradicsoma. \u00c9s a titkok paradicsoma....\u201c Kask\u00f3 itt f\u00e9lbeszak\u00edtotta a mondatot, mert Maja m\u00e1r egy nagy f\u00fcrd\u0151t k\u00e9pzelt el, eg\u00e9szen t\u0171zbe j\u00f6tt. Hitetlenkedve b\u00e1mult a szellemfi\u00fara:<\/p>\n\n\n\n<p>\u201eIgaz\u00e1n?\u201c<\/p>\n\n\n\n<p>\u201eEl\u0151sz\u00f6r tenger volt ezen a helyen. M\u00e9gpedig egy hideg viz\u0171 tenger,\u201d folytatta Kask\u00f3.<\/p>\n\n\n\n<p>\u201eTengeeeeer?\u201c ny\u00fajtotta meg a sz\u00f3t Maja.<\/p>\n\n\n\n<p>\u201eN\u00e9h\u00e1ny t\u00edzmilli\u00f3 \u00e9vvel ezel\u0151tt eg\u00e9sz Haravar\u00e1t tenger bor\u00edtotta.\u201c<\/p>\n\n\n\n<p>\u201eErr\u0151l tanultunk, igaza van,\u201c er\u0151s\u00edtette meg Maxi.<\/p>\n\n\n\n<p>\u201eVagyis abban a tengerben \u00faszk\u00e1ltak a mi el\u0151deink is, \u00e9s a negyedid\u0151szakban kiss\u00e9 leh\u0171lt a leveg\u0151. \u00cdgy a paradicsomban h\u0171v\u00f6sebb lett, az els\u0151 edzettek a mammutvad\u00e1szok voltak.\u201c<\/p>\n\n\n\n<p>\u201e\u00c9s itt hagyt\u00e1k a rajzaikat arr\u00f3l, hogyan kell a test\u00fcnket megedzeni, ugye, egy paradicsomi barlangban?\u201c tal\u00e1lgatott Maja \u00e9s m\u00e1r el\u0151re \u00f6r\u00fclt, hogy r\u00e9gi festm\u00e9nyeket fog megfejteni.<\/p>\n\n\n\n<p>\u201eAz sincs kiz\u00e1rva, de err\u0151l m\u00e9g nem tudunk.\u201c<\/p>\n\n\n\n<p>\u201eAkkor hogy volt?\u201c<\/p>\n\n\n\n<p>\u201eAzt\u00e1n elkezdtek telep\u00fcl\u00e9seket, falvakat \u00e9s v\u00e1rosokat \u00e9p\u00edteni, de a paradicsom az m\u00e1s.\u201c<\/p>\n\n\n\n<p>\u201eVagyis ott a term\u00e9szet \u00e9rintetlen maradt,\u201c \u00e9rtette meg Maja.<\/p>\n\n\n\n<p>\u201e\u00c9s sok hely van, ahol edzeni lehet a testet,\u201c tette hozz\u00e1 Kask\u00f3.<\/p>\n\n\n\n<p>\u201e\u00c9s Benj\u00e1min hol maradt?\u201c k\u00e9rdezte Maxi.<\/p>\n\n\n\n<p>\u201e\u0150 az, aki \u0151rzi a testedz\u00e9s h\u00edveinek paradicsomban elrejtett titokzatos esk\u00fcj\u00e9t,\u201c suttogta Kask\u00f3 rejt\u00e9lyesen.<\/p>\n\n\n\n<p>\u201e\u00c9s mi az?\u201c<\/p>\n\n\n\n<p>\u201eK\u00f6z\u00f6ns\u00e9ges ny\u00falv\u00e1nyf\u0171.\u201c<\/p>\n\n\n\n<p>\u201eVagyis?\u201c<\/p>\n\n\n\n<p>\u201eEz egy \u0151si n\u00f6v\u00e9ny, amit Benj\u00e1min \u0151riz a Gervay fenns\u00edkon, egy titkos barlangban a haravarai paradicsomban.\u201c<\/p>\n\n\n\n<p>\u201eNy\u00falv\u00e1nyf\u0171? Nem ismerek ilyen n\u00f6v\u00e9nyt,\u201c kutatott Maja a fej\u00e9ben.<\/p>\n\n\n\n<p>\u201eHiszen titkos, pont ez\u00e9rt,\u201c \u00fct\u00f6gette meg Kask\u00f3 a homlok\u00e1t.<\/p>\n\n\n\n<p>Maxi \u00e9s Maja \u00f6sszen\u00e9ztek \u00e9s kicsit k\u00e9telkedtek abban, vajon l\u00e9tezik-e ilyen n\u00f6v\u00e9ny.<\/p>\n\n\n\n<p>\u201e\u00c9s tulajdonk\u00e9ppen mit tud ez a ny\u00falv\u00e1nyf\u0171?\u201c<\/p>\n\n\n\n<p>\u201eAzt nem tudom, \u201c vonta meg a v\u00e1ll\u00e1t Kask\u00f3, \u201ede majd Benj\u00e1min biztosan elmes\u00e9li,\u201c mosolygott \u00e9s a nyitott ajt\u00f3ra mutatott.<\/p>\n\n\n\n<p>\u201eAkkor indul\u00e1s a paradicsomba!\u201c ki\u00e1ltott fel egyszerre mindk\u00e9t testv\u00e9r. .<\/p>\n\n\n\n<p>\u201eDe csak ha val\u00f3ban \u00e9rdekel benneteket az immuner\u0151s\u00edt\u00e9s,\u201c fogta vissza \u0151ket Kask\u00f3 a nagy csomagol\u00e1sban.<\/p>\n\n\n\n<p>\u201eH\u00e1t persze, hogy \u00e9rdekel!\u201c<\/p>\n\n\n\n<p>Alighogy a gyerekek v\u00e1laszoltak, Kask\u00f3 nyugodtan odahuppant az ablakp\u00e1rk\u00e1nyra, ahogy azt egy szellem megengedheti mag\u00e1nak, Maja \u00e9s Maxi pedig k\u00e9sz\u00fcl\u0151dni kezdtek. Amikor a csomagok k\u00e9szen \u00e1lltak, elindultak a buszp\u00e1lyaudvarra. Az aut\u00f3busz elvitte \u0151ket Imrikfalv\u00e1ra.<\/p>\n\n\n\n<p>\u201e\u00c9s meg\u00e9rkezt\u00fcnk a Paradicsomba,\u201c szusszant nagyot Kask\u00f3, amikor lesz\u00e1lltak a buszr\u00f3l.<\/p>\n\n\n\n<p>\u201eIgaz\u00e1n sz\u00e9p itt,\u201c mondta Maja \u00e9s Maxi, \u00e9s j\u00f3l telesz\u00edvt\u00e1k a t\u00fcdej\u00fcket friss leveg\u0151vel.<\/p>\n\n\n\n<p>\u201e\u00c9s akkor m\u00e9g nem is tudj\u00e1tok, mi v\u00e1r r\u00e1tok,\u201c mosolygott Kask\u00f3.<\/p>\n\n\n\n<p>\u201eHogy mondod?\u201c<\/p>\n\n\n\n<p>\u201eH\u00e1t ez!\u201c<\/p>\n\n\n\n<p>\u201eEgy fah\u00e1zik\u00f3?\u201c a gyerekek csal\u00f3dottan n\u00e9zt\u00e9k a kiss\u00e9 r\u00e9gies \u00e9p\u00edtm\u00e9nyt, mert ink\u00e1bb egy hidegvizes f\u00fcrd\u0151t k\u00e9pzeltek el.<\/p>\n\n\n\n<p>\u201eDeh\u00e1t ez nem csak amolyan fah\u00e1zik\u00f3!\u201c t\u00e9r\u00edtette \u0151ket magukhoz Kask\u00f3 az \u00e1lmodoz\u00e1sb\u00f3l.<\/p>\n\n\n\n<p>\u201eDehogynem, ez egy fah\u00e1zik\u00f3, csak kicsit nagyobb,\u201c m\u00e9regette Maxi az \u00e9p\u00edtm\u00e9nyt, \u00e9s pr\u00f3b\u00e1lta megtal\u00e1lni benne, mi\u00e9rt lehet k\u00fcl\u00f6nleges.<\/p>\n\n\n\n<p>\u201eN\u00e9zd csak meg jobban, mi j\u00f6n ki ebb\u0151l a h\u00e1zik\u00f3b\u00f3l,\u201c mutatott Kask\u00f3 a dombra.<\/p>\n\n\n\n<p>\u201eEgy felvon\u00f3?\u201c a testv\u00e9rek csod\u00e1lkozva n\u00e9zt\u00e9k a k\u00f6t\u00e9lp\u00e1lya fel\u00e9.<\/p>\n\n\n\n<p>\u201e\u00c9s nem is ak\u00e1rmilyen.\u201c<\/p>\n\n\n\n<p>\u201eHanem k\u00fcl\u00f6nleges!\u201c Maxi \u00e9s Maja m\u00e1r el\u0151re \u00f6r\u00fcltek a kalandnak.<\/p>\n\n\n\n<p>\u201eAhhoz nem f\u00e9r semmi k\u00e9ts\u00e9g, hiszen ez a felvon\u00f3 Imrikfalv\u00e1r\u00f3l a Geravyra visz.\u201c<\/p>\n\n\n\n<p>\u201eNem zs\u00e9vel mondjuk, \u00fagy, hogy zserav\u00ed? \u201c figyelmeztette Kask\u00f3t Maja, aki franci\u00e1ul is tanult.<\/p>\n\n\n\n<p>\u201eNem, ez a Geravy fenns\u00edk.\u201c <em>Geravy<\/em>.\u201c<\/p>\n\n\n\n<p>\u201eSz\u00f3val akkor Geravy.\u201c <em>Geravy<\/em>.\u201c<\/p>\n\n\n\n<p>\u201ePontosan.\u201c<\/p>\n\n\n\n<p>\u201e\u00c9s ott mit fogunk csin\u00e1lni?\u201c<\/p>\n\n\n\n<p>\u201e\u00c9ppen ott lakik Benj\u00e1min.\u201c<\/p>\n\n\n\n<p>\u201eA titok \u0151rz\u0151je...\u201c suttogt\u00e1k a gyerekek.<\/p>\n\n\n\n<p>\u201eAkkor j\u00f6tt\u00f6k?\u201c<\/p>\n\n\n\n<p>De Kask\u00f3 \u00e9szrevette, hogy mindketten kiss\u00e9 furcs\u00e1llva n\u00e9zik a felvon\u00f3t.<\/p>\n\n\n\n<p>\u201eIgen?\u201c Kask\u00f3 k\u00f6r\u00fcln\u00e9zett, mit b\u00e1mulnak annyira.<\/p>\n\n\n\n<p>\u201eDe hiszen ebbe a felvon\u00f3ba csak egy ember \u00fclhet!\u201c ki\u00e1ltottak fel mindketten.<\/p>\n\n\n\n<p>\u201eEg\u00e9sz Haravar\u00e1ban ez az egyetlen egy\u00fcl\u00e9ses felvon\u00f3, s\u0151t csak messze k\u00fclf\u00f6ld\u00f6n van hasonl\u00f3.\u201c<\/p>\n\n\n\n<p>\u201eJ\u00f3l van,\u201c nyugt\u00e1zta Maja.<\/p>\n\n\n\n<p>\u201eDe mi\u00e9rt egy\u00fcl\u00e9ses?\u201c Maxi nem \u00e9rtette.<\/p>\n\n\n\n<p>\u201eL\u00e1tt\u00e1l m\u00e1r csoportos utaz\u00e1st a Paradicsomba?\u201c nevetett Kask\u00f3.<\/p>\n\n\n\n<p>\u201eH\u00e1t nem, \u201c vallotta be Maxi.<\/p>\n\n\n\n<p>\u201e\u00c9s te, Maja?\u201c<\/p>\n\n\n\n<p>\u201e\u00c9n sem, \u201c ismerte el Maja is.<\/p>\n\n\n\n<p>\u201eA Paradicsomba egyes\u00e9vel jutunk.\u201c<\/p>\n\n\n\n<p>\u201e\u00c9s odafent van a Paradicsom?\u201c \u00e9s feln\u00e9ztek a hegyek fel\u00e9, ahov\u00e1 a felvon\u00f3 emelkedett.<\/p>\n\n\n\n<p class=\"translation-block\">\u201eA Geravy nev\u0171 Paradicsom...\u201c<\/p>\n\n\n\n<p>\u201eAkkor menj\u00fcnk.\u201c<\/p>\n\n\n\n<p>A gyerekek odas\u00e9t\u00e1ltak a felvon\u00f3hoz, megvett\u00e9k a jegyet \u00e9s be\u00fcltek. Els\u0151k\u00e9nt Maxi. Megcsod\u00e1lta az erd\u0151ket maga k\u00f6r\u00fcl \u00e9s a l\u00e1ba alatt is, m\u00e9g egy v\u00edzt\u00e1roz\u00f3 is l\u00e1tszott. Szabadnak \u00e9rzete mag\u00e1t, mint egy mad\u00e1r.<\/p>\n\n\n\n<p>Maja el\u0151sz\u00f6r kicsit f\u00e9lt, de amikor l\u00e1tta, hogy Kask\u00f3 is ott repked mellette \u2013 hiszen a szellemeknek nem kell felvon\u00f3 \u2013 elillantak az aggodalmai \u00e9s \u0151 is \u00e9lvezte a csod\u00e1s t\u00e1jat.<\/p>\n\n\n\n<p>A hegytet\u0151n kisz\u00e1lltak \u00e9s nem gy\u0151ztek gy\u00f6ny\u00f6rk\u00f6dni. A dombok, magaslatok, a csupasz szikl\u00e1k, mint egy mesebeli szobr\u00e1sz m\u0171vei, az erd\u0151k \u00e9s benn\u00fck a vadak! S\u0151t, valaki m\u00e9g emut is tartott itt \u2013 igazi paradicsomi hangulatban voltak.<\/p>\n\n\n\n<p>Am\u00edg a gyerekek a t\u00e1jat csod\u00e1lt\u00e1k, Kask\u00f3 egy dallamot kopogott a szikl\u00e1kb\u00f3l ki\u00e1ll\u00f3 k\u00f6veken, a sz\u00e1lloda el\u0151tt, amelyet azoknak \u00e9p\u00edtettek, akik nem sz\u00edvesen hagyj\u00e1k el ezt a Paradicsomot.<\/p>\n\n\n\n<p>\u201eNem tudom, nem tudom, de feltenn\u00e9m r\u00e1 a szellemk\u00e9pess\u00e9geimet, hogy valahol itt kellett lennie,\u201c kopogtatott tov\u00e1bb Kask\u00f3.<\/p>\n\n\n\n<p>\u201eDe micsoda?\u201c A gyerekek nem \u00e9rtett\u00e9k, mit keres.<\/p>\n\n\n\n<p>\u201eAz a hely, ahonnan Benj\u00e1mint meg tudom sz\u00f3l\u00edtani.\u201c<\/p>\n\n\n\n<p>\u201eJ\u00f3 helyen kopogsz, de rossz a dallam,\u201c hangzott fel v\u00e1ratlanul Kask\u00f3 m\u00f6g\u00fcl.<\/p>\n\n\n\n<p>\u201eBendzsiiiiii!\u201c ki\u00e1ltott fel Kask\u00f3 lelkesen.<\/p>\n\n\n\n<p>\u201eKask\u00f3?\u201c csod\u00e1lkozott Benj\u00e1min, aki val\u00f3ban \u00fagy festett, mint a kincs \u0151rz\u0151je: hossz\u00fa kab\u00e1tot, szem\u00fcveget \u00e9s nagy kalapot viselt.<\/p>\n\n\n\n<p>\u201eNem l\u00e1ttalak m\u00e1r vagy..... 250 \u00e9ve!\u201c<\/p>\n\n\n\n<p>\u201e289,\u201c pontos\u00edtott Kask\u00f3.<\/p>\n\n\n\n<p>\u201eMi sz\u00e9l hozott errefel\u00e9?\u201c Benj\u00e1min Kask\u00f3t vizsg\u00e1lgatta \u00e9s k\u00f6zben megmutatta neki, milyen dallamot kellett volna elkopognia.<\/p>\n\n\n\n<p>\u201eEzek itt a bar\u00e1taim.\u201c<\/p>\n\n\n\n<p>\u201eIfj\u00fa szellemek?\u201c n\u00e9zett r\u00e1 Bendzsi Maj\u00e1ra \u00e9s Maxira.<\/p>\n\n\n\n<p>\u201eNem, embergyermekek,\u201c s\u00fagta a f\u00fcl\u00e9be Kask\u00f3, \u00e9s Bendzsi majd f\u00f6ldre rogyott a d\u00f6bbenett\u0151l.<\/p>\n\n\n\n<p>\u201e\u00c9s \u0151k l\u00e1tnak minket?\u201c<\/p>\n\n\n\n<p>\u201eKevesen vannak a vil\u00e1gon, de Haravar\u00e1ban r\u00f6gt\u00f6n k\u00e9t olyat is tal\u00e1ltam, akik l\u00e1tj\u00e1k a szellemeket,\u201c dicsekedett Kask\u00f3.<\/p>\n\n\n\n<p>\u201eM\u00e9g ilyet! \u00c9s mire van sz\u00fcks\u00e9g\u00fck a bar\u00e1taidnak?\u201c<\/p>\n\n\n\n<p>\u201eK\u00f6z\u00f6ns\u00e9ges ny\u00falv\u00e1nyf\u0171re.\u201c<\/p>\n\n\n\n<p>\u201eH\u0171ha.....h\u00e1t, nem is tudom, nem is tudom...\u201c vonakodott Bendzsi.<\/p>\n\n\n\n<p>\u201eDehogynem, hogyne tudn\u00e1d.\u201c<\/p>\n\n\n\n<p>\u201eNem tudom, nem tudom, \u201c ism\u00e9telte Bendzsi.<\/p>\n\n\n\n<p>\u201e\u00c9n tudom, hogy tudod, hol van,\u201c n\u00e9zett Kask\u00f3 m\u00e9lyen a szem\u00e9be.<\/p>\n\n\n\n<p>\u201eAzt tudom..... de emberek nem kaphatnak bel\u0151le.\u201c<\/p>\n\n\n\n<p>\u201eAzok sem, akik l\u00e1tnak benn\u00fcnket?\u201c pr\u00f3b\u00e1lkozott Kask\u00f3.<\/p>\n\n\n\n<p>\u201eNos, \u0151k tal\u00e1n igen, lehet,\u201c fontolgatta Bendzsi.<\/p>\n\n\n\n<p>\u201eAkkor ez meg is old\u00f3dott,\u201c f\u00fajta ki mag\u00e1t Maja \u00e9s Maxi.<\/p>\n\n\n\n<p>\u201eGyertek velem,\u201c sz\u00f3lt Bendzsi belenyugv\u00f3an.<\/p>\n\n\n\n<p>Egy csod\u00e1s szikl\u00e1hoz vezette a kis csapatot, az erd\u0151 m\u00e9ly\u00e9be. Az \u00f3ri\u00e1si szikl\u00e1n tiszt\u00e1n l\u00e1tszottak a kavicsr\u00e9tegek, \u00e9vekig lehetett volna tanulm\u00e1nyozni, mi mindent \u0151rz\u00f6tt meg.<\/p>\n\n\n\n<p>Benj\u00e1min megkopogtatta a szikl\u00e1t, \u00e9s... nem t\u00f6rt\u00e9nt semmi.<\/p>\n\n\n\n<p>\u201eHmmm, ezt m\u00e1r r\u00e9gen nem csin\u00e1ltam\u2026 A testedz\u00e9s \u00e9s immuner\u0151s\u00edt\u00e9s az emberek vil\u00e1g\u00e1ban j\u00f6tt divatba, mi szellemek nem k\u00f6vetj\u00fck annyira,\u201c Bendzsi megd\u00f6rzs\u00f6lte a homlok\u00e1t \u00e9s k\u00fcl\u00f6nf\u00e9le kopogtat\u00f3 eszk\u00f6z\u00f6ket h\u00fazott el\u0151 a k\u00f6peny\u00e9b\u0151l.<\/p>\n\n\n\n<p>\u201eSeg\u00edthetek?\u201c k\u00e9rdezte Maxi f\u00e9l\u00e9nken. El\u0151kapta a dobver\u0151it \u00e9s Benj\u00e1minnal egy\u00fctt lej\u00e1tszottak egy dallamot.<\/p>\n\n\n\n<p>Egyszer csak megny\u00edlt a szikla, mintha egy ablak lenne, \u00e9s Benj\u00e1min karja megny\u00falt. Eg\u00e9szen elt\u0171nt a barlang m\u00e9ly\u00e9ben.<\/p>\n\n\n\n<p>\u201e\u00c1\u00e1\u00e1\u00e1\u00e1, h\u00e1t itt van!\u201c jelentette ki Bendzsi el\u00e9gedetten a bar\u00e1toknak, akik l\u00e9legzet\u00fcket visszafojtva figyelt\u00e9k az egyre csak ny\u00fal\u00f3 karj\u00e1t.<\/p>\n\n\n\n<p>Egy kis id\u0151 m\u00falva egy furcsa, lila sz\u00edn\u0171, fekete cs\u00edkos vir\u00e1got tartott a kez\u00e9ben, \u00fagy n\u00e9zett ki, mintha focimezt \u00f6lt\u00f6tt volna mag\u00e1ra.<\/p>\n\n\n\n<p>\u201eSz\u00f3val ez lenne az?\u201c n\u00e9zegette Kask\u00f3, m\u00edg Maja \u00e9s Maxi tov\u00e1bbra is azon t\u0171n\u0151dtek, mi mindent tudnnak csin\u00e1lnai egy ilyen meghosszabb\u00edtott karral.<\/p>\n\n\n\n<p>\u201eNy\u00falv\u00e1nyf\u0171,\u201c jelentette ki Bendzsi diadalmasan.<\/p>\n\n\n\n<p>\u201e\u00c9s mi\u00e9rt ny\u00falv\u00e1nyf\u0171 a neve?\u201c t\u00e9rt v\u00e9gre mag\u00e1hoz Maja. .<\/p>\n\n\n\n<p>\u201eMert amikor elfogyasztj\u00e1tok, az agyatokban egy \u00fajabb ny\u00falv\u00e1ny alakul ki,\u201c magyar\u00e1zta Bendzsi. \u00c9szrevette, hogy a gyerekek kiss\u00e9 megriadtak, ez\u00e9rt gyorsan hozz\u00e1tette:<\/p>\n\n\n\n<p>\u201eEz t\u00f6rt\u00e9nik mindig, amikor valamit megtanulunk.\u201c<\/p>\n\n\n\n<p>\u201eVagy megtudunk,\u201c eg\u00e9sz\u00edtette ki Kask\u00f3.<\/p>\n\n\n\n<p>\u201eMost pedig egy igazi paradicsomi ny\u00falv\u00e1ny n\u0151 a fejetekben!\u201c<\/p>\n\n\n\n<p>\u201eEzt hogy \u00e9rted?\u201c \u00e9rdekl\u0151d\u00f6tt Maxi.<\/p>\n\n\n\n<p>\u201eA l\u00e1t\u00e1sotok meg\u00e9lesedik \u00e9s megl\u00e1tj\u00e1tok, mennyif\u00e9le lehet\u0151s\u00e9g van arra, hogy er\u0151s\u00edts\u00e9tek az immunrendszereteket \u00e9s a megeddz\u00e9tek a testeteket,\u201c magyar\u00e1zta Bendzsi.<\/p>\n\n\n\n<p>\u201eAkkor ide vele!\u201c harsogta Max \u00e9s elr\u00e1gott egy vir\u00e1got.<\/p>\n\n\n\n<p>Maja k\u00f6vette p\u00e9ld\u00e1j\u00e1t.<\/p>\n\n\n\n<p>Hevesen pislogni kezdtek \u00e9s forgott a fej\u00fck.<\/p>\n\n\n\n<p>\u201eL\u00e1tt\u00e1tok ott lent az a vizecsk\u00e9t?\u201c sz\u00f3lalt meg az \u00fajny\u00falv\u00e1nyos Maxi.<\/p>\n\n\n\n<p>\u201eM\u00e9g hogy vizecsk\u00e9t!\u201c ki\u00e1ltott fel Benj\u00e1min.  \u201eAz a Palcmanhutai-t\u00f3!\u201c<\/p>\n\n\n\n<p>\u201e\u00c9s a mellette l\u00e9v\u0151 nagy barna... az az \u0151 medv\u00e9je volt?\u201d \u2013 nevetett Majka. Max\u00edk \u00e9s Ka\u0161ko is nevettek \u2013 csak Benji nem nevetett, mert nem ismerte a M\u00e1sa \u00e9s a medve mes\u00e9j\u00e9t.<\/p>\n\n\n\n<p>\u201eOtt biztosan nagyszer\u0171 lehet a testedz\u00e9s,\u201c kezdte Max az \u00e1lmodoz\u00e1st.<\/p>\n\n\n\n<p>\u201eAbban biztos lehetsz!\u201c b\u00f3logatott Bendzsi. \u201eA Palcmanhutai-t\u00f3nak van a leghidegebb vize, nemcsak Haravar\u00e1ban, hanem az eg\u00e9sz vid\u00e9ken. \u00c9s ez egyben a legmagasabban fekv\u0151 v\u00edzt\u00e1roz\u00f3 is Haravara vil\u00e1g\u00e1ban.\u201c<\/p>\n\n\n\n<p>\u201eAkkor nem tudom, mire v\u00e1runk m\u00e9g,\u201c sz\u00f3l\u00edtotta fel \u0151ket Max.<\/p>\n\n\n\n<p>\u201eMegy\u00fcnk?\u201c n\u00f3gatta Maja is a csapatot.<\/p>\n\n\n\n<p>Kisv\u00e1rtatva oda\u00e9rtek a Palcmanhutai-t\u00f3hoz. Maja m\u00e9g nem \u00e9rezte \u00fagy, hogy bele is tud menni a v\u00edzbe, mert az val\u00f3ban ugyancsak hideg volt.<\/p>\n\n\n\n<p>\u201eIsmeritek a Kir\u00e1ly-hegyet?\u201c sz\u00f3lalt meg Bendzsi egy id\u0151 ut\u00e1n.<\/p>\n\n\n\n<p>\u201eAzt a cs\u00facsot, ott, Bergeng\u00f3ci\u00e1ban?\u201c Kask\u00f3nak r\u00e9mlett valami.<\/p>\n\n\n\n<p>\u201ePontosan, \u201c b\u00f3logatott Bendzsi. \u201e\u00c9s \u00e9ppen ott ered a Nyilas patak, ami egyenest ebbe a t\u00f3ba folyik bele.\u201c<\/p>\n\n\n\n<p>\u201eAha! H\u00e1t akkor ez\u00e9rt olyan hideg a v\u00edz!\u201c rikkantott fel Maja boldogan, amikor \u00f3vatosan a v\u00edzbe m\u00e1rtotta egyik l\u00e1bujj\u00e1t.<\/p>\n\n\n\n<p>Maxi felvette a f\u00fcrd\u0151ruh\u00e1j\u00e1t \u00e9s belefogott a testedz\u00e9sbe, a ny\u00falv\u00e1nyf\u0171 tan\u00e1csai szerint.<\/p>\n\n\n\n<p>Maja egy m\u00e1sik m\u00f3dszert v\u00e1lasztott. Kask\u00f3val cs\u00f3nakba \u00fcltek, amit itt k\u00f6lcs\u00f6n\u00f6ztek, \u00e9s v\u00edgan eveztek a friss leveg\u0151n.<\/p>\n\n\n\n<p>\u201eEz azt\u00e1n az edz\u00e9s!\u201c kiab\u00e1lta Maxi \u00faszva.<\/p>\n\n\n\n<p>Benj\u00e1min a parton kuncogott \u00e9s visszaki\u00e1ltott: \u201eHa ennyire tetszik, t\u00e9len is gyertek el!\u201c<\/p>\n\n\n\n<p>\u201e\u00c9s nem lesz t\u00fal hideg a v\u00edz?\u201c k\u00e9rdezte Max k\u00e9tkedve.<\/p>\n\n\n\n<p>\u201eDe igen, hiszen be lesz fagyva! De korcsoly\u00e1z\u00e1shoz kiv\u00e1l\u00f3an megfelel.\u201c<\/p>\n\n\n\n<p>\u201eT\u00e9nyleg?\u201c A gyerekek r\u00f6gt\u00f6n elk\u00e9pzelt\u00e9k, ahogy a f\u00e1k k\u00f6z\u00f6tt, ebben a csod\u00e1s k\u00f6rnyezetben korcsoly\u00e1znak.<\/p>\n\n\n\n<p>\u201eBizony\u00e1m,\u201c er\u0151s\u00edtette meg Bendzsi \u00e9s csak \u00fagy felr\u00f6ppent az egyik \u00e1gra, egy r\u00e9gi dallamot f\u00fcty\u00f6r\u00e9szve.<\/p>\n\n\n\n<p>\u201eAkkor biztosan elj\u00f6v\u00fcnk!\u201c<\/p>\n\n\n\n<p>\u201eMost pedig fel kellene melegedn\u00fcnk,\u201c jelentette ki Benj\u00e1min, amikor a gyerekek kij\u00f6ttek a v\u00edzb\u0151l.<\/p>\n\n\n\n<p>\u201eGrillezni fogunk?\u201c \u00e9rdekl\u0151dtek rem\u00e9nykedve, azt is jelezve, hogy a hideg vizes f\u00fcrd\u00e9s \u00fat\u00e1n kiss\u00e9 meg\u00e9heztek.<\/p>\n\n\n\n<p>\u201eInk\u00e1bb s\u00e9t\u00e1lni fogunk,\u201c nevetett Kask\u00f3 \u00e9s Benj\u00e1min.<\/p>\n\n\n\n<p>\u201eItt, a csodasz\u00e9p erd\u0151ben,\u201c tette m\u00e9g hozz\u00e1 Benj\u00e1min boldogan, hogy v\u00e9gre valaki elh\u00edvta ezekre a sz\u00e9p t\u00e1jakra.<\/p>\n\n\n\n<p>\u201eMi lenne, ha egy kicsit messzebbre menn\u00e9nk, a sztracenai f\u0171r\u00e9sztelephez?\u201c gondolkozott Kask\u00f3.<\/p>\n\n\n\n<p>\u201eTudtam, hogy nem \u00fasszuk meg munka n\u00e9lk\u00fcl,\u201c vigyorgott Maxi az orra alatt.<\/p>\n\n\n\n<p>\u201eDe \u00e9n m\u00e9g sosem f\u0171r\u00e9szeltem f\u00e1t!\u201c ijedt meg Maja \u00e9s pr\u00f3b\u00e1lta elk\u00e9pzelni, hogyan birk\u00f3zhatna meg a nagy f\u0171r\u00e9sszel.<\/p>\n\n\n\n<p>\u201eOtt m\u00e1r r\u00e9gen nem f\u0171r\u00e9szelik a f\u00e1t.\u201c<\/p>\n\n\n\n<p>\u201eAkkor mit f\u0171r\u00e9szelnek?\u201c Maj\u00e1t hirtelen rossz \u00e9rz\u00e9s fogta el \u00e9s ijeszt\u0151 k\u00e9pek cik\u00e1ztak \u00e1t az agy\u00e1n.<\/p>\n\n\n\n<p>\u201eValaha val\u00f3ban f\u0171r\u00e9sztelep volt ott, ez\u00e9rt h\u00edvj\u00e1k \u00edgy ezt a helyet. Ma pihen\u0151hely, ahol nagyokat lehet s\u00e9t\u00e1lni az erdei \u00f6sv\u00e9nyeken. Friss a leveg\u0151, \u00e9s ami a legfontosabb, hogy ott van a vil\u00e1g leger\u0151sebb gy\u00f3gyszere,\u201c mondta Bendzsi titokzatosan.<\/p>\n\n\n\n<p>\u201eMelyik az?\u201c Maxi \u00e9s Maja k\u00f6r\u00fcln\u00e9ztek, nem l\u00e1tnak-e maguk mellett egy titokzatos l\u00e9nyt.<\/p>\n\n\n\n<p>\u201eK\u00edv\u00e1ncsi vagyok, mit \u00e1rul el nektek a ny\u00falv\u00e1nyf\u0171,\u201c mondta Bendzsi, \u00e9s m\u00e9g egy kicsit hagyta, hadd izguljanak.<\/p>\n\n\n\n<p>Lassan elindultak a Sztracenai f\u0171r\u00e9sztelep fel\u00e9. Maja nem gy\u0151zte csod\u00e1lni a sud\u00e1r f\u00e1kat, a moh\u00e1b\u00f3l n\u0151tt puha p\u00e1rn\u00e1kat \u00e9s az erdei \u00f6sv\u00e9nyeket. Maxi a friss leveg\u0151vel nem tudott betelni, Kask\u00f3 pedig nem b\u00edrt le\u00e1llni a rep\u00fcl\u00e9ssel.<\/p>\n\n\n\n<p>\u201eEg\u00e9szen \u00faj \u00e9lm\u00e9ny a rep\u00fcl\u00e9s ebben a leveg\u0151ben,\u201c jelentette ki.<\/p>\n\n\n\n<p>\u201eNos, tudj\u00e1tok m\u00e1r, mi itt a leger\u0151sebb gy\u00f3gyszer?\u201c k\u00e9rdezte Benj\u00e1min.<\/p>\n\n\n\n<p>Mindny\u00e1jan meg\u00e1lltak. A gyerekek beind\u00edtott\u00e1k a legfrissebb ny\u00falv\u00e1nyaikat \u00e9s ....<\/p>\n\n\n\n<p>\u201eA csend\u2026\u201c suttogt\u00e1k. .<\/p>\n\n\n\n<p>\u201eA csend miatt j\u00f6n ide mindenki, \u201c mosolygott Bendzsi.<\/p>\n\n\n\n<p>\u201eCsend, j\u00f3 leveg\u0151, mozg\u00e1s, tiszta v\u00edz ... hmmm, paradicsom.\u201c<\/p>\n\n\n\n<p>\u201eDe hiszen ott vagyunk, \u201c s\u00fagta a f\u00fcl\u00fckbe Kask\u00f3 \u00e9s magasra rep\u00fclt.<\/p>\n\n\n\n<p>Maxi \u00e9s Maja annyira f\u00e1radtak voltak, hogy elszunnyadtak egy fa t\u00f6v\u00e9ben. Kask\u00f3 felemelte Maxit, Benj\u00e1min Maj\u00e1t \u00e9s hazasz\u00e1ll\u00edtott\u00e1k \u0151ket. A gyerekek m\u00e9g akkor sem riadtak fel, amikor a rep\u00fcl\u0151t\u00e9r felett haladtak el.<\/p>\n\n\n\n<p class=\"has-drop-cap\">Otthon \u00e1gyba fek\u00fcdtek, de m\u00e9g az \u00e1lmos tekintet\u00fckb\u0151l is csak \u00fagy ragyogott az okoss\u00e1g. Hiszen ezent\u00fal m\u00e1r t\u00f6bb ny\u00falv\u00e1ny volt az agyukban!<\/p>","protected":false},"excerpt":{"rendered":"<p>Majka a Max sa rozhodn\u00fa, \u017ee t\u00fato jese\u0148 pre\u017eij\u00fa bez ka\u0161\u013ea a n\u00e1dchy \u2013 za\u010dn\u00fa sa otu\u017eova\u0165. Pom\u00e1ha im ich duch-kamo\u0161 Ka\u0161ko, ktor\u00fd ich zavedie do tajomnej krajiny Haravara, kde sa nach\u00e1dza raj otu\u017eilcov. Cesta ich zavedie do skuto\u010dnej obce Dedinky, odkia\u013e sa vydaj\u00fa jednoseda\u010dkovou lanovkou na \u010darovn\u00e9 miesto zvan\u00e9 Geravy.<br \/>\nTam stretn\u00fa Ka\u0161kovho bratranca, m\u00fadreho ducha Benjam\u00edna, ktor\u00fd im uk\u00e1\u017ee tajomn\u00fa rastlinu vr\u00fabovn\u00edk oby\u010dajn\u00fd. Po jej ochutnan\u00ed deti z\u00edskaj\u00fa schopnos\u0165 vidie\u0165 nov\u00e9 mo\u017enosti otu\u017eovania v\u0161ade okolo seba. Vyber\u00fa sa k Palcmanskej Ma\u0161i \u2013 najstuden\u0161ej vodnej n\u00e1dr\u017ei \u0161iroko-\u010faleko, ktor\u00fa nap\u00e1ja rie\u010dka Hnilec prameniaca pod Kr\u00e1\u013eovou ho\u013eou.<\/p>","protected":false},"featured_media":19380,"menu_order":0,"template":"","format":"standard","meta":{"_acf_changed":false,"footnotes":""},"categories":[],"class_list":["post-19228","pribehy","type-pribehy","status-publish","format-standard","has-post-thumbnail","hentry"],"acf":[],"yoast_head":"<!-- This site is optimized with the Yoast SEO Premium plugin v22.7 (Yoast SEO v27.2) - https:\/\/yoast.com\/product\/yoast-seo-premium-wordpress\/ -->\n<title>Ako sa Majka a Max otu\u017eovali - HARAVARA Pr\u00edbehy (rozpr\u00e1vky)<\/title>\n<meta name=\"description\" content=\"V \u010fal\u0161ej rozpr\u00e1vke z krajiny Haravara sa dozviete, ako sa Majka a Max rozhodn\u00fa, \u017ee \u010fal\u0161iu jese\u0148 pre\u017eij\u00fa bez ka\u0161\u013ea a n\u00e1dchy \u2013 za\u010dn\u00fa sa toti\u017e otu\u017eova\u0165. Pom\u00e1ha im ich duch-kamo\u0161 Ka\u0161ko, ktor\u00fd ich zavedie do obce Dedinky, odkia\u013e sa vydaj\u00fa jednoseda\u010dkovou lanovkou na \u010darovn\u00e9 miesto zvan\u00e9 Geravy, kde stretn\u00fa Ka\u0161kovho bratranca, m\u00fadreho ducha Benjam\u00edna, ktor\u00fd im uk\u00e1\u017ee tajomn\u00fa rastlinu vr\u00fabovn\u00edk oby\u010dajn\u00fd. Po jej ochutnan\u00ed deti z\u00edskaj\u00fa schopnos\u0165 vidie\u0165 nov\u00e9 mo\u017enosti otu\u017eovania v\u0161ade okolo seba, a preto sa vyber\u00fa k Palcmanskej Ma\u0161i \u2013 najstuden\u0161ej vodnej n\u00e1dr\u017ei \u0161iroko-\u010faleko, ktor\u00fa nap\u00e1ja rie\u010dka Hnilec prameniaca pod Kr\u00e1\u013eovou ho\u013eou.\" \/>\n<meta name=\"robots\" content=\"index, follow, max-snippet:-1, max-image-preview:large, max-video-preview:-1\" \/>\n<link rel=\"canonical\" href=\"https:\/\/www.haravara.sk\/hu\/pribehy\/ako-sa-majka-a-max-otuzovali\/\" \/>\n<meta property=\"og:locale\" content=\"hu_HU\" \/>\n<meta property=\"og:type\" content=\"article\" \/>\n<meta property=\"og:title\" content=\"Ako sa Majka a Max otu\u017eovali\" \/>\n<meta property=\"og:description\" content=\"V \u010fal\u0161ej rozpr\u00e1vke z krajiny Haravara sa dozviete, ako sa Majka a Max rozhodn\u00fa, \u017ee \u010fal\u0161iu jese\u0148 pre\u017eij\u00fa bez ka\u0161\u013ea a n\u00e1dchy \u2013 za\u010dn\u00fa sa toti\u017e otu\u017eova\u0165. Pom\u00e1ha im ich duch-kamo\u0161 Ka\u0161ko, ktor\u00fd ich zavedie do obce Dedinky, odkia\u013e sa vydaj\u00fa jednoseda\u010dkovou lanovkou na \u010darovn\u00e9 miesto zvan\u00e9 Geravy, kde stretn\u00fa Ka\u0161kovho bratranca, m\u00fadreho ducha Benjam\u00edna, ktor\u00fd im uk\u00e1\u017ee tajomn\u00fa rastlinu vr\u00fabovn\u00edk oby\u010dajn\u00fd. Po jej ochutnan\u00ed deti z\u00edskaj\u00fa schopnos\u0165 vidie\u0165 nov\u00e9 mo\u017enosti otu\u017eovania v\u0161ade okolo seba, a preto sa vyber\u00fa k Palcmanskej Ma\u0161i \u2013 najstuden\u0161ej vodnej n\u00e1dr\u017ei \u0161iroko-\u010faleko, ktor\u00fa nap\u00e1ja rie\u010dka Hnilec prameniaca pod Kr\u00e1\u013eovou ho\u013eou.\" \/>\n<meta property=\"og:url\" content=\"https:\/\/www.haravara.sk\/hu\/pribehy\/ako-sa-majka-a-max-otuzovali\/\" \/>\n<meta property=\"og:site_name\" content=\"HARAVARA\" \/>\n<meta property=\"article:publisher\" content=\"https:\/\/www.facebook.com\/haravara.detsky.svet\" \/>\n<meta property=\"article:modified_time\" content=\"2025-07-29T21:58:28+00:00\" \/>\n<meta property=\"og:image\" content=\"https:\/\/www.haravara.sk\/wp-content\/uploads\/2022\/07\/Haravara-pribehove-ilustracie-FB-54.png\" \/>\n\t<meta property=\"og:image:width\" content=\"1200\" \/>\n\t<meta property=\"og:image:height\" content=\"628\" \/>\n\t<meta property=\"og:image:type\" content=\"image\/png\" \/>\n<meta name=\"twitter:card\" content=\"summary_large_image\" \/>\n<meta name=\"twitter:description\" content=\"Vonku u\u017e tro\u0161ku mrzlo. R\u00e1no si mamky a ockovia museli \u010disti\u0165 okn\u00e1 na aut\u00e1ch od mraz\u00edku a Ka\u0161ko a ostatn\u00ed duchovia si museli\u2026 vlastne nemuseli ni\u010d. Duchovia toti\u017e nec\u00edtia zimu ani teplo. C\u00edtia to len vtedy, ke\u010f n\u00e1hodou dostan\u00fa nejak\u00fa d\u00fa\u0161iu chorobu.\" \/>\n<meta name=\"twitter:label1\" content=\"Becs\u00fclt olvas\u00e1si id\u0151\" \/>\n\t<meta name=\"twitter:data1\" content=\"10 perc\" \/>\n<script type=\"application\/ld+json\" class=\"yoast-schema-graph\">{\"@context\":\"https:\/\/schema.org\",\"@graph\":[{\"@type\":\"WebPage\",\"@id\":\"https:\/\/www.haravara.sk\/pribehy\/ako-sa-majka-a-max-otuzovali\/\",\"url\":\"https:\/\/www.haravara.sk\/pribehy\/ako-sa-majka-a-max-otuzovali\/\",\"name\":\"Ako sa Majka a Max otu\u017eovali - HARAVARA Pr\u00edbehy (rozpr\u00e1vky)\",\"isPartOf\":{\"@id\":\"https:\/\/www.haravara.sk\/#website\"},\"primaryImageOfPage\":{\"@id\":\"https:\/\/www.haravara.sk\/pribehy\/ako-sa-majka-a-max-otuzovali\/#primaryimage\"},\"image\":{\"@id\":\"https:\/\/www.haravara.sk\/pribehy\/ako-sa-majka-a-max-otuzovali\/#primaryimage\"},\"thumbnailUrl\":\"https:\/\/www.haravara.sk\/wp-content\/uploads\/2022\/07\/Haravara-pribehove-ilustracie-FB-52.png\",\"datePublished\":\"2022-07-06T21:25:34+00:00\",\"dateModified\":\"2025-07-29T21:58:28+00:00\",\"description\":\"V \u010fal\u0161ej rozpr\u00e1vke z krajiny Haravara sa dozviete, ako sa Majka a Max rozhodn\u00fa, \u017ee \u010fal\u0161iu jese\u0148 pre\u017eij\u00fa bez ka\u0161\u013ea a n\u00e1dchy \u2013 za\u010dn\u00fa sa toti\u017e otu\u017eova\u0165. Pom\u00e1ha im ich duch-kamo\u0161 Ka\u0161ko, ktor\u00fd ich zavedie do obce Dedinky, odkia\u013e sa vydaj\u00fa jednoseda\u010dkovou lanovkou na \u010darovn\u00e9 miesto zvan\u00e9 Geravy, kde stretn\u00fa Ka\u0161kovho bratranca, m\u00fadreho ducha Benjam\u00edna, ktor\u00fd im uk\u00e1\u017ee tajomn\u00fa rastlinu vr\u00fabovn\u00edk oby\u010dajn\u00fd. Po jej ochutnan\u00ed deti z\u00edskaj\u00fa schopnos\u0165 vidie\u0165 nov\u00e9 mo\u017enosti otu\u017eovania v\u0161ade okolo seba, a preto sa vyber\u00fa k Palcmanskej Ma\u0161i \u2013 najstuden\u0161ej vodnej n\u00e1dr\u017ei \u0161iroko-\u010faleko, ktor\u00fa nap\u00e1ja rie\u010dka Hnilec prameniaca pod Kr\u00e1\u013eovou ho\u013eou.\",\"breadcrumb\":{\"@id\":\"https:\/\/www.haravara.sk\/pribehy\/ako-sa-majka-a-max-otuzovali\/#breadcrumb\"},\"inLanguage\":\"hu\",\"potentialAction\":[{\"@type\":\"ReadAction\",\"target\":[\"https:\/\/www.haravara.sk\/pribehy\/ako-sa-majka-a-max-otuzovali\/\"]}]},{\"@type\":\"ImageObject\",\"inLanguage\":\"hu\",\"@id\":\"https:\/\/www.haravara.sk\/pribehy\/ako-sa-majka-a-max-otuzovali\/#primaryimage\",\"url\":\"https:\/\/www.haravara.sk\/wp-content\/uploads\/2022\/07\/Haravara-pribehove-ilustracie-FB-52.png\",\"contentUrl\":\"https:\/\/www.haravara.sk\/wp-content\/uploads\/2022\/07\/Haravara-pribehove-ilustracie-FB-52.png\",\"width\":1200,\"height\":628},{\"@type\":\"BreadcrumbList\",\"@id\":\"https:\/\/www.haravara.sk\/pribehy\/ako-sa-majka-a-max-otuzovali\/#breadcrumb\",\"itemListElement\":[{\"@type\":\"ListItem\",\"position\":1,\"name\":\"Domov\",\"item\":\"https:\/\/www.haravara.sk\/\"},{\"@type\":\"ListItem\",\"position\":2,\"name\":\"Pr\u00edbehy\",\"item\":\"https:\/\/www.haravara.sk\/pribehy\/\"},{\"@type\":\"ListItem\",\"position\":3,\"name\":\"Ako sa Majka a Max otu\u017eovali\"}]},{\"@type\":\"WebSite\",\"@id\":\"https:\/\/www.haravara.sk\/#website\",\"url\":\"https:\/\/www.haravara.sk\/\",\"name\":\"HARAVARA\",\"description\":\"Objav detsk\u00fd svet v Ko\u0161ickom kraji\",\"publisher\":{\"@id\":\"https:\/\/www.haravara.sk\/#organization\"},\"potentialAction\":[{\"@type\":\"SearchAction\",\"target\":{\"@type\":\"EntryPoint\",\"urlTemplate\":\"https:\/\/www.haravara.sk\/?s={search_term_string}\"},\"query-input\":{\"@type\":\"PropertyValueSpecification\",\"valueRequired\":true,\"valueName\":\"search_term_string\"}}],\"inLanguage\":\"hu\"},{\"@type\":\"Organization\",\"@id\":\"https:\/\/www.haravara.sk\/#organization\",\"name\":\"Haravara\",\"url\":\"https:\/\/www.haravara.sk\/\",\"logo\":{\"@type\":\"ImageObject\",\"inLanguage\":\"hu\",\"@id\":\"https:\/\/www.haravara.sk\/#\/schema\/logo\/image\/\",\"url\":\"https:\/\/www.haravara.sk\/wp-content\/uploads\/2021\/04\/LOGO-LandingPage.png\",\"contentUrl\":\"https:\/\/www.haravara.sk\/wp-content\/uploads\/2021\/04\/LOGO-LandingPage.png\",\"width\":832,\"height\":618,\"caption\":\"Haravara\"},\"image\":{\"@id\":\"https:\/\/www.haravara.sk\/#\/schema\/logo\/image\/\"},\"sameAs\":[\"https:\/\/www.facebook.com\/haravara.detsky.svet\"]}]}<\/script>\n<!-- \/ Yoast SEO Premium plugin. -->","yoast_head_json":{"title":"Ako sa Majka a Max otu\u017eovali - HARAVARA Pr\u00edbehy (rozpr\u00e1vky)","description":"V \u010fal\u0161ej rozpr\u00e1vke z krajiny Haravara sa dozviete, ako sa Majka a Max rozhodn\u00fa, \u017ee \u010fal\u0161iu jese\u0148 pre\u017eij\u00fa bez ka\u0161\u013ea a n\u00e1dchy \u2013 za\u010dn\u00fa sa toti\u017e otu\u017eova\u0165. Pom\u00e1ha im ich duch-kamo\u0161 Ka\u0161ko, ktor\u00fd ich zavedie do obce Dedinky, odkia\u013e sa vydaj\u00fa jednoseda\u010dkovou lanovkou na \u010darovn\u00e9 miesto zvan\u00e9 Geravy, kde stretn\u00fa Ka\u0161kovho bratranca, m\u00fadreho ducha Benjam\u00edna, ktor\u00fd im uk\u00e1\u017ee tajomn\u00fa rastlinu vr\u00fabovn\u00edk oby\u010dajn\u00fd. Po jej ochutnan\u00ed deti z\u00edskaj\u00fa schopnos\u0165 vidie\u0165 nov\u00e9 mo\u017enosti otu\u017eovania v\u0161ade okolo seba, a preto sa vyber\u00fa k Palcmanskej Ma\u0161i \u2013 najstuden\u0161ej vodnej n\u00e1dr\u017ei \u0161iroko-\u010faleko, ktor\u00fa nap\u00e1ja rie\u010dka Hnilec prameniaca pod Kr\u00e1\u013eovou ho\u013eou.","robots":{"index":"index","follow":"follow","max-snippet":"max-snippet:-1","max-image-preview":"max-image-preview:large","max-video-preview":"max-video-preview:-1"},"canonical":"https:\/\/www.haravara.sk\/hu\/pribehy\/ako-sa-majka-a-max-otuzovali\/","og_locale":"hu_HU","og_type":"article","og_title":"Ako sa Majka a Max otu\u017eovali","og_description":"V \u010fal\u0161ej rozpr\u00e1vke z krajiny Haravara sa dozviete, ako sa Majka a Max rozhodn\u00fa, \u017ee \u010fal\u0161iu jese\u0148 pre\u017eij\u00fa bez ka\u0161\u013ea a n\u00e1dchy \u2013 za\u010dn\u00fa sa toti\u017e otu\u017eova\u0165. Pom\u00e1ha im ich duch-kamo\u0161 Ka\u0161ko, ktor\u00fd ich zavedie do obce Dedinky, odkia\u013e sa vydaj\u00fa jednoseda\u010dkovou lanovkou na \u010darovn\u00e9 miesto zvan\u00e9 Geravy, kde stretn\u00fa Ka\u0161kovho bratranca, m\u00fadreho ducha Benjam\u00edna, ktor\u00fd im uk\u00e1\u017ee tajomn\u00fa rastlinu vr\u00fabovn\u00edk oby\u010dajn\u00fd. Po jej ochutnan\u00ed deti z\u00edskaj\u00fa schopnos\u0165 vidie\u0165 nov\u00e9 mo\u017enosti otu\u017eovania v\u0161ade okolo seba, a preto sa vyber\u00fa k Palcmanskej Ma\u0161i \u2013 najstuden\u0161ej vodnej n\u00e1dr\u017ei \u0161iroko-\u010faleko, ktor\u00fa nap\u00e1ja rie\u010dka Hnilec prameniaca pod Kr\u00e1\u013eovou ho\u013eou.","og_url":"https:\/\/www.haravara.sk\/hu\/pribehy\/ako-sa-majka-a-max-otuzovali\/","og_site_name":"HARAVARA","article_publisher":"https:\/\/www.facebook.com\/haravara.detsky.svet","article_modified_time":"2025-07-29T21:58:28+00:00","og_image":[{"width":1200,"height":628,"url":"https:\/\/www.haravara.sk\/wp-content\/uploads\/2022\/07\/Haravara-pribehove-ilustracie-FB-54.png","type":"image\/png"}],"twitter_card":"summary_large_image","twitter_description":"Vonku u\u017e tro\u0161ku mrzlo. R\u00e1no si mamky a ockovia museli \u010disti\u0165 okn\u00e1 na aut\u00e1ch od mraz\u00edku a Ka\u0161ko a ostatn\u00ed duchovia si museli\u2026 vlastne nemuseli ni\u010d. Duchovia toti\u017e nec\u00edtia zimu ani teplo. C\u00edtia to len vtedy, ke\u010f n\u00e1hodou dostan\u00fa nejak\u00fa d\u00fa\u0161iu chorobu.","twitter_misc":{"Becs\u00fclt olvas\u00e1si id\u0151":"10 perc"},"schema":{"@context":"https:\/\/schema.org","@graph":[{"@type":"WebPage","@id":"https:\/\/www.haravara.sk\/pribehy\/ako-sa-majka-a-max-otuzovali\/","url":"https:\/\/www.haravara.sk\/pribehy\/ako-sa-majka-a-max-otuzovali\/","name":"Ako sa Majka a Max otu\u017eovali - HARAVARA Pr\u00edbehy (rozpr\u00e1vky)","isPartOf":{"@id":"https:\/\/www.haravara.sk\/#website"},"primaryImageOfPage":{"@id":"https:\/\/www.haravara.sk\/pribehy\/ako-sa-majka-a-max-otuzovali\/#primaryimage"},"image":{"@id":"https:\/\/www.haravara.sk\/pribehy\/ako-sa-majka-a-max-otuzovali\/#primaryimage"},"thumbnailUrl":"https:\/\/www.haravara.sk\/wp-content\/uploads\/2022\/07\/Haravara-pribehove-ilustracie-FB-52.png","datePublished":"2022-07-06T21:25:34+00:00","dateModified":"2025-07-29T21:58:28+00:00","description":"V \u010fal\u0161ej rozpr\u00e1vke z krajiny Haravara sa dozviete, ako sa Majka a Max rozhodn\u00fa, \u017ee \u010fal\u0161iu jese\u0148 pre\u017eij\u00fa bez ka\u0161\u013ea a n\u00e1dchy \u2013 za\u010dn\u00fa sa toti\u017e otu\u017eova\u0165. Pom\u00e1ha im ich duch-kamo\u0161 Ka\u0161ko, ktor\u00fd ich zavedie do obce Dedinky, odkia\u013e sa vydaj\u00fa jednoseda\u010dkovou lanovkou na \u010darovn\u00e9 miesto zvan\u00e9 Geravy, kde stretn\u00fa Ka\u0161kovho bratranca, m\u00fadreho ducha Benjam\u00edna, ktor\u00fd im uk\u00e1\u017ee tajomn\u00fa rastlinu vr\u00fabovn\u00edk oby\u010dajn\u00fd. Po jej ochutnan\u00ed deti z\u00edskaj\u00fa schopnos\u0165 vidie\u0165 nov\u00e9 mo\u017enosti otu\u017eovania v\u0161ade okolo seba, a preto sa vyber\u00fa k Palcmanskej Ma\u0161i \u2013 najstuden\u0161ej vodnej n\u00e1dr\u017ei \u0161iroko-\u010faleko, ktor\u00fa nap\u00e1ja rie\u010dka Hnilec prameniaca pod Kr\u00e1\u013eovou ho\u013eou.","breadcrumb":{"@id":"https:\/\/www.haravara.sk\/pribehy\/ako-sa-majka-a-max-otuzovali\/#breadcrumb"},"inLanguage":"hu","potentialAction":[{"@type":"ReadAction","target":["https:\/\/www.haravara.sk\/pribehy\/ako-sa-majka-a-max-otuzovali\/"]}]},{"@type":"ImageObject","inLanguage":"hu","@id":"https:\/\/www.haravara.sk\/pribehy\/ako-sa-majka-a-max-otuzovali\/#primaryimage","url":"https:\/\/www.haravara.sk\/wp-content\/uploads\/2022\/07\/Haravara-pribehove-ilustracie-FB-52.png","contentUrl":"https:\/\/www.haravara.sk\/wp-content\/uploads\/2022\/07\/Haravara-pribehove-ilustracie-FB-52.png","width":1200,"height":628},{"@type":"BreadcrumbList","@id":"https:\/\/www.haravara.sk\/pribehy\/ako-sa-majka-a-max-otuzovali\/#breadcrumb","itemListElement":[{"@type":"ListItem","position":1,"name":"Domov","item":"https:\/\/www.haravara.sk\/"},{"@type":"ListItem","position":2,"name":"Pr\u00edbehy","item":"https:\/\/www.haravara.sk\/pribehy\/"},{"@type":"ListItem","position":3,"name":"Ako sa Majka a Max otu\u017eovali"}]},{"@type":"WebSite","@id":"https:\/\/www.haravara.sk\/#website","url":"https:\/\/www.haravara.sk\/","name":"HARAVARA","description":"Objav detsk\u00fd svet v Ko\u0161ickom kraji","publisher":{"@id":"https:\/\/www.haravara.sk\/#organization"},"potentialAction":[{"@type":"SearchAction","target":{"@type":"EntryPoint","urlTemplate":"https:\/\/www.haravara.sk\/?s={search_term_string}"},"query-input":{"@type":"PropertyValueSpecification","valueRequired":true,"valueName":"search_term_string"}}],"inLanguage":"hu"},{"@type":"Organization","@id":"https:\/\/www.haravara.sk\/#organization","name":"Haravara","url":"https:\/\/www.haravara.sk\/","logo":{"@type":"ImageObject","inLanguage":"hu","@id":"https:\/\/www.haravara.sk\/#\/schema\/logo\/image\/","url":"https:\/\/www.haravara.sk\/wp-content\/uploads\/2021\/04\/LOGO-LandingPage.png","contentUrl":"https:\/\/www.haravara.sk\/wp-content\/uploads\/2021\/04\/LOGO-LandingPage.png","width":832,"height":618,"caption":"Haravara"},"image":{"@id":"https:\/\/www.haravara.sk\/#\/schema\/logo\/image\/"},"sameAs":["https:\/\/www.facebook.com\/haravara.detsky.svet"]}]}},"_links":{"self":[{"href":"https:\/\/www.haravara.sk\/hu\/wp-json\/wp\/v2\/pribehy\/19228","targetHints":{"allow":["GET"]}}],"collection":[{"href":"https:\/\/www.haravara.sk\/hu\/wp-json\/wp\/v2\/pribehy"}],"about":[{"href":"https:\/\/www.haravara.sk\/hu\/wp-json\/wp\/v2\/types\/pribehy"}],"version-history":[{"count":3,"href":"https:\/\/www.haravara.sk\/hu\/wp-json\/wp\/v2\/pribehy\/19228\/revisions"}],"predecessor-version":[{"id":19693,"href":"https:\/\/www.haravara.sk\/hu\/wp-json\/wp\/v2\/pribehy\/19228\/revisions\/19693"}],"wp:featuredmedia":[{"embeddable":true,"href":"https:\/\/www.haravara.sk\/hu\/wp-json\/wp\/v2\/media\/19380"}],"wp:attachment":[{"href":"https:\/\/www.haravara.sk\/hu\/wp-json\/wp\/v2\/media?parent=19228"}],"wp:term":[{"taxonomy":"category","embeddable":true,"href":"https:\/\/www.haravara.sk\/hu\/wp-json\/wp\/v2\/categories?post=19228"}],"curies":[{"name":"wp","href":"https:\/\/api.w.org\/{rel}","templated":true}]}}