{"id":19229,"date":"2022-07-06T22:00:25","date_gmt":"2022-07-06T21:00:25","guid":{"rendered":"https:\/\/www.haravara.sk\/?post_type=pribehy&#038;p=19229"},"modified":"2025-07-25T21:48:36","modified_gmt":"2025-07-25T20:48:36","slug":"ako-sa-majka-a-maxik-ucili-malovat","status":"publish","type":"pribehy","link":"https:\/\/www.haravara.sk\/hu\/pribehy\/ako-sa-majka-a-maxik-ucili-malovat\/","title":{"rendered":"Amikor Maja \u00e9s Maxi festeni tanultak"},"content":{"rendered":"<div style=\"height:39px\" aria-hidden=\"true\" class=\"wp-block-spacer\"><\/div>\n\n\n\n<p class=\"has-drop-cap\">Nem volt semmi k\u00fcl\u00f6n\u00f6s azon a t\u00e9li reggelen. A napocska lassan b\u00fajt el\u0151 a dombok \u00e9s panelh\u00e1zak,  \u00e9s a kassai Szent Erzs\u00e9bet-d\u00f3m tornyai m\u00f6g\u00fcl, Haravara f\u0151v\u00e1ros\u00e1ban. Maxi \u00e9s Maja \u00e9ppen ezeket a tornyokat k\u00e9mlelt\u00e9k. Az utc\u00e1kat h\u00f3 lepte, a h\u00f3ban emberek l\u00e1bnyomai. A gyerekek csak \u00fagy \u00fccs\u00f6r\u00f6gtek \u00e9s azon gondolkoztak, mit csin\u00e1lhatn\u00e1nak.<\/p>\n\n\n\n<p>\u201eMi lenne, ha lefesten\u00e9nk ezt a sz\u00e9ps\u00e9get?\u201c javasolta Maja \u00e9s tov\u00e1bb kutakodott a tekintet\u00e9vel, melyik sz\u00f6gb\u0151l lenne legszebb a l\u00e1tv\u00e1ny.<\/p>\n\n\n\n<p>\u201eSzerinted siker\u00fclne?\u201c k\u00e9rdezte Maxi.<\/p>\n\n\n\n<p>\u201eH\u00e1t persze, \u201c nyugtatta meg Maja.<\/p>\n\n\n\n<p>\u201eDe \u00e9n azt szeretn\u00e9m, hogy a havon lovacsk\u00e1k is legyenek \u00e9s...\u201cm\u00e9g be sem fejezte, amikor Maxi a szav\u00e1ba v\u00e1gott:<\/p>\n\n\n\n<p>\u201e\u00c9s egy hercegn\u0151! Olyan usz\u00e1lyos ruh\u00e1ban.\u201c<\/p>\n\n\n\n<p>\u201eM\u00e9g mit nem! Mi\u00e9rt kellene a hercegn\u0151imnek a foly\u00f3n f\u00e1t sz\u00e1ll\u00edtani, mint az usz\u00e1lyoknak?!\u201c m\u00e9rgel\u0151d\u00f6tt Maja.<\/p>\n\n\n\n<p>\u201eMaja, csak sz\u00f3lok: az usz\u00e1ly nemcsak sz\u00e1ll\u00edt\u00f3eszk\u00f6z lehet, a hercegn\u0151i ruh\u00e1n is van,\u201c csillap\u00edtotta Maxi.<\/p>\n\n\n\n<p>\u201eA ruh\u00e1t az usz\u00e1ly vontatja, vagy mi?\u201c Maja tov\u00e1bbra sem \u00e9rtette \u00e9s k\u00f6zben egy pap\u00edrra rajzolgatott.<\/p>\n\n\n\n<p>\u201e\u00c9n arra a hossz\u00fa, selymes anyagra gondolok, amit megemel a sz\u00e9l, amikor a hercegn\u0151k a lovon v\u00e1gtatnak. Vagy ami a mennyasszonyi ruh\u00e1jukon van,\u201c csillogott Maja szeme.<\/p>\n\n\n\n<p>\u201e\u00c9s ez pedig az usz\u00e1ly,\u201c tette hozz\u00e1 Maxi.<\/p>\n\n\n\n<p>\u201eAkkor usz\u00e1lyt is szeretn\u00e9k,\u201c mondta Maja \u00e9s ezzel mindketten oda\u00fcltek a pap\u00edrokhoz \u00e9s a sz\u00ednes ceruz\u00e1khoz.<\/p>\n\n\n\n<p>\u201eEg\u00e9szen j\u00f3l megy,\u201c n\u00e9zett r\u00e1 Maxi Maja rajz\u00e1ra.<\/p>\n\n\n\n<p>\u201eNeked is, \u201c biztatta Maja.<\/p>\n\n\n\n<p>\u201eTe Maja...,\u201c Maxi abbahagyta a rajzol\u00e1st<\/p>\n\n\n\n<p>De Maja \u00e9szre sem vette, hogy a testv\u00e9re figyelme elkalandozott.<\/p>\n\n\n\n<p>\u201eT\u00e1madt egy \u00f6tletem,\u201c mondta Maxi \u00e9s a haravarai t\u00e1jat b\u00e1multa.<\/p>\n\n\n\n<p>\u201eFigyelek,\u201c Maja fel sem emelte a ceruz\u00e1j\u00e1t.<\/p>\n\n\n\n<p>\u201eMi lenne, ha kifesten\u00e9nk a szob\u00e1nkat?\u201c<\/p>\n\n\n\n<p>\u201eTudod, hogy a sz\u00fcleink enged\u00e9lye n\u00e9lk\u00fcl ilyet nem tehet\u00fcnk, \u201c n\u00e9zett Maxira Maja \u00e9s a homlok\u00e1t \u00fct\u00f6gette, jelezve, hogy Maxi fej\u00e9b\u0151l hi\u00e1nyoznak egyes eml\u00e9kek.<\/p>\n\n\n\n<p>\u201eHogyne tudn\u00e1m. De te vajon eml\u00e9kszel-e, mit mondott Anya?\u201c<\/p>\n\n\n\n<p>\u201eEz a fal a ti\u00e9tek lehet,\u201c ragyogott fel Maja szeme.<\/p>\n\n\n\n<p>\u201eArra azt festhettek, amit csak akartok,\u201c \u00e9s m\u00e1r mindk\u00e9t gyerek arca felder\u00fclt.<\/p>\n\n\n\n<p>\u201e\u00c9s a t\u00f6bbi maradjon tiszta.\u201c<\/p>\n\n\n\n<p>\u201eNos, mit sz\u00f3lsz?\u201c Maxi nem adta al\u00e1bb \u00e9s a a sz\u00e1ja sark\u00e1ban egy huncut mosoly rajzol\u00f3dott ki.<\/p>\n\n\n\n<p>\u201e\u00c9ln\u00fcnk kellene ezzel a lehet\u0151s\u00e9ggel,\u201c tette le Maja is a ceruz\u00e1t \u00e9s a falat n\u00e9zte.<\/p>\n\n\n\n<p>\u201eDe....te m\u00e1r festett\u00e9k valaha falra?\u201c<\/p>\n\n\n\n<p>\u201e\u00c9n m\u00e9g nem. Hiszen tudod, nem igaz\u00e1n szok\u00e1s az \u00e9p\u00fcletek vagy a lak\u00e1s falait csak \u00fagy kifesteni.\u201c<\/p>\n\n\n\n<p>\u201eSzerintem az is olyan, amint amikor pap\u00edrra fest\u00fcnk,\u201c sim\u00edtotta v\u00e9gig a tiszta falat a kez\u00e9vel Maxi.<\/p>\n\n\n\n<p>\u00c9s azzal el\u0151 is vette a v\u00edzfest\u00e9keit \u00e9s a falra festett.<\/p>\n\n\n\n<p>\u201e\u00c1\u00e1\u00e1\u00e1\u00e1llj le!\u201c sik\u00edtott Maja.<\/p>\n\n\n\n<p>\u201eMi a baj?\u201c ijedt meg Maxi. .<\/p>\n\n\n\n<p>\u201eN\u00e9zd meg, n\u00e9zz oda.\u201c<\/p>\n\n\n\n<p>Maxi a falra n\u00e9zett \u00e9s s\u00edrni volt kedve.<\/p>\n\n\n\n<p>\u201eH\u00e1t ez nem fogja elnyerni Anya tetsz\u00e9s\u00e9t,\u201c suttogta.<\/p>\n\n\n\n<p>\u201eAnya azt mondta, b\u00e1rmit r\u00e1festhet\u00fcnk.\u201c<\/p>\n\n\n\n<p>\u201eEz igaz, \u201c Maxi egy kicsit megnyugodott.<\/p>\n\n\n\n<p>\u201eDe ez nekem se tetszik,\u201c \u00e1llt a testv\u00e9re el\u00e9 Maja. \u201eValahol ut\u00e1na kellene j\u00e1rnunk, hogyan kell a falra festeni.\u201c<\/p>\n\n\n\n<p>Ahogy \u00edgy elm\u00e9lkedtek, egyszer csak ezt hallott\u00e1k a h\u00e1tuk m\u00f6g\u00fcl:<\/p>\n\n\n\n<p>\u201eModern m\u0171v\u00e9szet, hmmmmmm.\u201c<\/p>\n\n\n\n<p>A gyerekek h\u00e1tra fordultak \u00e9s a havas ablakp\u00e1rk\u00e1nyon szellembar\u00e1tjuk, Kask\u00f3 \u00fclt.<\/p>\n\n\n\n<p>\u201eEredetileg egy lovat akartam odafesteni,\u201c mondta Maxi les\u00fct\u00f6tt szemmel.<\/p>\n\n\n\n<p>\u201eMeg hercegn\u0151ket, meg ..... \u201c tette hozz\u00e1 Maja szomor\u00faan, a sz\u00e9tfoly\u00f3 fest\u00e9ket b\u00e1mulva.<\/p>\n\n\n\n<p>\u201e\u00c9rtem. De akkor mi\u00e9rt \u00edgy csin\u00e1lt\u00e1tok?\u201c<\/p>\n\n\n\n<p>\u201eMi\u00e9rt, hogyan kellett volna?\u201c<\/p>\n\n\n\n<p>\u201eA falra a fresk\u00f3k illenek a legjobban.\u201c<\/p>\n\n\n\n<p>\u201e\u00c9n olyat biztos nem csin\u00e1ln\u00e9k,\u201c jelentette ki Maja, noha fogalma sem volt, mir\u0151l van sz\u00f3.<\/p>\n\n\n\n<p>\u201eMi bajod van a\u2026?\u201d \u2013 nem fejezte be Ka\u0161ko.<\/p>\n\n\n\n<p>\u201e\u00c9n soha nem festen\u00e9k semmilyen \u00e1llatk\u00e1t a falra.\u201d<\/p>\n\n\n\n<p>\u201eMicsoda?\u201d \u2013 \u00e9rtetlenkedett Ka\u0161ko.<\/p>\n\n\n\n<p>\u201eM\u00e9g g\u00f6r\u00e9nyeket sem.\u201d<\/p>\n\n\n\n<p>\u201eFresk\u00f3kat\u201d \u2013 magyar\u00e1zta Ka\u0161ko.<\/p>\n\n\n\n<p>\u201eAzok meg mik?\u201d<\/p>\n\n\n\n<p>\u201ePedig a fresk\u00f3 egy festm\u00e9ny, amit a r\u00e9gi templomok falain l\u00e1thatunk,\u201c magyar\u00e1zta Kask\u00f3.<\/p>\n\n\n\n<p>\u201eT\u00e9nyleg, olyat l\u00e1ttunk m\u00e1r...\u201c<\/p>\n\n\n\n<p>\u201eDe hiszen azokat is a falra festik, csak \u00fagy, nem?\u201c gondolkozott Maja.<\/p>\n\n\n\n<p>\u201eA fresk\u00f3kat igaz\u00e1b\u00f3l a nedves vakolatra festik.\u201c<\/p>\n\n\n\n<p>\u201eHogy mondod?\u201c<\/p>\n\n\n\n<p>\u201eH\u00e1t az, ami a falat alkotja.\u201d<\/p>\n\n\n\n<p>\u201eVil\u00e1gos \u2013 a vakolat.\u201d<\/p>\n\n\n\n<p>\u201eA vakolat az, ami befedi a falat. \u00c9s amikor nedves, speci\u00e1lis fest\u00e9kekkel lehet r\u00e1 festeni.\u201c<\/p>\n\n\n\n<p>\u201eDe mi\u00e9rt kell nedvesnek lennie?\u201c Maja nem \u00e9rtette, \u00e9s Maxi sem, de \u0151 nem akart r\u00e1k\u00e9rdezni.<\/p>\n\n\n\n<p>\u201eMert \u00edgy a vakolat mag\u00e1ba sz\u00edvja a fest\u00e9ket,\u201c kopogtatta meg a szoba fal\u00e1t Kask\u00f3.<\/p>\n\n\n\n<p>\u201eMint egy szivacs,\u201c Maja lassan meg\u00e9rtette, mir\u0151l lehet sz\u00f3.<\/p>\n\n\n\n<p>\u201e\u00c9s \u00edgy tov\u00e1bb megmarad,\u201c b\u00f3lintott Kask\u00f3. .<\/p>\n\n\n\n<p>\u201e\u00c9s f\u0151k\u00e9nt nem folyik sz\u00e9t a falon,\u201c s\u00f3hajtott Maxi.<\/p>\n\n\n\n<p>\u201ePontosan, kedves bar\u00e1taim.\u201c<\/p>\n\n\n\n<p>\u201eDe hol tanulhatunk meg fresk\u00f3kat festeni?\u201c t\u00e1rta sz\u00e9t a karj\u00e1t Maja tan\u00e1cstalanul.<\/p>\n\n\n\n<p>\u201eH\u00e1t G\u00f6m\u00f6rben,\u201c v\u00e1gta r\u00e1 Kask\u00f3.<\/p>\n\n\n\n<p>\u201eHogy miben?\u201c hegyezte a f\u00fcl\u00e9t a k\u00e9t gyerek.<\/p>\n\n\n\n<p>\u201eG\u00f6m\u00f6rben,\u201c ism\u00e9telte meg Kask\u00f3 lassan.<\/p>\n\n\n\n<p>\u201eDe mi az?\u201c<\/p>\n\n\n\n<p>\u201eAz Haravara birodalom r\u00e9sze,\u201c Kask\u00f3 \u00fagy mondta ezt, mint egy professzor.<\/p>\n\n\n\n<p>\u201eVagy \u00fagy.\u201c<\/p>\n\n\n\n<p>\u201eRozsny\u00f3 v\u00e1ros\u00e1nak k\u00f6rny\u00e9k\u00e9n\u2026\u201c Kask\u00f3 megpr\u00f3b\u00e1lta k\u00f6r\u00fcl\u00edrni, merre tal\u00e1lhat\u00f3 G\u00f6m\u00f6r.<\/p>\n\n\n\n<p>\u201eAzt ismerj\u00fck, Rozsny\u00f3!\u201c ki\u00e1ltottak fel a gyerekek boldogan, \u00e9s m\u00e1r l\u00e1tt\u00e1k is magukat, ahogy fresk\u00f3kat festenek.<\/p>\n\n\n\n<p>\u201eIgen, \u00e9s \u00e9ppen ott tal\u00e1lhat\u00f3 t\u00f6bb r\u00e9gi templom, amelyek t\u00e9len t\u00f6bbnyire z\u00e1rva tartanak \u00e9s \u00edgy ott tartj\u00e1k a titkos szellemi \u00e9s szellem\u00e9szeti fest\u00e9szeti egyetem oktat\u00e1s\u00e1t.\u201c<\/p>\n\n\n\n<p>\u201eIgaz\u00e1n?\u201c<\/p>\n\n\n\n<p>\u201eMeg akarj\u00e1tok n\u00e9zni esetleg?\u201c k\u00e9rdezte Kask\u00f3 csak \u00fagy f\u00e9lv\u00e1llr\u00f3l, de pontosan tudta, mi lesz a v\u00e1lasz.<\/p>\n\n\n\n<p>\u201eTerm\u00e9szetesen!\u201c, z\u00fagt\u00e1k k\u00f3rusban a testv\u00e9rek.<\/p>\n\n\n\n<p>\u201eV\u00e1lasszatok egy templomot, amelyik a legink\u00e1bb tetszik \u00e9s csatlakozhattok a bar\u00e1taimhoz,  a di\u00e1kokhoz.\u201c<\/p>\n\n\n\n<p>Maxi \u00e9s Maja buszra \u00fcltek \u00e9s elutaztak az els\u0151 faluba, amit Kask\u00f3 kijel\u00f6lt sz\u00e1mukra a t\u00e9rk\u00e9pen.<\/p>\n\n\n\n<p>Gecelfalva.<\/p>\n\n\n\n<p>A gyerekek els\u00e9t\u00e1ltak egy kis dombra, ahol egy gy\u00f6ny\u00f6r\u0171, mesebeli templom \u00e1llt. \u00datk\u00f6zben Kask\u00f3 azt is elmes\u00e9lte, hogy a k\u00f6rny\u00e9kbeli templomok mind 600, s\u0151t 700 \u00e9vn\u00e9l is id\u0151sebbek. \u00c9s benn\u00fck a fresk\u00f3k szint\u00e9n ilyen r\u00e9giek.<\/p>\n\n\n\n<p>\u201e\u00c9s m\u00e9g mindig ott vannak?\u201c csod\u00e1lkozott Maja.<\/p>\n\n\n\n<p>\u201eIgen, igaz, hogy n\u00e9melyek kiss\u00e9 megrong\u00e1l\u00f3dtak,\u201c jegyezte meg Kask\u00f3 szomor\u00faan.<\/p>\n\n\n\n<p>\u201eKi tehetett t\u00f6nkre ilyen gy\u00f6ny\u00f6r\u0171 k\u00e9peket?\u201c h\u00fcledeztek a gyerekek.<\/p>\n\n\n\n<p>\u201eVolt olyan id\u0151szak, nemcsak Haravar\u00e1ban, hanem eg\u00e9sz Eur\u00f3p\u00e1ban, amikor fura alakok j\u00f6ttek, akik azt mondt\u00e1k, hogy a k\u00e9pek nem val\u00f3k a templomokba.\u201c<\/p>\n\n\n\n<p>\u201eIgaz\u00e1n?\u201c Maja el sem tudta k\u00e9pzelni, hogy a templomban ne legyenek festm\u00e9nyek.<\/p>\n\n\n\n<p>\u201eEz\u00e9rt lefestett\u00e9k vagy megsemmis\u00edtett\u00e9k a k\u00e9peket,\u201c folytatta Kask\u00f3.<\/p>\n\n\n\n<p>\u201eIlyet soha nem tenn\u00e9k.\u201c<\/p>\n\n\n\n<p>\u201eMenj\u00fcnk be!\u201c<\/p>\n\n\n\n<p>\u201eVan kulcsunk?\u201c k\u00e9rdezt\u00e9k Kask\u00f3t.<\/p>\n\n\n\n<p>\u201eNek\u00fcnk nincs, de Vikt\u00f3ria bar\u00e1tn\u0151mnek van.\u201c Kask\u00f3 mormogott valamit \u00e9s egyszer csak egy szelleml\u00e1ny jelent meg, aki \u00fagy n\u00e9zett ki, mintha egy mes\u00e9b\u0151l toppant volna el\u0151.<\/p>\n\n\n\n<p>\u201eKask\u00f3!\u201c \u00f6lelte meg Vikt\u00f3ria.<\/p>\n\n\n\n<p>\u201eVikt\u00f3ria!\u201c<\/p>\n\n\n\n<p>\u201eSz\u00f3val m\u00e9gis \u00fagy d\u00f6nt\u00f6tt\u00e9l, hogy megtanulsz festeni?\u201c<\/p>\n\n\n\n<p>\u201e\u00c9n nem, de a bar\u00e1taim szeretn\u00e9nek,\u201c mutatott r\u00e1 Maxira \u00e9s Maj\u00e1ra.<\/p>\n\n\n\n<p>\u201eEmbergyerekek?\u201c Vikt\u00f3ria nem \u00e9rtette l\u00e9s azt sem sejtette, hogy Max \u00e9s Maja l\u00e1tj\u00e1k \u0151t.<\/p>\n\n\n\n<p>\u201e\u0150k l\u00e1tnak minket,\u201c s\u00fagta oda Kask\u00f3 \u00e9s a szelleml\u00e1ny el\u00e1mult.<\/p>\n\n\n\n<p>\u201eDe tudod, hogy ebbe az iskol\u00e1ba csak szellemek j\u00e1rnak,\u201c figyelmeztette Vikt\u00f3ria.<\/p>\n\n\n\n<p>\u201eTudom, de \u0151k nagyon j\u00f3 gyerekek,\u201c mosolygott Kask\u00f3.<\/p>\n\n\n\n<p>Maja \u00e9s Maxi k\u00f6ny\u00f6rg\u0151 kiskutya-szemekkel n\u00e9ztek, mire Vikt\u00f3ria megcs\u00f6rrentette az \u00f3ri\u00e1s kulcscsom\u00f3j\u00e1t. A kapu kiny\u00edlt \u00e9s egy csodasz\u00e9p gal\u00e9ria t\u00e1rult el\u00e9j\u00fck.<\/p>\n\n\n\n<p>\u201eEz meg mi?\u201c<\/p>\n\n\n\n<p>\u201eIsten hozott benneteket a gecelfalvi templomban, \u201c mondta Vikt\u00f3ria hivatalosan.<\/p>\n\n\n\n<p>A templom fresk\u00f3i alatt sok szellem \u00fclt, akik festeni tanultak. Vikt\u00f3ria a falakra mutatott:<\/p>\n\n\n\n<p>\u201eEzeket a fresk\u00f3kat olasz mesterek festett\u00e9k.\u201c<\/p>\n\n\n\n<p>\u201eEg\u00e9szen Olaszorsz\u00e1gb\u00f3l j\u00f6ttek?\u201c Maja nem hitt a f\u00fcl\u00e9nek.<\/p>\n\n\n\n<p>\u201eValaha Rozsny\u00f3 \u00e9s az eg\u00e9sz k\u00f6rny\u00e9ke nagyon gazdag volt,\u201c csatlakozott Kask\u00f3.<\/p>\n\n\n\n<p>\u201e\u00c9s most m\u00e1r mi\u00e9rt nem az?\u201c \u00e9rdekl\u0151d\u00f6tt Maja.<\/p>\n\n\n\n<p>\u201eVasat, ez\u00fcst\u00f6t \u00e9s aranyat is b\u00e1ny\u00e1sztak errefel\u00e9, \u201c magyar\u00e1zta Kask\u00f3.<\/p>\n\n\n\n<p>\u201eNah\u00e1t\u2026\u201c csod\u00e1lta Maja \u00e9s testv\u00e9re a sz\u00e9p fresk\u00f3kat.<\/p>\n\n\n\n<p>\u201e\u00c9s mivel amit itt termeltek, azt eg\u00e9sz Eur\u00f3p\u00e1ba sz\u00e1ll\u00edtott\u00e1k, a legjobb fest\u0151ket is meg tudt\u00e1k h\u00edvni.\u201c<\/p>\n\n\n\n<p>\u201eA fresk\u00f3k el\u0151sz\u00f6r az \u00f3kori G\u00f6r\u00f6gorsz\u00e1gban, azt\u00e1n pedig az kori R\u00f3m\u00e1ban  - vagyis Olaszorsz\u00e1gban jelentek meg,\u201c tette hozz\u00e1 Vikt\u00f3ria.<\/p>\n\n\n\n<p>\u201e\u00c9ppen err\u0151l tanulnak az ifj\u00fa szellemek,\u201c mutatott r\u00e1 a di\u00e1kokra.<\/p>\n\n\n\n<p>\u201e\u00c9s nekik mi\u00e9rt kell err\u0151l tanulniuk?\u201c Maxi \u00e9s Maja nem \u00e9rtette.<\/p>\n\n\n\n<p>\u201eHogy \u0151k s\u00fagj\u00e1k a restaur\u00e1torok f\u00fcl\u00e9be, hogy kell a fresk\u00f3kat restaur\u00e1lni.\u201c<\/p>\n\n\n\n<p>\u201eVagy \u00fagy!\u201c ezzel Kask\u00f3 is megtudott valami \u00fajat.<\/p>\n\n\n\n<p>Maxi \u00e9s Maja v\u00e9gigs\u00e9t\u00e1ltak a templomon. Megcsod\u00e1lt\u00e1k a mesebeli sz\u00e9ps\u00e9g\u0171 mennyezetet \u00e9s a fresk\u00f3kat, amelyeket l\u00e1tva azt volt az \u00e9rz\u00e9s\u00fck, hogy nemsok\u00e1ra fel\u00e9lednek.<\/p>\n\n\n\n<p>\u201eMilyen gy\u00f6ny\u00f6r\u0171,\u201c suttogta Maja.<\/p>\n\n\n\n<p>\u201eT\u00e9nyleg az, \u201c b\u00f3logatott Maxi.<\/p>\n\n\n\n<p>\u201eTetszik, amit l\u00e1ttok?\u201c k\u00e9rdezte Vikt\u00f3ria egy kis id\u0151 eltelt\u00e9vel.<\/p>\n\n\n\n<p>\u201eNagyon... \u00c9s kik azok a restaur\u00e1torok?\u201c Maj\u00e1nak esz\u00e9be jutott, hogy ezt a sz\u00f3t m\u00e9g nem hallotta.<\/p>\n\n\n\n<p>\u201eGyertek, mutatok egy helyet, ahol m\u00e9g megfigyelhetitek a munk\u00e1jukat.\u201c<\/p>\n\n\n\n<p>\u201eMessze van?\u201c k\u00e9rdezt\u00e9k a gyerekek, mert egy\u00e1ltal\u00e1n nem volt kedv\u00fck elhagyni ezt a sz\u00e9p templomot \u00e9s a k\u00e9peket.<\/p>\n\n\n\n<p>\u201ePels\u0151c\u00f6n,\u201c mondta Vikt\u00f3ria, kinyitotta a templom kapuj\u00e1t \u00e9s felr\u00f6ppent.<\/p>\n\n\n\n<p>Kask\u00f3 \u00fagy d\u00f6nt\u00f6tt, hogy \u0151k sem fognak az aut\u00f3buszra v\u00e1rni, hanem ink\u00e1bb a r\u00f6ptet\u0151 f\u00fcveket fogja haszn\u00e1lni. \u00cdgy a gyerekek is h\u00e1rom pillanat m\u00falva m\u00e1r egy m\u00e1sik kisv\u00e1rosban, Pels\u0151c\u00f6n tal\u00e1lt\u00e1k magukat, egy templom el\u0151tt, amely el\u00e9gg\u00e9 hasonl\u00edtott a gecelfalvira.<\/p>\n\n\n\n<p>\u201eTudj\u00e1tok, k\u00edv\u00fclr\u0151l a templomok sokszor hasonl\u00f3an n\u00e9znek ki, hiszen egy id\u0151ben \u00e9p\u00fcltek \u00e9s mindegyiknek egy haj\u00f3ja lehetett.....\u201c<\/p>\n\n\n\n<p>\u201eHaj\u00f3?\u201c n\u00e9zel\u0151d\u00f6tt Maja \u00e9s Maxi, nem \u00e1llnak-e v\u00e9letlen\u00fcl egy szigeten, v\u00edzzel k\u00f6r\u00fclv\u00e9ve.<\/p>\n\n\n\n<p>\u201eEz a templomnak az a r\u00e9sze, ahol a padok vannak, ahol az emberek \u00fclni szoktak.\u201c<\/p>\n\n\n\n<p>\u201eVagy \u00fagy, sz\u00f3val az a haj\u00f3.\u201c<\/p>\n\n\n\n<p>\u201eEgyes nagyobb templomokban h\u00e1rom haj\u00f3 is van.\u201c<\/p>\n\n\n\n<p>\u201eHmm,\u201c kuncogott Maxi \u00e9s m\u00e1ris elk\u00e9pzelte, milyen lenne, ha bel\u00e9pn\u00e9nek egy templomba \u00e9s az egyszerre megmozdulna \u00e9s \u00faszni kezdene.<\/p>\n\n\n\n<p>Bel\u00e9ptek a templomba, ism\u00e9t Viki seg\u00edts\u00e9g\u00e9vel, aki, mint azt a gyerekek rep\u00fcl\u00e9s k\u00f6zben megtudt\u00e1k, a g\u00f6m\u00f6ri g\u00f3tikus templomok f\u0151 kulcs\u00e1ra, az ifj\u00fa szellemek r\u00e9sz\u00e9re.<\/p>\n\n\n\n<p>\u201eDe hiszen itt valaki t\u00f6nkretette a fresk\u00f3kat!\u201c ki\u00e1ltott fel Maja.<\/p>\n\n\n\n<p>\u201eItt valaki helyre\u00e1ll\u00edtotta \u0151ket,\u201c helyesb\u00edtett Viki.<\/p>\n\n\n\n<p>\u201eEz nem jav\u00edt\u00e1snak n\u00e9z ki, hanem rombol\u00e1snak,\u201c mondta Kask\u00f3 is.<\/p>\n\n\n\n<p>\u201eA fresk\u00fckat valaki m\u00e1r sok-sok \u00e9vvel kor\u00e1bban t\u00f6nkretette.\u201c<\/p>\n\n\n\n<p>\u201eDe mi\u00e9rt nem jav\u00edtj\u00e1tok meg a eg\u00e9szet?\u201c Maxi nem \u00e9rtette.<\/p>\n\n\n\n<p>\u201eDe hiszen szinte m\u00e1r teljesen meg\u00fajultak,\u201c sim\u00edtotta v\u00e9gig a falakat Viki. Az \u0151 finom keze nem tudott k\u00e1rt tenni a falfestm\u00e9nyekben.<\/p>\n\n\n\n<p>\u201e\u00c9n az\u00e9rt azt l\u00e1tom, hogy egyes alakok nem teljesek,\u201c figyelmeztette \u00f3vatosan Maja.<\/p>\n\n\n\n<p>\u201eMert a restaur\u00e1tor nem tudja, hogy n\u00e9ztek ki.  Nem festhet oda egy eg\u00e9sz alakot, ha nem tudja, hogy n\u00e9zett ki, milyen volt a ruh\u00e1ja \u00e9s ...\u201c<\/p>\n\n\n\n<p>\u201e\u00c1, sz\u00f3val csak azt jav\u00edtja meg, ami l\u00e1tszik!\u201c<\/p>\n\n\n\n<p>\u201e\u00c9s ami egy\u00e9rtelm\u0171.\u201c<\/p>\n\n\n\n<p>\u201eHmm, \u00e9rtem.\u201c<\/p>\n\n\n\n<p>\u201eEl\u0151fordul, hogy f\u00e9nyk\u00e9pek vagy v\u00e1zlatok is fennmaradnak a fresk\u00f3kr\u00f3l, de ez el\u00e9gg\u00e9 ritka,\u201c magyar\u00e1zta Viki, am\u00edg Kask\u00f3 a templomban repkedett fel-al\u00e1 \u00e9s a fresk\u00f3kat vizsg\u00e1lta.<\/p>\n\n\n\n<p>Kask\u00f3 \u00e9s Vikt\u00f3ria megmutatt\u00e1k a gyerekeknek, hogyan restaur\u00e1lt\u00e1k a fresk\u00f3kat Pels\u0151c\u00f6n, Vikt\u00f3ria pedig megh\u00edvta \u0151ket a legnagyobb fest\u0151m\u0171helybe, a martonh\u00e1zi templomba.<\/p>\n\n\n\n<p>Martonh\u00e1z\u00e1n, ebben a b\u00e1jos kis faluban, egyenesen a templomba rep\u00fcltek \u00e9s be\u00fcltek a padokba a fest\u0151szellemek k\u00f6z\u00e9.<\/p>\n\n\n\n<p>\u201eV\u00e1lasszatok egy alakot, \u00e9s pr\u00f3b\u00e1lj\u00e1tok lefesteni egy pap\u00edrra. Ezut\u00e1n megtan\u00edtom nektek, hogyan kell a falra festeni,\u201c s\u00fagta nekik Vikt\u00f3ria, hogy a t\u00f6bbi m\u0171v\u00e9szt ne zavarja munka k\u00f6zben.<\/p>\n\n\n\n<p>Maxi \u00e9s Maja alig tudtak v\u00e1lasztani. K\u00f6r\u00fcl\u00f6tt\u00fck a h\u00fasv\u00e9ti t\u00f6rt\u00e9net elevenedett meg, persze nem a locsolkod\u00e1s, hanem a Gecsem\u00e1n\u00e9 kertje, J\u00fad\u00e1s cs\u00f3kja \u00e9s a kereszt\u00fat. \u00c9s b\u00e1r m\u00e9g t\u00e9l volt, a gyerekek \u00f6r\u00f6mmel gondoltak a h\u00fasv\u00e9tra.<\/p>\n\n\n\n<p>\u00c9s akkor \u00e9szrevettek valamit.<\/p>\n\n\n\n<p>\u201eH\u00e1t ez meg mi?\u201c k\u00e9rdezt\u00e9k t\u00e1tott sz\u00e1jjal.<\/p>\n\n\n\n<p>\u201eMit l\u00e1ttok?\u201c k\u00e9rdezte Viki.<\/p>\n\n\n\n<p>\u201eEz a h\u00e1romfej\u0171 l\u00e9ny,\u201c mutattak r\u00e1 egy fresk\u00f3ra, amelyen az egyik alaknak egyetlen fejen h\u00e1rom arca volt.<\/p>\n\n\n\n<p>\u201eEz az egyik legszebb fresk\u00f3 az eg\u00e9sz Haravara birodalomban,\u201c mondta Vikt\u00f3ria \u00e1lmodozva.<\/p>\n\n\n\n<p>\u201eDe mi akar ez lenni?\u201c vizsg\u00e1lgatt\u00e1k a festm\u00e9nyt a gyerekek.<\/p>\n\n\n\n<p>\u201eSzerintetek mi?\u201c noszogotta \u0151ket Kask\u00f3.<\/p>\n\n\n\n<p>\u201eK\u00f6z\u00f6ns\u00e9ges h\u00e1romfej?\u201c pr\u00f3b\u00e1lkozott Maxi.<\/p>\n\n\n\n<p>\u201eEgy kis s\u00e1rk\u00e1ny?\u201c reag\u00e1lt Maja, amikor l\u00e1tta, hogy Viki \u00e9s Kask\u00f3 a fej\u00fcket cs\u00f3v\u00e1lj\u00e1k.<\/p>\n\n\n\n<p>\u201eVagy\u2026\u201c kezdte Maxi, de nem volt semmi jobb \u00f6tlete a h\u00e1romfej\u0171n\u00e9l.<\/p>\n\n\n\n<p>\u201eEz a Szenth\u00e1roms\u00e1g.\u201c<\/p>\n\n\n\n<p>\u201eAz mi lehet?\u201c k\u00e9rdezte Maja k\u00edv\u00e1ncsian.<\/p>\n\n\n\n<p>\u201eEz egy olyan titok, amelyet m\u00e9g mi, szellemek se tudunk megmagyar\u00e1zni. De azt tudjuk, hogy ez a fej az Apa, ez a Fi\u00fa \u00e9s ez pedig \u2026\u201c<\/p>\n\n\n\n<p>\u201eAnya!\u201c ki\u00e1ltott fel Maja \u00f6nk\u00e9ntelen\u00fcl.<\/p>\n\n\n\n<p>\u201e\u2026ez pedig a....,\u201c Viki m\u00e1r \u00e9ppen be akarta fejezni a mondatot.<\/p>\n\n\n\n<p>\u201eL\u00e1nyuk?\u201c Maxi is tippelt egyet, h\u00e1tha szerez egy pontot.<\/p>\n\n\n\n<p>\u201eA Szentl\u00e9lek\u201c, mondta ki v\u00e9gre Viki.<\/p>\n\n\n\n<p>\u201eVagy \u00fagy.\u201c<\/p>\n\n\n\n<p>Maja \u00e9s Maxi m\u00e1r \u00e9rtette a feladatot: egy h\u00e1romfej\u0171 l\u00e9nyt fognak festeni, k\u00f6r\u00e9 pedig furcsa alakokat kardokkal \u00e9s k\u00f6nyvekkel.<\/p>\n\n\n\n<p>\u201e\u00c9n akkor is szeretn\u00e9m tudni, mi\u00e9rt festett\u00e9k ezeket a k\u00e9peket, azt\u00e1n meg mi\u00e9rt tett\u00e9k t\u00f6nkre,\u201c Maj\u00e1t nem hagyta nyugodni a dolog.<\/p>\n\n\n\n<p>\u201eAz emberek valaha r\u00e9gen nem tudtak olvasni,\u201c fogott a magyar\u00e1zathoz Viki. \u201eDe m\u00e9g ha hatsz\u00e1z \u00e9ve tudtak is volna olvasni az egyszer\u0171 emberek, akkor sem lett volna mit olvasniuk.\u201c<\/p>\n\n\n\n<p>\u201eHogyhogy?\u201c Maxi nem \u00e9rtette.<\/p>\n\n\n\n<p>\u201eA k\u00f6nyveket k\u00e9zzel \u00edrt\u00e1k \u00e9s nagyon kev\u00e9s volt bel\u0151l\u00fck a vil\u00e1gon. A legjelent\u0151sebbekb\u0151l is csup\u00e1n p\u00e1r tucat.\u201c<\/p>\n\n\n\n<p>\u201eM\u00e9g ilyet,\u201c Maja alig tudta elk\u00e9pzelni a vil\u00e1got k\u00f6nyvek n\u00e9lk\u00fcl.<\/p>\n\n\n\n<p>\u201eAz emberek ez\u00e9rt mes\u00e9ltek egym\u00e1snak,\u201c magyar\u00e1zta Kask\u00f3, am\u00edg a gyerekek a furcsa martonh\u00e1zi figur\u00e1kat rajzolgatt\u00e1k a pap\u00edrra.<\/p>\n\n\n\n<p>\u201e\u00c9s hogy mindig fel tudj\u00e1k id\u00e9zni ezeket a t\u00f6rt\u00e9neteket,\u201c folytatta Kask\u00f3.<\/p>\n\n\n\n<p>\u201eK\u00e9preg\u00e9nyt rajzoltak hozz\u00e1,\u201c v\u00e1gta r\u00e1 Viki \u00e9s megdics\u00e9rte a gyerekek rajzait. \u201e\u00dagy l\u00e1tom, most m\u00e1r elkezdhetj\u00fck a falra fest\u00e9s tudom\u00e1ny\u00e1nak elsaj\u00e1t\u00edt\u00e1s\u00e1t.\u201c<\/p>\n\n\n\n<p>\u201eMegtanulunk fresk\u00f3zni!\u201c \u00f6r\u00fcltek a testv\u00e9rek.<\/p>\n\n\n\n<p>Vikt\u00f3ria csak mosolygott \u00e9s a t\u00f6bbi szellem seg\u00edts\u00e9g\u00e9vel megtan\u00edtott\u00e1k Maj\u00e1t \u00e9s Maxit, hogy a k\u00e9sz\u00edtsenek nedves vakolatot, hogyan \u00e1ll\u00edts\u00e1k el\u0151 a fest\u00e9ket, azt hogyan keverj\u00e9k ki \u00e9s hogyan kell a friss vakolatba festeni.<\/p>\n\n\n\n<p>Ahogy \u00edgy festegettek, az egyik k\u00e9pr\u0151l egyszercsak leesett egy alma.<\/p>\n\n\n\n<p>\u201eMi volt ez?\u201c figyelt fel Vikt\u00f3ria.<\/p>\n\n\n\n<p>\u201e\u00c9letre kelnek,\u201c suttogta Maja kiss\u00e9 r\u00e9m\u00fclten.<\/p>\n\n\n\n<p>\u00c9s akkor valami olyasmi t\u00f6rt\u00e9nt, amire senki sem sz\u00e1m\u00edtott. A g\u00f3tikus ablakok feletti csod\u00e1latos k\u00e9pek megelevenedtek \u2013 sasok \u00e9s egy sz\u00e1rnyas bika rep\u00fclt ki bel\u0151l\u00fck. A falr\u00f3l leesett az Utols\u00f3 vacsora asztala, a keny\u00e9rrel \u00e9s a poh\u00e1rral egy\u00fctt. \u00c9s az alakok is egym\u00e1s ut\u00e1n \u00e9ledtek fel.<\/p>\n\n\n\n<p>\u201eMit fogunk csin\u00e1lni?!\u201c ki\u00e1ltoztak a di\u00e1kok \u00e9s Maja az ecset\u00e9re n\u00e9zett.<\/p>\n\n\n\n<p>\u201eCsak nem ebbe a fest\u00e9kbe m\u00e1rtottad az ecsetet?\u201c k\u00e9rdezte gyorsan Vikt\u00f3ria.<\/p>\n\n\n\n<p>\u201eLehet, hogy igen. Mi\u00e9rt?\u201c Maja m\u00e1r sejtette, hogy valamit elrontott.<\/p>\n\n\n\n<p>\u201eEz egy var\u00e1zsfest\u00e9k, amit csak akkor haszn\u00e1lunk, amikor az anat\u00f3mi\u00e1r\u00f3l tanulunk, arr\u00f3l, hogy mozognak a lovak \u00e9s az emberek.\u201c<\/p>\n\n\n\n<p>\u201eVagyis egy pillanatra fel\u00e9lesztitek \u0151ket?\u201c m\u00e9rte v\u00e9gig Maxi ijedten a templomban egyre szaporod\u00f3 alakokat.<\/p>\n\n\n\n<p>\u201ePontosan,\u201c er\u0151s\u00edtette meg Viki.<\/p>\n\n\n\n<p class=\"translation-block\">\u201e\u00c9s most hogy fogjuk \u0151ket \u00e9lettelen\u00edteni?\u201c \u00e9rdekl\u0151d\u00f6tt Kask\u00f3.<\/p>\n\n\n\n<p>\u201eAhhoz sz\u00fcks\u00e9g lesz erre a ..... jaj, ne!\u201c<\/p>\n\n\n\n<p>\u201eMi t\u00f6rt\u00e9nt?\u201c Kask\u00f3 gyan\u00edtotta, hogy valami baj van.<\/p>\n\n\n\n<p>\u201eItt volt az a var\u00e1zspor, amit a k\u00e9pek \u00e9lettelen\u00edt\u00e9s\u00e9hez haszn\u00e1lunk.\u201c<\/p>\n\n\n\n<p>\u201e\u00c9s elt\u0171nt?\u201c Maja f\u00e9lni kezdett.<\/p>\n\n\n\n<p>\u201eSebaj, itt a dombon van egy var\u00e1zsbarlang,\u201c mutatta Viki az ablakon \u00e1t.<\/p>\n\n\n\n<p>\u201eVar\u00e1zsbarlang?\u201c suttogta Maxi.<\/p>\n\n\n\n<p>\u201eAragonit van benne.\u201c<\/p>\n\n\n\n<p>\u201eHogy mi?\u201c<\/p>\n\n\n\n<p>\u201eGyertek, erre most nincs id\u0151, \u201c jelentette ki Kask\u00f3, mikor azt l\u00e1tta, hogy egy \u00fajabb asztal zuhant le a falr\u00f3l \u00e9s a festett alakoknak m\u00e1r csorog a ny\u00e1la a finom \u00e9tkek l\u00e1tt\u00e1n.<\/p>\n\n\n\n<p>Vikt\u00f3ria \u00e9s Kask\u00f3 a barlang fel\u00e9 vezett\u00e9k a gyerekeket. Amikor bel\u00e9ptek a titkos kapun, Maxi \u00e9s Maja majd el\u00e1jultak! A fej\u00fck felett minden\u00fctt gy\u00f6ny\u00f6r\u0171 ez\u00fcst\u00f6s p\u00e1lcik\u00e1k l\u00f3gtak.<\/p>\n\n\n\n<p>\u201eEz az aragonit. Ilyen barlangb\u00f3l csak n\u00e9h\u00e1ny van a vil\u00e1gon,\u201c mondta Viki \u00e9s k\u00f6zben a f\u00f6ld\u00f6n keresett valamit Kask\u00f3val.<\/p>\n\n\n\n<p>\u201eHogyhogy n\u00e9h\u00e1ny?\u201c k\u00edv\u00e1ncsiskodott Maja.<\/p>\n\n\n\n<p>\u201eA k\u00e9t kezemen meg tudn\u00e1m sz\u00e1molni. Az egyik pedig \u00e9ppen itt van.\u201c<\/p>\n\n\n\n<p>\u201e\u00c9s mit keres\u00fcnk itt?\u201c<\/p>\n\n\n\n<p>Vikt\u00f3ria lehajolt \u00e9s egy k\u00fcl\u00f6n\u00f6s porra mutatott a f\u00f6ld\u00f6n.<\/p>\n\n\n\n<p>\u201eEz az aragonit por. M\u00e1gikus er\u0151vel b\u00edr \u2013 el\u00e9g, ha egy kis v\u00edzzel elkeverj\u00fck,\u201c mondta \u00e9s egy kis patak viz\u00e9vel megnedves\u00edtette a sz\u00e1raz aragonitot.<\/p>\n\n\n\n<p>Amikor ez megvolt, m\u00e1ris suhantak vissza a martonh\u00e1zi temlpomba, ahol m\u00e1r lovak is v\u00e1gtattak \u00e9s a h\u00e1romfej\u0171 l\u00e9ny mindh\u00e1rom fej\u00e9t cs\u00f3v\u00e1lta.<\/p>\n\n\n\n<p>Vikt\u00f3ria a leveg\u0151be sz\u00f3rta a port \u00e9s Kask\u00f3val egy\u00fctt mormogtak valamit.<\/p>\n\n\n\n<p>Minden festett szerepl\u0151 visszarendez\u0151d\u00f6tt a hely\u00e9re, a k\u00e9pekbe, Maxi \u00e9s Maja pedig a t\u00f6bbi di\u00e1kkal egy\u00fctt folytathatt\u00e1k a fest\u00e9st.<\/p>\n\n\n\n<p>Este, elalv\u00e1s el\u0151tt Maxi \u00e9s Maja arr\u00f3l sugdol\u00f3ztak, hogy t\u00e9len m\u00e9g elmennek a templomokhoz, csak \u00fagy, s\u00e9t\u00e1lni.  Ny\u00e1ron pedig any\u00e1t \u00e9s ap\u00e1t is elviszik, a Martonh\u00e1zi aragonit-barlangba is!<\/p>\n\n\n\n<p>\u201eMicsoda kir\u00e1ndul\u00e1s lesz!\u201c<\/p>\n\n\n\n<p>\u201e\u00c9s holnap fresk\u00f3t fogunk festeni a szob\u00e1nk fal\u00e1ra.\u201c<\/p>\n\n\n\n<p>\u00c9s eg\u00e9sz \u00e9jjel sz\u00ednes, festett falakr\u00f3l \u00e1lmodtak, \u00e9s egy dolgot sajn\u00e1ltak csup\u00e1n: hogy csak egyetlen falra festhetnek.<\/p>\n\n\n\n<p><\/p>","protected":false},"excerpt":{"rendered":"<p>Majka a Max\u00edk sa jedn\u00e9ho zimn\u00e9ho r\u00e1na rozhodn\u00fa, \u017ee si vyma\u013euj\u00fa stenu vo svojej izbi\u010dke. Ale ke\u010f sa im farby rozte\u010d\u00fa, zavolaj\u00fa na pomoc svojho kamar\u00e1ta ducha Ka\u0161ka. Ten im porad\u00ed, \u017ee najlep\u0161ie ma\u013eby na stenu s\u00fa fresky \u2013 \u0161peci\u00e1lne ma\u013eby, ktor\u00e9 sa ma\u013euj\u00fa na mokr\u00fa omietku.<br \/>\nA tak sa spolu vydaj\u00fa do \u010darovn\u00e9ho kraja Gemer v Haravare, kde sa nach\u00e1dzaj\u00fa kr\u00e1sne star\u00e9 kostol\u00edky pln\u00e9 fresiek. Nav\u0161t\u00edvia dedinky Koce\u013eovce, Ple\u0161ivec a Ochtin\u00e1, kde sa stret\u00e1vaj\u00fa s duchmi-umelcami a nau\u010dia sa, ako sa fresky ma\u013euj\u00fa.<\/p>\n<p>V kostol\u00edkoch obdivuj\u00fa obr\u00e1zky z d\u00e1vnych \u010dias a dokonca aj fresku s trojhlavcom, ktor\u00e1 zobrazuje tajomn\u00fa Sv\u00e4t\u00fa Trojicu. Ke\u010f v\u0161ak Majka omylom pou\u017eije z\u00e1zra\u010dn\u00fa farbu, fresky za\u010dn\u00fa o\u017e\u00edva\u0165! Duchovia a deti musia r\u00fdchlo be\u017ea\u0165 do Ochtinskej aragonitovej jaskyne, kde n\u00e1jdu \u010darovn\u00fd pr\u00e1\u0161ok na \u201eod\u017eivenie\u201c obr\u00e1zkov.<\/p>\n<p>Dobrodru\u017estvo nakoniec dobre dopadne a Majka s Max\u00edkom sa nau\u010dia, \u017ee ma\u013eovanie je ve\u013ek\u00e9 umenie \u2013 a \u017ee aj star\u00e1 omietka vie rozpr\u00e1va\u0165 pr\u00edbehy. A ke\u010f sa vr\u00e1tia domov, u\u017e vedia, ako spr\u00e1vne vyma\u013eova\u0165 svoju stenu.<br \/>\nSpolu nav\u0161t\u00edvia Jahodn\u00fa, kde sa nau\u010dia hra\u0165 discgolf, potom sa presun\u00fa na Alpinku \u2013 miesto pln\u00e9 ihr\u00edsk, lanov\u00fdch parkov a z\u00e1bavy. Zvez\u00fa sa parn\u00fdm vl\u00e1\u010dikom Katka, objavia drezinu, vysk\u00fa\u0161aj\u00fa si Tarzaniu aj indi\u00e1nske t\u00edp\u00ed. Ich dobrodru\u017estvo vrchol\u00ed v botanickej z\u00e1hrade v Ko\u0161iciach, kde v tajnom herb\u00e1ri n\u00e1jdu z\u00e1zra\u010dn\u00fa rastlinku \u2013 vzn\u00e1\u0161ajn\u00ed\u010dek najoby\u010dajnej\u0161\u00ed, ktor\u00fd im umo\u017en\u00ed lieta\u0165.<\/p>\n<p>Hoci na skuto\u010dn\u00e9 Hry duchov nakoniec zaspia, r\u00e1no sa prebudia s medailami za \u00fa\u010das\u0165 \u2013 a s hlavou plnou z\u00e1\u017eitkov z v\u00fdnimo\u010dn\u00e9ho d\u0148a, ktor\u00fd im duchovia pripravili.<\/p>","protected":false},"featured_media":19376,"menu_order":0,"template":"","format":"standard","meta":{"_acf_changed":false,"footnotes":""},"categories":[],"class_list":["post-19229","pribehy","type-pribehy","status-publish","format-standard","has-post-thumbnail","hentry"],"acf":[],"yoast_head":"<!-- This site is optimized with the Yoast SEO Premium plugin v22.7 (Yoast SEO v27.2) - https:\/\/yoast.com\/product\/yoast-seo-premium-wordpress\/ -->\n<title>Ako sa Majka a Max\u00edk u\u010dili ma\u013eova\u0165 - HARAVARA Pr\u00edbehy (rozpr\u00e1vky)<\/title>\n<meta name=\"description\" content=\"V \u010fal\u0161ej rozpr\u00e1vke z krajiny Haravara sa dozviete, \u017ee zvieratk\u00e1 v ZOO sn\u00edvaj\u00fa po\u010das zimy o r\u00f4znych veciach. Ka\u0161ko s de\u0165mi sa im rozhodn\u00fa pom\u00f4c\u0165 splni\u0165 sny: pripravia zvierac\u00ed ples pri Tis\u00edcro\u010dnej kaplnke, rybk\u00e1m splnia sen o \u0161m\u00fdkan\u00ed na d\u00fahe (v skuto\u010dnosti ide o umeleck\u00e9 dielo \u201cD\u00faha, ktor\u00e1 pije vodu\u201d).\" \/>\n<meta name=\"robots\" content=\"index, follow, max-snippet:-1, max-image-preview:large, max-video-preview:-1\" \/>\n<link rel=\"canonical\" href=\"https:\/\/www.haravara.sk\/hu\/pribehy\/ako-sa-majka-a-maxik-ucili-malovat\/\" \/>\n<meta property=\"og:locale\" content=\"hu_HU\" \/>\n<meta property=\"og:type\" content=\"article\" \/>\n<meta property=\"og:title\" content=\"Ako sa Majka a Max\u00edk u\u010dili ma\u013eova\u0165\" \/>\n<meta property=\"og:description\" content=\"V \u010fal\u0161ej rozpr\u00e1vke z krajiny Haravara sa dozviete, \u017ee zvieratk\u00e1 v ZOO sn\u00edvaj\u00fa po\u010das zimy o r\u00f4znych veciach. Ka\u0161ko s de\u0165mi sa im rozhodn\u00fa pom\u00f4c\u0165 splni\u0165 sny: pripravia zvierac\u00ed ples pri Tis\u00edcro\u010dnej kaplnke, rybk\u00e1m splnia sen o \u0161m\u00fdkan\u00ed na d\u00fahe (v skuto\u010dnosti ide o umeleck\u00e9 dielo \u201cD\u00faha, ktor\u00e1 pije vodu\u201d).\" \/>\n<meta property=\"og:url\" content=\"https:\/\/www.haravara.sk\/hu\/pribehy\/ako-sa-majka-a-maxik-ucili-malovat\/\" \/>\n<meta property=\"og:site_name\" content=\"HARAVARA\" \/>\n<meta property=\"article:publisher\" content=\"https:\/\/www.facebook.com\/haravara.detsky.svet\" \/>\n<meta property=\"article:modified_time\" content=\"2025-07-25T20:48:36+00:00\" \/>\n<meta property=\"og:image\" content=\"https:\/\/www.haravara.sk\/wp-content\/uploads\/2022\/07\/Haravara-pribehove-ilustracie-FB-51.png\" \/>\n\t<meta property=\"og:image:width\" content=\"1200\" \/>\n\t<meta property=\"og:image:height\" content=\"628\" \/>\n\t<meta property=\"og:image:type\" content=\"image\/png\" \/>\n<meta name=\"twitter:card\" content=\"summary_large_image\" \/>\n<meta name=\"twitter:description\" content=\"Vonku u\u017e tro\u0161ku mrzlo. R\u00e1no si mamky a ockovia museli \u010disti\u0165 okn\u00e1 na aut\u00e1ch od mraz\u00edku a Ka\u0161ko a ostatn\u00ed duchovia si museli\u2026 vlastne nemuseli ni\u010d. Duchovia toti\u017e nec\u00edtia zimu ani teplo. C\u00edtia to len vtedy, ke\u010f n\u00e1hodou dostan\u00fa nejak\u00fa d\u00fa\u0161iu chorobu.\" \/>\n<meta name=\"twitter:label1\" content=\"Becs\u00fclt olvas\u00e1si id\u0151\" \/>\n\t<meta name=\"twitter:data1\" content=\"11 perc\" \/>\n<script type=\"application\/ld+json\" class=\"yoast-schema-graph\">{\"@context\":\"https:\/\/schema.org\",\"@graph\":[{\"@type\":\"WebPage\",\"@id\":\"https:\/\/www.haravara.sk\/pribehy\/ako-sa-majka-a-maxik-ucili-malovat\/\",\"url\":\"https:\/\/www.haravara.sk\/pribehy\/ako-sa-majka-a-maxik-ucili-malovat\/\",\"name\":\"Ako sa Majka a Max\u00edk u\u010dili ma\u013eova\u0165 - HARAVARA Pr\u00edbehy (rozpr\u00e1vky)\",\"isPartOf\":{\"@id\":\"https:\/\/www.haravara.sk\/#website\"},\"primaryImageOfPage\":{\"@id\":\"https:\/\/www.haravara.sk\/pribehy\/ako-sa-majka-a-maxik-ucili-malovat\/#primaryimage\"},\"image\":{\"@id\":\"https:\/\/www.haravara.sk\/pribehy\/ako-sa-majka-a-maxik-ucili-malovat\/#primaryimage\"},\"thumbnailUrl\":\"https:\/\/www.haravara.sk\/wp-content\/uploads\/2022\/07\/Haravara-pribehove-ilustracie-FB-49.png\",\"datePublished\":\"2022-07-06T21:00:25+00:00\",\"dateModified\":\"2025-07-25T20:48:36+00:00\",\"description\":\"V \u010fal\u0161ej rozpr\u00e1vke z krajiny Haravara sa dozviete, \u017ee zvieratk\u00e1 v ZOO sn\u00edvaj\u00fa po\u010das zimy o r\u00f4znych veciach. Ka\u0161ko s de\u0165mi sa im rozhodn\u00fa pom\u00f4c\u0165 splni\u0165 sny: pripravia zvierac\u00ed ples pri Tis\u00edcro\u010dnej kaplnke, rybk\u00e1m splnia sen o \u0161m\u00fdkan\u00ed na d\u00fahe (v skuto\u010dnosti ide o umeleck\u00e9 dielo \u201cD\u00faha, ktor\u00e1 pije vodu\u201d).\",\"breadcrumb\":{\"@id\":\"https:\/\/www.haravara.sk\/pribehy\/ako-sa-majka-a-maxik-ucili-malovat\/#breadcrumb\"},\"inLanguage\":\"hu\",\"potentialAction\":[{\"@type\":\"ReadAction\",\"target\":[\"https:\/\/www.haravara.sk\/pribehy\/ako-sa-majka-a-maxik-ucili-malovat\/\"]}]},{\"@type\":\"ImageObject\",\"inLanguage\":\"hu\",\"@id\":\"https:\/\/www.haravara.sk\/pribehy\/ako-sa-majka-a-maxik-ucili-malovat\/#primaryimage\",\"url\":\"https:\/\/www.haravara.sk\/wp-content\/uploads\/2022\/07\/Haravara-pribehove-ilustracie-FB-49.png\",\"contentUrl\":\"https:\/\/www.haravara.sk\/wp-content\/uploads\/2022\/07\/Haravara-pribehove-ilustracie-FB-49.png\",\"width\":1200,\"height\":628},{\"@type\":\"BreadcrumbList\",\"@id\":\"https:\/\/www.haravara.sk\/pribehy\/ako-sa-majka-a-maxik-ucili-malovat\/#breadcrumb\",\"itemListElement\":[{\"@type\":\"ListItem\",\"position\":1,\"name\":\"Domov\",\"item\":\"https:\/\/www.haravara.sk\/\"},{\"@type\":\"ListItem\",\"position\":2,\"name\":\"Pr\u00edbehy\",\"item\":\"https:\/\/www.haravara.sk\/pribehy\/\"},{\"@type\":\"ListItem\",\"position\":3,\"name\":\"Ako sa Majka a Max\u00edk u\u010dili ma\u013eova\u0165\"}]},{\"@type\":\"WebSite\",\"@id\":\"https:\/\/www.haravara.sk\/#website\",\"url\":\"https:\/\/www.haravara.sk\/\",\"name\":\"HARAVARA\",\"description\":\"Objav detsk\u00fd svet v Ko\u0161ickom kraji\",\"publisher\":{\"@id\":\"https:\/\/www.haravara.sk\/#organization\"},\"potentialAction\":[{\"@type\":\"SearchAction\",\"target\":{\"@type\":\"EntryPoint\",\"urlTemplate\":\"https:\/\/www.haravara.sk\/?s={search_term_string}\"},\"query-input\":{\"@type\":\"PropertyValueSpecification\",\"valueRequired\":true,\"valueName\":\"search_term_string\"}}],\"inLanguage\":\"hu\"},{\"@type\":\"Organization\",\"@id\":\"https:\/\/www.haravara.sk\/#organization\",\"name\":\"Haravara\",\"url\":\"https:\/\/www.haravara.sk\/\",\"logo\":{\"@type\":\"ImageObject\",\"inLanguage\":\"hu\",\"@id\":\"https:\/\/www.haravara.sk\/#\/schema\/logo\/image\/\",\"url\":\"https:\/\/www.haravara.sk\/wp-content\/uploads\/2021\/04\/LOGO-LandingPage.png\",\"contentUrl\":\"https:\/\/www.haravara.sk\/wp-content\/uploads\/2021\/04\/LOGO-LandingPage.png\",\"width\":832,\"height\":618,\"caption\":\"Haravara\"},\"image\":{\"@id\":\"https:\/\/www.haravara.sk\/#\/schema\/logo\/image\/\"},\"sameAs\":[\"https:\/\/www.facebook.com\/haravara.detsky.svet\"]}]}<\/script>\n<!-- \/ Yoast SEO Premium plugin. -->","yoast_head_json":{"title":"Ako sa Majka a Max\u00edk u\u010dili ma\u013eova\u0165 - HARAVARA Pr\u00edbehy (rozpr\u00e1vky)","description":"V \u010fal\u0161ej rozpr\u00e1vke z krajiny Haravara sa dozviete, \u017ee zvieratk\u00e1 v ZOO sn\u00edvaj\u00fa po\u010das zimy o r\u00f4znych veciach. Ka\u0161ko s de\u0165mi sa im rozhodn\u00fa pom\u00f4c\u0165 splni\u0165 sny: pripravia zvierac\u00ed ples pri Tis\u00edcro\u010dnej kaplnke, rybk\u00e1m splnia sen o \u0161m\u00fdkan\u00ed na d\u00fahe (v skuto\u010dnosti ide o umeleck\u00e9 dielo \u201cD\u00faha, ktor\u00e1 pije vodu\u201d).","robots":{"index":"index","follow":"follow","max-snippet":"max-snippet:-1","max-image-preview":"max-image-preview:large","max-video-preview":"max-video-preview:-1"},"canonical":"https:\/\/www.haravara.sk\/hu\/pribehy\/ako-sa-majka-a-maxik-ucili-malovat\/","og_locale":"hu_HU","og_type":"article","og_title":"Ako sa Majka a Max\u00edk u\u010dili ma\u013eova\u0165","og_description":"V \u010fal\u0161ej rozpr\u00e1vke z krajiny Haravara sa dozviete, \u017ee zvieratk\u00e1 v ZOO sn\u00edvaj\u00fa po\u010das zimy o r\u00f4znych veciach. Ka\u0161ko s de\u0165mi sa im rozhodn\u00fa pom\u00f4c\u0165 splni\u0165 sny: pripravia zvierac\u00ed ples pri Tis\u00edcro\u010dnej kaplnke, rybk\u00e1m splnia sen o \u0161m\u00fdkan\u00ed na d\u00fahe (v skuto\u010dnosti ide o umeleck\u00e9 dielo \u201cD\u00faha, ktor\u00e1 pije vodu\u201d).","og_url":"https:\/\/www.haravara.sk\/hu\/pribehy\/ako-sa-majka-a-maxik-ucili-malovat\/","og_site_name":"HARAVARA","article_publisher":"https:\/\/www.facebook.com\/haravara.detsky.svet","article_modified_time":"2025-07-25T20:48:36+00:00","og_image":[{"width":1200,"height":628,"url":"https:\/\/www.haravara.sk\/wp-content\/uploads\/2022\/07\/Haravara-pribehove-ilustracie-FB-51.png","type":"image\/png"}],"twitter_card":"summary_large_image","twitter_description":"Vonku u\u017e tro\u0161ku mrzlo. R\u00e1no si mamky a ockovia museli \u010disti\u0165 okn\u00e1 na aut\u00e1ch od mraz\u00edku a Ka\u0161ko a ostatn\u00ed duchovia si museli\u2026 vlastne nemuseli ni\u010d. Duchovia toti\u017e nec\u00edtia zimu ani teplo. C\u00edtia to len vtedy, ke\u010f n\u00e1hodou dostan\u00fa nejak\u00fa d\u00fa\u0161iu chorobu.","twitter_misc":{"Becs\u00fclt olvas\u00e1si id\u0151":"11 perc"},"schema":{"@context":"https:\/\/schema.org","@graph":[{"@type":"WebPage","@id":"https:\/\/www.haravara.sk\/pribehy\/ako-sa-majka-a-maxik-ucili-malovat\/","url":"https:\/\/www.haravara.sk\/pribehy\/ako-sa-majka-a-maxik-ucili-malovat\/","name":"Ako sa Majka a Max\u00edk u\u010dili ma\u013eova\u0165 - HARAVARA Pr\u00edbehy (rozpr\u00e1vky)","isPartOf":{"@id":"https:\/\/www.haravara.sk\/#website"},"primaryImageOfPage":{"@id":"https:\/\/www.haravara.sk\/pribehy\/ako-sa-majka-a-maxik-ucili-malovat\/#primaryimage"},"image":{"@id":"https:\/\/www.haravara.sk\/pribehy\/ako-sa-majka-a-maxik-ucili-malovat\/#primaryimage"},"thumbnailUrl":"https:\/\/www.haravara.sk\/wp-content\/uploads\/2022\/07\/Haravara-pribehove-ilustracie-FB-49.png","datePublished":"2022-07-06T21:00:25+00:00","dateModified":"2025-07-25T20:48:36+00:00","description":"V \u010fal\u0161ej rozpr\u00e1vke z krajiny Haravara sa dozviete, \u017ee zvieratk\u00e1 v ZOO sn\u00edvaj\u00fa po\u010das zimy o r\u00f4znych veciach. Ka\u0161ko s de\u0165mi sa im rozhodn\u00fa pom\u00f4c\u0165 splni\u0165 sny: pripravia zvierac\u00ed ples pri Tis\u00edcro\u010dnej kaplnke, rybk\u00e1m splnia sen o \u0161m\u00fdkan\u00ed na d\u00fahe (v skuto\u010dnosti ide o umeleck\u00e9 dielo \u201cD\u00faha, ktor\u00e1 pije vodu\u201d).","breadcrumb":{"@id":"https:\/\/www.haravara.sk\/pribehy\/ako-sa-majka-a-maxik-ucili-malovat\/#breadcrumb"},"inLanguage":"hu","potentialAction":[{"@type":"ReadAction","target":["https:\/\/www.haravara.sk\/pribehy\/ako-sa-majka-a-maxik-ucili-malovat\/"]}]},{"@type":"ImageObject","inLanguage":"hu","@id":"https:\/\/www.haravara.sk\/pribehy\/ako-sa-majka-a-maxik-ucili-malovat\/#primaryimage","url":"https:\/\/www.haravara.sk\/wp-content\/uploads\/2022\/07\/Haravara-pribehove-ilustracie-FB-49.png","contentUrl":"https:\/\/www.haravara.sk\/wp-content\/uploads\/2022\/07\/Haravara-pribehove-ilustracie-FB-49.png","width":1200,"height":628},{"@type":"BreadcrumbList","@id":"https:\/\/www.haravara.sk\/pribehy\/ako-sa-majka-a-maxik-ucili-malovat\/#breadcrumb","itemListElement":[{"@type":"ListItem","position":1,"name":"Domov","item":"https:\/\/www.haravara.sk\/"},{"@type":"ListItem","position":2,"name":"Pr\u00edbehy","item":"https:\/\/www.haravara.sk\/pribehy\/"},{"@type":"ListItem","position":3,"name":"Ako sa Majka a Max\u00edk u\u010dili ma\u013eova\u0165"}]},{"@type":"WebSite","@id":"https:\/\/www.haravara.sk\/#website","url":"https:\/\/www.haravara.sk\/","name":"HARAVARA","description":"Objav detsk\u00fd svet v Ko\u0161ickom kraji","publisher":{"@id":"https:\/\/www.haravara.sk\/#organization"},"potentialAction":[{"@type":"SearchAction","target":{"@type":"EntryPoint","urlTemplate":"https:\/\/www.haravara.sk\/?s={search_term_string}"},"query-input":{"@type":"PropertyValueSpecification","valueRequired":true,"valueName":"search_term_string"}}],"inLanguage":"hu"},{"@type":"Organization","@id":"https:\/\/www.haravara.sk\/#organization","name":"Haravara","url":"https:\/\/www.haravara.sk\/","logo":{"@type":"ImageObject","inLanguage":"hu","@id":"https:\/\/www.haravara.sk\/#\/schema\/logo\/image\/","url":"https:\/\/www.haravara.sk\/wp-content\/uploads\/2021\/04\/LOGO-LandingPage.png","contentUrl":"https:\/\/www.haravara.sk\/wp-content\/uploads\/2021\/04\/LOGO-LandingPage.png","width":832,"height":618,"caption":"Haravara"},"image":{"@id":"https:\/\/www.haravara.sk\/#\/schema\/logo\/image\/"},"sameAs":["https:\/\/www.facebook.com\/haravara.detsky.svet"]}]}},"_links":{"self":[{"href":"https:\/\/www.haravara.sk\/hu\/wp-json\/wp\/v2\/pribehy\/19229","targetHints":{"allow":["GET"]}}],"collection":[{"href":"https:\/\/www.haravara.sk\/hu\/wp-json\/wp\/v2\/pribehy"}],"about":[{"href":"https:\/\/www.haravara.sk\/hu\/wp-json\/wp\/v2\/types\/pribehy"}],"version-history":[{"count":3,"href":"https:\/\/www.haravara.sk\/hu\/wp-json\/wp\/v2\/pribehy\/19229\/revisions"}],"predecessor-version":[{"id":19543,"href":"https:\/\/www.haravara.sk\/hu\/wp-json\/wp\/v2\/pribehy\/19229\/revisions\/19543"}],"wp:featuredmedia":[{"embeddable":true,"href":"https:\/\/www.haravara.sk\/hu\/wp-json\/wp\/v2\/media\/19376"}],"wp:attachment":[{"href":"https:\/\/www.haravara.sk\/hu\/wp-json\/wp\/v2\/media?parent=19229"}],"wp:term":[{"taxonomy":"category","embeddable":true,"href":"https:\/\/www.haravara.sk\/hu\/wp-json\/wp\/v2\/categories?post=19229"}],"curies":[{"name":"wp","href":"https:\/\/api.w.org\/{rel}","templated":true}]}}