{"id":19230,"date":"2022-07-06T23:31:39","date_gmt":"2022-07-06T22:31:39","guid":{"rendered":"https:\/\/www.haravara.sk\/?post_type=pribehy&#038;p=19230"},"modified":"2025-08-05T21:37:37","modified_gmt":"2025-08-05T20:37:37","slug":"ako-surodenci-a-kasko-privolavali-dazd-v-stratenom-meste","status":"publish","type":"pribehy","link":"https:\/\/www.haravara.sk\/hu\/pribehy\/ako-surodenci-a-kasko-privolavali-dazd-v-stratenom-meste\/","title":{"rendered":"Amikor Kask\u00f3 \u00e9s bar\u00e1tai es\u0151t id\u00e9zetek el\u0151 az elveszett v\u00e1rosban\u00a0"},"content":{"rendered":"<div style=\"height:39px\" aria-hidden=\"true\" class=\"wp-block-spacer\"><\/div>\n\n\n\n<p class=\"has-drop-cap\">Az ablak\u00fcvegen t\u00fal m\u00e1r \u0151sz volt. Kask\u00f3 csak \u00fagy repkedett a v\u00e1ros felett \u00e9s azzal sz\u00f3rakozott, hogy leverte a f\u00e1kr\u00f3l azokat a leveleket, amelyek m\u00e9g nem estek le magukt\u00f3l, azt\u00e1n sz\u00e9tf\u00fajta \u0151ket a kuty\u00e1k \u00e9s macsk\u00e1t orra el\u0151tt.<\/p>\n\n\n\n<p>\u201eEz egy szuper nap egy haravarai kalandhoz,\u201c ezzel le\u00fclt egy hatalmas t\u00f6lgyf\u00e1ra \u00e9s azon gondolkozott, mi lenne m\u00e1ra a legjobb kaland. Egyszer csak r\u00e1d\u00f6bbent, hogy pont Maxi \u00e9s Maja h\u00e1za fel\u00e9 b\u00e1mul, ell\u00e1tott eg\u00e9szen a szob\u00e1jukig.<\/p>\n\n\n\n<p>\u201e\u00c9s ez meg micsoda?\u201d \u2013 nem akarta elhinni Ka\u0161ko.<\/p>\n\n\n\n<p>A szob\u00e1ban valami furcs\u00e1t l\u00e1tott, de nem tudta, hogy mi az, ez\u00e9rt eg\u00e9szen k\u00f6zel rep\u00fclt az ablakhoz. Amikor lehuppant a kedvenc ablakp\u00e1rk\u00e1ny\u00e1ra, alig hitt a szem\u00e9nek! Maja \u00e9s Maxi szob\u00e1j\u00e1nak fal\u00e1ra az apuk\u00e1juk egy v\u00e1sznat fesz\u00edtett, jobban mondva egy r\u00e9gi leped\u0151 volt az, de \u00fagy n\u00e9zett ki, mint egy igazi fest\u0151v\u00e1szon. A k\u00e9t gyerek pedig j\u00e1rk\u00e1lt k\u00f6r\u00fcl\u00f6tte, r\u00e1festett valamit, h\u00e1tr\u00e9bb l\u00e9pett \u00e9s .....<\/p>\n\n\n\n<p>\u201eHal\u00f3\u00f3\u00f3\u00f3\u00f3\u00f3\u00f3\u00f3\u00f3\u00f3\u00f3!\u201c ki\u00e1ltott Kask\u00f3 az ablak m\u00f6g\u00fcl.<\/p>\n\n\n\n<p>Maja annyira megijedt, hogy kiejtette a fest\u00e9kes dobozt a kez\u00e9b\u0151l, Maxi elcs\u00faszott rajta \u00e9s ahogy zuhant a padl\u00f3ra, az ecsetj\u00e9vel egy vastag k\u00e9k vonalat h\u00fazott az eg\u00e9sz k\u00e9pre.<\/p>\n\n\n\n<p>\u201eEzt j\u00f3l megcsin\u00e1ltad, Kask\u00f3,\u201c szipogott Maxi \u00e9s azt vizsg\u00e1lta, nem t\u00f6rte-e el valamij\u00e9t.<\/p>\n\n\n\n<p>\u201eBocs\u00e1nat, de nem \u00e9rtem, mit csin\u00e1ltok itt.\u201c<\/p>\n\n\n\n<p>\u201eEz egy t\u00e9rk\u00e9p,\u201c sz\u00f3lalt meg Maja, mik\u00f6zben a fest\u00e9ket t\u00f6r\u00f6lte fel a padl\u00f3r\u00f3l.<\/p>\n\n\n\n<p>\u201eT\u00e9rk\u00e9p?\u201c csod\u00e1lkozott Kask\u00f3.<\/p>\n\n\n\n<p>\u201eA titkos v\u00e1rosunk t\u00e9rk\u00e9pe.\u201c<\/p>\n\n\n\n<p>\u201eVagy \u00fagy.\u201c<\/p>\n\n\n\n<p>\u201eA mai napot mintha egyenesen a kalandra teremtett\u00e9k volna,\u201c magyar\u00e1zta Maxi \u00e9s seg\u00edtett a h\u00fag\u00e1nak padl\u00f3t mosni.<\/p>\n\n\n\n<p>\u201e\u00cdgy van,\u201c ragyogott fel Kask\u00f3 szeme.<\/p>\n\n\n\n<p>\u201eEz\u00e9rt arra gondoltunk, hogy ha nem is v\u00e1rnak minket rejt\u00e9lyes \u00e9lm\u00e9nyek, kital\u00e1lunk egy titkos helyet.\u201c<\/p>\n\n\n\n<p>\u201eAhaaaa,\u201c b\u00f3lintott Kask\u00f3.<\/p>\n\n\n\n<p>\u201e\u00c9s ez annak a v\u00e1rosnak a t\u00e9rk\u00e9pe.\u201c<\/p>\n\n\n\n<p>\u201eSz\u00f3val szeretn\u00e9tek megismerni egy titkos helyet?\u201c \u00fclt le Kask\u00f3 az asztal sz\u00e9l\u00e9re \u00e9s kalimp\u00e1lt a l\u00e1b\u00e1val.<\/p>\n\n\n\n<p>\u201eTudsz esetleg olyanr\u00f3l?\u201c fordultak el a v\u00e1szont\u00f3l a gyerekek \u00e9s Kask\u00f3ra n\u00e9ztek k\u00e9rd\u0151n.<\/p>\n\n\n\n<p>\u201eT\u00f6bbr\u0151l is,\u201c Kask\u00f3 m\u00e9g mindig a l\u00e1b\u00e1t l\u00f3gatta, \u00e9s azt leste, vajon r\u00e1haraptak-e a gyerekek az \u00f6tlet\u00e9re.<\/p>\n\n\n\n<p>A testv\u00e9rek arca felder\u00fclt.<\/p>\n\n\n\n<p>\u201eEgy is el\u00e9g!\u201c ki\u00e1ltottak fel.<\/p>\n\n\n\n<p>\u201eAkkor h\u00e1t, mire v\u00e1runk?\u201c Kask\u00f3 eg\u00e9szen a plafonig rep\u00fclt.<\/p>\n\n\n\n<p>\u201eCsakis r\u00e1d!\u201c harsogt\u00e1k a gyerekek \u00e9s mire a kedvenc daluk els\u0151 versszaka v\u00e9get \u00e9rt, m\u00e1r k\u00e9szen is \u00e1lltak az \u00fatra.<\/p>\n\n\n\n<p>\u201eHogyan megy\u00fcnk?\u201c k\u00e9rdezt\u00e9k egyszerre.<\/p>\n\n\n\n<p>\u201eH\u00fa h\u00fa\u00fa\u00fa\u00fa\u00fa\u00fa\u00fa\u00fa\u00fa\u00fa\u00fa!\u201c huhogott Kask\u00f3.<\/p>\n\n\n\n<p>\u201eBagollyal?\u201c<\/p>\n\n\n\n<p>\u201eVonattaaal!\u201c<\/p>\n\n\n\n<p>\u201ePedig tiszt\u00e1ra bagolynak hangzott! De a vonat jobb lesz.\u201c<\/p>\n\n\n\n<p>\u201eT\u00e9nyleg bagolynak hangzott?\u201c k\u00e9rdezte Kask\u00f3 \u00e9s am\u00edg a vas\u00fat\u00e1llom\u00e1sra \u00e9rtek, a vonat hangj\u00e1t pr\u00f3b\u00e1lta ut\u00e1nozni. Felsz\u00e1lltak \u00e9s \u00fatnak indultak.<\/p>\n\n\n\n<p>\u201eKask\u00f3, de hiszen ez a Szepesi v\u00e1r,\u201c szomorodtak el a gyerekek.<\/p>\n\n\n\n<p>\u201ePontosan,\u201c vetette oda Kask\u00f3.<\/p>\n\n\n\n<p>\u201eEz egy v\u00e1r, nem egy elveszett v\u00e1ros!\u201c<\/p>\n\n\n\n<p>\u201eDe hiszen mi nem is v\u00e1rba megy\u00fcnk,\u201c jelentette ki titokzatosan a kis haravarai szellem.<\/p>\n\n\n\n<p>\u201eNem?\u201c forgol\u00f3dott Maxi \u00e9s Maja.<\/p>\n\n\n\n<p>\u201eAzt \u00edg\u00e9rtem, hogy titokzatos helyre megy\u00fcnk, igaz?\u201c<\/p>\n\n\n\n<p>\u201eIgaz!\u201c<\/p>\n\n\n\n<p>\u201eAkkor t\u00fcrelem.\u201c<\/p>\n\n\n\n<p>Egy r\u00f6vid s\u00e9ta ut\u00e1n egy mes\u00e9be cs\u00f6ppentek. De nem egy ak\u00e1rmilyen mes\u00e9be, hanem egy igazi, titokzatos, \u00f3ri\u00e1sokr\u00f3l sz\u00f3l\u00f3 mes\u00e9be. Szerte k\u00f6r\u00fcl\u00f6tt\u00fck hatalmas szikl\u00e1k sorakoztak, amelyek v\u00e1rak, templomok \u00e9s h\u00e1zak tornyaira hasonl\u00edtottak....<\/p>\n\n\n\n<p>\u201eMintha \u00f3ri\u00e1sok lakn\u00e1nak ezen a helyen,\u201c suttogt\u00e1k a gyerekek.<\/p>\n\n\n\n<p>\u201eValaha laktak is itt \u00f3ri\u00e1sok,\u201c s\u00fagta a f\u00fcl\u00fckbe Kask\u00f3.<\/p>\n\n\n\n<p>\u201e\u00d3ri\u00e1sok?\u201c a testv\u00e9rek lass\u00edtottak.<\/p>\n\n\n\n<p>\u201eDe m\u00e9g mennyire!\u201c<\/p>\n\n\n\n<p>\u201e\u00c9s m\u00e9g mindig itt vannak?\u201c puhatol\u00f3zott Maja.<\/p>\n\n\n\n<p>\u201eM\u00e1r nem, \u201c szomorodott el Kask\u00f3, de Maja \u00e9s Maxi fell\u00e9legeztek.<\/p>\n\n\n\n<p>\u201eTe szomor\u00fa vagy emiatt?\u201c csod\u00e1lkozott Maxi.<\/p>\n\n\n\n<p>\u201eAz \u00f3ri\u00e1sok annyira j\u00f3 fejek voltak!\u201c<\/p>\n\n\n\n<p>\u201eH\u00e1t persze,\u201c nevettek a gyerekek.<\/p>\n\n\n\n<p>\u201eUtazt\u00e1l m\u00e1r valaha egy \u00f3ri\u00e1s h\u00e1t\u00e1n?\u201c<\/p>\n\n\n\n<p>\u201eNem,\u201c vallotta be Maja.<\/p>\n\n\n\n<p>\u201eNet\u00e1n focizt\u00e1l vel\u00fck?\u201c<\/p>\n\n\n\n<p>\u201eAzt sem.\u201c<\/p>\n\n\n\n<p>\u201eAkkora volt a kapujuk, hogy mindig betal\u00e1ltam,\u201c somolygott Kask\u00f3 az orra alatt.<\/p>\n\n\n\n<p>\u201eA ti\u00e9tek meg kicsi volt, mert ti kicsik voltatok, igaz?\u201c<\/p>\n\n\n\n<p>\u201e\u00c9s mivel a labda \u00f3ri\u00e1si volt, ti nyertetek mindig!\u201c<\/p>\n\n\n\n<p>\u201e\u00cdgy volt, bizony. \u00d3, az \u00e9n \u00f3ri\u00e1si haverjaim!\u201c s\u00f3hajtotta Kask\u00f3.<\/p>\n\n\n\n<p>\u201eKask\u00f3, de hol ez a hely?\u201c<\/p>\n\n\n\n<p>\u201eItt,\u201c \u00e1llt meg Kask\u00f3.<\/p>\n\n\n\n<p>\u201eDe ezek csak szikl\u00e1k.\u201c<\/p>\n\n\n\n<p>\u201eTi pedig csak gyerekek vagytok,\u201c mondta Kask\u00f3 kicsit g\u00fanyosan.<\/p>\n\n\n\n<p>\u201eEjnye!\u201c h\u00e1borodtak fel a testv\u00e9rek.<\/p>\n\n\n\n<p>\u201eEmbergyerekek vagytok, ez\u00e9rt csak azt l\u00e1tj\u00e1tok amit a szemetek l\u00e1t.\u201c<\/p>\n\n\n\n<p>\u201eAha...\u201c<\/p>\n\n\n\n<p>Kask\u00f3 erre el\u0151h\u00fazott egy furcsa s\u00edpot, belef\u00fajt \u00e9s a k\u0151tornyokb\u00f3l k\u00fcl\u00f6nf\u00e9le szellemek l\u00e9ptek el\u0151.<\/p>\n\n\n\n<p>\u201eKi sz\u00f3l\u00edt benn\u00fcnket?\u201c hangzott mindenfel\u0151l.<\/p>\n\n\n\n<p>\u201e\u00c9n vagyok az, Kask\u00f3!\u201c<\/p>\n\n\n\n<p>\u201eKask\u00f3?!\u201c \u2013 ki\u00e1ltottak a szellemek. \u201eMi\u00e9rt h\u00edvt\u00e1l minket?\u201c<\/p>\n\n\n\n<p>\u201eItt vannak a bar\u00e1taim.\u201c<\/p>\n\n\n\n<p>\u201eEmbereeek?\u201c \u2013 a szellemek megtorpantak \u00e9s r\u00e9m\u00fclten n\u00e9ztek maguk el\u00e9.<\/p>\n\n\n\n<p>\u201eOlyan gyerekeke, akik l\u00e1tj\u00e1k a szellemeket,\u201c magyar\u00e1zta Kask\u00f3.<\/p>\n\n\n\n<p>\u201eVagy \u00fagy, az m\u00e1s.\u201c<\/p>\n\n\n\n<p>\u201e\u00c9s nagyon szeretn\u00e9k l\u00e1tni a szellemek titkos v\u00e1ros\u00e1t.\u201c<\/p>\n\n\n\n<p>\u201e\u00dagy gondolod, hogy megmutathatjuk nekik?\u201c k\u00e9rdezte egy nagyszak\u00e1ll\u00fa szellem, akinek olyan szem\u00fcvege volt, mint Harry Potternek.<\/p>\n\n\n\n<p>\u201eEzek a legjobb gyerekeke, akiket l\u00e1ttam az ut\u00f3bbi 286 \u00e9vben \u2013 Trudi \u00e9s Frici \u00f3ta.\u201c<\/p>\n\n\n\n<p>\u201e\u0150k kik voltak?\u201c suttogta Maja.<\/p>\n\n\n\n<p>\u201eEzt most hagyjuk,\u201c mosolygott Kask\u00f3 titokzatosan, \u00e9s akkor t\u00f6rt\u00e9net valami. Az egyik szellem r\u00e1zend\u00edtett a szellemek dal\u00e1ra \u00e9s a t\u00f6bbiek is csatlakoztak.<\/p>\n\n\n\n<p>\u201eTi is \u00e9nekeljetek,\u201c buzd\u00edtotta bar\u00e1tait Kask\u00f3.<\/p>\n\n\n\n<p>Maxi \u00e9s Maja \u00e9nekelni kezdett \u2013 \u00e9s a k\u0151dombok tornyokk\u00e1 \u00e9s h\u00e1zakk\u00e1 v\u00e1ltoztak. Ny\u00fczsg\u00f6tt az eg\u00e9sz hely, tele csodasz\u00e9p \u00e9p\u00fcletekkel. Tarka sz\u00ednekben pomp\u00e1zott minden, lak\u00e1jos, b\u00e9k\u00e9s otthonokat l\u00e1ttak mindenfel\u00e9, f\u00fcgg\u0151\u00e1gyakkal ....<\/p>\n\n\n\n<p>\u201eNah\u00e1t, hogy ez milyen sz\u00e9p!\u201c Maja alig hitt a szem\u00e9nek.<\/p>\n\n\n\n<p>\u201eEz itt Drevenyik, gyerekek.\u201c<\/p>\n\n\n\n<p>\u201eDrevenyik?\u201c<\/p>\n\n\n\n<p>\u201eEzt a nevet az emberek adt\u00e1k, mi szellemek a Haravara Szellemeinek Titkos V\u00e1rosa  - Haszetiv\u00e1 n\u00e9ven tartjuk sz\u00e1mon.\u201c<\/p>\n\n\n\n<p>\u201eHaszetiv\u00e1?\u201c<\/p>\n\n\n\n<p>\u201eEz egy r\u00f6vid\u00edt\u00e9s!\u201c<\/p>\n\n\n\n<p>\u201e\u00c1, az els\u0151 sz\u00f3tagokb\u00f3l!\u201c<\/p>\n\n\n\n<p>\u201eGyertek, n\u00e9zzetek k\u00f6r\u00fcl!\u201c<\/p>\n\n\n\n<p>A gyerekek egy csod\u00e1s napot t\u00f6lt\u00f6ttek el Drevenyikben. A szellemekkel h\u00e1zr\u00f3l h\u00e1zra j\u00e1rtak, lecs\u00fasztak a 200 m\u00e9teres cs\u00faszd\u00e1n \u00e9s m\u00e9g a szellemek kil\u00e1t\u00f3j\u00e1t is megl\u00e1togatt\u00e1k.<\/p>\n\n\n\n<p>\u201eInnen figyelj\u00fck meg az embereket, akik Drevenyikbe kir\u00e1ndulnak, n\u00e9zz\u00e9tek, ott is j\u00f6nnek.\u201c<\/p>\n\n\n\n<p>A szellemek pedig j\u00f3kat kuncogtak azon, ahogy az emberek a sz\u00e9p szikl\u00e1s alakzatokat \u00e9s a term\u00e9szetet csod\u00e1lj\u00e1k, \u00e9s m\u00e9g csak nem is sejtik, hogy k\u00f6zben a szellemek \u0151ket figyelik.<\/p>\n\n\n\n<p>\u201eEz csodasz\u00e9p,\u201c mondta Maja s\u00fagva.<\/p>\n\n\n\n<p>\u201eK\u00e1r, hogy az embereknek nincs ilyen titkos hely\u00fck...\u201c<\/p>\n\n\n\n<p>\u201eDehogy nincs,\u201c vetette oda cs\u00fccs\u00f6r\u00edtve, mert \u00e9ppen egy f\u0171sz\u00e1lat r\u00e1gcs\u00e1lt.<\/p>\n\n\n\n<p>\u201eVan?\u201c<\/p>\n\n\n\n<p>\u201eH\u00e1t persze.\u201c<\/p>\n\n\n\n<p>\u201e\u00c9s hol?\u201c<\/p>\n\n\n\n<p>\u201eNem messze innen,\u201c \u00e9s Kask\u00f3 a gyerekek fel\u00e9 n\u00e9zett.<\/p>\n\n\n\n<p>\u201eHogy micsoda?\u201c<\/p>\n\n\n\n<p>\u201eMiloj.\u201c<\/p>\n\n\n\n<p>\u201eMilyen miloj?\u201c<\/p>\n\n\n\n<p>\u201eMiloj a hely, \u00e9s a v\u00e1ros neve,\u201c mondta \u00e9s m\u00e1r fel is pattant a f\u00f6ldr\u0151l.<\/p>\n\n\n\n<p>\u201eSosem hallottam m\u00e9g ilyen nev\u0171 helyr\u0151l.\u201c<\/p>\n\n\n\n<p>\u201eEz tulajdonk\u00e9ppen egy falu..vagyis az volt....de tudj\u00e1tok mit? Ink\u00e1bb megmutatom, menj\u00fcnk oda!\u201c<\/p>\n\n\n\n<p>Mivel el\u00e9g sok\u00e1ig elid\u0151ztek Drevenyikben, Milojba m\u00e1r ink\u00e1bb elrep\u00fcltek, Kask\u00f3 adott a gyerekeknek var\u00e1zsf\u00fcvet.<\/p>\n\n\n\n<p>\u201eM\u00e9g miel\u0151tt Milojba \u00e9rn\u00e9nk, m\u00e9g meg kell \u00e1llnunk egy m\u00e1gikus dolog\u00e9rt Zsigr\u00e1n.\u201c<\/p>\n\n\n\n<p>\u201eAhogy mondod.\u201c<\/p>\n\n\n\n<p>Egy kis id\u0151 m\u00falva m\u00e1r egy domb t\u00f6v\u00e9ben \u00e1lltak, ahonnan el\u00e9g sok l\u00e9pcs\u0151 vezetett fel egy mesesz\u00e9p kis templomhoz, amelyn\u00e9l nem l\u00e1ttak m\u00e9g szebbet.<\/p>\n\n\n\n<p>\u201eM\u00e9g sose l\u00e1ttam ilyen templomot,\u201c Maja nem tudta levenni a szem\u00e9t az \u00e9p\u00edtm\u00e9nyr\u0151l.<\/p>\n\n\n\n<p>\u201eVal\u00f3ban gy\u00f6ny\u00f6r\u0171,\u201c er\u0151s\u00edtette meg Max.<\/p>\n\n\n\n<p>\u201eEz Haravara egyik legr\u00e9gebbi temploma. S\u0151t, nemcsak Haravar\u00e1ban, hanem a sz\u00e9les k\u00f6rny\u00e9ken is a legr\u00e9gibbek k\u00f6z\u00e9 tartozik.\u201c<\/p>\n\n\n\n<p>\u201eVagy \u00fagy,\u201c n\u00e9ztek \u00f6ssze a testv\u00e9rek.<\/p>\n\n\n\n<p>\u201eDe ami a leg\u00e9rdekesebb, az az, hogy ez az egyetlen templom Haravar\u00e1ban \u00e9s a t\u00f6bbi birodalomban, amely t\u00f6bb sz\u00e1z \u00e9ve v\u00e1ltozatlanul fennmaradt.\u201c<\/p>\n\n\n\n<p>\u201ePomp\u00e1s,\u201c lelkesedett Maxi.<\/p>\n\n\n\n<p>\u201eAkkor gyer\u00fcnk!\u201c ki\u00e1ltotta Maja.<\/p>\n\n\n\n<p>\u201eLassan!\u201c<\/p>\n\n\n\n<p>\u201eMajd vigy\u00e1zunk...\u201c<\/p>\n\n\n\n<p>\u201eAki l\u00e1tni szeretn\u00e9 Miloj titkos v\u00e1ros\u00e1t, annak el\u0151sz\u00f6r v\u00e9gig kell mennie ezen a 93 l\u00e9pcs\u0151n,\u201d kezdte Kask\u00f3.<\/p>\n\n\n\n<p>\u201e\u00c9s?\u201c \u2013 a gyerekek nem \u00e9rtett\u00e9k, mi\u00e9rt lenne ez gond.<\/p>\n\n\n\n<p>\u201eA l\u00e9pcs\u0151ket mindk\u00e9t l\u00e1batoknak \u00e9rintenie kell,\u201c folytatta Kask\u00f3.<\/p>\n\n\n\n<p>\u201eVagyis ugr\u00e1lnunk kell?\u201c<\/p>\n\n\n\n<p>\u201eVagy mindk\u00e9t l\u00e1bbal r\u00e1l\u00e9pni a l\u00e9pcs\u0151re.\u201c<\/p>\n\n\n\n<p>\u201eVil\u00e1gos. \u00c9s azt\u00e1n?\u201c \u00e9gtek a t\u00fcrelmetlens\u00e9gt\u0151l.<\/p>\n\n\n\n<p>\u201eAzt\u00e1n v\u00e9gig kell mennetek a templom k\u00f6r\u00e9 \u00e9p\u00edtett fal ment\u00e9n.\u201c<\/p>\n\n\n\n<p>\u201eNem \u00e9rtem, mi\u00e9rt van a templom k\u00f6r\u00fcl fal.\u201c<\/p>\n\n\n\n<p>\u201eHol szoktak \u00e1llni a templomok?\u201c k\u00e9rdezte Kask\u00f3, mint egy tan\u00edt\u00f3 b\u00e1csi.<\/p>\n\n\n\n<p>\u201eA dombon,\u201c v\u00e1laszolt\u00e1k egy\u00fctt a gyerekek, mintha az iskolapadban lenn\u00e9nek.<\/p>\n\n\n\n<p>\u201e\u00c9s ha valaki megt\u00e1madott egy falut vagy kisv\u00e1rost, az emberek a falu vagy a v\u00e1ros legnagyobb \u00e9p\u00fclet\u00e9be menek\u00fcltek.\u201d<\/p>\n\n\n\n<p>\u201eA templomba,\u201d \u00e9rtett\u00e9k meg a tanul\u00f3k.<\/p>\n\n\n\n<p>\u201e\u00c9s hogy a katon\u00e1knak nehezebb legyen a telep\u00fcl\u00e9st bevenni...\u201d<\/p>\n\n\n\n<p>\u201e...k\u00f6r\u00fclvett\u00e9k er\u0151d\u00edtm\u00e9nnyel,\u201d v\u00e1gott Kask\u00f3 szavaiba Maxi.<\/p>\n\n\n\n<p>\u201ePontosan.\u201c<\/p>\n\n\n\n<p>A gyerekek teh\u00e1t Kask\u00f3val egy\u00fctt felmentek a kilencvenh\u00e1rom l\u00e9pcs\u0151fokon, \u00e9s meg\u00e1lltak egy fal el\u0151tt, amely m\u00f6g\u00f6tt egy gy\u00f6ny\u00f6r\u0171sz\u00e9p kis templom \u00e1llt. \u00dagy n\u00e9zett ki, mint valami sapka, amit egy \u00f3ri\u00e1s visel vagy egy \u00f3ri\u00e1s m\u00e9ret\u0171 angyal. Els\u00e9t\u00e1ltak a fal mellett, \u00e9s bel\u00e9ptek a templom kapuj\u00e1n.<\/p>\n\n\n\n<p>\u201e\u00c9s most mi lesz?\u201d Maxi t\u00fcrelmetlen\u00fcl topogott.<\/p>\n\n\n\n<p>\u201eBemegy\u00fcnk.\u201d<\/p>\n\n\n\n<p>Amikor bel\u00e9ptek, leesett az \u00e1lluk.<\/p>\n\n\n\n<p>\u201eKask\u00f3, hiszen ez nem is templom, hanem egy k\u00e9pt\u00e1r!\u201d<\/p>\n\n\n\n<p>\u201eR\u00e9gen ugyan minden templomot \u00edgy d\u00edsz\u00edtettek,\u201d gondolta Ka\u0161ko, \u201ede ez minden m\u00e1son t\u00faltesz!\u201d<\/p>\n\n\n\n<p>A gyerekek elindultak, hogy megcsod\u00e1lj\u00e1k a k\u00fcl\u00f6nb\u00f6z\u0151 alakokat \u00e9s l\u00e9nyeket \u00e1br\u00e1zol\u00f3 falfestm\u00e9nyeket. N\u00e9h\u00e1nyuk el\u00e9g furcsa volt, l\u00e1ttak p\u00e9ld\u00e1ul egy fura oroszl\u00e1nt.<\/p>\n\n\n\n<p>\u201eItt van\u201d, jelentette be Ka\u0161ko.<\/p>\n\n\n\n<p>\u201eMi ez?\u201d<\/p>\n\n\n\n<p>\u201eAz \u00e9let f\u00e1ja.\u201d<\/p>\n\n\n\n<p>\u201eAha.\u201d<\/p>\n\n\n\n<p>\u201eHa meg\u00e9rintj\u00fck az \u00c9let f\u00e1j\u00e1nak megfelel\u0151 leveleit, akkor t\u00f6rt\u00e9nni fog valami...\u201d<\/p>\n\n\n\n<p class=\"translation-block\">\u201eDe, mi, mi fog t\u00f6rt\u00e9nni?\u201d Maja m\u00e1r nagyon t\u00fcrelmetlen volt.<\/p>\n\n\n\n<p>\u201eAzt nem tudom\u201d, suttogta Kask\u00f3, \u201ede valamit\u0151l lehet\u0151v\u00e9 v\u00e1lik, hogy megl\u00e1ssuk a titokzatos v\u00e1rost\u201d, \u00e9s elkezdte megkeresni a fresk\u00f3n a megfelel\u0151 leveleket.<\/p>\n\n\n\n<p>A gyerekek Kask\u00f3val egy\u00fctt odamentek az \u00c9let f\u00e1j\u00e1hoz, mindenki tal\u00e1lt meg\u00e1nak egy sz\u00e9p levelet, \u00e9s v\u00e1rtak. Hirtelen kicsit els\u00f6t\u00e9t\u00fclt a kis templom, \u00e9s ekkor a falon mozogni kezdett a fura oroszl\u00e1n. Felb\u0151g\u00f6tt, r\u00e1mutatott a templomban \u00e1ll\u00f3 k\u0151ed\u00e9nyre, majd elt\u0171nt.<\/p>\n\n\n\n<p>\u201eMi lehet abban a faz\u00e9kban?\u201d, a kis Maja m\u00e9g leveg\u0151t is elfelejtett venni, olyan k\u00edv\u00e1ncsi volt.<\/p>\n\n\n\n<p>\u201eEz nem egy faz\u00e9k, hanem egy k\u0151b\u0151l k\u00e9sz\u00fclt keresztel\u0151medence.\u201d<\/p>\n\n\n\n<p>\u201eIde tett\u00e9k a csecsem\u0151ket, amikor megkeresztelt\u00e9k \u0151ket?\u201d<\/p>\n\n\n\n<p>\u201eAbban az id\u0151ben nem a csecsem\u0151ket keresztelt\u00e9k meg, hanem m\u00e1r id\u0151sebb embereket\u201d, magyar\u00e1zta Kask\u00f3, \u00e9s kivett a keresztel\u0151medenc\u00e9b\u0151l h\u00e1rom kisebb dobott.<\/p>\n\n\n\n<p>\u201eEz meg mi?\u201c<\/p>\n\n\n\n<p>\u201eM\u00e1r minden vil\u00e1gos!\u201d, jelentette ki Kask\u00f3, \u00e9s m\u00e1r rep\u00fcltek is.<\/p>\n\n\n\n<p>\u201eMeg\u00e9rkezt\u00fcnk, Kask\u00f3?\u201d<\/p>\n\n\n\n<p>\u201eIgen! Ugye milyen gy\u00f6ny\u00f6r\u0171?\u201d<\/p>\n\n\n\n<p>\u201eDe ez nem is egy v\u00e1ros. M\u00e9g csak nem is kisv\u00e1ros, s\u0151t, m\u00e9g falu sem\u201d, n\u00e9zt\u00e9k k\u00f6r\u00fcl csal\u00f3dottan a gyerekek.<\/p>\n\n\n\n<p>\u201eMost csak ez a kis templomtorony \u00e1ll itt.\u201d<\/p>\n\n\n\n<p>\u201eEz a torony az egyetlen, ami megmaradt ebb\u0151l a falub\u00f3l?\u201d<\/p>\n\n\n\n<p>\u201eIgen, \u00e9s most a szellemek haszn\u00e1lj\u00e1k, amikor \u00e1trep\u00fclnek Haravar\u00e1n,\u201d magyar\u00e1zta Kask\u00f3.<\/p>\n\n\n\n<p>\u201ePihen\u00e9sre?\u201d<\/p>\n\n\n\n<p>\u201eNem, nap\u00f3rak\u00e9nt!\u201d \u00e1rulta el Kask\u00f3.<\/p>\n\n\n\n<p>\u201ePomp\u00e1s. \u00c9s mi, mit fogunk csin\u00e1lni?\u201d<\/p>\n\n\n\n<p>\u201eMi most dobolni fogunk.\u201d<\/p>\n\n\n\n<p>\u201eAhogy mondod.\u201c<\/p>\n\n\n\n<p>Mindh\u00e1rman le\u00fcltek a b\u00e1jos torony t\u00f6v\u00e9be, amely egy kicsit az \u00c9let f\u00e1j\u00e1ra is eml\u00e9keztette \u0151ket a zsigrai templomban.<\/p>\n\n\n\n<p>\u201eMi\u00e9rt j\u00e1tszunk?\u201d<\/p>\n\n\n\n<p>\u201eEs\u0151t id\u00e9z\u00fcnk el\u0151.\u201d<\/p>\n\n\n\n<p>\u201eEs\u0151t?\u201d Maxi \u00e9s Maja nem \u00e9rtett\u00e9k.<\/p>\n\n\n\n<p>\u201eAzt besz\u00e9lik, hogy Miloj lakosai gonoszok voltak \u00e9s ez\u00e9rt a f\u00f6ld al\u00e1 s\u00fcllyedtek a h\u00e1zaik.\u201d<\/p>\n\n\n\n<p>\u201eAkkor tal\u00e1n nem kellene felbosszantanunk \u0151ket!\u201d ijedt meg Majka.<\/p>\n\n\n\n<p>\u201eAz igazs\u00e1g ink\u00e1bb az, hogy egyszer kisz\u00e1radt itt a foly\u00f3, kev\u00e9s es\u0151 esett, \u00e9s nagy sz\u00e1razs\u00e1g lett\u2026\u201d<\/p>\n\n\n\n<p>\u201e\u00c9s ez\u00e9rt az emberek elhagyt\u00e1k a h\u00e1zaikat, igaz?\u201d szak\u00edtotta f\u00e9lbe Kask\u00f3t Maja, mik\u00f6zben folytatt\u00e1k a dobol\u00e1st.<\/p>\n\n\n\n<p>\u201ePontosan. Az Anyaterm\u00e9szet \u00e9s a szellemek, akik m\u00e1r akkor is nap\u00f3rak\u00e9nt haszn\u00e1lt\u00e1k ezt a tornyot, kicsit megharagudtak az emberekre, \u00e9s elt\u00fcntett\u00e9k a h\u00e1zaikat.\u201d<\/p>\n\n\n\n<p>\u201e\u00c9s \u00edgy kaptak egy szuper nap\u00f3r\u00e1t.\u201d<\/p>\n\n\n\n<p>\u201ePontosan.\u201c<\/p>\n\n\n\n<p>Ahogy a ritmust vert\u00e9k a dobokon, az orrukon meg\u00e9rezt\u00e9k az els\u0151 cseppeket, \u00e9s m\u00e9g miel\u0151tt \u00e9szbe kaptak volna, eleredt az es\u0151. A gy\u00f6ny\u00f6r\u0171 torony k\u00f6r\u00fcl n\u00e9h\u00e1ny kisebb-nagyobb h\u00e1z jelent meg. A gyerekek s\u00e9t\u00e1ltak a h\u00e1zak k\u00f6z\u00f6tt, Kask\u00f3 csak \u00fagy repkedett, de k\u00f6zben nem hagyt\u00e1k abba a dobol\u00e1st sem.<\/p>\n\n\n\n<p>\u201eEl\u00e9g!\u201d ki\u00e1ltott fel Kask\u00f3, de m\u00e1r k\u00e9s\u0151 volt. Akkora z\u00e1por kerekedett, hogy a toronyr\u00f3l szinte patakokban folyt a v\u00edz.<\/p>\n\n\n\n<p>\u201eNa, ezt j\u00f3l megcsin\u00e1ltuk!\u201d<\/p>\n\n\n\n<p>\u201eB\u00fajjunk el!\u201d ki\u00e1ltotta Majka, \u00e9s az erd\u0151 fel\u00e9 rohant.<\/p>\n\n\n\n<p>\u201eDe hov\u00e1?\u201c<\/p>\n\n\n\n<p>\u201eA bunkerbe!\u201d mutatott Kask\u00f3 az ellenkez\u0151 ir\u00e1nyba.<\/p>\n\n\n\n<p>\u201eMost \u00e9p\u00edts\u00fcnk bunkert?\u201d<\/p>\n\n\n\n<p>\u201eVan itt egy a k\u00f6zelben.\u201d<\/p>\n\n\n\n<p>\u201eEgy bunker?\u201d<\/p>\n\n\n\n<p>\u201eEgy katonai bunker.\u201d<\/p>\n\n\n\n<p>\u201e\u00d3\u00f3\u00f3\u00f3\u2026!\u201d, csillant fel Maxi szeme.<\/p>\n\n\n\n<p>Egy kis id\u0151 m\u00falva m\u00e1r egy f\u00e1b\u00f3l \u00e9p\u00edtett bunker mellett \u00e1lltak. Vagyis, igaz\u00e1b\u00f3l csak k\u00edv\u00fclr\u0151l volt f\u00e1b\u00f3l. Bel\u00fclr\u0151l egy igazi f\u00f6ldalatti bunker volt, ahol k\u00fcl\u00f6nb\u00f6z\u0151 katonai eszk\u00f6z\u00f6ket voltak ki\u00e1ll\u00edtva \u00e9s arr\u00f3l is olvashattak, hogyan gy\u00f3gy\u00edtott\u00e1k a katon\u00e1kat az ilyen bunkerekben, h\u00e1bor\u00fa idej\u00e9n.<\/p>\n\n\n\n<p>\u201eEz a bunker nem olyan r\u00e9gen \u00e1ll itt, m\u00e9g sz\u00e1z \u00e9ve sincs, de nagyszer\u0171 hely.\u201d<\/p>\n\n\n\n<p>\u201eIgen, f\u0151leg, amikor kint \u00edgy szakad az es\u0151!\u201d<\/p>\n\n\n\n<p>\u00c9s amikor f\u00e1jnak az ujjaid a dobol\u00e1st\u00f3l\u2026<\/p>\n\n\n\n<p>A gyerekek r\u00e1n\u00e9ztek az ujjaikra, \u00e9s azok eg\u00e9szen kiv\u00f6r\u00f6s\u00f6dtek a dobol\u00e1st\u00f3l \u00e9s az es\u0151 el\u0151id\u00e9z\u00e9s\u00e9t\u0151l.<\/p>\n\n\n\n<p>A bunkerben tal\u00e1ltak katonai k\u00f6tszereket \u00e9s ken\u0151cs\u00f6ket is, \u00e9s k\u00f6zben az es\u0151 is el\u00e1llt.<\/p>\n\n\n\n<p>Este, amikor a gyerekek \u00e1gyba b\u00fajtak, az eget b\u00e1mult\u00e1k \u00e9s nem tudt\u00e1k lehunyni a szem\u00fcket.<\/p>\n\n\n\n<p>\u201eMaxi?\u201d<\/p>\n\n\n\n<p>\u201eIgen?\u201d<\/p>\n\n\n\n<p>\u201eMi van, ha ott az a felh\u0151 is egy titkos v\u00e1ros?\u201d<\/p>\n\n\n\n<p>\u201eLehet, hogy az.\u201d<\/p>\n\n\n\n<p>\u201eAny\u00e1\u00e9kat is el kell vinn\u00fcnk Drevenyikbe, Milojba \u00e9s Zsigr\u00e1ra.\u201d<br>\u201eMindenk\u00e9ppen,\u201d fogadt\u00e1k meg a testv\u00e9rek, \u00e9s a lecsuk\u00f3d\u00f3 pill\u00e1ik alatt sz\u00ednes \u00e1lomban \u00e9lt\u00e9k \u00fajra az aznapi kalandos kir\u00e1ndul\u00e1son szerzett \u00e9lm\u00e9nyeket.\u00a0<\/p>\n\n\n\n<p><\/p>","protected":false},"excerpt":{"rendered":"<p>Max a Majka si jedn\u00e9o d\u0148a ma\u013euj\u00fa zvl\u00e1\u0161tny obraz \u2013 vlastne mapu ich vymyslen\u00e9ho tajn\u00e9ho mesta. To Ka\u0161ka zaujme a rozhodne sa im uk\u00e1za\u0165 skuto\u010dn\u00e9 tajomn\u00e9 miesta.<\/p>\n<p>Spolo\u010dne sa vydaj\u00fa vlakom \u2013 najprv do Spi\u0161sk\u00e9ho hradu, ale tam sa dlho nezdr\u017eia, lebo ich cie\u013e je ne\u010falek\u00fd Dreven\u00edk. Ten sa zo sk\u00e1l a kopcov pred ich o\u010dami premen\u00ed na \u010darovn\u00e9 mesto duchov menom Haravary \u2013 Hamed\u00fata. Duchovia ich priv\u00edtaj\u00fa, ke\u010f Ka\u0161ko vysvetl\u00ed, \u017ee deti ich naozaj vidia. V meste duchov si u\u017eij\u00fa lietanie, \u0161m\u00fdkanie po obrovskej \u0161m\u00fdka\u010dke aj poh\u013ead z rozh\u013eadne, ktorou duchovia pozoruj\u00fa turistov.<\/p>\n<p>Po n\u00e1dhernom dni sa vydaj\u00fa na \u010fal\u0161ie miesto \u2013 do dedinky Miloj. No e\u0161te predt\u00fdm sa zastavia v \u017dehre, kde ich \u010dak\u00e1 d\u00f4le\u017eit\u00e9 k\u00fazlo.<br \/>\nSpolu nav\u0161t\u00edvia Jahodn\u00fa, kde sa nau\u010dia hra\u0165 discgolf, potom sa presun\u00fa na Alpinku \u2013 miesto pln\u00e9 ihr\u00edsk, lanov\u00fdch parkov a z\u00e1bavy. Zvez\u00fa sa parn\u00fdm vl\u00e1\u010dikom Katka, objavia drezinu, vysk\u00fa\u0161aj\u00fa si Tarzaniu aj indi\u00e1nske t\u00edp\u00ed. Ich dobrodru\u017estvo vrchol\u00ed v botanickej z\u00e1hrade v Ko\u0161iciach, kde v tajnom herb\u00e1ri n\u00e1jdu z\u00e1zra\u010dn\u00fa rastlinku \u2013 vzn\u00e1\u0161ajn\u00ed\u010dek najoby\u010dajnej\u0161\u00ed, ktor\u00fd im umo\u017en\u00ed lieta\u0165.<\/p>\n<p>Hoci na skuto\u010dn\u00e9 Hry duchov nakoniec zaspia, r\u00e1no sa prebudia s medailami za \u00fa\u010das\u0165 \u2013 a s hlavou plnou z\u00e1\u017eitkov z v\u00fdnimo\u010dn\u00e9ho d\u0148a, ktor\u00fd im duchovia pripravili.<\/p>","protected":false},"featured_media":19385,"menu_order":0,"template":"","format":"standard","meta":{"_acf_changed":false,"footnotes":""},"categories":[],"class_list":["post-19230","pribehy","type-pribehy","status-publish","format-standard","has-post-thumbnail","hentry"],"acf":[],"yoast_head":"<!-- This site is optimized with the Yoast SEO Premium plugin v22.7 (Yoast SEO v27.2) - https:\/\/yoast.com\/product\/yoast-seo-premium-wordpress\/ -->\n<title>Ako s\u00farodenci a\u00a0Ka\u0161ko privol\u00e1vali d\u00e1\u017e\u010f v\u00a0stratenom meste\u00a0 - HARAVARA Pr\u00edbehy (rozpr\u00e1vky)<\/title>\n<meta name=\"description\" content=\"V \u010fal\u0161ej rozpr\u00e1vke z krajiny Haravara sa dozviete, \u017ee zvieratk\u00e1 v ZOO sn\u00edvaj\u00fa po\u010das zimy o r\u00f4znych veciach. Ka\u0161ko s de\u0165mi sa im rozhodn\u00fa pom\u00f4c\u0165 splni\u0165 sny: pripravia zvierac\u00ed ples pri Tis\u00edcro\u010dnej kaplnke, rybk\u00e1m splnia sen o \u0161m\u00fdkan\u00ed na d\u00fahe (v skuto\u010dnosti ide o umeleck\u00e9 dielo \u201cD\u00faha, ktor\u00e1 pije vodu\u201d).\" \/>\n<meta name=\"robots\" content=\"index, follow, max-snippet:-1, max-image-preview:large, max-video-preview:-1\" \/>\n<link rel=\"canonical\" href=\"https:\/\/www.haravara.sk\/hu\/pribehy\/ako-surodenci-a-kasko-privolavali-dazd-v-stratenom-meste\/\" \/>\n<meta property=\"og:locale\" content=\"hu_HU\" \/>\n<meta property=\"og:type\" content=\"article\" \/>\n<meta property=\"og:title\" content=\"Ako s\u00farodenci a\u00a0Ka\u0161ko privol\u00e1vali d\u00e1\u017e\u010f v\u00a0stratenom meste\u00a0\" \/>\n<meta property=\"og:description\" content=\"V \u010fal\u0161ej rozpr\u00e1vke z krajiny Haravara sa dozviete, \u017ee zvieratk\u00e1 v ZOO sn\u00edvaj\u00fa po\u010das zimy o r\u00f4znych veciach. Ka\u0161ko s de\u0165mi sa im rozhodn\u00fa pom\u00f4c\u0165 splni\u0165 sny: pripravia zvierac\u00ed ples pri Tis\u00edcro\u010dnej kaplnke, rybk\u00e1m splnia sen o \u0161m\u00fdkan\u00ed na d\u00fahe (v skuto\u010dnosti ide o umeleck\u00e9 dielo \u201cD\u00faha, ktor\u00e1 pije vodu\u201d).\" \/>\n<meta property=\"og:url\" content=\"https:\/\/www.haravara.sk\/hu\/pribehy\/ako-surodenci-a-kasko-privolavali-dazd-v-stratenom-meste\/\" \/>\n<meta property=\"og:site_name\" content=\"HARAVARA\" \/>\n<meta property=\"article:publisher\" content=\"https:\/\/www.facebook.com\/haravara.detsky.svet\" \/>\n<meta property=\"article:modified_time\" content=\"2025-08-05T20:37:37+00:00\" \/>\n<meta property=\"og:image\" content=\"https:\/\/www.haravara.sk\/wp-content\/uploads\/2022\/07\/Haravara-pribehove-ilustracie-FB-57.png\" \/>\n\t<meta property=\"og:image:width\" content=\"1200\" \/>\n\t<meta property=\"og:image:height\" content=\"628\" \/>\n\t<meta property=\"og:image:type\" content=\"image\/png\" \/>\n<meta name=\"twitter:card\" content=\"summary_large_image\" \/>\n<meta name=\"twitter:description\" content=\"Vonku u\u017e tro\u0161ku mrzlo. R\u00e1no si mamky a ockovia museli \u010disti\u0165 okn\u00e1 na aut\u00e1ch od mraz\u00edku a Ka\u0161ko a ostatn\u00ed duchovia si museli\u2026 vlastne nemuseli ni\u010d. Duchovia toti\u017e nec\u00edtia zimu ani teplo. C\u00edtia to len vtedy, ke\u010f n\u00e1hodou dostan\u00fa nejak\u00fa d\u00fa\u0161iu chorobu.\" \/>\n<meta name=\"twitter:label1\" content=\"Becs\u00fclt olvas\u00e1si id\u0151\" \/>\n\t<meta name=\"twitter:data1\" content=\"9 perc\" \/>\n<script type=\"application\/ld+json\" class=\"yoast-schema-graph\">{\"@context\":\"https:\/\/schema.org\",\"@graph\":[{\"@type\":\"WebPage\",\"@id\":\"https:\/\/www.haravara.sk\/pribehy\/ako-surodenci-a-kasko-privolavali-dazd-v-stratenom-meste\/\",\"url\":\"https:\/\/www.haravara.sk\/pribehy\/ako-surodenci-a-kasko-privolavali-dazd-v-stratenom-meste\/\",\"name\":\"Ako s\u00farodenci a\u00a0Ka\u0161ko privol\u00e1vali d\u00e1\u017e\u010f v\u00a0stratenom meste\u00a0 - HARAVARA Pr\u00edbehy (rozpr\u00e1vky)\",\"isPartOf\":{\"@id\":\"https:\/\/www.haravara.sk\/#website\"},\"primaryImageOfPage\":{\"@id\":\"https:\/\/www.haravara.sk\/pribehy\/ako-surodenci-a-kasko-privolavali-dazd-v-stratenom-meste\/#primaryimage\"},\"image\":{\"@id\":\"https:\/\/www.haravara.sk\/pribehy\/ako-surodenci-a-kasko-privolavali-dazd-v-stratenom-meste\/#primaryimage\"},\"thumbnailUrl\":\"https:\/\/www.haravara.sk\/wp-content\/uploads\/2022\/07\/Haravara-pribehove-ilustracie-FB-55.png\",\"datePublished\":\"2022-07-06T22:31:39+00:00\",\"dateModified\":\"2025-08-05T20:37:37+00:00\",\"description\":\"V \u010fal\u0161ej rozpr\u00e1vke z krajiny Haravara sa dozviete, \u017ee zvieratk\u00e1 v ZOO sn\u00edvaj\u00fa po\u010das zimy o r\u00f4znych veciach. Ka\u0161ko s de\u0165mi sa im rozhodn\u00fa pom\u00f4c\u0165 splni\u0165 sny: pripravia zvierac\u00ed ples pri Tis\u00edcro\u010dnej kaplnke, rybk\u00e1m splnia sen o \u0161m\u00fdkan\u00ed na d\u00fahe (v skuto\u010dnosti ide o umeleck\u00e9 dielo \u201cD\u00faha, ktor\u00e1 pije vodu\u201d).\",\"breadcrumb\":{\"@id\":\"https:\/\/www.haravara.sk\/pribehy\/ako-surodenci-a-kasko-privolavali-dazd-v-stratenom-meste\/#breadcrumb\"},\"inLanguage\":\"hu\",\"potentialAction\":[{\"@type\":\"ReadAction\",\"target\":[\"https:\/\/www.haravara.sk\/pribehy\/ako-surodenci-a-kasko-privolavali-dazd-v-stratenom-meste\/\"]}]},{\"@type\":\"ImageObject\",\"inLanguage\":\"hu\",\"@id\":\"https:\/\/www.haravara.sk\/pribehy\/ako-surodenci-a-kasko-privolavali-dazd-v-stratenom-meste\/#primaryimage\",\"url\":\"https:\/\/www.haravara.sk\/wp-content\/uploads\/2022\/07\/Haravara-pribehove-ilustracie-FB-55.png\",\"contentUrl\":\"https:\/\/www.haravara.sk\/wp-content\/uploads\/2022\/07\/Haravara-pribehove-ilustracie-FB-55.png\",\"width\":1200,\"height\":628},{\"@type\":\"BreadcrumbList\",\"@id\":\"https:\/\/www.haravara.sk\/pribehy\/ako-surodenci-a-kasko-privolavali-dazd-v-stratenom-meste\/#breadcrumb\",\"itemListElement\":[{\"@type\":\"ListItem\",\"position\":1,\"name\":\"Domov\",\"item\":\"https:\/\/www.haravara.sk\/\"},{\"@type\":\"ListItem\",\"position\":2,\"name\":\"Pr\u00edbehy\",\"item\":\"https:\/\/www.haravara.sk\/pribehy\/\"},{\"@type\":\"ListItem\",\"position\":3,\"name\":\"Ako s\u00farodenci a\u00a0Ka\u0161ko privol\u00e1vali d\u00e1\u017e\u010f v\u00a0stratenom meste\u00a0\"}]},{\"@type\":\"WebSite\",\"@id\":\"https:\/\/www.haravara.sk\/#website\",\"url\":\"https:\/\/www.haravara.sk\/\",\"name\":\"HARAVARA\",\"description\":\"Objav detsk\u00fd svet v Ko\u0161ickom kraji\",\"publisher\":{\"@id\":\"https:\/\/www.haravara.sk\/#organization\"},\"potentialAction\":[{\"@type\":\"SearchAction\",\"target\":{\"@type\":\"EntryPoint\",\"urlTemplate\":\"https:\/\/www.haravara.sk\/?s={search_term_string}\"},\"query-input\":{\"@type\":\"PropertyValueSpecification\",\"valueRequired\":true,\"valueName\":\"search_term_string\"}}],\"inLanguage\":\"hu\"},{\"@type\":\"Organization\",\"@id\":\"https:\/\/www.haravara.sk\/#organization\",\"name\":\"Haravara\",\"url\":\"https:\/\/www.haravara.sk\/\",\"logo\":{\"@type\":\"ImageObject\",\"inLanguage\":\"hu\",\"@id\":\"https:\/\/www.haravara.sk\/#\/schema\/logo\/image\/\",\"url\":\"https:\/\/www.haravara.sk\/wp-content\/uploads\/2021\/04\/LOGO-LandingPage.png\",\"contentUrl\":\"https:\/\/www.haravara.sk\/wp-content\/uploads\/2021\/04\/LOGO-LandingPage.png\",\"width\":832,\"height\":618,\"caption\":\"Haravara\"},\"image\":{\"@id\":\"https:\/\/www.haravara.sk\/#\/schema\/logo\/image\/\"},\"sameAs\":[\"https:\/\/www.facebook.com\/haravara.detsky.svet\"]}]}<\/script>\n<!-- \/ Yoast SEO Premium plugin. -->","yoast_head_json":{"title":"Ako s\u00farodenci a\u00a0Ka\u0161ko privol\u00e1vali d\u00e1\u017e\u010f v\u00a0stratenom meste\u00a0 - HARAVARA Pr\u00edbehy (rozpr\u00e1vky)","description":"V \u010fal\u0161ej rozpr\u00e1vke z krajiny Haravara sa dozviete, \u017ee zvieratk\u00e1 v ZOO sn\u00edvaj\u00fa po\u010das zimy o r\u00f4znych veciach. Ka\u0161ko s de\u0165mi sa im rozhodn\u00fa pom\u00f4c\u0165 splni\u0165 sny: pripravia zvierac\u00ed ples pri Tis\u00edcro\u010dnej kaplnke, rybk\u00e1m splnia sen o \u0161m\u00fdkan\u00ed na d\u00fahe (v skuto\u010dnosti ide o umeleck\u00e9 dielo \u201cD\u00faha, ktor\u00e1 pije vodu\u201d).","robots":{"index":"index","follow":"follow","max-snippet":"max-snippet:-1","max-image-preview":"max-image-preview:large","max-video-preview":"max-video-preview:-1"},"canonical":"https:\/\/www.haravara.sk\/hu\/pribehy\/ako-surodenci-a-kasko-privolavali-dazd-v-stratenom-meste\/","og_locale":"hu_HU","og_type":"article","og_title":"Ako s\u00farodenci a\u00a0Ka\u0161ko privol\u00e1vali d\u00e1\u017e\u010f v\u00a0stratenom meste\u00a0","og_description":"V \u010fal\u0161ej rozpr\u00e1vke z krajiny Haravara sa dozviete, \u017ee zvieratk\u00e1 v ZOO sn\u00edvaj\u00fa po\u010das zimy o r\u00f4znych veciach. Ka\u0161ko s de\u0165mi sa im rozhodn\u00fa pom\u00f4c\u0165 splni\u0165 sny: pripravia zvierac\u00ed ples pri Tis\u00edcro\u010dnej kaplnke, rybk\u00e1m splnia sen o \u0161m\u00fdkan\u00ed na d\u00fahe (v skuto\u010dnosti ide o umeleck\u00e9 dielo \u201cD\u00faha, ktor\u00e1 pije vodu\u201d).","og_url":"https:\/\/www.haravara.sk\/hu\/pribehy\/ako-surodenci-a-kasko-privolavali-dazd-v-stratenom-meste\/","og_site_name":"HARAVARA","article_publisher":"https:\/\/www.facebook.com\/haravara.detsky.svet","article_modified_time":"2025-08-05T20:37:37+00:00","og_image":[{"width":1200,"height":628,"url":"https:\/\/www.haravara.sk\/wp-content\/uploads\/2022\/07\/Haravara-pribehove-ilustracie-FB-57.png","type":"image\/png"}],"twitter_card":"summary_large_image","twitter_description":"Vonku u\u017e tro\u0161ku mrzlo. R\u00e1no si mamky a ockovia museli \u010disti\u0165 okn\u00e1 na aut\u00e1ch od mraz\u00edku a Ka\u0161ko a ostatn\u00ed duchovia si museli\u2026 vlastne nemuseli ni\u010d. Duchovia toti\u017e nec\u00edtia zimu ani teplo. C\u00edtia to len vtedy, ke\u010f n\u00e1hodou dostan\u00fa nejak\u00fa d\u00fa\u0161iu chorobu.","twitter_misc":{"Becs\u00fclt olvas\u00e1si id\u0151":"9 perc"},"schema":{"@context":"https:\/\/schema.org","@graph":[{"@type":"WebPage","@id":"https:\/\/www.haravara.sk\/pribehy\/ako-surodenci-a-kasko-privolavali-dazd-v-stratenom-meste\/","url":"https:\/\/www.haravara.sk\/pribehy\/ako-surodenci-a-kasko-privolavali-dazd-v-stratenom-meste\/","name":"Ako s\u00farodenci a\u00a0Ka\u0161ko privol\u00e1vali d\u00e1\u017e\u010f v\u00a0stratenom meste\u00a0 - HARAVARA Pr\u00edbehy (rozpr\u00e1vky)","isPartOf":{"@id":"https:\/\/www.haravara.sk\/#website"},"primaryImageOfPage":{"@id":"https:\/\/www.haravara.sk\/pribehy\/ako-surodenci-a-kasko-privolavali-dazd-v-stratenom-meste\/#primaryimage"},"image":{"@id":"https:\/\/www.haravara.sk\/pribehy\/ako-surodenci-a-kasko-privolavali-dazd-v-stratenom-meste\/#primaryimage"},"thumbnailUrl":"https:\/\/www.haravara.sk\/wp-content\/uploads\/2022\/07\/Haravara-pribehove-ilustracie-FB-55.png","datePublished":"2022-07-06T22:31:39+00:00","dateModified":"2025-08-05T20:37:37+00:00","description":"V \u010fal\u0161ej rozpr\u00e1vke z krajiny Haravara sa dozviete, \u017ee zvieratk\u00e1 v ZOO sn\u00edvaj\u00fa po\u010das zimy o r\u00f4znych veciach. Ka\u0161ko s de\u0165mi sa im rozhodn\u00fa pom\u00f4c\u0165 splni\u0165 sny: pripravia zvierac\u00ed ples pri Tis\u00edcro\u010dnej kaplnke, rybk\u00e1m splnia sen o \u0161m\u00fdkan\u00ed na d\u00fahe (v skuto\u010dnosti ide o umeleck\u00e9 dielo \u201cD\u00faha, ktor\u00e1 pije vodu\u201d).","breadcrumb":{"@id":"https:\/\/www.haravara.sk\/pribehy\/ako-surodenci-a-kasko-privolavali-dazd-v-stratenom-meste\/#breadcrumb"},"inLanguage":"hu","potentialAction":[{"@type":"ReadAction","target":["https:\/\/www.haravara.sk\/pribehy\/ako-surodenci-a-kasko-privolavali-dazd-v-stratenom-meste\/"]}]},{"@type":"ImageObject","inLanguage":"hu","@id":"https:\/\/www.haravara.sk\/pribehy\/ako-surodenci-a-kasko-privolavali-dazd-v-stratenom-meste\/#primaryimage","url":"https:\/\/www.haravara.sk\/wp-content\/uploads\/2022\/07\/Haravara-pribehove-ilustracie-FB-55.png","contentUrl":"https:\/\/www.haravara.sk\/wp-content\/uploads\/2022\/07\/Haravara-pribehove-ilustracie-FB-55.png","width":1200,"height":628},{"@type":"BreadcrumbList","@id":"https:\/\/www.haravara.sk\/pribehy\/ako-surodenci-a-kasko-privolavali-dazd-v-stratenom-meste\/#breadcrumb","itemListElement":[{"@type":"ListItem","position":1,"name":"Domov","item":"https:\/\/www.haravara.sk\/"},{"@type":"ListItem","position":2,"name":"Pr\u00edbehy","item":"https:\/\/www.haravara.sk\/pribehy\/"},{"@type":"ListItem","position":3,"name":"Ako s\u00farodenci a\u00a0Ka\u0161ko privol\u00e1vali d\u00e1\u017e\u010f v\u00a0stratenom meste\u00a0"}]},{"@type":"WebSite","@id":"https:\/\/www.haravara.sk\/#website","url":"https:\/\/www.haravara.sk\/","name":"HARAVARA","description":"Objav detsk\u00fd svet v Ko\u0161ickom kraji","publisher":{"@id":"https:\/\/www.haravara.sk\/#organization"},"potentialAction":[{"@type":"SearchAction","target":{"@type":"EntryPoint","urlTemplate":"https:\/\/www.haravara.sk\/?s={search_term_string}"},"query-input":{"@type":"PropertyValueSpecification","valueRequired":true,"valueName":"search_term_string"}}],"inLanguage":"hu"},{"@type":"Organization","@id":"https:\/\/www.haravara.sk\/#organization","name":"Haravara","url":"https:\/\/www.haravara.sk\/","logo":{"@type":"ImageObject","inLanguage":"hu","@id":"https:\/\/www.haravara.sk\/#\/schema\/logo\/image\/","url":"https:\/\/www.haravara.sk\/wp-content\/uploads\/2021\/04\/LOGO-LandingPage.png","contentUrl":"https:\/\/www.haravara.sk\/wp-content\/uploads\/2021\/04\/LOGO-LandingPage.png","width":832,"height":618,"caption":"Haravara"},"image":{"@id":"https:\/\/www.haravara.sk\/#\/schema\/logo\/image\/"},"sameAs":["https:\/\/www.facebook.com\/haravara.detsky.svet"]}]}},"_links":{"self":[{"href":"https:\/\/www.haravara.sk\/hu\/wp-json\/wp\/v2\/pribehy\/19230","targetHints":{"allow":["GET"]}}],"collection":[{"href":"https:\/\/www.haravara.sk\/hu\/wp-json\/wp\/v2\/pribehy"}],"about":[{"href":"https:\/\/www.haravara.sk\/hu\/wp-json\/wp\/v2\/types\/pribehy"}],"version-history":[{"count":3,"href":"https:\/\/www.haravara.sk\/hu\/wp-json\/wp\/v2\/pribehy\/19230\/revisions"}],"predecessor-version":[{"id":19713,"href":"https:\/\/www.haravara.sk\/hu\/wp-json\/wp\/v2\/pribehy\/19230\/revisions\/19713"}],"wp:featuredmedia":[{"embeddable":true,"href":"https:\/\/www.haravara.sk\/hu\/wp-json\/wp\/v2\/media\/19385"}],"wp:attachment":[{"href":"https:\/\/www.haravara.sk\/hu\/wp-json\/wp\/v2\/media?parent=19230"}],"wp:term":[{"taxonomy":"category","embeddable":true,"href":"https:\/\/www.haravara.sk\/hu\/wp-json\/wp\/v2\/categories?post=19230"}],"curies":[{"name":"wp","href":"https:\/\/api.w.org\/{rel}","templated":true}]}}