{"id":19245,"date":"2022-07-06T23:41:10","date_gmt":"2022-07-06T22:41:10","guid":{"rendered":"https:\/\/www.haravara.sk\/?post_type=pribehy&#038;p=19245"},"modified":"2025-06-27T23:06:45","modified_gmt":"2025-06-27T22:06:45","slug":"ako-zhanali-pre-maxa-rytiersky-odev","status":"publish","type":"pribehy","link":"https:\/\/www.haravara.sk\/hu\/pribehy\/ako-zhanali-pre-maxa-rytiersky-odev\/","title":{"rendered":"Hogyan lett Maxinak lovagi p\u00e1nc\u00e9lja"},"content":{"rendered":"<div style=\"height:39px\" aria-hidden=\"true\" class=\"wp-block-spacer\"><\/div>\n\n\n\n<p class=\"has-drop-cap\">Odakint gy\u00f6ny\u00f6r\u0171en s\u00fct\u00f6tt a nap, Maxi \u00e9s Maja, vagyis ink\u00e1bb csak Maja a kedvenc k\u00f6nyveit olvasta.  Igen, t\u00f6bbet is, mert Maja egy k\u00f6nyvmoly volt, egyszerre t\u00f6bb k\u00f6nyvet is szokott olvasni.&nbsp;<\/p>\n\n\n\n<p>Az egyikb\u0151l elolvasott egy verset, a m\u00e1sikb\u00f3l egy r\u00f6vid elbesz\u00e9l\u00e9st, most pedig arr\u00f3l \u00e1radozott, milyen sz\u00e9pen \u00edrtak r\u00e9gen, amikor festett\u00e9k a bet\u0171ket....\u00e9s akkor egyszer csak bumm!<\/p>\n\n\n\n<p>Maja odafordult \u00e9s l\u00e1tta, hogy Maxi \u00e9ppen a f\u00f6ldh\u00f6z v\u00e1gta a lovagokr\u00f3l sz\u00f3l\u00f3 f\u00fczetet.<\/p>\n\n\n\n<p>\u201eMi t\u00f6rt\u00e9nt?\u201c k\u00e9rdezte Maja f\u00e9l\u00e9nken, b\u00e1tyja arc\u00e1t vizsg\u00e1lva.<\/p>\n\n\n\n<p>\u201eSemmi, csak azon j\u00e1rt az eszem, hogy \u00e9n tulajdonk\u00e9ppen lovag vagyok \u00e9s ....\u201c<\/p>\n\n\n\n<p>\u201eIgaz, hiszen Kir\u00e1lyhelmecen Haravara Birodalom lovagj\u00e1v\u00e1 \u00fct\u00f6ttek Haravara r\u00e9gi kir\u00e1lyai.\u201c<\/p>\n\n\n\n<p>\u201e\u00c9s az\u00f3ta egyszer sem volt rajtam p\u00e1nc\u00e9l \u00e9s nem is vittem v\u00e9ghez semmi lovagiasat,\u201c morfond\u00edrozott Maxi.<\/p>\n\n\n\n<p>\u201eDe neked nincs is p\u00e1nc\u00e9lod.\u201c<\/p>\n\n\n\n<p>\u201eH\u00e1t \u00e9ppen ez az,\u201c szomorodott el Maxi m\u00e9g jobban.<\/p>\n\n\n\n<p>\u201eMert nincs is r\u00e1 sz\u00fcks\u00e9ged,\u201c pr\u00f3b\u00e1lta vigasztalni a kish\u00faga.<\/p>\n\n\n\n<p>\u201e\u00c9s eml\u00e9kszel, mit \u00edg\u00e9rtem Haravara kir\u00e1lyainak?\u201c fordult Maxi a kisl\u00e1ny fel\u00e9.<\/p>\n\n\n\n<p>\u201eHogy az id\u0151k v\u00e9gezet\u00e9ig v\u00e9delmezed Haravar\u00e1t.\u201c<\/p>\n\n\n\n<p>\u201e\u00dagy van! De hogyan v\u00e9delmezzem, ha m\u00e9g p\u00e1nc\u00e9lom sincs?\u201c n\u00e9zett ki Maxi lovag az ablakon.<\/p>\n\n\n\n<p>\u201eAkkor k\u00e9sz\u00edts\u00fcnk!\u201c javasolta Maja.<\/p>\n\n\n\n<p>Ezen egy kicsit elgondolkodtak \u00e9s akkor egy kopog\u00e1st hallottak az ablak\u00fcvegen.<\/p>\n\n\n\n<p>\u201eKask\u00f3!\u201c ki\u00e1ltott fel Maxi \u00f6r\u00f6mmel.<\/p>\n\n\n\n<p>\u201e\u00c9pp a legjobbkor j\u00f6ssz,\u201c nyitotta ki Maja az ablakot.<\/p>\n\n\n\n<p>\u201eNocsak, nocsak, mif\u00e9le \u00fcdv\u00f6zl\u00e9s ez?\u201c csod\u00e1lkozott Kask\u00f3 \u00e9s k\u00f6r\u00fcln\u00e9zett a szob\u00e1ban, nem t\u00f6rt\u00e9nt-e valami.<\/p>\n\n\n\n<p>\u201eJ\u00f3, hogy itt vagy, a seg\u00edts\u00e9gedre lesz sz\u00fcks\u00e9g\u00fcnk.\u201c<\/p>\n\n\n\n<p>\u201eHmm... figyelek.\u201c<\/p>\n\n\n\n<p>\u201eVagyis nem nek\u00fcnk, ink\u00e1bb Haravara birodalom lovagj\u00e1nak kell a seg\u00edts\u00e9g,\u201c helyesb\u00edtett Maja.<\/p>\n\n\n\n<p>\u201eAkkor ez valami komoly dolog,\u201c Kask\u00f3 figyelmesen n\u00e9zett \u00e9s az \u00e1gyra \u00fclt.<\/p>\n\n\n\n<p>\u201eBizony, ez komoly,\u201c kezdte Maxi elkeseredetten.<\/p>\n\n\n\n<p>\u201eHalljuk h\u00e1t,\u201c n\u00e9zett a szellem a lovag szem\u00e9be.<\/p>\n\n\n\n<p>\u201eP\u00e1nc\u00e9lra lenne sz\u00fcks\u00e9gem.\u201c<\/p>\n\n\n\n<p>\u201eP\u00e1nc\u00e9lra?\u201c<\/p>\n\n\n\n<p>\u201eIgen, p\u00e1nc\u00e9lra,\u201c ism\u00e9telte Maxi.<\/p>\n\n\n\n<p>\u201eAkkor vegy\u00e9l magadnak, menj el egy j\u00e1t\u00e9kboltba vagy egy jelmezboltba\u201c, Kask\u00f3 nem \u00e9rtette, mi\u00e9rt lenne ez akkora gond.<\/p>\n\n\n\n<p>\u201eDe \u00e9n egy igazi p\u00e1nc\u00e9lt szeretn\u00e9k.\u201c<\/p>\n\n\n\n<p>\u201eAzt meg minek?\u201c Kask\u00f3 tov\u00e1bbra sem \u00e9rtette, de az\u00e9rt kin\u00e9zett az ablakon, h\u00e1tha csak lemaradt valamir\u0151l \u00e9s odakint lovagok gy\u00fclekeznek.<\/p>\n\n\n\n<p>\u201eMert ha megkeresn\u00e9nek Haravara kir\u00e1lyai, akik lovagg\u00e1 \u00fct\u00f6ttek...\u201c<\/p>\n\n\n\n<p>\u201eAkkor seg\u00edtened kell Haravar\u00e1nak,\u201c jutott Kask\u00f3 esz\u00e9be.<\/p>\n\n\n\n<p>\u201eKardot kaptam, de p\u00e1nc\u00e9lt nem.\u201c<\/p>\n\n\n\n<p>\u201eEz igaz.\u201c<\/p>\n\n\n\n<p>\u201eNa l\u00e1tod!\u201c<\/p>\n\n\n\n<p>\u201eDe mivel te m\u00e9g fiatal vagy, k\u00f6nny\u0171 p\u00e1nc\u00e9lra lenne sz\u00fcks\u00e9ges, ami az\u00e9rt el\u00e9g kem\u00e9ny ahhoz, hogy megv\u00e9djen a kardok t\u00e1mad\u00e1s\u00e1t\u00f3l.\u201c<\/p>\n\n\n\n<p>\u201eTudsz ilyenr\u0151l?\u201c n\u00e9zett Maxi k\u00e9rd\u0151n Kask\u00f3ra.<\/p>\n\n\n\n<p>\u201e\u00c9n nem, de Haravara r\u00e9gi titkos irataiban biztosan tal\u00e1lunk valamit.\u201c<\/p>\n\n\n\n<p>\u201eHur\u00e1\u00e1\u00e1\u00e1!\u201c Maja azonnal a csomagol\u00e1shoz l\u00e1tott. \u201eR\u00e9gi iratok \u00e9s \u00faj kalandok \u2013 ez azt\u00e1n a nekem val\u00f3!\u201c<\/p>\n\n\n\n<p>\u201e\u00c9s hov\u00e1 fogunk menni?\u201c<\/p>\n\n\n\n<p>\u201eA Holt-tengerhez,\u201c jelentette ki Kask\u00f3 hat\u00e1rozottan \u00e9s m\u00e1r indult is.<\/p>\n\n\n\n<p>\u201eHogy hov\u00e1?\u201c Maja abbahagyta a k\u00e9sz\u00fcl\u0151d\u00e9st \u00e9s vissza\u00fclt az \u00e1gyra.<\/p>\n\n\n\n<p>\u201eA Holt-tengerhez,\u201c ism\u00e9telte Kask\u00f3 lassan.<\/p>\n\n\n\n<p>\u201eDe az nem Haravar\u00e1ban van, hanem Izraelben.\u201c<\/p>\n\n\n\n<p>\u201e\u00c9s mit\u0151l \u00e9rdekes a Holt-tenger?\u201c tette fel a tan\u00e1ri k\u00e9rd\u00e9st Kask\u00f3.<\/p>\n\n\n\n<p>\u201eAz a vil\u00e1g legalacsonyabban fekv\u0151 pontja,\u201c id\u00e9zte fel Maxi.<\/p>\n\n\n\n<p>\u201eIgen, \u00e9s m\u00e9g?\u201c<\/p>\n\n\n\n<p>\u201e\u00c9n tudom!\u201c Maja elfelejtette, hogy otthon vannak \u00e9s a kez\u00e9t feltartva jelentkezett. \u201eOtt tal\u00e1lt\u00e1k meg a titkos holt-tengeri tekercseket!\u201c<\/p>\n\n\n\n<p>\u201ePssszt \u2013 gyertek k\u00f6zelebb,\u201c h\u00fazta mag\u00e1hoz a gyerekeket Kask\u00f3.<\/p>\n\n\n\n<p>\u201eHallgatunk,\u201c b\u00f3lintottak.<\/p>\n\n\n\n<p>\u201eN\u00e1lunk, Haravar\u00e1ban is van egy legalacsonyabban fekv\u0151 pont,\u201c folytatta Kask\u00f3.<\/p>\n\n\n\n<p>\u201e\u00c9s r\u00e9gi iratok is vannak ott?\u201c ragyott fel Maja szeme.<\/p>\n\n\n\n<p>\u201eMinden orsz\u00e1gban van egy ilyen hely, csak nem besz\u00e9lnek r\u00f3la.\u201c<\/p>\n\n\n\n<p>\u201eMi\u00e9rt?\u201c<\/p>\n\n\n\n<p>\u201eMert akkor az emberek mind odamenn\u00e9nek, \u00e1sni kezden\u00e9nek \u00e9s h\u00e1t, lehet, hogy t\u00fal m\u00e9lyre is \u00e1sn\u00e1nak.\u201c<\/p>\n\n\n\n<p>Maxi \u00e9s Maja gyorsan \u00f6sszecsomagoltak \u00e9s elindultak a vonat\u00e1llom\u00e1sra. Felsz\u00e1lltak a Tiszacserny\u0151 fel\u00e9 tart\u00f3 vonatra, de m\u00e1r Bodrogszerdahelyen lesz\u00e1lltak.<\/p>\n\n\n\n<p>\u201e\u00c9s most merre?\u201c<\/p>\n\n\n\n<p>\u201eMivel ilyen sz\u00e9p id\u0151nk van, s\u00e9t\u00e1ljunk egyet!,\u201c javasolta Kask\u00f3, aki a s\u00e9t\u00e1t \u00fagy \u00e9rtelmezte, hogy \u0151 repked a s\u00e9t\u00e1l\u00f3 bar\u00e1tai feje felett.<\/p>\n\n\n\n<p>\u201eS\u00e9t\u00e1ljunk?\u201c<\/p>\n\n\n\n<p>\u201e\u00dch\u00fcm. \u00c9s am\u00edg s\u00e9t\u00e1lunk, \u00e9n m\u00e9g \u00e1tfutom Haravara titkos iratait, amiket m\u00e1r vagy ...352 \u00e9ve nem olvastam.\u201c<\/p>\n\n\n\n<p>\u201eH\u0171ha, akkor ink\u00e1bb nem is zavarunk.\u201c<\/p>\n\n\n\n<p>Maxi \u00e9s Maja poros f\u00f6ldutakon \u00e9s erdei \u00f6sv\u00e9nyeken haladtak, ahogy az egy igazi kir\u00e1ndul\u00e1shoz illik, Kask\u00f3 pedig felett\u00fck rep\u00fclt. \u00dagy t\u0171nt, m\u00e9g az utat sem figyeli, mert k\u00f6zben a titkos iratok bet\u0171it ism\u00e9telgette.<\/p>\n\n\n\n<p>\u201e\u00c1llj!\u201c jelentette ki Kask\u00f3.<\/p>\n\n\n\n<p>\u201eMeg\u00e9rkezt\u00fcnk?\u201c suttogta Maja.<\/p>\n\n\n\n<p>\u201eMajdnem.\u201c<\/p>\n\n\n\n<p>\u201eEz mif\u00e9le falu?\u201c<\/p>\n\n\n\n<p>\u201eBodrogsz\u00f6g.\u201c<\/p>\n\n\n\n<p>\u201eEz az a legalacsonyabban fekv\u0151 pont?\u201c Maja k\u00f6zben m\u00e1r egy kolostor ut\u00e1n kutatott a szem\u00e9vel.<\/p>\n\n\n\n<p>\u201eNem, de itt van a k\u00f6zelben az a hely, amely Haravara \u00e9s a k\u00f6rnyez\u0151 birodalmak legalacsonyabban fekv\u0151 pontja..\u201c<\/p>\n\n\n\n<p>\u201eAkkor gyer\u00fcnk!\u201c<\/p>\n\n\n\n<p>Egy kis barangol\u00e1s ut\u00e1n eljutottak egy helyre, ami egy\u00e1ltal\u00e1n nem hasonl\u00edtott a Holt-tengerre. Egy gy\u00f6ny\u00f6r\u0171 r\u00e9tre \u00e9rtek, amelynek a k\u00f6zep\u00e9n valami horpad\u00e1s volt.<\/p>\n\n\n\n<p>\u201eTess\u00e9k, ez az.\u201c<\/p>\n\n\n\n<p>\u201eItt vannak a titkos iratok?\u201c Maja nem igaz\u00e1n hitt a szem\u00e9nek.<\/p>\n\n\n\n<p>\u201eDe m\u00e9g mennyire,\u201c mosolygott Kask\u00f3 rejt\u00e9lyesen.<\/p>\n\n\n\n<p>\u201eCsak biztos falevelekre vannak \u00edrva,\u201c s\u00fagta Maxi f\u00fcl\u00e9be Maja.<\/p>\n\n\n\n<p>\u201eIgen, val\u00f3sz\u00edn\u0171leg a hangy\u00e1k \u00edrt\u00e1k,\u201c kontr\u00e1zott Maxi.<\/p>\n\n\n\n<p>Kask\u00f3 k\u00f6zelebb ment a r\u00e9t k\u00f6zep\u00e9hez \u00e9s egyszercsak n\u00e9gy szellem \u2013 lovagok vett\u00e9k k\u00f6r\u00fcl.<\/p>\n\n\n\n<p>\u201eMit csin\u00e1lsz, itt, te kicsi szellem?\u201c k\u00e9rdezte az egyik\u00fck.<\/p>\n\n\n\n<p>\u201e\u00c9n nem egy kicsi szellem vagyok, a nevem Kask\u00f3, a szellem,\u201c v\u00e1laszolta.<\/p>\n\n\n\n<p>Maja \u00e9s Maxi a l\u00e9legzet\u00fcket visszafojtva figyeltek.<\/p>\n\n\n\n<p>\u201eEz a szellemek titkos helye \u00e9s te embereket hozt\u00e1l ide?\u201c h\u00fazt\u00e1k el\u0151 a lovagok a kardjukat.<\/p>\n\n\n\n<p>\u201eDe hiszen ide emberek is j\u00e1rnak,\u201c sz\u00f3lalt meg Maxi.<\/p>\n\n\n\n<p>\u201eIgen, de csak s\u00e9t\u00e1lni, kir\u00e1ndulni \u00e9s piknikezni!\u201c<\/p>\n\n\n\n<p>\u00c9s a szellemek felemlegett\u00e9k a piknikez\u0151 embereket \u00e9s l\u00e1tszott, hogy sz\u00edvesen gondolnak vissza azokra az id\u0151kre, amikor m\u00e9g lovagok voltak \u00e9s lakom\u00e1kra j\u00e1rhattak.<\/p>\n\n\n\n<p>\u201eEln\u00e9z\u00e9st,\u201c sz\u00f3lalt meg Maxi f\u00e9l\u00e9nken, \u201eKask\u00f3 nem tehet semmir\u0151l.\u201c<\/p>\n\n\n\n<p>\u201eKask\u00f3?\u201c k\u00e9rdezte az egyik szellem.<\/p>\n\n\n\n<p>\u201e\u00c9n vagyok az, Haravara birodalom szelleme.\u201c<\/p>\n\n\n\n<p>\u201e\u00c1, m\u00e1r hallottunk r\u00f3lad... Te l\u00e1tsz minket?\u201c n\u00e9ztek a szellemek most Maxira, hitetlenkedve.<\/p>\n\n\n\n<p>\u201eA nevem Max, vagyis Els\u0151 Max, akit Haravara r\u00e9gi kir\u00e1lyai \u00fct\u00f6ttek Haravara lovagj\u00e1v\u00e1..\u201c<\/p>\n\n\n\n<p>\u201ePillanat, leellen\u0151rizz\u00fck.\u201c<\/p>\n\n\n\n<p>Erre az egyik szellem elrep\u00fclt \u00e9s nemsok\u00e1ra visszaj\u00f6tt.<\/p>\n\n\n\n<p>\u201eIgaza van.\u201c<\/p>\n\n\n\n<p>\u201eAkkor mit k\u00edv\u00e1nsz, Max lovag?\u201c k\u00e9rdezt\u00e9k a szellemek \u00e9s elrakt\u00e1k a kardjaikat.<\/p>\n\n\n\n<p>\u201eSzeretn\u00e9k magamnak lovagi p\u00e1nc\u00e9lt k\u00e9sz\u00edteni, olyat ami k\u00f6nny\u0171, de ellen\u00e1ll\u00f3.\u201c<\/p>\n\n\n\n<p>\u201e\u00c9s nekem az jutott az eszembe, hogy a r\u00e9gi iratokban tal\u00e1lhatn\u00e1nk valami \u00fatmutat\u00f3t,\u201c eg\u00e9sz\u00edtette ki Kask\u00f3 Maxi szavait.<\/p>\n\n\n\n<p>\u201eCsakhogy a r\u00e9gi lovagi irattekercsek nem itt vannak, hanem Stonehenge-ben.\u201c<\/p>\n\n\n\n<p>\u201eHurr\u00e1, Angli\u00e1ba megy\u00fcnk!\u201c ki\u00e1ltott fel Maja \u00e9s csak ut\u00e1n kapott \u00e9szbe, hogy ezzel el\u00e1rulta mag\u00e1t.<\/p>\n\n\n\n<p>\u201e\u00c9n a lovag testv\u00e9re vagyok, Haravara birodalom hercegn\u0151je.\u201c<\/p>\n\n\n\n<p>\u201eTi m\u00e9g r\u00f6vid ideje \u00e9ltek Haravar\u00e1ban, ez\u00e9rt nem tudhatj\u00e1tok, hogy itt is van egy Stonehenge.\u201c<\/p>\n\n\n\n<p>\u201eNah\u00e1t...\u201c<\/p>\n\n\n\n<p>\u201eTudom, hol van,\u201c s\u00fagta oda Kask\u00f3 \u00e9s m\u00e1r \u00e1t is ny\u00fajtotta nekik a k\u00f6z\u00f6ns\u00e9ges r\u00f6ptet\u0151f\u0171 leveleit.<\/p>\n\n\n\n<p>\u201eK\u00f6sz\u00f6n\u00f6m!\u201c ki\u00e1ltotta Kask\u00f3 \u00e9s mire ezt kimondta, m\u00e1r egy r\u00e9gi v\u00e1rrom el\u0151tt \u00e1lltak.<\/p>\n\n\n\n<p>\u201eMi jut eszetekbe r\u00f3la?\u201c<\/p>\n\n\n\n<p>\u201eHmm... vil\u00e1gos \u2013 k\u0151oszlopok \u00e9s bel\u00fcl egy nagy t\u00e9r!\u201c<\/p>\n\n\n\n<p>\u201eEz lenne a Stonehenge?\u201c n\u00e9ztek k\u00f6r\u00fcl a gyerekek \u00e9s a druid\u00e1kat kerest\u00e9k.<\/p>\n\n\n\n<p>\u201eEz itt, k\u00e9rem sz\u00e9pen, Nagyk\u00f6vesd v\u00e1ra,\u201c mutatott Kask\u00f3 a dombon \u00e1ll\u00f3 romokra.<\/p>\n\n\n\n<p>\u201eDe mi\u00e9rt hozt\u00e1k pont ide a titkos iratokat?\u201c Maja nem \u00e9rtette.<\/p>\n\n\n\n<p>\u201eSzerintem egy\u00e9rtelm\u0171.\u201c<\/p>\n\n\n\n<p>\u201eIgaz\u00e1n?\u201c b\u00e1mult Kask\u00f3ra Maxi \u00e9s Maja is.<\/p>\n\n\n\n<p>\u201e\u00dch\u00fcm.\u201c<\/p>\n\n\n\n<p>\u201eAz\u00e9rt mert ez olyan rejt\u00e9lyesen n\u00e9z ki?\u201c pr\u00f3b\u00e1lkozott Maxi.<\/p>\n\n\n\n<p>\u201eNem, de itt valaha t\u00e9nyleg egy jelent\u0151s v\u00e1r \u00e1llt, m\u00e1r vagy 700 \u00e9ve, vagy m\u00e9g r\u00e9gebben.\u201c<\/p>\n\n\n\n<p>\u201eH\u0171,\u201c a gyerekek most m\u00e1r m\u00e1s szemmel csod\u00e1lt\u00e1k meg a valamikori v\u00e1rfalakat.<\/p>\n\n\n\n<p>\u201eEzt a v\u00e1rat k\u00f6zel 600 \u00e9ve egy h\u00edres harcos vette be, Giszkra J\u00e1nos.\u201c<\/p>\n\n\n\n<p>\u201eR\u00f3la tanultunk t\u00f6ri\u00f3r\u00e1n,\u201c jelentkezett Maja.<\/p>\n\n\n\n<p>\u201eGiszkra ebben a v\u00e1rban \u00e1llom\u00e1sozott a sereg\u00e9vel \u00e9s innen ind\u00edtotta t\u00e1mad\u00e1sait eg\u00e9sz Haravar\u00e1ba, s\u0151t annak hat\u00e1rain t\u00falra is.\u201c<\/p>\n\n\n\n<p>\u201eSz\u00f3val itt igazi lovagok voltak,\u201c mondta Maxi izgatottan.<\/p>\n\n\n\n<p>\u201eAhogy mondod, igazi lovagok, igazi p\u00e1nc\u00e9lban,\u201c b\u00f3logatott Kask\u00f3.<\/p>\n\n\n\n<p>\u201e\u00c9s azt\u00e1n m\u00e9g egy hadvez\u00e9r \u00e9rkezett a v\u00e1rba, Hunyadi J\u00e1nos,\u201c mes\u00e9lt tov\u00e1bb Kask\u00f3.<\/p>\n\n\n\n<p>\u201eR\u00f3la is tanultunk,\u201c jegyezte meg Maja.<\/p>\n\n\n\n<p>\u201e\u00c9s \u0151k ketten, mivel egym\u00e1s ellen harcol\u00f3 csapatok vezet\u0151i voltak, b\u00e9k\u00e9t k\u00f6t\u00f6ttek itt.\u201c<\/p>\n\n\n\n<p>\u201eEz igen, sz\u00f3val ez egy t\u00f6rt\u00e9nelmi hely!\u201c<\/p>\n\n\n\n<p>\u201eBizony! \u00c9s pont ez\u00e9rt hozt\u00e1k ide a titkos katonai iratokat. De hol lehetnek?\u201c Maja k\u00f6r\u00fcln\u00e9zett, h\u00e1tha felfedez valamit, ami hasonl\u00edt a hol-tengeri barlangokhoz.<\/p>\n\n\n\n<p>\u201ePillanat...\u201c Kask\u00f3 olyannyira er\u0151ltette az agy\u00e1t, hogy g\u0151z sz\u00e1llt fel a fej\u00e9b\u0151l, a gyerekek szinte m\u00e1r att\u00f3l f\u00e9ltek, megf\u0151.<\/p>\n\n\n\n<p>\u201eH\u00e1t persze! Bodrogsz\u00f6gben az iratok a legalacsonyabb ponton voltak \u2013 akkor itt is \u00fagy lesz.\u201c<\/p>\n\n\n\n<p>\u201e\u00c9s melyik az a hely?\u201c<\/p>\n\n\n\n<p>\u201eOtt, k\u00f6z\u00e9pen. L\u00e1tod azt a g\u00f6dr\u00f6t?\u201c<\/p>\n\n\n\n<p>\u201eH\u00e1t a g\u00f6d\u00f6r nem \u00e9pp ilyen,\u201c b\u00f6kte ki Maja, aki m\u00e9g mindig azokra a barlangokra gondolt.<\/p>\n\n\n\n<p>\u201eDe valaha r\u00e9gen, ez egy g\u00f6d\u00f6r volt.\u201c<\/p>\n\n\n\n<p>\u201eNem \u00e9rtj\u00fck, hov\u00e1 akarsz kilyukadni,\u201c a testv\u00e9rek hi\u00e1ba pr\u00f3b\u00e1lt\u00e1k megl\u00e1tni, amit a szellemfi\u00fa mutat nekik.<\/p>\n\n\n\n<p>\u201eEz volt valaha a v\u00e1r v\u00edztart\u00e1lya, az iratok biztos benne lesznek,\u201c ezzel Kask\u00f3 elindult a r\u00e9gi tart\u00e1ly fel\u00e9.<\/p>\n\n\n\n<p>Kask\u00f3 k\u00fcl\u00f6nf\u00e9le var\u00e1zsig\u00e9ket kezdett mormolni, azt\u00e1n esz\u00e9be jutott egy r\u00e9gi dal a lovagokr\u00f3l \u00e9s \u00e9nekelni kezdett. A gyerekek el\u0151kapt\u00e1k a hangszereiket \u00e9s csatlakoztak.<\/p>\n\n\n\n<p>Ekkor a f\u00f6ld egyszer beomlott alattuk \u00e9s hirtelen egy barlangba pottyantak, ahol nagyon sok r\u00e9gi k\u00f6nyv \u00e9s irat volt.<\/p>\n\n\n\n<p>\u201eSz\u00e1momra ez a paradicsom,\u201c suttogta Maja.<\/p>\n\n\n\n<p>\u201eNekem meg a r\u00e9m\u00e1lmom,\u201c mondta Maxi elk\u00e9pedve.<\/p>\n\n\n\n<p>Mik\u00f6zben Kask\u00f3 a lovagi p\u00e1nc\u00e9lokr\u00f3l keresett egy iratot, Maxi is \u00fagy tett, mintha keresne valamit, Maja pedig egym\u00e1s ut\u00e1n vette kez\u00e9be a r\u00e9gi lapokat \u00e9s a gy\u00f6ny\u00f6r\u0171, festett bet\u0171ket csod\u00e1lta rajtuk.<\/p>\n\n\n\n<p>\u201eItt is van!\u201c emelte a feje f\u00f6l\u00e9 Kask\u00f3 gy\u0151zedelmesen az egyik r\u00e9gi tekercset, amelyre egy lovon \u00fcl\u0151 lovagot festettek.<\/p>\n\n\n\n<p>\u201eMondd m\u00e1r, mi van benne?\u201c k\u00e9rdezte l\u00e9legzetvisszafojtva Maxi.<\/p>\n\n\n\n<p>\u201ePillanat....no de ilyet!\u201c Kask\u00f3nak majd kiesett a szeme.<\/p>\n\n\n\n<p class=\"translation-block\">\u201eMilyet?\u201c<\/p>\n\n\n\n<p>\u201eItt azt \u00edrj\u00e1k, hogy Haravar\u00e1ban tal\u00e1lhat\u00f3 a leger\u0151sebb p\u00e1nc\u00e9l \u2013 amely a haravarai tekn\u0151s p\u00e1nc\u00e9lj\u00e1b\u00f3l k\u00e9sz\u00fcl.\u201c<\/p>\n\n\n\n<p>\u201eHogy mib\u0151l?\u201c Maxi \u00e9s Maja egy\u00e1ltal\u00e1n nem \u00e9rtett\u00e9k.<\/p>\n\n\n\n<p>\u201eA haravarai tekn\u0151s p\u00e1nc\u00e9lj\u00e1b\u00f3l, ism\u00e9telte meg Kask\u00f3.<\/p>\n\n\n\n<p>\u201eMost akkor menj\u00fcnk el egy \u00e1llatkertbe, fogjunk egy tekn\u0151st \u00e9s fosszuk meg a p\u00e1nc\u00e9lj\u00e1t\u00f3l?\u201c k\u00e9rdezte Maxi \u00e9rtetlen\u00fcl.<\/p>\n\n\n\n<p>\u201eArr\u00f3l sz\u00f3 sem lehet!\u201c gurult d\u00fchbe Maja, \u201eSemmif\u00e9le tekn\u0151st nem fogunk a p\u00e1nc\u00e9lj\u00e1t\u00f3l megfosztani!\u201c<\/p>\n\n\n\n<p>\u201eAkkor hogy jussunk ilyesmihez?\u201c<\/p>\n\n\n\n<p>\u201eHaravar\u00e1ban van egy hely, a neve Tajba.\u201c<\/p>\n\n\n\n<p>\u201e\u00c9s ott vannak a tekn\u0151s\u00f6k?\u201c nevettek a testv\u00e9rek \u00e9s a homlokukat b\u00f6kd\u00f6st\u00e9k.<\/p>\n\n\n\n<p>\u201eEz az egyetlen Haravar\u00e1ban, ahol a tekn\u0151s\u00f6k szabadon \u00e9lnek.\u201c<\/p>\n\n\n\n<p>\u201eSr\u00e1cok, egy igazi lovag soha sem venn\u00e9 el a tekn\u0151st\u0151l a p\u00e1nc\u00e9lj\u00e1t,\u201c Maja tov\u00e1bbra is r\u00e1ncolta a homlok\u00e1t.<\/p>\n\n\n\n<p>\u201eIlyet \u00e9n sem tenn\u00e9k.\u201c<\/p>\n\n\n\n<p>\u201eAkkor hogy jutunk hozz\u00e1?\u201c k\u00e9rdezte Max kiss\u00e9 nyugtalanul.<\/p>\n\n\n\n<p>\u201e\u00c9vezredekkel ezel\u0151tt itt \u00e9lt ennek a tekn\u0151snek az el\u0151dje.\u201c<\/p>\n\n\n\n<p class=\"translation-block\">\u201eA nagy el\u0151dtekn\u0151s?\u201c Maxi megpr\u00f3b\u00e1lkozott egy k\u00e9ts\u00e9gbeesett viccel.<\/p>\n\n\n\n<p>\u201eA haravarai tekn\u0151s.\u201c<\/p>\n\n\n\n<p>\u201eVagy \u00fagy.\u201c<\/p>\n\n\n\n<p>\u201e\u00c9s \u0151 volt az \u0151se mindazoknak a mocs\u00e1ri tekn\u0151s\u00f6knek, amelyek ma a Tajb\u00e1n \u00e9lnek.\u201c<\/p>\n\n\n\n<p>\u201e\u00c9s \u0151 is ott \u00e9l m\u00e9g?\u201c<\/p>\n\n\n\n<p>\u201e\u0150 m\u00e1r nem, de itt hagyott egy p\u00e1nc\u00e9lt, amely....\u201c Kask\u00f3 \u00fajra belen\u00e9zett az iratba, \u201e...itt sz\u00f3 szerint az \u00e1ll, hogy: Haravara lovagj\u00e1ra v\u00e1r, akinek a seg\u00edts\u00e9g\u00e9re lesz sz\u00fcks\u00e9ge.\u201c<\/p>\n\n\n\n<p>\u201eDe hiszen az \u00e9n vagyok!\u201c ragyogott fel Maxi szeme.<\/p>\n\n\n\n<p>\u201eAkkor menj\u00fcnk, mire v\u00e1runk m\u00e9g?\u201c \u00e1llt fel Maja.<\/p>\n\n\n\n<p>A kis csapat teh\u00e1t \u00fatnak indult, vissza Bodrogszerdahelyre, onnan pedig a Tajb\u00e1ra.<\/p>\n\n\n\n<p>\u201eDe Kask\u00f3, ez itt egy mocs\u00e1r!\u201c<\/p>\n\n\n\n<p>\u201eMi\u00e9rt, mit gondolt\u00e1l, hol \u00e9l egy mocs\u00e1ri tekn\u0151s?\u201c<\/p>\n\n\n\n<p>\u201eDe hogy ker\u00fclt ide a mocs\u00e1r?\u201c<\/p>\n\n\n\n<p>\u201eEz a v\u00edz, ez a Bodrog vize.\u201c<\/p>\n\n\n\n<p>\u201eDe hiszen itt nincs is foly\u00f3,\u201c n\u00e9ztek k\u00f6r\u00fcl a gyerekek.<\/p>\n\n\n\n<p>\u201eA foly\u00f3 a k\u00f6zelben van \u00e9s ez itt a holt\u00e1ga.\u201c<\/p>\n\n\n\n<p>\u201eEz nem is \u00e1g, hanem sokkal ink\u00e1bb egy t\u00f3 \u00e9s egy mocs\u00e1r. A Bodrog foly\u00e1sa f\u00f6ldet \u00e9s hordal\u00e9kot hozott mag\u00e1val, \u00e9s a sz\u00e9l is hozz\u00e1j\u00e1rult ahhoz, hogy n\u00e9h\u00e1ny \u00e9ven bel\u00fcl....\u201c<\/p>\n\n\n\n<p>\u201eKett\u0151?\u201c<\/p>\n\n\n\n<p>\u201eVagy ink\u00e1bb n\u00e9h\u00e1ny ezer \u00e9v eltelt\u00e9vel egy t\u00f3 \u00e9s a mocs\u00e1r alakult ki.\u201c<\/p>\n\n\n\n<p>\u201e\u00c9s \u00edgy a tekn\u0151snek m\u00e1r nem is kellett tov\u00e1bb \u00fasznia... \u201c<\/p>\n\n\n\n<p>\u201e...\u00e9s megtelepedett ezen a helyen.\u201c<\/p>\n\n\n\n<p>Kask\u00f3 \u00e9s bar\u00e1tai a mocs\u00e1r sz\u00e9l\u00e9hez \u00e9rtek \u00e9s Kask\u00f3 a v\u00edzbe mer\u00edtette a kez\u00e9t.<\/p>\n\n\n\n<p>\u201eTi is ny\u00faljatok bele a v\u00edzbe,\u201c mondta.<\/p>\n\n\n\n<p>\u201eMi\u00e9rt?\u201c n\u00e9zett r\u00e1 csod\u00e1lkozva a k\u00e9t testv\u00e9r \u00e9s k\u00f6zben azt lest\u00e9k, nem bukkan-e fel valahol egy \u00f3ri\u00e1stekn\u0151s.<\/p>\n\n\n\n<p>\u201eCsak csin\u00e1lj\u00e1tok, amit \u00e9n, kicsit mozgass\u00e1tok meg a kezeteket a v\u00edzben, \u00edgy ni\u201c mutatta Kask\u00f3.<\/p>\n\n\n\n<p>Egy kis id\u0151 m\u00falva a felsz\u00ednen legal\u00e1bb ezer kis tekn\u0151s jelent meg. K\u00f6z\u00e9pen pedig egy \u00f3ri\u00e1s p\u00e9ld\u00e1ny, ugyanolyan, mint a t\u00f6bbiek, csak sokkal nagyobb.<\/p>\n\n\n\n<p>\u201eMi\u00e9rt h\u00edvtatok \u00e9s honnan tudj\u00e1tok, hogy kell el\u0151h\u00edvni a mocs\u00e1ri tekn\u0151s\u00f6k kir\u00e1lyn\u0151j\u00e9t? k\u00e9rdezte m\u00e9lyen zeng\u0151 hangj\u00e1n.<\/p>\n\n\n\n<p>\u201e\u00c9n Kask\u00f3 vagyok, a szellem, \u0151k pedig, Maja hercegn\u0151 \u00e9s Maxi, akit a haravarai kir\u00e1lyok \u00fct\u00f6ttek lovagg\u00e1,\u201c mutatta be a csapatot Kask\u00f3.<\/p>\n\n\n\n<p>\u201e\u00d6rvendek. \u00c9n vagyok a mocs\u00e1ri tekn\u0151s\u00f6k kir\u00e1lyn\u0151je.\u201c<\/p>\n\n\n\n<p>\u201eMaxi lovagnak lenne egy k\u00e9r\u00e9se,\u201c kezdte Kask\u00f3.<\/p>\n\n\n\n<p>\u201eFels\u00e9ges kir\u00e1lyn\u0151, a seg\u00edts\u00e9g\u00e9re van sz\u00fcks\u00e9gem, \u201c mondta Maxi \u00e9s belet\u00e9rdepelt a mocs\u00e1rba.<\/p>\n\n\n\n<p>\u201eMondd, \u201c \u00e9s erre a tekn\u0151s olyan magasra nyomta ki a fej\u00e9t a p\u00e1nc\u00e9lj\u00e1b\u00f3l, amilyen magasra csak b\u00edrta.<\/p>\n\n\n\n<p>\u201eHaravara birodalom lovagjak\u00e9nt nincs saj\u00e1t p\u00e1nc\u00e9lom. A r\u00e9gi iratokban azt tal\u00e1ltuk, hogy a vil\u00e1g legk\u00f6nnyebb \u00e9s leger\u0151sebb p\u00e1nc\u00e9lja itt van, Haravar\u00e1ban.\u201c<\/p>\n\n\n\n<p>\u201e\u00cdgy van. Ez az \u0151sany\u00e1nk p\u00e1nc\u00e9lja, er\u0151s\u00edtette meg a kir\u00e1lyn\u0151.<\/p>\n\n\n\n<p>\u201eNem tartan\u00e1 t\u00fal nagy mer\u00e9szs\u00e9gnek, ha arra k\u00e9rn\u00e9m, hogy adja nekem azt a p\u00e1nc\u00e9lt, mint Haravara lovagj\u00e1nak?\u201c<\/p>\n\n\n\n<p>Ekkor valami k\u00fcl\u00f6n\u00f6s dolog t\u00f6rt\u00e9nt \u2013 a v\u00edz gy\u00f6ngy\u00f6zni kezdett, mintha felforralt\u00e1k volna. A felsz\u00edn\u00e9n pedig megjelent egy gy\u00f6ny\u00f6r\u0171 p\u00e1nc\u00e9l.<\/p>\n\n\n\n<p>\u201eEgy sz\u00fcks\u00e9gben l\u00e9v\u0151 haravarai lovag k\u00e9r\u00e9se sz\u00e1momra parancs. \u00c9desany\u00e1nk erre nevelt benn\u00fcnket.\u201c<\/p>\n\n\n\n<p>\u201e\u0150 tudott r\u00f3lam?\u201c Maxi alig hitt a f\u00fcl\u00e9nek. Maja \u00e9s Kask\u00f3 is d\u00f6bbenten, t\u00e1tott sz\u00e1jjal hallgatt\u00e1k.<\/p>\n\n\n\n<p>\u201eTudta, hogy egyszer j\u00f6nni fog egy lovag Haravar\u00e1b\u00f3l.\u201c<\/p>\n\n\n\n<p>\u201eVagyis az eny\u00e9m lehet a p\u00e1nc\u00e9l?\u201c nyelt egy nagyot Max \u00e9s k\u00f6zben meg is cs\u00edpte mag\u00e1t, csak hogy tudja, nem \u00e1lmodik.<\/p>\n\n\n\n<p>\u201eA ti\u00e9d. De el fog t\u0171nni, ha nem Haravara birodalom jav\u00e1t szolg\u00e1lja, na net\u00e1n rossz dolgokra haszn\u00e1ln\u00e1d.\u201c<\/p>\n\n\n\n<p>\u201e\u00cdg\u00e9rem, hogy csakis Haravara birodalm\u00e1t fogom vele v\u00e9deni.\u201c<\/p>\n\n\n\n<p>\u201eVedd el a p\u00e1nc\u00e9lt, Max lovag. \u00c9s hogy ne csak egy tekn\u0151sp\u00e1nc\u00e9lt viselj, hanem igazi lovagi p\u00e1nc\u00e9lt, menj el egy k\u00f6zeli, m\u00e1gikus helyre. Ott tal\u00e1lni fogsz egy \u00f3ri\u00e1si p\u00e1nc\u00e9lt.\u201c<\/p>\n\n\n\n<p>\u201eAz \u00f3ri\u00e1s tekn\u0151s p\u00e1nc\u00e9lj\u00e1t?\u201c k\u00e9rdezte Maja csod\u00e1lkozva.<\/p>\n\n\n\n<p>\u201eEgy tekn\u0151sbunkert, amit kassai, vagyis Haravara f\u0151v\u00e1ros\u00e1b\u00f3l \u00e9rkez\u0151 k\u00e9pz\u0151m\u0171v\u00e9szek \u00e9p\u00edtettek arra helyre, amelynek var\u00e1zsereje van.\u201c<\/p>\n\n\n\n<p>\u201e\u00c9s mi\u00e9rt pont oda?\u201c<\/p>\n\n\n\n<p>\u201eMert ha vesz\u00e9ly fenyegetne benn\u00fcnket, ott el tudunk rejt\u0151zni,\u201c felelte a kir\u00e1lyn\u0151 \u00e9s lebukott a v\u00edz al\u00e1, az ezer kis tekn\u0151ssel egy\u00fctt.<\/p>\n\n\n\n<p>Maxi, Maja \u00e9s Kask\u00f3 m\u00e9g integettek a kir\u00e1lyn\u0151nek \u00e9s elindultak arrafel\u00e9, amerre mutatta.<\/p>\n\n\n\n<p>\u201eHogy is mondta a kir\u00e1lyn\u0151, miel\u0151tt elt\u0171nt a v\u00edz alatt?\u201c k\u00e9rdezte Kask\u00f3.<\/p>\n\n\n\n<p>\u201eTe m\u00e1ssz fel a bunker\u00fcnkre, \u00f6ltsd magadra a p\u00e1nc\u00e9lt \u00e9s v\u00e1rd meg az els\u0151 holdsugarat,\u201c ism\u00e9telte Maja pontosan.<\/p>\n\n\n\n<p>Igaz\u00e1n k\u00fcl\u00f6n\u00f6s \u00e9p\u00edtm\u00e9ny volt ez. \u00dagy n\u00e9zett ki, mintha egy \u00f3ri\u00e1s tekn\u0151s m\u00e1szna el\u0151 \u00e9ppen a f\u00f6ld al\u00f3l. Maxi felvette a p\u00e1nc\u00e9lt \u00e9s a bunker tetej\u00e9re \u00e1llt. Maja a kez\u00e9t d\u00f6rzs\u00f6lgette izgalm\u00e1ban, nem tudta, mire sz\u00e1m\u00edtson.<\/p>\n\n\n\n<p>Amikor az els\u0151 holdsug\u00e1r felragyogott, Maxi tekn\u0151sp\u00e1nc\u00e9lja val\u00f3di lovagi p\u00e1nc\u00e9ll\u00e1 v\u00e1ltozott.<\/p>\n\n\n\n<p class=\"has-drop-cap\">Maxi aznap este \u00fagy aludt el, ak\u00e1r egy igazi lovag: komoly arccal, de az\u00e9rt a sz\u00e1ja sark\u00e1ban egy mosoly bujk\u00e1lt.<\/p>","protected":false},"excerpt":{"rendered":"<p>Max\u00edk, mlad\u00fd rytier z Haravary, sa spolu so svojimi priate\u013emi, Majkou a Ka\u0161kom, vydal na dobrodru\u017en\u00fa cestu. Ich cesta za\u010dala v Kr\u00e1\u013eovskom Chlmci, kde bol Max\u00edk pasovan\u00fd za rytiera a z\u00edskal \u0161peci\u00e1lne brnenie. Po tomto sl\u00e1vnostnom okamihu sa rozhodli vyda\u0165 na cestu, aby splnili \u00falohy, ktor\u00e9 im osud pripravil.<\/p>\n<p>Prv\u00e1 zast\u00e1vka ich viedla do M\u0155tveho mora, kde h\u013eadali star\u00e9 spisy a tajomstv\u00e1 spojen\u00e9 s hist\u00f3riou ich krajiny. Potom pokra\u010dovali do Stredy nad Bodrogom, kde sa na chv\u00ed\u013eu zastavili a odd\u00fdchli si pred \u010fal\u0161\u00edmi n\u00e1strahami.<\/p>\n<p>\u010ealej cestovali do Klinu nad Bodrogom, kde sa dozvedeli d\u00f4le\u017eit\u00e9 inform\u00e1cie o svojom \u00fakole, a n\u00e1sledne nav\u0161t\u00edvili Ve\u013ek\u00fd Kamenec, kde sa nach\u00e1dzali ruiny star\u00e9ho hradu, ktor\u00e9 im poskytli \u010fal\u0161ie ind\u00edcie na ich ceste. Ich dobrodru\u017estvo pokra\u010dovalo a\u017e do Tajby, kde sa stretli s tajomn\u00fdmi tvormi a z\u00edskali k\u013e\u00fa\u010dov\u00e9 inform\u00e1cie o skryt\u00fdch pokladoch.<\/p>\n<p>Na z\u00e1ver sa vybrali do mo\u010diarov pri Bodrogu, kde museli \u010deli\u0165 nebezpe\u010dn\u00fdm podmienkam, aby z\u00edskali posledn\u00e9 potrebn\u00e9 artefakty na dokon\u010denie svojho poslania.<\/p>\n<p>Ka\u017ed\u00e9 z miest, ktor\u00e9 nav\u0161t\u00edvili, im poskytlo nov\u00e9 inform\u00e1cie a v\u00fdzvy, ktor\u00e9 ich pos\u00favali bli\u017e\u0161ie k odhaleniu tajomstva, ktor\u00e9 malo zmeni\u0165 ich svet.<br \/>\nSpolo\u010dne sa vydaj\u00fa vlakom \u2013 najprv do Spi\u0161sk\u00e9ho hradu, ale tam sa dlho nezdr\u017eia, lebo ich cie\u013e je ne\u010falek\u00fd Dreven\u00edk. Ten sa zo sk\u00e1l a kopcov pred ich o\u010dami premen\u00ed na \u010darovn\u00e9 mesto duchov menom Haravary \u2013 Hamed\u00fata. Duchovia ich priv\u00edtaj\u00fa, ke\u010f Ka\u0161ko vysvetl\u00ed, \u017ee deti ich naozaj vidia. V meste duchov si u\u017eij\u00fa lietanie, \u0161m\u00fdkanie po obrovskej \u0161m\u00fdka\u010dke aj poh\u013ead z rozh\u013eadne, ktorou duchovia pozoruj\u00fa turistov.<\/p>\n<p>Po n\u00e1dhernom dni sa vydaj\u00fa na \u010fal\u0161ie miesto \u2013 do dedinky Miloj. No e\u0161te predt\u00fdm sa zastavia v \u017dehre, kde ich \u010dak\u00e1 d\u00f4le\u017eit\u00e9 k\u00fazlo.<br \/>\nSpolu nav\u0161t\u00edvia Jahodn\u00fa, kde sa nau\u010dia hra\u0165 discgolf, potom sa presun\u00fa na Alpinku \u2013 miesto pln\u00e9 ihr\u00edsk, lanov\u00fdch parkov a z\u00e1bavy. Zvez\u00fa sa parn\u00fdm vl\u00e1\u010dikom Katka, objavia drezinu, vysk\u00fa\u0161aj\u00fa si Tarzaniu aj indi\u00e1nske t\u00edp\u00ed. Ich dobrodru\u017estvo vrchol\u00ed v botanickej z\u00e1hrade v Ko\u0161iciach, kde v tajnom herb\u00e1ri n\u00e1jdu z\u00e1zra\u010dn\u00fa rastlinku \u2013 vzn\u00e1\u0161ajn\u00ed\u010dek najoby\u010dajnej\u0161\u00ed, ktor\u00fd im umo\u017en\u00ed lieta\u0165.<\/p>\n<p>Hoci na skuto\u010dn\u00e9 Hry duchov nakoniec zaspia, r\u00e1no sa prebudia s medailami za \u00fa\u010das\u0165 \u2013 a s hlavou plnou z\u00e1\u017eitkov z v\u00fdnimo\u010dn\u00e9ho d\u0148a, ktor\u00fd im duchovia pripravili.<\/p>","protected":false},"featured_media":19393,"menu_order":0,"template":"","format":"standard","meta":{"_acf_changed":false,"footnotes":""},"categories":[],"class_list":["post-19245","pribehy","type-pribehy","status-publish","format-standard","has-post-thumbnail","hentry"],"acf":[],"yoast_head":"<!-- This site is optimized with the Yoast SEO Premium plugin v22.7 (Yoast SEO v27.2) - https:\/\/yoast.com\/product\/yoast-seo-premium-wordpress\/ -->\n<title>Ako zh\u00e1\u0148ali pre Maxa rytiersky odev - HARAVARA Pr\u00edbehy (rozpr\u00e1vky)<\/title>\n<meta name=\"description\" content=\"V \u010fal\u0161ej rozpr\u00e1vke z krajiny Haravara sa dozviete, \u017ee zvieratk\u00e1 v ZOO sn\u00edvaj\u00fa po\u010das zimy o r\u00f4znych veciach. Ka\u0161ko s de\u0165mi sa im rozhodn\u00fa pom\u00f4c\u0165 splni\u0165 sny: pripravia zvierac\u00ed ples pri Tis\u00edcro\u010dnej kaplnke, rybk\u00e1m splnia sen o \u0161m\u00fdkan\u00ed na d\u00fahe (v skuto\u010dnosti ide o umeleck\u00e9 dielo \u201cD\u00faha, ktor\u00e1 pije vodu\u201d).\" \/>\n<meta name=\"robots\" content=\"index, follow, max-snippet:-1, max-image-preview:large, max-video-preview:-1\" \/>\n<link rel=\"canonical\" href=\"https:\/\/www.haravara.sk\/hu\/pribehy\/ako-zhanali-pre-maxa-rytiersky-odev\/\" \/>\n<meta property=\"og:locale\" content=\"hu_HU\" \/>\n<meta property=\"og:type\" content=\"article\" \/>\n<meta property=\"og:title\" content=\"Ako zh\u00e1\u0148ali pre Maxa rytiersky odev\" \/>\n<meta property=\"og:description\" content=\"V \u010fal\u0161ej rozpr\u00e1vke z krajiny Haravara sa dozviete, \u017ee zvieratk\u00e1 v ZOO sn\u00edvaj\u00fa po\u010das zimy o r\u00f4znych veciach. Ka\u0161ko s de\u0165mi sa im rozhodn\u00fa pom\u00f4c\u0165 splni\u0165 sny: pripravia zvierac\u00ed ples pri Tis\u00edcro\u010dnej kaplnke, rybk\u00e1m splnia sen o \u0161m\u00fdkan\u00ed na d\u00fahe (v skuto\u010dnosti ide o umeleck\u00e9 dielo \u201cD\u00faha, ktor\u00e1 pije vodu\u201d).\" \/>\n<meta property=\"og:url\" content=\"https:\/\/www.haravara.sk\/hu\/pribehy\/ako-zhanali-pre-maxa-rytiersky-odev\/\" \/>\n<meta property=\"og:site_name\" content=\"HARAVARA\" \/>\n<meta property=\"article:publisher\" content=\"https:\/\/www.facebook.com\/haravara.detsky.svet\" \/>\n<meta property=\"article:modified_time\" content=\"2025-06-27T22:06:45+00:00\" \/>\n<meta property=\"og:image\" content=\"https:\/\/www.haravara.sk\/wp-content\/uploads\/2022\/07\/Haravara-pribehove-ilustracie-FB-63.png\" \/>\n\t<meta property=\"og:image:width\" content=\"1200\" \/>\n\t<meta property=\"og:image:height\" content=\"628\" \/>\n\t<meta property=\"og:image:type\" content=\"image\/png\" \/>\n<meta name=\"twitter:card\" content=\"summary_large_image\" \/>\n<meta name=\"twitter:description\" content=\"Vonku u\u017e tro\u0161ku mrzlo. R\u00e1no si mamky a ockovia museli \u010disti\u0165 okn\u00e1 na aut\u00e1ch od mraz\u00edku a Ka\u0161ko a ostatn\u00ed duchovia si museli\u2026 vlastne nemuseli ni\u010d. Duchovia toti\u017e nec\u00edtia zimu ani teplo. C\u00edtia to len vtedy, ke\u010f n\u00e1hodou dostan\u00fa nejak\u00fa d\u00fa\u0161iu chorobu.\" \/>\n<meta name=\"twitter:label1\" content=\"Becs\u00fclt olvas\u00e1si id\u0151\" \/>\n\t<meta name=\"twitter:data1\" content=\"11 perc\" \/>\n<script type=\"application\/ld+json\" class=\"yoast-schema-graph\">{\"@context\":\"https:\/\/schema.org\",\"@graph\":[{\"@type\":\"WebPage\",\"@id\":\"https:\/\/www.haravara.sk\/pribehy\/ako-zhanali-pre-maxa-rytiersky-odev\/\",\"url\":\"https:\/\/www.haravara.sk\/pribehy\/ako-zhanali-pre-maxa-rytiersky-odev\/\",\"name\":\"Ako zh\u00e1\u0148ali pre Maxa rytiersky odev - HARAVARA Pr\u00edbehy (rozpr\u00e1vky)\",\"isPartOf\":{\"@id\":\"https:\/\/www.haravara.sk\/#website\"},\"primaryImageOfPage\":{\"@id\":\"https:\/\/www.haravara.sk\/pribehy\/ako-zhanali-pre-maxa-rytiersky-odev\/#primaryimage\"},\"image\":{\"@id\":\"https:\/\/www.haravara.sk\/pribehy\/ako-zhanali-pre-maxa-rytiersky-odev\/#primaryimage\"},\"thumbnailUrl\":\"https:\/\/www.haravara.sk\/wp-content\/uploads\/2022\/07\/Haravara-pribehove-ilustracie-FB-61.png\",\"datePublished\":\"2022-07-06T22:41:10+00:00\",\"dateModified\":\"2025-06-27T22:06:45+00:00\",\"description\":\"V \u010fal\u0161ej rozpr\u00e1vke z krajiny Haravara sa dozviete, \u017ee zvieratk\u00e1 v ZOO sn\u00edvaj\u00fa po\u010das zimy o r\u00f4znych veciach. Ka\u0161ko s de\u0165mi sa im rozhodn\u00fa pom\u00f4c\u0165 splni\u0165 sny: pripravia zvierac\u00ed ples pri Tis\u00edcro\u010dnej kaplnke, rybk\u00e1m splnia sen o \u0161m\u00fdkan\u00ed na d\u00fahe (v skuto\u010dnosti ide o umeleck\u00e9 dielo \u201cD\u00faha, ktor\u00e1 pije vodu\u201d).\",\"breadcrumb\":{\"@id\":\"https:\/\/www.haravara.sk\/pribehy\/ako-zhanali-pre-maxa-rytiersky-odev\/#breadcrumb\"},\"inLanguage\":\"hu\",\"potentialAction\":[{\"@type\":\"ReadAction\",\"target\":[\"https:\/\/www.haravara.sk\/pribehy\/ako-zhanali-pre-maxa-rytiersky-odev\/\"]}]},{\"@type\":\"ImageObject\",\"inLanguage\":\"hu\",\"@id\":\"https:\/\/www.haravara.sk\/pribehy\/ako-zhanali-pre-maxa-rytiersky-odev\/#primaryimage\",\"url\":\"https:\/\/www.haravara.sk\/wp-content\/uploads\/2022\/07\/Haravara-pribehove-ilustracie-FB-61.png\",\"contentUrl\":\"https:\/\/www.haravara.sk\/wp-content\/uploads\/2022\/07\/Haravara-pribehove-ilustracie-FB-61.png\",\"width\":1200,\"height\":628},{\"@type\":\"BreadcrumbList\",\"@id\":\"https:\/\/www.haravara.sk\/pribehy\/ako-zhanali-pre-maxa-rytiersky-odev\/#breadcrumb\",\"itemListElement\":[{\"@type\":\"ListItem\",\"position\":1,\"name\":\"Domov\",\"item\":\"https:\/\/www.haravara.sk\/\"},{\"@type\":\"ListItem\",\"position\":2,\"name\":\"Pr\u00edbehy\",\"item\":\"https:\/\/www.haravara.sk\/pribehy\/\"},{\"@type\":\"ListItem\",\"position\":3,\"name\":\"Ako zh\u00e1\u0148ali pre Maxa rytiersky odev\"}]},{\"@type\":\"WebSite\",\"@id\":\"https:\/\/www.haravara.sk\/#website\",\"url\":\"https:\/\/www.haravara.sk\/\",\"name\":\"HARAVARA\",\"description\":\"Objav detsk\u00fd svet v Ko\u0161ickom kraji\",\"publisher\":{\"@id\":\"https:\/\/www.haravara.sk\/#organization\"},\"potentialAction\":[{\"@type\":\"SearchAction\",\"target\":{\"@type\":\"EntryPoint\",\"urlTemplate\":\"https:\/\/www.haravara.sk\/?s={search_term_string}\"},\"query-input\":{\"@type\":\"PropertyValueSpecification\",\"valueRequired\":true,\"valueName\":\"search_term_string\"}}],\"inLanguage\":\"hu\"},{\"@type\":\"Organization\",\"@id\":\"https:\/\/www.haravara.sk\/#organization\",\"name\":\"Haravara\",\"url\":\"https:\/\/www.haravara.sk\/\",\"logo\":{\"@type\":\"ImageObject\",\"inLanguage\":\"hu\",\"@id\":\"https:\/\/www.haravara.sk\/#\/schema\/logo\/image\/\",\"url\":\"https:\/\/www.haravara.sk\/wp-content\/uploads\/2021\/04\/LOGO-LandingPage.png\",\"contentUrl\":\"https:\/\/www.haravara.sk\/wp-content\/uploads\/2021\/04\/LOGO-LandingPage.png\",\"width\":832,\"height\":618,\"caption\":\"Haravara\"},\"image\":{\"@id\":\"https:\/\/www.haravara.sk\/#\/schema\/logo\/image\/\"},\"sameAs\":[\"https:\/\/www.facebook.com\/haravara.detsky.svet\"]}]}<\/script>\n<!-- \/ Yoast SEO Premium plugin. -->","yoast_head_json":{"title":"Ako zh\u00e1\u0148ali pre Maxa rytiersky odev - HARAVARA Pr\u00edbehy (rozpr\u00e1vky)","description":"V \u010fal\u0161ej rozpr\u00e1vke z krajiny Haravara sa dozviete, \u017ee zvieratk\u00e1 v ZOO sn\u00edvaj\u00fa po\u010das zimy o r\u00f4znych veciach. Ka\u0161ko s de\u0165mi sa im rozhodn\u00fa pom\u00f4c\u0165 splni\u0165 sny: pripravia zvierac\u00ed ples pri Tis\u00edcro\u010dnej kaplnke, rybk\u00e1m splnia sen o \u0161m\u00fdkan\u00ed na d\u00fahe (v skuto\u010dnosti ide o umeleck\u00e9 dielo \u201cD\u00faha, ktor\u00e1 pije vodu\u201d).","robots":{"index":"index","follow":"follow","max-snippet":"max-snippet:-1","max-image-preview":"max-image-preview:large","max-video-preview":"max-video-preview:-1"},"canonical":"https:\/\/www.haravara.sk\/hu\/pribehy\/ako-zhanali-pre-maxa-rytiersky-odev\/","og_locale":"hu_HU","og_type":"article","og_title":"Ako zh\u00e1\u0148ali pre Maxa rytiersky odev","og_description":"V \u010fal\u0161ej rozpr\u00e1vke z krajiny Haravara sa dozviete, \u017ee zvieratk\u00e1 v ZOO sn\u00edvaj\u00fa po\u010das zimy o r\u00f4znych veciach. Ka\u0161ko s de\u0165mi sa im rozhodn\u00fa pom\u00f4c\u0165 splni\u0165 sny: pripravia zvierac\u00ed ples pri Tis\u00edcro\u010dnej kaplnke, rybk\u00e1m splnia sen o \u0161m\u00fdkan\u00ed na d\u00fahe (v skuto\u010dnosti ide o umeleck\u00e9 dielo \u201cD\u00faha, ktor\u00e1 pije vodu\u201d).","og_url":"https:\/\/www.haravara.sk\/hu\/pribehy\/ako-zhanali-pre-maxa-rytiersky-odev\/","og_site_name":"HARAVARA","article_publisher":"https:\/\/www.facebook.com\/haravara.detsky.svet","article_modified_time":"2025-06-27T22:06:45+00:00","og_image":[{"width":1200,"height":628,"url":"https:\/\/www.haravara.sk\/wp-content\/uploads\/2022\/07\/Haravara-pribehove-ilustracie-FB-63.png","type":"image\/png"}],"twitter_card":"summary_large_image","twitter_description":"Vonku u\u017e tro\u0161ku mrzlo. R\u00e1no si mamky a ockovia museli \u010disti\u0165 okn\u00e1 na aut\u00e1ch od mraz\u00edku a Ka\u0161ko a ostatn\u00ed duchovia si museli\u2026 vlastne nemuseli ni\u010d. Duchovia toti\u017e nec\u00edtia zimu ani teplo. C\u00edtia to len vtedy, ke\u010f n\u00e1hodou dostan\u00fa nejak\u00fa d\u00fa\u0161iu chorobu.","twitter_misc":{"Becs\u00fclt olvas\u00e1si id\u0151":"11 perc"},"schema":{"@context":"https:\/\/schema.org","@graph":[{"@type":"WebPage","@id":"https:\/\/www.haravara.sk\/pribehy\/ako-zhanali-pre-maxa-rytiersky-odev\/","url":"https:\/\/www.haravara.sk\/pribehy\/ako-zhanali-pre-maxa-rytiersky-odev\/","name":"Ako zh\u00e1\u0148ali pre Maxa rytiersky odev - HARAVARA Pr\u00edbehy (rozpr\u00e1vky)","isPartOf":{"@id":"https:\/\/www.haravara.sk\/#website"},"primaryImageOfPage":{"@id":"https:\/\/www.haravara.sk\/pribehy\/ako-zhanali-pre-maxa-rytiersky-odev\/#primaryimage"},"image":{"@id":"https:\/\/www.haravara.sk\/pribehy\/ako-zhanali-pre-maxa-rytiersky-odev\/#primaryimage"},"thumbnailUrl":"https:\/\/www.haravara.sk\/wp-content\/uploads\/2022\/07\/Haravara-pribehove-ilustracie-FB-61.png","datePublished":"2022-07-06T22:41:10+00:00","dateModified":"2025-06-27T22:06:45+00:00","description":"V \u010fal\u0161ej rozpr\u00e1vke z krajiny Haravara sa dozviete, \u017ee zvieratk\u00e1 v ZOO sn\u00edvaj\u00fa po\u010das zimy o r\u00f4znych veciach. Ka\u0161ko s de\u0165mi sa im rozhodn\u00fa pom\u00f4c\u0165 splni\u0165 sny: pripravia zvierac\u00ed ples pri Tis\u00edcro\u010dnej kaplnke, rybk\u00e1m splnia sen o \u0161m\u00fdkan\u00ed na d\u00fahe (v skuto\u010dnosti ide o umeleck\u00e9 dielo \u201cD\u00faha, ktor\u00e1 pije vodu\u201d).","breadcrumb":{"@id":"https:\/\/www.haravara.sk\/pribehy\/ako-zhanali-pre-maxa-rytiersky-odev\/#breadcrumb"},"inLanguage":"hu","potentialAction":[{"@type":"ReadAction","target":["https:\/\/www.haravara.sk\/pribehy\/ako-zhanali-pre-maxa-rytiersky-odev\/"]}]},{"@type":"ImageObject","inLanguage":"hu","@id":"https:\/\/www.haravara.sk\/pribehy\/ako-zhanali-pre-maxa-rytiersky-odev\/#primaryimage","url":"https:\/\/www.haravara.sk\/wp-content\/uploads\/2022\/07\/Haravara-pribehove-ilustracie-FB-61.png","contentUrl":"https:\/\/www.haravara.sk\/wp-content\/uploads\/2022\/07\/Haravara-pribehove-ilustracie-FB-61.png","width":1200,"height":628},{"@type":"BreadcrumbList","@id":"https:\/\/www.haravara.sk\/pribehy\/ako-zhanali-pre-maxa-rytiersky-odev\/#breadcrumb","itemListElement":[{"@type":"ListItem","position":1,"name":"Domov","item":"https:\/\/www.haravara.sk\/"},{"@type":"ListItem","position":2,"name":"Pr\u00edbehy","item":"https:\/\/www.haravara.sk\/pribehy\/"},{"@type":"ListItem","position":3,"name":"Ako zh\u00e1\u0148ali pre Maxa rytiersky odev"}]},{"@type":"WebSite","@id":"https:\/\/www.haravara.sk\/#website","url":"https:\/\/www.haravara.sk\/","name":"HARAVARA","description":"Objav detsk\u00fd svet v Ko\u0161ickom kraji","publisher":{"@id":"https:\/\/www.haravara.sk\/#organization"},"potentialAction":[{"@type":"SearchAction","target":{"@type":"EntryPoint","urlTemplate":"https:\/\/www.haravara.sk\/?s={search_term_string}"},"query-input":{"@type":"PropertyValueSpecification","valueRequired":true,"valueName":"search_term_string"}}],"inLanguage":"hu"},{"@type":"Organization","@id":"https:\/\/www.haravara.sk\/#organization","name":"Haravara","url":"https:\/\/www.haravara.sk\/","logo":{"@type":"ImageObject","inLanguage":"hu","@id":"https:\/\/www.haravara.sk\/#\/schema\/logo\/image\/","url":"https:\/\/www.haravara.sk\/wp-content\/uploads\/2021\/04\/LOGO-LandingPage.png","contentUrl":"https:\/\/www.haravara.sk\/wp-content\/uploads\/2021\/04\/LOGO-LandingPage.png","width":832,"height":618,"caption":"Haravara"},"image":{"@id":"https:\/\/www.haravara.sk\/#\/schema\/logo\/image\/"},"sameAs":["https:\/\/www.facebook.com\/haravara.detsky.svet"]}]}},"_links":{"self":[{"href":"https:\/\/www.haravara.sk\/hu\/wp-json\/wp\/v2\/pribehy\/19245","targetHints":{"allow":["GET"]}}],"collection":[{"href":"https:\/\/www.haravara.sk\/hu\/wp-json\/wp\/v2\/pribehy"}],"about":[{"href":"https:\/\/www.haravara.sk\/hu\/wp-json\/wp\/v2\/types\/pribehy"}],"version-history":[{"count":3,"href":"https:\/\/www.haravara.sk\/hu\/wp-json\/wp\/v2\/pribehy\/19245\/revisions"}],"predecessor-version":[{"id":19396,"href":"https:\/\/www.haravara.sk\/hu\/wp-json\/wp\/v2\/pribehy\/19245\/revisions\/19396"}],"wp:featuredmedia":[{"embeddable":true,"href":"https:\/\/www.haravara.sk\/hu\/wp-json\/wp\/v2\/media\/19393"}],"wp:attachment":[{"href":"https:\/\/www.haravara.sk\/hu\/wp-json\/wp\/v2\/media?parent=19245"}],"wp:term":[{"taxonomy":"category","embeddable":true,"href":"https:\/\/www.haravara.sk\/hu\/wp-json\/wp\/v2\/categories?post=19245"}],"curies":[{"name":"wp","href":"https:\/\/api.w.org\/{rel}","templated":true}]}}