{"id":20121,"date":"2025-09-18T19:17:07","date_gmt":"2025-09-18T18:17:07","guid":{"rendered":"https:\/\/www.haravara.sk\/?post_type=pribehy&#038;p=20121"},"modified":"2025-10-13T00:09:07","modified_gmt":"2025-10-12T23:09:07","slug":"ako-kasko-s-maxom-malovali-na-nebo","status":"publish","type":"pribehy","link":"https:\/\/www.haravara.sk\/hu\/pribehy\/ako-kasko-s-maxom-malovali-na-nebo\/","title":{"rendered":"Amikor Kask\u00f3 \u00e9s Maxi az \u00e9gre festettek"},"content":{"rendered":"<p class=\"has-drop-cap\">Gy\u00f6ny\u00f6r\u0171 \u0151szi nap volt, \u00e9s Kask\u00f3 m\u00e1r egy ideje az ablakp\u00e1rk\u00e1nyon gubbasztott \u00e9s f\u00e9lt. Nem, nem magass\u00e1gt\u00f3l, dehogy, hiszen tudj\u00e1tok, hogy Kask\u00f3 Haravara Birodalom szelleme \u00e9s a szellemek nem f\u00e9lnek a magass\u00e1gt\u00f3l. Jobban mondva, egyesek m\u00e9gis, mert p\u00e9ld\u00e1ul Mar\u00f3 szellem annyira f\u00e9lt a magass\u00e1gt\u00f3l, hogy rep\u00fclni se tudott. \u00cdgy h\u00e1t \u0151 lett a vonatok szelleme Haravar\u00e1ban \u2013 na de, r\u00f3la majd m\u00e1skor mes\u00e9l\u00fcnk.<\/p>\n\n\n\n<p>&nbsp;&nbsp;&nbsp;&nbsp;&nbsp;&nbsp;&nbsp;&nbsp;&nbsp; Kask\u00f3 Maxi\u00e9rt agg\u00f3dott, akit az ablak m\u00f6g\u00fcl tartott szemmel. Maxi ugyanis m\u00e1r hossz\u00fa percek \u00f3ta csak fel-al\u00e1 j\u00e1rk\u00e1lt, le\u00fclt az \u00e1gyra, fel\u00e1llt, megint j\u00e1rk\u00e1lt, morgott, azt\u00e1n fejre \u00e1llt \u00e9s m\u00e9g \u00fagyis morgott.<\/p>\n\n\n\n<p class=\"has-text-align-left\">Kask\u00f3 m\u00e1r nem b\u00edrta n\u00e9zni, berep\u00fclt az ablakon, ahogy azt a szellemek szokt\u00e1k.<\/p>\n\n\n<div class=\"wp-block-image is-style-default\">\n<figure class=\"alignleft size-large is-resized\"><img decoding=\"async\" width=\"1024\" height=\"1024\" src=\"https:\/\/www.haravara.sk\/wp-content\/uploads\/2021\/03\/LIETADLO-1-1024x1024.png\" alt=\"\" class=\"wp-image-4435\" style=\"width:573px;height:456px\" srcset=\"https:\/\/www.haravara.sk\/wp-content\/uploads\/2021\/03\/LIETADLO-1-1024x1024.png 1024w, https:\/\/www.haravara.sk\/wp-content\/uploads\/2021\/03\/LIETADLO-1-300x300.png 300w, https:\/\/www.haravara.sk\/wp-content\/uploads\/2021\/03\/LIETADLO-1-150x150.png 150w, https:\/\/www.haravara.sk\/wp-content\/uploads\/2021\/03\/LIETADLO-1-768x768.png 768w, https:\/\/www.haravara.sk\/wp-content\/uploads\/2021\/03\/LIETADLO-1-1536x1536.png 1536w, https:\/\/www.haravara.sk\/wp-content\/uploads\/2021\/03\/LIETADLO-1-2048x2048.png 2048w, https:\/\/www.haravara.sk\/wp-content\/uploads\/2021\/03\/LIETADLO-1.png 3000w\" sizes=\"(max-width: 1024px) 100vw, 1024px\" \/><\/figure>\n<\/div>\n\n\n<p>\u201eMaxi\u201c, sz\u00f3lalt meg \u00f3vatosan Kask\u00f3.<\/p>\n\n\n\n<p>\u201eAztamindenit\u201c, ki\u00e1ltott fel Maxi, \u00e9s a f\u00f6ldre esett, szerencs\u00e9re egyenesen a h\u00e1ts\u00f3j\u00e1ra.<\/p>\n\n\n\n<p>\u201eBocs\u00e1nat,\u201c restellte Kask\u00f3.<\/p>\n\n\n\n<p>\u201eKask\u00f3, te mit csin\u00e1lsz itt?\u201c Maxi nem \u00e9rtette.<\/p>\n\n\n\n<p>\u201eF\u00e9lek\u201c, b\u00f6kte ki Kask\u00f3.<\/p>\n\n\n\n<p>\u201eIgen\u201c?<\/p>\n\n\n\n<p>\u201eIgen.\u201c<\/p>\n\n\n\n<p>\u201e\u00c9s ez\u00e9rt azt akarod, hogy \u00e9n is f\u00e9ljek?\u201c \u00e1llt fel a f\u00f6ldr\u0151l Maxi \u00e9s egy kicsit ny\u00fajt\u00f3zkodott.<\/p>\n\n\n\n<p>\u201eNem, \u00e9n miattad agg\u00f3dom.\u201c<\/p>\n\n\n\n<p>\u201eMiattam?\u201c<\/p>\n\n\n\n<p>\u201eIgen,\u201c er\u0151s\u00edtette meg Kask\u00f3.<\/p>\n\n\n\n<p>\u201eMi\u00e9rt kellene \u00e9rtem agg\u00f3dni?\u201c, cs\u00f3v\u00e1lta a fej\u00e9t Maxi, \u00e9s \u00fajra torn\u00e1zni kezdett \u00e9s fel-al\u00e1 j\u00e1rk\u00e1lt a szob\u00e1ban.<\/p>\n\n\n\n<p>\u201eM\u00e1r egy ideje figyellek, \u00e9s kiss\u00e9 fur\u00e1n viselkedsz,\u201c \u00fclt le Kask\u00f3 a kanap\u00e9ra, mint egy igazi terapeuta.<\/p>\n\n\n\n<p>\u201eEnnyire l\u00e1tszik?\u201c<\/p>\n\n\n\n<p>\u201eTerm\u00e9szetesen.\u201c<\/p>\n\n\n\n<p>\u201eMert nekem v\u00e9gem van,\u201c \u00e1llt meg Maxi, kinyitotta az ablakot \u00e9s m\u00e9lyre sz\u00edvta a friss leveg\u0151t.<\/p>\n\n\n\n<p>\u201eMi t\u00f6rt\u00e9nt?\u201c k\u00e9rdezte Kask\u00f3.<\/p>\n\n\n\n<p>\u201eMaja.\u201c<\/p>\n\n\n\n<p>\u201eMi van vele?\u201c Ijedt meg ez\u00fattal Kask\u00f3.<\/p>\n\n\n\n<p>\u201eHolnap van a sz\u00fclet\u00e9snapja!\u201c<\/p>\n\n\n\n<p>\u201eHogy micsodaaa?!\u201c Kask\u00f3 h\u00e1rom m\u00e9ter magasra rep\u00fclt, \u00e9s ha t\u00f6rt\u00e9netesen nem szellem, bizony\u00e1ra a mennyeztbe \u00fctk\u00f6zik.<\/p>\n\n\n\n<p>\u201eSz\u00fclet\u00e9snapja van \u00e9s nem k\u00e9sz\u00edtettem neki aj\u00e1nd\u00e9kot\u201c.<\/p>\n\n\n\n<p>\u201eAkkor menj\u00fcnk az \u00fczletbe \u00e9s vegy\u00fcnk valamit,\u201c javasolta Kask\u00f3, rep\u00fcl\u00e9sre k\u00e9szen.<\/p>\n\n\n\n<p>\u201eMi Maj\u00e1val megegyezt\u00fcnk, hogy nem v\u00e1s\u00e1rolunk egym\u00e1snak aj\u00e1nd\u00e9kot, hanem meglepet\u00e9st k\u00e9sz\u00edt\u00fcnk a m\u00e1sik sz\u00fclet\u00e9snapj\u00e1ra,\u201c tette hozz\u00e1 Maxi szomor\u00faan.<\/p>\n\n\n\n<p>\u201e\u00c1, ez nagyszer\u0171!\u201c ragyogott fel Kask\u00f3 szeme.<\/p>\n\n\n\n<p>\u201eNagyszer\u0171 akkor lenne, ha volna \u00f6tletem.\u201c<\/p>\n\n\n\n<p>\u201e\u00c9s nincs?\u201c n\u00e9zett Kask\u00f3 \u00e9rtetlen\u00fcl Maxira.<\/p>\n\n\n\n<p>\u201eNincs, \u00e9s ez\u00e9rt j\u00e1rk\u00e1lok itt k\u00f6rbe-k\u00f6rbe,\u201c felelte Max \u00e9s \u00fajra j\u00e1rk\u00e1lni kezdett.<\/p>\n\n\n\n<p>\u201eM\u00e1r \u00e9rtem\u201c, mer\u00fclt a gondolataiba Kask\u00f3.<\/p>\n\n\n\n<p>\u201eNem tudom, \u00e9n azt hiszem, m\u00e9gis elmegyek az \u00fczletbe, hogy legal\u00e1bb valamit adjak neki\u201c, ny\u00f6gte Maxi k\u00e9ts\u00e9gbeesve \u00e9s a p\u00e9nze ut\u00e1n kutatott a fi\u00f3kban.<\/p>\n\n\n\n<p>\u201eAzt m\u00e1r nem,\u201c mondta Kask\u00f3 hat\u00e1rozottan.<\/p>\n\n\n\n<p>\u201eHogyhogy nem?\u201c kutatott tov\u00e1bb Maxi.<\/p>\n\n\n\n<p>\u201eMeglepet\u00e9st \u00edg\u00e9rt\u00e9l Maj\u00e1nak?\u201c \u00e1ll\u00edtotta meg Maxit Kask\u00f3t.<\/p>\n\n\n\n<p>\u201eAzt \u00edg\u00e9rtem, \u201c b\u00f3lintott szomor\u00faan Maxi.<\/p>\n\n\n\n<p>\u201eAkkor azt is fog kapni,\u201c jelentette ki Kask\u00f3.<\/p>\n\n\n\n<p>\u201eDe egyel\u0151re nincs meglepet\u00e9s\u00fcnk,\u201c mondta Maxi, csak az\u00e9rt, hogy Kask\u00f3 is tudatos\u00edtsa a helyzetet.<\/p>\n\n\n\n<p>\u201eMit szeret Maja?\u201c<\/p>\n\n\n\n<p>\u201eA hercegn\u0151ket szereti,\u201c v\u00e1laszolt Maxi haboz\u00e1s n\u00e9lk\u00fcl.<\/p>\n\n\n\n<p>\u201eAkkor adunk neki hercegn\u0151i ruh\u00e1t,\u201c mondta ki \u00e9s \u00fagy \u00e9rezte, ezzel meg is old\u00f3dott minden.<\/p>\n\n\n\n<p>\u201eDe honnan szerezz\u00fcnk olyat?\u201c h\u0171t\u00f6tte le Maxi a szellemfi\u00fa lelkesed\u00e9s\u00e9t.<\/p>\n\n\n\n<p>\u201eVagy k\u00e9sz\u00edt\u00fcnk neki egy hercegn\u0151i lakom\u00e1t egy v\u00e1rban vagy kast\u00e9lyban,\u201c \u00e1lmodozott tov\u00e1bb Kask\u00f3.<\/p>\n\n\n\n<p>\u201eAz nem hangzik rosszul\u201c.<\/p>\n\n\n\n<p>\u201eHaravara Birodalomban sz\u00e1mos sz\u00e9p kast\u00e9ly \u00e9s v\u00e1r van,\u201c Kask\u00f3 m\u00e1r gondolatban a t\u00e9rk\u00e9pet k\u00e9pzelte maga el\u00e9.<\/p>\n\n\n\n<p>\u201e\u00c9s a kast\u00e9lyoknak sok helyen m\u00e9g gy\u00f6ny\u00f6r\u0171 kertje is van!\u201c<\/p>\n\n\n\n<p>\u201eMintha csak piknikez\u00e9sre teremtett\u00e9k volna,\u201c Kask\u00f3nak csillogott a szeme.<\/p>\n\n\n\n<p>\u201eDe ahhoz m\u00e9g nagyon sok mindent kellene beszerezni \u00e9s piknikezni m\u00e1r voltunk egy\u00fctt,\u201c mondta Maxi \u00e9s \u00fajra fejre \u00e1lllt.<\/p>\n\n\n\n<p>\u201eAz igaz,\u201c Kask\u00f3 most a csill\u00e1ra akaszkodott \u00e9s idegess\u00e9g\u00e9ben azon hint\u00e1zott.<\/p>\n\n\n\n<p>\u201eVagy vegy\u00fcnk neki egy baseball sapk\u00e1t, vasb\u00f3l k\u00e9sz\u00fclt szemellenz\u0151vel,\u201c \u00e1llt el\u0151 egy \u00f6tlettel Maxi.<\/p>\n\n\n\n<p>\u201eAzt meg mi\u00e9rt?\u201c k\u00e9rdezte Kask\u00f3 finoman, mert \u00fagy t\u0171nt neki, hogy Maxinak kiss\u00e9 meg\u00e1rthatott a fejen\u00e1ll\u00e1s.<\/p>\n\n\n\n<p>\u201eMert Maja mostan\u00e1ban gyakran b\u00e1mulja az eget, \u00e9rdekli a vil\u00e1g\u0171r \u00e9s ez\u00e9rt m\u00e1r sokszor elbotlott. A vas leh\u00fazn\u00e1 a fej\u00e9t \u00e9s k\u00e9nytelen lenne a l\u00e1ba el\u00e9 n\u00e9zni,\u201c nevetett Maxi.<\/p>\n\n\n\n<p>\u201eEz viszont nem is rossz \u00f6tlet,\u201c sz\u00e1llt le a csill\u00e1rr\u00f3l Kask\u00f3 a kedvenc ablakp\u00e1rk\u00e1ny\u00e1ra.<\/p>\n\n\n\n<p>\u201eKask\u00f3?\u201c Maxi csod\u00e1lkozva n\u00e9zett Kask\u00f3ra.<\/p>\n\n\n\n<p>\u201eIgen?\u201c<\/p>\n\n\n\n<p>\u201e\u00c9n csak viccb\u0151l mondtam,\u201c sz\u00f3lt Maxi \u00e9s abbahagyta a mosolyg\u00e1st, mert Kask\u00f3nak ezt a vigyor\u00e1t m\u00e1r j\u00f3l ismerte....<\/p>\n\n\n\n<p>\u201eDe \u00e9n nem!\u201c<\/p>\n\n\n\n<p>\u201eM\u00e1r ismerem ezt a vigyort.\u201c<\/p>\n\n\n\n<p>\u201eGyere!\u201c mondta Kask\u00f3 hat\u00e1rozottan, \u00e9s Maxi m\u00e9g mag\u00e1hoz se t\u00e9rt, amikor m\u00e1r lesz\u00e1lltak egy k\u00fcl\u00f6n\u00f6s helyen.<\/p>\n\n\n\n<p>\u201eH\u00e1t ez mi?\u201c n\u00e9zett k\u00f6r\u00fcl Maxi.<\/p>\n\n\n\n<p>\u201eEz, k\u00e9rlek sz\u00e9pen, a rep\u00fcl\u0151m\u00fazeum,\u201c mondta Kask\u00f3, m\u00e9g mindig azzal a rejt\u00e9lyes mosollyal.<\/p>\n\n\n\n<p>\u201eHogy mondod?\u201c<\/p>\n\n\n\n<p>\u201eEz a kassai rep\u00fcl\u0151m\u00fazeum,\u201c magyar\u00e1zta Kask\u00f3, az egyik legszebb m\u00fazeum   Haravara Birodalomban\u201c.<\/p>\n\n\n\n<p>\u201e\u00c9rtem. \u00c9s mit keres\u00fcnk mi itt?\u201c csod\u00e1lkozott Maxi, amint a gy\u00f6ny\u00f6r\u0171 rep\u00fcl\u0151g\u00e9peket n\u00e9zegette.<\/p>\n\n\n\n<p>\u201eAmikor arr\u00f3l a sapk\u00e1r\u00f3l besz\u00e9lt\u00e9l....\u201c<\/p>\n\n\n\n<p>\u201eUgye nem egy pil\u00f3tasisakot akarsz adni Maj\u00e1nak sz\u00fclet\u00e9snapj\u00e1ra?\u201c v\u00e1gott a szav\u00e1ba Maxi.<\/p>\n\n\n\n<p>\u201eDehogy,\u201c h\u00f6kkent meg Kask\u00f3.<\/p>\n\n\n\n<p>\u201eAkkor net\u00e1n egy propellert?\u201c sz\u00f6rny\u00fclk\u00f6d\u00f6tt Maxi, \u00e9s a sok r\u00e9gi rep\u00fcl\u0151t \u00e9s helikoptert m\u00e9regette.<\/p>\n\n\n\n<p>\u201eArra nemigen lesz sz\u00fcks\u00e9ge,\u201c d\u00fcnny\u00f6g\u00f6tt Kask\u00f3 elgondolkozva.<\/p>\n\n\n\n<p>\u201eAz igaz, anya \u00edgy is szokta neki mondani, hogy \u00fagy fut, mintha rep\u00fclne \u2026\u201c<\/p>\n\n\n\n<p>\u201eSz\u00f3val, mit szeretnek m\u00e9g a l\u00e1nyok, a hercegn\u0151k\u00f6n k\u00edv\u00fcl? V\u00e1gott most Kask\u00f3 Maxi szav\u00e1ba.<\/p>\n\n\n\n<p>\u201eA rep\u00fcl\u0151ket?\u201c pr\u00f3b\u00e1lkozott f\u00e9l\u00e9nken Maxi, b\u00e1r nem hitte, hogy ez a helyes v\u00e1lasz, csak nem jutott jobb esz\u00e9be.<\/p>\n\n\n\n<p>\u201eTal\u00e1n vannak olyan l\u00e1nyok, akik a rep\u00fcl\u0151ket szeretik, igen,\u201c mondta Kask\u00f3 \u00e9s m\u00e9lyen a Maxi szem\u00e9be n\u00e9zett, jelezve, hogy m\u00e1s v\u00e1laszt v\u00e1rt.<\/p>\n\n\n\n<p>\u201eA propellereket?\u201c Maxi tett egy \u00fajabb pr\u00f3b\u00e1t.<\/p>\n\n\n\n<p>\u201eA romantik\u00e1t!,\u201c oktatta ki a bar\u00e1tj\u00e1t Kask\u00f3.<\/p>\n\n\n\n<p>\u201eAha, az meg mi?\u201c<\/p>\n\n\n\n<p>\u201eAmikor valaki megtesz \u00e9rt\u00fck v\u00e1ratlanul valami sz\u00e9pet, amib\u0151l az eg\u00e9sz vil\u00e1g tudni fogja, hogy szereti \u0151t.\u201c magyar\u00e1zta Kask\u00f3, saj\u00e1t elk\u00e9pzel\u00e9se szerint.<\/p>\n\n\n\n<p>\u201eH\u00e1t, ezek a rep\u00fcl\u0151k mindenf\u00e9l\u00e9t kiab\u00e1lnak, csak pont azt nem, hogy szeretlek,\u201c maxi egy kicsit ellenkezni pr\u00f3b\u00e1lt Kask\u00f3val, l\u00e1tva az \u00f3ri\u00e1si kerekeket, a hatalmas g\u00e9peket.<\/p>\n\n\n\n<p>\u201eMit is n\u00e9zeget Maja mostan\u00e1ban olyan gyakran?\u201c<\/p>\n\n\n\n<p>\u201eMit?\u201c Maxi nem \u00e9rtette a k\u00e9rd\u00e9st.<\/p>\n\n\n\n<p>\u201eH\u00e1t az \u00e9gre,\u201c b\u00f6k\u00f6tt Kask\u00f3 Maxi homlok\u00e1ra.<\/p>\n\n\n\n<p>\u201eVagyis akkor odavissz\u00fck \u0151t?\u201c mutatott Maxi a felh\u0151k fel\u00e9.<\/p>\n\n\n\n<p>\u201eK\u00e9pzeld csak el, te antiromantikus, hogy feln\u00e9z az \u00e9gre \u00e9s oda lesz \u00edrva, hogy Maja, szeret\u00fcnk, te vagy a legjobb!\u201c<\/p>\n\n\n\n<p>\u201eHogyhogy oda\u00edrva?\u201c Maxi egyre kev\u00e9sb\u00e9 \u00e9rtette.<\/p>\n\n\n\n<p>\u201eSz\u00ednes f\u00fcsttel,\u201c folytatta Kask\u00f3 a magyar\u00e1zatot.<\/p>\n\n\n\n<p>\u201e\u00c9s ez lehets\u00e9ges?\u201c k\u00e9mlelte Maxi az eget.<\/p>\n\n\n\n<p>\u201eTerm\u00e9szetesen,\u201c mondta Kask\u00f3 \u00e9s m\u00e9r kezdte is n\u00e9zegetni, hogy a k\u00f6r\u00fcl\u00f6tt\u00fck \u00e1ll\u00f3 rep\u00fcl\u0151g\u00e9pek k\u00f6z\u00fcl melyik fogja az \u00e9gre \u00edrni, hogy: Maja, szeret\u00fcnk, te vagy a legjobb!<\/p>\n\n\n\n<p>\u201eAkkor v\u00e1gjunk bele, mert ha ez siker\u00fcl, Maja eg\u00e9szen odalesz a boldogs\u00e1gt\u00f3l,\u201c ki\u00e1ltott fel Maxi boldogan, \u00e9s m\u00e1ris bele\u00fclt az egyik rep\u00fcl\u0151g\u00e9pbe.<\/p>\n\n\n\n<p>\u201eMit csin\u00e1lsz?\u201c cs\u00f3v\u00e1lta a fej\u00e9t hitetlenkedve Kask\u00f3.<\/p>\n\n\n\n<p>\u201e\u00cdrni fogok az \u00e9gre,\u201c jelentette ki Maxi, mik\u00f6zben a gy\u00fajt\u00e1st \u00e9s a sz\u00ednes f\u00fcstf\u00faj\u00f3 gombj\u00e1t kereste.<\/p>\n\n\n\n<p>\u201eEzzel?\u201c<\/p>\n\n\n\n<p>\u201eEz is egy rep\u00fcl\u0151,\u201c k\u00f6z\u00f6lte Maxi \u00e9s tov\u00e1bb kutatott.<\/p>\n\n\n\n<p>\u201eAzt m\u00e1r nem!\u201c Kask\u00f3 szinte sik\u00edtott.<\/p>\n\n\n\n<p>\u201eEzek, bar\u00e1tocsk\u00e1m, harci g\u00e9pek,\u201c \u00fct\u00f6gette meg a rep\u00fcl\u0151ket, amelyeken vil\u00e1gosan l\u00e1tszott, hogy rak\u00e9tahordoz\u00f3k \u00e9s g\u00e9pfegyverek is vannak rajtuk.<\/p>\n\n\n\n<p>\u201eHogyhogy harci g\u00e9pek?\u201c pattant ki Maxi a pil\u00f3taf\u00fclk\u00e9b\u0151l, \u00e9s csak akkor vette \u00e9szre a sok katonai jelz\u00e9st.<\/p>\n\n\n\n<p>\u201eEzek olyan rep\u00fcl\u0151g\u00e9pek, amelyek val\u00f3ban r\u00e9szt vettek k\u00fcl\u00f6nf\u00e9le h\u00e1bor\u00fas harcokban. Van itt olyan, amelyik m\u00e9g sz\u00e1z \u00e9vvel ezel\u0151tt, az els\u0151 vil\u00e1gh\u00e1bor\u00faban is harcolt,\u201c Kask\u00f3 egy pillanatra t\u00e1rlatvezet\u0151v\u00e9 v\u00e1lt ebben az izgalmas m\u00fazeumban.<\/p>\n\n\n\n<p>\u201eVagy \u00fagy,\u201c Maxi kinyitotta a szem\u00e9t \u00e9s elk\u00e9pzelte, ahogy ezek a rep\u00fcl\u0151g\u00e9pek az \u00fck-\u00fck-\u00fcknagysz\u00fclei feje felett rep\u00fclnek, vagy ak\u00e1r benne is \u00fclnek.<\/p>\n\n\n\n<p>\u201eEzek itt bomb\u00e1z\u00f3k, sug\u00e1rhajt\u00e1s\u00fa \u00e9s m\u00e1s g\u00e9pek a m\u00e1sodik vil\u00e1gh\u00e1bor\u00faban,\u201c folytatta Kask\u00f3 \u00e9s \u00fagy t\u0171nt, valamit keres a tekintet\u00e9vel.<\/p>\n\n\n\n<p>\u201eEzek azt\u00e1n hatalmasak,\u201c tapogatta meg az egyik nagy bomb\u00e1z\u00f3t Maxi.<\/p>\n\n\n\n<p>\u201e\u00c9s nagyon \u00fcgyesek,\u201c tette m\u00e9g hozz\u00e1 Kask\u00f3 \u00e9s egyszercsak egy furcsa hangot adott ki:<\/p>\n\n\n\n<p>\u201eHmmm\u201c.<\/p>\n\n\n\n<p>\u201eMi az, mit h\u00fcmm\u00f6gsz?\u201c<\/p>\n\n\n\n<p>\u201eMilyen sz\u00e9p g\u00e9pek,\u201c gondolt bele Kask\u00f3, \u201e\u00e9s milyen sok\u00e1ig dolgoztak az emberek az\u00e9rt, hogy a f\u00f6ld f\u00f6l\u00e9 emelkedjenek, hogy mad\u00e1rt\u00e1vlatb\u00f3l l\u00e1ss\u00e1k a vil\u00e1got, hogy hamarabb tov\u00e1bb\u00edts\u00e1k a h\u00edreket \u00e9s seg\u00edts\u00e9get...\u201c.<\/p>\n\n\n\n<p>\u201eAm\u00edg valaki azt nem mondta, hogy nemcsak j\u00f3 h\u00edreket kell sz\u00e1ll\u00edtani....\u201c<\/p>\n\n\n\n<p>\u201eHanem bomb\u00e1kat is,\u201c h\u00fcmm\u00f6gtek most m\u00e1r mindketten.<\/p>\n\n\n\n<p>\u201eHmm \u2013 ilyen az \u00e9let.\u201c<\/p>\n\n\n\n<p>\u201eIlyen, igen,\u201c \u00e9s most nem volt okosabb v\u00e1laszuk.<\/p>\n\n\n\n<p>\u201eAkkor ezzel megyek,\u201c \u00fct\u00f6getett meg Maxi most egy m\u00e1sik g\u00e9pet, amely megtetszett neki.<\/p>\n\n\n\n<p>\u201eEz egy helikopter, ezzel ugyan nem sok mindent tudn\u00e1nk az \u00e9gre festeni,\u201c mosolygott Kask\u00f3.<\/p>\n\n\n\n<p>\u201eAkkor itt, ezek a g\u00e9pek, igaz\u00e1n vag\u00e1nyak,\u201c mutatott Maxi a szomsz\u00e9dos helyis\u00e9gre, amely szint\u00e9n tele volt rep\u00fcl\u0151g\u00e9pekkel.<\/p>\n\n\n\n<p>\u201eEzek eln\u00f6ki g\u00e9pek, ezekkel nem kellene rep\u00fcln\u00fcnk.\u201c<\/p>\n\n\n\n<p>\u201e\u00dagy \u00e9rted, hogy ezzel a k\u00f6zt\u00e1rsas\u00e1gi eln\u00f6k\u00f6k rep\u00fcltek?\u201c k\u00e9rdezte Maxi \u00f3vatosan \u00e9s arra gondolt, nem is lehet rossz, eln\u00f6kk\u00e9nt egy ilyen g\u00e9ppel rep\u00fclni.<\/p>\n\n\n\n<p>\u201eItt van p\u00e9ld\u00e1ul ez, l\u00e1tod? Rajta a Szlov\u00e1kia felirat, ebben biztosan \u00fclt m\u00e1r sok eln\u00f6k \u00e9s jeles szem\u00e9lyis\u00e9g,\u201c mutatott Kask\u00f3 egy nagy feh\u00e9r rep\u00fcl\u0151g\u00e9pre, amit Maxi azonnal fel is ismert a t\u00e9v\u00e9b\u0151l, mert nemcsak eln\u00f6k\u00f6ket, hanem sportol\u00f3kat, hokist\u00e1kat is l\u00e1tott bel\u0151le kisz\u00e1llni....\u201c<\/p>\n\n\n\n<p>\u201e\u00c9s a t\u00f6bbiben nem?\u201c puhatol\u00f3zott Maxi \u00f3vatosan.<\/p>\n\n\n\n<p>\u201eA t\u00f6bbi g\u00e9pet m\u00e1s orsz\u00e1gok eln\u00f6keit\u0151l kapta aj\u00e1nd\u00e9kba a mi k\u00f6zt\u00e1rsas\u00e1gi eln\u00f6k\u00fcnk, aki egy\u00e9bk\u00e9nt Haravar\u00e1b\u00f3l sz\u00e1rmazik.\u201c<\/p>\n\n\n\n<p>\u201eT\u00e9nyleg?\u201c Maxi k\u00f6zelebbr\u0151l is megn\u00e9zte a g\u00e9peket \u00e9s olvasgatta, honnan \u00e9rkeztek ezek a g\u00e9pek.<\/p>\n\n\n\n<p>\u201e\u00dch\u00fcm, \u00e9s ezeket az aj\u00e1nd\u00e9kba kapott rep\u00fcl\u0151g\u00e9peket a mi eln\u00f6k\u00fcnk idehozta, egy m\u00fazeumba, hogy minden haravarai lakos megn\u00e9zhesse \u0151ket,\u201c fejezte be Kask\u00f3 a mondand\u00f3j\u00e1t.<\/p>\n\n\n\n<p>\u201eIgaz\u00e1n sz\u00e9pek, de azt m\u00e9g mindig nem tudjuk, hogy melyik g\u00e9ppel fogunk az \u00e9gre festeni,\u201c juttatta Kask\u00f3 esz\u00e9be Maxi, hogy mi\u00e9rt is j\u00f6ttek.<\/p>\n\n\n\n<p>\u201eDe tudjuk!\u201c<\/p>\n\n\n\n<p>\u201eIgen?\u201c forgol\u00f3dott Max \u00e9s arra pr\u00f3b\u00e1lt r\u00e1j\u00f6nni, melyik g\u00e9pre gondolhat Kask\u00f3.<\/p>\n\n\n\n<p>\u201eH\u00e1t persze.\u201c<\/p>\n\n\n\n<p>\u201eAkkor h\u00e1t, melyikkel?\u201c<\/p>\n\n\n\n<p>\u201eEzzel itt!\u201c mutatott r\u00e1 Kask\u00f3 hat\u00e1rozottan egy g\u00e9pre, amelynek el\u00f6l volt egy propellerje \u00e9s egy kicsit \u00fagy n\u00e9zett ki....h\u00e1t, mint egy nagy bog\u00e1r.<\/p>\n\n\n\n<p>\u201eDeh\u00e1t ez olyan kicsi, lapos a sz\u00e1rnya \u00e9s ...\u201c Maxi nem \u00e9rtette, hogy Kask\u00f3 mi\u00e9rt pont erre a rep\u00fcl\u0151g\u00e9pre mutatott r\u00e1.<\/p>\n\n\n\n<p>\u201eEz egy olyan g\u00e9p, amely t\u00f6bbek k\u00f6z\u00f6tt permetezni is tud...\u201c<\/p>\n\n\n\n<p>\u201eAz utakat is meg tudja sz\u00f3rni s\u00f3val, hogy ne cs\u00fasszanak?\u201c Maxi m\u00e1r el is k\u00e9pzelte, hogyan hull le a s\u00f3 az \u00e9gb\u0151l.<\/p>\n\n\n\n<p>\u201eH\u00e1t persze, a jeges \u00fat felett rep\u00fclve az ut\u00f3kat is megsz\u00f3rta s\u00f3val!\u201c \u00fct\u00f6gette meg Kask\u00f3 a homlok\u00e1t.<\/p>\n\n\n\n<p>\u201eIgen, \u00e9s azt\u00e1n j\u00f6tt az aut\u00f3fal\u00f3 \u00e9s mindet megette,\u201c jelentette ki Maxi.<\/p>\n\n\n\n<p>\u201eHogy ki? Az aut\u00f3fal\u00f3?\u201c<\/p>\n\n\n\n<p>\u201eIgen, az egy olyan sz\u00f6rnyf\u00e9le, aki s\u00f3zott rep\u00fcl\u0151g\u00e9peket eszik,\u201c pr\u00f3b\u00e1lt viccelni Maxi.<\/p>\n\n\n\n<p>\u201eTe vagy egy nagy aut\u00f3fal\u00f3,\u201c nevetett Kask\u00f3, \u201eez a rep\u00fcl\u0151g\u00e9p a sz\u00e1nt\u00f3f\u00f6ldeket permetezte, hogy megel\u0151zze a n\u00f6v\u00e9nyek betegs\u00e9geit.\u201c<\/p>\n\n\n\n<p>\u201e\u00c9s most?\u201c<\/p>\n\n\n\n<p>\u201eMost pedig, oda, ahol kor\u00e1bban a permetez\u0151 szerek voltak...\u201c<\/p>\n\n\n\n<p>\u201eOda tessz\u00fck a fest\u00e9ket,\u201c Maxi majd kiugrott a b\u0151r\u00e9b\u0151l, amikor meg\u00e9rtette, hogyan fognak az \u00e9gre festeni.<\/p>\n\n\n\n<p>\u201eIgen, nevezhetj\u00fck fest\u00e9knek is\u2026...\u201c<\/p>\n\n\n\n<p>\u201eAkkor gyer\u00fcnk, csin\u00e1ljuk\u2026\u201c ki\u00e1ltotta Maxi t\u00fcrelmetlen\u00fcl, \u00e9s m\u00e1ris be akart m\u00e1szni a g\u00e9pbe, hogy felsz\u00e1lljanak.<\/p>\n\n\n\n<p>\u201eIndulok,\u201c mondta Kask\u00f3, \u00e9s elindult ellenkez\u0151 ir\u00e1nyba.<\/p>\n\n\n\n<p>\u201eNade Kask\u00f3!\u201c Maxi nem \u00e9rtette, mit csin\u00e1l a kis szellem.<\/p>\n\n\n\n<p>\u201eIgen?\u201c fordult vissza rept\u00e9ben Kask\u00f3.<\/p>\n\n\n\n<p>\u201eOtt van az a rep\u00fcl\u0151, amelyik tud az \u00e9gre \u00edrni,\u201c mutatott r\u00e1 Kask\u00f3 arra a g\u00e9pre, amelyet Kask\u00f3 v\u00e1lasztott ki.<\/p>\n\n\n\n<p>\u201eDe itt vannak a m\u0171szerek, amelyeket be kell kapcsolnunk,\u201c mutatott ez\u00fattal Kask\u00f3 egy m\u00e1sik helyis\u00e9g fel\u00e9.<\/p>\n\n\n\n<p>\u201eMif\u00e9le m\u0171szerek?\u201c csod\u00e1lkozott Maxi, \u00e9s arra gondolt, hogy ebb\u0151l az \u00e9gre \u00edr\u00e1sb\u00f3l soha nem lesz semmi.<\/p>\n\n\n\n<p>\u201eAbban a toronyban, kis bar\u00e1tom, olyan r\u00e9gi m\u0171szerek vannak, amelyre minden pil\u00f3t\u00e1nak sz\u00fcks\u00e9ge van,\u201c mutatott r\u00e1 Kask\u00f3 a kassai rep\u00fcl\u0151t\u00e9r k\u00f6zel\u00e9ben magasod\u00f3 toronyra.<\/p>\n\n\n\n<p>\u201e\u00c9s mi van abban a toronyban?\u201c<\/p>\n\n\n\n<p>\u201eOtt vannak a leg\u00e9rz\u00e9kenyebb m\u0171szerek, amelyek el\u0151re jelzik az id\u0151j\u00e1r\u00e1st, meg tudj\u00e1k mondani, hogy fognak viselkedni a felh\u0151k \u00e9s...\u201c.<\/p>\n\n\n\n<p>\u201eDe ezt elolvashatjuk az id\u0151j\u00e1r\u00e1s-el\u0151rejelz\u00e9sben is, igaz?\u201c, juttatta Kask\u00f3 esz\u00e9be Maxi.<\/p>\n\n\n\n<p>\u201eAz id\u0151j\u00e1r\u00e1s el\u0151rejelz\u00e9s arr\u00f3l sz\u00f3l, hogy a f\u00f6ld\u00f6n milyen id\u0151nk lesz.\u201c<\/p>\n\n\n\n<p>\u201e\u00c1, \u00e9s mi ett\u0151l magasabbra megy\u00fcnk!\u201c \u00e9rtette meg Maxi.<\/p>\n\n\n\n<p>\u201ePontosan.\u201c<\/p>\n\n\n\n<p>\u201e\u00c9s mi\u00e9rt nem megy\u00fcnk fel abba a toronyba?\u201c<\/p>\n\n\n\n<p>\u201eOda nem engedn\u00e9nek be minket, de szerencs\u00e9re itt a m\u00fazeumban ki\u00e1ll\u00edtott\u00e1k a l\u00e9gi ir\u00e1ny\u00edt\u00e1s m\u0171szereit, \u00e9s \u00edgy mindent el\u0151 tudunk k\u00e9sz\u00edteni,\u201c jelentette ki Kask\u00f3 \u00e9s m\u00e1r kezdte ki keresni, melyik m\u0171szert kellene haszn\u00e1lnia.<\/p>\n\n\n\n<p>\u201e\u00c9s akkor holnap felrep\u00fclhet\u00fcnk?\u201c<\/p>\n\n\n\n<p>\u201e\u00c9n azt hiszem, hogy m\u00e1r ma,\u201c mosolygott Kask\u00f3 titokzatosan Maxira.<\/p>\n\n\n\n<p>\u201eAkkor el kell mennem Maj\u00e1\u00e9rt,\u201c rikkantotta Maxi \u00e9s a kij\u00e1rat fel\u00e9 rohant.<\/p>\n\n\n\n<p>\u201eNem m\u00e9sz te sehova!\u201c \u00e1ll\u00edtotta meg Kask\u00f3 a haverj\u00e1t, \u00e9s el\u00e9 \u00e1llt a f\u00e9lig \u00e1ttetsz\u0151 test\u00e9vel.<\/p>\n\n\n\n<p>Ka\u0161ko elvitte Max\u00edkot a m\u00fazeum tov\u00e1bbi r\u00e9sz\u00e9be ir\u00e1ny\u00edtotta, ahol gy\u00f6ny\u00f6r\u0171 automobilok \u00e1lltak.<\/p>\n\n\n\n<p>\u201eDe \u00e9n nem tudok aut\u00f3t vezetni.\u201c<\/p>\n\n\n\n<p>\u201e\u00c9n viszont igen.\u201c<\/p>\n\n\n\n<p>\u201eDe hiszen ez egy m\u00fazeum,\u201c mondta Maxi, j\u00f3l tudva, hogy a m\u00fazeumb\u00f3l nem szabad elvinni semmit sem.<\/p>\n\n\n\n<p>\u201e\u00c9n Haravara szelleme vagyok, \u00e9s \u0151 pedig, k\u00e9rem sz\u00e9pen, a haravari \u00e9gbolt szelleme.\u201c<\/p>\n\n\n\n<p>\u00c9s erre egy szellem jelent meg el\u0151tt\u00fck, aki egy fura kezesl\u00e1bast viselt, a fej\u00e9n egy r\u00e9gi pil\u00f3tasisak volt, sz\u00e1j\u00e1ban fogv\u00e1j\u00f3 \u00e9s folyton csak mosolygott.<\/p>\n\n\n\n<p>\u201e\u0150 az unokatestv\u00e9rem, Csillagszem\u0171,\u201c mutatta be Kask\u00f3 a j\u00f6vev\u00e9nyt \u00e9s szorosan meg\u00f6lelte.<\/p>\n\n\n\n<p>\u201e\u00d6rvendek, \u00e9n Maxi vagyok,\u201c mutatkozott be Maxi illedelmesen.<\/p>\n\n\n\n<p>\u201eMegint kedvet kapt\u00e1l egy kis rep\u00fcl\u00e9shez?\u201c n\u00e9zett Csillagszem\u0171 az unokatestv\u00e9r\u00e9re.<\/p>\n\n\n\n<p>\u201eDe most nemcsak egy rep\u00fcl\u00e9sr\u0151l lenne sz\u00f3,\u201c kacsintott Kask\u00f3 v\u00e1laszul.<\/p>\n\n\n\n<p>\u201eHogyhogy nemcsak?\u201c n\u00e9zett k\u00e9rd\u0151n Csillagszem\u0171.<\/p>\n\n\n\n<p>Kask\u00f3 erre elmagyar\u00e1zta neki, mit k\u00e9sz\u00edtenek Maj\u00e1nak, \u00e9s hogy azt szeretn\u00e9 az \u00e9gre \u00edrni: Szeret\u00fcnk Maja, te vagy a legjobb!<\/p>\n\n\n\n<p>\u00c9s akkor beindult a meglepet\u00e9s lebonyol\u00edt\u00e1sa.<\/p>\n\n\n\n<p>Csillagszem\u0171 k\u00f6lcs\u00f6nadott Maxinak egy r\u00e9gi ker\u00e9kp\u00e1rt a m\u00fazeumi gy\u0171jtem\u00e9nyb\u0151l, Kask\u00f3nak pedig megengedte, hogy egy veter\u00e1n automobilt vezessen, amilyet m\u00e1r csak a r\u00e9gi filmekben l\u00e1tunk. \u00cdgy indultak el Maj\u00e1\u00e9rt.<\/p>\n\n\n\n<p>Maja kiss\u00e9 meglep\u0151d\u00f6tt, de Kask\u00f3val nem ez volt az els\u0151 eset, sz\u00f3val, tulajdonk\u00e9ppen m\u00e1r megszokta.<\/p>\n\n\n\n<p>Be\u00fclt az aut\u00f3ba \u00e9s elindultak a haravarai rep\u00fcl\u0151t\u00e9r fel\u00e9, ahol a rep\u00fcl\u0151m\u00fazeum tal\u00e1lhat\u00f3. \u00c9ppen akkor \u00e9rtek oda, amikor egy g\u00e9p, nyaral\u00f3kkal a fed\u00e9lzet\u00e9n, a magasba emelkedett.<\/p>\n\n\n\n<p>Maja \u00e1lmodozva feln\u00e9zett az \u00e9gre \u00e9s arra gondolt, milyen j\u00f3 lenne nyaralni, rep\u00fcl\u0151re sz\u00e1llni.....\u00e9s akkor... egyszercsak....<\/p>\n\n\n\n<p>Egy rep\u00fcl\u0151 jelent meg \u00e9s egy sz\u00ednes feliratot \u00edrt az \u00e9gre:<\/p>\n\n\n\n<p><strong>Maja, szeret\u00fcnk, te vagy a legjobb bar\u00e1t \u00e9s testv\u00e9r!<\/strong><strong>!<\/strong><\/p>\n\n\n\n<p>Mire Maja mag\u00e1hoz t\u00e9rt, m\u00e1r azt is \u00e9szrevette, hogy a rep\u00fcl\u0151n \u00fcl valaki. El\u0151vette a t\u00e1sk\u00e1j\u00e1b\u00f3l a t\u00e1vcs\u00f6vet, \u00e9s.....<\/p>\n\n\n\n<p>\u201eNa persze, Kask\u00f3,\u201c \u00e9s f\u00fclig \u00e9rt a sz\u00e1ja, boldogan integetett.<\/p>\n\n\n\n<p>Maxi pedig egy r\u00e9gi ker\u00e9kp\u00e1ron k\u00f6zeledett fel\u00e9, kez\u00e9ben \u00f3ri\u00e1si csokorral.<\/p>\n\n\n\n<p>\u201eEz volt a legeslegszebb sz\u00fclet\u00e9snapom,\u201c mondta Maja Maxinak. \u201eTe vagy a legjobb testv\u00e9re a vil\u00e1gon, te pedig a legjobb szellem!\u201c kiab\u00e1lta felh\u0151k fel\u00e9.<\/p>\n\n\n\n<p>Amikor Kask\u00f3 v\u00e9gre lesz\u00e1llt a f\u00f6ldre, m\u00e9g nem mentek haza, sok\u00e1ig s\u00e9t\u00e1lgattak a m\u00fazeumban, ahol Csillagszem\u0171 mes\u00e9lt nekik hihetetlen t\u00f6rt\u00e9neteket a rep\u00fcl\u0151g\u00e9pekr\u0151l, az aut\u00f3kr\u00f3l \u00e9s m\u0171szerekr\u0151l a Haravara f\u0151v\u00e1ros\u00e1ban tal\u00e1lhat\u00f3 Rep\u00fcl\u0151m\u00fazeumban.<\/p>\n\n\n<div class=\"wp-block-image\">\n<figure class=\"aligncenter size-large is-resized\"><img decoding=\"async\" width=\"701\" height=\"1024\" src=\"https:\/\/www.haravara.sk\/wp-content\/uploads\/2021\/03\/KASO-1-701x1024.png\" alt=\"\" class=\"wp-image-333\" style=\"width:317px;height:462px\" srcset=\"https:\/\/www.haravara.sk\/wp-content\/uploads\/2021\/03\/KASO-1-701x1024.png 701w, https:\/\/www.haravara.sk\/wp-content\/uploads\/2021\/03\/KASO-1-205x300.png 205w, https:\/\/www.haravara.sk\/wp-content\/uploads\/2021\/03\/KASO-1-768x1122.png 768w, https:\/\/www.haravara.sk\/wp-content\/uploads\/2021\/03\/KASO-1.png 821w\" sizes=\"(max-width: 701px) 100vw, 701px\" \/><\/figure>\n<\/div>","protected":false},"excerpt":{"rendered":"<p>Zozn\u00e1mte sa s pr\u00edbehom krajiny Haravara a duchom Ka\u0161kom, ktor\u00fd v\u00e1s zoberie na tie najkraj\u0161ie miesta v celom okol\u00ed, napl\u00e1nuje v\u00fdlety alebo rozpovie svoje pr\u00edbehy. <\/p>","protected":false},"featured_media":20316,"menu_order":0,"template":"","format":"standard","meta":{"_acf_changed":false,"footnotes":""},"categories":[],"class_list":["post-20121","pribehy","type-pribehy","status-publish","format-standard","has-post-thumbnail","hentry"],"acf":[],"yoast_head":"<!-- This site is optimized with the Yoast SEO Premium plugin v22.7 (Yoast SEO v27.2) - https:\/\/yoast.com\/product\/yoast-seo-premium-wordpress\/ -->\n<title>HARAVARA Ako Ka\u0161ko s\u00a0Maxom ma\u013eovali na nebo<\/title>\n<meta name=\"description\" content=\"\u010carovn\u00e1 rozpr\u00e1vka z Haravary o Maxovi a duchovi Ka\u0161kovi, ktor\u00ed chc\u00fa pote\u0161i\u0165 kamar\u00e1tku Majku. Spolo\u010dne v m\u00fazeu lietadiel n\u00e1jdu sp\u00f4sob, ako nap\u00edsa\u0165 na oblohu kr\u00e1sny odkaz priate\u013estva.\" \/>\n<meta name=\"robots\" content=\"index, follow, max-snippet:-1, max-image-preview:large, max-video-preview:-1\" \/>\n<link rel=\"canonical\" href=\"https:\/\/www.haravara.sk\/hu\/pribehy\/ako-kasko-s-maxom-malovali-na-nebo\/\" \/>\n<meta property=\"og:locale\" content=\"hu_HU\" \/>\n<meta property=\"og:type\" content=\"article\" \/>\n<meta property=\"og:title\" content=\"Ako Ka\u0161ko s\u00a0Maxom ma\u013eovali na nebo\" \/>\n<meta property=\"og:description\" content=\"\u010carovn\u00e1 rozpr\u00e1vka z Haravary o Maxovi a duchovi Ka\u0161kovi, ktor\u00ed chc\u00fa pote\u0161i\u0165 kamar\u00e1tku Majku. Spolo\u010dne v m\u00fazeu lietadiel n\u00e1jdu sp\u00f4sob, ako nap\u00edsa\u0165 na oblohu kr\u00e1sny odkaz priate\u013estva.\" \/>\n<meta property=\"og:url\" content=\"https:\/\/www.haravara.sk\/hu\/pribehy\/ako-kasko-s-maxom-malovali-na-nebo\/\" \/>\n<meta property=\"og:site_name\" content=\"HARAVARA\" \/>\n<meta property=\"article:publisher\" content=\"https:\/\/www.facebook.com\/haravara.detsky.svet\" \/>\n<meta property=\"article:modified_time\" content=\"2025-10-12T23:09:07+00:00\" \/>\n<meta property=\"og:image\" content=\"https:\/\/www.haravara.sk\/wp-content\/uploads\/2025\/09\/Haravara-pribehove-ilustracie-FB-70.png\" \/>\n\t<meta property=\"og:image:width\" content=\"1200\" \/>\n\t<meta property=\"og:image:height\" content=\"628\" \/>\n\t<meta property=\"og:image:type\" content=\"image\/png\" \/>\n<meta name=\"twitter:card\" content=\"summary_large_image\" \/>\n<meta name=\"twitter:label1\" content=\"Becs\u00fclt olvas\u00e1si id\u0151\" \/>\n\t<meta name=\"twitter:data1\" content=\"11 perc\" \/>\n<script type=\"application\/ld+json\" class=\"yoast-schema-graph\">{\"@context\":\"https:\/\/schema.org\",\"@graph\":[{\"@type\":\"WebPage\",\"@id\":\"https:\/\/www.haravara.sk\/pribehy\/ako-kasko-s-maxom-malovali-na-nebo\/\",\"url\":\"https:\/\/www.haravara.sk\/pribehy\/ako-kasko-s-maxom-malovali-na-nebo\/\",\"name\":\"HARAVARA Ako Ka\u0161ko s\u00a0Maxom ma\u013eovali na nebo\",\"isPartOf\":{\"@id\":\"https:\/\/www.haravara.sk\/#website\"},\"primaryImageOfPage\":{\"@id\":\"https:\/\/www.haravara.sk\/pribehy\/ako-kasko-s-maxom-malovali-na-nebo\/#primaryimage\"},\"image\":{\"@id\":\"https:\/\/www.haravara.sk\/pribehy\/ako-kasko-s-maxom-malovali-na-nebo\/#primaryimage\"},\"thumbnailUrl\":\"https:\/\/www.haravara.sk\/wp-content\/uploads\/2025\/09\/Haravara-pribehove-ilustracie-FB-69.png\",\"datePublished\":\"2025-09-18T18:17:07+00:00\",\"dateModified\":\"2025-10-12T23:09:07+00:00\",\"description\":\"\u010carovn\u00e1 rozpr\u00e1vka z Haravary o Maxovi a duchovi Ka\u0161kovi, ktor\u00ed chc\u00fa pote\u0161i\u0165 kamar\u00e1tku Majku. Spolo\u010dne v m\u00fazeu lietadiel n\u00e1jdu sp\u00f4sob, ako nap\u00edsa\u0165 na oblohu kr\u00e1sny odkaz priate\u013estva.\",\"breadcrumb\":{\"@id\":\"https:\/\/www.haravara.sk\/pribehy\/ako-kasko-s-maxom-malovali-na-nebo\/#breadcrumb\"},\"inLanguage\":\"hu\",\"potentialAction\":[{\"@type\":\"ReadAction\",\"target\":[\"https:\/\/www.haravara.sk\/pribehy\/ako-kasko-s-maxom-malovali-na-nebo\/\"]}]},{\"@type\":\"ImageObject\",\"inLanguage\":\"hu\",\"@id\":\"https:\/\/www.haravara.sk\/pribehy\/ako-kasko-s-maxom-malovali-na-nebo\/#primaryimage\",\"url\":\"https:\/\/www.haravara.sk\/wp-content\/uploads\/2025\/09\/Haravara-pribehove-ilustracie-FB-69.png\",\"contentUrl\":\"https:\/\/www.haravara.sk\/wp-content\/uploads\/2025\/09\/Haravara-pribehove-ilustracie-FB-69.png\",\"width\":1200,\"height\":628},{\"@type\":\"BreadcrumbList\",\"@id\":\"https:\/\/www.haravara.sk\/pribehy\/ako-kasko-s-maxom-malovali-na-nebo\/#breadcrumb\",\"itemListElement\":[{\"@type\":\"ListItem\",\"position\":1,\"name\":\"Domov\",\"item\":\"https:\/\/www.haravara.sk\/\"},{\"@type\":\"ListItem\",\"position\":2,\"name\":\"Pr\u00edbehy\",\"item\":\"https:\/\/www.haravara.sk\/pribehy\/\"},{\"@type\":\"ListItem\",\"position\":3,\"name\":\"Ako Ka\u0161ko s\u00a0Maxom ma\u013eovali na nebo\"}]},{\"@type\":\"WebSite\",\"@id\":\"https:\/\/www.haravara.sk\/#website\",\"url\":\"https:\/\/www.haravara.sk\/\",\"name\":\"HARAVARA\",\"description\":\"Objav detsk\u00fd svet v Ko\u0161ickom kraji\",\"publisher\":{\"@id\":\"https:\/\/www.haravara.sk\/#organization\"},\"potentialAction\":[{\"@type\":\"SearchAction\",\"target\":{\"@type\":\"EntryPoint\",\"urlTemplate\":\"https:\/\/www.haravara.sk\/?s={search_term_string}\"},\"query-input\":{\"@type\":\"PropertyValueSpecification\",\"valueRequired\":true,\"valueName\":\"search_term_string\"}}],\"inLanguage\":\"hu\"},{\"@type\":\"Organization\",\"@id\":\"https:\/\/www.haravara.sk\/#organization\",\"name\":\"Haravara\",\"url\":\"https:\/\/www.haravara.sk\/\",\"logo\":{\"@type\":\"ImageObject\",\"inLanguage\":\"hu\",\"@id\":\"https:\/\/www.haravara.sk\/#\/schema\/logo\/image\/\",\"url\":\"https:\/\/www.haravara.sk\/wp-content\/uploads\/2021\/04\/LOGO-LandingPage.png\",\"contentUrl\":\"https:\/\/www.haravara.sk\/wp-content\/uploads\/2021\/04\/LOGO-LandingPage.png\",\"width\":832,\"height\":618,\"caption\":\"Haravara\"},\"image\":{\"@id\":\"https:\/\/www.haravara.sk\/#\/schema\/logo\/image\/\"},\"sameAs\":[\"https:\/\/www.facebook.com\/haravara.detsky.svet\"]}]}<\/script>\n<!-- \/ Yoast SEO Premium plugin. -->","yoast_head_json":{"title":"HARAVARA Ako Ka\u0161ko s\u00a0Maxom ma\u013eovali na nebo","description":"\u010carovn\u00e1 rozpr\u00e1vka z Haravary o Maxovi a duchovi Ka\u0161kovi, ktor\u00ed chc\u00fa pote\u0161i\u0165 kamar\u00e1tku Majku. Spolo\u010dne v m\u00fazeu lietadiel n\u00e1jdu sp\u00f4sob, ako nap\u00edsa\u0165 na oblohu kr\u00e1sny odkaz priate\u013estva.","robots":{"index":"index","follow":"follow","max-snippet":"max-snippet:-1","max-image-preview":"max-image-preview:large","max-video-preview":"max-video-preview:-1"},"canonical":"https:\/\/www.haravara.sk\/hu\/pribehy\/ako-kasko-s-maxom-malovali-na-nebo\/","og_locale":"hu_HU","og_type":"article","og_title":"Ako Ka\u0161ko s\u00a0Maxom ma\u013eovali na nebo","og_description":"\u010carovn\u00e1 rozpr\u00e1vka z Haravary o Maxovi a duchovi Ka\u0161kovi, ktor\u00ed chc\u00fa pote\u0161i\u0165 kamar\u00e1tku Majku. Spolo\u010dne v m\u00fazeu lietadiel n\u00e1jdu sp\u00f4sob, ako nap\u00edsa\u0165 na oblohu kr\u00e1sny odkaz priate\u013estva.","og_url":"https:\/\/www.haravara.sk\/hu\/pribehy\/ako-kasko-s-maxom-malovali-na-nebo\/","og_site_name":"HARAVARA","article_publisher":"https:\/\/www.facebook.com\/haravara.detsky.svet","article_modified_time":"2025-10-12T23:09:07+00:00","og_image":[{"width":1200,"height":628,"url":"https:\/\/www.haravara.sk\/wp-content\/uploads\/2025\/09\/Haravara-pribehove-ilustracie-FB-70.png","type":"image\/png"}],"twitter_card":"summary_large_image","twitter_misc":{"Becs\u00fclt olvas\u00e1si id\u0151":"11 perc"},"schema":{"@context":"https:\/\/schema.org","@graph":[{"@type":"WebPage","@id":"https:\/\/www.haravara.sk\/pribehy\/ako-kasko-s-maxom-malovali-na-nebo\/","url":"https:\/\/www.haravara.sk\/pribehy\/ako-kasko-s-maxom-malovali-na-nebo\/","name":"HARAVARA Ako Ka\u0161ko s\u00a0Maxom ma\u013eovali na nebo","isPartOf":{"@id":"https:\/\/www.haravara.sk\/#website"},"primaryImageOfPage":{"@id":"https:\/\/www.haravara.sk\/pribehy\/ako-kasko-s-maxom-malovali-na-nebo\/#primaryimage"},"image":{"@id":"https:\/\/www.haravara.sk\/pribehy\/ako-kasko-s-maxom-malovali-na-nebo\/#primaryimage"},"thumbnailUrl":"https:\/\/www.haravara.sk\/wp-content\/uploads\/2025\/09\/Haravara-pribehove-ilustracie-FB-69.png","datePublished":"2025-09-18T18:17:07+00:00","dateModified":"2025-10-12T23:09:07+00:00","description":"\u010carovn\u00e1 rozpr\u00e1vka z Haravary o Maxovi a duchovi Ka\u0161kovi, ktor\u00ed chc\u00fa pote\u0161i\u0165 kamar\u00e1tku Majku. Spolo\u010dne v m\u00fazeu lietadiel n\u00e1jdu sp\u00f4sob, ako nap\u00edsa\u0165 na oblohu kr\u00e1sny odkaz priate\u013estva.","breadcrumb":{"@id":"https:\/\/www.haravara.sk\/pribehy\/ako-kasko-s-maxom-malovali-na-nebo\/#breadcrumb"},"inLanguage":"hu","potentialAction":[{"@type":"ReadAction","target":["https:\/\/www.haravara.sk\/pribehy\/ako-kasko-s-maxom-malovali-na-nebo\/"]}]},{"@type":"ImageObject","inLanguage":"hu","@id":"https:\/\/www.haravara.sk\/pribehy\/ako-kasko-s-maxom-malovali-na-nebo\/#primaryimage","url":"https:\/\/www.haravara.sk\/wp-content\/uploads\/2025\/09\/Haravara-pribehove-ilustracie-FB-69.png","contentUrl":"https:\/\/www.haravara.sk\/wp-content\/uploads\/2025\/09\/Haravara-pribehove-ilustracie-FB-69.png","width":1200,"height":628},{"@type":"BreadcrumbList","@id":"https:\/\/www.haravara.sk\/pribehy\/ako-kasko-s-maxom-malovali-na-nebo\/#breadcrumb","itemListElement":[{"@type":"ListItem","position":1,"name":"Domov","item":"https:\/\/www.haravara.sk\/"},{"@type":"ListItem","position":2,"name":"Pr\u00edbehy","item":"https:\/\/www.haravara.sk\/pribehy\/"},{"@type":"ListItem","position":3,"name":"Ako Ka\u0161ko s\u00a0Maxom ma\u013eovali na nebo"}]},{"@type":"WebSite","@id":"https:\/\/www.haravara.sk\/#website","url":"https:\/\/www.haravara.sk\/","name":"HARAVARA","description":"Objav detsk\u00fd svet v Ko\u0161ickom kraji","publisher":{"@id":"https:\/\/www.haravara.sk\/#organization"},"potentialAction":[{"@type":"SearchAction","target":{"@type":"EntryPoint","urlTemplate":"https:\/\/www.haravara.sk\/?s={search_term_string}"},"query-input":{"@type":"PropertyValueSpecification","valueRequired":true,"valueName":"search_term_string"}}],"inLanguage":"hu"},{"@type":"Organization","@id":"https:\/\/www.haravara.sk\/#organization","name":"Haravara","url":"https:\/\/www.haravara.sk\/","logo":{"@type":"ImageObject","inLanguage":"hu","@id":"https:\/\/www.haravara.sk\/#\/schema\/logo\/image\/","url":"https:\/\/www.haravara.sk\/wp-content\/uploads\/2021\/04\/LOGO-LandingPage.png","contentUrl":"https:\/\/www.haravara.sk\/wp-content\/uploads\/2021\/04\/LOGO-LandingPage.png","width":832,"height":618,"caption":"Haravara"},"image":{"@id":"https:\/\/www.haravara.sk\/#\/schema\/logo\/image\/"},"sameAs":["https:\/\/www.facebook.com\/haravara.detsky.svet"]}]}},"_links":{"self":[{"href":"https:\/\/www.haravara.sk\/hu\/wp-json\/wp\/v2\/pribehy\/20121","targetHints":{"allow":["GET"]}}],"collection":[{"href":"https:\/\/www.haravara.sk\/hu\/wp-json\/wp\/v2\/pribehy"}],"about":[{"href":"https:\/\/www.haravara.sk\/hu\/wp-json\/wp\/v2\/types\/pribehy"}],"version-history":[{"count":3,"href":"https:\/\/www.haravara.sk\/hu\/wp-json\/wp\/v2\/pribehy\/20121\/revisions"}],"predecessor-version":[{"id":20319,"href":"https:\/\/www.haravara.sk\/hu\/wp-json\/wp\/v2\/pribehy\/20121\/revisions\/20319"}],"wp:featuredmedia":[{"embeddable":true,"href":"https:\/\/www.haravara.sk\/hu\/wp-json\/wp\/v2\/media\/20316"}],"wp:attachment":[{"href":"https:\/\/www.haravara.sk\/hu\/wp-json\/wp\/v2\/media?parent=20121"}],"wp:term":[{"taxonomy":"category","embeddable":true,"href":"https:\/\/www.haravara.sk\/hu\/wp-json\/wp\/v2\/categories?post=20121"}],"curies":[{"name":"wp","href":"https:\/\/api.w.org\/{rel}","templated":true}]}}