{"id":20177,"date":"2025-09-27T18:52:18","date_gmt":"2025-09-27T17:52:18","guid":{"rendered":"https:\/\/www.haravara.sk\/?post_type=pribehy&#038;p=20177"},"modified":"2025-10-13T00:07:58","modified_gmt":"2025-10-12T23:07:58","slug":"kasko-a-lieciva-jaskyna","status":"publish","type":"pribehy","link":"https:\/\/www.haravara.sk\/hu\/pribehy\/kasko-a-lieciva-jaskyna\/","title":{"rendered":"Kask\u00f3 \u00e9s a gy\u00f3gy\u00edt\u00f3 barlang"},"content":{"rendered":"<p class=\"has-drop-cap\">O&nbsp;&nbsp;&nbsp;&nbsp;&nbsp;&nbsp;&nbsp;&nbsp;&nbsp;<\/p>\n\n\n\n<p>dakint m\u00e9g s\u00f6t\u00e9t volt, a napocska nem igaz\u00e1n sietett felkelni, a sok-sok felh\u0151 lomh\u00e1n \u00faszott az \u00e9gen. Maxi \u00e9s Maja zen\u00e9t hallgattak, az id\u0151j\u00e1r\u00e1snak megfelel\u0151t, olyan sz\u00e9p, andal\u00edt\u00f3 melank\u00f3likus zen\u00e9t, amikor ....<\/p>\n\n\n\n<p>Bumm \u00e9s puff \u00e9s zutty \u00e9s reccs!<\/p>\n\n\n\n<p>\u201e\u00c1\u00e1\u00e1\u00e1\u00e1\u00e1\u00fa\u00fa\u00fa\u00fa\u201c hallatszott valahonnan.<\/p>\n\n\n\n<p>\u201eH\u00e1t ez mi volt?\u201c r\u00e9m\u00fclt meg Maja \u00e9s k\u00f6r\u00fcln\u00e9zett a szob\u00e1ban, ki ord\u00edt ilyen f\u00e1jdalmasan.<\/p>\n\n\n\n<p>\u201e\u00c9n nem tudom, de ink\u00e1bb gyorsan b\u00fajjunk el,\u201c mire Maxi megragadta a h\u00fag\u00e1t \u00e9s a szekr\u00e9ny m\u00f6g\u00e9 h\u00fazta.<\/p>\n\n\n\n<p>\u201eHallasz valamit?\u201c k\u00e9rdezte a reszket\u0151 egy kis id\u0151 eltelt\u00e9vel.<\/p>\n\n\n\n<p>\u201eNem\u201c, s\u00fagta Maxi.<\/p>\n\n\n\n<p>\u201e\u00d6sszed\u0151lt a h\u00e1z\u201c, mondta Maja lassan \u00e9s a szeme majd kipottyant, annyira meresztette f\u00e9lelm\u00e9ben.<\/p>\n\n\n\n<p>\u201eDehogy,\u201c nyugtatta Maxi.<\/p>\n\n\n\n<p>\u201eAzt meg honnan tudod?\u201c k\u00e9rdezte Maja \u00e9s finom megkocogtatta papucs\u00e1val a padl\u00f3t, hogy m\u00e9g a f\u00f6ld\u00f6n \u00e1llnak-e.<\/p>\n\n\n\n<p>\u201eMert a szekr\u00e9ny m\u00f6g\u00f6tt \u00fcl\u00fcnk,\u201c b\u00f6kte meg a homlok\u00e1t Maxi.<\/p>\n\n\n\n<p>\u201eAz igaz\u201c, mondta Maja egy kicsit nyugodtabban.<\/p>\n\n\n\n<p>\u201eNa l\u00e1tod,\u201c v\u00e1laszolt Maxi csendben \u00e9s lassan emelete fel a tekintet\u00e9t a padl\u00f3r\u00f3l, hogy l\u00e1ssa, mi volt az a nagy csatazaj.<\/p>\n\n\n\n<p>\u201eMi t\u00f6rt\u00e9nt itt?\u201c<\/p>\n\n\n\n<p>\u201eAzt nem tudom\u2026 pssszt\u201c tette az ujj\u00e1t a sz\u00e1j\u00e1ra Maxi \u00e9s figyelt.<\/p>\n\n\n\n<p>\u201eMi az?\u201c n\u00e9zett k\u00f6r\u00fcl Maja ijedten.<\/p>\n\n\n\n<p>\u201eHallod?\u201c k\u00e9rdezte Maxi eg\u00e9szen csendesen.<\/p>\n\n\n\n<p>\u201eValaki nehezen veszi a leveg\u0151t, pr\u00fcszk\u00f6l \u00e9s kr\u00e1kog,\u201c pr\u00f3b\u00e1lta Maja megfejteni a hangokat.<\/p>\n\n\n\n<p>\u201eMintha valaki beteg lenne, \u201c gondolkozott Maxi \u00e9s \u00f6sszeszedve a b\u00e1tors\u00e1g\u00e1t kidugta a fej\u00e9t.<\/p>\n\n\n\n<p>\u201e\u00c9n vagyok az\u201c \u2013 hangzott a padl\u00f3r\u00f3l.<\/p>\n\n\n\n<p>\u201eHallottad?\u201c Maxi most m\u00e1r eg\u00e9szen felb\u00e1torodott \u00e9s sz\u00e9tn\u00e9zett a szob\u00e1ban.<\/p>\n\n\n\n<p>\u201eNagyon halk volt\u201c, most m\u00e1r Maja is odamer\u00e9szkedett \u00e9s f\u00e9lszemmel kikukucsk\u00e1lt.<\/p>\n\n\n\n<p>\u201e\u00c9s olyan rekedtes\u201c, Maxi m\u00e9g mindig az ismeretlen l\u00e9nyt kereste.<\/p>\n\n\n\n<p>\u201eDe mintha valaki azt mondta volna...\u201c pr\u00f3b\u00e1lta Maja felid\u00e9zni az er\u0151tlen szavakat.<\/p>\n\n\n\n<p>\u201e\u00c9n vagyok az, Kask\u00f3\u201c hangzott most m\u00e1r egy picit er\u0151sebben.<\/p>\n\n\n\n<p>Mindketten el\u0151b\u00fajtak a szekr\u00e9ny m\u00f6g\u00fcl \u00e9s a padl\u00f3n megl\u00e1tt\u00e1k szellembar\u00e1tukat, Kask\u00f3t. Maxi r\u00f6gt\u00f6n fel\u00e9 hajolt, Maja m\u00e9g mindig eg\u00e9szen meglep\u0151dve \u00e1llt, alig tudott mozdulni. Kask\u00f3 \u00e1ltal\u00e1ban repked a szob\u00e1ban, nem pedig fekszik.<\/p>\n\n\n\n<p>\u201eKask\u00f3, mi t\u00f6rt\u00e9nt veled?\u201c szak\u00edtotta f\u00e9lbe Maxi a kr\u00e1kog\u00e1st \u00e9s szip\u00e1kol\u00e1st.<\/p>\n\n\n\n<p>\u201eAzt hiszem, megbetegedtem,\u201c szuszogta Kask\u00f3 olyan hangon, mintha egy kisz\u00e1radt g\u0151zmozdony lett volna a tork\u00e1ban.<\/p>\n\n\n\n<p>\u201eV\u00e1rj csak, mindj\u00e1rt meggy\u00f3gy\u00edtunk,\u201c ki\u00e1ltott fel Maja \u00e9s a konyh\u00e1ba szaladt.<\/p>\n\n\n\n<p>\u201eItt is van, \u201c p\u00e1r perc m\u00falva m\u00e1r adta is Kask\u00f3nak a m\u00e9zet, valami orvoss\u00e1gf\u00e9l\u00e9t \u00e9s te\u00e1t f\u0151z\u00f6tt.<\/p>\n\n\n\n<p>\u201eGyerekek, ez nem seg\u00edt rajtam, \u201c \u00fclt fel Kask\u00f3 a szellemfarkinc\u00e1j\u00e1ra t\u00e1maszkodva.<\/p>\n\n\n\n<div class=\"wp-block-group is-nowrap is-layout-flex wp-container-core-group-is-layout-6c531013 wp-block-group-is-layout-flex\">\n<p>\u201eHogyhogy nem?\u201c k\u00e9rdezte Maja szigor\u00faan, elk\u00e9sz\u00edtve az \u00fajabb kan\u00e1l m\u00e9zet, ment\u00e1t \u00e9s valami lila sz\u00edn\u0171 is volt n\u00e1la.<\/p>\n<\/div>\n\n\n\n<p>\u201eMi szellemek m\u00e1sk\u00e9pp vagyunk betegek,\u201c igyekezett Kask\u00f3 elmagyar\u00e1zni Maj\u00e1nak, hogy mi\u00e9rt nincs kedve a kezel\u00e9shez.<\/p>\n\n\n\n<div class=\"wp-block-group is-nowrap is-layout-flex wp-container-core-group-is-layout-6c531013 wp-block-group-is-layout-flex\">\n<p>\u201eHogyan m\u00e1sk\u00e9pp?\u201c<\/p>\n<\/div>\n\n\n\n<p>\u201eNos, mi ugyanis ....\u201c kezdte volna Kask\u00f3, de akkor Maj\u00e1nak felcsillant a szeme \u00e9s odah\u00fazta Kask\u00f3hoz a kis kanap\u00e9j\u00e1t.<\/p>\n\n\n\n<p>\u201eK\u00f6sz\u00f6n\u00f6m, igaz\u00e1n kedves t\u0151led, hogy....\u201c suttogta Kask\u00f3.<\/p>\n\n\n\n<p>\u201eFek\u00fcdj a kanap\u00e9ra \u00e9s mes\u00e9lj a gyerekkorodr\u00f3l,\u201c \u00fclt le Maja \u00e9s Maxi Kask\u00f3hoz, f\u00fczetet \u00e9s tollat vettek el\u0151.<\/p>\n\n\n\n<p>\u201eMi\u00e9rt kellene a gyerekkoromr\u00f3l besz\u00e9lnem?\u201c Kask\u00f3 nem \u00e9rtette.<\/p>\n\n\n\n<p>\u201eL\u00e1ttam egy filmet, ahol volt egy orvos, aki lelkibetegeket gy\u00f3gy\u00edtott, \u00e9s \u00fagy csin\u00e1lta, hogy a beteg a kanap\u00e9ra fek\u00fcdt \u00e9s a gyerekkor\u00e1r\u00f3l mes\u00e9lt \u00e9s....\u201c<\/p>\n\n\n\n<p>\u201eDe hiszen \u00e9n nem vagyok lelkibeteg,\u201c Kask\u00f3 kish\u00edj\u00e1n megs\u00e9rt\u0151d\u00f6tt \u00e9s a farkinc\u00e1j\u00e1t fur\u00e1n r\u00e1zni kezdte, mintha fel akarna rep\u00fclni, de nincs hozz\u00e1 ereje.<\/p>\n\n\n\n<p>\u201eDe a szellemeknek is van lelk\u00fck\u2026\u201c folytatta Maja.<\/p>\n\n\n\n<p>\u201e\u00c9ppen ez\u00e9rt szellemf\u00e9le betegs\u00e9gem van, nem pedig lelkibetegs\u00e9gem,\u201c pr\u00f3b\u00e1lta Kask\u00f3 a lehet\u0151 leg\u00e9rtelmesebben elmagyar\u00e1zni.<\/p>\n\n\n\n<p>\u201eAha, \u00e9s azokat hogyan kell gy\u00f3gy\u00edtani?\u201c erre a gyerekek \u00fajra el\u0151kapt\u00e1k a tollat \u00e9s f\u00fczetet, a v\u00e1laszt v\u00e1rva.<\/p>\n\n\n\n<p>\u201eTudj\u00e1tok, mi szellemek sz\u00edvesen rep\u00fcl\u00fcnk a magasban, de amikor leter\u00edt a betegs\u00e9g, akkor bizony a m\u00e9lyben tudunk csak meggy\u00f3gyulni,\u201c kopogtatta meg Kask\u00f3 a padl\u00f3t.<\/p>\n\n\n\n<p>\u201eVagyis azt akarod, hogy \u00e1ssunk el?\u201c Maja nem hitt a f\u00fcl\u00e9nek.<\/p>\n\n\n\n<p>\u201eMint a krumplit?\u201c akart volna csatlakozni Maxi is a besz\u00e9lget\u00e9shez, de nem sok sikerrel.<\/p>\n\n\n\n<p>\u201eDehogyis, hagyj\u00e1tok abba, mert mindj\u00e1rt f\u00e9lni kezdek,\u201c k\u00e9rte Kask\u00f3 a testv\u00e9reket.<\/p>\n\n\n\n<p>\u201eAkkor mit tegy\u00fcnk?\u201c<\/p>\n\n\n\n<p>\u201eSzpeleoter\u00e1pi\u00e1ra van sz\u00fcks\u00e9gem.\u201c Jelentette ki Kask\u00f3 gondolkod\u00e1s n\u00e9lk\u00fcl.<\/p>\n\n\n\n<p>\u201e\u00c9s azt hol lehet kapni?\u201c \u00e1lltak fel a gyerekek, hogy m\u00e1r induljanak is az \u00fczletbe, megv\u00e1s\u00e1rolni ezt az ismeretlen dolgot.<\/p>\n\n\n\n<p>\u201eTi nem is tudj\u00e1tok, hogy mi az?\u201c csod\u00e1lkozott Kask\u00f3.<\/p>\n\n\n\n<p>\u201eNem,\u201c v\u00e1laszolta Maja \u00e9s Maxi k\u00f3rusban.<\/p>\n\n\n\n<p>\u201eAzt jelenti, hogy a gy\u00f3gykezel\u00e9s barlangban t\u00f6rt\u00e9nik.\u201c<\/p>\n\n\n\n<p>\u201eBarlangban?\u201c n\u00e9zett \u00f6ssze Kask\u00f3 k\u00e9t legjobb bar\u00e1tja, \u00e9s nem hittek a f\u00fcl\u00fcknek, azt hitt\u00e9k, a bar\u00e1tjuk k\u00e9pzel\u0151dik.<\/p>\n\n\n\n<div class=\"wp-block-group is-nowrap is-layout-flex wp-container-core-group-is-layout-6c531013 wp-block-group-is-layout-flex\">\n<p>\u201eA barlangban szuper a h\u0151m\u00e9rs\u00e9klet, van ott sok \u00e1sv\u00e1nyi anyag, j\u00f3 a leveg\u0151... sz\u00f3val mi, haravarai szellemek a barlangokba j\u00e1runk gy\u00f3gyulni, ahol m\u00e1r t\u00f6bb ezer \u00e9ve \u00edgy gy\u00f3gy\u00edtanak,\u201c magyar\u00e1zta Kask\u00f3 a testv\u00e9reknek, akik hitetlenkedve cs\u00f3v\u00e1lt\u00e1k a fej\u00fcket.<\/p>\n<\/div>\n\n\n\n<p>\u201e\u00c9s az hol van?\u201c t\u00e9rt mag\u00e1hoz Maxi els\u0151k\u00e9nt.<\/p>\n\n\n\n<p>\u201eA Gombasz\u00f6gi-barlangban.\u201c<\/p>\n\n\n\n<p>\u201eDe te nem tudsz rep\u00fclni,\u201c jegyezte meg Maxi.<\/p>\n\n\n\n<p>\u201eAzt bizony nem tudok,\u201c n\u00e9zett v\u00e9gig az er\u0151tlen test\u00e9n Kask\u00f3.<\/p>\n\n\n\n<p>\u201eAkkor hogy jutunk el oda?\u201c k\u00e9rdezte Maja f\u00e9lve.<\/p>\n\n\n\n<p>\u201eVonattal Rozsny\u00f3ig \u00e9s aut\u00f3busszal Gombasz\u00f6gre,\u201c mondta Kask\u00f3 \u00e9s gyenge kez\u00e9t kiny\u00fajtva a t\u00e9rk\u00e9pen is megmutatta a helysz\u00edneket.<\/p>\n\n\n\n<p>\u201eAkkor induljunk,\u201c \u00e1llt fel Maja a f\u00f6ldr\u0151l, \u00e9s elrakta a toll\u00e1t \u00e9s a ter\u00e1pi\u00e1s f\u00fczetet.<\/p>\n\n\n\n<p>A gyerekek vill\u00e1mgyorsan \u00f6sszecsomagoltak, a v\u00e1llukra vett\u00e9k Kask\u00f3t, aki, egy igazi szellemhez ill\u0151en csup\u00e1n 16 grammot nyomott \u00e9s nem is volt l\u00e1that\u00f3 m\u00e1sok sz\u00e1m\u00e1ra. Pontosan \u00fagy utaztak, ahogy Kask\u00f3 mondta, \u00e9s egy k\u00fcl\u00f6nleges helyre \u00e9rkeztek meg.<\/p>\n\n\n\n<p>\u201eKask\u00f3, de ez egy\u00e1ltal\u00e1n nem \u00fagy fest, mintha barlang lenne, ink\u00e1bb egy szuper j\u00e1tsz\u00f3t\u00e9rnek l\u00e1tszik,\u201c n\u00e9zett k\u00f6r\u00fcl Maja meglepetten \u00e9s m\u00e1ris sajn\u00e1lta, hogy eddig m\u00e9g nem pr\u00f3b\u00e1lt\u00e1k ki.<\/p>\n\n\n\n<p>\u201eH\u00e1t persze, hiszen ez a Gombasz\u00f6gi kemping, ahov\u00e1 el\u0151szeretettel j\u00e1rnak a kisgyermekes csal\u00e1dok,\u201c csicseregte Kask\u00f3.<\/p>\n\n\n\n<p>\u201e\u00c9s te azt honnan tudod?\u201c<\/p>\n\n\n\n<p>\u201eNemr\u00e9g megl\u00e1togattam Kleof\u00e1st,\u201c v\u00e1laszolta Kask\u00f3 gondolkod\u00e1s n\u00e9lk\u00fcl.<\/p>\n\n\n\n<p>\u201eHogy kicsod\u00e1t?\u201c k\u00e9rdezte a k\u00e9t testv\u00e9r szinte egyszerre.<\/p>\n\n\n\n<p>\u201eA szellem bar\u00e1tomat, aki szint\u00e9n itt gy\u00f3gyult.\u201c<\/p>\n\n\n\n<p>\u201eDe hol van itt a barlang?\u201c kereste Maxi a lyukat a f\u00f6ldben.<\/p>\n\n\n\n<p>\u201eItt, a dombtet\u0151n \u2013 csak megker\u00fclj\u00fck azt a helyes kis tavat, azt\u00e1n a szalonnas\u00fct\u0151ket \u00e9s ...\u201c<\/p>\n\n\n\n<p>\u201eMit mondt\u00e1l?\u201c v\u00e1gott a szav\u00e1ba Maja.<\/p>\n\n\n\n<p>\u201eAhol a kir\u00e1ndul\u00f3k szalonn\u00e1t s\u00fctnek,\u201c magyar\u00e1zta Kask\u00f3.<\/p>\n\n\n\n<p>\u201eVagy \u00fagy,\u201c b\u00f3lintott Maja \u00e9s Maxi.<\/p>\n\n\n\n<p>\u201e\u00c9s azt\u00e1n elhaladunk a szobrok mellett \u00e9s m\u00e1r ott is vagyunk.\u201c<\/p>\n\n\n\n<p>\u201eDe biztos z\u00e1rva lesz m\u00e1r,\u201c szomorodott el Maxi \u00e9s Kask\u00f3\u00e9rt agg\u00f3dott, aki egyre gyeng\u00e9bbnek t\u0171nt.<\/p>\n\n\n\n<p>\u201eNek\u00fcnk pont az lesz a j\u00f3,\u201c kacsintott r\u00e1 Kask\u00f3.<\/p>\n\n\n\n<p>\u201eIgaz\u00e1n?\u201c<\/p>\n\n\n\n<p>\u201eIgen, mert mi szellemek m\u00e9g lejjebb j\u00e1runk gy\u00f3gyulni, oda, ahov\u00e1 a l\u00e1togat\u00f3k nem j\u00e1rnak.\u201c<\/p>\n\n\n\n<p>\u201eAzt meg hogy lehet?\u201c k\u00e9rdezte Maja kiss\u00e9 s\u00e9rt\u0151d\u00f6tten, ami\u00e9rt a haravarai szellemek m\u00e1r megint valami el\u0151nyt \u00e9lveznek.<\/p>\n\n\n\n<p>\u201eMinden barlang nagyobb ann\u00e1l, amit a turist\u00e1k l\u00e1thatnak,\u201c kezdte Kask\u00f3.<\/p>\n\n\n\n<p>\u201ePersze,\u201c helyeseltek a gyerekek, \u201ehiszen vannak benn\u00fck sz\u0171k, j\u00e1rhatatlan folyos\u00f3k is.\u201c<\/p>\n\n\n\n<p>\u201eVagy el\u00e1rasztotta \u0151ket a v\u00edz,\u201c jegyezte meg Kask\u00f3.<\/p>\n\n\n\n<p>\u201eVagy t\u00fal kicsik,\u201c tette hozz\u00e1 Maxi.<\/p>\n\n\n\n<p>\u201eVagy vesz\u00e9lyesek,\u201c villogtatta Maja a szem\u00e9t.<\/p>\n\n\n\n<p>\u201e\u00c9s egy ilyen hozz\u00e1f\u00e9rhetetlen teremben szoktunk gy\u00f3gyulni \u2013 de vigy\u00e1zzatok, ma olyasvalakivel fogtok tal\u00e1lkozni, akit m\u00e9g sosem l\u00e1ttatok, \u00e9s akir\u0151l nem is tudt\u00e1tok, hogy Haravar\u00e1ban \u00e9l m\u00e9g,\u201c mondta Kask\u00f3 \u00e9s elkomolyodott, mintha valami fontos dolog jutott volna esz\u00e9be.<\/p>\n\n\n\n<p>\u201eKivel?\u201c<\/p>\n\n\n\n<p>\u201eMajd megl\u00e1tj\u00e1tok.\u201c<\/p>\n\n\n\n<p>Kask\u00f3 valami s\u00edpf\u00e9l\u00e9t vett el\u0151 a zseb\u00e9b\u0151l, belef\u00fajt egy dallamot \u00e9s kisv\u00e1rtatva k\u00e9t \u00fajabb szellem jelent meg mellett\u00fck. Kider\u00fclt, hogy \u0151k voltak a barlang gondnokai. Egy kicsit r\u00e1ncolt\u00e1k a homlokukat, amikor Maja \u00e9s Maxi is be akartak menni a barlangba, de azt\u00e1n Kask\u00f3 kezeskedett \u00e9rt\u00fck, \u0151k pedig azzal bizony\u00edtott\u00e1k kiv\u00e9teles ember-l\u00e9t\u00fcket, hogy l\u00e1tj\u00e1k a szellemeket. \u00cdgy h\u00e1t fel\u00fcltett\u00e9k \u0151ket egy talicsk\u00e1ra, vagyis csak valami hasonl\u00f3ra, ami \u00fagy n\u00e9zett ki, mint egy k\u00f3rh\u00e1zi hord\u00e1gy kerekek n\u00e9lk\u00fcl.<\/p>\n\n\n\n<p>Elindultak, vagyis elrep\u00fcltek, egyenest a f\u00f6ld al\u00e1.<\/p>\n\n\n\n<p>\u201e\u00c1\u00e1\u00e1\u00e1\u00e1\u00e1\u00e1\u00e1\u00e1\u00e1llj!,\u201c ki\u00e1ltott fel Kask\u00f3, \u00f6sszeszedve a marad\u00e9k erej\u00e9t, \u00e9s erre mindannyian meg\u00e1lltak.<\/p>\n\n\n\n<p>\u201eErr\u0151l megfeledkezt\u00fcnk,\u201c mutatott Kask\u00f3 a falra \u00e9s a testv\u00e9rekre.<\/p>\n\n\n\n<p>\u201eMir\u0151l?\u201c k\u00e9rdezte Maxi a szellemet, \u00e9s \u00e1tvette a kez\u00e9b\u0151l a fel\u00e9 ny\u00fajtott kis dobozt.<\/p>\n\n\n\n<p>\u201eA var\u00e1zsf\u0171, hogy \u00e1t tudjatok menni a falakon, vel\u00fcnk egy\u00fctt.\u201c<\/p>\n\n\n\n<p>Maxi \u00e9s Maja elkezdt\u00e9k r\u00e1gcs\u00e1lni a n\u00f6v\u00e9nyt, \u00e9s arra gondoltak, mi lett volna, ha Kask\u00f3 nem \u00e1ll\u00edtja meg \u0151ket id\u0151ben. Val\u00f3sz\u00edn\u0171leg nekik is lett volna gy\u00f3gyulnival\u00f3juk!<\/p>\n\n\n\n<p>Egy kis id\u0151 m\u00falva m\u00e1r ism\u00e9t a f\u00f6ldfelsz\u00edn al\u00e1 vett\u00e9k az ir\u00e1nyt, \u00e1trep\u00fcltek a Gombasz\u00f6gi-barlang csodasz\u00e9p termei felett. Azt is megtudt\u00e1k, hogy van itt egy bizonyos sztalaktit vagy sztalagmit, vagy m\u00e1s \u201e-it\u201c, ami szerencs\u00e9t hoz, ha meg\u00e9rintik. M\u00e1s barlangokban ilyesmi nem fordul el\u0151.<\/p>\n\n\n\n<p>\u201eKask\u00f3?\u201c<\/p>\n\n\n\n<p>\u201eIgen,\u201c sz\u00f3lt Kask\u00f3, m\u00e1r igencsak er\u0151tlen\u00fcl.<\/p>\n\n\n\n<p>&nbsp;\u201e\u00c9s az emberek nem j\u00e1rnak ide gy\u00f3gyulni?\u201c<\/p>\n\n\n\n<p>\u201e\u00dagy \u00e9rted, a mi m\u00f3dszer\u00fcnkkel?\u201c<\/p>\n\n\n\n<p>\u201eH\u00e1t igen.\u201c<\/p>\n\n\n\n<p>\u201eR\u00e9gebben j\u00e1rtak ide, de ma m\u00e1r csak ritk\u00e1n teszik,\u201c mosolygott Kask\u00f3, hiszen a kevesebb ember a haravarai szellemek szempontj\u00e1b\u00f3l csak j\u00f3t jelent.<\/p>\n\n\n\n<p>\u201eDe mi\u00e9rt?\u201c k\u00edv\u00e1ncsiskodott Maja.<\/p>\n\n\n\n<p>\u201eAzt nem tudom,\u201c vallotta be Kask\u00f3 \u00e9s \u00edgy folytatta: \u201ePedig a Gombasz\u00f6gi-barlang volt az els\u0151, ahol a szpeleoter\u00e1pi\u00e1t alkalmazt\u00e1k, nemcsak Haravar\u00e1ban, hanem a k\u00f6rnyez\u0151 orsz\u00e1gok k\u00f6z\u00f6tt is\u201c.<\/p>\n\n\n\n<p>\u201eNah\u00e1t,\u201c mondta Maja \u00e1lmodozva \u00e9s m\u00e1r el\u0151re \u00f6r\u00fclt a barlangban r\u00e1juk v\u00e1r\u00f3 kalandoknak.<\/p>\n\n\n\n<p>\u201eS\u0151t, n\u00e9h\u00e1ny \u00e9ve a barlangot felvett\u00e9k a vil\u00e1g\u00f6r\u00f6ks\u00e9g list\u00e1j\u00e1ra is,\u201c jutott m\u00e9g Kask\u00f3 esz\u00e9be.<\/p>\n\n\n\n<p>\u201eMi\u00e9rt?\u201c<\/p>\n\n\n\n<p>Mert ez egy kiv\u00e9telesen sz\u00e9p barlang \u00e9s olyan dolgok tal\u00e1lhat\u00f3k benne, amilyeneket sehol a vil\u00e1gon nem l\u00e1thatsz,\u201c mosolygott Kask\u00f3 az orra alatt.<\/p>\n\n\n\n<p>\u201e\u00c9s mik azok?\u201c k\u00edv\u00e1ncsiskodott Maxi \u00e9s Maja.<\/p>\n\n\n\n<p>\u201e\u00c9ppen ez az, ami gy\u00f3gy\u00edt benn\u00fcnket,\u201c mondta Kask\u00f3 m\u00e9g titokzatosabban \u00e9s \u00fagy t\u0171nt, hogy m\u00e1ris jobban \u00e9rzi mag\u00e1t.<\/p>\n\n\n\n<p>\u201eDe mi az?\u201c<\/p>\n\n\n\n<p>\u201eH\u00e1t ez!\u201c<\/p>\n\n\n\n<p>\u201eMaja \u00e9s Maxi k\u00f6r\u00fcln\u00e9ztek \u00e9s alig hittek a szem\u00fcknek.<\/p>\n\n\n\n<p>\u201eMi lehet ez?\u201c<\/p>\n\n\n\n<p>\u201eEzek itt cseppk\u00f6vek,\u201c v\u00e1laszolta Kask\u00f3 a lehet\u0151 legb\u00f6lcsebben.<\/p>\n\n\n\n<p>\u201eCseppek vagy k\u00f6vek?\u201c pr\u00f3b\u00e1lt\u00e1k meg\u00e9rteni a gyerekek.<\/p>\n\n\n\n<p>\u201ePontosabban sz\u00f3lva, k\u00fcl\u00f6nleges szalmacseppk\u00f6vek,\u201c pr\u00f3b\u00e1lta elmagyar\u00e1zni Kask\u00f3.<\/p>\n\n\n\n<p>\u201eMint a szalmasz\u00e1lak?\u201c<\/p>\n\n\n\n<p>\u201eIgen, csakhogy \u00e1sv\u00e1nyb\u00f3l vannak \u00e9s ....\u201c<\/p>\n\n\n\n<p>\u201e\u00c9s hogy lehet ett\u0151l meggy\u00f3gyulni?\u201c szak\u00edtotta f\u00e9lbe Maxi t\u00fcrelmetlen\u00fcl, mert nem tudta elk\u00e9pzelni, hogyan tudna egy k\u0151falb\u00f3l l\u00f3g\u00f3 szalmasz\u00e1l vagy cseppk\u0151 gy\u00f3gy\u00edtani.<\/p>\n\n\n\n<p>\u201eNos\u2026\u201c<\/p>\n\n\n\n<p>De Kask\u00f3 nem tudta folytatni, mert akkor hirtelen t\u00f6rt\u00e9nt valami. Egy \u00f3ri\u00e1s szikla m\u00f6g\u00fcl el\u0151l\u00e9pett egy \u00f3ri\u00e1s \u00e9s lass\u00fa l\u00e9ptekkel s\u00e9t\u00e1lt fel\u00e9j\u00fck.<\/p>\n\n\n\n<p>\u201eJ\u00f3 napot k\u00edv\u00e1nok, Kask\u00f3 \u00farfi,\u201c zengte m\u00e9ly hangj\u00e1n, mint egy sz\u00edn\u00e9sz a sz\u00ednpadon, \u00e9s Maja majdnem el\u00e1jult, persze nem a hangt\u00f3l, hanem mert sz\u00f6rnyen megijedt.<\/p>\n\n\n\n<p>\u201eSzervusz, Karszti\u00e1n,\u201c k\u00f6sz\u00f6nt Kask\u00f3 illedelmesen.<\/p>\n\n\n\n<p>\u201eKarszti\u00e1n?\u201c Maja nem hitt a f\u00fcl\u00e9nek.<\/p>\n\n\n\n<p>\u201e\u0150 a Szlov\u00e1k Karszt \u00f3ri\u00e1sa, \u00e9s mit \u00e9ppen az \u0151 ter\u00fclet\u00e9n tart\u00f3zkodunk,\u201c s\u00fagta Kask\u00f3 Maja f\u00fcl\u00e9be, \u00fagy, hogy Karszti\u00e1n ne hallja.<\/p>\n\n\n\n<p>\u201eAha, \u00edgy m\u00e1r \u00e9rtem, igaz, hogy \u00f3ri\u00e1sra egy\u00e1ltal\u00e1n nem sz\u00e1m\u00edtottam itt a f\u00f6ld alatt,\u201c ismerte be Maja, de m\u00e1r nem kapkodta a leveg\u0151t \u00e9s a szeme sem volt annyira r\u00e9m\u00fclt.<\/p>\n\n\n\n<p>\u201eK\u00e9pzeld, mit lenne, ha f\u00f6ld felsz\u00edn\u00e9n tal\u00e1lkozn\u00e1l vele,\u201c nevetett Kask\u00f3.<\/p>\n\n\n\n<p>\u201eAzt ink\u00e1bb meg se pr\u00f3b\u00e1lom elk\u00e9pzelni\u201c, sz\u00f3lalt meg v\u00e9gre Maxi is, aki eddig csak t\u00e1tott sz\u00e1jjal \u00e9s nagy szemekkel b\u00e1multa, mit t\u00f6rt\u00e9nik.<\/p>\n\n\n\n<p>\u201eKezdhetj\u00fck?\u201c k\u00e9rdezte Karszti\u00e1n.<\/p>\n\n\n\n<p>\u201eH\u00e1t persze,\u201c t\u00e1rta sz\u00e9t a karj\u00e1t Kask\u00f3.<\/p>\n\n\n\n<p>Karszti\u00e1n egyik karj\u00e1val felemelte Kask\u00f3t az egyik szalmacseppk\u0151h\u00f6z \u00e9s \u00f6bl\u00f6s hangj\u00e1n mondta:<\/p>\n\n\n\n<p>\u201eA Gombasz\u00f6gi-barlang azon r\u00e9sz\u00e9ben, ahov\u00e1 az emberek is bel\u00e9phetnek, ak\u00e1r h\u00e1rom m\u00e9teres szalmacseppk\u00f6vek is vannak.\u201c<\/p>\n\n\n\n<p>\u201eTy\u0171ha,\u201c Maja \u00e9s Maxi csak ennyit voltak k\u00e9pesek kimondani.<\/p>\n\n\n\n<p>\u201eItt pedig ak\u00e1r hatm\u00e9teresek, l\u00e1tj\u00e1tok?\u201c mutatott k\u00f6rbe Karszti\u00e1n, \u00e9s a k\u00e9t testv\u00e9r ekkor d\u00f6bbent r\u00e1, milyen k\u00fcl\u00f6nleges, mesesz\u00e9p helyen vannak.<\/p>\n\n\n\n<p>\u201eEgyes cseppk\u00f6vek speci\u00e1lisak,\u201c mosolygott Kask\u00f3 m\u00e1r sokkal jobb kedvvel.<\/p>\n\n\n\n<p>\u201eSpeci\u00e1lisak?\u201c A gyerekek most m\u00e1r b\u00e1rmit el tudtak k\u00e9pzelni.<\/p>\n\n\n\n<p>Karszti\u00e1n ekkor Kask\u00f3t odatartotta az egyik v\u00e9kony szalmacseppk\u0151h\u00f6z, Kask\u00f3 pedig inni kezdett, mintha csak egy poh\u00e1r gy\u00fcm\u00f6lcsl\u00e9t kapott volna, szalmasz\u00e1llal.<\/p>\n\n\n\n<p>\u201eA term\u00e9szet tele van titkokkal \u00e9s ezek k\u00f6z\u00fcl sz\u00e1mos titok a v\u00edz vagy a f\u00f6ld alatt rejlik,\u201c kacsintott r\u00e1juk Karszti\u00e1n.<\/p>\n\n\n\n<p>\u201eNah\u00e1t, \u201c csod\u00e1lkozott Maxi \u00e9s Maja.<\/p>\n\n\n\n<p>\u201eM\u00e1r jobban \u00e9rzi mag\u00e1t, Kask\u00f3 \u00farfi?\u201c k\u00e9rdezte Karszti\u00e1n el\u0151z\u00e9kenyen.<\/p>\n\n\n\n<p>\u201eM\u00e1r \u00e9rzem, hogy visszat\u00e9r az er\u0151m.\u201c<\/p>\n\n\n\n<p>\u201eF\u00f6ldanya tudja, mire van sz\u00fcks\u00e9ge,\u201c \u00fct\u00f6gette meg Kask\u00f3 v\u00e1ll\u00e1t az \u00f3ri\u00e1s, de csak nagyon finoman.<\/p>\n\n\n\n<p>\u201eLassan indulhatunk is, sz\u00e1lljunk fel,\u201c ny\u00fajt\u00f3zkodott Kask\u00f3 \u00e9s m\u00e1r bele is kezdett volna a var\u00e1zsmond\u00f3k\u00e1ba...<\/p>\n\n\n\n<p>\u201eHa-ha-ha\u201c \u2013 Karszti\u00e1n \u00f3ri\u00e1sit kacagott, ha lettek volna l\u00e1togat\u00f3k a barlangban, biztosan \u0151k is hallott\u00e1k volna.<\/p>\n\n\n\n<p>\u201eValamit vicceset mondtam?\u201c Kask\u00f3 nem \u00e9rtette, mi ez a nagy nevet\u00e9s.<\/p>\n\n\n\n<p>\u201eEz m\u00e9g csak az \u00d6n gy\u00f3gykezel\u00e9s\u00e9nek a kezdete,\u201c s\u00fagta a f\u00fcl\u00e9be Karszti\u00e1n.<\/p>\n\n\n\n<p>\u201eDe nek\u00fcnk est\u00e9re haza kellene \u00e9rn\u00fcnk,\u201c Maj\u00e1nak esz\u00e9be jutott, hogy a sz\u00fcleik v\u00e1rj\u00e1k \u0151ket.<\/p>\n\n\n\n<p>\u201eNe f\u00e9ljetek, most \u00e1tmegy\u00fcnk a barlang m\u00e1sik r\u00e9sz\u00e9be, ahov\u00e1 az emberek is j\u00e1rnak, hogy megcsod\u00e1lj\u00e1k a kis szalmacseppk\u00f6veket, \u00e9s azt hiszik, hogy azok csak k\u00f6vek,\u201c vigyorgott Karszti\u00e1n sokatmond\u00f3an.<\/p>\n\n\n\n<p>\u201eMi\u00e9rt, h\u00e1t nem csak azok?\u201c k\u00e9rdezte Maxi \u00f3vatosan.<\/p>\n\n\n\n<p>Karszti\u00e1n csak mosolygott tov\u00e1bb, \u00fajra felkapta Kask\u00f3t, fel\u00fcltette a talicsk\u00e1ra \u00e9s olyan gyorsan szaladt vele, hogy Maja \u00e9s Maxi alig b\u00edrt\u00e1k utol\u00e9rni.<\/p>\n\n\n\n<p>A talicska hirtelen meg\u00e1llt, egy k\u00f6t\u00e9l vagy zsin\u00f3r \u00e1ll\u00edtotta meg, \u00e9s amikor Maxi \u00e9s Maja megl\u00e1tt\u00e1k, mi van a k\u00f6t\u00e9l v\u00e9g\u00e9n, igencsak meglep\u0151dtek.<\/p>\n\n\n\n<p>\u201eMi van, m\u00e9g nem l\u00e1ttatok t\u00f6rp\u00e9ket?\u201c rikkantott vid\u00e1man egy vid\u00e1m t\u00f6rpe, k\u00e9k kant\u00e1ros nadr\u00e1gban \u00e9s fura sapk\u00e1val a fej\u00e9n.<\/p>\n\n\n\n<p>\u201eCsak a mes\u00e9ben,\u201c Maja csak ennyit volt k\u00e9pes kipr\u00e9selni mag\u00e1b\u00f3l, Maxi pedig sz\u00f3tlanul n\u00e9zett.<\/p>\n\n\n\n<p>\u201eJa, sz\u00f3val \u00fajoncok vagytok,\u201c csapott a t\u00e9rd\u00e9re a t\u00f6rpe.<\/p>\n\n\n\n<p>\u201e\u0150k itt emberek,\u201c mutatta be Kask\u00f3 az \u00fajoncokat.<\/p>\n\n\n\n<p>\u201eDe mit csin\u00e1lnak ......a barlangnak ezen a r\u00e9sz\u00e9n?\u201c n\u00e9zett k\u00e9rd\u0151n \u00e1s gyanakodva mindkett\u0151j\u00fckre a t\u00f6rpe.<\/p>\n\n\n\n<p>\u201eAz \u00fagy volt...\u201c kezdte volna magyar\u00e1zni Kask\u00f3.<\/p>\n\n\n\n<p>\u201e\u00c9s hogyhogy l\u00e1tnak benn\u00fcnket?\u201c h\u00f6kkent meg most a t\u00f6bbi t\u00f6rpe is, akik eddig nem is t\u00f6r\u0151dtek Maxival \u00e9s Maj\u00e1val, hiszen \u00fagy gondolt\u00e1k, nem l\u00e1tj\u00e1k \u0151ket.<\/p>\n\n\n\n<p>\u201eEgyszer\u0171en csak \u00edgy van, l\u00e1tnak benneteket,\u201c felelte Kask\u00f3.<\/p>\n\n\n\n<p>\u201eTal\u00e1n kiv\u00e9telesek?\u201c k\u00e9rdezte az egyik t\u00f6rpe \u00e9s vizsg\u00e1lni kezdte Maxit \u00e9s Maj\u00e1t.<\/p>\n\n\n\n<p>\u201eBizony azok,\u201c er\u0151s\u00edtette meg Kask\u00f3 \u00e9s meg\u00f6lelte a bar\u00e1tait.<\/p>\n\n\n\n<p>\u201eAkkor h\u00e1t, parancsoljatok,\u201c mutatott a t\u00f6rpe egy \u00fajabb terem fel\u00e9.<\/p>\n\n\n\n<p>Maxi, Maja, Kask\u00f3 \u00e9s a k\u00e9t t\u00f6rpe bel\u00e9pett egy terembe, ahov\u00e1 a l\u00e1togat\u00f3k is bel\u00e9phetnek, ha elj\u00f6nnek Gombasz\u00f6gre. A terem falai telis-tele voltak apr\u00f3 szalmacseppk\u00f6vekkel, \u00e9s \u00e1llt m\u00e9g vagy tizen\u00f6t t\u00f6rpe is.<\/p>\n\n\n\n<p>\u201ePssszt,\u201c mondta valaki \u00e9s akkor a t\u00f6rp\u00e9k felemelt\u00e9k az apr\u00f3cska kalap\u00e1csaikat \u00e9s a cseppk\u00f6veket \u00fct\u00f6getve egy gy\u00f6ny\u00f6r\u0171 dallamot j\u00e1tszottak el.<\/p>\n\n\n\n<p>\u201eNem \u00e9rtem, hogyhogy nem t\u00f6rnek le a cseppk\u00f6vek?\u201c s\u00fagta Maja.<\/p>\n\n\n\n<p>\u201eEzeket a kis kalap\u00e1csokat a t\u00f6rp\u00e9k k\u00e9sz\u00edtik egy speci\u00e1lis \u00e1sv\u00e1nyb\u00f3l, a cseng\u0151k\u0151b\u0151l,\u201c mutatott r\u00e1 Kask\u00f3 az egyik k\u0151re a sziklafalban.<\/p>\n\n\n\n<p>\u201eMib\u0151l?\u201c<\/p>\n\n\n\n<p>\u201eCseng\u0151k\u0151b\u0151l,\u201c ism\u00e9telte meg Kask\u00f3.<\/p>\n\n\n\n<p>\u201eDe hiszen olyan nem is l\u00e9tezik,\u201c mosolygott Maxi, aki j\u00f3l ismerte az \u00e1sv\u00e1nyokat \u00e9s k\u0151zeteket.<\/p>\n\n\n\n<p>\u201eHm, \u00fagy \u00e9rted, ti nem ismeritek, de l\u00e1tod, m\u00e9gis l\u00e9tezik,\u201c mondta Kask\u00f3, mik\u00f6zben mozogni kezdett a kalap\u00e1csos zene ritmus\u00e1ra.<\/p>\n\n\n\n<p>Mindenki elcsendesett, \u00e9lvezt\u00e9k a zene \u00e9s a hangulat hat\u00e1s\u00e1t.<\/p>\n\n\n\n<p>Egyszer csak arra lettek figyelmesek, hogy csend lett, a t\u00f6rp\u00e9k m\u00e1r abbahagyt\u00e1k a zen\u00e9l\u00e9st.<\/p>\n\n\n\n<p>Lassan kinyitott\u00e1k a szem\u00fcket.<\/p>\n\n\n\n<p>\u201eNos, Kask\u00f3 \u00farfi \u00e9s t\u00e1rsai, \u00fagy gondolom, hogy m\u00e9g egy utols\u00f3 dolgot kellene elv\u00e9gezn\u00fcnk,\u201c sz\u00f3lalt meg kaj\u00e1n mosollyal az egyik t\u00f6rpe, pont mint egy mes\u00e9ben.<\/p>\n\n\n\n<p>\u201e\u00c9s m lesz az?\u201c k\u00e9rdezte Kask\u00f3.<\/p>\n\n\n\n<p>\u201eAlaposan el fogtok mer\u00fclni.\u201c<\/p>\n\n\n\n<p>\u201eNeeeee!\u201c sikoltott fel Maja.<\/p>\n\n\n\n<p>\u201eValami baj van, kisasszony?\u201c n\u00e9zett Maj\u00e1ra az egyik t\u00f6rpe szigor\u00faan.<\/p>\n\n\n\n<p>\u201eCsak annyi, hogy rajtam nincs f\u00fcrd\u0151ruha, nem tudok belemer\u00fclni a v\u00edzbe\u201c kapkodta a leveg\u0151t Maja.<\/p>\n\n\n\n<p>\u201eSaj\u00e1t magatokban fogtok elmer\u00fclni.\u201c<\/p>\n\n\n\n<p>\u201eMagunkban?\u201c ezt m\u00e1r Kask\u00f3 sem \u00e9rtette.<\/p>\n\n\n\n<p>\u201eVan itt n\u00e1lunk egy k\u00fcl\u00f6nleges hely ehhez,\u201c lassan kis\u00e9t\u00e1ltak a barlangb\u00f3l \u00e9s a t\u00f6rpe a sz\u00e9les v\u00f6lgy fel\u00e9 mutatott.<\/p>\n\n\n\n<p>\u201eOtt egy r\u00e9gi kolostor, egy k\u00faria, toronnyal, \u00e9s....\u201c kezdte volna magyar\u00e1zni a gy\u00f3gykezel\u00e9s\u00fck tov\u00e1bbi r\u00e9sz\u00e9t a t\u00f6rpe, de Kask\u00f3 azonnal sz\u00e9tt\u00e1rta a karj\u00e1t:<\/p>\n\n\n\n<p>\u201e\u00c9rtem, m\u00e1r rep\u00fcl\u00f6k is!\u201c<\/p>\n\n\n\n<p>\u201eDe \u00f6n m\u00e9g nem rep\u00fclhet!\u201c \u00e1ll\u00edtotta le a t\u00f6rpe.<\/p>\n\n\n\n<p>\u201eAkkor hogy jutunk oda?\u201c \u00e9rdekl\u0151d\u00f6tt Kask\u00f3.<\/p>\n\n\n\n<p>\u201eGyertek,\u201c mondta a t\u00f6rpe nagyot s\u00f3hajtva a l\u00e1togat\u00f3k \u00e9rtetlens\u00e9ge l\u00e1tt\u00e1n.<\/p>\n\n\n\n<p>A t\u00f6rp\u00e9k kivezett\u00e9k a kis csapatot a barlangb\u00f3l \u00e9s egy toronyra mutattak.<\/p>\n\n\n\n<p>\u201eOda kell ugranunk?\u201c Maja kezdett agg\u00f3dni.<\/p>\n\n\n\n<p>A t\u00f6rp\u00e9k erre csak felkacagtak \u00e9s elt\u0171ntek.<\/p>\n\n\n\n<p>Maxi jobban megfigyelte a tornyot.<\/p>\n\n\n\n<p>\u201eHiszen ez egy zipline!\u201c<\/p>\n\n\n\n<p>\u201eAz meg mi?\u201c ez\u00fattal Kask\u00f3 volt az, aki nem \u00e9rtette, mir\u0151l van sz\u00f3.<\/p>\n\n\n\n<p>\u201eEz egy \u00e1tcs\u00fasz\u00f3p\u00e1lya,\u201c mondta Maxi \u00e9s a k\u00f6telekre mutatott, amelyek a toronyb\u00f3l egy m\u00e1sik pont fel\u00e9 vezettek, a m\u00e9lybe.<\/p>\n\n\n\n<p>\u201eMif\u00e9le cs\u00fasz\u00f3p\u00e1lya?\u201c most m\u00e1r Maja is csod\u00e1lkozott.<\/p>\n\n\n\n<p>\u201eItt bele\u00fclsz, felcsatolod magad \u00e9s a k\u00f6t\u00e9len \u00e1t \u00e1tcs\u00faszol valahova m\u00e1shova,\u201c mondta Maxi \u00e9s szemmel l\u00e1that\u00f3an m\u00e1r \u00f6r\u00fclt is a kalandnak.<\/p>\n\n\n\n<p>\u201eNem valahova, hanem ahogy n\u00e9zem, egyenesen a r\u00e9gi kolostorba.\u201c<\/p>\n\n\n\n<p>Maja \u00e9s Maxi felvitt\u00e9k a 16 grammos Kask\u00f3t a toronyba, r\u00f6gz\u00edtett\u00e9k a hevedert \u00e9s leereszkedtek.<\/p>\n\n\n\n<p>\u201eA zipline csudaj\u00f3!\u201c ki\u00e1ltotta Maxi.<\/p>\n\n\n\n<p>\u201eJ\u00e9\u00e9\u00e9\u00e9\u00e9\u00e9\u00e9\u00e9\u00e9,\u201c kiab\u00e1lt m\u00f6g\u00f6tt\u00fck Kask\u00f3, am\u00edg lefel\u00e9 suhantak. Val\u00f3ban egy r\u00e9gi kolostorhoz \u00e9rkeztek, ahol egy fura ablakot l\u00e1ttak \u00e9s gy\u00f6ny\u00f6r\u0171en rendbehozott romokat.<\/p>\n\n\n\n<p>Kamo\u0161i vyst\u00fapili a videli ak\u00e9si podivn\u00e9 okno a kr\u00e1sne upraven\u00e9 zr\u00facaniny kl\u00e1\u0161tora.<\/p>\n\n\n\n<p>\u201eSz\u00f3val ide j\u00e1rnak a szellemek medit\u00e1lni?\u201c<\/p>\n\n\n\n<p>\u201eIde is,\u201c Kask\u00f3 v\u00e9gre a hely\u00e9n \u00e9rezte mag\u00e1t. \u201eDe csak itt van ez a k\u00fcl\u00f6nleges dolog.\u201c<\/p>\n\n\n\n<p>\u201e\u00c9s mi az?\u201c v\u00e1rta Maxi \u00e9s Maja az \u00fajabb meglepet\u00e9st.<\/p>\n\n\n\n<p>\u201eN\u00e9zz oda,\u201c mutatott a falra Kask\u00f3.<\/p>\n\n\n\n<p>\u201eEgy k\u00e9z,\u201c mondt\u00e1k ki egyszerre a testv\u00e9rek \u00e9s a falon val\u00f3ban egy k\u00e9z l\u00e1tszott, egy nagyobb festm\u00e9ny maradv\u00e1nya.<\/p>\n\n\n\n<p>\u201e\u00c9s mit csin\u00e1l ez a k\u00e9z?\u201c k\u00e9rdezte Maja \u00f3vatosan.<\/p>\n\n\n\n<p>\u201eMintha simogatna,\u201c n\u00e9zegette a kezet Maxi.<\/p>\n\n\n\n<p>\u201eMeg\u00f3v t\u00e9ged, vigy\u00e1z r\u00e1d. Ez egy var\u00e1zserej\u0171 k\u00e9z, amely alatt mi szellemek behunyhatjuk a szem\u00fcnket, semmire sem kell gondolnunk \u00e9s semmi bajunk nem esik,\u201c magyar\u00e1zta Kask\u00f3.<\/p>\n\n\n\n<p>\u201eA titokzatos k\u00e9z megv\u00e9d benneteket?\u201c<\/p>\n\n\n\n<p>\u201ePontosan.\u201c Azzal Kask\u00f3 lehuppant a var\u00e1zsk\u00e9z al\u00e1, lehunyta a szem\u00e9t \u00e9s gy\u0171jt\u00f6tte az er\u0151t, gy\u00f3gyult.<\/p>\n\n\n\n<p>\u201e\u00c9s mi mit fogunk csin\u00e1lni?\u201c tanakodtak a testv\u00e9rek.<\/p>\n\n\n\n<p>\u201eN\u00e9zd csak!\u201c mutatott r\u00e1 Maxi valamire.<\/p>\n\n\n\n<p>Ott mellett\u00fck \u00e1llt egy kisebb kast\u00e9ly, k\u00e1v\u00e9z\u00f3val \u00e9s egy k\u00fcl\u00f6n\u00f6s ablakkal, amely nem egy falban volt, hanem csak \u00fagy a f\u00f6ld\u00f6n \u00e1llt.<\/p>\n\n\n\n<p>\u201eEz mif\u00e9le ablak?\u201c<\/p>\n\n\n\n<p>\u201eKask\u00f3 most nem fogja megmondani, n\u00e9zz\u00fck meg mi magunk!\u201c h\u00edvta Maxi a h\u00fag\u00e1t.<\/p>\n\n\n\n<p>\u201eCsod\u00e1s, szinte var\u00e1zslatos,\u201c csicseregte Maja, amikor m\u00e1r az ablakn\u00e1l \u00e1lltak.<\/p>\n\n\n\n<p>Az ablak a m\u00faltra ny\u00edlt \u00e9s a t\u00f6rt\u00e9nelem l\u00e1tszott rajta: ha valaki az ablakon \u00e1t a kolostorra n\u00e9zett, megl\u00e1thatta, hogyan n\u00e9zett ki az \u00e9p\u00fclet r\u00e9gen.<\/p>\n\n\n\n<p>\u201eEz nagyszer\u0171,\u201c \u00e1radozott Maja.<\/p>\n\n\n\n<p>Maxi \u00e9s Maja te\u00e1t \u00e9s gy\u00fcm\u00f6lcsl\u00e9t rendeltek, kin\u00e9ztek az ablakon, hogy a m\u00faltba l\u00e1ssanak \u00e9s megn\u00e9zt\u00e9k a kast\u00e9lyban tal\u00e1lhat\u00f3 ki\u00e1ll\u00edt\u00e1st is, ahol azok a t\u00e1rgyak sorakoztak, amelyeket a fel\u00faj\u00edt\u00e1s sor\u00e1n ker\u00fcltek el\u0151 a romok k\u00f6z\u00fcl.<\/p>\n\n\n\n<p>\u201eIde el kell hoznunk any\u00e1t \u00e9s ap\u00e1t.\u201c<\/p>\n\n\n\n<p>\u201eLegal\u00e1bb egy eg\u00e9sz napra.\u201c<\/p>\n\n\n\n<p>\u201e\u00dagy van! Itt eg\u00e9sz nap j\u00f3kat fogunk j\u00e1tszani!\u201c<\/p>\n\n\n\n<p>\u201e\u00c9s azt a kil\u00e1t\u00f3tornyot m\u00e9g meg sem n\u00e9zt\u00fck,\u201c fedezett fel Maxi egy \u00fajabb \u00e9rdekess\u00e9get.<\/p>\n\n\n\n<p>\u201e\u00c9s a barlangot sem, vagyis azt a r\u00e9sz\u00e9t, ahov\u00e1 a l\u00e1togat\u00f3k szoktak bemenni,\u201d jutott Maja esz\u00e9be.<\/p>\n\n\n\n<p>\u00c9s ahogy min\u00e9l messzebbre pr\u00f3b\u00e1ltak n\u00e9zni az ablakon \u00e1t, el is aludtak, \u00e9s szinte \u00e9szre sem vett\u00e9k, amikor a kipihent \u00e9s meggy\u00f3gyult Kask\u00f3 hazasz\u00e1ll\u00edtotta \u0151ket az \u00e1gyaikba.<\/p>\n\n\n<div class=\"wp-block-image\">\n<figure class=\"aligncenter size-large is-resized\"><img decoding=\"async\" width=\"701\" height=\"1024\" src=\"https:\/\/www.haravara.sk\/wp-content\/uploads\/2021\/03\/KASO-1-701x1024.png\" alt=\"\" class=\"wp-image-333\" style=\"width:317px;height:462px\" srcset=\"https:\/\/www.haravara.sk\/wp-content\/uploads\/2021\/03\/KASO-1-701x1024.png 701w, https:\/\/www.haravara.sk\/wp-content\/uploads\/2021\/03\/KASO-1-205x300.png 205w, https:\/\/www.haravara.sk\/wp-content\/uploads\/2021\/03\/KASO-1-768x1122.png 768w, https:\/\/www.haravara.sk\/wp-content\/uploads\/2021\/03\/KASO-1.png 821w\" sizes=\"(max-width: 701px) 100vw, 701px\" \/><\/figure>\n<\/div>","protected":false},"excerpt":{"rendered":"<p>Zozn\u00e1mte sa s pr\u00edbehom krajiny Haravara a duchom Ka\u0161kom, ktor\u00fd v\u00e1s zoberie na tie najkraj\u0161ie miesta v celom okol\u00ed, napl\u00e1nuje v\u00fdlety alebo rozpovie svoje pr\u00edbehy. <\/p>","protected":false},"featured_media":20311,"menu_order":0,"template":"","format":"standard","meta":{"_acf_changed":false,"footnotes":""},"categories":[],"class_list":["post-20177","pribehy","type-pribehy","status-publish","format-standard","has-post-thumbnail","hentry"],"acf":[],"yoast_head":"<!-- This site is optimized with the Yoast SEO Premium plugin v22.7 (Yoast SEO v27.2) - https:\/\/yoast.com\/product\/yoast-seo-premium-wordpress\/ -->\n<title>HARAVARA Ka\u0161ko a lie\u010div\u00e1 jasky\u0148a<\/title>\n<meta name=\"description\" content=\"\u010eal\u0161\u00ed pr\u00edbeh z krajin Haravara v\u00e1s zavedie do Gombaseckej jaskyne a poodhal\u00ed tajomstvo Ka\u0161kovho zdravia\" \/>\n<meta name=\"robots\" content=\"index, follow, max-snippet:-1, max-image-preview:large, max-video-preview:-1\" \/>\n<link rel=\"canonical\" href=\"https:\/\/www.haravara.sk\/hu\/pribehy\/kasko-a-lieciva-jaskyna\/\" \/>\n<meta property=\"og:locale\" content=\"hu_HU\" \/>\n<meta property=\"og:type\" content=\"article\" \/>\n<meta property=\"og:title\" content=\"Ka\u0161ko a lie\u010div\u00e1 jasky\u0148a\" \/>\n<meta property=\"og:description\" content=\"\u010eal\u0161\u00ed pr\u00edbeh z krajin Haravara v\u00e1s zavedie do Gombaseckej jaskyne a poodhal\u00ed tajomstvo Ka\u0161kovho zdravia\" \/>\n<meta property=\"og:url\" content=\"https:\/\/www.haravara.sk\/hu\/pribehy\/kasko-a-lieciva-jaskyna\/\" \/>\n<meta property=\"og:site_name\" content=\"HARAVARA\" \/>\n<meta property=\"article:publisher\" content=\"https:\/\/www.facebook.com\/haravara.detsky.svet\" \/>\n<meta property=\"article:modified_time\" content=\"2025-10-12T23:07:58+00:00\" \/>\n<meta property=\"og:image\" content=\"https:\/\/www.haravara.sk\/wp-content\/uploads\/2025\/09\/Haravara-pribehove-ilustracie-FB-73.png\" \/>\n\t<meta property=\"og:image:width\" content=\"1200\" \/>\n\t<meta property=\"og:image:height\" content=\"628\" \/>\n\t<meta property=\"og:image:type\" content=\"image\/png\" \/>\n<meta name=\"twitter:card\" content=\"summary_large_image\" \/>\n<meta name=\"twitter:label1\" content=\"Becs\u00fclt olvas\u00e1si id\u0151\" \/>\n\t<meta name=\"twitter:data1\" content=\"14 perc\" \/>\n<script type=\"application\/ld+json\" class=\"yoast-schema-graph\">{\"@context\":\"https:\/\/schema.org\",\"@graph\":[{\"@type\":\"WebPage\",\"@id\":\"https:\/\/www.haravara.sk\/pribehy\/kasko-a-lieciva-jaskyna\/\",\"url\":\"https:\/\/www.haravara.sk\/pribehy\/kasko-a-lieciva-jaskyna\/\",\"name\":\"HARAVARA Ka\u0161ko a lie\u010div\u00e1 jasky\u0148a\",\"isPartOf\":{\"@id\":\"https:\/\/www.haravara.sk\/#website\"},\"primaryImageOfPage\":{\"@id\":\"https:\/\/www.haravara.sk\/pribehy\/kasko-a-lieciva-jaskyna\/#primaryimage\"},\"image\":{\"@id\":\"https:\/\/www.haravara.sk\/pribehy\/kasko-a-lieciva-jaskyna\/#primaryimage\"},\"thumbnailUrl\":\"https:\/\/www.haravara.sk\/wp-content\/uploads\/2025\/09\/Haravara-pribehove-ilustracie-FB-72.png\",\"datePublished\":\"2025-09-27T17:52:18+00:00\",\"dateModified\":\"2025-10-12T23:07:58+00:00\",\"description\":\"\u010eal\u0161\u00ed pr\u00edbeh z krajin Haravara v\u00e1s zavedie do Gombaseckej jaskyne a poodhal\u00ed tajomstvo Ka\u0161kovho zdravia\",\"breadcrumb\":{\"@id\":\"https:\/\/www.haravara.sk\/pribehy\/kasko-a-lieciva-jaskyna\/#breadcrumb\"},\"inLanguage\":\"hu\",\"potentialAction\":[{\"@type\":\"ReadAction\",\"target\":[\"https:\/\/www.haravara.sk\/pribehy\/kasko-a-lieciva-jaskyna\/\"]}]},{\"@type\":\"ImageObject\",\"inLanguage\":\"hu\",\"@id\":\"https:\/\/www.haravara.sk\/pribehy\/kasko-a-lieciva-jaskyna\/#primaryimage\",\"url\":\"https:\/\/www.haravara.sk\/wp-content\/uploads\/2025\/09\/Haravara-pribehove-ilustracie-FB-72.png\",\"contentUrl\":\"https:\/\/www.haravara.sk\/wp-content\/uploads\/2025\/09\/Haravara-pribehove-ilustracie-FB-72.png\",\"width\":1200,\"height\":628},{\"@type\":\"BreadcrumbList\",\"@id\":\"https:\/\/www.haravara.sk\/pribehy\/kasko-a-lieciva-jaskyna\/#breadcrumb\",\"itemListElement\":[{\"@type\":\"ListItem\",\"position\":1,\"name\":\"Domov\",\"item\":\"https:\/\/www.haravara.sk\/\"},{\"@type\":\"ListItem\",\"position\":2,\"name\":\"Pr\u00edbehy\",\"item\":\"https:\/\/www.haravara.sk\/pribehy\/\"},{\"@type\":\"ListItem\",\"position\":3,\"name\":\"Ka\u0161ko a lie\u010div\u00e1 jasky\u0148a\"}]},{\"@type\":\"WebSite\",\"@id\":\"https:\/\/www.haravara.sk\/#website\",\"url\":\"https:\/\/www.haravara.sk\/\",\"name\":\"HARAVARA\",\"description\":\"Objav detsk\u00fd svet v Ko\u0161ickom kraji\",\"publisher\":{\"@id\":\"https:\/\/www.haravara.sk\/#organization\"},\"potentialAction\":[{\"@type\":\"SearchAction\",\"target\":{\"@type\":\"EntryPoint\",\"urlTemplate\":\"https:\/\/www.haravara.sk\/?s={search_term_string}\"},\"query-input\":{\"@type\":\"PropertyValueSpecification\",\"valueRequired\":true,\"valueName\":\"search_term_string\"}}],\"inLanguage\":\"hu\"},{\"@type\":\"Organization\",\"@id\":\"https:\/\/www.haravara.sk\/#organization\",\"name\":\"Haravara\",\"url\":\"https:\/\/www.haravara.sk\/\",\"logo\":{\"@type\":\"ImageObject\",\"inLanguage\":\"hu\",\"@id\":\"https:\/\/www.haravara.sk\/#\/schema\/logo\/image\/\",\"url\":\"https:\/\/www.haravara.sk\/wp-content\/uploads\/2021\/04\/LOGO-LandingPage.png\",\"contentUrl\":\"https:\/\/www.haravara.sk\/wp-content\/uploads\/2021\/04\/LOGO-LandingPage.png\",\"width\":832,\"height\":618,\"caption\":\"Haravara\"},\"image\":{\"@id\":\"https:\/\/www.haravara.sk\/#\/schema\/logo\/image\/\"},\"sameAs\":[\"https:\/\/www.facebook.com\/haravara.detsky.svet\"]}]}<\/script>\n<!-- \/ Yoast SEO Premium plugin. -->","yoast_head_json":{"title":"HARAVARA Ka\u0161ko a lie\u010div\u00e1 jasky\u0148a","description":"\u010eal\u0161\u00ed pr\u00edbeh z krajin Haravara v\u00e1s zavedie do Gombaseckej jaskyne a poodhal\u00ed tajomstvo Ka\u0161kovho zdravia","robots":{"index":"index","follow":"follow","max-snippet":"max-snippet:-1","max-image-preview":"max-image-preview:large","max-video-preview":"max-video-preview:-1"},"canonical":"https:\/\/www.haravara.sk\/hu\/pribehy\/kasko-a-lieciva-jaskyna\/","og_locale":"hu_HU","og_type":"article","og_title":"Ka\u0161ko a lie\u010div\u00e1 jasky\u0148a","og_description":"\u010eal\u0161\u00ed pr\u00edbeh z krajin Haravara v\u00e1s zavedie do Gombaseckej jaskyne a poodhal\u00ed tajomstvo Ka\u0161kovho zdravia","og_url":"https:\/\/www.haravara.sk\/hu\/pribehy\/kasko-a-lieciva-jaskyna\/","og_site_name":"HARAVARA","article_publisher":"https:\/\/www.facebook.com\/haravara.detsky.svet","article_modified_time":"2025-10-12T23:07:58+00:00","og_image":[{"width":1200,"height":628,"url":"https:\/\/www.haravara.sk\/wp-content\/uploads\/2025\/09\/Haravara-pribehove-ilustracie-FB-73.png","type":"image\/png"}],"twitter_card":"summary_large_image","twitter_misc":{"Becs\u00fclt olvas\u00e1si id\u0151":"14 perc"},"schema":{"@context":"https:\/\/schema.org","@graph":[{"@type":"WebPage","@id":"https:\/\/www.haravara.sk\/pribehy\/kasko-a-lieciva-jaskyna\/","url":"https:\/\/www.haravara.sk\/pribehy\/kasko-a-lieciva-jaskyna\/","name":"HARAVARA Ka\u0161ko a lie\u010div\u00e1 jasky\u0148a","isPartOf":{"@id":"https:\/\/www.haravara.sk\/#website"},"primaryImageOfPage":{"@id":"https:\/\/www.haravara.sk\/pribehy\/kasko-a-lieciva-jaskyna\/#primaryimage"},"image":{"@id":"https:\/\/www.haravara.sk\/pribehy\/kasko-a-lieciva-jaskyna\/#primaryimage"},"thumbnailUrl":"https:\/\/www.haravara.sk\/wp-content\/uploads\/2025\/09\/Haravara-pribehove-ilustracie-FB-72.png","datePublished":"2025-09-27T17:52:18+00:00","dateModified":"2025-10-12T23:07:58+00:00","description":"\u010eal\u0161\u00ed pr\u00edbeh z krajin Haravara v\u00e1s zavedie do Gombaseckej jaskyne a poodhal\u00ed tajomstvo Ka\u0161kovho zdravia","breadcrumb":{"@id":"https:\/\/www.haravara.sk\/pribehy\/kasko-a-lieciva-jaskyna\/#breadcrumb"},"inLanguage":"hu","potentialAction":[{"@type":"ReadAction","target":["https:\/\/www.haravara.sk\/pribehy\/kasko-a-lieciva-jaskyna\/"]}]},{"@type":"ImageObject","inLanguage":"hu","@id":"https:\/\/www.haravara.sk\/pribehy\/kasko-a-lieciva-jaskyna\/#primaryimage","url":"https:\/\/www.haravara.sk\/wp-content\/uploads\/2025\/09\/Haravara-pribehove-ilustracie-FB-72.png","contentUrl":"https:\/\/www.haravara.sk\/wp-content\/uploads\/2025\/09\/Haravara-pribehove-ilustracie-FB-72.png","width":1200,"height":628},{"@type":"BreadcrumbList","@id":"https:\/\/www.haravara.sk\/pribehy\/kasko-a-lieciva-jaskyna\/#breadcrumb","itemListElement":[{"@type":"ListItem","position":1,"name":"Domov","item":"https:\/\/www.haravara.sk\/"},{"@type":"ListItem","position":2,"name":"Pr\u00edbehy","item":"https:\/\/www.haravara.sk\/pribehy\/"},{"@type":"ListItem","position":3,"name":"Ka\u0161ko a lie\u010div\u00e1 jasky\u0148a"}]},{"@type":"WebSite","@id":"https:\/\/www.haravara.sk\/#website","url":"https:\/\/www.haravara.sk\/","name":"HARAVARA","description":"Objav detsk\u00fd svet v Ko\u0161ickom kraji","publisher":{"@id":"https:\/\/www.haravara.sk\/#organization"},"potentialAction":[{"@type":"SearchAction","target":{"@type":"EntryPoint","urlTemplate":"https:\/\/www.haravara.sk\/?s={search_term_string}"},"query-input":{"@type":"PropertyValueSpecification","valueRequired":true,"valueName":"search_term_string"}}],"inLanguage":"hu"},{"@type":"Organization","@id":"https:\/\/www.haravara.sk\/#organization","name":"Haravara","url":"https:\/\/www.haravara.sk\/","logo":{"@type":"ImageObject","inLanguage":"hu","@id":"https:\/\/www.haravara.sk\/#\/schema\/logo\/image\/","url":"https:\/\/www.haravara.sk\/wp-content\/uploads\/2021\/04\/LOGO-LandingPage.png","contentUrl":"https:\/\/www.haravara.sk\/wp-content\/uploads\/2021\/04\/LOGO-LandingPage.png","width":832,"height":618,"caption":"Haravara"},"image":{"@id":"https:\/\/www.haravara.sk\/#\/schema\/logo\/image\/"},"sameAs":["https:\/\/www.facebook.com\/haravara.detsky.svet"]}]}},"_links":{"self":[{"href":"https:\/\/www.haravara.sk\/hu\/wp-json\/wp\/v2\/pribehy\/20177","targetHints":{"allow":["GET"]}}],"collection":[{"href":"https:\/\/www.haravara.sk\/hu\/wp-json\/wp\/v2\/pribehy"}],"about":[{"href":"https:\/\/www.haravara.sk\/hu\/wp-json\/wp\/v2\/types\/pribehy"}],"version-history":[{"count":2,"href":"https:\/\/www.haravara.sk\/hu\/wp-json\/wp\/v2\/pribehy\/20177\/revisions"}],"predecessor-version":[{"id":20315,"href":"https:\/\/www.haravara.sk\/hu\/wp-json\/wp\/v2\/pribehy\/20177\/revisions\/20315"}],"wp:featuredmedia":[{"embeddable":true,"href":"https:\/\/www.haravara.sk\/hu\/wp-json\/wp\/v2\/media\/20311"}],"wp:attachment":[{"href":"https:\/\/www.haravara.sk\/hu\/wp-json\/wp\/v2\/media?parent=20177"}],"wp:term":[{"taxonomy":"category","embeddable":true,"href":"https:\/\/www.haravara.sk\/hu\/wp-json\/wp\/v2\/categories?post=20177"}],"curies":[{"name":"wp","href":"https:\/\/api.w.org\/{rel}","templated":true}]}}