{"id":382,"date":"2021-02-24T11:15:15","date_gmt":"2021-02-24T11:15:15","guid":{"rendered":"https:\/\/www.haravara.sk\/?post_type=pribehy&#038;p=382"},"modified":"2021-08-12T14:18:02","modified_gmt":"2021-08-12T14:18:02","slug":"ako-chcel-kasko-s-kamaratmi-ochranit-mesto","status":"publish","type":"pribehy","link":"https:\/\/www.haravara.sk\/hu\/pribehy\/ako-chcel-kasko-s-kamaratmi-ochranit-mesto\/","title":{"rendered":"Ako chcel Ka\u0161ko s kamar\u00e1tmi ochr\u00e1ni\u0165 mesto"},"content":{"rendered":"<p class=\"has-drop-cap\">Ke\u010f je neskor\u00e1 jar a za\u010d\u00edna leto, vtedy je v krajine Haravara najkraj\u0161ie. V\u0161etko je farebn\u00e9, vo\u0148av\u00e9, v\u0161etko sy\u010d\u00ed, \u0161um\u00ed.&nbsp;<\/p>\n\n\n\n<p>V tomto \u010dase Ka\u0161ko zvykne spa\u0165 vo ve\u017ei v strede Ko\u0161\u00edc. To preto, aby po\u010dul v\u0161etky zvuky nielen pr\u00edrody, ale aj mesta. Ve\u017ea je hne\u010f pri D\u00f3me sv. Al\u017ebety. Str\u00e1\u017ei mal\u00fa kri\u017eovatku v hlavnom meste krajiny Haravara.&nbsp;<\/p>\n\n\n\n<p>Ka\u0161ko si tam pokojne le\u017eal a odfukoval aj v toto neskoro-jarn\u00e9 r\u00e1no. Zrazu sa za\u010dala ve\u017ei\u010dka trochu otriasa\u0165 a Ka\u0161ko svoj\u00edm du\u0161\u00edm sluchom po\u010dul nieko\u013eko tis\u00edc krokov.&nbsp;<\/p>\n\n\n\n<p>\u201eSn\u00e1\u010f nie zasa!\u201c vykr\u00edkol znepokojene.<\/p>\n\n\n\n<p>Spomenul si toti\u017e na v\u0161etky vojny, ktor\u00e9 prech\u00e1dzali krajinou Haravara a Ko\u0161icami u\u017e od praveku.<\/p>\n\n\n\n<p>\u201ePo\u010dujem dobre, s\u00fa to ur\u010dite vojaci! Mus\u00edm \u00eds\u0165 zachr\u00e1ni\u0165 Max\u00edka a Majku a pripravi\u0165 sa na boj!\u201c<\/p>\n\n\n\n<p>Ka\u0161ko si v&nbsp;chvate nasadil na hlavu svoju star\u00fa vojensk\u00fa prilbu, do vrecka si ukryl prilbu, ak\u00fa pou\u017e\u00edvali tankisti a zaletel k Max\u00edkovi a Majke. T\u00ed sa pr\u00e1ve hrali na koberci s kockami a zvieratkami.<\/p>\n\n\n\n<p>\u201eMajk\u00e1\u00e1\u00e1\u00e1\u00e1, Max\u00ed\u00ed\u00ed\u00edk!\u201c kri\u010dal Ka\u0161ko e\u0161te v&nbsp;letku, \u201er\u00fdchlo sa oble\u010dte, zba\u013ete si nie\u010do na cestu, mus\u00edme uteka\u0165!\u201c<\/p>\n\n\n\n<p>\u201eHur\u00e1, zasa ideme na v\u00fdlet!\u201c pote\u0161ili sa deti.<\/p>\n\n\n\n<p>\u201eNo, na v\u00fdlet pr\u00e1ve nie. Mus\u00edme sa pripravi\u0165 na boj!\u201c Max\u00edk s Majkou sa pozreli na Ka\u0161ka trochu ned\u00f4ver\u010divo.&nbsp;<\/p>\n\n\n\n<p>\u201eVy to nepo\u010dujete, ale ja svoj\u00edm du\u0161\u00edm sluchom po\u010dujem pochodova\u0165 vojakov!\u201c<\/p>\n\n\n\n<p>\u201eVojakov?\u201c pre\u013eakli sa deti.<\/p>\n\n\n\n<p>\u201eNebojte sa, v\u0161etk\u00fdch zachr\u00e1nime, u\u017e som bojoval v nieko\u013ek\u00fdch vojn\u00e1ch. Po\u010fte!\u201c<\/p>\n\n\n\n<p>Zobral deti za ruky a ne\u017e sa nazdali, boli na akomsi kopci s obrovskou l\u00fakou a akousi podivnou stavbou.<\/p>\n\n\n\n<p>\u201eA sme tu. To je Dargov,\u201c uk\u00e1zal Ka\u0161ko na t\u00fa podivn\u00fa stavbu.<\/p>\n\n\n\n<p>\u201eDargov?\u201c Max\u00edk sa prekvapene pozrel na Majku. \u201eTo sme \u010faleko nedoleteli!\u201c<\/p>\n\n\n\n<p>\u201ePozrite sa okolo seba, \u010do vid\u00edte?\u201c vyzval ich Ka\u0161ko.<\/p>\n\n\n\n<p>Deti sa obzreli a zbadali nieko\u013eko tankov.&nbsp;<\/p>\n\n\n\n<p>\u201eTanky?\u201c&nbsp;<\/p>\n\n\n\n<p>\u201ePresne tak. Tanky!\u201c zajasal Ka\u0161ko. \u201eAle e\u0161te z\u00e1jdeme tu, do m\u00fazea, tam s\u00fa uniformy a zbrane. V\u0161etko, \u010do budeme potrebova\u0165.\u201c<\/p>\n\n\n\n<p>Ka\u0161ko s kamar\u00e1tmi vo\u0161li do tej podivnej stavby. Boli vo vojenskom m\u00fazeu plnom predmetov, ktor\u00e9 tu vojaci po\u010das bojov postr\u00e1cali. Objavili v \u0148om zop\u00e1r pu\u0161iek, uniforiem a \u0161katu\u013eky na jedlo. Spokojn\u00fd Ka\u0161ko vybehol von.&nbsp;<\/p>\n\n\n\n<p>\u201eA teraz to mus\u00edme vysk\u00fa\u0161a\u0165!\u201c<\/p>\n\n\n\n<p>Vyliezli na tank a sna\u017eili sa ho na\u0161tartova\u0165. Ke\u010f to ne\u0161lo, vy\u0161tveral sa Ka\u0161ko na \u010fal\u0161\u00ed. Ale ani jeden tank u\u017e nechcel \u00eds\u0165 bojova\u0165.<\/p>\n\n\n\n<p>Pozreli na pu\u0161ky a bolo im jasn\u00e9, \u017ee ani z nich ni\u010d nebude.&nbsp;<\/p>\n\n\n\n<p>\u201e\u010co je to za miesto a pre\u010do tu s\u00fa tie tanky?\u201c op\u00fdtala sa kone\u010dne Majka, ke\u010f sa Ka\u0161ko trochu upokojil.<\/p>\n\n\n\n<p>\u201ePred viac ako 70-timi rokmi sa tu naozaj bojovalo. Va\u0161i prastar\u00ed rodi\u010dia si to bud\u00fa ur\u010dite pam\u00e4ta\u0165 a mo\u017eno tu aj bojovali. Bola to 2. svetov\u00e1 vojna <strong>- <\/strong>nepo\u010duli ste o nej?\u201c<\/p>\n\n\n\n<p>Deti pokr\u00fatili hlavami.<\/p>\n\n\n\n<p>\u201eCel\u00fd svet sa zbl\u00e1znil,\u201c rozrozpr\u00e1val sa Ka\u0161ko, \u201ev\u0161etci bojovali, strie\u013eali, ubli\u017eovali si. A pr\u00e1ve tu sa odohrala jedna z ve\u013ek\u00fdch bitiek. Viete, \u010do je e\u0161te na tom mieste zvl\u00e1\u0161tne? Pozrite tam dole <strong>- <\/strong>tam je dedinka Rozhanovce. Bl\u00edzko nej sa zasa pred viac ako 700 rokmi odohrala najv\u00e4\u010d\u0161ia rytierska bitka. Predstavte si, \u017ee tadia\u013eto, kde teraz stoj\u00edme, prech\u00e1dzal ozajstn\u00fd kr\u00e1\u013e so svoj\u00edm vojskom,\u201c deti sa pomaly zasn\u00edvali.<\/p>\n\n\n\n<p>\u201eM\u00f4\u017eete sa tam \u00eds\u0165 niekedy pozrie\u0165 s rodi\u010dmi.\u201c<\/p>\n\n\n\n<p>\u201eNo, to by sme mohli,\u201c zamyslel sa Max\u00edk a u\u017e sa videl v zbroji a na koni.<\/p>\n\n\n\n<p>\u201eRytieri, rytieri,\u201c zamyslel sa Ka\u0161ko, \u201epresne tak! Rytieri a ich katapulty.\u201c<\/p>\n\n\n\n<p>\u201eTy chce\u0161 teraz vyrobi\u0165 katapult?\u201c prekvapil sa Max\u00edk.<\/p>\n\n\n\n<p>\u201eNechcem. Viem, kde je. Ne\u010faleko odtia\u013e. Tam na kop\u010deku,\u201c uk\u00e1zal bradou Ka\u0161ko.&nbsp;<\/p>\n\n\n\n<figure class=\"wp-block-image size-large\"><img decoding=\"async\" width=\"1024\" height=\"817\" src=\"https:\/\/www.haravara.sk\/wp-content\/uploads\/2021\/03\/Untitled-design-11-1024x817.png\" alt=\"\" class=\"wp-image-383\" srcset=\"https:\/\/www.haravara.sk\/wp-content\/uploads\/2021\/03\/Untitled-design-11-1024x817.png 1024w, https:\/\/www.haravara.sk\/wp-content\/uploads\/2021\/03\/Untitled-design-11-300x239.png 300w, https:\/\/www.haravara.sk\/wp-content\/uploads\/2021\/03\/Untitled-design-11-768x612.png 768w, https:\/\/www.haravara.sk\/wp-content\/uploads\/2021\/03\/Untitled-design-11-1536x1225.png 1536w, https:\/\/www.haravara.sk\/wp-content\/uploads\/2021\/03\/Untitled-design-11.png 1842w\" sizes=\"(max-width: 1024px) 100vw, 1024px\" \/><\/figure>\n\n\n\n<p class=\"translation-block\">Samozrejme, hne\u010f sa tam vybrali <strong>\u2013 <\/strong>ne\u0161li v\u00f4bec dlho a ocitli sa pred divnou vecou.<\/p>\n\n\n\n<p>Vyzeralo to ako font\u00e1nka, len z nej netiekla voda.<\/p>\n\n\n\n<p>\u201eA toto je zasa \u010do?\u201c op\u00fdtala sa Majka.<\/p>\n\n\n\n<p>\u201eNefunguj\u00faca font\u00e1nka?\u201c posme\u0161ne dodal Max\u00edk.<\/p>\n\n\n\n<p>\u201eToto je Herliansky gejz\u00edr,\u201c usmial sa Ka\u0161ko.<\/p>\n\n\n\n<p>\u201eGejz\u00edr? A kde je?\u201c \u010dudovali sa deti.<\/p>\n\n\n\n<p>\u201eMus\u00edte chv\u00ed\u013eu po\u010dka\u0165.\u201c<\/p>\n\n\n\n<p>Deti sa pozerali na tich\u00fa font\u00e1nku, okolo ktorej sa o&nbsp;mal\u00fa chv\u00ed\u013eu za\u010dali sch\u00e1dza\u0165 \u013eudia. Max\u00edk sa pohrabal vo svojom bat\u00f4\u017eku a vybral z neho mal\u00fd bubienok. Za\u010dal hra\u0165 pochodov\u00fd rytmus. Chystal sa na to, ako na koni vybehne na nepriate\u013ea a&nbsp;do rytmu mu zahr\u00e1 zvuk bubna.&nbsp;<\/p>\n\n\n\n<p class=\"translation-block\">Ka\u0161ko medzit\u00fdm preh\u013eadal svoje vreck\u00e1 <strong>\u2013 <\/strong>z jedn\u00e9ho vytiahol dve pali\u010dky a do&nbsp;rytmu bubna za\u010dali vym\u00fd\u0161\u013ea\u0165 pesni\u010dku. Majka len tak hmkala a vtom to pri\u0161lo.<\/p>\n\n\n\n<p>Spod zeme doslova vybuchla voda.&nbsp;<\/p>\n\n\n\n<p>\u201eTak toto je ten gejz\u00edr!\u201c kri\u010dali do hukotu vody deti.<\/p>\n\n\n\n<p>\u201ePresne tak. Pozrite sa, ako vysoko vystriekla t\u00e1 voda. A takto to bude nieko\u013eko min\u00fat!\u201c kri\u010dal aj Ka\u0161ko.<\/p>\n\n\n\n<p>\u201eJe to n\u00e1dhern\u00e9!\u201c jasali deti s&nbsp;hlavami dohora.<\/p>\n\n\n\n<p>\u201eAle kde je ten katapult?\u201c spomenul si zrazu Max\u00edk.<\/p>\n\n\n\n<p>\u201eToto bude n\u00e1\u0161 katapult,\u201c zahl\u00e1sil v\u00ed\u0165azosl\u00e1vne Ka\u0161ko, \u201ena font\u00e1nku polo\u017e\u00edme kamene, ako kedysi rytieri, a ke\u010f p\u00f4jdu tadia\u013e vojaci, tak gejz\u00edr vybuchne a kamene poletia na nepriate\u013eov krajiny Haravara.\u201c<\/p>\n\n\n\n<p>\u201eAha! A kamene?\u201c op\u00fdtala sa Majka.<\/p>\n\n\n\n<p>\u201eKamene, kamene. No, tie sa najlep\u0161ie h\u013eadaj\u00fa v kame\u0148olome. T\u00fdmto smerom je dedinka Mal\u00e9 Ozorovce. A nad \u0148ou je kame\u0148olom. Je to tak\u00e1 kratu\u010dk\u00e1 prech\u00e1dzka.\u201c&nbsp;<\/p>\n\n\n\n<p>Prech\u00e1dzka preto, lebo letie\u0165 u\u017e nemohli. V\u0161ade boli \u013eudia. Sadli na autobus a o chv\u00ed\u013eu boli v Ozorovciach. Vyst\u00fapili pri n\u00e1dhernom drevenom kostol\u00edku a vybrali sa smerom do lesa. I\u0161li asi pol hodinku a\u2026<\/p>\n\n\n\n<p>\u201eTu to niekde bolo... Ale toto\u2026 toto nevyzer\u00e1 ako kame\u0148olom,\u201c prekvapene hundral Ka\u0161ko a deti od \u00fadivu otv\u00e1rali svoje mal\u00e9 unaven\u00e9 o\u010dk\u00e1.<\/p>\n\n\n\n<p>\u201eToto sk\u00f4r vyzer\u00e1 ako kostol v skale,\u201c za\u0161epkala Majka, \u201enepom\u00fdlil si sa?\u201c<\/p>\n\n\n\n<p>V skale, z ktorej u\u017e boli vybran\u00e9 tony kamenia, boli teraz uroben\u00e9 olt\u00e1r, kaplnka, lavi\u010dky na sedenie a aj miesto na opekanie.<\/p>\n\n\n\n<p>\u201eNerozumiem tomu. Kde sa podel kame\u0148olom?\u201c \u0161pekuloval Ka\u0161ko.<\/p>\n\n\n\n<p>\u201eAsi ho u\u017e nikto nepotreboval,\u201c zamyslel sa Max\u00edk.<\/p>\n\n\n\n<p>\u201eTak ako ani vojnu u\u017e nikto nepotrebuje,\u201c za\u0161epkala Ka\u0161kovi do ucha Majka.<\/p>\n\n\n\n<p>\u201eToto je kraj\u0161ie ako vojna,\u201c&nbsp;zhodli sa v\u0161etci.<\/p>\n\n\n\n<p>Deti s Ka\u0161kom si e\u0161te chv\u00ed\u013eu posedeli v tichu. Po\u010d\u00favali les a zvieratk\u00e1 v lese a po chv\u00edli sa vr\u00e1tili domov.&nbsp;<\/p>\n\n\n\n<p>\u201ePo\u010dujete? U\u017e s\u00fa v meste!\u201c vydesil sa Ka\u0161ko a be\u017eal na Hlavn\u00fa ulicu.<\/p>\n\n\n\n<p>A naozaj. V meste bolo po\u010du\u0165 ak\u00e9si dupotanie.<\/p>\n\n\n\n<p>Ke\u010f v\u0161ak pri\u0161li do stredu mesta, bolo tam nieko\u013eko tis\u00edc \u013eud\u00ed, ktor\u00ed nepochodovali, ale tancovali. Pr\u00e1ve prebiehal nejak\u00fd festival tanca alebo sa len tak \u013eudia stretli, aby si zatancovali. Krajina Haravara je toti\u017e pln\u00e1 skvel\u00fdch tane\u010dn\u00edkov, majstrov sveta v r\u00f4znych tancoch. A&nbsp;Ko\u0161ice, to je tancuj\u00face hlavn\u00e9 mesto.<\/p>\n\n\n\n<p>Deti s Ka\u0161kom sa tak ve\u013emi rozosmiali, a\u017e ich rozboleli bru\u0161k\u00e1.&nbsp;<\/p>\n\n\n\n<p>A so smiechom aj zasp\u00e1vali.<\/p>\n\n\n\n<p>Tis\u00edc tane\u010dn\u00edkov je predsa v\u017edy lep\u0161\u00edch ako tis\u00edc vojakov.<\/p>","protected":false},"excerpt":{"rendered":"<p>Boli vo vojenskom m\u00fazeu plnom predmetov, ktor\u00e9 tu vojaci po\u010das bojov postr\u00e1cali. Objavili v \u0148om zop\u00e1r pu\u0161iek, uniforiem a \u0161katu\u013eky na jedlo. <\/p>","protected":false},"featured_media":632,"menu_order":0,"template":"","format":"standard","meta":{"_acf_changed":false,"footnotes":""},"categories":[],"class_list":["post-382","pribehy","type-pribehy","status-publish","format-standard","has-post-thumbnail","hentry"],"acf":[],"yoast_head":"<!-- This site is optimized with the Yoast SEO Premium plugin v22.7 (Yoast SEO v27.2) - https:\/\/yoast.com\/product\/yoast-seo-premium-wordpress\/ -->\n<title>\u2b50 HARAVARA - Kam s de\u0165mi v Ko\u0161ickom kraji - Ako chcel Ka\u0161ko s kamar\u00e1tmi ochr\u00e1ni\u0165 mesto<\/title>\n<meta name=\"description\" content=\"Boli vo vojenskom m\u00fazeu plnom predmetov, ktor\u00e9 tu vojaci po\u010das bojov postr\u00e1cali. Objavili v \u0148om zop\u00e1r pu\u0161iek, uniforiem a \u0161katu\u013eky na jedlo.\" \/>\n<meta name=\"robots\" content=\"index, follow, max-snippet:-1, max-image-preview:large, max-video-preview:-1\" \/>\n<link rel=\"canonical\" href=\"https:\/\/www.haravara.sk\/hu\/pribehy\/ako-chcel-kasko-s-kamaratmi-ochranit-mesto\/\" \/>\n<meta property=\"og:locale\" content=\"hu_HU\" \/>\n<meta property=\"og:type\" content=\"article\" \/>\n<meta property=\"og:title\" content=\"Ako chcel Ka\u0161ko s kamar\u00e1tmi ochr\u00e1ni\u0165 mesto - HARAVARA\" \/>\n<meta property=\"og:description\" content=\"Boli vo vojenskom m\u00fazeu plnom predmetov, ktor\u00e9 tu vojaci po\u010das bojov postr\u00e1cali. Objavili v \u0148om zop\u00e1r pu\u0161iek, uniforiem a \u0161katu\u013eky na jedlo.\" \/>\n<meta property=\"og:url\" content=\"https:\/\/www.haravara.sk\/hu\/pribehy\/ako-chcel-kasko-s-kamaratmi-ochranit-mesto\/\" \/>\n<meta property=\"og:site_name\" content=\"HARAVARA\" \/>\n<meta property=\"article:publisher\" content=\"https:\/\/www.facebook.com\/haravara.detsky.svet\" \/>\n<meta property=\"article:modified_time\" content=\"2021-08-12T14:18:02+00:00\" \/>\n<meta property=\"og:image\" content=\"https:\/\/www.haravara.sk\/wp-content\/uploads\/2021\/02\/pribehove-ilustracie-33.jpg\" \/>\n\t<meta property=\"og:image:width\" content=\"1200\" \/>\n\t<meta property=\"og:image:height\" content=\"628\" \/>\n\t<meta property=\"og:image:type\" content=\"image\/jpeg\" \/>\n<meta name=\"twitter:card\" content=\"summary_large_image\" \/>\n<meta name=\"twitter:title\" content=\"Ako chcel Ka\u0161ko s kamar\u00e1tmi ochr\u00e1ni\u0165 mesto\" \/>\n<meta name=\"twitter:label1\" content=\"Becs\u00fclt olvas\u00e1si id\u0151\" \/>\n\t<meta name=\"twitter:data1\" content=\"5 perc\" \/>\n<script type=\"application\/ld+json\" class=\"yoast-schema-graph\">{\"@context\":\"https:\/\/schema.org\",\"@graph\":[{\"@type\":\"WebPage\",\"@id\":\"https:\/\/www.haravara.sk\/pribehy\/ako-chcel-kasko-s-kamaratmi-ochranit-mesto\/\",\"url\":\"https:\/\/www.haravara.sk\/pribehy\/ako-chcel-kasko-s-kamaratmi-ochranit-mesto\/\",\"name\":\"\u2b50 HARAVARA - Kam s de\u0165mi v Ko\u0161ickom kraji - Ako chcel Ka\u0161ko s kamar\u00e1tmi ochr\u00e1ni\u0165 mesto\",\"isPartOf\":{\"@id\":\"https:\/\/www.haravara.sk\/#website\"},\"primaryImageOfPage\":{\"@id\":\"https:\/\/www.haravara.sk\/pribehy\/ako-chcel-kasko-s-kamaratmi-ochranit-mesto\/#primaryimage\"},\"image\":{\"@id\":\"https:\/\/www.haravara.sk\/pribehy\/ako-chcel-kasko-s-kamaratmi-ochranit-mesto\/#primaryimage\"},\"thumbnailUrl\":\"https:\/\/www.haravara.sk\/wp-content\/uploads\/2021\/03\/5.png\",\"datePublished\":\"2021-02-24T11:15:15+00:00\",\"dateModified\":\"2021-08-12T14:18:02+00:00\",\"description\":\"Boli vo vojenskom m\u00fazeu plnom predmetov, ktor\u00e9 tu vojaci po\u010das bojov postr\u00e1cali. Objavili v \u0148om zop\u00e1r pu\u0161iek, uniforiem a \u0161katu\u013eky na jedlo.\",\"breadcrumb\":{\"@id\":\"https:\/\/www.haravara.sk\/pribehy\/ako-chcel-kasko-s-kamaratmi-ochranit-mesto\/#breadcrumb\"},\"inLanguage\":\"hu\",\"potentialAction\":[{\"@type\":\"ReadAction\",\"target\":[\"https:\/\/www.haravara.sk\/pribehy\/ako-chcel-kasko-s-kamaratmi-ochranit-mesto\/\"]}]},{\"@type\":\"ImageObject\",\"inLanguage\":\"hu\",\"@id\":\"https:\/\/www.haravara.sk\/pribehy\/ako-chcel-kasko-s-kamaratmi-ochranit-mesto\/#primaryimage\",\"url\":\"https:\/\/www.haravara.sk\/wp-content\/uploads\/2021\/03\/5.png\",\"contentUrl\":\"https:\/\/www.haravara.sk\/wp-content\/uploads\/2021\/03\/5.png\",\"width\":1200,\"height\":628},{\"@type\":\"BreadcrumbList\",\"@id\":\"https:\/\/www.haravara.sk\/pribehy\/ako-chcel-kasko-s-kamaratmi-ochranit-mesto\/#breadcrumb\",\"itemListElement\":[{\"@type\":\"ListItem\",\"position\":1,\"name\":\"Domov\",\"item\":\"https:\/\/www.haravara.sk\/\"},{\"@type\":\"ListItem\",\"position\":2,\"name\":\"Pr\u00edbehy\",\"item\":\"https:\/\/www.haravara.sk\/pribehy\/\"},{\"@type\":\"ListItem\",\"position\":3,\"name\":\"Ako chcel Ka\u0161ko s kamar\u00e1tmi ochr\u00e1ni\u0165 mesto\"}]},{\"@type\":\"WebSite\",\"@id\":\"https:\/\/www.haravara.sk\/#website\",\"url\":\"https:\/\/www.haravara.sk\/\",\"name\":\"HARAVARA\",\"description\":\"Objav detsk\u00fd svet v Ko\u0161ickom kraji\",\"publisher\":{\"@id\":\"https:\/\/www.haravara.sk\/#organization\"},\"potentialAction\":[{\"@type\":\"SearchAction\",\"target\":{\"@type\":\"EntryPoint\",\"urlTemplate\":\"https:\/\/www.haravara.sk\/?s={search_term_string}\"},\"query-input\":{\"@type\":\"PropertyValueSpecification\",\"valueRequired\":true,\"valueName\":\"search_term_string\"}}],\"inLanguage\":\"hu\"},{\"@type\":\"Organization\",\"@id\":\"https:\/\/www.haravara.sk\/#organization\",\"name\":\"Haravara\",\"url\":\"https:\/\/www.haravara.sk\/\",\"logo\":{\"@type\":\"ImageObject\",\"inLanguage\":\"hu\",\"@id\":\"https:\/\/www.haravara.sk\/#\/schema\/logo\/image\/\",\"url\":\"https:\/\/www.haravara.sk\/wp-content\/uploads\/2021\/04\/LOGO-LandingPage.png\",\"contentUrl\":\"https:\/\/www.haravara.sk\/wp-content\/uploads\/2021\/04\/LOGO-LandingPage.png\",\"width\":832,\"height\":618,\"caption\":\"Haravara\"},\"image\":{\"@id\":\"https:\/\/www.haravara.sk\/#\/schema\/logo\/image\/\"},\"sameAs\":[\"https:\/\/www.facebook.com\/haravara.detsky.svet\"]}]}<\/script>\n<!-- \/ Yoast SEO Premium plugin. -->","yoast_head_json":{"title":"\u2b50 HARAVARA - Kam s de\u0165mi v Ko\u0161ickom kraji - Ako chcel Ka\u0161ko s kamar\u00e1tmi ochr\u00e1ni\u0165 mesto","description":"Boli vo vojenskom m\u00fazeu plnom predmetov, ktor\u00e9 tu vojaci po\u010das bojov postr\u00e1cali. Objavili v \u0148om zop\u00e1r pu\u0161iek, uniforiem a \u0161katu\u013eky na jedlo.","robots":{"index":"index","follow":"follow","max-snippet":"max-snippet:-1","max-image-preview":"max-image-preview:large","max-video-preview":"max-video-preview:-1"},"canonical":"https:\/\/www.haravara.sk\/hu\/pribehy\/ako-chcel-kasko-s-kamaratmi-ochranit-mesto\/","og_locale":"hu_HU","og_type":"article","og_title":"Ako chcel Ka\u0161ko s kamar\u00e1tmi ochr\u00e1ni\u0165 mesto - HARAVARA","og_description":"Boli vo vojenskom m\u00fazeu plnom predmetov, ktor\u00e9 tu vojaci po\u010das bojov postr\u00e1cali. Objavili v \u0148om zop\u00e1r pu\u0161iek, uniforiem a \u0161katu\u013eky na jedlo.","og_url":"https:\/\/www.haravara.sk\/hu\/pribehy\/ako-chcel-kasko-s-kamaratmi-ochranit-mesto\/","og_site_name":"HARAVARA","article_publisher":"https:\/\/www.facebook.com\/haravara.detsky.svet","article_modified_time":"2021-08-12T14:18:02+00:00","og_image":[{"width":1200,"height":628,"url":"https:\/\/www.haravara.sk\/wp-content\/uploads\/2021\/02\/pribehove-ilustracie-33.jpg","type":"image\/jpeg"}],"twitter_card":"summary_large_image","twitter_title":"Ako chcel Ka\u0161ko s kamar\u00e1tmi ochr\u00e1ni\u0165 mesto","twitter_misc":{"Becs\u00fclt olvas\u00e1si id\u0151":"5 perc"},"schema":{"@context":"https:\/\/schema.org","@graph":[{"@type":"WebPage","@id":"https:\/\/www.haravara.sk\/pribehy\/ako-chcel-kasko-s-kamaratmi-ochranit-mesto\/","url":"https:\/\/www.haravara.sk\/pribehy\/ako-chcel-kasko-s-kamaratmi-ochranit-mesto\/","name":"\u2b50 HARAVARA - Kam s de\u0165mi v Ko\u0161ickom kraji - Ako chcel Ka\u0161ko s kamar\u00e1tmi ochr\u00e1ni\u0165 mesto","isPartOf":{"@id":"https:\/\/www.haravara.sk\/#website"},"primaryImageOfPage":{"@id":"https:\/\/www.haravara.sk\/pribehy\/ako-chcel-kasko-s-kamaratmi-ochranit-mesto\/#primaryimage"},"image":{"@id":"https:\/\/www.haravara.sk\/pribehy\/ako-chcel-kasko-s-kamaratmi-ochranit-mesto\/#primaryimage"},"thumbnailUrl":"https:\/\/www.haravara.sk\/wp-content\/uploads\/2021\/03\/5.png","datePublished":"2021-02-24T11:15:15+00:00","dateModified":"2021-08-12T14:18:02+00:00","description":"Boli vo vojenskom m\u00fazeu plnom predmetov, ktor\u00e9 tu vojaci po\u010das bojov postr\u00e1cali. Objavili v \u0148om zop\u00e1r pu\u0161iek, uniforiem a \u0161katu\u013eky na jedlo.","breadcrumb":{"@id":"https:\/\/www.haravara.sk\/pribehy\/ako-chcel-kasko-s-kamaratmi-ochranit-mesto\/#breadcrumb"},"inLanguage":"hu","potentialAction":[{"@type":"ReadAction","target":["https:\/\/www.haravara.sk\/pribehy\/ako-chcel-kasko-s-kamaratmi-ochranit-mesto\/"]}]},{"@type":"ImageObject","inLanguage":"hu","@id":"https:\/\/www.haravara.sk\/pribehy\/ako-chcel-kasko-s-kamaratmi-ochranit-mesto\/#primaryimage","url":"https:\/\/www.haravara.sk\/wp-content\/uploads\/2021\/03\/5.png","contentUrl":"https:\/\/www.haravara.sk\/wp-content\/uploads\/2021\/03\/5.png","width":1200,"height":628},{"@type":"BreadcrumbList","@id":"https:\/\/www.haravara.sk\/pribehy\/ako-chcel-kasko-s-kamaratmi-ochranit-mesto\/#breadcrumb","itemListElement":[{"@type":"ListItem","position":1,"name":"Domov","item":"https:\/\/www.haravara.sk\/"},{"@type":"ListItem","position":2,"name":"Pr\u00edbehy","item":"https:\/\/www.haravara.sk\/pribehy\/"},{"@type":"ListItem","position":3,"name":"Ako chcel Ka\u0161ko s kamar\u00e1tmi ochr\u00e1ni\u0165 mesto"}]},{"@type":"WebSite","@id":"https:\/\/www.haravara.sk\/#website","url":"https:\/\/www.haravara.sk\/","name":"HARAVARA","description":"Objav detsk\u00fd svet v Ko\u0161ickom kraji","publisher":{"@id":"https:\/\/www.haravara.sk\/#organization"},"potentialAction":[{"@type":"SearchAction","target":{"@type":"EntryPoint","urlTemplate":"https:\/\/www.haravara.sk\/?s={search_term_string}"},"query-input":{"@type":"PropertyValueSpecification","valueRequired":true,"valueName":"search_term_string"}}],"inLanguage":"hu"},{"@type":"Organization","@id":"https:\/\/www.haravara.sk\/#organization","name":"Haravara","url":"https:\/\/www.haravara.sk\/","logo":{"@type":"ImageObject","inLanguage":"hu","@id":"https:\/\/www.haravara.sk\/#\/schema\/logo\/image\/","url":"https:\/\/www.haravara.sk\/wp-content\/uploads\/2021\/04\/LOGO-LandingPage.png","contentUrl":"https:\/\/www.haravara.sk\/wp-content\/uploads\/2021\/04\/LOGO-LandingPage.png","width":832,"height":618,"caption":"Haravara"},"image":{"@id":"https:\/\/www.haravara.sk\/#\/schema\/logo\/image\/"},"sameAs":["https:\/\/www.facebook.com\/haravara.detsky.svet"]}]}},"_links":{"self":[{"href":"https:\/\/www.haravara.sk\/hu\/wp-json\/wp\/v2\/pribehy\/382","targetHints":{"allow":["GET"]}}],"collection":[{"href":"https:\/\/www.haravara.sk\/hu\/wp-json\/wp\/v2\/pribehy"}],"about":[{"href":"https:\/\/www.haravara.sk\/hu\/wp-json\/wp\/v2\/types\/pribehy"}],"version-history":[{"count":3,"href":"https:\/\/www.haravara.sk\/hu\/wp-json\/wp\/v2\/pribehy\/382\/revisions"}],"predecessor-version":[{"id":3206,"href":"https:\/\/www.haravara.sk\/hu\/wp-json\/wp\/v2\/pribehy\/382\/revisions\/3206"}],"wp:featuredmedia":[{"embeddable":true,"href":"https:\/\/www.haravara.sk\/hu\/wp-json\/wp\/v2\/media\/632"}],"wp:attachment":[{"href":"https:\/\/www.haravara.sk\/hu\/wp-json\/wp\/v2\/media?parent=382"}],"wp:term":[{"taxonomy":"category","embeddable":true,"href":"https:\/\/www.haravara.sk\/hu\/wp-json\/wp\/v2\/categories?post=382"}],"curies":[{"name":"wp","href":"https:\/\/api.w.org\/{rel}","templated":true}]}}