{"id":53,"date":"2025-10-10T14:06:12","date_gmt":"2025-10-10T13:06:12","guid":{"rendered":"https:\/\/www.haravara.sk\/?post_type=pribehy&#038;p=53"},"modified":"2025-10-13T00:10:01","modified_gmt":"2025-10-12T23:10:01","slug":"ako-sa-maxik-s-majkou-zoznamili-s-krajinou-haravara-a-s-duchom-kaskom","status":"publish","type":"pribehy","link":"https:\/\/www.haravara.sk\/hu\/pribehy\/ako-sa-maxik-s-majkou-zoznamili-s-krajinou-haravara-a-s-duchom-kaskom\/","title":{"rendered":"Hogyan ismerte meg Max \u00e9s Maja Haravara orsz\u00e1g\u00e1t \u00e9s Kask\u00f3t, a szellemfi\u00fat"},"content":{"rendered":"<p class=\"has-drop-cap\">Maxi \u00e9s Maja a legjobb testv\u00e9rek a vil\u00e1gon.&nbsp;<\/p>\n\n\n\n<p><\/p>\n\n\n\n<p>Maxi t\u00edz\u00e9ves. Id\u0151sebb Maj\u00e1n\u00e1l \u00e9s ez\u00e9rt b\u00e1trabb is. Minden kalandban benne van. A batyuja mindig \u00fatra k\u00e9szen \u00e1ll, h\u00e1rom perc alatt k\u00e9pes \u00f6sszecsomagolni. Im\u00e1dja a vonatokat \u00e9s a zen\u00e9t \u2013 r\u00e1ad\u00e1sul t\u00f6bb hangszeren is j\u00e1tszik. Egyeseken j\u00f3l, m\u00e1sokon m\u00e9g csak pr\u00f3b\u00e1lkozik vele. De szereti csin\u00e1lni, \u00e9s ez a legfontosabb. \u00c9s mivel Maxi legink\u00e1bb a kalandokat \u00e9s a kir\u00e1ndul\u00e1sokat kedveli, sz\u00edvesen visel zsebes fels\u0151t, mert a zsebekbe minden olyan dolgot el tud rakni, ami a batyuba nem f\u00e9r bele.<\/p>\n\n\n\n<p class=\"has-text-align-left\">Maja most kezdte az iskol\u00e1t, hat\u00e9ves. Legsz\u00edvesebben r\u00f3zsasz\u00edn szokny\u00e1ban t\u00e1ncol. De mivel a b\u00e1tyja folyton kital\u00e1l valami programot, sokszor el\u0151fordul, hogy meleg\u00edt\u0151ben t\u00e1ncol, mik\u00f6zben kir\u00e1ndulni mennek. Amit a l\u00e1b\u00e1n nem vihet mag\u00e1val, azt a haj\u00e1ba szokta tenni. Maja minden napra m\u00e1s masnit, csatot, hajt\u0171t \u00e9s ki tudja, m\u00e9g milyen hajbaval\u00f3t k\u00e9sz\u00edt el\u0151. Van egy k\u00fcl\u00f6n ridik\u00fclje, amiben t\u00edz f\u00e9s\u0171t is tart.  Maja ugyanis el\u0151szeretettel f\u00e9s\u00fcli a saj\u00e1t \u00e9s a j\u00e1t\u00e9kbab\u00e1i haj\u00e1t.<\/p>\n\n\n<div class=\"wp-block-image is-style-default\">\n<figure class=\"alignleft size-large is-resized\"><img decoding=\"async\" width=\"1024\" height=\"817\" src=\"https:\/\/www.haravara.sk\/wp-content\/uploads\/2021\/03\/Untitled-design-8-1-1024x817.png\" alt=\"\" class=\"wp-image-349\" style=\"width:573px;height:456px\" srcset=\"https:\/\/www.haravara.sk\/wp-content\/uploads\/2021\/03\/Untitled-design-8-1-1024x817.png 1024w, https:\/\/www.haravara.sk\/wp-content\/uploads\/2021\/03\/Untitled-design-8-1-300x239.png 300w, https:\/\/www.haravara.sk\/wp-content\/uploads\/2021\/03\/Untitled-design-8-1-768x612.png 768w, https:\/\/www.haravara.sk\/wp-content\/uploads\/2021\/03\/Untitled-design-8-1-1536x1225.png 1536w, https:\/\/www.haravara.sk\/wp-content\/uploads\/2021\/03\/Untitled-design-8-1.png 1842w\" sizes=\"(max-width: 1024px) 100vw, 1024px\" \/><\/figure>\n<\/div>\n\n\n<p>Most azonban mindketten szomor\u00faan gubbasztanak a szob\u00e1jukban. K\u00f6r\u00fcl\u00f6tt\u00fck egy csom\u00f3 doboz, t\u00e1ska \u00e9s zs\u00e1k, tele mindenf\u00e9le holmival. T\u00edz perc m\u00falva j\u00f6n az aut\u00f3.  Maxi \u00e9s Maja m\u00e1r ma est\u00e9t\u0151l fogva, sz\u00fcleikkel egy\u00fctt, egy m\u00e1sik v\u00e1rosban fognak \u00e9lni. S\u0151t, nemcsak egy m\u00e1sik v\u00e1rosban, hanem egy m\u00e1sik orsz\u00e1gban.<\/p>\n\n\n\n<p>A minket k\u00f6r\u00fclvev\u0151 vil\u00e1g sok-sok orsz\u00e1gra \u00e9s vid\u00e9kre oszlik. A legismertebbek ezek k\u00f6z\u00fcl Aligvolcia,  \u00c9sazt\u00e1nia, Senkih\u00e1za, Zsibong\u00f3cia \u00e9s Haravara.<\/p>\n\n\n\n<p>Maxi \u00e9s Maja eddig Aligvolci\u00e1ban laktak. \u00c9s n\u00e9h\u00e1ny \u00f3ra m\u00e1r Haravara lak\u00f3i lesznek. \nKiny\u00edlt az ajt\u00f3 \u00e9s az aligvolciai nagypapa l\u00e9pett be a szob\u00e1ba.<\/p>\n\n\n\n<p>\u201eH\u00e1t titeket meg mi lelt? Nem szaladg\u00e1ltok, nem j\u00e1tszotok, m\u00e9g a csokit is az asztalon hagyt\u00e1tok, \u00e9rintetlen\u00fcl\u201c, cs\u00f3v\u00e1lta a fej\u00e9t nagypapa.<\/p>\n\n\n\n<p>\u201eNem akarunk elmenni\u201c, mondt\u00e1k a gyerekek szomor\u00faan.<\/p>\n\n\n\n<p>\u201eMi\u00e9rt? Tal\u00e1n f\u00e9ltek valamit\u0151l?\u201c, nagypapa nem hagyta annyiban a dolgot \u00e9s le\u00fclt hozz\u00e1juk, a dobozok \u00e9s t\u00e1sk\u00e1k k\u00f6z\u00e9.<\/p>\n\n\n\n<p>\u201eNem tudjuk, mi v\u00e1r r\u00e1nk!\u201c, ki\u00e1ltott fel Maxi k\u00e9ts\u00e9gbeesve.<\/p>\n\n\n\n<p>\u201e\u00c9s nem tudjuk, mif\u00e9le orsz\u00e1g ez a Haravara,\u201c eg\u00e9sz\u00edtette ki a testv\u00e9r\u00e9t Maja.<\/p>\n\n\n\n<p class=\"translation-block\">\u201eA nevieme, \u010do je to za krajinu <strong>\u2013 <\/strong>t\u00e1 Haravara,\u201c doplnila brata Majka.<\/p>\n\n\n\n<p>\u201eIgaz\u00e1n?!\u201c, fakadtak ki a meglepett gyerekek.<\/p>\n\n\n\n<p>\u201eTal\u00e1n azt hiszitek, hazudn\u00e9k nektek?\u201c, h\u00fazta fel nagypapa a szem\u00f6ld\u00f6k\u00e9t \u00e9s ett\u0151l majdnem leesett az orr\u00e1r\u00f3l a szem\u00fcveg.<\/p>\n\n\n\n<p>\u201eNem, dehogy! Ne haragudj, de sosem besz\u00e9lt\u00e9l nek\u00fcnk Haravar\u00e1r\u00f3l.\u201c<\/p>\n\n\n\n<p>\u201eTal\u00e1n azt hiszitek, hazudn\u00e9k nektek?\u201c, h\u00fazta fel nagypapa a szem\u00f6ld\u00f6k\u00e9t \u00e9s ett\u0151l majdnem leesett az orr\u00e1r\u00f3l a szem\u00fcveg.<\/p>\n\n\n\n<p>\u201eNem, dehogy! Ne haragudj, de sosem besz\u00e9lt\u00e9l nek\u00fcnk Haravar\u00e1r\u00f3l.\u201c<\/p>\n\n\n\n<p>\u201e\u00c9s szeretn\u00e9k tudni r\u00f3la valamit?\u201c, k\u00e9rdezte sejtelmesen az aligvolciai nagypapa.<\/p>\n\n\n\n<p>\u201eMondd, de csak 5 perc\u00fcnk van!\u201c<\/p>\n\n\n\n<p>\u201eHaravara nem is kicsi \u00e9s nem is nagy. A nagys\u00e1ga pont megfelel\u0151. K\u00e9t nap alatt \u00e1t lehet szelni ker\u00e9kp\u00e1ron, egy nap alatt aut\u00f3val, keresztbe-kasul, busszal, vonattal, s\u0151t, az egyik r\u00e9sz\u00e9n egy gyermek-g\u0151zmozdonnyal is. Ha id\u0151sebbek lesztek, ak\u00e1r gyalog is bej\u00e1rhatj\u00e1tok.\u201c<\/p>\n\n\n\n<p>\u201eJ\u00f3, j\u00f3, de milyen az az orsz\u00e1g?\u201c<\/p>\n\n\n\n<p>Nagypapa Maxira kacsintott, \u00e9s Maxi \u00e1tadta neki az ukulel\u00e9t. M\u00e9g egyet kacsintott, \u00e9s akkor Maxi kivett egy kis s\u00edpot a becsomagolt batyuj\u00e1b\u00f3l.<\/p>\n\n\n\n<p><\/p>\n\n\n\n<blockquote class=\"wp-block-quote is-layout-flow wp-block-quote-is-layout-flow\">\n<p class=\"translation-block\"><em>,,Tam, kde je \u017eivot proste tak\u00fd,<\/em><br><em>\u017ee ka\u017ed\u00fd ver\u00ed na z\u00e1zraky. <\/em><br><em>Tam, kde si ka\u017ed\u00fd mysl\u00ed, \u017ee to kon\u010d\u00ed,<br>tam iba za\u010d\u00edna \u010darovn\u00e1 krajina.<\/em><\/p>\n\n\n\n<p><\/p>\n\n\n\n<p class=\"translation-block\"><em>Kde si ka\u017ed\u00fd rob\u00ed, \u010do m\u00e1 r\u00e1d.<br>Kde je ka\u017ed\u00fd s ka\u017ed\u00fdm kamar\u00e1t.<br>Tam, kde si ka\u017ed\u00fd mysl\u00ed, \u017ee to kon\u010d\u00ed,<br>tam iba za\u010d\u00edna \u010darovn\u00e1 krajina.<\/em><\/p>\n\n\n\n<p><\/p>\n\n\n\n<p class=\"translation-block\"><em>Ani ve\u013ek\u00e1, ani mal\u00e1,<br>ani mlad\u00e1, ani star\u00e1,<br>to je z\u00e1zrak menom Haravara.<\/em><\/p>\n\n\n\n<p><\/p>\n\n\n\n<p class=\"translation-block\"><em>Ani ve\u013ek\u00e1, ani mal\u00e1,<\/em><br><em>ani mlad\u00e1, ani star\u00e1,<\/em> <br><em>to je z\u00e1zrak menom Haravara.\u201c<\/em><\/p>\n<\/blockquote>\n\n\n\n<p>Maja elgondolkozott:  \u201eJ\u00f3, j\u00f3, de \u00fagysem tudom, mi v\u00e1r ott r\u00e1nk.\u201c<\/p>\n\n\n\n<p>\u201eKalandok, Maja\u201c, \u00e9nekelte nagypapa magas hangj\u00e1n \u00e9s megpengette az ukulel\u00e9t.<\/p>\n\n\n\n<p>\u201eKalandok?\u201c<\/p>\n\n\n\n<p class=\"translation-block\">\u201eN\u00e9zd, Haravara az\u00e9rt kapta ezt a nevet, mert valaha r\u00e9gen J\u00e1t\u00e9korsz\u00e1gnak akart\u00e1k h\u00edvni. Ez ugyanis egy olyan orsz\u00e1g, ahol minden megvan, ami a j\u00f3 j\u00e1t\u00e9khoz kell  - izgalom, titok, sz\u00e9ps\u00e9g \u00e9s vesz\u00e9ly. De ez a n\u00e9v, hogy J\u00e1t\u00e9korsz\u00e1g, senkinek sem tetszett. \u00c9s akkor valakinek esz\u00e9be jutott egy kedves sz\u00f3, a r\u00e9gi mes\u00e9kb\u0151l. Amikor az emberek a mes\u00e9ben nem tudtak nevet adni valaminek, ami titokzatos \u00e9s gy\u00f6ny\u00f6r\u0171, amib\u0151l sok van, ami folyton csak mozgott, akkor a mes\u00e9ben ezt mondt\u00e1k r\u00e1:  haravara\u201c, magyar\u00e1zta nagypapa.<\/p>\n\n\n\n<p>\u201eJ\u00f3, j\u00f3, de ma is ilyen?\u201c, faggat\u00f3ztak a gyerekek.<\/p>\n\n\n\n<p>Kezdt\u00e9k ugyanis eg\u00e9szen megkedvelni Haravar\u00e1t.<\/p>\n\n\n\n<p>\u201eHaravar\u00e1ban ma ugyanolyan h\u00e9tk\u00f6znapi emberek \u00e9lnek, mint mi vagyunk. Az orsz\u00e1g tele van sz\u00ednes h\u00e1zakkal, k\u00e9ksz\u00edn\u0171 foly\u00f3kkal, mezei \u00f6sv\u00e9nyekkel \u00e1tsz\u0151tt z\u00f6ld erd\u0151kkel. Vannak ott kis h\u00e1zak \u00e9s nagy h\u00e1zak, hossz\u00fa utc\u00e1k \u00e9s terek, cukr\u00e1szd\u00e1k \u00e9s sz\u00f6k\u0151kutak, de f\u0151k\u00e9nt sok-sok gyerek \u00e9l ott. Haravar\u00e1ban mindenki nagyon k\u00edv\u00e1ncsi. A haravaraiak folyton utaznak, mert mindent meg akarnak ismerni, amit az el\u0151djeik felfedeztek, \u00e9p\u00edtettek vagy feltal\u00e1ltak,\u201c folytatta az aligvolciai nagypapa.<\/p>\n\n\n\n<p>\u201eNagypapa, ez eg\u00e9szen \u00fagy hangzik, mintha egy mes\u00e9t mondan\u00e1l nek\u00fcnk\u201c, csicseregte Maja.<\/p>\n\n\n\n<p>\u201eIgen, \u00e9ppen ilyen ez az orsz\u00e1g\u201c, nagypapa egy kicsit elgondolkozott, mes\u00e9s!\u201c<\/p>\n\n\n\n<p>\u201eMaxi, Maja, indulunk!\u201c, hangzott a konyha fel\u0151l.<\/p>\n\n\n\n<p>\u201eK\u00f6szi, nagypapa\u201c, \u00f6lelte \u00e1t Maxi a nagypap\u00e1t.<\/p>\n\n\n\n<p>\u201eMenn\u00fcnk kell\u201c, sz\u00f3lt Maja, most m\u00e1r kicsit vid\u00e1mabban, \u00e9s \u0151 is meg\u00f6lelte nagypap\u00e1t.<\/p>\n\n\n\n<p>\u201eNe f\u00e9ljetek, minden rendben lesz. Csak tal\u00e1ljatok j\u00f3bar\u00e1tokat. Nem kell, hogy sok legyen bel\u0151l\u00fck. Ak\u00e1r egy is megteszi, de az igazi legyen. Olyan, akivel sokat lehet nevetni \u00e9s sz\u00f3rakozni, \u00e9s akit\u0151l tanultok is valamit.\u201c<\/p>\n\n\n\n<p>\u201eJ\u00f3l van, igyekezni fogunk\u201c, \u00edg\u00e9rt\u00e9k a gyerekeke \u00e9s felkapt\u00e1k a batyukat \u00e9s t\u00e1sk\u00e1kat.<\/p>\n\n\n\n<p>Anya, Apa \u00e9s h\u00e1rom k\u00f6lt\u00f6ztet\u0151 l\u00e9pett a szob\u00e1ba, ami \u00f6t perc alatt teljesen ki\u00fcr\u00fclt. Mintha sosem lakott volna benne senki.<\/p>\n\n\n\n<p>\u201eSzia!\u201c, kiab\u00e1lt\u00e1k a gyerekek nagypap\u00e1nak.<\/p>\n\n\n\n<p>Maxi \u00e9s Maja, Ap\u00e1val \u00e9s Any\u00e1val egy\u00fctt be\u00fcltek az aut\u00f3ba. M\u00f6g\u00f6tt\u00fck g\u00e1z adni k\u00e9sz\u00fclt a nagy k\u00f6lt\u00f6ztet\u0151 teheraut\u00f3, telis-tele a dolgaikkal.<\/p>\n\n\n\n<p>Megindultak az aut\u00f3k. Alig k\u00e9t \u00f3ra m\u00falva megl\u00e1ttak egy \u00fatjelz\u0151 t\u00e1bl\u00e1t az \u00fat sz\u00e9l\u00e9n:<\/p>\n\n\n\n<p>HARAVARA ORSZ\u00c1G \u2013 \u00dcDV\u00d6Z\u00dcLJ\u00dcK \u00c9S J\u00d3 SZ\u00d3RAKOZ\u00c1ST K\u00cdV\u00c1NUNK <strong>- <\/strong>VITAJTE A BAVTE SA<\/p>\n\n\n\n<p>Amikor \u00e1tl\u00e9pt\u00e9k Haravara orsz\u00e1g\u00e1nak hat\u00e1r\u00e1t, a gyerekek szorosan az ablakhoz tapadtak \u00e9s mindent megfigyeltek. Am\u00edg Haravara f\u0151v\u00e1ros\u00e1ba, Kass\u00e1ra \u00e9rtek, l\u00e1ttak legal\u00e1bb h\u00e1rom v\u00e1rat, vagy t\u00edz kast\u00e9lyt, csodasz\u00e9p erd\u0151ket, gy\u00f6ny\u00f6r\u0171 r\u00e9teket, n\u00e9h\u00e1ny barlangot, legal\u00e1bb n\u00e9gy tavat \u00e9s tarkabarka, illatos kerteket.&nbsp;<\/p>\n\n\n\n<p>Hirtelen m\u00e1r nem b\u00e1nt\u00e1k, hogy elk\u00f6lt\u00f6znek. Tudt\u00e1k, hogy ha sz\u00e9pet akarnak l\u00e1tni, ha kir\u00e1ndulni lesz kedv\u00fck, lesz hov\u00e1 menni\u00fck. Csak Ap\u00e1nak \u00e9s Any\u00e1nak is legyen ideje kir\u00e1ndulni.<\/p>\n\n\n\n<p>Haravara egyre jobban tetszett nekik.<\/p>\n\n\n\n<p>Maxi odahajolt Maj\u00e1hoz, \u00e9s csendben a f\u00fcl\u00e9be s\u00fagta, hogy a sz\u00fcl\u0151k ne hallj\u00e1k meg:<\/p>\n\n\n\n<p>\u201eHolnap nekiv\u00e1gunk az els\u0151 kir\u00e1ndul\u00e1snak. Nem megy\u00fcnk messzire, ne f\u00e9lj.\u201c<\/p>\n\n\n\n<p>\u201e\u00c9s keres\u00fcnk egy j\u00f3bar\u00e1tot, ahogy nagypapa mondta\u201c, s\u00fagta vissza Maja.<\/p>\n\n\n\n<p>Az aut\u00f3 meg\u00e1llt. Egy hossz\u00fa, sz\u00e9p \u00e9s sz\u00ednes h\u00e1zakkal teli utca \u00e1llt el\u0151tt\u00fck. A h\u00e1zak k\u00f6z\u00fcl egy r\u00e9gi, de nagyon sz\u00e9p h\u00e1romszintes h\u00e1z l\u00e1tszott ki. Ez volt a legmagasabb az eg\u00e9sz utc\u00e1ban. Nem fogj\u00e1tok elhinni, de az utca neve Hossz\u00fa utca volt.<\/p>\n\n\n\n<p>\u201eGyertek, gyerekek!\u201c, hallott\u00e1k meg anyuk\u00e1juk hangj\u00e1t.&nbsp;<\/p>\n\n\n\n<p>Elindultak Anya nyom\u00e1ban, \u00e9ppen a nagy h\u00e1z fel\u00e9. Ahogy k\u00f6zeledtek, \u00e9szrevett\u00e9k, milyen sz\u00e9p \u00e9s nagy ablaka \u00e9s magas k\u00e9m\u00e9nye van.<\/p>\n\n\n\n<p>\u201eCsodasz\u00e9p ez a h\u00e1z\u201c, s\u00fagta Maja.<\/p>\n\n\n\n<p>\u201eL\u00e1ttad, milyen k\u00e9p volt az ajt\u00f3n? Olyan fura.\u201c<\/p>\n\n\n\n<p>Ahogy k\u00f6zelebb \u00e9rtek, t\u00fczetesen megn\u00e9zt\u00e9k az ajt\u00f3n l\u00e1that\u00f3 z\u00f6ld macsk\u00e1s c\u00edmert. A macska mellett egy kisfi\u00fa \u00fclt, sapk\u00e1ban, h\u00e1tizs\u00e1kkal. \u00c1lmodoz\u00f3n, de elsz\u00e1ntan b\u00e1mult a messzi t\u00e1volba, a Hossz\u00fa utcai h\u00e1zak tet\u0151in t\u00falra.<\/p>\n\n\n\n<p>\u201eKi lehet ez?\u201c, gondolkozott Maja, amikor bel\u00e9ptek a h\u00e1zba.<\/p>\n\n\n\n<p>A gyerekek birtokba vett\u00e9k az \u00faj szob\u00e1jukat. Anya \u00e9s Apa bejelentett\u00e9k, hogy a k\u00f6vetkez\u0151 napokban nem lesz t\u00fal sok idej\u00fck \u2013 <strong>- <\/strong>mert a k\u00f6lt\u00f6zk\u00f6d\u00e9s, mert a munka, mert ilyen az \u00e9let.<\/p>\n\n\n\n<p>\u00cdgy h\u00e1t Maxi \u00e9s Maja m\u00e1r kor\u00e1n reggel elindultak, hogy s\u00e9t\u00e1ljanak egyet Kass\u00e1n. V\u00e9gigmentek a Hossz\u00fa utc\u00e1n, azt\u00e1n a Fazekas utc\u00e1ban l\u0151d\u00f6r\u00f6gtek, itt egy cs\u00e9sze te\u00e1t is ittak, \u00e9s a F\u0151 utc\u00e1n j\u00e1rva megfogadt\u00e1k, hogy min\u00e9l hamarabb el fognak menni abba a gy\u00f6ny\u00f6r\u0171 sz\u00ednh\u00e1zba, \u00e9s a M\u0171szaki M\u00fazeumba \u00e9s a Kelet-szlov\u00e1kiai M\u00fazeumba is, hogy megn\u00e9zz\u00e9k a kincset.&nbsp;<\/p>\n\n\n\n<p>Miut\u00e1n kibarangolt\u00e1k magukat, lassan elindultak hazafel\u00e9.<\/p>\n\n\n\n<p>\u00c9s akkor t\u00f6rt\u00e9nt. Bel\u00e9ptek a h\u00e1zba, \u00e1thaladtak a t\u00e1gas folyos\u00f3n, \u00e9s a falb\u00f3l egy fi\u00fa l\u00e9pett ki. Bolondos, narancss\u00e1rga sapk\u00e1val a fej\u00e9n.<\/p>\n\n\n\n<p>Maja sikoltott, \u00e9s Maxi felki\u00e1ltott:<\/p>\n\n\n\n<p>\u201eMi ez? Te ki vagy?\u201c<\/p>\n\n\n\n<p>A fi\u00fa megh\u00f6kkent: \u201eTi l\u00e1ttok engem?\u201c<\/p>\n\n\n\n<p>\u201eMi\u00e9rt, mit gondolt\u00e1l, tal\u00e1n l\u00e1thatatlan vagy?\u201c<\/p>\n\n\n\n<p>\u201eH\u00e1t eg\u00e9szen a mai napig t\u00e9nyleg azt gondoltam\u201c, v\u00e1laszolta a sr\u00e1c, m\u00e9g mindig led\u00f6bbenve.<\/p>\n\n\n\n<p>\u201eHogy ment\u00e9l \u00e1t a falon? Vagy nem ment\u00e9l \u00e1t rajta? Valami filmet forgatnak itt, vagy mi a man\u00f3 t\u00f6rt\u00e9nik?!\u201c, ki\u00e1ltoztak egym\u00e1s szav\u00e1ba v\u00e1gva Maxi \u00e9s Maja.<\/p>\n\n\n\n<p>\u201ePssszt, ides\u00fcssetek!\u201c, mondta a fi\u00fa sejtelmesen. Mindkett\u0151j\u00fcket mag\u00e1hoz h\u00fazta \u00e9s \u00f3vatosan a f\u00fcl\u00fckbe s\u00fagott: \u201eNyolcezer\u00f6tsz\u00e1z \u00e9ve v\u00e1rok valakire, aki olyan, mint ti. Valakire, aki l\u00e1t \u00e9s hall engem.\u201c<\/p>\n\n\n\n<p>\u201eDe ki vagy te val\u00f3j\u00e1ban?\u201c, k\u00e9rdezte Maxi.<\/p>\n\n\n\n<p>\u201eTe vagy az a fi\u00fa, az ajt\u00f3nkra festett c\u00edmerr\u0151l, a h\u00e1tizs\u00e1kkal!\u201c, ki\u00e1ltott fel Maja hitetlenkedve.<\/p>\n\n\n\n<p>\u201eIgen. \u00c9n vagyok Kassa szelleme. A nevem Kask\u00f3\u201c, mondta a fi\u00fa mosolyogva.&nbsp;<\/p>\n\n\n\n<p>A gyerekek kish\u00edj\u00e1n el\u00e1jultak.&nbsp;<\/p>\n\n\n\n<p>\u201eHa akarj\u00e1tok, lehet\u00fcnk j\u00f3bar\u00e1tok. Nekem nincs t\u00fal sok bar\u00e1tom. Jobban mondva, most egy\u00e1ltal\u00e1n nincs is bar\u00e1tom.\u201c<\/p>\n\n\n\n<p>\u201eHogy lehet ez?\u201c, k\u00e9rdezt\u00e9k a gyerekek meglepetten.<\/p>\n\n\n\n<p>\u201eA szellem-bar\u00e1taim mostan\u00e1ban legink\u00e1bb fekszenek, pihengetnek, vagy csak \u00fagy nyargal\u00e1sznak az interneten. Engem ez nem \u00e9rdekel. \u00c9n ink\u00e1bb Haravar\u00e1ban nyargal\u00e1szn\u00e9k, kir\u00e1ndulni j\u00e1rn\u00e9k, kalandozn\u00e9k.\u201c<\/p>\n\n\n\n<p>\u201eDeh\u00e1t mi is pont ezt szeretn\u00e9nk!\u201c, lelkendeztek a gyerekek.<\/p>\n\n\n\n<p>\u201eAkkor h\u00e1t, bar\u00e1tok lesz\u00fcnk?\u201c, k\u00e9rdezte Kask\u00f3 \u00e9s felk\u00edn\u00e1lta szellemkarj\u00e1t.<\/p>\n\n\n\n<p>A gyerekek \u00f6sszen\u00e9ztek, esz\u00fckbe jutottak az elfoglalt sz\u00fcleik \u00e9s az a sok sz\u00e9ps\u00e9g, amit Kass\u00e1ra utazva l\u00e1ttak, \u00e9s persze f\u0151k\u00e9nt Nagypapa, \u00e9s a j\u00f3tan\u00e1cs, amit a bar\u00e1ts\u00e1ggal kapcsolatban adott.<\/p>\n\n\n\n<p>\u201e\u00c9n Maxi vagyok\u201c, csapott bele Maxi Kask\u00f3 tenyer\u00e9be.<\/p>\n\n\n\n<p>\u201e\u00c9n pedig Maja\u201c, \u00e9s a kisl\u00e1ny is belecsapott.<\/p>\n\n\n\n<p>\u201ePomp\u00e1s, sz\u00f3val, ha holnapra nincs m\u00e1s programotok, tal\u00e1lkozzunk ezen a helyen kor\u00e1n reggel \u00e9s nekiv\u00e1gunk az els\u0151 kir\u00e1ndul\u00e1snak\u201c, sz\u00f3lt Kask\u00f3 lelkesen.<\/p>\n\n\n\n<p>\u201eAz eg\u00e9sz vil\u00e1g megirigyelhetn\u00e9 az ilyen bar\u00e1tot\u201c s\u00fagta Maxi Maja f\u00fcl\u00e9be.<\/p>\n\n\n\n<p>Amikor este lefek\u00fcdtek, alig tudtak elaludni, annyira t\u00fcrelmetlenek voltak. Holnap egy igazi szellemmel fognak kir\u00e1ndulni! M\u00e9g mindig nem tudt\u00e1k elhinni.&nbsp;<\/p>\n\n\n\n<p>\u201eMegl\u00e1tjuk, mi lesz reggel\u201c, suttogta Maxi, megsimogatta a h\u00faga haj\u00e1t \u00e9s mindketten elszender\u00fcltek.<\/p>\n\n\n\n<p><\/p>\n\n\n\n<p><\/p>\n\n\n\n<blockquote class=\"wp-block-quote is-style-default is-layout-flow wp-block-quote-is-layout-flow\">\n<p><em>,,Elmes\u00e9lj\u00fck, hogy mindenki hallja,<\/em><br><em>Ki volt Kask\u00f3, Maxi \u00e9s Maja?<\/em><br><em>Szellemfi\u00fa, kacag\u00f3s,<\/em><br><em>A j\u00f3kedve ragad\u00f3s.&nbsp;<\/em><\/p>\n\n\n\n<p><\/p>\n\n\n\n<p><em>Anya, apa, b\u00e1ty \u00e9s h\u00fag-<\/em><br><em>Mindenkit v\u00e1r zeg \u00e9s zug!<\/em><br><em>Mennyi sz\u00e9ps\u00e9g l\u00e1that\u00f3!<\/em><br><em>T\u00e9len-ny\u00e1ron csudaj\u00f3.&nbsp;<\/em><\/p>\n\n\n\n<p><\/p>\n\n\n\n<p><em>J\u00f3bar\u00e1tok, titok, mese <\/em><br><em>A kalandok szerelmese<\/em><br><em>Kicsit erre, kicsit arra, \nEgyszer jobbra, m\u00e1sszor balra,\nT\u00e9ged v\u00e1r most ez a csoda, Haravara.<\/em><\/p>\n<\/blockquote>\n\n\n\n<p><\/p>\n\n\n<div class=\"wp-block-image\">\n<figure class=\"aligncenter size-large is-resized\"><img decoding=\"async\" width=\"701\" height=\"1024\" src=\"https:\/\/www.haravara.sk\/wp-content\/uploads\/2021\/03\/KASO-1-701x1024.png\" alt=\"\" class=\"wp-image-333\" style=\"width:317px;height:462px\" srcset=\"https:\/\/www.haravara.sk\/wp-content\/uploads\/2021\/03\/KASO-1-701x1024.png 701w, https:\/\/www.haravara.sk\/wp-content\/uploads\/2021\/03\/KASO-1-205x300.png 205w, https:\/\/www.haravara.sk\/wp-content\/uploads\/2021\/03\/KASO-1-768x1122.png 768w, https:\/\/www.haravara.sk\/wp-content\/uploads\/2021\/03\/KASO-1.png 821w\" sizes=\"(max-width: 701px) 100vw, 701px\" \/><\/figure>\n<\/div>","protected":false},"excerpt":{"rendered":"<p>Zozn\u00e1mte sa s pr\u00edbehom krajiny Haravara a duchom Ka\u0161kom, ktor\u00fd v\u00e1s zoberie na tie najkraj\u0161ie miesta v celom okol\u00ed, napl\u00e1nuje v\u00fdlety alebo rozpovie svoje pr\u00edbehy. <\/p>","protected":false},"featured_media":1992,"menu_order":0,"template":"","format":"standard","meta":{"_acf_changed":false,"footnotes":""},"categories":[],"class_list":["post-53","pribehy","type-pribehy","status-publish","format-standard","has-post-thumbnail","hentry"],"acf":[],"yoast_head":"<!-- This site is optimized with the Yoast SEO Premium plugin v22.7 (Yoast SEO v27.2) - https:\/\/yoast.com\/product\/yoast-seo-premium-wordpress\/ -->\n<title>HARAVARA - Audio rozpr\u00e1vka - Hlavn\u00fd pr\u00edbeh krajiny Haravara<\/title>\n<meta name=\"description\" content=\"\ud83c\udf44\ud83c\udfb2Zozn\u00e1mte sa s pr\u00edbehom krajiny Haravara a duchom Ka\u0161kom, ktor\u00fd v\u00e1s zoberie na tie najkraj\u0161ie miesta v celej Haravare.\" \/>\n<meta name=\"robots\" content=\"index, follow, max-snippet:-1, max-image-preview:large, max-video-preview:-1\" \/>\n<link rel=\"canonical\" href=\"https:\/\/www.haravara.sk\/hu\/pribehy\/ako-sa-maxik-s-majkou-zoznamili-s-krajinou-haravara-a-s-duchom-kaskom\/\" \/>\n<meta property=\"og:locale\" content=\"hu_HU\" \/>\n<meta property=\"og:type\" content=\"article\" \/>\n<meta property=\"og:title\" content=\"\ud83c\udf44\u2728Ako sa Max\u00edk s Majkou zozn\u00e1mili s krajinou Haravara a s duchom Ka\u0161kom - HARAVARA\" \/>\n<meta property=\"og:description\" content=\"Zozn\u00e1mte sa s pr\u00edbehom krajiny Haravara a duchom Ka\u0161kom, ktor\u00fd v\u00e1s zoberie na tie najkraj\u0161ie miesta v celom okol\u00ed, napl\u00e1nuje v\u00fdlety alebo rozpovie svoje pr\u00edbehy.\" \/>\n<meta property=\"og:url\" content=\"https:\/\/www.haravara.sk\/hu\/pribehy\/ako-sa-maxik-s-majkou-zoznamili-s-krajinou-haravara-a-s-duchom-kaskom\/\" \/>\n<meta property=\"og:site_name\" content=\"HARAVARA\" \/>\n<meta property=\"article:publisher\" content=\"https:\/\/www.facebook.com\/haravara.detsky.svet\" \/>\n<meta property=\"article:modified_time\" content=\"2025-10-12T23:10:01+00:00\" \/>\n<meta property=\"og:image\" content=\"https:\/\/www.haravara.sk\/wp-content\/uploads\/2021\/02\/pribehove-ilustracie-2.jpg\" \/>\n\t<meta property=\"og:image:width\" content=\"1200\" \/>\n\t<meta property=\"og:image:height\" content=\"628\" \/>\n\t<meta property=\"og:image:type\" content=\"image\/jpeg\" \/>\n<meta name=\"twitter:card\" content=\"summary_large_image\" \/>\n<meta name=\"twitter:title\" content=\"Ako sa Max\u00edk s Majkou zozn\u00e1mili s krajinou Haravara a s duchom Ka\u0161kom\" \/>\n<meta name=\"twitter:label1\" content=\"Becs\u00fclt olvas\u00e1si id\u0151\" \/>\n\t<meta name=\"twitter:data1\" content=\"8 perc\" \/>\n<script type=\"application\/ld+json\" class=\"yoast-schema-graph\">{\"@context\":\"https:\/\/schema.org\",\"@graph\":[{\"@type\":\"WebPage\",\"@id\":\"https:\/\/www.haravara.sk\/pribehy\/ako-sa-maxik-s-majkou-zoznamili-s-krajinou-haravara-a-s-duchom-kaskom\/\",\"url\":\"https:\/\/www.haravara.sk\/pribehy\/ako-sa-maxik-s-majkou-zoznamili-s-krajinou-haravara-a-s-duchom-kaskom\/\",\"name\":\"HARAVARA - Audio rozpr\u00e1vka - Hlavn\u00fd pr\u00edbeh krajiny Haravara\",\"isPartOf\":{\"@id\":\"https:\/\/www.haravara.sk\/#website\"},\"primaryImageOfPage\":{\"@id\":\"https:\/\/www.haravara.sk\/pribehy\/ako-sa-maxik-s-majkou-zoznamili-s-krajinou-haravara-a-s-duchom-kaskom\/#primaryimage\"},\"image\":{\"@id\":\"https:\/\/www.haravara.sk\/pribehy\/ako-sa-maxik-s-majkou-zoznamili-s-krajinou-haravara-a-s-duchom-kaskom\/#primaryimage\"},\"thumbnailUrl\":\"https:\/\/www.haravara.sk\/wp-content\/uploads\/2021\/02\/pribehove-ilustracie-1.jpg\",\"datePublished\":\"2025-10-10T13:06:12+00:00\",\"dateModified\":\"2025-10-12T23:10:01+00:00\",\"description\":\"\ud83c\udf44\ud83c\udfb2Zozn\u00e1mte sa s pr\u00edbehom krajiny Haravara a duchom Ka\u0161kom, ktor\u00fd v\u00e1s zoberie na tie najkraj\u0161ie miesta v celej Haravare.\",\"breadcrumb\":{\"@id\":\"https:\/\/www.haravara.sk\/pribehy\/ako-sa-maxik-s-majkou-zoznamili-s-krajinou-haravara-a-s-duchom-kaskom\/#breadcrumb\"},\"inLanguage\":\"hu\",\"potentialAction\":[{\"@type\":\"ReadAction\",\"target\":[\"https:\/\/www.haravara.sk\/pribehy\/ako-sa-maxik-s-majkou-zoznamili-s-krajinou-haravara-a-s-duchom-kaskom\/\"]}]},{\"@type\":\"ImageObject\",\"inLanguage\":\"hu\",\"@id\":\"https:\/\/www.haravara.sk\/pribehy\/ako-sa-maxik-s-majkou-zoznamili-s-krajinou-haravara-a-s-duchom-kaskom\/#primaryimage\",\"url\":\"https:\/\/www.haravara.sk\/wp-content\/uploads\/2021\/02\/pribehove-ilustracie-1.jpg\",\"contentUrl\":\"https:\/\/www.haravara.sk\/wp-content\/uploads\/2021\/02\/pribehove-ilustracie-1.jpg\",\"width\":1200,\"height\":628,\"caption\":\"Haravara - ako sa Max a Majka zozn\u00e1mili s krajinou Haravara\"},{\"@type\":\"BreadcrumbList\",\"@id\":\"https:\/\/www.haravara.sk\/pribehy\/ako-sa-maxik-s-majkou-zoznamili-s-krajinou-haravara-a-s-duchom-kaskom\/#breadcrumb\",\"itemListElement\":[{\"@type\":\"ListItem\",\"position\":1,\"name\":\"Domov\",\"item\":\"https:\/\/www.haravara.sk\/\"},{\"@type\":\"ListItem\",\"position\":2,\"name\":\"Pr\u00edbehy\",\"item\":\"https:\/\/www.haravara.sk\/pribehy\/\"},{\"@type\":\"ListItem\",\"position\":3,\"name\":\"Ako sa Max\u00edk s Majkou zozn\u00e1mili s krajinou Haravara a s duchom Ka\u0161kom\"}]},{\"@type\":\"WebSite\",\"@id\":\"https:\/\/www.haravara.sk\/#website\",\"url\":\"https:\/\/www.haravara.sk\/\",\"name\":\"HARAVARA\",\"description\":\"Objav detsk\u00fd svet v Ko\u0161ickom kraji\",\"publisher\":{\"@id\":\"https:\/\/www.haravara.sk\/#organization\"},\"potentialAction\":[{\"@type\":\"SearchAction\",\"target\":{\"@type\":\"EntryPoint\",\"urlTemplate\":\"https:\/\/www.haravara.sk\/?s={search_term_string}\"},\"query-input\":{\"@type\":\"PropertyValueSpecification\",\"valueRequired\":true,\"valueName\":\"search_term_string\"}}],\"inLanguage\":\"hu\"},{\"@type\":\"Organization\",\"@id\":\"https:\/\/www.haravara.sk\/#organization\",\"name\":\"Haravara\",\"url\":\"https:\/\/www.haravara.sk\/\",\"logo\":{\"@type\":\"ImageObject\",\"inLanguage\":\"hu\",\"@id\":\"https:\/\/www.haravara.sk\/#\/schema\/logo\/image\/\",\"url\":\"https:\/\/www.haravara.sk\/wp-content\/uploads\/2021\/04\/LOGO-LandingPage.png\",\"contentUrl\":\"https:\/\/www.haravara.sk\/wp-content\/uploads\/2021\/04\/LOGO-LandingPage.png\",\"width\":832,\"height\":618,\"caption\":\"Haravara\"},\"image\":{\"@id\":\"https:\/\/www.haravara.sk\/#\/schema\/logo\/image\/\"},\"sameAs\":[\"https:\/\/www.facebook.com\/haravara.detsky.svet\"]}]}<\/script>\n<!-- \/ Yoast SEO Premium plugin. -->","yoast_head_json":{"title":"HARAVARA - Audio rozpr\u00e1vka - Hlavn\u00fd pr\u00edbeh krajiny Haravara","description":"\ud83c\udf44\ud83c\udfb2Zozn\u00e1mte sa s pr\u00edbehom krajiny Haravara a duchom Ka\u0161kom, ktor\u00fd v\u00e1s zoberie na tie najkraj\u0161ie miesta v celej Haravare.","robots":{"index":"index","follow":"follow","max-snippet":"max-snippet:-1","max-image-preview":"max-image-preview:large","max-video-preview":"max-video-preview:-1"},"canonical":"https:\/\/www.haravara.sk\/hu\/pribehy\/ako-sa-maxik-s-majkou-zoznamili-s-krajinou-haravara-a-s-duchom-kaskom\/","og_locale":"hu_HU","og_type":"article","og_title":"\ud83c\udf44\u2728Ako sa Max\u00edk s Majkou zozn\u00e1mili s krajinou Haravara a s duchom Ka\u0161kom - HARAVARA","og_description":"Zozn\u00e1mte sa s pr\u00edbehom krajiny Haravara a duchom Ka\u0161kom, ktor\u00fd v\u00e1s zoberie na tie najkraj\u0161ie miesta v celom okol\u00ed, napl\u00e1nuje v\u00fdlety alebo rozpovie svoje pr\u00edbehy.","og_url":"https:\/\/www.haravara.sk\/hu\/pribehy\/ako-sa-maxik-s-majkou-zoznamili-s-krajinou-haravara-a-s-duchom-kaskom\/","og_site_name":"HARAVARA","article_publisher":"https:\/\/www.facebook.com\/haravara.detsky.svet","article_modified_time":"2025-10-12T23:10:01+00:00","og_image":[{"width":1200,"height":628,"url":"https:\/\/www.haravara.sk\/wp-content\/uploads\/2021\/02\/pribehove-ilustracie-2.jpg","type":"image\/jpeg"}],"twitter_card":"summary_large_image","twitter_title":"Ako sa Max\u00edk s Majkou zozn\u00e1mili s krajinou Haravara a s duchom Ka\u0161kom","twitter_misc":{"Becs\u00fclt olvas\u00e1si id\u0151":"8 perc"},"schema":{"@context":"https:\/\/schema.org","@graph":[{"@type":"WebPage","@id":"https:\/\/www.haravara.sk\/pribehy\/ako-sa-maxik-s-majkou-zoznamili-s-krajinou-haravara-a-s-duchom-kaskom\/","url":"https:\/\/www.haravara.sk\/pribehy\/ako-sa-maxik-s-majkou-zoznamili-s-krajinou-haravara-a-s-duchom-kaskom\/","name":"HARAVARA - Audio rozpr\u00e1vka - Hlavn\u00fd pr\u00edbeh krajiny Haravara","isPartOf":{"@id":"https:\/\/www.haravara.sk\/#website"},"primaryImageOfPage":{"@id":"https:\/\/www.haravara.sk\/pribehy\/ako-sa-maxik-s-majkou-zoznamili-s-krajinou-haravara-a-s-duchom-kaskom\/#primaryimage"},"image":{"@id":"https:\/\/www.haravara.sk\/pribehy\/ako-sa-maxik-s-majkou-zoznamili-s-krajinou-haravara-a-s-duchom-kaskom\/#primaryimage"},"thumbnailUrl":"https:\/\/www.haravara.sk\/wp-content\/uploads\/2021\/02\/pribehove-ilustracie-1.jpg","datePublished":"2025-10-10T13:06:12+00:00","dateModified":"2025-10-12T23:10:01+00:00","description":"\ud83c\udf44\ud83c\udfb2Zozn\u00e1mte sa s pr\u00edbehom krajiny Haravara a duchom Ka\u0161kom, ktor\u00fd v\u00e1s zoberie na tie najkraj\u0161ie miesta v celej Haravare.","breadcrumb":{"@id":"https:\/\/www.haravara.sk\/pribehy\/ako-sa-maxik-s-majkou-zoznamili-s-krajinou-haravara-a-s-duchom-kaskom\/#breadcrumb"},"inLanguage":"hu","potentialAction":[{"@type":"ReadAction","target":["https:\/\/www.haravara.sk\/pribehy\/ako-sa-maxik-s-majkou-zoznamili-s-krajinou-haravara-a-s-duchom-kaskom\/"]}]},{"@type":"ImageObject","inLanguage":"hu","@id":"https:\/\/www.haravara.sk\/pribehy\/ako-sa-maxik-s-majkou-zoznamili-s-krajinou-haravara-a-s-duchom-kaskom\/#primaryimage","url":"https:\/\/www.haravara.sk\/wp-content\/uploads\/2021\/02\/pribehove-ilustracie-1.jpg","contentUrl":"https:\/\/www.haravara.sk\/wp-content\/uploads\/2021\/02\/pribehove-ilustracie-1.jpg","width":1200,"height":628,"caption":"Haravara - ako sa Max a Majka zozn\u00e1mili s krajinou Haravara"},{"@type":"BreadcrumbList","@id":"https:\/\/www.haravara.sk\/pribehy\/ako-sa-maxik-s-majkou-zoznamili-s-krajinou-haravara-a-s-duchom-kaskom\/#breadcrumb","itemListElement":[{"@type":"ListItem","position":1,"name":"Domov","item":"https:\/\/www.haravara.sk\/"},{"@type":"ListItem","position":2,"name":"Pr\u00edbehy","item":"https:\/\/www.haravara.sk\/pribehy\/"},{"@type":"ListItem","position":3,"name":"Ako sa Max\u00edk s Majkou zozn\u00e1mili s krajinou Haravara a s duchom Ka\u0161kom"}]},{"@type":"WebSite","@id":"https:\/\/www.haravara.sk\/#website","url":"https:\/\/www.haravara.sk\/","name":"HARAVARA","description":"Objav detsk\u00fd svet v Ko\u0161ickom kraji","publisher":{"@id":"https:\/\/www.haravara.sk\/#organization"},"potentialAction":[{"@type":"SearchAction","target":{"@type":"EntryPoint","urlTemplate":"https:\/\/www.haravara.sk\/?s={search_term_string}"},"query-input":{"@type":"PropertyValueSpecification","valueRequired":true,"valueName":"search_term_string"}}],"inLanguage":"hu"},{"@type":"Organization","@id":"https:\/\/www.haravara.sk\/#organization","name":"Haravara","url":"https:\/\/www.haravara.sk\/","logo":{"@type":"ImageObject","inLanguage":"hu","@id":"https:\/\/www.haravara.sk\/#\/schema\/logo\/image\/","url":"https:\/\/www.haravara.sk\/wp-content\/uploads\/2021\/04\/LOGO-LandingPage.png","contentUrl":"https:\/\/www.haravara.sk\/wp-content\/uploads\/2021\/04\/LOGO-LandingPage.png","width":832,"height":618,"caption":"Haravara"},"image":{"@id":"https:\/\/www.haravara.sk\/#\/schema\/logo\/image\/"},"sameAs":["https:\/\/www.facebook.com\/haravara.detsky.svet"]}]}},"_links":{"self":[{"href":"https:\/\/www.haravara.sk\/hu\/wp-json\/wp\/v2\/pribehy\/53","targetHints":{"allow":["GET"]}}],"collection":[{"href":"https:\/\/www.haravara.sk\/hu\/wp-json\/wp\/v2\/pribehy"}],"about":[{"href":"https:\/\/www.haravara.sk\/hu\/wp-json\/wp\/v2\/types\/pribehy"}],"version-history":[{"count":4,"href":"https:\/\/www.haravara.sk\/hu\/wp-json\/wp\/v2\/pribehy\/53\/revisions"}],"predecessor-version":[{"id":19055,"href":"https:\/\/www.haravara.sk\/hu\/wp-json\/wp\/v2\/pribehy\/53\/revisions\/19055"}],"wp:featuredmedia":[{"embeddable":true,"href":"https:\/\/www.haravara.sk\/hu\/wp-json\/wp\/v2\/media\/1992"}],"wp:attachment":[{"href":"https:\/\/www.haravara.sk\/hu\/wp-json\/wp\/v2\/media?parent=53"}],"wp:term":[{"taxonomy":"category","embeddable":true,"href":"https:\/\/www.haravara.sk\/hu\/wp-json\/wp\/v2\/categories?post=53"}],"curies":[{"name":"wp","href":"https:\/\/api.w.org\/{rel}","templated":true}]}}