{"id":7711,"date":"2022-07-04T08:06:24","date_gmt":"2022-07-04T07:06:24","guid":{"rendered":"https:\/\/www.haravara.sk\/?post_type=pribehy&#038;p=7711"},"modified":"2024-05-28T11:15:20","modified_gmt":"2024-05-28T10:15:20","slug":"ako-sa-maxik-stal-skutocnym-rytierom","status":"publish","type":"pribehy","link":"https:\/\/www.haravara.sk\/hu\/pribehy\/ako-sa-maxik-stal-skutocnym-rytierom\/","title":{"rendered":"Hogyan lett Maxib\u00f3l val\u00f3di lovag"},"content":{"rendered":"<p>Odakint gy\u00f6ny\u00f6r\u0171 id\u0151 volt. A napocska kacsingatva, huncutul ny\u00fajtogatta  sugarait. Kask\u00f3 egyenesen a napba b\u00e1mult. A szellemek megtehetik ezt, az \u0151 szem\u00fcknek m\u00e1r nem \u00e1rt.  A baseball sapk\u00e1j\u00e1t h\u00e1trafel\u00e9 ford\u00edtotta, \u00e9s elindult bar\u00e1tai, Maxi \u00e9s Maja ut\u00e1n. M\u00e1r el\u0151re \u00f6r\u00fclt neki, hogy milyen j\u00f3t fognak j\u00e1tszani. H\u00e1rom nagyszer\u0171 j\u00e1t\u00e9kot eszelt ki. Lesz\u00e1llt az ablakp\u00e1rk\u00e1nyra \u00e9s r\u00f6gt\u00f6n felki\u00e1ltott.&nbsp;<\/p>\n\n\n\n<p>\u201eItt vagyok \u00e9s sz\u00f6rnyen szeretn\u00e9k j\u00e1tszani! \u201c<\/p>\n\n\n\n<p>\u201e\u00c9n is!\u201c csatlakozott Maja.<\/p>\n\n\n\n<p>\u201e\u00c9s te, Maja?\u201c<\/p>\n\n\n\n<p>\u201e Hogyne, v\u00e9g\u00fclis, j\u00e1tszhatunk\u201c, felelte kicsit furcsa, szomork\u00e1s hangon \u00e9s egy pap\u00edrlapot helyezett az iskolai f\u00fczetek k\u00f6z\u00e9.<\/p>\n\n\n\n<p>\u201eT\u00f6rt\u00e9nt valami?\u201c k\u00e9rdezte Kask\u00f3 Maj\u00e1t\u00f3l.<\/p>\n\n\n\n<p>\u201eValami biztosan, \u201c s\u00fagta Maja, \u201eeg\u00e9sz nap fel-al\u00e1 j\u00e1rk\u00e1l, a lovagi oklevel\u00e9t n\u00e9zegeti, amit Kir\u00e1lyhelmecen kapott mag\u00e1t\u00f3l a kir\u00e1lyt\u00f3l, \u00e9s csak s\u00f3hajtozik.\u201c<\/p>\n\n\n\n<p>\u201eTal\u00e1n a kir\u00e1ly hi\u00e1nyzik neki, \u201c gondolta Kask\u00f3. \u201e\u00c9n majd felvid\u00edtom.\u201c<\/p>\n\n\n\n<p>\u201eH\u00e9, Maxi,\u201c fordult a bar\u00e1tj\u00e1hoz, \u201enem j\u00e1tszunk egyet?\u201c<\/p>\n\n\n\n<p>\u201eHiszen mondtam, hogy fel\u0151lem j\u00e1tszhatunk! H\u00e1nyszor mondjam m\u00e9g?\u201c mondta Maxi inger\u00fclten.<\/p>\n\n\n\n<p>\u201eJ\u00f3l van, j\u00f3l van, \u00e9n nem b\u00e1ntottalak\u201d, n\u00e9zett r\u00e1 szomor\u00fa bar\u00e1tj\u00e1ra. ,,Seg\u00edthetek valahogy?\u201c<\/p>\n\n\n\n<p>\u201eNem hinn\u00e9m,\u201c v\u00e1laszolta Maxi.<\/p>\n\n\n\n<p>\u201eRendben. \u00c9s mit sz\u00f3ln\u00e1l hozz\u00e1\u201c, d\u00f6rzs\u00f6lte \u00f6ssze Kask\u00f3 a tenyer\u00e9t, \u201eha ma egy kalandosat j\u00e1tszan\u00e1nk.\u201d<\/p>\n\n\n\n<p>\u201e\u00c9n benne vagyok\u201c, \u00e1llt fel Maja, j\u00e1t\u00e9kra k\u00e9szen.<\/p>\n\n\n\n<p>\u201eEgy \u00faj nyomoz\u00f3s j\u00e1t\u00e9kot javaslok.\u201c<\/p>\n\n\n\n<p>\u201eKutatni \u00e9s keresg\u00e9lni szeretek\u201c, \u00f6r\u00fclt meg Maja, \u201ef\u0151leg ha egy k\u00e9pen kell megkeresni a t\u00e1rgyakat.\u201c<\/p>\n\n\n\n<p>\u201eNos, akkor el\u0151nnyel indulsz\u201c, nevetett Kask\u00f3. \u201eA mi j\u00e1t\u00e9kunk c\u00edme: tal\u00e1ld meg a zoknid p\u00e1rj\u00e1t.\u201c<\/p>\n\n\n\n<p>\u201eHogy mi?\u201c h\u0151k\u00f6lt vissza Maja \u00e9s erre Maxi is mag\u00e1hoz t\u00e9rt egy kicsit.&nbsp;<\/p>\n\n\n\n<p>\u201eValah\u00e1nyszor hozz\u00e1tok j\u00f6v\u00f6k, \u00e9s \u00f6lt\u00f6zk\u00f6dt\u00f6k, meg a cip\u0151t h\u00fazz\u00e1tok fel, a zoknitok p\u00e1rj\u00e1t keresitek. M\u00e1rmint, ha nem siet\u00fcnk\u201d, magyar\u00e1zta Kask\u00f3 a terv\u00e9t. \u201eA m\u00faltkor pedig azt mondtad, hogy a fi\u00f3kodban tizen\u00f6t p\u00e1ratlan zokni van.\u201d&nbsp;<\/p>\n\n\n\n<p>\u201eNincs kedvem ilyet j\u00e1tszani\u201d, hajtotta le a fej\u00e9t Maxi.<\/p>\n\n\n\n<p>\u201e\u00c9s nekem sem\u201c, Maja d\u00fch\u00f6sen a cs\u00edp\u0151j\u00e9re tette a kez\u00e9t.<\/p>\n\n\n\n<p>\u201eAkkor van egy m\u00e1sik kiv\u00e1l\u00f3 j\u00e1t\u00e9kom.\u201c&nbsp;<\/p>\n\n\n\n<p>\u201eSzuper!\u201c Maja \u00fajra fellelkes\u00fclt.<\/p>\n\n\n\n<p>\u201eKapd el a szellemet!\u201c mutatta be Kask\u00f3 lelkesen az \u00f6tlet\u00e9t.<\/p>\n\n\n\n<p>\u201eAha, sz\u00f3val mi t\u00e9ged kerget\u00fcnk \u00e9s sohasem kapunk el, \u201ecs\u00f3v\u00e1lta a fej\u00e9t k\u00e9telkedve Maja.<\/p>\n\n\n\n<p>\u201ePontosan!\u201c, er\u0151s\u00edtette meg Kask\u00f3.<\/p>\n\n\n\n<p>\u201eUncsiiiii,\u201c \u00e1s\u00edtozott Maxi.<\/p>\n\n\n\n<p>\u201eElegem van ebb\u0151l! Mi t\u00f6rt\u00e9nt veled, bar\u00e1tom?\u201c<\/p>\n\n\n\n<p>Maxi Kask\u00f3ra n\u00e9zett, odal\u00e9pett az asztalhoz \u00e9s megmutatta a kir\u00e1lyi igazol\u00e1st arr\u00f3l, hogy \u0151 egy lovag.&nbsp;<\/p>\n\n\n\n<p>\u201eIgen? Lovag vagy\u201c, csod\u00e1lkozott Kask\u00f3, \u201ede m\u00e1r nem akarsz az lenni? \u201c<\/p>\n\n\n\n<p>\u201eDe, \u00e9ppen, hogy akarok!\u201c<\/p>\n\n\n\n<p>\u201e\u00c9s ez\u00e9rt vagy szomor\u00fa?\u201c Maja m\u00e9g mindig nem \u00e9rtette.<\/p>\n\n\n\n<p>\u201eNem ez\u00e9rt. Hanem az\u00e9rt, mert csup\u00e1n pap\u00edron vagyok lovag.\u201c<\/p>\n\n\n\n<p>\u201eHogyhogy?\u201c Kask\u00f3 sz\u00e1m\u00e1ra nem volt vil\u00e1gos, mit jelent ez.<\/p>\n\n\n\n<p>\u201eLovagg\u00e1 \u00fct\u00f6ttek, de csak \u00fagy, minden n\u00e9lk\u00fcl. Nem vittem v\u00e9ghez semmif\u00e9le lovagi tettet. Pedig a lovagok igenis ezt teszik\u201c, m\u00e9ltatlankodott Maxi.<\/p>\n\n\n\n<p>\u201eM\u00e1r \u00e9rtem. De azt nem k\u00edv\u00e1nhatod, hogy miattad \u00e9bressz\u00fck fel a haravarai s\u00e1rk\u00e1nyt,\u201c morfond\u00edrozott a szellemfi\u00fa.<\/p>\n\n\n\n<p>\u201eS\u00e1rk\u00e1ny?\u201c ijedt meg Maja. \u201eAzt akarod mondani, hogy itt Haravar\u00e1ban vannak s\u00e1rk\u00e1nyok?\u201c&nbsp;<\/p>\n\n\n\n<p>\u201eVan itt mindenf\u00e9le sz\u00f6rny \u00e9s r\u00e9ms\u00e9g. M\u00e9g s\u00e1rk\u00e1ny is.\u201c&nbsp;<\/p>\n\n\n\n<p>Maja a sarokba kuporodott \u00e9s az ablak fel\u00e9 n\u00e9zett, mintha arra v\u00e1rna, hogy valaki odarep\u00fclj\u00f6n.<\/p>\n\n\n\n<p>\u201eNem kell f\u00e9lned\u201c, nyugtatta meg Kask\u00f3. \u201eMost alszanak. \u00c9s ez m\u00e9g 864 \u00e9vig \u00edgy is marad.\u201c<\/p>\n\n\n\n<p>Maja ett\u0151l egy kicsit megnyugodott \u00e9s cinkosan a b\u00e1tyj\u00e1ra n\u00e9zett.<\/p>\n\n\n\n<p>\u201eFigyelj csak, Maxi, nemr\u00e9g egy mes\u00e9t olvastam egy fi\u00far\u00f3l, akit Sosef\u00e9ljnek h\u00edvtak \u00e9s a malomban kellett elt\u00f6ltenie egy \u00e9jszak\u00e1t.<\/p>\n\n\n\n<p>\u201eT\u00f6bb lovagnak is el kellett t\u00f6ltenie egy \u00e9jszak\u00e1t a malomban ahhoz, hogy val\u00f3di lovagokk\u00e1 v\u00e1lhassanak\u201d, eg\u00e9sz\u00edtette ki Maj\u00e1t Kask\u00f3.<\/p>\n\n\n\n<p>\u201eAkkor gyer\u00fcnk!\u201c t\u00e9rt mag\u00e1hoz Maxi. \u201eAnyuka \u00e9s apuka a h\u00e9tv\u00e9g\u00e9n egy konferenci\u00e1n vannak. Tudsz valami malomr\u00f3l?\u201c<\/p>\n\n\n\n<p>\u201eH\u00e1t persze. T\u00f6bbr\u0151l is. V\u00e1rjunk csak\u201c, gondolkozott Kask\u00f3.  \u201eTudom m\u00e1r! Kov\u00e1csfalv\u00e1ra megy\u00fcnk. Valamikor r\u00e9gen volt ott egy nagyon sz\u00e9p malom, rem\u00e9lem, ma is megvan m\u00e9g.\u201c&nbsp;<\/p>\n\n\n\n<p>P\u00e1r percen bel\u00fcl m\u00e1r az \u00e1llom\u00e1son voltak, hogy felsz\u00e1lljanak egy Rozsny\u00f3 fel\u00e9 tart\u00f3 buszra, azt\u00e1n pedig meg\u00e9rkeztek Kov\u00e1csfalv\u00e1ra.&nbsp;<\/p>\n\n\n\n<p>\u201eN\u00e9zz\u00e9tek, m\u00e9g \u00e1ll, oda van \u00edrva: Malom,\u2019 mutatta \u00f6r\u00f6mmel Kask\u00f3 a nyilakat.<\/p>\n\n\n\n<p>Ahogy k\u00f6zeledtek a malomhoz, Kask\u00f3nak valami nem f\u00e9rt a fej\u00e9be.<\/p>\n\n\n\n<p>,,A malom itt van, de hol vannak a kocsik, amelyek a magot hozz\u00e1k \u00e9s a lisztet viszik?\u201d<\/p>\n\n\n\n<p>\u201eMi az, most te fogsz itt dohogni?\u201c fordult Kask\u00f3 fel\u00e9 Maja.&nbsp;<\/p>\n\n\n\n<p>\u201eCsak mert nem azt l\u00e1tom, amire eml\u00e9keztem.\u201d&nbsp;&nbsp;<\/p>\n\n\n\n<p>\u00c9s val\u00f3ban, a g\u00e9pek zaj\u00e1t nem hallott\u00e1k, ehelyett hangzavar, poh\u00e1rcs\u00f6rg\u00e9s \u00e9s nevet\u00e9s hallatszott.&nbsp;<\/p>\n\n\n\n<p>A malom m\u00e9g \u00e1llt, de m\u00e1r nem \u0151r\u00f6lt. A k\u00f6rny\u00e9k\u00e9t sz\u00e9pen rendbe tett\u00e9k, a gyerekek le is \u00fcltek pihenni.&nbsp;<\/p>\n\n\n\n<p>\u201eAzok voltak a sz\u00e9p id\u0151k, amikor a malomban m\u00e9g \u0151r\u00f6ltek. Ott \u00e1lltak a szekerek, rajtuk a maggal teli zs\u00e1kok. Itt v\u00e1rta \u0151ket a moln\u00e1r \u00e9s a seg\u00e9dei. \u00c9telt \u00e9s italt is osztottak.\u201c<\/p>\n\n\n\n<p>\u201e\u00c9s ez meg itt maradt,\u201d mondta Maja viccesen, amikor a malomb\u00f3l egy h\u00f6lgy narancsl\u00e9t hozott nekik.<\/p>\n\n\n\n<p>\u201eVolt, hogy az emberek h\u00e1rom napig is itt v\u00e1rtak, hogy bejuthassanak a malomba. A szek\u00e9ren aludtak, a sz\u00e9n\u00e1ban, est\u00e9nk\u00e9nt t\u00f6rt\u00e9neteket mes\u00e9ltek \u00e9s \u00e9nekeltek. A moln\u00e1r volt a legjobban t\u00e1j\u00e9kozott ember a sz\u00e9les vid\u00e9ken.\u201c<\/p>\n\n\n\n<p>\u201eHiszen nem is kellett olyan sok mindent tudnia. A v\u00edz megtett helyette mindent\u201d, sz\u00f3l Maxi cs\u00fafol\u00f3dva.<\/p>\n\n\n\n<p>\u201eDehogyis! A moln\u00e1rnak \u00e9rtenie kellett a fafeldolgoz\u00e1shoz, ismernie kellett a g\u00e9pezetet, a fizika t\u00f6rv\u00e9nyeit, hogy minden fogaskereket \u00e9s sz\u00edjat pontosan \u00fagy \u00e1ll\u00edtson be, hogy a liszt megfeleljen a megrendel\u0151 elv\u00e1r\u00e1sainak. Az nem csak \u00fagy volt \u00e1m!\u201c<\/p>\n\n\n\n<p>,,Pontosan, \u201c sz\u00f3lalt meg a h\u00e1tuk m\u00f6g\u00f6tt a malom h\u00e1ziasszonya. ,,Gyertek, megmutatom, mi mindent rejt ez a malom. Igazi m\u0171szaki kincsek ezek, ak\u00e1rhol nem l\u00e1that\u00f3k!\u201c&nbsp;<\/p>\n\n\n\n<p>A gyerekek fel\u00e1lltak a sz\u00e9kekr\u0151l \u00e9s a meredek l\u00e9pcs\u0151n felmentek az els\u0151, majd a m\u00e1sodik emeletre.&nbsp;<\/p>\n\n\n\n<p>A h\u00f6lgy igazat mondott. A malomban m\u00e9g mindig ott volt a g\u00e9pezet, amely a gabon\u00e1t lisztt\u00e9 \u0151r\u00f6lte.<\/p>\n\n\n\n<p>,,Ez azt\u00e1n az igazi m\u00fazeum!\u201c, lelkendezett Max, amikor kil\u00e9ptek a malom ajtaj\u00e1n,<\/p>\n\n\n\n<p>,,de ez a malom m\u00e1r nem lesz \u00e9rdekes a s\u00e1rk\u00e1ny sz\u00e1m\u00e1ra\u201d, tette hozz\u00e1 szomor\u00faan \u00e9s elkeseredve a l\u00e9pcs\u0151re huppant.<\/p>\n\n\n\n<p>Kask\u00f3nak egyszer felragyogott a szellemszeme.<\/p>\n\n\n\n<p>\u201eT\u00e1madt egy \u00f6tletem!<\/p>\n\n\n\n<p>Itt a k\u00f6zelben van egy r\u00e9gi templom.<\/p>\n\n\n\n<p>Nagyon r\u00e9gi.&nbsp;<\/p>\n\n\n\n<p>Mi lenne, ha ott t\u00f6lten\u00e9d az \u00e9jszak\u00e1t?\u201d<\/p>\n\n\n\n<p>\u201eRendben.<\/p>\n\n\n\n<p>Csin\u00e1ljuk azt!\u201c<\/p>\n\n\n\n<p>Vettek m\u00e9g egy kis elem\u00f3zsia-tartal\u00e9kot \u00e9s \u00fatnak indultak. A templom, jobban mondva annak a falai, egy dombon \u00e1llt, \u00e9s igaz\u00e1n sz\u00e9p volt. Tet\u0151je nem volt \u00e9s a k\u0151falakon m\u00e9g l\u00e1tszottak a befalazott ablakok \u00e9s ajt\u00f3k.<\/p>\n\n\n\n\n\n<p>\u201eEzt a huszit\u00e1k \u00e9p\u00edtett\u00e9k\u201c, t\u00e1j\u00e9koztatta \u0151ket Kask\u00f3.<\/p>\n\n\n\n<p>\u201eAzok lovagok voltak? \u00c9s pont h\u00faszan?\u201c, k\u00e9rdezte Maxi.<\/p>\n\n\n\n<p>\u201eNem, nem lovagok. \u0150k isten harcosainak nevezt\u00e9k magukat. Egyszer\u0171 emberek voltak. Tudod, mi az \u00e9rdekes?\u201c k\u00e9rdezte a szellem.<\/p>\n\n\n\n<p>\u201eMi?\u201c fordultak fel\u00e9 a gyerekek.<\/p>\n\n\n\n<p>\u201eA fegyvereik. Sz\u00e1mtalan fegyvert tal\u00e1ltak fel, amiket a saj\u00e1t szersz\u00e1maikb\u00f3l k\u00e9sz\u00edtettek. Kasz\u00e1b\u00f3l, cs\u00e9phadar\u00f3b\u00f3l, vagy a sz\u00e1nt\u00e1shoz haszn\u00e1lt eszk\u00f6z\u00f6kb\u0151l.\u201c&nbsp;<\/p>\n\n\n\n<p>,,\u00c9s?\u201c Maxi nem \u00e9rtette, ez mi\u00e9rt \u00e9rdekes.<\/p>\n\n\n\n<p>\u201e\u00c9s ezekkel a fegyverekkel nagy csat\u00e1kat nyertek felfegyverkezett katon\u00e1k ellen. \u00c9s \u0151k tal\u00e1lt\u00e1k ki a szek\u00e9rfalat is. F\u00f6ldm\u0171vesek voltak \u00e9s szekereken hordt\u00e1k a sz\u00fcks\u00e9ges dolgaikat a mez\u0151re, meg az \u0151r\u00f6lni val\u00f3t a malomba. Amikor \u00fagy alakult, hogy harcolniuk kell, a szekereket is bevetett\u00e9k.  F\u00e1b\u00f3l k\u00e9sz\u00fclt tankok lettek bel\u0151l\u00fck, ott b\u00fajtak el \u00e9s onnan ind\u00edtott\u00e1k a t\u00e1mad\u00e1saikat.\u201c<\/p>\n\n\n\n<p>\u201eJ\u00f3l van. Akkor \u00e9n itt meg\u00e1gyazok magamnak\u201c, mutatott r\u00e1 Maxi egy helyre a f\u00f6ld\u00f6n.<\/p>\n\n\n\n<p>\u201eMagadnak? Tal\u00e1n nek\u00fcnk\u201c, helyesb\u00edtett Maja.<\/p>\n\n\n\n<p>\u201eDe Maja, nekem mindenk\u00e9ppen lovagg\u00e1 kell v\u00e1lnom.\u201d<\/p>\n\n\n\n<p>\u201eAkkor \u00e9n leszek a hercegn\u0151, akit megv\u00e9dhetsz,\u201d kacsintott r\u00e1 a Maxira a h\u00faga.<\/p>\n\n\n\n<p>Maxi ellenkezni akart volna, de Kask\u00f3 megr\u00e1ngatta a ruh\u00e1ja ujj\u00e1t \u00e9s meg\u00e9rtette, hogy jobb, ha nem sz\u00f3l.<\/p>\n\n\n\n<p>\u201eRendben, akkor \u00e1gyazzunk meg.\u201c<\/p>\n\n\n\n<p>\u201e\u00c9s \u00e9n?,\u201c csod\u00e1lkozott Kask\u00f3.<\/p>\n\n\n\n<p>\u201eHogyhogy te?\u201c, m\u00e9ltatlankodott Maxi a fej\u00e9t cs\u00f3v\u00e1lva, \u201ete nem leszel itt. Ha lovag akarok lenni, akkor ezt egyed\u00fcl kell v\u00e9gigcsin\u00e1lnom.\u201c<\/p>\n\n\n\n<p>\u201eBiztos vagy ebben?\u201c&nbsp;<\/p>\n\n\n\n<p>Maxi b\u00f3lintott.<\/p>\n\n\n\n<p>\u201eJ\u00f3l van.\u201c Kask\u00f3 fel\u00e1llt, megsimogatta a bar\u00e1tai kobakj\u00e1t \u00e9s elrep\u00fclt.<\/p>\n\n\n\n<p>Az \u00e9gbolt lassan feket\u00e9be \u00f6lt\u00f6z\u00f6tt. Felj\u00f6tt a hold \u00e9s a csillagok.<\/p>\n\n\n\n<p>\u201eL\u00e1tt\u00e1l m\u00e1r ilyet?\u201c, suttogott Maja, a csillagokkal s\u0171r\u0171n \u00e1tsz\u0151tt \u00e9gre b\u00e1mulva. \u201e\u00c9n m\u00e9g \u00e9letemben nem l\u00e1ttam ilyen sok csillagot.\u201c<\/p>\n\n\n\n<p>\u201e\u00c9n se\u201c, gy\u00f6ny\u00f6rk\u00f6d\u00f6tt Maxi is.<\/p>\n\n\n\n<p>\u201eMaja, hiszen te reszketsz. Mi t\u00f6rt\u00e9nt veled? F\u00e9lsz?\u201c&nbsp;<\/p>\n\n\n\n<p>\u201eM\u00e9g nem. Csak f\u00e1zom.\u201c<\/p>\n\n\n\n<p> \u201eV\u00e1rj\u201c, Maxi beleny\u00falt a h\u00e1tizs\u00e1kj\u00e1ba \u00e9s egy tartal\u00e9k kardig\u00e1nt h\u00fazott el\u0151.&nbsp;<\/p>\n\n\n\n<p>De mivel Maja tov\u00e1bbra is reszketett, levetette a kab\u00e1tj\u00e1t is \u00e9s r\u00e1adta a testv\u00e9r\u00e9re.<\/p>\n\n\n\n<p>\u201eDe akkor most te fogsz f\u00e1zni.\u201c<\/p>\n\n\n\n<p>\u201e\u00c9rtem ne agg\u00f3dj.\u201c<\/p>\n\n\n\n<p>\u201eKicsit f\u00e9ltelek, \u00e9s elaludni is f\u00e9lek.\u201c<\/p>\n\n\n\n<p>\u201eNem kell f\u00e9lned, \u00e9n majd v\u00e1rok, mikor j\u00f6n el az id\u0151. hogy valami lovagias tettet vigyek v\u00e9ghez. Te csak aludj nyugodtan.\u201c<\/p>\n\n\n\n<p>Alighogy Maja behunyta a szem\u00e9t, a k\u00f6zeli erd\u0151b\u0151l furcsa \u00e1llathangok hangzottak.<\/p>\n\n\n\n<p>Maja kinyitotta a szem\u00e9t \u00e9s f\u00e9lt megmukkanni.<\/p>\n\n\n\n<p>Maxi m\u00e9g jobban odab\u00fajt a h\u00fag\u00e1hoz, megfogta a kez\u00e9t \u00e9s \u00e9nekelni kezdett.<\/p>\n\n\n\n<p>\u201eNem kell f\u00e9lned, ha nincs f\u00e9ny,<\/p>\n\n\n\n<p>A s\u00f6t\u00e9t is j\u00f3bar\u00e1t,<\/p>\n\n\n\n<p>Elringat \u00e9s \u00e1t\u00f6lel,<\/p>\n\n\n\n<p>Mes\u00e9s \u00e1lmok<\/p>\n\n\n\n<p>v\u00e1rnak r\u00e1d<\/p>\n\n\n\n<p>&nbsp;Elalszik a nagyvil\u00e1g,<\/p>\n\n\n\n<p>Vigy\u00e1z r\u00e1d f\u0171,<\/p>\n\n\n\n<p>fa, vir\u00e1g.\u201d<\/p>\n\n\n\n<p>Maxi pedig v\u00e1rt, v\u00e1rta a nagy pillanatot. \u00dagy t\u0171nt neki, hogy valami m\u00e1szk\u00e1l mellett\u00fck a f\u0171ben. Odahajolt, hogy jobban l\u00e1ssa, \u00e9s akkor egy csillag mintha m\u00e9g f\u00e9nyesebben vil\u00e1g\u00edtott volna. \u00cdgy l\u00e1tta meg a k\u00edgy\u00f3t, amelyik a h\u00faga fel\u00e9 k\u00faszott \u00e9ppen.&nbsp;<\/p>\n\n\n\n<p>R\u00f6gt\u00f6n elkapta a fark\u00e1t \u00e9s elvitte a s\u00f6t\u00e9tbe.&nbsp;<\/p>\n\n\n\n<p>M\u00e9g jobban figyelt \u00e9s f\u00fclelt.&nbsp;<\/p>\n\n\n\n<p>A falu torny\u00e1ban \u00e9jf\u00e9lt \u00fct\u00f6tt a harang. Maxi fels\u00f3hajtott \u00e9s hirtelen tork\u00e1n akadt a sz\u00f3. A templomb\u00f3l szokatlan zajok sz\u0171r\u0151dtek ki.<\/p>\n\n\n\n<p>Maxi m\u00e9g egy kardig\u00e1nt ter\u00edtett Maj\u00e1ra, rajta m\u00e1r csak egy trik\u00f3 maradt.&nbsp;<\/p>\n\n\n\n<p>Odaosont a templom fal\u00e1hoz, ahol a befalazott ajt\u00f3 volt.<\/p>\n\n\n\n<p>A falon t\u00falr\u00f3l hangokat hallott. Mintha valaki egy vasr\u00faddal d\u00f6r\u00f6mb\u00f6lt volna a falon.<\/p>\n\n\n\n<p>Maxi megn\u00e9zte a fal m\u00e1sik oldal\u00e1t is, de semmi.<\/p>\n\n\n\n<p>\u201eLehet, hogy k\u00e9pzel\u0151d\u00f6m.\u201c<\/p>\n\n\n\n<p>\u00c9s akkor valami t\u00f6rt\u00e9nt. A befalazott ajt\u00f3 k\u00f6r\u00fcl f\u00e9ny t\u0171nt fel. \u00dagy ragyogott, mint a sz\u00ednh\u00e1zi f\u00e9nyek. \u00c9s az ajt\u00f3 mintha lassan ny\u00edlt volna ki. Maxi felkapta az els\u0151 botot, ami a kez\u00e9be akadt, oda\u00e1llt Maj\u00e1hoz, hogy megv\u00e9dje \u00e9s v\u00e1rta, mi lesz.<\/p>\n\n\n\n<p>A t\u00e1gra ny\u00edlt ajt\u00f3ban p\u00e1nc\u00e9los lovagok jelentek meg, kardokkal, lovakkal, szekerc\u00e9kkel \u00e9s alab\u00e1rdokkal.<\/p>\n\n\n\n<p>\u201eKik vagytok?\u201d, habogott Maxi. Vagy csak \u00e1lmodom?\u201d<\/p>\n\n\n\n<p>\u201eNem, bar\u00e1tom, ez nem \u00e1lom\u201d, d\u00f6rg\u00f6tt fel az egyik lovag hangja. \u201eMi lovagok vagyunk  -  v\u00e9delmez\u0151k.\u201c&nbsp;<\/p>\n\n\n\n<p>\u201eMit v\u00e9delmeztek?\u201c, k\u00e9rdezte Maxi m\u00e9g mindig megh\u00f6kkenve.<\/p>\n\n\n\n<p>\u201eTerm\u00e9szetesen Haravara birodalm\u00e1t\u201c, \u00e1llt el\u0151 h\u00e1tulr\u00f3l egy aranyp\u00e1nc\u00e9los lovag. ,,Tal\u00e1n tudod, hogy minden orsz\u00e1gban van egy domb vagy hegy, ahol a lovagok arra v\u00e1rnak, mikor van az orsz\u00e1g a legnagyobb bajban \u00e9s seg\u00edtenek.\u201c<\/p>\n\n\n\n<p>\u201eIgen, hallottam err\u0151l\u201c, er\u0151s\u00edtette meg Maxi.<\/p>\n\n\n\n<p>\u201eTe pedig pont egy ilyen vagy \u00e9ppen, itt, Haravara birodalm\u00e1ban.\u201c&nbsp;<\/p>\n\n\n\n<p>\u201eDe mi\u00e9rt jelentetek meg el\u0151ttem?\u201c, \u00e9rtetlenkedett Maxi.<\/p>\n\n\n\n<p>\u201eV\u00e1rtunk egy ifj\u00fara, akinek a sz\u00edve lovaghoz m\u00e9lt\u00f3 \u00e9s aki vigy\u00e1zna Haravar\u00e1ra, \u00e9s ha baj van, sz\u00f3lna nek\u00fcnk.\u201c<\/p>\n\n\n\n<p>\u201eEddig nem volt ilyen h\u00edrviv\u0151t\u00f6k?\u201c<\/p>\n\n\n\n<p>\u201eDe volt\u201c, d\u00f6rg\u00f6tt fel \u00fajra az aranyp\u00e1nc\u00e9los lovag hangja, \u201ecsak \u0151 m\u00e1r meg\u00f6regedett \u00e9s pihenni akar.\u201c&nbsp;<\/p>\n\n\n\n<p>\u201eDe mi\u00e9rt \u00e9n? \u00c9n nem vagyok lovag \u00e9s a sz\u00edvem sem lovaghoz m\u00e9lt\u00f3\u201d, mondta pironkodva Maxi.<\/p>\n\n\n\n<p>Ekkor el\u00e9 \u00e1llt a lovagok egyike, karddal a kez\u00e9ben \u00e9s megsz\u00f3lalt.<\/p>\n\n\n\n<p>\u201eNem fogadtad el a seg\u00edts\u00e9get, amit a szellem-bar\u00e1tod k\u00edn\u00e1lt fel \u00e9s itt maradt\u00e1l egyed\u00fcl a testv\u00e9reddel. Megosztottad vele az utols\u00f3 ennival\u00f3dat \u00e9s neki adtad a ruh\u00e1dat, hab\u00e1r te is f\u00e1zt\u00e1l. Amikor zajt hallott\u00e1l \u00e9s f\u00e9nyeket l\u00e1tt\u00e1l, k\u00e9szen \u00e1llt\u00e1l megv\u00e9deni \u0151t, nem futamodt\u00e1l meg \u00e9s nem b\u00fajt\u00e1l el.\u201c&nbsp;<\/p>\n\n\n\n<p>\u201eNemcsak, hogy igazi. Te vagy az a lovag, aki Haravara biztons\u00e1g\u00e1\u00e9rt kezeskedik.<\/p>\n\n\n\n<p>\u201eAkkor \u00e9n egy igazi lovag lenn\u00e9k?\u201c, Maxi nem akarta elhinni.<\/p>\n\n\n\n<p>\u201eNemcsak, hogy igazi. Te vagy az a lovag, aki Haravara biztons\u00e1g\u00e1\u00e9rt kezeskedik. Ha nagy baj lesz, te fogsz minket \u00e9rtes\u00edteni\u201d, mondt\u00e1k a katon\u00e1k k\u00f3rusban, akkora hanger\u0151vel, hogy Maja is mocorogni kezdett.<\/p>\n\n\n\n<p>\u201eCsendesebben, \u0151t ne \u00e9bressz\u00fck fel!\u201c&nbsp;<\/p>\n\n\n\n<p>Az aranylovag csak mosolygott \u00e9s egy kis vasgy\u0171r\u0171t adott \u00e1t Maxinak.<\/p>\n\n\n\n<p>\u201eRejtsd el j\u00f3l ezt a gy\u0171r\u0171t \u00e9s vigy\u00e1zz r\u00e1. Ha majd sz\u00f3lni akarsz nek\u00fcnk, idej\u00f6ssz \u00e9s a gy\u0171r\u0171t erre a befalazott ajt\u00f3ra helyezed. Mi pedig azonnal itt lesz\u00fcnk. K\u00f6sz\u00f6nj\u00fck neked, Maxi lovag.\u201c<\/p>\n\n\n\n<p>Erre a lovagok mind meghajoltak. Maxi kid\u00fcllesztette a mellkas\u00e1t, felemelte a gy\u0171r\u0171t \u00e9s a szem\u00e9b\u0151l kicsordul egy k\u00f6nnycsepp. A boldogs\u00e1gt\u00f3l!<\/p>\n\n\n\n<p>A lovagok sarkon fordultak \u00e9s m\u00e1r ott sem voltak. Egy darabig m\u00e9g l\u00e1tszott a f\u00e9ny\u00fck \u00e9s hallatszott a fegyverek cs\u00f6rg\u00e9se. Azt\u00e1n csend lett. A nyugodt \u00e9jjelt a kakas \u00e9rces hangja szak\u00edtotta f\u00e9lbe. Az els\u0151 kukor\u00e9kol\u00e1s ut\u00e1n ijedten szaladt oda Kask\u00f3.<\/p>\n\n\n\n<p>\u201eNincs semmi bajotok?\u201c<\/p>\n\n\n\n<p>\u201eCsendbe l\u00e9gy, Kask\u00f3, ne \u00e9breszd fel Maj\u00e1t. Hadd aludjon m\u00e9g.\u201c&nbsp;<\/p>\n\n\n\n<p>\u201eMaja alszik, de t\u00e9ged r\u00e1z a hideg,\u201c mutatott r\u00e1 Kask\u00f3 Maxi reszket\u0151 kez\u00e9re.<\/p>\n\n\n\n<p>\u201eNem baj. Az a f\u0151, hogy Maja rendben van.\u201c<\/p>\n\n\n\n<p>\u201e\u00c9s mi lesz a te lovagi tetteddel?\u201c<\/p>\n\n\n\n<p>\u201eUgyan, az nem olyan fontos. Val\u00f3sz\u00edn\u0171leg \u00fagyse lesz bel\u0151lem lovag\u201c, mondta Maxi \u00e9s k\u00f6zben beleny\u00falt a zseb\u00e9be, hogy kitapogassa a gy\u0171r\u0171j\u00e9t. Lefek\u00fcdt a f\u0171be \u00e9s nyomban elnyomta az \u00e1lom. Mosollyal a sz\u00e1j\u00e1n v\u00e1rta a napfelkelt\u00e9t.&nbsp;<\/p>","protected":false},"excerpt":{"rendered":"<p> \u201eOkolo \u010cane \u017eili najlep\u0161ie mamuty v celej krajine Haravara. Najrad\u0161ej som ich mal na dobrej \u0161korici, hmmm,\u201c ... ste zvedav\u00ed, ako pokra\u010dovalo Ka\u0161kovo rozpr\u00e1vanie? <\/p>","protected":false},"featured_media":7712,"menu_order":0,"template":"","format":"standard","meta":{"_acf_changed":false,"footnotes":""},"categories":[],"class_list":["post-7711","pribehy","type-pribehy","status-publish","format-standard","has-post-thumbnail","hentry"],"acf":[],"yoast_head":"<!-- This site is optimized with the Yoast SEO Premium plugin v22.7 (Yoast SEO v27.2) - https:\/\/yoast.com\/product\/yoast-seo-premium-wordpress\/ -->\n<title>Ako sa Max\u00edk stal skuto\u010dn\u00fdm rytierom - HARAVARA Pr\u00edbehy (rozpr\u00e1vky)<\/title>\n<meta name=\"description\" content=\"Vonku bol n\u00e1dhern\u00fd de\u0148. Svietilo slnie\u010dko. Tak\u00e9 zubat\u00e9, \u017emurkaj\u00face, nezbedn\u00e9. Ka\u0161ko sa zapozeral na slnie\u010dko. Duchovia to m\u00f4\u017eu. Ich o\u010di sa u\u017e nem\u00f4\u017eu pokazi\u0165. Dal si na hlavu \u010diapku \u0161iltom dozadu a vyrazil za svojimi kamar\u00e1tmi Max\u00edkom a Majkou. Te\u0161il sa ako sa dnes vyhraj\u00fa. Vymyslel tri \u00fa\u017easn\u00e9 hry. Prist\u00e1l na parapete a hne\u010f zvolal.\" \/>\n<meta name=\"robots\" content=\"index, follow, max-snippet:-1, max-image-preview:large, max-video-preview:-1\" \/>\n<link rel=\"canonical\" href=\"https:\/\/www.haravara.sk\/hu\/pribehy\/ako-sa-maxik-stal-skutocnym-rytierom\/\" \/>\n<meta property=\"og:locale\" content=\"hu_HU\" \/>\n<meta property=\"og:type\" content=\"article\" \/>\n<meta property=\"og:title\" content=\"\ud83c\udf44Haravara rozpr\u00e1vka - Ako sa Max\u00edk stal skuto\u010dn\u00fdm rytierom\" \/>\n<meta property=\"og:description\" content=\"Vonku bol n\u00e1dhern\u00fd de\u0148. Svietilo slnie\u010dko. Tak\u00e9 zubat\u00e9, \u017emurkaj\u00face, nezbedn\u00e9. Ka\u0161ko sa zapozeral na slnie\u010dko. Duchovia to m\u00f4\u017eu. Ich o\u010di sa u\u017e nem\u00f4\u017eu pokazi\u0165. Dal si na hlavu \u010diapku \u0161iltom dozadu a vyrazil za svojimi kamar\u00e1tmi Max\u00edkom a Majkou. Te\u0161il sa ako sa dnes vyhraj\u00fa. Vymyslel tri \u00fa\u017easn\u00e9 hry. Prist\u00e1l na parapete a hne\u010f zvolal.\" \/>\n<meta property=\"og:url\" content=\"https:\/\/www.haravara.sk\/hu\/pribehy\/ako-sa-maxik-stal-skutocnym-rytierom\/\" \/>\n<meta property=\"og:site_name\" content=\"HARAVARA\" \/>\n<meta property=\"article:publisher\" content=\"https:\/\/www.facebook.com\/haravara.detsky.svet\" \/>\n<meta property=\"article:modified_time\" content=\"2024-05-28T10:15:20+00:00\" \/>\n<meta property=\"og:image\" content=\"https:\/\/www.haravara.sk\/wp-content\/uploads\/2022\/06\/Kovacova-pri-roznave-nepriehladne.png\" \/>\n\t<meta property=\"og:image:width\" content=\"1200\" \/>\n\t<meta property=\"og:image:height\" content=\"628\" \/>\n\t<meta property=\"og:image:type\" content=\"image\/png\" \/>\n<meta name=\"twitter:card\" content=\"summary_large_image\" \/>\n<meta name=\"twitter:title\" content=\"Ako sa Max\u00edk stal skuto\u010dn\u00fdm rytierom\" \/>\n<meta name=\"twitter:description\" content=\"Vonku u\u017e tro\u0161ku mrzlo. R\u00e1no si mamky a ockovia museli \u010disti\u0165 okn\u00e1 na aut\u00e1ch od mraz\u00edku a Ka\u0161ko a ostatn\u00ed duchovia si museli\u2026 vlastne nemuseli ni\u010d. Duchovia toti\u017e nec\u00edtia zimu ani teplo. C\u00edtia to len vtedy, ke\u010f n\u00e1hodou dostan\u00fa nejak\u00fa d\u00fa\u0161iu chorobu.\" \/>\n<meta name=\"twitter:label1\" content=\"Becs\u00fclt olvas\u00e1si id\u0151\" \/>\n\t<meta name=\"twitter:data1\" content=\"10 perc\" \/>\n<script type=\"application\/ld+json\" class=\"yoast-schema-graph\">{\"@context\":\"https:\/\/schema.org\",\"@graph\":[{\"@type\":\"WebPage\",\"@id\":\"https:\/\/www.haravara.sk\/pribehy\/ako-sa-maxik-stal-skutocnym-rytierom\/\",\"url\":\"https:\/\/www.haravara.sk\/pribehy\/ako-sa-maxik-stal-skutocnym-rytierom\/\",\"name\":\"Ako sa Max\u00edk stal skuto\u010dn\u00fdm rytierom - HARAVARA Pr\u00edbehy (rozpr\u00e1vky)\",\"isPartOf\":{\"@id\":\"https:\/\/www.haravara.sk\/#website\"},\"primaryImageOfPage\":{\"@id\":\"https:\/\/www.haravara.sk\/pribehy\/ako-sa-maxik-stal-skutocnym-rytierom\/#primaryimage\"},\"image\":{\"@id\":\"https:\/\/www.haravara.sk\/pribehy\/ako-sa-maxik-stal-skutocnym-rytierom\/#primaryimage\"},\"thumbnailUrl\":\"https:\/\/www.haravara.sk\/wp-content\/uploads\/2022\/06\/Kovacova-pri-roznave-nepriehladne.png\",\"datePublished\":\"2022-07-04T07:06:24+00:00\",\"dateModified\":\"2024-05-28T10:15:20+00:00\",\"description\":\"Vonku bol n\u00e1dhern\u00fd de\u0148. Svietilo slnie\u010dko. Tak\u00e9 zubat\u00e9, \u017emurkaj\u00face, nezbedn\u00e9. Ka\u0161ko sa zapozeral na slnie\u010dko. Duchovia to m\u00f4\u017eu. Ich o\u010di sa u\u017e nem\u00f4\u017eu pokazi\u0165. Dal si na hlavu \u010diapku \u0161iltom dozadu a vyrazil za svojimi kamar\u00e1tmi Max\u00edkom a Majkou. Te\u0161il sa ako sa dnes vyhraj\u00fa. Vymyslel tri \u00fa\u017easn\u00e9 hry. Prist\u00e1l na parapete a hne\u010f zvolal.\",\"breadcrumb\":{\"@id\":\"https:\/\/www.haravara.sk\/pribehy\/ako-sa-maxik-stal-skutocnym-rytierom\/#breadcrumb\"},\"inLanguage\":\"hu\",\"potentialAction\":[{\"@type\":\"ReadAction\",\"target\":[\"https:\/\/www.haravara.sk\/pribehy\/ako-sa-maxik-stal-skutocnym-rytierom\/\"]}]},{\"@type\":\"ImageObject\",\"inLanguage\":\"hu\",\"@id\":\"https:\/\/www.haravara.sk\/pribehy\/ako-sa-maxik-stal-skutocnym-rytierom\/#primaryimage\",\"url\":\"https:\/\/www.haravara.sk\/wp-content\/uploads\/2022\/06\/Kovacova-pri-roznave-nepriehladne.png\",\"contentUrl\":\"https:\/\/www.haravara.sk\/wp-content\/uploads\/2022\/06\/Kovacova-pri-roznave-nepriehladne.png\",\"width\":1200,\"height\":628},{\"@type\":\"BreadcrumbList\",\"@id\":\"https:\/\/www.haravara.sk\/pribehy\/ako-sa-maxik-stal-skutocnym-rytierom\/#breadcrumb\",\"itemListElement\":[{\"@type\":\"ListItem\",\"position\":1,\"name\":\"Domov\",\"item\":\"https:\/\/www.haravara.sk\/\"},{\"@type\":\"ListItem\",\"position\":2,\"name\":\"Pr\u00edbehy\",\"item\":\"https:\/\/www.haravara.sk\/pribehy\/\"},{\"@type\":\"ListItem\",\"position\":3,\"name\":\"Ako sa Max\u00edk stal skuto\u010dn\u00fdm rytierom\"}]},{\"@type\":\"WebSite\",\"@id\":\"https:\/\/www.haravara.sk\/#website\",\"url\":\"https:\/\/www.haravara.sk\/\",\"name\":\"HARAVARA\",\"description\":\"Objav detsk\u00fd svet v Ko\u0161ickom kraji\",\"publisher\":{\"@id\":\"https:\/\/www.haravara.sk\/#organization\"},\"potentialAction\":[{\"@type\":\"SearchAction\",\"target\":{\"@type\":\"EntryPoint\",\"urlTemplate\":\"https:\/\/www.haravara.sk\/?s={search_term_string}\"},\"query-input\":{\"@type\":\"PropertyValueSpecification\",\"valueRequired\":true,\"valueName\":\"search_term_string\"}}],\"inLanguage\":\"hu\"},{\"@type\":\"Organization\",\"@id\":\"https:\/\/www.haravara.sk\/#organization\",\"name\":\"Haravara\",\"url\":\"https:\/\/www.haravara.sk\/\",\"logo\":{\"@type\":\"ImageObject\",\"inLanguage\":\"hu\",\"@id\":\"https:\/\/www.haravara.sk\/#\/schema\/logo\/image\/\",\"url\":\"https:\/\/www.haravara.sk\/wp-content\/uploads\/2021\/04\/LOGO-LandingPage.png\",\"contentUrl\":\"https:\/\/www.haravara.sk\/wp-content\/uploads\/2021\/04\/LOGO-LandingPage.png\",\"width\":832,\"height\":618,\"caption\":\"Haravara\"},\"image\":{\"@id\":\"https:\/\/www.haravara.sk\/#\/schema\/logo\/image\/\"},\"sameAs\":[\"https:\/\/www.facebook.com\/haravara.detsky.svet\"]}]}<\/script>\n<!-- \/ Yoast SEO Premium plugin. -->","yoast_head_json":{"title":"Ako sa Max\u00edk stal skuto\u010dn\u00fdm rytierom - HARAVARA Pr\u00edbehy (rozpr\u00e1vky)","description":"Odakint gy\u00f6ny\u00f6r\u0171 id\u0151 volt. A napocska kacsingatva, huncutul ny\u00fajtogatta  sugarait. Kask\u00f3 egyenesen a napba b\u00e1mult. A szellemek megtehetik ezt, az \u0151 szem\u00fcknek m\u00e1r nem \u00e1rt.  A baseball sapk\u00e1j\u00e1t h\u00e1trafel\u00e9 ford\u00edtotta, \u00e9s elindult bar\u00e1tai, Maxi \u00e9s Maja ut\u00e1n. M\u00e1r el\u0151re \u00f6r\u00fclt neki, hogy milyen j\u00f3t fognak j\u00e1tszani. H\u00e1rom nagyszer\u0171 j\u00e1t\u00e9kot eszelt ki. Lesz\u00e1llt az ablakp\u00e1rk\u00e1nyra \u00e9s r\u00f6gt\u00f6n felki\u00e1ltott.","robots":{"index":"index","follow":"follow","max-snippet":"max-snippet:-1","max-image-preview":"max-image-preview:large","max-video-preview":"max-video-preview:-1"},"canonical":"https:\/\/www.haravara.sk\/hu\/pribehy\/ako-sa-maxik-stal-skutocnym-rytierom\/","og_locale":"hu_HU","og_type":"article","og_title":"\ud83c\udf44Haravara rozpr\u00e1vka - Ako sa Max\u00edk stal skuto\u010dn\u00fdm rytierom","og_description":"Vonku bol n\u00e1dhern\u00fd de\u0148. Svietilo slnie\u010dko. Tak\u00e9 zubat\u00e9, \u017emurkaj\u00face, nezbedn\u00e9. Ka\u0161ko sa zapozeral na slnie\u010dko. Duchovia to m\u00f4\u017eu. Ich o\u010di sa u\u017e nem\u00f4\u017eu pokazi\u0165. Dal si na hlavu \u010diapku \u0161iltom dozadu a vyrazil za svojimi kamar\u00e1tmi Max\u00edkom a Majkou. Te\u0161il sa ako sa dnes vyhraj\u00fa. Vymyslel tri \u00fa\u017easn\u00e9 hry. Prist\u00e1l na parapete a hne\u010f zvolal.","og_url":"https:\/\/www.haravara.sk\/hu\/pribehy\/ako-sa-maxik-stal-skutocnym-rytierom\/","og_site_name":"HARAVARA","article_publisher":"https:\/\/www.facebook.com\/haravara.detsky.svet","article_modified_time":"2024-05-28T10:15:20+00:00","og_image":[{"width":1200,"height":628,"url":"https:\/\/www.haravara.sk\/wp-content\/uploads\/2022\/06\/Kovacova-pri-roznave-nepriehladne.png","type":"image\/png"}],"twitter_card":"summary_large_image","twitter_title":"Ako sa Max\u00edk stal skuto\u010dn\u00fdm rytierom","twitter_description":"Vonku u\u017e tro\u0161ku mrzlo. R\u00e1no si mamky a ockovia museli \u010disti\u0165 okn\u00e1 na aut\u00e1ch od mraz\u00edku a Ka\u0161ko a ostatn\u00ed duchovia si museli\u2026 vlastne nemuseli ni\u010d. Duchovia toti\u017e nec\u00edtia zimu ani teplo. C\u00edtia to len vtedy, ke\u010f n\u00e1hodou dostan\u00fa nejak\u00fa d\u00fa\u0161iu chorobu.","twitter_misc":{"Becs\u00fclt olvas\u00e1si id\u0151":"10 perc"},"schema":{"@context":"https:\/\/schema.org","@graph":[{"@type":"WebPage","@id":"https:\/\/www.haravara.sk\/pribehy\/ako-sa-maxik-stal-skutocnym-rytierom\/","url":"https:\/\/www.haravara.sk\/pribehy\/ako-sa-maxik-stal-skutocnym-rytierom\/","name":"Ako sa Max\u00edk stal skuto\u010dn\u00fdm rytierom - HARAVARA Pr\u00edbehy (rozpr\u00e1vky)","isPartOf":{"@id":"https:\/\/www.haravara.sk\/#website"},"primaryImageOfPage":{"@id":"https:\/\/www.haravara.sk\/pribehy\/ako-sa-maxik-stal-skutocnym-rytierom\/#primaryimage"},"image":{"@id":"https:\/\/www.haravara.sk\/pribehy\/ako-sa-maxik-stal-skutocnym-rytierom\/#primaryimage"},"thumbnailUrl":"https:\/\/www.haravara.sk\/wp-content\/uploads\/2022\/06\/Kovacova-pri-roznave-nepriehladne.png","datePublished":"2022-07-04T07:06:24+00:00","dateModified":"2024-05-28T10:15:20+00:00","description":"Odakint gy\u00f6ny\u00f6r\u0171 id\u0151 volt. A napocska kacsingatva, huncutul ny\u00fajtogatta  sugarait. Kask\u00f3 egyenesen a napba b\u00e1mult. A szellemek megtehetik ezt, az \u0151 szem\u00fcknek m\u00e1r nem \u00e1rt.  A baseball sapk\u00e1j\u00e1t h\u00e1trafel\u00e9 ford\u00edtotta, \u00e9s elindult bar\u00e1tai, Maxi \u00e9s Maja ut\u00e1n. M\u00e1r el\u0151re \u00f6r\u00fclt neki, hogy milyen j\u00f3t fognak j\u00e1tszani. H\u00e1rom nagyszer\u0171 j\u00e1t\u00e9kot eszelt ki. Lesz\u00e1llt az ablakp\u00e1rk\u00e1nyra \u00e9s r\u00f6gt\u00f6n felki\u00e1ltott.","breadcrumb":{"@id":"https:\/\/www.haravara.sk\/pribehy\/ako-sa-maxik-stal-skutocnym-rytierom\/#breadcrumb"},"inLanguage":"hu","potentialAction":[{"@type":"ReadAction","target":["https:\/\/www.haravara.sk\/pribehy\/ako-sa-maxik-stal-skutocnym-rytierom\/"]}]},{"@type":"ImageObject","inLanguage":"hu","@id":"https:\/\/www.haravara.sk\/pribehy\/ako-sa-maxik-stal-skutocnym-rytierom\/#primaryimage","url":"https:\/\/www.haravara.sk\/wp-content\/uploads\/2022\/06\/Kovacova-pri-roznave-nepriehladne.png","contentUrl":"https:\/\/www.haravara.sk\/wp-content\/uploads\/2022\/06\/Kovacova-pri-roznave-nepriehladne.png","width":1200,"height":628},{"@type":"BreadcrumbList","@id":"https:\/\/www.haravara.sk\/pribehy\/ako-sa-maxik-stal-skutocnym-rytierom\/#breadcrumb","itemListElement":[{"@type":"ListItem","position":1,"name":"Domov","item":"https:\/\/www.haravara.sk\/"},{"@type":"ListItem","position":2,"name":"Pr\u00edbehy","item":"https:\/\/www.haravara.sk\/pribehy\/"},{"@type":"ListItem","position":3,"name":"Ako sa Max\u00edk stal skuto\u010dn\u00fdm rytierom"}]},{"@type":"WebSite","@id":"https:\/\/www.haravara.sk\/#website","url":"https:\/\/www.haravara.sk\/","name":"HARAVARA","description":"Objav detsk\u00fd svet v Ko\u0161ickom kraji","publisher":{"@id":"https:\/\/www.haravara.sk\/#organization"},"potentialAction":[{"@type":"SearchAction","target":{"@type":"EntryPoint","urlTemplate":"https:\/\/www.haravara.sk\/?s={search_term_string}"},"query-input":{"@type":"PropertyValueSpecification","valueRequired":true,"valueName":"search_term_string"}}],"inLanguage":"hu"},{"@type":"Organization","@id":"https:\/\/www.haravara.sk\/#organization","name":"Haravara","url":"https:\/\/www.haravara.sk\/","logo":{"@type":"ImageObject","inLanguage":"hu","@id":"https:\/\/www.haravara.sk\/#\/schema\/logo\/image\/","url":"https:\/\/www.haravara.sk\/wp-content\/uploads\/2021\/04\/LOGO-LandingPage.png","contentUrl":"https:\/\/www.haravara.sk\/wp-content\/uploads\/2021\/04\/LOGO-LandingPage.png","width":832,"height":618,"caption":"Haravara"},"image":{"@id":"https:\/\/www.haravara.sk\/#\/schema\/logo\/image\/"},"sameAs":["https:\/\/www.facebook.com\/haravara.detsky.svet"]}]}},"_links":{"self":[{"href":"https:\/\/www.haravara.sk\/hu\/wp-json\/wp\/v2\/pribehy\/7711","targetHints":{"allow":["GET"]}}],"collection":[{"href":"https:\/\/www.haravara.sk\/hu\/wp-json\/wp\/v2\/pribehy"}],"about":[{"href":"https:\/\/www.haravara.sk\/hu\/wp-json\/wp\/v2\/types\/pribehy"}],"version-history":[{"count":2,"href":"https:\/\/www.haravara.sk\/hu\/wp-json\/wp\/v2\/pribehy\/7711\/revisions"}],"predecessor-version":[{"id":17510,"href":"https:\/\/www.haravara.sk\/hu\/wp-json\/wp\/v2\/pribehy\/7711\/revisions\/17510"}],"wp:featuredmedia":[{"embeddable":true,"href":"https:\/\/www.haravara.sk\/hu\/wp-json\/wp\/v2\/media\/7712"}],"wp:attachment":[{"href":"https:\/\/www.haravara.sk\/hu\/wp-json\/wp\/v2\/media?parent=7711"}],"wp:term":[{"taxonomy":"category","embeddable":true,"href":"https:\/\/www.haravara.sk\/hu\/wp-json\/wp\/v2\/categories?post=7711"}],"curies":[{"name":"wp","href":"https:\/\/api.w.org\/{rel}","templated":true}]}}