{"id":7761,"date":"2022-07-04T08:46:06","date_gmt":"2022-07-04T07:46:06","guid":{"rendered":"https:\/\/www.haravara.sk\/?post_type=pribehy&#038;p=7761"},"modified":"2022-07-04T12:38:57","modified_gmt":"2022-07-04T11:38:57","slug":"ako-sa-maxik-s-majkou-ucili-naozaj-lietat","status":"publish","type":"pribehy","link":"https:\/\/www.haravara.sk\/hu\/pribehy\/ako-sa-maxik-s-majkou-ucili-naozaj-lietat\/","title":{"rendered":"Hogyan tanultak Maxi \u00e9s Maja rep\u00fclni"},"content":{"rendered":"<p>Maxi becsomagolta a h\u00e1tizs\u00e1kj\u00e1t. Volt benne hat szafal\u00e1d\u00e9, egy kis szalonna, n\u00e9gy alma, sz\u00e1jharmonika, v\u00e1lt\u00f3zokni, hagyma, ritmusbot, r\u00e9gi pap\u00edrok, \u00f6t darab keny\u00e9r, es\u0151k\u00f6peny, mag\u00e1nak \u00e9s Maj\u00e1nak, penget\u0151.&nbsp;<\/p>\n\n\n\n<p>\u201eK\u00e9sz!\u201d f\u00fajta ki mag\u00e1t \u00e9s lez\u00e1rta a h\u00e1tizs\u00e1kot, hogy semmi ne essen ki bel\u0151le, mehet\u00fcnk.<\/p>\n\n\n\n<p>,,Nem, nem mehet\u00fcnk!\u201c hangzott a szoba sark\u00e1b\u00f3l, ahol Maja \u00e9ppen copfba fonta a haj\u00e1t, hogy az erd\u0151ben s\u00e9t\u00e1lva ne l\u00f3gjon az arc\u00e1ba.<\/p>\n\n\n\n<p>\u201eEjnye, de sok\u00e1ig k\u00e9sz\u00fcl\u0151dt\u00f6k\u201c, cs\u00f3v\u00e1lta a fej\u00e9t Kask\u00f3, aki a falnak t\u00e1maszkodva \u00e1llt, z\u00f6ld baseball-sapk\u00e1ban.<\/p>\n\n\n\n<p>\u201eUgyan, fi\u00fak, tartsatok ki, t\u00fcrelem!\u201c ki\u00e1ltott fel Maja \u00e9s gyorsan berakott a ridik\u00fclj\u00e9be \u00f6t p\u00f3tcsatot, h\u00e1rom p\u00f3tf\u00e9s\u0171t, kend\u0151t a nyak\u00e1ba, napoz\u00f3kr\u00e9met, napoz\u00e1s ut\u00e1ni kr\u00e9met, k\u00e9zkr\u00e9met, \u00e9s m\u00e9g tov\u00e1bbi sz\u00e1z dolgot, k\u00e9sz csoda, hogy minden belef\u00e9rt abba a kis ridik\u00fclbe.  Kask\u00f3 egyre csak n\u00e9zte, \u00e9s arra gondolt, hogy tal\u00e1n titokban Maja is egy szellem vagy egy var\u00e1zsl\u00f3, hiszen ennyif\u00e9le holmit senki nem tudna belezs\u00fafolni egy ilyen kicsi t\u00e1sk\u00e1ba! Vagyis, tal\u00e1n m\u00e9g az anyuk\u00e1ja \u00e9s a vil\u00e1g \u00f6sszes anyuk\u00e1i, esetleg.<\/p>\n\n\n\n<p>Kask\u00f3 \u00e9s Maxi \u00f6sszen\u00e9ztek \u00e9s v\u00e1llat vontak.<\/p>\n\n\n\n<p>\u201e\u00c9s k\u00e9sz!,\u201c Maja gy\u0151zedelmesen kiegyenesedett a t\u00fck\u00f6r  el\u0151tt, mehet\u00fcnk.\u201c<\/p>\n\n\n\n<p>\u201eSzuper, akkor indul\u00e1s!\u201c rugaszkodott el a falt\u00f3l Kask\u00f3.<\/p>\n\n\n\n<p>\u201e\u00c9s hov\u00e1 is megy\u00fcnk ma?\u201c, k\u00e9rdezte Maxi m\u00e1r az ajt\u00f3 el\u0151tt.<\/p>\n\n\n\n<p>\u201eS\u00fct\u00f6getni szeretettek volna, igaz?\u201c<\/p>\n\n\n\n<p>\u201eIgen, igen, de hol fogunk szafal\u00e1d\u00e9t s\u00fctni?\u201c torpant meg Maja a k\u00fcsz\u00f6b\u00f6n.<\/p>\n\n\n\n<p>\u201eAz meglepet\u00e9s\u201c, kacsintott rejt\u00e9lyesen Kask\u00f3, ,,Most gyer\u00fcnk az \u00e1llom\u00e1sra. El\u0151sz\u00f6r is egy szuper vonattal Szal\u00e1ncra utazunk, onnan pedig gyalog megy\u00fcnk tov\u00e1bb, Szal\u00e1nchut\u00e1ra.\u201c&nbsp;<\/p>\n\n\n\n<p>A vonatot kish\u00edj\u00e1n lek\u00e9st\u00e9k, mert Maja a copfj\u00e1t igaz\u00edtotta \u00e9s k\u00f6zben elvesz\u00edtette a vir\u00e1gos csatj\u00e1t.<\/p>\n\n\n\n<p>Az \u00fat csod\u00e1s volt. Ism\u00e9s Als\u00f3mislye fel\u00e9 haladtak, felid\u00e9zt\u00e9k a mamutokat \u00e9s Laci b\u00e1csi t\u00f6rt\u00e9neteit, \u00e9s azt\u00e1n m\u00e1r meg is l\u00e1tt\u00e1k a domb tetej\u00e9n a Szal\u00e1nci v\u00e1rat.<\/p>\n\n\n\n<p>A v\u00e1r alatti \u00e1llom\u00e1son lesz\u00e1lltak a vonatr\u00f3l \u00e9s elindultak egy \u00f6sv\u00e9nyen az erd\u0151 fel\u00e9.<\/p>\n\n\n\n<p>Tal\u00e1n egy \u00f3r\u00e1csk\u00e1t gyalogoltak, mezei utakon \u00e9s a Kask\u00f3-f\u00e9le r\u00f6vid\u00edt\u00e9s\u00e9ken \u00e1t.<\/p>\n\n\n\n<p>Maxi \u00e9s Maja nem is reggeliztek, mert m\u00e1r annyira \u00f6r\u00fcltek a s\u00fct\u00f6get\u00e9snek, a szafal\u00e1d\u00e9nak, szalonn\u00e1nak, hagym\u00e1nak \u00e9s a s\u00fclt alm\u00e1nak. Percenk\u00e9nt nyaggatt\u00e1k Kask\u00f3t, mikor \u00e9rnek m\u00e1r oda.<\/p>\n\n\n\n<p>\u201eNade most m\u00e1r biztos itt vagyunk!\u201c, mutatott r\u00e1 Maxi egy betonb\u00f3d\u00e9ra, amely nem a f\u00f6ld\u00f6n \u00e1llt, hanem egy g\u00f6dr\u00f6t vett k\u00f6r\u00fcl. A k\u00f6zel\u00e9ben pedig egy fura \u00e9p\u00edtm\u00e9ny \u00e1llt.&nbsp;<\/p>\n\n\n\n<p>,,\u00dagy n\u00e9z ki, mintha valaki \u00e9p\u00edteni akart volna egy kis h\u00e1zat, de nem fejezte be. Nade itt, az erd\u0151 k\u00f6zep\u00e9n? A f\u00e1k s\u0171r\u0171j\u00e9ben?\u201c, csod\u00e1lkozott Maxi.<\/p>\n\n\n\n<p>\u201eJ\u00f3, itt is let\u00e1borozhatunk. N\u00e9zz\u00e9tek, van itt t\u0171zrak\u00f3 hely is\u201c, mutatott r\u00e1 Kask\u00f3 a k\u00f6vekb\u0151l rakott k\u00f6rre a f\u00f6ld\u00f6n.&nbsp;<\/p>\n\n\n\n<p>\u201eNagyszer\u0171\u201c, Maja r\u00f6gt\u00f6n lehuppant a f\u00f6ldre \u00e9s v\u00e1rta, hogy Maxi elkezdje kipakolni az ennival\u00f3t, Kask\u00f3 pedig t\u00fczet csihol. De Maxi ehelyett ink\u00e1bb a fura \u00e9p\u00edtm\u00e9nyt mustr\u00e1lta, \u00e9s Kask\u00f3 is vele tartott.<\/p>\n\n\n\n<p>\u201eMi lehet ez?\u201c csod\u00e1lkozott Maxi a moh\u00e1val ben\u0151tt, \u00e9rdekes form\u00e1kra.<\/p>\n\n\n\n<p>\u201eEzek bunkerek\u201c, kocogtatta meg Kask\u00f3 a vastag falakat.<\/p>\n\n\n\n<p>\u201eBunkerek? Az \u00f3ri\u00e1sok gyerekeinek, hogy itt j\u00e1tsszanak?\u201c, Maxi nem \u00e9rtette.<\/p>\n\n\n\n<p>\u201eNem! A bunkereket nem j\u00e1tsz\u00e1shoz \u00e9p\u00edtett\u00e9k, hanem v\u00e9delmi c\u00e9llal. Nem is olyan r\u00e9gen, mondjuk 100 \u00e9ve itt, Szlov\u00e1ki\u00e1ban \u00e9s az eg\u00e9sz vil\u00e1gon h\u00e1bor\u00fa d\u00falt. Az emberek esz\u00fcket vesztett\u00e9k. \u00d6ltek \u00e9s egym\u00e1sra l\u00f6v\u00f6ld\u00f6ztek. Eg\u00e9sz orsz\u00e1gok. Katon\u00e1k milli\u00f3i mas\u00edroztak v\u00e9gig a harcmez\u0151k\u00f6n. A t\u00f6rt\u00e9nelem el\u0151sz\u00f6r fordult el\u0151 ilyen. Ez\u00e9rt h\u00edvt\u00e1k az els\u0151 vil\u00e1gh\u00e1bor\u00fanak.\u201c&nbsp;<\/p>\n\n\n\n<p>\u201eAha.\u201c \u00e9rtette meg Maxi meglepetten.<\/p>\n\n\n\n<p>\u201eL\u00e1tod ott azokat a dombokat?\u201c<\/p>\n\n\n\n<p>\u201eIgen,\u201c b\u00f3lintott Maxi.<\/p>\n\n\n\n<p>\u201eAz m\u00e1r Magyarorsz\u00e1g. Most m\u00e1r bar\u00e1tok vagyunk, de abban az id\u0151ben Magyarorsz\u00e1g az egyik oldalon \u00e1llt, mi pedig a m\u00e1sikon. Egym\u00e1s ellen harcoltunk.\u201c&nbsp;<\/p>\n\n\n\n<p>\u201eT\u00e9nyleg?\u201c Maja se b\u00edrta tov\u00e1bb \u00e9s \u0151 is figyelni kezdett az \u00e9rdekes besz\u00e1mol\u00f3 hallat\u00e1n.<\/p>\n\n\n\n<p>\u201eBizony. Az emberek f\u00e9ltek \u00e9s az\u00e9rt a hat\u00e1r ment\u00e9n ilyen bunkert \u00e9p\u00edtettek\u201c, folytatta Kask\u00f3, \u201et\u00f6bb, mint 50 volt bel\u0151l\u00fck. Mostanra tal\u00e1n 20 maradt. Egyesek igaz\u00e1n \u00e9rdekesek.\u201c<\/p>\n\n\n\n<p>Maxi \u00e9s Maja k\u00f6rbej\u00e1rt\u00e1k az egyik bunkert, \u00e9s az t\u00e9nyleg \u00fagy festett, mintha egy filmforgat\u00e1sb\u00f3l maradt volna itt. Mintha a f\u00f6ldb\u0151l n\u0151tt volna ki. Ben\u0151tte a moha, a n\u00f6v\u00e9nyek, a f\u0171. \u00dagy t\u0171nt, mintha b\u00e1rmikor be tudna h\u00faz\u00f3dni a f\u00f6ld al\u00e1.<\/p>\n\n\n\n<p>\u201eEzek azt\u00e1n j\u00f3 vastag falak!\u201c&nbsp;<\/p>\n\n\n\n<p>Tudod, arra k\u00e9sz\u00fcltek, hogy gr\u00e1n\u00e1tokat dobnak fel\u00e9j\u00fck, vagy g\u00e9ppusk\u00e1b\u00f3l l\u0151nek r\u00e1juk,\u201c Kask\u00f3 k\u00f6rberep\u00fclte a bunkert.<\/p>\n\n\n\n<p>\u201eDe m\u00e9g \u00edgy is nagyon kicsik. Itt nem sok katona f\u00e9rt el\u201c, morfond\u00edrozott Maxi.<\/p>\n\n\n\n<p>\u201eItt val\u00f3ban kevesen voltak\u201c, Kask\u00f3 visszah\u0151k\u00f6lt \u00e9s k\u00f6r\u00fcln\u00e9zett.<\/p>\n\n\n\n<p>\u201eMi t\u00f6rt\u00e9nt?\u201c nyugtalankodott Maja.<\/p>\n\n\n\n<p>\u201eNincs itt senki\u201c, suttogta Kask\u00f3, \u201eakarj\u00e1tok l\u00e1tni, hogy n\u00e9zett ki ez a hely valaha?\u201c<\/p>\n\n\n\n<p>\u201eH\u00e1t persze!\u201c mondt\u00e1k hat\u00e1rozottan mindketten.<\/p>\n\n\n\n<p>\u201eV\u00e1rjatok egy percet\u201c, Kask\u00f3 megfordult. Maja \u00e9s Maxi le\u00fcltek a f\u00f6ldre.<\/p>\n\n\n\n<p>\u201eH\u00e1t ez meg mi?!\u201c emelt f\u00f6l a f\u00f6ldr\u0151l Maja egy furcsa sapk\u00e1t.<\/p>\n\n\n\n<p>\u201eH\u0171\u0171, h\u00e1t ez egy pil\u00f3tasapka\u201c, ragadta meg Kask\u00f3 a barna b\u0151rsapk\u00e1t, \u201e\u00e9s van benne egy n\u00e9v is, Albert.\u201c<\/p>\n\n\n\n<p>Kask\u00f3nak majd kiesett a szeme.<\/p>\n\n\n\n<p>\u201eEz nem lehet igaz! Albert az \u00f6t\u00f6dunokatestv\u00e9rem!\u201c<\/p>\n\n\n\n<p>\u201eKomolyan?\u201c&nbsp;<\/p>\n\n\n\n<p>\u201eH\u00e1t most m\u00e1r biztosan megmutatom nektek, hogy n\u00e9zett ki ez a hely, mert emiatt a sapka miatt Albert m\u00e1r k\u00f6zel 100 \u00e9ve haragszik r\u00e1m.\u201c<\/p>\n\n\n\n<p>\u201eMi\u00e9rt?\u201c Maxi \u00e9s Maja nem \u00e9rtett\u00e9k.<\/p>\n\n\n\n<p>\u201eV\u00e1rjatok csak!,\u201c \u00e9s erre Kask\u00f3 elkezdett mormogni \u00e9s duruzsolni, szinte m\u00e1r nem is \u00e9szlelte a bar\u00e1tai jelenl\u00e9t\u00e9t.&nbsp;<\/p>\n\n\n\n<p>Besz\u00e9lt a sz\u00e9llel, lengette a karj\u00e1t, mozgatta a mutat\u00f3ujj\u00e1t, mintha valamit simogatna, \u00e9s akkor bet\u0171k jelentek megy a leveg\u0151ben, Kask\u00f3 pedig \u00fagy tologatta \u0151ket, mintha egy sz\u00e1m\u00edt\u00f3g\u00e9pet kezelne.<\/p>\n\n\n\n<p>\u201eMaxi, szerinted mi ez?\u201c k\u00e9rdezte Maja f\u00e9l\u00e9nken a b\u00e1tyj\u00e1t.<\/p>\n\n\n\n<p>\u201eSejtelmem sincs\u201c, s\u00fagta Maxi, \u201ede \u00fagy n\u00e9z ki, mint egy \u00f3ri\u00e1si monitor a leveg\u0151ben.\u201c<\/p>\n\n\n\n<p>\u201eMert ez val\u00f3ban egy \u00f3ri\u00e1si sz\u00e1m\u00edt\u00f3g\u00e9p!\u201c ki\u00e1ltott fel Kask\u00f3, \u00e9s tov\u00e1bb mozgatta a bet\u0171ket. \u201eMit gondoltatok, az emberek tal\u00e1n csak \u00fagy magukt\u00f3l tal\u00e1lt\u00e1k fel a sz\u00e1m\u00edt\u00f3g\u00e9pet? El\u0151sz\u00f6r mi tal\u00e1ltuk fel, a szellemvil\u00e1gban \u00e9s azt\u00e1n megs\u00fagtuk az \u00f6tletet az embereknek, a ti vil\u00e1gotokban.\u201c&nbsp;<\/p>\n\n\n\n<p>\u201eNa ezt m\u00e1r nem hiszem el!\u201c ki\u00e1ltott fel Maxi, aki sokat olvasott a sz\u00e1m\u00edt\u00f3g\u00e9pekr\u0151l.<\/p>\n\n\n\n<p>\u201eM\u00e9g ma is a k\u0151be v\u00e9segetn\u00e9tek a bet\u0171ket, ha nincsenek szellemek, akiknek van idej\u00fck m\u00e1sr\u00f3l is gondolkozni, mert nincs sz\u00fcks\u00e9g\u00fck ev\u00e9sre, ruh\u00e1ra \u00e9s m\u00e1s dolgokra.\u201c<\/p>\n\n\n\n<p>Maxi tov\u00e1bbra se hitt neki, de az\u00e9rt elbizonytalanodott. Kask\u00f3val m\u00e1r meg\u00e9ltek egyet s m\u00e1st.<\/p>\n\n\n\n<p>\u201eItt van!\u201c sz\u00f3lt Kask\u00f3 leplezetlen lelkesed\u00e9ssel. R\u00e1koppintott n\u00e9h\u00e1ny bet\u0171re a leveg\u0151ben \u00e9s lapozni kezdett egy \u00f3ri\u00e1s k\u00f6nyvben, amit a kez\u00e9ben tartott.&nbsp;<\/p>\n\n\n\n<p>Maxi \u00e9s Maja csak \u00e1multak-b\u00e1multak, leesett az \u00e1lluk.&nbsp;<\/p>\n\n\n\n<p>\u201eEz a mi szellemk\u00f6nyvt\u00e1runk. Kiv\u00e1lasztunk egy k\u00f6nyvet \u00e9s m\u00e9g abban a pillanatban a kez\u00fcnkben tarthatjuk\u201c, magyar\u00e1zta Kask\u00f3, \u201emeg is van.\u201c&nbsp;<\/p>\n\n\n\n<p>\u201e\u00c1lljatok f\u00e9lre!\u201c<\/p>\n\n\n\n<p>\u201eJ\u00f3, rendben\u201c, a gyerekek f\u00e9lre is \u00e1lltak,\u201c de el\u00e1ruln\u00e1d, mire k\u00e9sz\u00fclsz?\u201c<\/p>\n\n\n\n<p>\u201eNagyot fogtok n\u00e9zni\u201c<\/p>\n\n\n\n<p>\u201eAzt elhiszem\u201c, mondta Maxi csendesen, \u00e9s Maj\u00e1val egy\u00fctt az egyik bunker m\u00f6g\u00e9 b\u00fajtak.&nbsp;<\/p>\n\n\n\n<p>Kask\u00f3 egyre csak besz\u00e9lt, \u00e9s akkor a bunker ajtaj\u00e1b\u00f3l \u00e9s ablakaib\u00f3l z\u00f6ld egyenruh\u00e1s alakok b\u00fajtak el\u0151, fej\u00fck\u00f6n sz\u0151rm\u00e9s sapk\u00e1val.<\/p>\n\n\n\n<p>\u201e\u00c1\u00c1\u00c1, sz\u00f3val te vagy az\u201c, ki\u00e1ltott fel az egyik\u00fck, \u201enem el\u00e9g, hogy elloptad a pil\u00f3tasapk\u00e1mat, de pont akkor h\u00fazol el\u0151 a vil\u00e1gomb\u00f3l, amikor m\u00e1r majdnem megtal\u00e1ltam.\u201c&nbsp;<\/p>\n\n\n\n<p>\u201eHagyd m\u00e1r ezt, Albert\u201c, sz\u00f3lt r\u00e1 Kask\u00f3 magabiztosan, \u00e9s az unokatestv\u00e9re szeme el\u0151tt lengette a pil\u00f3tasapk\u00e1j\u00e1t.<\/p>\n\n\n\n<p>\u201eH\u00e1t ez micsoda?\u201c, csod\u00e1lkozott Albert, \u201esz\u00f3val \u00fagy d\u00f6nt\u00f6tt\u00e9l, hogy visszaadod? Legf\u0151bb ideje volt,\u201c elkapta a sapk\u00e1t \u00e9s a fej\u00e9be nyomta.<\/p>\n\n\n\n<p>\u201eEzt a sapk\u00e1t a bar\u00e1tn\u0151m, Maja tal\u00e1lta meg, itt. \u00c9n csak vissza akartam adni neked, hogy l\u00e1sd, semmit sem loptam el t\u0151led.\u201c<\/p>\n\n\n\n<p>\u201e\u00cdgy van?\u201c rep\u00fclt oda Albert Maj\u00e1hoz.<\/p>\n\n\n\n<p>\u201eI-igen, Albert \u00far\u201c, habogott Maja.<\/p>\n\n\n\n<p>\u201eEzt \u00e9n is meger\u0151s\u00edthetem\u201c, \u00e1llt oda Maxi Maja \u00e9s Albert k\u00f6z\u00e9, ahogy az egy b\u00e1tyhoz illik.<\/p>\n\n\n\n<p>\u201eNo j\u00f3l van akkor, ne haragudj, dr\u00e1ga rokon\u201c, \u00e9s kezet ny\u00fajtot Kask\u00f3nak.<\/p>\n\n\n\n<p>Kask\u00f3 megszor\u00edtotta \u00e9s hirtelen mindketten a magasba rep\u00fcltek \u00e9s sz\u00f6rnyen kacagtak, kiab\u00e1ltak.<\/p>\n\n\n\n<p>\u201eV\u00e9gre\u201c, \u00f3b\u00e9gatott Albert a hegyeknek, \u201ek\u00f6zel 100 \u00e9vig nem rep\u00fclhettem.\u201c<\/p>\n\n\n\n<p>\u201eMi\u00e9rt?\u201c k\u00e9rdezte Maxi, olyan hangosan, ahogy csak b\u00edrta.<\/p>\n\n\n\n<p>\u201eMi szellemek ugyanis nem tudunk rep\u00fclni a var\u00e1zssapk\u00e1nk n\u00e9lk\u00fcl. Van, akinek egy van bel\u0151le, \u00e9s van, akinek t\u00f6bb\u201c, magyar\u00e1zta  a gyerekeknek a bunker egyik lak\u00f3ja. \u201eKask\u00f3nak p\u00e9ld\u00e1ul sok sapk\u00e1ja van, de Albertnek csak egy.\u201c<\/p>\n\n\n\n<p>\u201eVagy \u00fagy!\u201c b\u00f6k\u00f6tt a homlok\u00e1ra Maja \u00e9s Maxi.<\/p>\n\n\n\n<p>\u201eDe mi\u00e9rt \u00e9bresztett fel minket is?\u201c kiab\u00e1lta bele a sz\u00e9lbe, amelyik az el\u0151bb h\u00e1t\u00e1ra kapta az unokatestv\u00e9reket.&nbsp;<\/p>\n\n\n\n<p>\u201eSzeretn\u00e9m, ha megmutatn\u00e1tok, hogyan \u00e9ltek valamikor ezekben a bunkerekben\u201c, k\u00e9rte meg \u0151ket Kask\u00f3, mik\u00f6zben a f\u00f6ldre ereszkedett.<\/p>\n\n\n\n<p>\u201eAkkor gyertek, sz\u00f3lt az egyik szellem azok k\u00f6z\u00fcl, akik valaha r\u00e9gen seg\u00edtettek az embereknek a haz\u00e1juk megv\u00e9d\u00e9s\u00e9ben.<\/p>\n\n\n\n<p>\u201eItt volt k\u00e9t g\u00e9pfegyver. Mindegyikn\u00e9l k\u00e9t embernek kellett \u00e1llnia. Az egyik figyelt \u00e9s l\u0151tt, a m\u00e1sik tartotta \u00e9s adogatta a t\u00f6lt\u00e9nyeket\u201c, mutatta Albert a gyerekeknek. ,,Ezek neh\u00e9z g\u00e9pfegyverek voltak. Itt pedig, a sz\u00e9l\u00e9n, az ablakokban volt k\u00e9t k\u00f6nny\u0171 g\u00e9pfegyver. \u00c9s itt \u00e1llt a parancsnok.\u201c<\/p>\n\n\n\n<p>\u201eVagyis egy bunkerben heten voltak?\u201c, sz\u00e1molta Maxi mag\u00e1ban.<\/p>\n\n\n\n<p>\u201eHeten, ahogy mondod\u201c, er\u0151s\u00edtette meg Albert.<\/p>\n\n\n\n<p>\u201eDe n\u00e9ha m\u00e9g t\u00f6bben is voltunk. Akkor p\u00e9ld\u00e1ul, amikor a falubeliek ennival\u00f3t hoztak a katon\u00e1knak\u201c, folytatta Kask\u00f3.<\/p>\n\n\n\n<p>\u201eT\u00f6bb, mint 50 ilyen bunker volt itt. L\u00e1togattuk egym\u00e1st, seg\u00edtett\u00fcnk egym\u00e1snak, de bizony f\u00e9lelmetes volt.\u201c<\/p>\n\n\n\n<p>\u201eCsod\u00e1llak benneteket. Igazi h\u0151s\u00f6k vagytok,\u201c Maxi elismer\u0151en n\u00e9zett Kask\u00f3 bar\u00e1taira.<\/p>\n\n\n\n<p>\u201eBizony\u00e1m!\u201c, ki\u00e1ltotta Albert, \u201ede most menj\u00fcnk rep\u00fclni.\u201c&nbsp;<\/p>\n\n\n\n<p>Mindannyian felemelkedtek \u00e9s \u0151r\u00fclt fog\u00f3csk\u00e1ba kezdtek, mint a szellemgyerekek a bunkerek k\u00f6r\u00fcl. Amikor Kask\u00f3 \u00e9ppen \u00e1trep\u00fclt az egyik bunker ablak\u00e1n, \u00e9szrevette, hogy Maja \u00e9s Maxi le\u00fcltek a f\u0171be \u00e9s csak \u00fagy n\u00e9ztek maguk el\u00e9.<\/p>\n\n\n\n<p>Kask\u00f3 odah\u00edvta a t\u00f6bbi szellemet is, sugdol\u00f3ztak egy kicsit \u00e9s azt\u00e1n odal\u00e9ptek a gyerekekhez.&nbsp;<\/p>\n\n\n\n<p>\u201eMegtan\u00edtunk titeket rep\u00fclni. Igaz\u00e1n, gyors\u00edt\u00f3 n\u00e9lk\u00fcl. Tal\u00e1n siker\u00fcl. Benne vagytok?\u201c<\/p>\n\n\n\n<p>Maxi \u00e9s Maja r\u00e1b\u00f3lintottak \u00e9s ezzel kezdet\u00e9t vette az els\u0151 rep\u00fcl\u00e9s lecke.<\/p>\n\n\n\n<p>El\u0151sz\u00f6r a bunker tetej\u00e9r\u0151l ugr\u00e1ltak le \u00e9s lengett\u00e9k a karjukat, azt\u00e1n a szellemek tal\u00e1ltak egy r\u00e9gi katonai v\u00e1sznat, \u00e9s azt kiter\u00edtett\u00e9k Maja \u00e9s Maxi felett, mint egy ejt\u0151erny\u0151t. V\u00e9g\u00fcl agyaggal faleveleket ragasztottak a ruh\u00e1jukra \u00e9s a gyerekek pr\u00f3b\u00e1lgatt\u00e1k a \u201esz\u00e1rnyaikat\u201c. De nem m\u0171k\u00f6d\u00f6tt a dolog.&nbsp;<\/p>\n\n\n\n<p>Albert meg\u00e1llt, r\u00e1n\u00e9zett a falevekkel bor\u00edtott gyerekekre, akik \u00fagy n\u00e9ztek ki, mintha madarak lenn\u00e9nek, \u00e9s a t\u00f6bbiekre kacsintott.<\/p>\n\n\n\n<p>\u201eKir\u00e1nduljunk egyet!\u201c A szellemek felkapt\u00e1k a katonai v\u00e1sznat, a gyerekekkel egy\u00fctt \u00e9s rep\u00fcltek.&nbsp;<\/p>\n\n\n\n<p>\u201eN\u00e9zz\u00e9tek, ott a t\u0151keterebesi kast\u00e9ly, ott f\u0151zt\u00fcnk Kask\u00f3val csokol\u00e1d\u00e9t!\u201c kiab\u00e1lta Maja.<\/p>\n\n\n\n<p>\u201eIgazad van, ott az a sz\u00e9p park. \u00c9s ott egy t\u00f3. \u00c9s mi meg ereszked\u00fcnk!\u201c, v\u00e1laszolta Maxi megh\u00f6kkenve.<\/p>\n\n\n\n<p>\u201eAlattunk vannak az Ungszennai halastavak. L\u00e1tj\u00e1tok? Most sz\u00e1mos \u00f6sv\u00e9ny szeli \u00e1t a ter\u00fclet\u00fcket, ahol s\u00e9t\u00e1lni lehet. \u00c9s amit hallotok, az madarak ezreinek \u00e9neke\u201c, mutatta Kask\u00f3 a bar\u00e1tainak.<\/p>\n\n\n\n<p>\u00c9s val\u00f3ban. A sz\u00e9l sokf\u00e9le mad\u00e1rhangot hozott fel\u00e9j\u00fck.<\/p>\n\n\n\n<p>A v\u00e1sznukon egy gy\u00f6ny\u00f6r\u0171, k\u00e9ktoll\u00fa kismad\u00e1r pihent meg. Azt\u00e1n m\u00e9g kett\u0151, ezek eg\u00e9szen m\u00e1sok voltak. Maja nagyon \u00e9lvezte. Min\u00e9l lejjebb ereszkedtek, ann\u00e1l t\u00f6bb mad\u00e1r jelent meg k\u00f6r\u00fcl\u00f6tt\u00fck.&nbsp;<\/p>\n\n\n\n<p>\u201eNekem ez nem tetszik\u201c, s\u00fagta Maja f\u00fcl\u00e9be Maxi, amikor a v\u00e1sznukon m\u00e1r vagy 63 mad\u00e1r csicsergett.<\/p>\n\n\n\n<p>\u201eNe f\u00e9ljetek, ezek a bar\u00e1taink\u201c, nyugtatta meg \u0151ket Kask\u00f3, \u201ek\u00f6zeled\u00fcnk az ungszennai mad\u00e1rparadicsomhoz.\u201c<\/p>\n\n\n\n<p>Mire ezt kimondta, m\u00e1r f\u00f6ldet is \u00e9rtek. A k\u00f6rnyez\u0151 f\u00e1kon rengeteg mad\u00e1r \u00fclt, nagy hangon fecsegtek, csiviteltek.<\/p>\n\n\n\n<p>Kask\u00f3 \u00e9s Albert sz\u00e9tt\u00e1rt\u00e1k a karjaikat \u00e9s a k\u00fcl\u00f6nleges hangon f\u00fcty\u00fcltek. A madarak k\u00f6z\u00fcl t\u00edzen b\u00fajtak el\u0151, mindegyik fej\u00e9n pazar kis korona d\u00edszelgett.<\/p>\n\n\n\n<p>\u201e\u0150k az egyes mad\u00e1rfajok kir\u00e1lyai\u201c, s\u00fagta nekik az egyik szellemkatona.<\/p>\n\n\n\n<p>A madarak r\u00e1\u00fcltek Kask\u00f3 \u00e9s Albert karjaira \u00e9s csicseregni kezdtek. K\u00f6zben gyakran pillantottak Maxi \u00e9s Maja fel\u00e9.<\/p>\n\n\n\n<p>A mad\u00e1rkir\u00e1lyok a magasba rep\u00fcltek, fel, a f\u00e1k k\u00f6z\u00e9 \u00e9s nagyon furcsa hangokat adtak ki.&nbsp;<\/p>\n\n\n\n<p>\u00dagy hangzott, mint egy dal.<\/p>\n\n\n\n<p>A gyerekekre gondolj h\u00e1t,<\/p>\n\n\n\n<p>Sz\u00e1rnyaid erej\u00e9t add \u00e1t -<\/p>\n\n\n\n<p>V\u00e1rja \u0151ket a magas l\u00e9g,<\/p>\n\n\n\n<p>Hat\u00e1r a csillagos \u00e9g!<\/p>\n\n\n\n<p>Amikor a daluk v\u00e9g\u00e9re \u00e9rtek, odarep\u00fcltek Maj\u00e1hoz \u00e9s Maxihoz, a cs\u0151r\u00fckkel elkapt\u00e1k a ruh\u00e1jukat \u00e9s a leveg\u0151be emelt\u00e9k \u0151ket.<\/p>\n\n\n\n<p>\u201eMi az, mi t\u00f6rt\u00e9nik vel\u00fcnk?\u201c, kiab\u00e1lt Maja.<\/p>\n\n\n\n<p>\u201eMegk\u00e9rt\u00fck a madarakat, hogy tan\u00edtsanak meg benneteket rep\u00fclni\u201c, nevetett Kask\u00f3 \u00e9s Albert.<\/p>\n\n\n\n<p>Amikor a gyerekek m\u00e1r olyan magasan j\u00e1rtak, hogy fel\u00fclr\u0151l n\u00e9zt\u00e9k a csod\u00e1latos halastavakat, az \u00f6sv\u00e9nyeket, \u00e9s az ezernyi madarat a f\u00e1kon, lesz\u00e1lltak egy hossz\u00fa \u00e1gra. Olyan magasan volt ez az \u00e1g, mintha a hetedik emeleten lettek volna.<\/p>\n\n\n\n<p>Maxi \u00e9s Maja el\u00e9 egym\u00e1s ut\u00e1n oda\u00e1lltak a madarak \u00e9s mindegyik azt mutatta, mit kell tenni\u00fck, hogy tudjanak rep\u00fclni.<\/p>\n\n\n\n<p>Megmutatt\u00e1k, hogyan helyezkednek el a tollak. Ennek megfelel\u0151en Kask\u00f3 \u00e9s Albert a gyerekek ruh\u00e1j\u00e1ra ragasztgatt\u00e1k az elhullatott mad\u00e1rtollakat.&nbsp;<\/p>\n\n\n\n<p>Maxi \u00e9s Maja ezut\u00e1n k\u00fcl\u00f6nf\u00e9le madarakat ut\u00e1noztak.  A f\u00e1k \u00e1gain s\u00e9t\u00e1ltak, megtanult\u00e1k, hogyan kell helyesen lengetni a karjukat, hogyan kell tartani a fejet \u00e9s a testet\u2026. \u00c9s amikor rep\u00fclni akartak, leugrottak \u00e9s \u2026<\/p>\n\n\n\n<p>A t\u00f6bbi mad\u00e1r elkapta \u0151ket a cs\u0151r\u00e9vel.&nbsp;<\/p>\n\n\n\n<p>A madarak hangos csiripel\u00e9sbe kezdtek, mintha veszekedtek volna arr\u00f3l, hogy mit kell m\u00e9g tenni\u00fck.<\/p>\n\n\n\n<p>\u201eCsend legyen!\u201c, rikkantott egyet Maja, de abban a zajban egy\u00e1ltal\u00e1n nem lehetett hallani.<\/p>\n\n\n\n<p>Kask\u00f3 f\u00fcty\u00fclt egy \u00e9leset \u00e9s akkor mindenki elcsendesett.<\/p>\n\n\n\n<p>\u201eNek\u00fcnk nem kell tudnunk rep\u00fclni\u201c, kezdte Maja, \u201eel\u00e9g, ha id\u0151nk\u00e9nt Kask\u00f3 elvisz minket, \u00fagy, hogy kapunk t\u0151le gyors\u00edt\u00f3t, vagy a karj\u00e1ba vesz. \u00cdgy van ez j\u00f3l, ha mi magunk nem tudunk rep\u00fclni. A f\u00f6ldr\u0151l csod\u00e1lhatjuk a madarakat \u00e9s elk\u00e9pzelhetj\u00fck, mit l\u00e1tnak odafentr\u0151l.\u201c<\/p>\n\n\n\n<p>\u201eAz eget meghagyjuk nektek\u201c, csatlakozott Maxi is.<\/p>\n\n\n\n<p>A madarak \u00f6sszedugt\u00e1k a fej\u00fcket \u00e9s csendben csiviteltek. A mad\u00e1rkir\u00e1lyok azt\u00e1n odal\u00e9ptek Maxi \u00e9s Maja el\u00e9, \u00e9s k\u00e9t aranytollat adtak \u00e1t nekik.&nbsp;<\/p>\n\n\n\n<p>\u201eEz pedig a madarak legnagyobb titka. Ha n\u00e1latok van ez a k\u00e9t toll, b\u00e1rmikor seg\u00edts\u00e9g\u00fcl h\u00edvhatj\u00e1tok a madarakat, el\u00e9g, ha a hajatokba vagy a f\u00fcletek m\u00f6g\u00e9 teszitek,\u201c s\u00fagta Kask\u00f3 a bar\u00e1tainak.<\/p>\n\n\n\n<p>Maja \u00e9s Maxi meghajoltak.&nbsp;<\/p>\n\n\n\n<p>\u201eK\u00f6sz\u00f6nj\u00fck\u201c. Egym\u00e1sra n\u00e9ztek \u00e9s a f\u00fcl\u00fck m\u00f6g\u00e9 tett\u00e9k a tollakat. Ezer mad\u00e1r sz\u00e1llt oda hozz\u00e1juk \u00e9s cs\u0151r\u00fckben vitt\u00e9k el Maxit \u00e9s Maj\u00e1t a Szal\u00e1nci v\u00e1r t\u00f6v\u00e9be.<\/p>\n\n\n\n<p>V\u00e9gre neki\u00e1llhattak a s\u00fct\u00f6get\u00e9snek! Maja \u00f6sszed\u00f6rzs\u00f6lte a k\u00e9t tenyer\u00e9t, \u00e9s Maxi kinyitotta a h\u00e1tizs\u00e1kot.<\/p>\n\n\n\n<p>Kask\u00f3 egyetlen csettint\u00e9ssel t\u00fczet gy\u00fajtott.<\/p>\n\n\n\n<p>Megs\u00fct\u00f6tt\u00e9k a szafal\u00e1d\u00e9t, a hagym\u00e1t, szalonn\u00e1t \u00e9s az alm\u00e1kat. Albert \u00e9s a bar\u00e1tai elk\u00e9rt\u00e9k Maxi hangszereit \u00e9s r\u00e9gi dalokat \u00e9nekeltek a bar\u00e1ts\u00e1gr\u00f3l, eg\u00e9szen alkonyatig.&nbsp;<\/p>\n\n\n\n<p>De Maxi \u00e9s Maja addigra m\u00e1r az igazak \u00e1lm\u00e1t aludta. Kask\u00f3, a t\u00f6bbi szellem seg\u00edts\u00e9g\u00e9vel az \u00e1gyukba sz\u00e1ll\u00edtotta a gyerekeket, az ablakukat becsukt\u00e1k \u00e9s sz\u00e9p \u00e1lmokat k\u00fcldtek nekik, az igazi bar\u00e1tokr\u00f3l. A gyerekek m\u00e9gis megtanultak rep\u00fclni. Hiszen a legszebb rep\u00fcl\u00e9s az, amikor fantasztikus vil\u00e1gokba rep\u00fclhet\u00fcnk a k\u00e9pzelet sz\u00e1rny\u00e1n, ezzel semmi sem \u00e9r fel.&nbsp;<\/p>","protected":false},"excerpt":{"rendered":"<p> \u201eOkolo \u010cane \u017eili najlep\u0161ie mamuty v celej krajine Haravara. Najrad\u0161ej som ich mal na dobrej \u0161korici, hmmm,\u201c ... ste zvedav\u00ed, ako pokra\u010dovalo Ka\u0161kovo rozpr\u00e1vanie? <\/p>","protected":false},"featured_media":7762,"menu_order":0,"template":"","format":"standard","meta":{"_acf_changed":false,"footnotes":""},"categories":[],"class_list":["post-7761","pribehy","type-pribehy","status-publish","format-standard","has-post-thumbnail","hentry"],"acf":[],"yoast_head":"<!-- This site is optimized with the Yoast SEO Premium plugin v22.7 (Yoast SEO v27.2) - https:\/\/yoast.com\/product\/yoast-seo-premium-wordpress\/ -->\n<title>Ako sa Max\u00edk s Majkou u\u010dili naozaj lieta\u0165 - HARAVARA Pr\u00edbehy (rozpr\u00e1vky)<\/title>\n<meta name=\"description\" content=\"Max\u00edk si u\u017e dobalil svoj batoh, v ktorom mal \u0161es\u0165 \u0161pek\u00e1\u010diek, tro\u0161ku slaninky, \u0161tyri jab\u013a\u010dka, harmoniku, n\u00e1hradn\u00e9 pono\u017eky, cibu\u013eu, ozvu\u010den\u00e9 drievka, star\u00e9 papiere, p\u00e4\u0165 k\u00faskov chleb\u00edka, pr\u0161ipl\u00e1\u0161\u0165 pre seba aj Majku, trs\u00e1tko na gitaru.\" \/>\n<meta name=\"robots\" content=\"index, follow, max-snippet:-1, max-image-preview:large, max-video-preview:-1\" \/>\n<link rel=\"canonical\" href=\"https:\/\/www.haravara.sk\/hu\/pribehy\/ako-sa-maxik-s-majkou-ucili-naozaj-lietat\/\" \/>\n<meta property=\"og:locale\" content=\"hu_HU\" \/>\n<meta property=\"og:type\" content=\"article\" \/>\n<meta property=\"og:title\" content=\"\ud83c\udf44Haravara rozpr\u00e1vka - Ako sa Max\u00edk s Majkou u\u010dili naozaj lieta\u0165\" \/>\n<meta property=\"og:description\" content=\"Max\u00edk si u\u017e dobalil svoj batoh, v ktorom mal \u0161es\u0165 \u0161pek\u00e1\u010diek, tro\u0161ku slaninky, \u0161tyri jab\u013a\u010dka, harmoniku, n\u00e1hradn\u00e9 pono\u017eky, cibu\u013eu, ozvu\u010den\u00e9 drievka, star\u00e9 papiere, p\u00e4\u0165 k\u00faskov chleb\u00edka, pr\u0161ipl\u00e1\u0161\u0165 pre seba aj Majku, trs\u00e1tko na gitaru.\" \/>\n<meta property=\"og:url\" content=\"https:\/\/www.haravara.sk\/hu\/pribehy\/ako-sa-maxik-s-majkou-ucili-naozaj-lietat\/\" \/>\n<meta property=\"og:site_name\" content=\"HARAVARA\" \/>\n<meta property=\"article:publisher\" content=\"https:\/\/www.facebook.com\/haravara.detsky.svet\" \/>\n<meta property=\"article:modified_time\" content=\"2022-07-04T11:38:57+00:00\" \/>\n<meta property=\"og:image\" content=\"https:\/\/www.haravara.sk\/wp-content\/uploads\/2022\/07\/Slanska-Huta-nepriehladne.png\" \/>\n\t<meta property=\"og:image:width\" content=\"1200\" \/>\n\t<meta property=\"og:image:height\" content=\"628\" \/>\n\t<meta property=\"og:image:type\" content=\"image\/png\" \/>\n<meta name=\"twitter:card\" content=\"summary_large_image\" \/>\n<meta name=\"twitter:title\" content=\"Ako sa Max\u00edk s Majkou u\u010dili naozaj lieta\u0165\" \/>\n<meta name=\"twitter:description\" content=\"Vonku u\u017e tro\u0161ku mrzlo. R\u00e1no si mamky a ockovia museli \u010disti\u0165 okn\u00e1 na aut\u00e1ch od mraz\u00edku a Ka\u0161ko a ostatn\u00ed duchovia si museli\u2026 vlastne nemuseli ni\u010d. Duchovia toti\u017e nec\u00edtia zimu ani teplo. C\u00edtia to len vtedy, ke\u010f n\u00e1hodou dostan\u00fa nejak\u00fa d\u00fa\u0161iu chorobu.\" \/>\n<meta name=\"twitter:label1\" content=\"Becs\u00fclt olvas\u00e1si id\u0151\" \/>\n\t<meta name=\"twitter:data1\" content=\"10 perc\" \/>\n<script type=\"application\/ld+json\" class=\"yoast-schema-graph\">{\"@context\":\"https:\/\/schema.org\",\"@graph\":[{\"@type\":\"WebPage\",\"@id\":\"https:\/\/www.haravara.sk\/pribehy\/ako-sa-maxik-s-majkou-ucili-naozaj-lietat\/\",\"url\":\"https:\/\/www.haravara.sk\/pribehy\/ako-sa-maxik-s-majkou-ucili-naozaj-lietat\/\",\"name\":\"Ako sa Max\u00edk s Majkou u\u010dili naozaj lieta\u0165 - HARAVARA Pr\u00edbehy (rozpr\u00e1vky)\",\"isPartOf\":{\"@id\":\"https:\/\/www.haravara.sk\/#website\"},\"primaryImageOfPage\":{\"@id\":\"https:\/\/www.haravara.sk\/pribehy\/ako-sa-maxik-s-majkou-ucili-naozaj-lietat\/#primaryimage\"},\"image\":{\"@id\":\"https:\/\/www.haravara.sk\/pribehy\/ako-sa-maxik-s-majkou-ucili-naozaj-lietat\/#primaryimage\"},\"thumbnailUrl\":\"https:\/\/www.haravara.sk\/wp-content\/uploads\/2022\/07\/Slanska-Huta-nepriehladne.png\",\"datePublished\":\"2022-07-04T07:46:06+00:00\",\"dateModified\":\"2022-07-04T11:38:57+00:00\",\"description\":\"Max\u00edk si u\u017e dobalil svoj batoh, v ktorom mal \u0161es\u0165 \u0161pek\u00e1\u010diek, tro\u0161ku slaninky, \u0161tyri jab\u013a\u010dka, harmoniku, n\u00e1hradn\u00e9 pono\u017eky, cibu\u013eu, ozvu\u010den\u00e9 drievka, star\u00e9 papiere, p\u00e4\u0165 k\u00faskov chleb\u00edka, pr\u0161ipl\u00e1\u0161\u0165 pre seba aj Majku, trs\u00e1tko na gitaru.\",\"breadcrumb\":{\"@id\":\"https:\/\/www.haravara.sk\/pribehy\/ako-sa-maxik-s-majkou-ucili-naozaj-lietat\/#breadcrumb\"},\"inLanguage\":\"hu\",\"potentialAction\":[{\"@type\":\"ReadAction\",\"target\":[\"https:\/\/www.haravara.sk\/pribehy\/ako-sa-maxik-s-majkou-ucili-naozaj-lietat\/\"]}]},{\"@type\":\"ImageObject\",\"inLanguage\":\"hu\",\"@id\":\"https:\/\/www.haravara.sk\/pribehy\/ako-sa-maxik-s-majkou-ucili-naozaj-lietat\/#primaryimage\",\"url\":\"https:\/\/www.haravara.sk\/wp-content\/uploads\/2022\/07\/Slanska-Huta-nepriehladne.png\",\"contentUrl\":\"https:\/\/www.haravara.sk\/wp-content\/uploads\/2022\/07\/Slanska-Huta-nepriehladne.png\",\"width\":1200,\"height\":628},{\"@type\":\"BreadcrumbList\",\"@id\":\"https:\/\/www.haravara.sk\/pribehy\/ako-sa-maxik-s-majkou-ucili-naozaj-lietat\/#breadcrumb\",\"itemListElement\":[{\"@type\":\"ListItem\",\"position\":1,\"name\":\"Domov\",\"item\":\"https:\/\/www.haravara.sk\/\"},{\"@type\":\"ListItem\",\"position\":2,\"name\":\"Pr\u00edbehy\",\"item\":\"https:\/\/www.haravara.sk\/pribehy\/\"},{\"@type\":\"ListItem\",\"position\":3,\"name\":\"Ako sa Max\u00edk s Majkou u\u010dili naozaj lieta\u0165\"}]},{\"@type\":\"WebSite\",\"@id\":\"https:\/\/www.haravara.sk\/#website\",\"url\":\"https:\/\/www.haravara.sk\/\",\"name\":\"HARAVARA\",\"description\":\"Objav detsk\u00fd svet v Ko\u0161ickom kraji\",\"publisher\":{\"@id\":\"https:\/\/www.haravara.sk\/#organization\"},\"potentialAction\":[{\"@type\":\"SearchAction\",\"target\":{\"@type\":\"EntryPoint\",\"urlTemplate\":\"https:\/\/www.haravara.sk\/?s={search_term_string}\"},\"query-input\":{\"@type\":\"PropertyValueSpecification\",\"valueRequired\":true,\"valueName\":\"search_term_string\"}}],\"inLanguage\":\"hu\"},{\"@type\":\"Organization\",\"@id\":\"https:\/\/www.haravara.sk\/#organization\",\"name\":\"Haravara\",\"url\":\"https:\/\/www.haravara.sk\/\",\"logo\":{\"@type\":\"ImageObject\",\"inLanguage\":\"hu\",\"@id\":\"https:\/\/www.haravara.sk\/#\/schema\/logo\/image\/\",\"url\":\"https:\/\/www.haravara.sk\/wp-content\/uploads\/2021\/04\/LOGO-LandingPage.png\",\"contentUrl\":\"https:\/\/www.haravara.sk\/wp-content\/uploads\/2021\/04\/LOGO-LandingPage.png\",\"width\":832,\"height\":618,\"caption\":\"Haravara\"},\"image\":{\"@id\":\"https:\/\/www.haravara.sk\/#\/schema\/logo\/image\/\"},\"sameAs\":[\"https:\/\/www.facebook.com\/haravara.detsky.svet\"]}]}<\/script>\n<!-- \/ Yoast SEO Premium plugin. -->","yoast_head_json":{"title":"Ako sa Max\u00edk s Majkou u\u010dili naozaj lieta\u0165 - HARAVARA Pr\u00edbehy (rozpr\u00e1vky)","description":"Maxi becsomagolta a h\u00e1tizs\u00e1kj\u00e1t. Volt benne hat szafal\u00e1d\u00e9, egy kis szalonna, n\u00e9gy alma, sz\u00e1jharmonika, v\u00e1lt\u00f3zokni, hagyma, ritmusbot, r\u00e9gi pap\u00edrok, \u00f6t darab keny\u00e9r, es\u0151k\u00f6peny, mag\u00e1nak \u00e9s Maj\u00e1nak, penget\u0151.","robots":{"index":"index","follow":"follow","max-snippet":"max-snippet:-1","max-image-preview":"max-image-preview:large","max-video-preview":"max-video-preview:-1"},"canonical":"https:\/\/www.haravara.sk\/hu\/pribehy\/ako-sa-maxik-s-majkou-ucili-naozaj-lietat\/","og_locale":"hu_HU","og_type":"article","og_title":"\ud83c\udf44Haravara rozpr\u00e1vka - Ako sa Max\u00edk s Majkou u\u010dili naozaj lieta\u0165","og_description":"Max\u00edk si u\u017e dobalil svoj batoh, v ktorom mal \u0161es\u0165 \u0161pek\u00e1\u010diek, tro\u0161ku slaninky, \u0161tyri jab\u013a\u010dka, harmoniku, n\u00e1hradn\u00e9 pono\u017eky, cibu\u013eu, ozvu\u010den\u00e9 drievka, star\u00e9 papiere, p\u00e4\u0165 k\u00faskov chleb\u00edka, pr\u0161ipl\u00e1\u0161\u0165 pre seba aj Majku, trs\u00e1tko na gitaru.","og_url":"https:\/\/www.haravara.sk\/hu\/pribehy\/ako-sa-maxik-s-majkou-ucili-naozaj-lietat\/","og_site_name":"HARAVARA","article_publisher":"https:\/\/www.facebook.com\/haravara.detsky.svet","article_modified_time":"2022-07-04T11:38:57+00:00","og_image":[{"width":1200,"height":628,"url":"https:\/\/www.haravara.sk\/wp-content\/uploads\/2022\/07\/Slanska-Huta-nepriehladne.png","type":"image\/png"}],"twitter_card":"summary_large_image","twitter_title":"Ako sa Max\u00edk s Majkou u\u010dili naozaj lieta\u0165","twitter_description":"Vonku u\u017e tro\u0161ku mrzlo. R\u00e1no si mamky a ockovia museli \u010disti\u0165 okn\u00e1 na aut\u00e1ch od mraz\u00edku a Ka\u0161ko a ostatn\u00ed duchovia si museli\u2026 vlastne nemuseli ni\u010d. Duchovia toti\u017e nec\u00edtia zimu ani teplo. C\u00edtia to len vtedy, ke\u010f n\u00e1hodou dostan\u00fa nejak\u00fa d\u00fa\u0161iu chorobu.","twitter_misc":{"Becs\u00fclt olvas\u00e1si id\u0151":"10 perc"},"schema":{"@context":"https:\/\/schema.org","@graph":[{"@type":"WebPage","@id":"https:\/\/www.haravara.sk\/pribehy\/ako-sa-maxik-s-majkou-ucili-naozaj-lietat\/","url":"https:\/\/www.haravara.sk\/pribehy\/ako-sa-maxik-s-majkou-ucili-naozaj-lietat\/","name":"Ako sa Max\u00edk s Majkou u\u010dili naozaj lieta\u0165 - HARAVARA Pr\u00edbehy (rozpr\u00e1vky)","isPartOf":{"@id":"https:\/\/www.haravara.sk\/#website"},"primaryImageOfPage":{"@id":"https:\/\/www.haravara.sk\/pribehy\/ako-sa-maxik-s-majkou-ucili-naozaj-lietat\/#primaryimage"},"image":{"@id":"https:\/\/www.haravara.sk\/pribehy\/ako-sa-maxik-s-majkou-ucili-naozaj-lietat\/#primaryimage"},"thumbnailUrl":"https:\/\/www.haravara.sk\/wp-content\/uploads\/2022\/07\/Slanska-Huta-nepriehladne.png","datePublished":"2022-07-04T07:46:06+00:00","dateModified":"2022-07-04T11:38:57+00:00","description":"Maxi becsomagolta a h\u00e1tizs\u00e1kj\u00e1t. Volt benne hat szafal\u00e1d\u00e9, egy kis szalonna, n\u00e9gy alma, sz\u00e1jharmonika, v\u00e1lt\u00f3zokni, hagyma, ritmusbot, r\u00e9gi pap\u00edrok, \u00f6t darab keny\u00e9r, es\u0151k\u00f6peny, mag\u00e1nak \u00e9s Maj\u00e1nak, penget\u0151.","breadcrumb":{"@id":"https:\/\/www.haravara.sk\/pribehy\/ako-sa-maxik-s-majkou-ucili-naozaj-lietat\/#breadcrumb"},"inLanguage":"hu","potentialAction":[{"@type":"ReadAction","target":["https:\/\/www.haravara.sk\/pribehy\/ako-sa-maxik-s-majkou-ucili-naozaj-lietat\/"]}]},{"@type":"ImageObject","inLanguage":"hu","@id":"https:\/\/www.haravara.sk\/pribehy\/ako-sa-maxik-s-majkou-ucili-naozaj-lietat\/#primaryimage","url":"https:\/\/www.haravara.sk\/wp-content\/uploads\/2022\/07\/Slanska-Huta-nepriehladne.png","contentUrl":"https:\/\/www.haravara.sk\/wp-content\/uploads\/2022\/07\/Slanska-Huta-nepriehladne.png","width":1200,"height":628},{"@type":"BreadcrumbList","@id":"https:\/\/www.haravara.sk\/pribehy\/ako-sa-maxik-s-majkou-ucili-naozaj-lietat\/#breadcrumb","itemListElement":[{"@type":"ListItem","position":1,"name":"Domov","item":"https:\/\/www.haravara.sk\/"},{"@type":"ListItem","position":2,"name":"Pr\u00edbehy","item":"https:\/\/www.haravara.sk\/pribehy\/"},{"@type":"ListItem","position":3,"name":"Ako sa Max\u00edk s Majkou u\u010dili naozaj lieta\u0165"}]},{"@type":"WebSite","@id":"https:\/\/www.haravara.sk\/#website","url":"https:\/\/www.haravara.sk\/","name":"HARAVARA","description":"Objav detsk\u00fd svet v Ko\u0161ickom kraji","publisher":{"@id":"https:\/\/www.haravara.sk\/#organization"},"potentialAction":[{"@type":"SearchAction","target":{"@type":"EntryPoint","urlTemplate":"https:\/\/www.haravara.sk\/?s={search_term_string}"},"query-input":{"@type":"PropertyValueSpecification","valueRequired":true,"valueName":"search_term_string"}}],"inLanguage":"hu"},{"@type":"Organization","@id":"https:\/\/www.haravara.sk\/#organization","name":"Haravara","url":"https:\/\/www.haravara.sk\/","logo":{"@type":"ImageObject","inLanguage":"hu","@id":"https:\/\/www.haravara.sk\/#\/schema\/logo\/image\/","url":"https:\/\/www.haravara.sk\/wp-content\/uploads\/2021\/04\/LOGO-LandingPage.png","contentUrl":"https:\/\/www.haravara.sk\/wp-content\/uploads\/2021\/04\/LOGO-LandingPage.png","width":832,"height":618,"caption":"Haravara"},"image":{"@id":"https:\/\/www.haravara.sk\/#\/schema\/logo\/image\/"},"sameAs":["https:\/\/www.facebook.com\/haravara.detsky.svet"]}]}},"_links":{"self":[{"href":"https:\/\/www.haravara.sk\/hu\/wp-json\/wp\/v2\/pribehy\/7761","targetHints":{"allow":["GET"]}}],"collection":[{"href":"https:\/\/www.haravara.sk\/hu\/wp-json\/wp\/v2\/pribehy"}],"about":[{"href":"https:\/\/www.haravara.sk\/hu\/wp-json\/wp\/v2\/types\/pribehy"}],"version-history":[{"count":3,"href":"https:\/\/www.haravara.sk\/hu\/wp-json\/wp\/v2\/pribehy\/7761\/revisions"}],"predecessor-version":[{"id":7815,"href":"https:\/\/www.haravara.sk\/hu\/wp-json\/wp\/v2\/pribehy\/7761\/revisions\/7815"}],"wp:featuredmedia":[{"embeddable":true,"href":"https:\/\/www.haravara.sk\/hu\/wp-json\/wp\/v2\/media\/7762"}],"wp:attachment":[{"href":"https:\/\/www.haravara.sk\/hu\/wp-json\/wp\/v2\/media?parent=7761"}],"wp:term":[{"taxonomy":"category","embeddable":true,"href":"https:\/\/www.haravara.sk\/hu\/wp-json\/wp\/v2\/categories?post=7761"}],"curies":[{"name":"wp","href":"https:\/\/api.w.org\/{rel}","templated":true}]}}