{"id":7768,"date":"2022-07-04T08:57:45","date_gmt":"2022-07-04T07:57:45","guid":{"rendered":"https:\/\/www.haravara.sk\/?post_type=pribehy&#038;p=7768"},"modified":"2022-07-04T11:48:33","modified_gmt":"2022-07-04T10:48:33","slug":"ako-si-postavili-lodku","status":"publish","type":"pribehy","link":"https:\/\/www.haravara.sk\/hu\/pribehy\/ako-si-postavili-lodku\/","title":{"rendered":"Hogyan \u00e9p\u00edtettek haj\u00f3t?"},"content":{"rendered":"<p>Odakint, az ablakon t\u00fal \u00fagy perzselt a nap, mintha pecseny\u00e9re akart volna s\u00fctni mindenkit. Maja \u00e9s Maxi bekapcsolt\u00e1k a ventil\u00e1tort, kinyitott\u00e1k az \u00f6sszes ablakot \u00e9s ajt\u00f3t a lak\u00e1sban, \u00e9s maja m\u00e9g egy gy\u00f6ny\u00f6r\u0171 legyez\u0151t is tal\u00e1lt az egyik jelmeze mellett \u00e9s \u00fagy lengette, mintha a leveg\u0151be akart volna emelkedni.<\/p>\n\n\n\n<p>A frufruja fel-le j\u00e1rt minden egyes lenget\u00e9sn\u00e9l \u00e9s valah\u00e1nyszor a ventil\u00e1tor fel\u00e9 fordult. Maxinak \u00e9ppen csak a szempill\u00e1it rebegtette meg az \u00e1raml\u00f3 leveg\u0151. Kint, az ablakon t\u00fal semmi meg sem moccant.&nbsp;<\/p>\n\n\n\n<p>\u201e\u00c9n ezt m\u00e1r nem b\u00edrom tov\u00e1bb\u201c, mondta Maja lassan \u00e9s unottan, \u00e9s egy kis id\u0151re abbahagyta a legyez\u0151 lenget\u00e9st, mert a keze f\u00e1jni kezdett.<\/p>\n\n\n\n<p>\u201eNe is mondd\u201c, csatlakozott Maxi, \u201elegsz\u00edvesebben beugran\u00e9k egy j\u00e9ggel teli k\u00e1dba!\u201c<\/p>\n\n\n\n<p>\u201eEz nem is rossz \u00f6tlet!\u201c fontolgatta Maja k\u00e9ts\u00e9gbeesve.<\/p>\n\n\n\n<p>\u201eUgyan, annyi jeget nem tudunk el\u0151\u00e1ll\u00edtani az itthoni fagyaszt\u00f3ban\u201d, \u00e1ll\u00edtotta meg h\u00faga gondolatmenet\u00e9t Maxi.<\/p>\n\n\n\n<p>Egyszer csak kint, a t\u00e1volban, megmozdultak a f\u00e1kon a levelek. Fokozatosan, el\u0151sz\u00f6r az egyik f\u00e1n, majd a m\u00e1sikon \u00e9s a harmadikon is. \u00dagy n\u00e9zett ki, mintha a sz\u00e9l egyik f\u00e1r\u00f3l a m\u00e1sikra ugr\u00e1ndozott volna. A testv\u00e9rek a f\u00e1kat b\u00e1mult\u00e1k. A sz\u00e9l fel\u00e9j\u00fcl haladt. \u00c9lesen figyeltek \u00e9s az utols\u00f3 pillanatban az ablak al\u00e1 buktak. A szob\u00e1ban valami a ventil\u00e1tornak \u00fctk\u00f6z\u00f6tt, ami felborult \u00e9s most a padl\u00e1s fel\u00e9 f\u00fajta a leveg\u0151t.  A sarokb\u00f3l azonnal el\u0151m\u00e1szott h\u00e1rom kicsi p\u00f3k \u00e9s h\u0171s\u00f6ltek egyet a mesters\u00e9ges szell\u0151ben.<\/p>\n\n\n\n<p>Maja \u00e9s Maxi len\u00e9ztek a padl\u00f3ra.<\/p>\n\n\n\n<p>\u201eKask\u00f3?!\u201c ki\u00e1ltott\u00e1k fel k\u00e9telkedve mindketten.<\/p>\n\n\n\n<p>\u201eBocs\u00e1nat, bar\u00e1tiam, m\u00e1ris eltakar\u00edtom.\u201c&nbsp;<\/p>\n\n\n\n<p>Kask\u00f3 a f\u00f6ld\u00f6n cs\u00fccs\u00fclt. Egy nagyon m\u00f3k\u00e1s, legal\u00e1bb sz\u00e1z\u00e9ves f\u00fcrd\u0151ruh\u00e1ban volt, a fej\u00e9n sapka \u00e9s annak a tetej\u00e9n egy \u00f3ri\u00e1si propeller.<\/p>\n\n\n\n<p>\u201eEz a sapk\u00e1s ventil\u00e1tor ugyan nem rossz, de sajnos semmit sem l\u00e1tok t\u0151le,\u201d m\u00e9ltatlankodott nevetve Kask\u00f3 \u00e9s kikapcsolta a propeller\u00e9t.<\/p>\n\n\n\n<p>\u201eTi szellemek is \u00e9rzitek, ha h\u0151s\u00e9g van?\u201c k\u00e9rdezte Maxi.<\/p>\n\n\n\n<p>\u201eH\u00e1\u00e1\u00e1t, nem \u00fagy, mint ti, de az\u00e9rt m\u00e9gis\u201c, Kask\u00f3 levette a sapk\u00e1j\u00e1t \u00e9s elm\u00e9lkedni kezdett. \u201eEz k\u00fcl\u00f6n\u00f6s, mert a t\u00fczet p\u00e9ld\u00e1ul nem \u00e9rzem, de \u00e9rzem a napot \u00e9s a meleget. Nem tudom, mi\u00e9rt. Ut\u00e1na kell n\u00e9znem.\u201c<\/p>\n\n\n\n<p>\u201e\u00c9s mi van rajtad, mi ez a hacuka?\u201c Maja nem b\u00edrta tov\u00e1bb visszatartani a k\u00e9rd\u00e9st.<\/p>\n\n\n\n<p>\u201eEz?,\u201c lep\u0151d\u00f6tt meg Kask\u00f3, \u201eez a legkedvesebb f\u00fcrd\u0151ruh\u00e1m.\u201c&nbsp;<\/p>\n\n\n\n<p>\u201eDe mi\u00e9rt v\u00e9gz\u0151dik szokny\u00e1ban?\u201c \u00e9rtetlenkedett Maxi.<\/p>\n\n\n\n<p>\u201eEz volt az els\u0151 f\u00e9rfi f\u00fcrd\u0151ruha, ami sz\u00e1z \u00e9ve t\u0171nt fel el\u0151sz\u00f6r. Azel\u0151tt nem hordtak f\u00fcrd\u0151ruh\u00e1t, az emberek abban f\u00fcr\u00f6dtek, amij\u00fck volt\u201c, nevetett Kask\u00f3 \u00e9s \u00edgy folytatta, \u201eez pedig nem szoknya, hanem \u2026. igaz\u00e1b\u00f3l nem tudom, hogy h\u00edvj\u00e1k, de nekem tetszik.\u201c<\/p>\n\n\n\n<p>\u201eEgy kicsit nevets\u00e9gesen n\u00e9z ki\u201c, h\u00fazta el a sz\u00e1j\u00e1t Maja.<\/p>\n\n\n\n<p>\u201eNevets\u00e9ges, de \u00e9n j\u00f3l \u00e9rzem magam benne\u201d, felelte Kask\u00f3 szinte m\u00e1r s\u00e9rt\u0151d\u00f6tten.<\/p>\n\n\n\n<p>\u201eDe h\u00e1t mi nem rajtad nevet\u00fcnk, csak m\u00e9g sosem l\u00e1ttunk ilyen f\u00fcrd\u0151ruh\u00e1t\u201d, nyugtatta meg bar\u00e1tj\u00e1t Maxi \u00e9s a ventil\u00e1tort mag\u00e1ra \u00e9s a  h\u00fag\u00e1ra ir\u00e1ny\u00edtotta.<\/p>\n\n\n\n<p>\u201eIdes\u00fcssetek, csib\u00e9szek, mi lenne, ha a ventil\u00e1tor helyett f\u00fcr\u00f6dni \u00e9s \u00faszni menn\u00e9nk?\u201c kacsintott r\u00e1juk Kask\u00f3.<\/p>\n\n\n\n<p>\u201eReggel \u00f3ta err\u0151l besz\u00e9l\u00fcnk, de anyu \u00e9s apu eg\u00e9szen estig munk\u00e1ban lesznek.\u201c<\/p>\n\n\n\n<p>\u201eAkkor rajta, indulunk!\u201c adta ki a parancsot a szellemfi\u00fa. \u201eHozzatok f\u00fcrd\u0151ruh\u00e1t, napoz\u00f3kr\u00e9met, sapk\u00e1t \u00e9s sok vizet. Gyer\u00fcnk, gyer\u00fcnk, mozg\u00e1s.\u201c<\/p>\n\n\n\n<p>A gyerekek szaladg\u00e1lni kezdtek a szob\u00e1ban. Hirtelen a meleg sem zavarta \u0151ket, tal\u00e1n az\u00e9rt, mert olyan gyorsan rohang\u00e1ltak, hogy huzatot csin\u00e1ltak. Amit tudtak, \u00f6sszecsomagoltak, Maxi m\u00e9g bedobott egy-k\u00e9t hangszert is, egy felf\u00fajhat\u00f3 gumilabd\u00e1t, Maja pedig n\u00e9gy hajcsatot, k\u00e9t f\u00e9s\u0171t \u00e9s egy kacsa form\u00e1j\u00fa gumimatracot.<\/p>\n\n\n\n<p>\u201eMehet\u00fcnk!\u201c ki\u00e1ltott\u00e1k a gyerekek, m\u00e1r az ajt\u00f3ban \u00e1llva.<\/p>\n\n\n\n<p>\u201eHozzatok m\u00e9g sp\u00e1rg\u00e1t is. A foly\u00f3hoz megy\u00fcnk. Ti r\u00e1\u00fclt\u00f6k a gumimatracra, \u00e9s \u00e9n majd h\u00fazlak benneteket, mintha haj\u00f3 lenne\u201d, tette m\u00e9g hozz\u00e1 Kask\u00f3.<\/p>\n\n\n\n<p>Az \u00e1llom\u00e1son a Kisladna fel\u00e9 tart\u00f3 aut\u00f3buszra \u00fcltek. Ezt a falut is, ak\u00e1rcsak Kass\u00e1t, \u00e1tszeli a Hern\u00e1d. A foly\u00f3parton mindig j\u00f3kat lehet s\u00e9t\u00e1lni, leheveredni a f\u0171be, egy kicsit \u00faszni, vagy egy felf\u00fajhat\u00f3 matracon pihenni.<\/p>\n\n\n\n<p>Kisz\u00e1lltak a buszb\u00f3l \u00e9s tal\u00e1ltak is kellemes helyet a parton. Maxi el\u0151vette a labd\u00e1t, Maja pedig a gumimatracot \u00e9s elkezdt\u00e9k f\u00fajni, mint a kov\u00e1csm\u0171helyben a f\u00fajtat\u00f3t. Kask\u00f3 ezalatt belevert a f\u00f6ldbe egy kar\u00f3t \u00e9s hozz\u00e1k\u00f6t\u00f6tte a sp\u00e1rg\u00e1t.&nbsp;<\/p>\n\n\n\n<p>\u201eNagyon sz\u00e9p ez a hely, Kask\u00f3\u201c, mondta Maja, a fogait \u00f6sszeszor\u00edtva, k\u00e9t f\u00faj\u00e1s k\u00f6z\u00f6tt.<\/p>\n\n\n\n<p>\u201eIgen, szerintem is\u201d, csatlakozott a testv\u00e9re, \u201enem is tal\u00e1lhattunk volna szebbet, \u201c egyszerre szuszogott, f\u00fajt \u00e9s besz\u00e9lt.<\/p>\n\n\n\n<p>\u201eM\u00e1r v\u00e1rom a haj\u00f3k\u00e1z\u00e1st\u201c, nevetett Maja, az \u00fasz\u00f3gumival a foga k\u00f6z\u00f6tt.<\/p>\n\n\n\n<p>\u201eK\u00e9sz!\u201c<\/p>\n\n\n\n<p>Kask\u00f3 elvette Maj\u00e1t\u00f3l az \u00fasz\u00f3gumit, a kiskacsa nyaka k\u00f6r\u00e9 k\u00f6t\u00f6zte a sp\u00e1rg\u00e1t \u00e9s r\u00e1dobta a v\u00edzre.<\/p>\n\n\n\n<p>\u201eHur\u00e1\u00e1\u00e1\u00e1\u00e1\u00e1\u00e1\u00e1\u00e1\u00e1\u00e1\u00e1!\u201c kiab\u00e1ltak a gyerekek \u00e9s r\u00e1vet\u0151dtek a matracra.&nbsp;<\/p>\n\n\n\n<p>\u201ePomp\u00e1\u00e1\u00e1\u00e1s!\u201c \u00fagy kiab\u00e1ltak \u00e9s \u00faszk\u00e1ltak, mint a v\u00e9rbeli tenger\u00e9szek. Maxi \u00fagy tett, mintha egy korm\u00e1nykereket igazgatna. Maja pedig egy titokzatos t\u00e9rk\u00e9pet k\u00e9pzelt maga el\u00e9 \u00e9s mutatta az utat Maxi kapit\u00e1nynak, a kincs fel\u00e9.<\/p>\n\n\n\n<p>\u00c9s akkor egyszer csak egy hatalmas csattan\u00e1st hallottak, \u00e9s azt\u00e1n egy hossz\u00fa sziszeg\u00e9st, mintha egy tucatnyi k\u00edgy\u00f3 k\u00faszott volna a f\u00f6ld\u00f6n.<\/p>\n\n\n\n<p>Kask\u00f3 gyorsan elkezdte maga fel\u00e9 h\u00fazni a matracot \u00e9s odaki\u00e1ltott:<\/p>\n\n\n\n<p>\u201eTartsatok ki, csak semmi p\u00e1nik!\u201c<\/p>\n\n\n\n<p>A matrac egy k\u0151be akadt, amely k\u00f6zvetlen\u00fcl a felsz\u00edn alatt volt. A nagy h\u0151s\u00e9g miatt a foly\u00f3 is sek\u00e9lyebb volt, \u00e9s \u00edgy a k\u00f6vek is k\u00f6zelebb ker\u00fcltek a felsz\u00ednhez.<\/p>\n\n\n\n<p>A gyerekek csuromvizesen, r\u00e9m\u00fclten \u00e9s szomor\u00faan j\u00f6ttek ki a v\u00edzb\u0151l.<\/p>\n\n\n\n<p>\u201eMost mit fogunk csin\u00e1lni?<br>k\u00e9rdezt\u00e9k k\u00e9ts\u00e9gbeesve a kipukkant gumimatracra n\u00e9zve.\u201c<\/p>\n\n\n\n<p>\u201eV\u00e1rjatok csak, innen nem messze lehet cs\u00f3nak\u00e1zni is a Hern\u00e1don. kapunk egy cs\u00f3nakot \u00e9s eg\u00e9szen Kass\u00e1ig eljutunk rajta.\u201c&nbsp;<\/p>\n\n\n\n<p>Kask\u00f3 elrep\u00fclt a cs\u00f3nak-k\u00f6lcs\u00f6nz\u0151h\u00f6z, ahonnan az evez\u00e9s indult. De a cs\u00f3nakokat m\u00e1r mind kik\u00f6lcs\u00f6n\u00f6zt\u00e9k, a nagy melegben mindenki a v\u00edzhez igyekezett, m\u00e1sr\u00e9szt meg, csak feln\u0151tteknek k\u00f6lcs\u00f6n\u00f6ztek, akik magukkal vihetettek gyerekeket is. Kask\u00f3 l\u00f3g\u00f3 orral t\u00e9rt vissza, \u00e9s a gyerekek r\u00f6gt\u00f6n meg\u00e9rtett\u00e9k, hogy az evez\u00e9sb\u0151l nem lesz semmi.<\/p>\n\n\n\n<p>\u201eNem baj, akkor \u00e9p\u00edt\u00fcnk egy saj\u00e1t cs\u00f3nakot, f\u00e1b\u00f3l, \u201c jelentette ki b\u00e1tran a szellemfi\u00fa.<\/p>\n\n\n\n<p>\u201eHogy micsoda?!\u201c kerekedett el a testv\u00e9rek szeme.<\/p>\n\n\n\n<p>\u201eHaj\u00f3t fogunk \u00e9p\u00edteni!\u201c er\u0151s\u00edtette meg Kask\u00f3 m\u00e9g magabiztosabban.<\/p>\n\n\n\n<p>\u201eDe hiszen nincs se balt\u00e1nk, se v\u00e9s\u0151nk, se \u2026.\u00c9s nem is tudjuk, hogyan kell\u201d, tiltakoztak a gyerekek.<\/p>\n\n\n\n<p>\u201eMi tal\u00e1n nem tudjuk, de van n\u00e9h\u00e1ny bar\u00e1tom, akik sz\u00edvesen seg\u00edtenek.\u201c<\/p>\n\n\n\n<p>Kask\u00f3 el\u0151vett a zseb\u00e9b\u0151l egy kis szarvat, tal\u00e1n teh\u00e9nszarv lehetett, amelyet \u00e1tf\u00fartak \u00e9s \u00fagy n\u00e9zett ki, mint egy kis trombita. Besz\u00e9lni kezdett bele.<\/p>\n\n\n\n<p>Maja \u00e9s Maxi addig \u00e9szrev\u00e9tlen\u00fcl a nagy gumilabda m\u00f6g\u00e9 b\u00fajtak, amit Maxi f\u00fajt fel. Az erd\u0151b\u0151l zaj hallatszott. Valaki j\u00e1rk\u00e1lt a f\u00e1k k\u00f6z\u00f6tt, ropogtak az \u00e1gak, suhogott a f\u0171, m\u00e9g a f\u00e1k levelei is mozogtak. A gyerekek arra sz\u00e1m\u00edtottak, hogy j\u00f3l megtermett, izmos fav\u00e1g\u00f3k bukkannak el\u0151, k\u00e9t kez\u00fckben balt\u00e1val, v\u00e1llukon f\u0171r\u00e9sszel. Vagy esetleg Vasgy\u00far\u00f3, Fany\u0171v\u0151 \u00e9s K\u0151morzsol\u00f3. De az erd\u0151b\u0151l egy \u00e1llat m\u00e1szott el\u0151, amolyan nagyobbacska macska, el\u00f6l k\u00e9t j\u00f3kora foggal. M\u00f6g\u00f6tte felbukkant h\u00e9t k\u00edgy\u00f3, egy szarvas, csod\u00e1s agancskoron\u00e1val \u00e9s kis tekn\u0151s\u00f6k. Ezt tal\u00e1n nem tudt\u00e1tok, de Haravar\u00e1ban tekn\u0151s\u00f6k is \u00e9lnek. M\u00e9gpedig mocs\u00e1ri tekn\u0151s\u00f6k, akiknek itt van a kir\u00e1lys\u00e1guk.  De err\u0151l majd m\u00e1skor lesz sz\u00f3.<\/p>\n\n\n\n<p>A fa tetej\u00e9n pedig felbukkant hark\u00e1ly ap\u00f3, piros sapk\u00e1ban, mad\u00e1rbar\u00e1tai t\u00e1rsas\u00e1g\u00e1ban.<\/p>\n\n\n\n<p>\u201eKask\u00f3, biztos vagy benne, hogy haj\u00f3t akarsz \u00e9p\u00edteni?\u201c k\u00e9rdezte f\u00e9l\u00e9nken Maxi, lassan el\u0151b\u00fajva a labda m\u00f6g\u00fcl.<\/p>\n\n\n\n<p>\u201eTerm\u00e9szetesen\u201c, v\u00e1laszolta Kask\u00f3 \u00e9s az \u00e1llatok ut\u00e1n iramodott.&nbsp;<\/p>\n\n\n\n<p>Sugdol\u00f3ztak. Mindenki egyfolyt\u00e1ban b\u00f3logatott. Az egyik pillanatban Kask\u00f3 felkapta az egyik k\u00edgy\u00f3t, az megfesz\u00fclt, mint egy h\u00far \u00e9s Kask\u00f3 valamit firk\u00e1lt vele a homokba. A gyerekek egyre k\u00f6zelebb l\u00e9pkedtek az \u00e1llatk\u00e1khoz \u00e9s Kask\u00f3hoz. Amikor m\u00e1r eg\u00e9szen ott voltak mellett\u00fck, len\u00e9ztek a f\u00f6ldre. Kask\u00f3 a k\u00edgy\u00f3 fark\u00e1val egy haj\u00f3t v\u00e1zolt fel. Minden \u00e1llatka rajta volt a rajzon, el\u00e9g fura p\u00f3zokban.&nbsp;<\/p>\n\n\n\n<p>\u201eEz egy haj\u00f3nak a tervrajza?\u201c kezdte Maxi kicsit k\u00e9telkedve.<\/p>\n\n\n\n<p>\u201eEz a mi haj\u00f3nk tervrajza\u201c, jav\u00edtotta ki Kask\u00f3 \u00e9s sorban bemutatta neki az \u00e1llatokat. \u201eIsmerj\u00e9tek meg egym\u00e1st, \u0151k a k\u00edgy\u00f3k, a szarvas, a hark\u00e1ly, a holl\u00f3, a varj\u00fa \u00e9s a tekn\u0151s\u00f6ket m\u00e1r tal\u00e1n ismeritek. \u0150 pedig\u201c, n\u00e9zett r\u00e1 a lapos fark\u00fa, nagyfog\u00fa \u00e1llatk\u00e1ra, \u201e\u0151 h\u00f3d b\u00e1csi.\u201c<\/p>\n\n\n\n<p>\u201eH\u00f3d, h\u00e1t persze\u201c, id\u00e9zte fel Maxi a term\u00e9szetrajz \u00f3r\u00e1kat.&nbsp;<\/p>\n\n\n\n<p>\u201eDe hogyan fogunk haj\u00f3t \u00e9p\u00edteni, mi \u00e9s ezek a kedves \u00e1llatk\u00e1k?\u201c, k\u00e9rdezte Maja m\u00e9g mindig \u00e9rtetlen\u00fcl.<\/p>\n\n\n\n<p>\u201eFigyelj,\u201c Kask\u00f3 odapillantott az \u00e1llatokra, \u201ecsin\u00e1lhatjuk?\u201c, az \u00e1llatok b\u00f3lintottak \u00e9s munk\u00e1hoz l\u00e1ttak.<\/p>\n\n\n\n<p>H\u00f3d b\u00e1csi fogaival elkezdte harapd\u00e1lni a f\u00e1t, repkedtek a forg\u00e1csok mindenfel\u00e9. A fa lassan recsegni-ropogni kezdett, Kask\u00f3 messzebbre h\u00fazta onnan a gyerekeket. R\u00f6vid id\u0151 m\u00falva a fa kid\u0151lt \u00e9s a h\u00f3d folytatta a munk\u00e1t. Csak \u00edgy, a puszta fog\u00e1val, kiv\u00e1gott \u00f6t f\u00e1t. A gyerekek visszafojtott l\u00e9legzettel figyelt\u00e9k. M\u00e9g azt is elfelejtett\u00e9k, mekkora a h\u0151s\u00e9g.<\/p>\n\n\n\n<p>Amikor a fa a f\u00f6ldre d\u0151lt, odafutottak a kis h\u00f3dok \u00e9s pillanatokon bel\u00fcl leh\u00e1mozt\u00e1k a k\u00e9rg\u00e9t.<\/p>\n\n\n\n<p>Amint ezzel megvoltak, hark\u00e1ly ap\u00f3 k\u00f6vetkezett, heves kopog\u00e1ssal. \u00dagy n\u00e9zett ki, mint egy nagyon vicces varr\u00f3g\u00e9p. Apr\u00f3cska v\u00f6r\u00f6s fej\u00e9vel csak \u00fagy \u00fct\u00f6gette a f\u00e1t, amelyen kis lyukak jelentek meg. Csak olyankor hagyta abba, ha tal\u00e1lt k\u00f6zben egy kis herny\u00f3t, amit r\u00f6gt\u00f6n felfalt. Amikor az \u00f6sszes f\u00e1t kilyukasztgatta, odarep\u00fclt a t\u00f6bbi mad\u00e1r. Kask\u00f3t\u00f3l elvett\u00e9k a sp\u00e1rg\u00e1t \u00e9s a f\u00e1kat szorosan egym\u00e1shoz k\u00f6t\u00f6zt\u00e9k. Ekkor h\u00f3d b\u00e1csi minden f\u00e1ba \u00fcl\u0151helyeket \u00e9s egy kis asztalt is v\u00e1jt m\u00e9g a fog\u00e1val. A haj\u00f3 k\u00f6zep\u00e9n fel\u00e1ll\u00edtottak egy nagy darab f\u00e1t.<\/p>\n\n\n\n<p>\u201eEz m\u00e1r igen, ez tetszik nekem,\u201c d\u00f6rzs\u00f6lte \u00f6ssze a k\u00e9t tenyer\u00e9t Kask\u00f3.<\/p>\n\n\n\n<p>\u201eNek\u00fcnk is\u201c cs\u00f3v\u00e1lt\u00e1k a fej\u00fcket hitetlenkedve a gyerekek.<\/p>\n\n\n\n<p>A madarak felemelt\u00e9k a f\u00f6ldr\u0151l a gyerekek takar\u00f3j\u00e1t, amit a piknikhez \u00e9s a napoz\u00e1shoz hoztak magukkal. Felrep\u00fcltek vele ahhoz a k\u00f6z\u00e9ps\u0151 f\u00e1hoz \u00e9s \u00fcgyes kis cs\u0151reikkel \u00e9s a sp\u00e1rg\u00e1val hozz\u00e1 k\u00f6t\u00f6zt\u00e9k.&nbsp;<\/p>\n\n\n\n<p>\u201eEz egy vitorl\u00e1s lesz,\u201c suttogta Maxi \u00e1lm\u00e9lkodva.<\/p>\n\n\n\n<p>\u201eMi\u00e9rt, mit gondolt\u00e1l, hogy Kask\u00f3val csak olyan ak\u00e1rmilyen haj\u00f3t fogsz \u00e9p\u00edteni?\u201c nevetett a szellemfi\u00fa.<\/p>\n\n\n\n<p>\u201eKask\u00f3, de hogy fogjuk a haj\u00f3t a v\u00edzre tenni?\u201c kezdett agg\u00f3dni Maja.<\/p>\n\n\n\n<p>\u201eCsak v\u00e1rj\u201c, Kask\u00f3 alig mondta ki, \u00e9s a haj\u00f3n\u00e1l ott termett szarvas b\u00e1csi \u00e9s a k\u00edgy\u00f3k. A k\u00edgy\u00f3k bek\u00fasztak a haj\u00f3test al\u00e1, a szarvas pedig agancsaival tolta el\u0151re. Valahogy \u00edgy \u00e9p\u00fclhettek a piramisok is. A haj\u00f3 p\u00e1r percen bel\u00fcl a v\u00edzen ringott.<\/p>\n\n\n\n<p>\u201eMi az ott a v\u00edzben?\u201c figyelt fel Maxi, amikor k\u00f6zvetlen\u00fcl a Hern\u00e1d felsz\u00edne alatt, a haj\u00f3hoz k\u00f6zel, mozg\u00e1st \u00e9szlelt.<\/p>\n\n\n\n<p>A v\u00edzb\u0151l hirtelen el\u0151m\u00e1sztak a tekn\u0151s\u00f6k, \u00e9s \u00fagy foglaltak helyet a haj\u00f3 h\u00e1ts\u00f3 r\u00e9sz\u00e9ben, hogy a h\u00e1ts\u00f3 l\u00e1buk \u00e9s a farkuk a v\u00edzbe \u00e9rjen.<\/p>\n\n\n\n<p>\u201eGyertek!\u201c h\u00edvta a gyerekeket Kask\u00f3.<\/p>\n\n\n\n<p>A gyerekek a haj\u00f3hoz szaladtak, felsz\u00e1lltak r\u00e1, \u00e9s h\u00f3d b\u00e1csi m\u00e9g ezalatt k\u00e9sz\u00edtett nekik k\u00e9t evez\u0151t is, amit a v\u00edzbe helyeztek. A haj\u00f3 elindult.<\/p>\n\n\n\n<p>A haj\u00f3 h\u00e1ts\u00f3 r\u00e9sz\u00e9ben nagy mozgol\u00f3d\u00e1s zajlott. A tekn\u0151s\u00f6k a f\u00f6ld\u00f6n lassan mozognak, de a v\u00edzben igencsak sebesen. Apr\u00f3 l\u00e1baikkal er\u0151teljesen kap\u00e1l\u00f3ztak \u00e9s \u00edgy seg\u00edtett\u00e9k a tenger\u00e9szeket.<\/p>\n\n\n\n<p>A farkukkal korm\u00e1nyoztak, hogy Kask\u00f3 \u00e9s a gyerekek ne t\u00e9vedjenek el \u00e9s nehogy \u00fajra egy szikl\u00e1nak \u00fctk\u00f6zzenek.<\/p>\n\n\n\n<p>A haj\u00f3 k\u00f6zben egyre gyorsabban haladt, ez\u00e9rt Kask\u00f3 \u00e1tvette az evez\u0151t Maj\u00e1t\u00f3l \u00e9s seg\u00edtett Maxinak az evez\u00e9sben.<\/p>\n\n\n\n<p>\u00cdgy haladtak vagy k\u00e9t \u00f3r\u00e1n \u00e1t. Gy\u00f6ny\u00f6r\u0171 \u00f3r\u00e1k voltak! F\u00fajdog\u00e1lt a szell\u0151. Maxib\u00f3l igazi kapit\u00e1ny lett. Mutatta az ir\u00e1nyt, forgatta a vitorl\u00e1t \u00e9s seg\u00edtett Kask\u00f3nak evezni. Maja a sz\u00e9p t\u00e1jat csod\u00e1lta. Erd\u0151k, dombok szeg\u00e9lyezt\u00e9k a foly\u00f3t, \u00e1llatokat is l\u00e1tott, a v\u00edzben \u00e9s a parton is.<\/p>\n\n\n\n<p>Haravara birodalom egyszer\u0171en csodasz\u00e9p.<\/p>\n\n\n\n<p>Amikor Kass\u00e1ra \u00e9rtek, alig akartak kisz\u00e1llni.<\/p>\n\n\n\n<p>\u201eNe f\u00e9ljetek, ezen a ny\u00e1ron m\u00e9g biztosan haj\u00f3zunk egyet. Gyertek!\u201c A gyerekek \u00e9s Kask\u00f3 kil\u00e9ptek a partra \u00e9s \u00e9szrevett\u00e9k, hogy a tekn\u0151s\u00f6k valamin nagyon t\u00f6rik a fej\u00fcket.&nbsp;<\/p>\n\n\n\n<p>\u201eT\u00f6rt\u00e9nt valamit?\u201c l\u00e9pett oda hozz\u00e1juk Kask\u00f3.<\/p>\n\n\n\n<p>\u201eH\u00e1t tudod, mi nem folyami tekn\u0151s\u00f6k vagyunk, hanem mocs\u00e1riak\u201c, kezdt\u00e9k mondani f\u00e9l\u00e9nken a tekn\u0151s\u00f6k, \u201eelj\u00f6tt\u00fcnk, hogy seg\u00edts\u00fcnk neked, de most nagyon messze vagyunk a mocsarunkt\u00f3l.\u201c<\/p>\n\n\n\n<p>\u201eAz merre van?\u201c<\/p>\n\n\n\n<p>\u201eMi a Tajba melletti erd\u0151b\u0151l j\u00f6tt\u00fcnk, ami Bodrogszerdahely mellett van.\u201c<\/p>\n\n\n\n<p>Kask\u00f3nak felragyogott az arca.<\/p>\n\n\n\n<p>\u201eAkkor mi odavisz\u00fcnk titeket\u201c, mondta a tekn\u0151s\u00f6knek.<\/p>\n\n\n\n<p>\u201eOdavisz\u00fcnk?\u201c k\u00e9rdezte Maxi.<\/p>\n\n\n\n<p>\u201e\u00dagyis haj\u00f3zni akartatok m\u00e9g, nem igaz?\u201c&nbsp;<\/p>\n\n\n\n<p>\u201eAkkor most eg\u00e9szen Bodrogszerdahelyig kell elhaj\u00f3znunk?\u201c h\u00fcledezett Maja. Maxival ugyanis abban egyeztek meg, hogy a k\u00f6vetkez\u0151 haj\u00f3\u00faton \u0151 fog evezni.<\/p>\n\n\n\n<p>\u201eDehogy\u201c, nevetett Kask\u00f3, \u201ealigha \u00e9rn\u00e9nk el od\u00e1ig. Nesztek\u201c, mondta \u00e9s a gyerekek bekapt\u00e1k a gyors\u00edt\u00f3t.<\/p>\n\n\n\n<p>Lengetni kezdt\u00e9k a karjaikat, mindegyik\u00fck felkapott n\u00e9h\u00e1ny tekn\u0151st \u00e9s felsz\u00e1lltak a leveg\u0151be.<\/p>\n\n\n\n<p>\u201eItt vagyunk!\u201c ki\u00e1ltottak fel a tekn\u0151s\u00f6k, amikor megl\u00e1tt\u00e1k a hidat, amely Bodrogszerdahelyet \u00e9s Sz\u0151l\u0151sk\u00e9t k\u00f6ti \u00f6ssze, \u201eott, a h\u00eddhoz k\u00f6zel van a lak\u00f3hely\u00fcnk, egy kicsit s\u00e9t\u00e1lunk \u00e9s onnan meg \u00faszva megy\u00fcnk tov\u00e1bb.\u201c<\/p>\n\n\n\n<p>A gyerekek len\u00e9ztek a f\u00f6ld fel\u00e9 \u00e9s a h\u00eddon, az \u0151serd\u0151kre eml\u00e9keztet\u0151 sz\u00e9p erd\u0151n \u00e9s a mocs\u00e1ron k\u00edv\u00fcl megl\u00e1ttak m\u00e9g valamit. Egy gy\u00f6ny\u00f6r\u0171 feh\u00e9r haj\u00f3t. Igazit, amilyen a tengereken \u00e9s a nagy tavakon j\u00e1r.<\/p>\n\n\n\n<p>R\u00e1n\u00e9ztek a vigyorg\u00f3 Kask\u00f3ra, \u00e9s mindent meg\u00e9rtettek.<\/p>\n\n\n\n<p>Lesz\u00e1lltak a h\u00edd k\u00f6zel\u00e9ben, elb\u00facs\u00faztak a tekn\u0151s\u00f6kt\u0151l, akik azonnal elt\u0171ntek a magas f\u0171ben, \u00e9s a haj\u00f3hoz indultak.<\/p>\n\n\n\n<p>A haj\u00f3 mellett volt egy felirat: Haj\u00f3utak a Bodrogon, a haj\u00f3n pedig ez \u00e1llt: Artur. A gyerekek jegyet v\u00e1s\u00e1roltak, a havi zsebp\u00e9nz\u00fckb\u0151l, amit mindig magukkal hoztak, ha Kask\u00f3val kir\u00e1ndultak. Szerencs\u00e9re m\u00e9g szabad hely.<\/p>\n\n\n\n<p>\u201eVal\u00f3ban szerencs\u00e9tek volt, hogy k\u00e9t turista nem \u00e9rt ide. Egy\u00e9bk\u00e9nt m\u00e1r nem f\u00e9rtetek volna fel\u201c, mosolygott r\u00e1juk a bajusza alatt a b\u00e1csi, aki egyben a haj\u00f3\u00fat idegenvezet\u0151je is volt. \u201eM\u00e1skor mindig n\u00e9h\u00e1ny nappal el\u0151re kell jelentkezni.\u201c<\/p>\n\n\n\n<p>\u201e\u00c9s tess\u00e9k mondani, hov\u00e1 megy ez a haj\u00f3?\u201c k\u00e9rdezte Maja.<\/p>\n\n\n\n<p>\u201e\u00dagy sz\u00e1lltatok fel egy haj\u00f3ra, hogy azt sem tudj\u00e1tok, merre tart?\u201c, csod\u00e1lkozott az idegenvezet\u0151, ti azt\u00e1n igazi kalandorok vagytok!\u201c<\/p>\n\n\n\n<p>\u00c9s a gyerekek r\u00e1b\u00f3lintottak.<\/p>\n\n\n\n<p>\u201eA Bodrogon haj\u00f3zunk eg\u00e9szen S\u00e1rospatakig. Az m\u00e1r Magyarorsz\u00e1gon van. S\u00e9t\u00e1lhattok egyet a v\u00e1rosban, f\u00fcr\u00f6dhettek a strandon, azt\u00e1n pedig visszahaj\u00f3zunk.\u201c<\/p>\n\n\n\n<p>\u00cdgy h\u00e1t a gyerekek elhelyezkedtek \u00e9s elhaj\u00f3ztak eg\u00e9szen S\u00e1rospatakig, ahol \u00c1rp\u00e1dh\u00e1zi Szent Erzs\u00e9bet sz\u00fcletett, Haravara f\u0151v\u00e1ros\u00e1nak, Kass\u00e1nak a v\u00e9d\u0151szentje. Nagyon sz\u00e9p utaz\u00e1s volt, gy\u00f6ny\u00f6r\u0171 helyeken j\u00e1rtak. S\u00e1rospatakon megn\u00e9zt\u00e9k a r\u00e9gi v\u00e1rat, Szent Erzs\u00e9bet sz\u00fcl\u0151h\u00e1z\u00e1t \u00e9s ettek egy fincsi fagyit is.<\/p>\n\n\n\n<p>Mire haza\u00e9rtek, \u00fagy elf\u00e1radtak, hogy szinte megk\u00f6sz\u00f6nni se b\u00edrt\u00e1k Kask\u00f3nak ezt a sz\u00e9p napot. F\u00e9l\u00e1lomban mosolyogtak \u00e9s \u00fagy suttogt\u00e1k:<\/p>\n\n\n\n<p>\u201eNagyon sz\u00e9p volt.\u201c<\/p>\n\n\n\n<p>Kask\u00f3 el\u00e9gedetten tolta fej\u00e9be a ventil\u00e1toros sapk\u00e1j\u00e1t, bekapcsolta \u00e9s hipp-hopp, hazarep\u00fclt.<\/p>","protected":false},"excerpt":{"rendered":"<p> \u201eOkolo \u010cane \u017eili najlep\u0161ie mamuty v celej krajine Haravara. Najrad\u0161ej som ich mal na dobrej \u0161korici, hmmm,\u201c ... ste zvedav\u00ed, ako pokra\u010dovalo Ka\u0161kovo rozpr\u00e1vanie? <\/p>","protected":false},"featured_media":7769,"menu_order":0,"template":"","format":"standard","meta":{"_acf_changed":false,"footnotes":""},"categories":[],"class_list":["post-7768","pribehy","type-pribehy","status-publish","format-standard","has-post-thumbnail","hentry"],"acf":[],"yoast_head":"<!-- This site is optimized with the Yoast SEO Premium plugin v22.7 (Yoast SEO v27.2) - https:\/\/yoast.com\/product\/yoast-seo-premium-wordpress\/ -->\n<title>Ako si postavili lo\u010fku - HARAVARA Pr\u00edbehy (rozpr\u00e1vky)<\/title>\n<meta name=\"description\" content=\"Vonku za oknom svietilo slnko, ako keby chcelo v\u0161etk\u00fdch upiec\u0165. Majka s Max\u00edkom mali zapnut\u00fd ventil\u00e1tor, otvoren\u00e9 v\u0161etky okn\u00e1 a dvere v byte a Majka na\u0161la pri jednom zo svojich karnevalov\u00fdch kost\u00fdmov n\u00e1dhern\u00fd vej\u00e1r, ktor\u00fdm m\u00e1vala, ako keby chcela odletie\u0165.\" \/>\n<meta name=\"robots\" content=\"index, follow, max-snippet:-1, max-image-preview:large, max-video-preview:-1\" \/>\n<link rel=\"canonical\" href=\"https:\/\/www.haravara.sk\/hu\/pribehy\/ako-si-postavili-lodku\/\" \/>\n<meta property=\"og:locale\" content=\"hu_HU\" \/>\n<meta property=\"og:type\" content=\"article\" \/>\n<meta property=\"og:title\" content=\"\ud83c\udf44Haravara rozpr\u00e1vka - Ako si postavili lo\u010fku\" \/>\n<meta property=\"og:description\" content=\"Vonku za oknom svietilo slnko, ako keby chcelo v\u0161etk\u00fdch upiec\u0165. Majka s Max\u00edkom mali zapnut\u00fd ventil\u00e1tor, otvoren\u00e9 v\u0161etky okn\u00e1 a dvere v byte a Majka na\u0161la pri jednom zo svojich karnevalov\u00fdch kost\u00fdmov n\u00e1dhern\u00fd vej\u00e1r, ktor\u00fdm m\u00e1vala, ako keby chcela odletie\u0165.\" \/>\n<meta property=\"og:url\" content=\"https:\/\/www.haravara.sk\/hu\/pribehy\/ako-si-postavili-lodku\/\" \/>\n<meta property=\"og:site_name\" content=\"HARAVARA\" \/>\n<meta property=\"article:publisher\" content=\"https:\/\/www.facebook.com\/haravara.detsky.svet\" \/>\n<meta property=\"article:modified_time\" content=\"2022-07-04T10:48:33+00:00\" \/>\n<meta property=\"og:image\" content=\"https:\/\/www.haravara.sk\/wp-content\/uploads\/2022\/07\/Hornad-nepriehladne.png\" \/>\n\t<meta property=\"og:image:width\" content=\"1200\" \/>\n\t<meta property=\"og:image:height\" content=\"628\" \/>\n\t<meta property=\"og:image:type\" content=\"image\/png\" \/>\n<meta name=\"twitter:card\" content=\"summary_large_image\" \/>\n<meta name=\"twitter:title\" content=\"Ako si postavili lo\u010fku\" \/>\n<meta name=\"twitter:description\" content=\"Vonku u\u017e tro\u0161ku mrzlo. R\u00e1no si mamky a ockovia museli \u010disti\u0165 okn\u00e1 na aut\u00e1ch od mraz\u00edku a Ka\u0161ko a ostatn\u00ed duchovia si museli\u2026 vlastne nemuseli ni\u010d. Duchovia toti\u017e nec\u00edtia zimu ani teplo. C\u00edtia to len vtedy, ke\u010f n\u00e1hodou dostan\u00fa nejak\u00fa d\u00fa\u0161iu chorobu.\" \/>\n<meta name=\"twitter:label1\" content=\"Becs\u00fclt olvas\u00e1si id\u0151\" \/>\n\t<meta name=\"twitter:data1\" content=\"10 perc\" \/>\n<script type=\"application\/ld+json\" class=\"yoast-schema-graph\">{\"@context\":\"https:\/\/schema.org\",\"@graph\":[{\"@type\":\"WebPage\",\"@id\":\"https:\/\/www.haravara.sk\/pribehy\/ako-si-postavili-lodku\/\",\"url\":\"https:\/\/www.haravara.sk\/pribehy\/ako-si-postavili-lodku\/\",\"name\":\"Ako si postavili lo\u010fku - HARAVARA Pr\u00edbehy (rozpr\u00e1vky)\",\"isPartOf\":{\"@id\":\"https:\/\/www.haravara.sk\/#website\"},\"primaryImageOfPage\":{\"@id\":\"https:\/\/www.haravara.sk\/pribehy\/ako-si-postavili-lodku\/#primaryimage\"},\"image\":{\"@id\":\"https:\/\/www.haravara.sk\/pribehy\/ako-si-postavili-lodku\/#primaryimage\"},\"thumbnailUrl\":\"https:\/\/www.haravara.sk\/wp-content\/uploads\/2022\/07\/Hornad-nepriehladne.png\",\"datePublished\":\"2022-07-04T07:57:45+00:00\",\"dateModified\":\"2022-07-04T10:48:33+00:00\",\"description\":\"Vonku za oknom svietilo slnko, ako keby chcelo v\u0161etk\u00fdch upiec\u0165. Majka s Max\u00edkom mali zapnut\u00fd ventil\u00e1tor, otvoren\u00e9 v\u0161etky okn\u00e1 a dvere v byte a Majka na\u0161la pri jednom zo svojich karnevalov\u00fdch kost\u00fdmov n\u00e1dhern\u00fd vej\u00e1r, ktor\u00fdm m\u00e1vala, ako keby chcela odletie\u0165.\",\"breadcrumb\":{\"@id\":\"https:\/\/www.haravara.sk\/pribehy\/ako-si-postavili-lodku\/#breadcrumb\"},\"inLanguage\":\"hu\",\"potentialAction\":[{\"@type\":\"ReadAction\",\"target\":[\"https:\/\/www.haravara.sk\/pribehy\/ako-si-postavili-lodku\/\"]}]},{\"@type\":\"ImageObject\",\"inLanguage\":\"hu\",\"@id\":\"https:\/\/www.haravara.sk\/pribehy\/ako-si-postavili-lodku\/#primaryimage\",\"url\":\"https:\/\/www.haravara.sk\/wp-content\/uploads\/2022\/07\/Hornad-nepriehladne.png\",\"contentUrl\":\"https:\/\/www.haravara.sk\/wp-content\/uploads\/2022\/07\/Hornad-nepriehladne.png\",\"width\":1200,\"height\":628},{\"@type\":\"BreadcrumbList\",\"@id\":\"https:\/\/www.haravara.sk\/pribehy\/ako-si-postavili-lodku\/#breadcrumb\",\"itemListElement\":[{\"@type\":\"ListItem\",\"position\":1,\"name\":\"Domov\",\"item\":\"https:\/\/www.haravara.sk\/\"},{\"@type\":\"ListItem\",\"position\":2,\"name\":\"Pr\u00edbehy\",\"item\":\"https:\/\/www.haravara.sk\/pribehy\/\"},{\"@type\":\"ListItem\",\"position\":3,\"name\":\"Ako si postavili lo\u010fku\"}]},{\"@type\":\"WebSite\",\"@id\":\"https:\/\/www.haravara.sk\/#website\",\"url\":\"https:\/\/www.haravara.sk\/\",\"name\":\"HARAVARA\",\"description\":\"Objav detsk\u00fd svet v Ko\u0161ickom kraji\",\"publisher\":{\"@id\":\"https:\/\/www.haravara.sk\/#organization\"},\"potentialAction\":[{\"@type\":\"SearchAction\",\"target\":{\"@type\":\"EntryPoint\",\"urlTemplate\":\"https:\/\/www.haravara.sk\/?s={search_term_string}\"},\"query-input\":{\"@type\":\"PropertyValueSpecification\",\"valueRequired\":true,\"valueName\":\"search_term_string\"}}],\"inLanguage\":\"hu\"},{\"@type\":\"Organization\",\"@id\":\"https:\/\/www.haravara.sk\/#organization\",\"name\":\"Haravara\",\"url\":\"https:\/\/www.haravara.sk\/\",\"logo\":{\"@type\":\"ImageObject\",\"inLanguage\":\"hu\",\"@id\":\"https:\/\/www.haravara.sk\/#\/schema\/logo\/image\/\",\"url\":\"https:\/\/www.haravara.sk\/wp-content\/uploads\/2021\/04\/LOGO-LandingPage.png\",\"contentUrl\":\"https:\/\/www.haravara.sk\/wp-content\/uploads\/2021\/04\/LOGO-LandingPage.png\",\"width\":832,\"height\":618,\"caption\":\"Haravara\"},\"image\":{\"@id\":\"https:\/\/www.haravara.sk\/#\/schema\/logo\/image\/\"},\"sameAs\":[\"https:\/\/www.facebook.com\/haravara.detsky.svet\"]}]}<\/script>\n<!-- \/ Yoast SEO Premium plugin. -->","yoast_head_json":{"title":"Ako si postavili lo\u010fku - HARAVARA Pr\u00edbehy (rozpr\u00e1vky)","description":"Odakint, az ablakon t\u00fal \u00fagy perzselt a nap, mintha pecseny\u00e9re akart volna s\u00fctni mindenkit. Maja \u00e9s Maxi bekapcsolt\u00e1k a ventil\u00e1tort, kinyitott\u00e1k az \u00f6sszes ablakot \u00e9s ajt\u00f3t a lak\u00e1sban, \u00e9s maja m\u00e9g egy gy\u00f6ny\u00f6r\u0171 legyez\u0151t is tal\u00e1lt az egyik jelmeze mellett \u00e9s \u00fagy lengette, mintha a leveg\u0151be akart volna emelkedni.","robots":{"index":"index","follow":"follow","max-snippet":"max-snippet:-1","max-image-preview":"max-image-preview:large","max-video-preview":"max-video-preview:-1"},"canonical":"https:\/\/www.haravara.sk\/hu\/pribehy\/ako-si-postavili-lodku\/","og_locale":"hu_HU","og_type":"article","og_title":"\ud83c\udf44Haravara rozpr\u00e1vka - Ako si postavili lo\u010fku","og_description":"Vonku za oknom svietilo slnko, ako keby chcelo v\u0161etk\u00fdch upiec\u0165. Majka s Max\u00edkom mali zapnut\u00fd ventil\u00e1tor, otvoren\u00e9 v\u0161etky okn\u00e1 a dvere v byte a Majka na\u0161la pri jednom zo svojich karnevalov\u00fdch kost\u00fdmov n\u00e1dhern\u00fd vej\u00e1r, ktor\u00fdm m\u00e1vala, ako keby chcela odletie\u0165.","og_url":"https:\/\/www.haravara.sk\/hu\/pribehy\/ako-si-postavili-lodku\/","og_site_name":"HARAVARA","article_publisher":"https:\/\/www.facebook.com\/haravara.detsky.svet","article_modified_time":"2022-07-04T10:48:33+00:00","og_image":[{"width":1200,"height":628,"url":"https:\/\/www.haravara.sk\/wp-content\/uploads\/2022\/07\/Hornad-nepriehladne.png","type":"image\/png"}],"twitter_card":"summary_large_image","twitter_title":"Ako si postavili lo\u010fku","twitter_description":"Vonku u\u017e tro\u0161ku mrzlo. R\u00e1no si mamky a ockovia museli \u010disti\u0165 okn\u00e1 na aut\u00e1ch od mraz\u00edku a Ka\u0161ko a ostatn\u00ed duchovia si museli\u2026 vlastne nemuseli ni\u010d. Duchovia toti\u017e nec\u00edtia zimu ani teplo. C\u00edtia to len vtedy, ke\u010f n\u00e1hodou dostan\u00fa nejak\u00fa d\u00fa\u0161iu chorobu.","twitter_misc":{"Becs\u00fclt olvas\u00e1si id\u0151":"10 perc"},"schema":{"@context":"https:\/\/schema.org","@graph":[{"@type":"WebPage","@id":"https:\/\/www.haravara.sk\/pribehy\/ako-si-postavili-lodku\/","url":"https:\/\/www.haravara.sk\/pribehy\/ako-si-postavili-lodku\/","name":"Ako si postavili lo\u010fku - HARAVARA Pr\u00edbehy (rozpr\u00e1vky)","isPartOf":{"@id":"https:\/\/www.haravara.sk\/#website"},"primaryImageOfPage":{"@id":"https:\/\/www.haravara.sk\/pribehy\/ako-si-postavili-lodku\/#primaryimage"},"image":{"@id":"https:\/\/www.haravara.sk\/pribehy\/ako-si-postavili-lodku\/#primaryimage"},"thumbnailUrl":"https:\/\/www.haravara.sk\/wp-content\/uploads\/2022\/07\/Hornad-nepriehladne.png","datePublished":"2022-07-04T07:57:45+00:00","dateModified":"2022-07-04T10:48:33+00:00","description":"Odakint, az ablakon t\u00fal \u00fagy perzselt a nap, mintha pecseny\u00e9re akart volna s\u00fctni mindenkit. Maja \u00e9s Maxi bekapcsolt\u00e1k a ventil\u00e1tort, kinyitott\u00e1k az \u00f6sszes ablakot \u00e9s ajt\u00f3t a lak\u00e1sban, \u00e9s maja m\u00e9g egy gy\u00f6ny\u00f6r\u0171 legyez\u0151t is tal\u00e1lt az egyik jelmeze mellett \u00e9s \u00fagy lengette, mintha a leveg\u0151be akart volna emelkedni.","breadcrumb":{"@id":"https:\/\/www.haravara.sk\/pribehy\/ako-si-postavili-lodku\/#breadcrumb"},"inLanguage":"hu","potentialAction":[{"@type":"ReadAction","target":["https:\/\/www.haravara.sk\/pribehy\/ako-si-postavili-lodku\/"]}]},{"@type":"ImageObject","inLanguage":"hu","@id":"https:\/\/www.haravara.sk\/pribehy\/ako-si-postavili-lodku\/#primaryimage","url":"https:\/\/www.haravara.sk\/wp-content\/uploads\/2022\/07\/Hornad-nepriehladne.png","contentUrl":"https:\/\/www.haravara.sk\/wp-content\/uploads\/2022\/07\/Hornad-nepriehladne.png","width":1200,"height":628},{"@type":"BreadcrumbList","@id":"https:\/\/www.haravara.sk\/pribehy\/ako-si-postavili-lodku\/#breadcrumb","itemListElement":[{"@type":"ListItem","position":1,"name":"Domov","item":"https:\/\/www.haravara.sk\/"},{"@type":"ListItem","position":2,"name":"Pr\u00edbehy","item":"https:\/\/www.haravara.sk\/pribehy\/"},{"@type":"ListItem","position":3,"name":"Ako si postavili lo\u010fku"}]},{"@type":"WebSite","@id":"https:\/\/www.haravara.sk\/#website","url":"https:\/\/www.haravara.sk\/","name":"HARAVARA","description":"Objav detsk\u00fd svet v Ko\u0161ickom kraji","publisher":{"@id":"https:\/\/www.haravara.sk\/#organization"},"potentialAction":[{"@type":"SearchAction","target":{"@type":"EntryPoint","urlTemplate":"https:\/\/www.haravara.sk\/?s={search_term_string}"},"query-input":{"@type":"PropertyValueSpecification","valueRequired":true,"valueName":"search_term_string"}}],"inLanguage":"hu"},{"@type":"Organization","@id":"https:\/\/www.haravara.sk\/#organization","name":"Haravara","url":"https:\/\/www.haravara.sk\/","logo":{"@type":"ImageObject","inLanguage":"hu","@id":"https:\/\/www.haravara.sk\/#\/schema\/logo\/image\/","url":"https:\/\/www.haravara.sk\/wp-content\/uploads\/2021\/04\/LOGO-LandingPage.png","contentUrl":"https:\/\/www.haravara.sk\/wp-content\/uploads\/2021\/04\/LOGO-LandingPage.png","width":832,"height":618,"caption":"Haravara"},"image":{"@id":"https:\/\/www.haravara.sk\/#\/schema\/logo\/image\/"},"sameAs":["https:\/\/www.facebook.com\/haravara.detsky.svet"]}]}},"_links":{"self":[{"href":"https:\/\/www.haravara.sk\/hu\/wp-json\/wp\/v2\/pribehy\/7768","targetHints":{"allow":["GET"]}}],"collection":[{"href":"https:\/\/www.haravara.sk\/hu\/wp-json\/wp\/v2\/pribehy"}],"about":[{"href":"https:\/\/www.haravara.sk\/hu\/wp-json\/wp\/v2\/types\/pribehy"}],"version-history":[{"count":2,"href":"https:\/\/www.haravara.sk\/hu\/wp-json\/wp\/v2\/pribehy\/7768\/revisions"}],"predecessor-version":[{"id":7807,"href":"https:\/\/www.haravara.sk\/hu\/wp-json\/wp\/v2\/pribehy\/7768\/revisions\/7807"}],"wp:featuredmedia":[{"embeddable":true,"href":"https:\/\/www.haravara.sk\/hu\/wp-json\/wp\/v2\/media\/7769"}],"wp:attachment":[{"href":"https:\/\/www.haravara.sk\/hu\/wp-json\/wp\/v2\/media?parent=7768"}],"wp:term":[{"taxonomy":"category","embeddable":true,"href":"https:\/\/www.haravara.sk\/hu\/wp-json\/wp\/v2\/categories?post=7768"}],"curies":[{"name":"wp","href":"https:\/\/api.w.org\/{rel}","templated":true}]}}