{"id":12053,"date":"2023-03-15T14:04:11","date_gmt":"2023-03-15T13:04:11","guid":{"rendered":"https:\/\/www.haravara.sk\/?post_type=vylety&#038;p=12053"},"modified":"2023-03-16T09:17:08","modified_gmt":"2023-03-16T08:17:08","slug":"prechadzka-slovenskym-rajom","status":"publish","type":"vylety","link":"https:\/\/www.haravara.sk\/hu\/vylety\/prechadzka-slovenskym-rajom\/","title":{"rendered":"Prech\u00e1dzka Slovensk\u00fdm rajom"},"content":{"rendered":"<p> <\/p>\n\n\n\n<blockquote class=\"wp-block-quote is-layout-flow wp-block-quote-is-layout-flow\">\n<p><em>Pam\u00e4t\u00e1te si, ako bol <a href=\"https:\/\/www.haravara.sk\/hu\/pribehy\/ako-sa-maxik-a-majka-hadali-o-rajskej-hudbe\/\">Ka\u0161ko, Majka a Max\u00edk v Slovenskom raji?<\/a> Ka\u0161ko im ukazoval tie najkraj\u0161ie z\u00e1kutia. Majka a Max\u00edk nepo\u010duli t\u00fa najkraj\u0161iu pesni\u010dku, no Ka\u0161ko im dal \u0161peci\u00e1lne sl\u00fachadl\u00e1, v\u010faka ktor\u00fdm po\u010duli t\u00fa \u00fa\u017easn\u00fa rajsk\u00fa hudbu. In\u0161pirujte rozpr\u00e1vkou a na\u0161imi tipmi na rodinn\u00fd v\u00fdlet do Slovensk\u00e9ho raja. <\/em><\/p>\n<\/blockquote>\n\n\n\n<div style=\"height:45px\" aria-hidden=\"true\" class=\"wp-block-spacer\"><\/div>\n\n\n\n<figure class=\"wp-block-gallery has-nested-images columns-default is-cropped wp-block-gallery-1 is-layout-flex wp-block-gallery-is-layout-flex\">\n<figure class=\"wp-block-image size-large\"><img decoding=\"async\" width=\"1024\" height=\"576\" data-id=\"12079\" src=\"https:\/\/www.haravara.sk\/wp-content\/uploads\/2023\/03\/3-den-edited-1024x576.jpg\" alt=\"\" class=\"wp-image-12079\"\/><figcaption class=\"wp-element-caption\">Such\u00e1 Bel\u00e1<\/figcaption><\/figure>\n\n\n\n<figure class=\"wp-block-image size-large\"><img decoding=\"async\" width=\"1024\" height=\"1024\" data-id=\"12055\" src=\"https:\/\/www.haravara.sk\/wp-content\/uploads\/2023\/03\/prispevky-na-FB-a-IG-Haravara-29-1024x1024.png\" alt=\"\" class=\"wp-image-12055\" srcset=\"https:\/\/www.haravara.sk\/wp-content\/uploads\/2023\/03\/prispevky-na-FB-a-IG-Haravara-29-1024x1024.png 1024w, https:\/\/www.haravara.sk\/wp-content\/uploads\/2023\/03\/prispevky-na-FB-a-IG-Haravara-29-300x300.png 300w, https:\/\/www.haravara.sk\/wp-content\/uploads\/2023\/03\/prispevky-na-FB-a-IG-Haravara-29-150x150.png 150w, https:\/\/www.haravara.sk\/wp-content\/uploads\/2023\/03\/prispevky-na-FB-a-IG-Haravara-29-768x768.png 768w, https:\/\/www.haravara.sk\/wp-content\/uploads\/2023\/03\/prispevky-na-FB-a-IG-Haravara-29.png 1080w\" sizes=\"(max-width: 1024px) 100vw, 1024px\" \/><figcaption class=\"wp-element-caption\">Misov\u00e9 vodop\u00e1dy<\/figcaption><\/figure>\n\n\n\n<figure class=\"wp-block-image size-large\"><img decoding=\"async\" width=\"1024\" height=\"683\" data-id=\"12056\" src=\"https:\/\/www.haravara.sk\/wp-content\/uploads\/2023\/03\/DSC05666-1024x683.jpg\" alt=\"\" class=\"wp-image-12056\"\/><figcaption class=\"wp-element-caption\">Kl\u00e1\u0161torisko<\/figcaption><\/figure>\n<\/figure>\n\n\n\n<div style=\"height:33px\" aria-hidden=\"true\" class=\"wp-block-spacer\"><\/div>\n\n\n\n<h3 class=\"wp-block-heading\" id=\"h-v-let-v-skratke\"><mark style=\"background-color:rgba(0, 0, 0, 0);color:#ba20a4\" class=\"has-inline-color\"><strong>R\u00f6viden az utaz\u00e1sr\u00f3l<\/strong><\/mark><\/h3>\n\n\n\n<div class=\"wp-block-columns is-layout-flex wp-container-core-columns-is-layout-28f84493 wp-block-columns-is-layout-flex\">\n<div class=\"wp-block-column is-layout-flow wp-block-column-is-layout-flow\" style=\"flex-basis:100%\">\n<div class=\"wp-block-media-text alignwide is-stacked-on-mobile\"><figure class=\"wp-block-media-text__media\"><img decoding=\"async\" width=\"500\" height=\"500\" src=\"https:\/\/www.haravara.sk\/wp-content\/uploads\/2021\/03\/Kopia-suboru-bike1.png\" alt=\"\" class=\"wp-image-1321 size-full\" srcset=\"https:\/\/www.haravara.sk\/wp-content\/uploads\/2021\/03\/Kopia-suboru-bike1.png 500w, https:\/\/www.haravara.sk\/wp-content\/uploads\/2021\/03\/Kopia-suboru-bike1-300x300.png 300w, https:\/\/www.haravara.sk\/wp-content\/uploads\/2021\/03\/Kopia-suboru-bike1-150x150.png 150w\" sizes=\"(max-width: 500px) 100vw, 500px\" \/><\/figure><div class=\"wp-block-media-text__content\">\n<p>V\u00fdlet od\u0161tartujte v bl\u00edzkosti autocampingu Podlesok, z v\u00fdchodiskov\u00e9ho bodu pre v\u0161etky t\u00fary. Vyd\u00e1te sa\ud83d\udfe2zelenou zna\u010dkou do \u00fastia rokliny Such\u00e1 Bel\u00e1.<\/p>\n\n\n\n<p>Cestou rokliny Such\u00e1 Bel\u00e1 natraf\u00edte na preb\u00fadzaj\u00face sa Misov\u00e9 vodop\u00e1dy. \u010ealej uvid\u00edte Okienkov\u00e9 vodop\u00e1dy, Korytov\u00e9 vodop\u00e1dy a Bo\u010dn\u00fd vodop\u00e1d \u010di vodop\u00e1d Kask\u00e1da.<\/p>\n\n\n\n<p>Pokra\u010dujte \ud83d\udfe1\u017eltou zna\u010dkou pod Vt\u00e1\u010d\u00edm hrbom a potom \ud83d\udd34\u010dervenou zna\u010dkou ku Kl\u00e1\u0161torisku. <\/p>\n\n\n\n<div style=\"height:49px\" aria-hidden=\"true\" class=\"wp-block-spacer\"><\/div>\n<\/div><\/div>\n<\/div>\n<\/div>\n\n\n\n<h3 class=\"wp-block-heading\" id=\"h-mapa-jednod-ov-ho-v-letu\"><mark style=\"background-color:rgba(0, 0, 0, 0);color:#ba20a4\" class=\"has-inline-color\"><strong>Mapa jednod\u0148ov\u00e9ho v\u00fdletu<\/strong><\/mark><\/h3>\n\n\n<p><iframe style=\"border:none\" src=\"https:\/\/sk.frame.mapy.cz\/s\/hupujujofa\" width=\"100%\" height=\"500\" frameborder=\"0\"><\/iframe><\/p>\n\n\n\n<div style=\"height:45px\" aria-hidden=\"true\" class=\"wp-block-spacer\"><\/div>\n\n\n\n<h3 class=\"wp-block-heading\" id=\"h-parkovanie\"><mark style=\"background-color:rgba(0, 0, 0, 0);color:#ba20a4\" class=\"has-inline-color\"><strong>Parkovanie:<\/strong><\/mark><\/h3>\n\n\n\n<p>Parkova\u0165 m\u00f4\u017eete na z\u00e1chytnom parkovisku v Podlesku. Cena parkovn\u00e9ho za osobn\u00fd automobil je 3 \u20ac \/ de\u0148.<\/p>\n\n\n\n<h3 class=\"wp-block-heading\" id=\"h-o-uvid-te\"><mark style=\"background-color:rgba(0, 0, 0, 0);color:#ba20a4\" class=\"has-inline-color\"><strong>Mit fogunk l\u00e1tni?<\/strong><\/mark><\/h3>\n\n\n\n<figure class=\"wp-block-image size-large\"><img decoding=\"async\" src=\"https:\/\/www.haravara.sk\/wp-content\/uploads\/2023\/03\/3-den-edited.jpg\" alt=\"\" class=\"wp-image-12079\"\/><\/figure>\n\n\n\n<h5 class=\"wp-block-heading\" id=\"h-such-bel\">Such\u00e1 Bel\u00e1<\/h5>\n\n\n\n<p>Krajina Haravara je pln\u00e1 pr\u00edrodn\u00fdch kr\u00e1s, za ktor\u00fdmi treba prejs\u0165 kus cesty po stupa\u010dk\u00e1ch a rebr\u00edkoch. Such\u00e1 Bel\u00e1 je pova\u017eovan\u00e1 za najzn\u00e1mej\u0161iu a najnav\u0161tevovanej\u0161iu roklinu v raji. Cestou uvid\u00edte rozpr\u00e1vkov\u00e9 skalnat\u00e9 \u00fatesy \u010di rokliny, ktor\u00e9 v\u00e1m vyrazia dych. <\/p>\n\n\n\n<div style=\"height:50px\" aria-hidden=\"true\" class=\"wp-block-spacer\"><\/div>\n\n\n<div class=\"wp-block-image\">\n<figure class=\"aligncenter size-large is-resized\"><img decoding=\"async\" src=\"https:\/\/www.haravara.sk\/wp-content\/uploads\/2023\/03\/prispevky-na-FB-a-IG-Haravara-29-edited-1.png\" alt=\"\" class=\"wp-image-12080\" width=\"845\" srcset=\"https:\/\/www.haravara.sk\/wp-content\/uploads\/2023\/03\/prispevky-na-FB-a-IG-Haravara-29-edited-1.png 1080w, https:\/\/www.haravara.sk\/wp-content\/uploads\/2023\/03\/prispevky-na-FB-a-IG-Haravara-29-edited-1-300x169.png 300w, https:\/\/www.haravara.sk\/wp-content\/uploads\/2023\/03\/prispevky-na-FB-a-IG-Haravara-29-edited-1-1024x576.png 1024w, https:\/\/www.haravara.sk\/wp-content\/uploads\/2023\/03\/prispevky-na-FB-a-IG-Haravara-29-edited-1-768x432.png 768w\" sizes=\"(max-width: 1080px) 100vw, 1080px\" \/><\/figure>\n<\/div>\n\n\n<h5 class=\"wp-block-heading\" id=\"h-misov-vodop-dy\">Misov\u00e9 vodop\u00e1dy <\/h5>\n\n\n\n<p>Cestou k cie\u013eu uvid\u00edte viacero vodop\u00e1dov. Medzi najzn\u00e1mej\u0161ie vodop\u00e1dy raja patria ur\u010dite Misov\u00e9 vodop\u00e1dy, av\u0161ak okrem nich tu uvid\u00edte aj Okienkov\u00e9 vodop\u00e1dy, Korytov\u00e9 vodop\u00e1dy a&nbsp;Bo\u010dn\u00fd vodop\u00e1d \u010di vodop\u00e1d Kask\u00e1da.<\/p>\n\n\n\n<div style=\"height:45px\" aria-hidden=\"true\" class=\"wp-block-spacer\"><\/div>\n\n\n\n<figure class=\"wp-block-image size-large\"><img decoding=\"async\" width=\"1024\" height=\"683\" src=\"https:\/\/www.haravara.sk\/wp-content\/uploads\/2023\/03\/DSC05666-1024x683.jpg\" alt=\"\" class=\"wp-image-12056\"\/><\/figure>\n\n\n\n<h5 class=\"wp-block-heading\" id=\"h-kl-torisko\">Kl\u00e1\u0161torisko<\/h5>\n\n\n\n<p>Naprie\u010d ties\u0148avou pr\u00eddete a\u017e do \u00fastia Kl\u00e1\u0161torskej rokliny. Na tejto n\u00e1dhernej ties\u0148ave sa nach\u00e1dzaj\u00fa ruiny kartuzi\u00e1nskeho kl\u00e1\u0161tora. Toto miesto je pova\u017eovan\u00e9 za srdce Slovensk\u00e9ho raja. N\u00e1jdete tu symbolick\u00fd cintor\u00edn a m\u00f4\u017eete sa pokocha\u0165 n\u00e1dhernou pr\u00edrodou v srdci raja. <\/p>\n\n\n\n<div style=\"height:39px\" aria-hidden=\"true\" class=\"wp-block-spacer\"><\/div>\n\n\n\n<h3 class=\"wp-block-heading\" id=\"h-povinn-v-bava\"><mark style=\"background-color:rgba(0, 0, 0, 0);color:#ba20a4\" class=\"has-inline-color\"><strong>Povinn\u00e1 v\u00fdbava:<\/strong><\/mark><\/h3>\n\n\n\n<ul class=\"wp-block-list\">\n<li>Nepremokav\u00e1 turistick\u00e1 obuv <\/li>\n\n\n\n<li>Nepremokav\u00e9 oble\u010denie <\/li>\n\n\n\n<li>Rezervn\u00e9 pono\u017eky, oble\u010denie<\/li>\n\n\n\n<li>Repelent <\/li>\n\n\n\n<li>Tekutiny<\/li>\n\n\n\n<li>Mal\u00fd snack<\/li>\n<\/ul>\n\n\n\n<div style=\"height:22px\" aria-hidden=\"true\" class=\"wp-block-spacer\"><\/div>\n\n\n\n<h3 class=\"wp-block-heading\" id=\"h-cena-l-stkov-do-slovensk-ho-raja\"><mark style=\"background-color:rgba(0, 0, 0, 0);color:#ba20a4\" class=\"has-inline-color\"><strong>Cena l\u00edstkov do Slovensk\u00e9ho raja:<\/strong><\/mark><\/h3>\n\n\n\n<div class=\"wp-block-columns is-layout-flex wp-container-core-columns-is-layout-28f84493 wp-block-columns-is-layout-flex\">\n<div class=\"wp-block-column is-layout-flow wp-block-column-is-layout-flow\" style=\"flex-basis:50%\">\n<p>1-d\u0148ov\u00fd l\u00edstok:<\/p>\n\n\n\n<ul class=\"wp-block-list\">\n<li>dospel\u00ed: 1,50 EUR<\/li>\n\n\n\n<li>deti do 6 rokov: zadarmo<\/li>\n\n\n\n<li>deti od 6 do 15 rokov: 0,50 EUR<\/li>\n\n\n\n<li>d\u00f4chodcovia nad&nbsp;62 rokov: 0,50 EUR<\/li>\n\n\n\n<li><\/li>\n<\/ul>\n<\/div>\n\n\n\n<div class=\"wp-block-column is-layout-flow wp-block-column-is-layout-flow\" style=\"flex-basis:50%\">\n<figure class=\"wp-block-image size-full is-resized\"><img decoding=\"async\" src=\"https:\/\/www.haravara.sk\/wp-content\/uploads\/2022\/03\/Zmenseny-element-7.png\" alt=\"\" class=\"wp-image-6444\" width=\"232\" height=\"232\" srcset=\"https:\/\/www.haravara.sk\/wp-content\/uploads\/2022\/03\/Zmenseny-element-7.png 500w, https:\/\/www.haravara.sk\/wp-content\/uploads\/2022\/03\/Zmenseny-element-7-300x300.png 300w, https:\/\/www.haravara.sk\/wp-content\/uploads\/2022\/03\/Zmenseny-element-7-150x150.png 150w\" sizes=\"(max-width: 232px) 100vw, 232px\" \/><\/figure>\n<\/div>\n<\/div>\n\n\n\n<h3 class=\"wp-block-heading\" id=\"h-pre-koho-je-v-let-ur-en\"><mark style=\"background-color:rgba(0, 0, 0, 0);color:#ba20a4\" class=\"has-inline-color\"><strong>Kinek aj\u00e1nljuk ezt a kir\u00e1ndul\u00e1st?<\/strong><\/mark><\/h3>\n\n\n\n<ul class=\"wp-block-list\">\n<li>Milovn\u00edkov pr\u00edrody<\/li>\n\n\n\n<li>Odv\u00e1\u017ene deti, ktor\u00e9 sa neboja zdola\u0165 rebr\u00edky a stupa\u010dky<\/li>\n\n\n\n<li>Rodi\u010dov s de\u0165mi<\/li>\n\n\n\n<li>Zdatn\u00fdch turistov<\/li>\n<\/ul>\n\n\n\n<div style=\"height:34px\" aria-hidden=\"true\" class=\"wp-block-spacer\"><\/div>\n\n\n\n<div style=\"height:0px\" aria-hidden=\"true\" class=\"wp-block-spacer\"><\/div>\n\n\n\n<h3 class=\"wp-block-heading\" id=\"h-ot-zky-pre-ikovn-ch-haravar-anov\"><mark style=\"background-color:rgba(0, 0, 0, 0);color:#ba20a4\" class=\"has-inline-color\"><strong>K\u00e9rd\u00e9sek az \u00fcgyes Haravar\u00e1soknak?<\/strong><\/mark><\/h3>\n\n\n\n<div class=\"wp-block-columns is-layout-flex wp-container-core-columns-is-layout-28f84493 wp-block-columns-is-layout-flex\">\n<div class=\"wp-block-column is-layout-flow wp-block-column-is-layout-flow\" style=\"flex-basis:50%\">\n<ol class=\"wp-block-list\">\n<li>Ko\u013eko vodop\u00e1dov sa nach\u00e1dza v Slovenskom raji?<\/li>\n\n\n\n<li>Ak\u00e1 je najnav\u0161tevovanej\u0161ia roklina v Slovenskom raji?<\/li>\n\n\n\n<li>Ak\u00e9 miesto je pova\u017eovan\u00e9 za srdce raja?<\/li>\n<\/ol>\n<\/div>\n\n\n\n<div class=\"wp-block-column is-layout-flow wp-block-column-is-layout-flow\" style=\"flex-basis:50%\">\n<figure class=\"wp-block-image size-full is-resized\"><img decoding=\"async\" src=\"https:\/\/www.haravara.sk\/wp-content\/uploads\/2021\/03\/OTAZNIK.png\" alt=\"\" class=\"wp-image-1222\" width=\"224\" height=\"224\" srcset=\"https:\/\/www.haravara.sk\/wp-content\/uploads\/2021\/03\/OTAZNIK.png 500w, https:\/\/www.haravara.sk\/wp-content\/uploads\/2021\/03\/OTAZNIK-300x300.png 300w, https:\/\/www.haravara.sk\/wp-content\/uploads\/2021\/03\/OTAZNIK-150x150.png 150w\" sizes=\"(max-width: 224px) 100vw, 224px\" \/><\/figure>\n<\/div>\n<\/div>\n\n\n\n<h3 class=\"wp-block-heading\" id=\"h-mo-nosti-stravovania-na-v-lete\"><mark style=\"background-color:rgba(0, 0, 0, 0);color:#ba20a4\" class=\"has-inline-color\"><strong>\u00c9tkez\u00e9si lehet\u0151s\u00e9gek a kir\u00e1ndul\u00e1s sor\u00e1n:<\/strong><\/mark><\/h3>\n\n\n\n<p>Ran\u010d Podlesok, 053 15 Hrabu\u0161ice, tel. \u010d\u00edslo: <a href=\"http:\/\/tel.: 0918 407 077\">0918 407 077<\/a>, web: <a href=\"https:\/\/rancpodlesok.sk\/\">www.rancpodlesok.sk<\/a><\/p>\n\n\n\n<p>Re\u0161taur\u00e1cia Rumanka, Podlesok 817, 053 15 Hrabu\u0161ice, tel. \u010d\u00edslo: <a href=\"http:\/\/tel.: 0907 289 262\">0907 289 262<\/a>, web: <a href=\"https:\/\/malymajerpodlesok.sk\/restauracia-rumanka\/\">www.malymajerpodlesok.sk\/restauracia-rumanka<\/a><\/p>\n\n\n\n<p>Cafe &amp; Bufet u Orla, Podlesok 892\/67, Podlesok, 053 15 Hrabu\u0161ice, tel. \u010d\u00edslo:<a href=\"http:\/\/tel.: 0948 190 412\"> 0948 190 412<\/a>, web: <a href=\"https:\/\/www.facebook.com\/bufetuorla1\/\">Bufet u Orla<\/a><\/p>\n\n\n\n<p>Amadeo | Pizza &amp; Restaurant, Zakarpatsk\u00e1 30, 048 01 Ro\u017e\u0148ava, tel. \u010d\u00edslo: <a href=\"http:\/\/tel.: 0940338444\">0940 338 444<\/a>, web: <a href=\"https:\/\/amadeo.restaurant\/\">www.amadeo.restaurant<\/a><\/p>\n\n\n\n<div style=\"height:45px\" aria-hidden=\"true\" class=\"wp-block-spacer\"><\/div>\n\n\n\n<h3 class=\"wp-block-heading\" id=\"h-mo-nosti-ubytovania-na-v-lete\"><mark style=\"background-color:rgba(0, 0, 0, 0);color:#ba20a4\" class=\"has-inline-color\"><strong>Sz\u00e1ll\u00e1shelyek a k\u00f6rny\u00e9ken:<\/strong><\/mark><\/h3>\n\n\n\n<p>Ran\u010d Podlesok, 053 15 Hrabu\u0161ice, tel. \u010d\u00edslo: <a href=\"http:\/\/tel.:%200918%20407%20077\/\">0918 407 077<\/a>, web: <a href=\"https:\/\/rancpodlesok.sk\/\">www.rancpodlesok.sk<\/a><\/p>\n\n\n\n<p>Mal\u00fd Majer Podlesok, Mal\u00fd Majer Podlesok , \u010d. 1015\/69, 053 15 Hrabu\u0161ice, tel. \u010d\u00edslo: <a href=\"http:\/\/tel.: +421 907 289 262\">+421 907 289 262<\/a>, web: <a href=\"https:\/\/malymajerpodlesok.sk\/\">www.malymajerpodlesok.sk<\/a><\/p>\n\n\n\n<p>Ran\u010d u Trapera, Podlesok 491, Podlesok, 053 15 Hrabu\u0161ice, tel. \u010d\u00edslo: <a href=\"http:\/\/tel.: 0915 987 232\">0915 987 232<\/a>, web: <a href=\"https:\/\/rancutrapera.sk\/\">www.rancutrapera.sk<\/a><\/p>\n\n\n\n<div style=\"height:22px\" aria-hidden=\"true\" class=\"wp-block-spacer\"><\/div>","protected":false},"excerpt":{"rendered":"<p>Pam\u00e4t\u00e1te si, ako bol Ka\u0161ko, Majka a Max\u00edk v Slovenskom raji? Ka\u0161ko im ukazoval tie najkraj\u0161ie z\u00e1kutia. Majka a Max\u00edk nepo\u010duli t\u00fa najkraj\u0161iu pesni\u010dku, no Ka\u0161ko im dal \u0161peci\u00e1lne sl\u00fachadl\u00e1, v\u010faka ktor\u00fdm po\u010duli t\u00fa \u00fa\u017easn\u00fa rajsk\u00fa hudbu. In\u0161pirujte rozpr\u00e1vkou a na\u0161imi tipmi na rodinn\u00fd v\u00fdlet do Slovensk\u00e9ho raja. V\u00fdlet v skratke V\u00fdlet od\u0161tartujte v bl\u00edzkosti...<\/p>","protected":false},"featured_media":12056,"menu_order":0,"template":"","format":"standard","meta":{"_acf_changed":false,"footnotes":""},"categories":[17],"class_list":["post-12053","vylety","type-vylety","status-publish","format-standard","has-post-thumbnail","hentry","category-jednodnove-vylety"],"acf":[],"yoast_head":"<!-- This site is optimized with the Yoast SEO Premium plugin v22.7 (Yoast SEO v27.5) - https:\/\/yoast.com\/product\/yoast-seo-premium-wordpress\/ -->\n<title>\u2b50 Kam s de\u0165mi v Ko\u0161ickom kraji - Prech\u00e1dzka Slovensk\u00fdm rajom<\/title>\n<meta name=\"description\" content=\"Jednod\u0148ov\u00e9 v\u00fdlety - vyberme sa na jednod\u0148ov\u00fd v\u00fdlet do \u010darovnej krajiny Haravara! Za\u017eite skvel\u00fd de\u0148 pln\u00fd spozn\u00e1vania a z\u00e1bavy.\" \/>\n<meta name=\"robots\" content=\"index, follow, max-snippet:-1, max-image-preview:large, max-video-preview:-1\" \/>\n<link rel=\"canonical\" href=\"https:\/\/www.haravara.sk\/hu\/vylety\/prechadzka-slovenskym-rajom\/\" \/>\n<meta property=\"og:locale\" content=\"hu_HU\" \/>\n<meta property=\"og:type\" content=\"article\" \/>\n<meta property=\"og:title\" content=\"\u2b50HARAVARA - Tip na v\u00fdlet s de\u0165mi v Ko\u0161ickom kraji - Prech\u00e1dzka Slovensk\u00fdm rajom\" \/>\n<meta property=\"og:description\" content=\"Jednod\u0148ov\u00e9 v\u00fdlety - vyberme sa na jednod\u0148ov\u00fd v\u00fdlet do \u010darovnej krajiny Haravara! Za\u017eite skvel\u00fd de\u0148 pln\u00fd spozn\u00e1vania a z\u00e1bavy.\" \/>\n<meta property=\"og:url\" content=\"https:\/\/www.haravara.sk\/hu\/vylety\/prechadzka-slovenskym-rajom\/\" \/>\n<meta property=\"og:site_name\" content=\"HARAVARA\" \/>\n<meta property=\"article:publisher\" content=\"https:\/\/www.facebook.com\/haravara.detsky.svet\" \/>\n<meta property=\"article:modified_time\" content=\"2023-03-16T08:17:08+00:00\" \/>\n<meta property=\"og:image\" content=\"https:\/\/www.haravara.sk\/wp-content\/uploads\/2023\/03\/DSC05666-1024x683.jpg\" \/>\n\t<meta property=\"og:image:width\" content=\"1024\" \/>\n\t<meta property=\"og:image:height\" content=\"683\" \/>\n\t<meta property=\"og:image:type\" content=\"image\/jpeg\" \/>\n<meta name=\"twitter:card\" content=\"summary_large_image\" \/>\n<meta name=\"twitter:title\" content=\"Prech\u00e1dzka Slovensk\u00fdm rajom\" \/>\n<meta name=\"twitter:label1\" content=\"Becs\u00fclt olvas\u00e1si id\u0151\" \/>\n\t<meta name=\"twitter:data1\" content=\"4 perc\" \/>\n<script type=\"application\/ld+json\" class=\"yoast-schema-graph\">{\"@context\":\"https:\\\/\\\/schema.org\",\"@graph\":[{\"@type\":\"WebPage\",\"@id\":\"https:\\\/\\\/www.haravara.sk\\\/vylety\\\/prechadzka-slovenskym-rajom\\\/\",\"url\":\"https:\\\/\\\/www.haravara.sk\\\/vylety\\\/prechadzka-slovenskym-rajom\\\/\",\"name\":\"\u2b50 Kam s de\u0165mi v Ko\u0161ickom kraji - Prech\u00e1dzka Slovensk\u00fdm rajom\",\"isPartOf\":{\"@id\":\"https:\\\/\\\/www.haravara.sk\\\/#website\"},\"primaryImageOfPage\":{\"@id\":\"https:\\\/\\\/www.haravara.sk\\\/vylety\\\/prechadzka-slovenskym-rajom\\\/#primaryimage\"},\"image\":{\"@id\":\"https:\\\/\\\/www.haravara.sk\\\/vylety\\\/prechadzka-slovenskym-rajom\\\/#primaryimage\"},\"thumbnailUrl\":\"https:\\\/\\\/www.haravara.sk\\\/wp-content\\\/uploads\\\/2023\\\/03\\\/DSC05666-e1678890445328.jpg\",\"datePublished\":\"2023-03-15T13:04:11+00:00\",\"dateModified\":\"2023-03-16T08:17:08+00:00\",\"description\":\"Jednod\u0148ov\u00e9 v\u00fdlety - vyberme sa na jednod\u0148ov\u00fd v\u00fdlet do \u010darovnej krajiny Haravara! Za\u017eite skvel\u00fd de\u0148 pln\u00fd spozn\u00e1vania a z\u00e1bavy.\",\"breadcrumb\":{\"@id\":\"https:\\\/\\\/www.haravara.sk\\\/vylety\\\/prechadzka-slovenskym-rajom\\\/#breadcrumb\"},\"inLanguage\":\"hu\",\"potentialAction\":[{\"@type\":\"ReadAction\",\"target\":[\"https:\\\/\\\/www.haravara.sk\\\/vylety\\\/prechadzka-slovenskym-rajom\\\/\"]}]},{\"@type\":\"ImageObject\",\"inLanguage\":\"hu\",\"@id\":\"https:\\\/\\\/www.haravara.sk\\\/vylety\\\/prechadzka-slovenskym-rajom\\\/#primaryimage\",\"url\":\"https:\\\/\\\/www.haravara.sk\\\/wp-content\\\/uploads\\\/2023\\\/03\\\/DSC05666-e1678890445328.jpg\",\"contentUrl\":\"https:\\\/\\\/www.haravara.sk\\\/wp-content\\\/uploads\\\/2023\\\/03\\\/DSC05666-e1678890445328.jpg\",\"width\":900,\"height\":600},{\"@type\":\"BreadcrumbList\",\"@id\":\"https:\\\/\\\/www.haravara.sk\\\/vylety\\\/prechadzka-slovenskym-rajom\\\/#breadcrumb\",\"itemListElement\":[{\"@type\":\"ListItem\",\"position\":1,\"name\":\"Domov\",\"item\":\"https:\\\/\\\/www.haravara.sk\\\/\"},{\"@type\":\"ListItem\",\"position\":2,\"name\":\"V\u00fdlety\",\"item\":\"https:\\\/\\\/www.haravara.sk\\\/vylety\\\/\"},{\"@type\":\"ListItem\",\"position\":3,\"name\":\"Prech\u00e1dzka Slovensk\u00fdm rajom\"}]},{\"@type\":\"WebSite\",\"@id\":\"https:\\\/\\\/www.haravara.sk\\\/#website\",\"url\":\"https:\\\/\\\/www.haravara.sk\\\/\",\"name\":\"HARAVARA\",\"description\":\"Objav detsk\u00fd svet v Ko\u0161ickom kraji\",\"publisher\":{\"@id\":\"https:\\\/\\\/www.haravara.sk\\\/#organization\"},\"potentialAction\":[{\"@type\":\"SearchAction\",\"target\":{\"@type\":\"EntryPoint\",\"urlTemplate\":\"https:\\\/\\\/www.haravara.sk\\\/?s={search_term_string}\"},\"query-input\":{\"@type\":\"PropertyValueSpecification\",\"valueRequired\":true,\"valueName\":\"search_term_string\"}}],\"inLanguage\":\"hu\"},{\"@type\":\"Organization\",\"@id\":\"https:\\\/\\\/www.haravara.sk\\\/#organization\",\"name\":\"Haravara\",\"url\":\"https:\\\/\\\/www.haravara.sk\\\/\",\"logo\":{\"@type\":\"ImageObject\",\"inLanguage\":\"hu\",\"@id\":\"https:\\\/\\\/www.haravara.sk\\\/#\\\/schema\\\/logo\\\/image\\\/\",\"url\":\"https:\\\/\\\/www.haravara.sk\\\/wp-content\\\/uploads\\\/2021\\\/04\\\/LOGO-LandingPage.png\",\"contentUrl\":\"https:\\\/\\\/www.haravara.sk\\\/wp-content\\\/uploads\\\/2021\\\/04\\\/LOGO-LandingPage.png\",\"width\":832,\"height\":618,\"caption\":\"Haravara\"},\"image\":{\"@id\":\"https:\\\/\\\/www.haravara.sk\\\/#\\\/schema\\\/logo\\\/image\\\/\"},\"sameAs\":[\"https:\\\/\\\/www.facebook.com\\\/haravara.detsky.svet\"]}]}<\/script>\n<!-- \/ Yoast SEO Premium plugin. -->","yoast_head_json":{"title":"\u2b50 Kam s de\u0165mi v Ko\u0161ickom kraji - Prech\u00e1dzka Slovensk\u00fdm rajom","description":"Jednod\u0148ov\u00e9 v\u00fdlety - vyberme sa na jednod\u0148ov\u00fd v\u00fdlet do \u010darovnej krajiny Haravara! Za\u017eite skvel\u00fd de\u0148 pln\u00fd spozn\u00e1vania a z\u00e1bavy.","robots":{"index":"index","follow":"follow","max-snippet":"max-snippet:-1","max-image-preview":"max-image-preview:large","max-video-preview":"max-video-preview:-1"},"canonical":"https:\/\/www.haravara.sk\/hu\/vylety\/prechadzka-slovenskym-rajom\/","og_locale":"hu_HU","og_type":"article","og_title":"\u2b50HARAVARA - Tip na v\u00fdlet s de\u0165mi v Ko\u0161ickom kraji - Prech\u00e1dzka Slovensk\u00fdm rajom","og_description":"Jednod\u0148ov\u00e9 v\u00fdlety - vyberme sa na jednod\u0148ov\u00fd v\u00fdlet do \u010darovnej krajiny Haravara! Za\u017eite skvel\u00fd de\u0148 pln\u00fd spozn\u00e1vania a z\u00e1bavy.","og_url":"https:\/\/www.haravara.sk\/hu\/vylety\/prechadzka-slovenskym-rajom\/","og_site_name":"HARAVARA","article_publisher":"https:\/\/www.facebook.com\/haravara.detsky.svet","article_modified_time":"2023-03-16T08:17:08+00:00","og_image":[{"width":1024,"height":683,"url":"https:\/\/www.haravara.sk\/wp-content\/uploads\/2023\/03\/DSC05666-1024x683.jpg","type":"image\/jpeg"}],"twitter_card":"summary_large_image","twitter_title":"Prech\u00e1dzka Slovensk\u00fdm rajom","twitter_misc":{"Becs\u00fclt olvas\u00e1si id\u0151":"4 perc"},"schema":{"@context":"https:\/\/schema.org","@graph":[{"@type":"WebPage","@id":"https:\/\/www.haravara.sk\/vylety\/prechadzka-slovenskym-rajom\/","url":"https:\/\/www.haravara.sk\/vylety\/prechadzka-slovenskym-rajom\/","name":"\u2b50 Kam s de\u0165mi v Ko\u0161ickom kraji - Prech\u00e1dzka Slovensk\u00fdm rajom","isPartOf":{"@id":"https:\/\/www.haravara.sk\/#website"},"primaryImageOfPage":{"@id":"https:\/\/www.haravara.sk\/vylety\/prechadzka-slovenskym-rajom\/#primaryimage"},"image":{"@id":"https:\/\/www.haravara.sk\/vylety\/prechadzka-slovenskym-rajom\/#primaryimage"},"thumbnailUrl":"https:\/\/www.haravara.sk\/wp-content\/uploads\/2023\/03\/DSC05666-e1678890445328.jpg","datePublished":"2023-03-15T13:04:11+00:00","dateModified":"2023-03-16T08:17:08+00:00","description":"Jednod\u0148ov\u00e9 v\u00fdlety - vyberme sa na jednod\u0148ov\u00fd v\u00fdlet do \u010darovnej krajiny Haravara! Za\u017eite skvel\u00fd de\u0148 pln\u00fd spozn\u00e1vania a z\u00e1bavy.","breadcrumb":{"@id":"https:\/\/www.haravara.sk\/vylety\/prechadzka-slovenskym-rajom\/#breadcrumb"},"inLanguage":"hu","potentialAction":[{"@type":"ReadAction","target":["https:\/\/www.haravara.sk\/vylety\/prechadzka-slovenskym-rajom\/"]}]},{"@type":"ImageObject","inLanguage":"hu","@id":"https:\/\/www.haravara.sk\/vylety\/prechadzka-slovenskym-rajom\/#primaryimage","url":"https:\/\/www.haravara.sk\/wp-content\/uploads\/2023\/03\/DSC05666-e1678890445328.jpg","contentUrl":"https:\/\/www.haravara.sk\/wp-content\/uploads\/2023\/03\/DSC05666-e1678890445328.jpg","width":900,"height":600},{"@type":"BreadcrumbList","@id":"https:\/\/www.haravara.sk\/vylety\/prechadzka-slovenskym-rajom\/#breadcrumb","itemListElement":[{"@type":"ListItem","position":1,"name":"Domov","item":"https:\/\/www.haravara.sk\/"},{"@type":"ListItem","position":2,"name":"V\u00fdlety","item":"https:\/\/www.haravara.sk\/vylety\/"},{"@type":"ListItem","position":3,"name":"Prech\u00e1dzka Slovensk\u00fdm rajom"}]},{"@type":"WebSite","@id":"https:\/\/www.haravara.sk\/#website","url":"https:\/\/www.haravara.sk\/","name":"HARAVARA","description":"Objav detsk\u00fd svet v Ko\u0161ickom kraji","publisher":{"@id":"https:\/\/www.haravara.sk\/#organization"},"potentialAction":[{"@type":"SearchAction","target":{"@type":"EntryPoint","urlTemplate":"https:\/\/www.haravara.sk\/?s={search_term_string}"},"query-input":{"@type":"PropertyValueSpecification","valueRequired":true,"valueName":"search_term_string"}}],"inLanguage":"hu"},{"@type":"Organization","@id":"https:\/\/www.haravara.sk\/#organization","name":"Haravara","url":"https:\/\/www.haravara.sk\/","logo":{"@type":"ImageObject","inLanguage":"hu","@id":"https:\/\/www.haravara.sk\/#\/schema\/logo\/image\/","url":"https:\/\/www.haravara.sk\/wp-content\/uploads\/2021\/04\/LOGO-LandingPage.png","contentUrl":"https:\/\/www.haravara.sk\/wp-content\/uploads\/2021\/04\/LOGO-LandingPage.png","width":832,"height":618,"caption":"Haravara"},"image":{"@id":"https:\/\/www.haravara.sk\/#\/schema\/logo\/image\/"},"sameAs":["https:\/\/www.facebook.com\/haravara.detsky.svet"]}]}},"_links":{"self":[{"href":"https:\/\/www.haravara.sk\/hu\/wp-json\/wp\/v2\/vylety\/12053","targetHints":{"allow":["GET"]}}],"collection":[{"href":"https:\/\/www.haravara.sk\/hu\/wp-json\/wp\/v2\/vylety"}],"about":[{"href":"https:\/\/www.haravara.sk\/hu\/wp-json\/wp\/v2\/types\/vylety"}],"version-history":[{"count":2,"href":"https:\/\/www.haravara.sk\/hu\/wp-json\/wp\/v2\/vylety\/12053\/revisions"}],"predecessor-version":[{"id":12115,"href":"https:\/\/www.haravara.sk\/hu\/wp-json\/wp\/v2\/vylety\/12053\/revisions\/12115"}],"wp:featuredmedia":[{"embeddable":true,"href":"https:\/\/www.haravara.sk\/hu\/wp-json\/wp\/v2\/media\/12056"}],"wp:attachment":[{"href":"https:\/\/www.haravara.sk\/hu\/wp-json\/wp\/v2\/media?parent=12053"}],"wp:term":[{"taxonomy":"category","embeddable":true,"href":"https:\/\/www.haravara.sk\/hu\/wp-json\/wp\/v2\/categories?post=12053"}],"curies":[{"name":"wp","href":"https:\/\/api.w.org\/{rel}","templated":true}]}}