{"id":18353,"date":"2025-03-03T11:45:28","date_gmt":"2025-03-03T10:45:28","guid":{"rendered":"https:\/\/www.haravara.sk\/?post_type=vylety&#038;p=18353"},"modified":"2025-06-17T23:44:10","modified_gmt":"2025-06-17T22:44:10","slug":"v-majkinej-dielnicke","status":"publish","type":"vylety","link":"https:\/\/www.haravara.sk\/hu\/vylety\/v-majkinej-dielnicke\/","title":{"rendered":"V Majkinej dielni\u010dke"},"content":{"rendered":"<p class=\"has-text-align-center\"><mark style=\"background-color:rgba(0, 0, 0, 0)\" class=\"has-inline-color has-vivid-red-color\"><strong>\u0160kolsk\u00fd v\u00fdlet si m\u00f4\u017eete objedna\u0165 do 15. apr\u00edla 2025<\/strong><\/mark>.<\/p>\n\n\n\n<div style=\"height:37px\" aria-hidden=\"true\" class=\"wp-block-spacer\"><\/div>\n\n\n\n<blockquote class=\"wp-block-quote is-layout-flow wp-block-quote-is-layout-flow\">\n<p>Na tento v\u00fdlet v\u00e1s \u0161peci\u00e1lne poz\u00fdva Majka, ktor\u00e1 pozn\u00e1 v\u0161etky kreat\u00edvne miesta v hlavnom meste Haravary! \u010caro krajiny Haravara toti\u017e nele\u017e\u00ed len na rozkvitnut\u00fdch l\u00fakach, na trblietav\u00fdch hladin\u00e1ch jazier \u010di v tajupln\u00fdch podzemn\u00fdch trezoroch. N\u00e1js\u0165 ho m\u00f4\u017eete aj v trad\u00edci\u00e1ch miestnych remeseln\u00edkov, ktor\u00ed n\u00e1m svojimi zlat\u00fdmi rukami a m\u00fadrymi radami pribl\u00ed\u017eia tradi\u010dn\u00e9 techniky manu\u00e1lnej umeleckej pr\u00e1ce. Ka\u017ed\u00fd \u00fa\u010dastn\u00edk tohto v\u00fdletu si tak otestuje \u0161ikovnos\u0165 vlastn\u00fdch prstov pri pr\u00e1ci s r\u00f4znymi materi\u00e1lmi a mo\u017eno si na pamiatku odnesie aj vlastnoru\u010dne vyroben\u00fd suven\u00edr!<\/p>\n<\/blockquote>\n\n\n\n<div style=\"height:33px\" aria-hidden=\"true\" class=\"wp-block-spacer\"><\/div>\n\n\n\n<div class=\"wp-block-columns is-layout-flex wp-container-core-columns-is-layout-28f84493 wp-block-columns-is-layout-flex\">\n<div class=\"wp-block-column is-layout-flow wp-block-column-is-layout-flow\"><\/div>\n<\/div>\n\n\n\n<div style=\"height:30px\" aria-hidden=\"true\" class=\"wp-block-spacer\"><\/div>\n\n\n\n<div class=\"wp-block-columns is-layout-flex wp-container-core-columns-is-layout-28f84493 wp-block-columns-is-layout-flex\">\n<div class=\"wp-block-column is-layout-flow wp-block-column-is-layout-flow\" style=\"flex-basis:50%\">\n<div class=\"wp-block-group is-vertical is-layout-flex wp-container-core-group-is-layout-fe9cc265 wp-block-group-is-layout-flex\">\n<h3 class=\"wp-block-heading has-text-color\" id=\"h-co-uvidite-a-ake-miesta-navstivite\" style=\"color:#ba20a4\"><mark style=\"background-color:rgba(0, 0, 0, 0);color:#21ad04\" class=\"has-inline-color\">\u010co uvid\u00edte a ak\u00e9 miesta nav\u0161t\u00edvite?<\/mark><\/h3>\n\n\n\n<ul class=\"wp-block-list\">\n<li>\u00dastredie \u013eudovej umeleckej v\u00fdroby<\/li>\n\n\n\n<li>dielne stredovek\u00fdch remesiel\u00a0<\/li>\n\n\n\n<li>zr\u00facaninu Ko\u0161ick\u00e9ho hradu<\/li>\n<\/ul>\n<\/div>\n<\/div>\n\n\n\n<div class=\"wp-block-column is-layout-flow wp-block-column-is-layout-flow\" style=\"flex-basis:50%\">\n<figure class=\"wp-block-image size-full is-resized\"><img decoding=\"async\" width=\"500\" height=\"427\" src=\"https:\/\/www.haravara.sk\/wp-content\/uploads\/2023\/01\/dalekohlad_cut.png\" alt=\"\" class=\"wp-image-11055\" style=\"width:203px\" srcset=\"https:\/\/www.haravara.sk\/wp-content\/uploads\/2023\/01\/dalekohlad_cut.png 500w, https:\/\/www.haravara.sk\/wp-content\/uploads\/2023\/01\/dalekohlad_cut-300x256.png 300w\" sizes=\"(max-width: 500px) 100vw, 500px\" \/><\/figure>\n<\/div>\n<\/div>\n\n\n\n<div style=\"height:36px\" aria-hidden=\"true\" class=\"wp-block-spacer\"><\/div>\n\n\n\n<figure class=\"wp-block-gallery has-nested-images columns-default is-cropped wp-block-gallery-1 is-layout-flex wp-block-gallery-is-layout-flex\">\n<figure class=\"wp-block-image size-large is-style-default\"><img decoding=\"async\" width=\"1024\" height=\"683\" data-id=\"6218\" src=\"https:\/\/www.haravara.sk\/wp-content\/uploads\/2021\/05\/uluv_zdroj-facebook-1024x683.jpg\" alt=\"\" class=\"wp-image-6218\" srcset=\"https:\/\/www.haravara.sk\/wp-content\/uploads\/2021\/05\/uluv_zdroj-facebook-1024x683.jpg 1024w, https:\/\/www.haravara.sk\/wp-content\/uploads\/2021\/05\/uluv_zdroj-facebook-300x200.jpg 300w, https:\/\/www.haravara.sk\/wp-content\/uploads\/2021\/05\/uluv_zdroj-facebook-768x512.jpg 768w, https:\/\/www.haravara.sk\/wp-content\/uploads\/2021\/05\/uluv_zdroj-facebook-1536x1024.jpg 1536w, https:\/\/www.haravara.sk\/wp-content\/uploads\/2021\/05\/uluv_zdroj-facebook.jpg 2048w\" sizes=\"(max-width: 1024px) 100vw, 1024px\" \/><figcaption class=\"wp-element-caption\">Region\u00e1lne centrum remesiel \u00da\u013dUV<\/figcaption><\/figure>\n\n\n\n<figure class=\"wp-block-image size-full\"><img decoding=\"async\" width=\"5745\" height=\"3830\" data-id=\"18362\" src=\"https:\/\/www.haravara.sk\/wp-content\/uploads\/2025\/02\/DSC_4225.jpg\" alt=\"\" class=\"wp-image-18362\" srcset=\"https:\/\/www.haravara.sk\/wp-content\/uploads\/2025\/02\/DSC_4225.jpg 5745w, https:\/\/www.haravara.sk\/wp-content\/uploads\/2025\/02\/DSC_4225-300x200.jpg 300w, https:\/\/www.haravara.sk\/wp-content\/uploads\/2025\/02\/DSC_4225-1024x683.jpg 1024w, https:\/\/www.haravara.sk\/wp-content\/uploads\/2025\/02\/DSC_4225-768x512.jpg 768w, https:\/\/www.haravara.sk\/wp-content\/uploads\/2025\/02\/DSC_4225-1536x1024.jpg 1536w, https:\/\/www.haravara.sk\/wp-content\/uploads\/2025\/02\/DSC_4225-2048x1365.jpg 2048w, https:\/\/www.haravara.sk\/wp-content\/uploads\/2025\/02\/DSC_4225-18x12.jpg 18w\" sizes=\"(max-width: 5745px) 100vw, 5745px\" \/><figcaption class=\"wp-element-caption\">Castellum Cassovia - kov\u00e1\u010dska diel\u0148a<\/figcaption><\/figure>\n\n\n\n<figure class=\"wp-block-image size-full\"><img decoding=\"async\" width=\"1024\" height=\"685\" data-id=\"3772\" src=\"https:\/\/www.haravara.sk\/wp-content\/uploads\/2021\/04\/kosickyhrad.jpg\" alt=\"\" class=\"wp-image-3772\" srcset=\"https:\/\/www.haravara.sk\/wp-content\/uploads\/2021\/04\/kosickyhrad.jpg 1024w, https:\/\/www.haravara.sk\/wp-content\/uploads\/2021\/04\/kosickyhrad-300x201.jpg 300w, https:\/\/www.haravara.sk\/wp-content\/uploads\/2021\/04\/kosickyhrad-768x514.jpg 768w\" sizes=\"(max-width: 1024px) 100vw, 1024px\" \/><figcaption class=\"wp-element-caption\">Ko\u0161ick\u00fd hrad<\/figcaption><\/figure>\n<\/figure>\n\n\n\n<div style=\"height:30px\" aria-hidden=\"true\" class=\"wp-block-spacer\"><\/div>\n\n\n\n<div class=\"wp-block-group has-global-padding\"><div class=\"wp-block-group__inner-container is-layout-constrained wp-block-group-is-layout-constrained\">\n<h3 class=\"wp-block-heading has-text-color\" id=\"h-co-zazijete\" style=\"color:#ba20a4\"><mark style=\"background-color:rgba(0, 0, 0, 0);color:#21ad04\" class=\"has-inline-color\">\u010co za\u017eijete?<\/mark><\/h3>\n\n\n\n<div class=\"wp-block-columns is-layout-flex wp-container-core-columns-is-layout-28f84493 wp-block-columns-is-layout-flex\">\n<div class=\"wp-block-column is-layout-flow wp-block-column-is-layout-flow\">\n<ul class=\"wp-block-list\">\n<li>prehliadku tradi\u010dn\u00fdch remeseln\u00fdch techn\u00edk<\/li>\n\n\n\n<li>pr\u00e1cu v r\u00f4znych remeseln\u00fdch diel\u0148ach<\/li>\n\n\n\n<li>v\u00fdstup na Ko\u0161ick\u00fd hrad<\/li>\n\n\n\n<li>workshop v kov\u00e1\u010dskej dielni<\/li>\n\n\n\n<li>vyfarbovanie krajiny Haravara<\/li>\n\n\n\n<li>skladanie puzzle z Haravary<\/li>\n<\/ul>\n<\/div>\n<\/div>\n<\/div><\/div>\n\n\n\n<div style=\"height:23px\" aria-hidden=\"true\" class=\"wp-block-spacer\"><\/div>\n\n\n\n<div class=\"wp-block-group is-vertical is-layout-flex wp-container-core-group-is-layout-fe9cc265 wp-block-group-is-layout-flex\">\n<h3 class=\"wp-block-heading has-text-color\" id=\"h-aka-je-kapacita-vyletu\" style=\"color:#ba20a4\"><mark style=\"background-color:rgba(0, 0, 0, 0);color:#21ad04\" class=\"has-inline-color\">Ak\u00e1 je kapacita v\u00fdletu?<\/mark><\/h3>\n\n\n\n<p>kapacita tohto v\u00fdletu je max. 30 det\u00ed <\/p>\n<\/div>\n\n\n\n<div style=\"height:43px\" aria-hidden=\"true\" class=\"wp-block-spacer\"><\/div>\n\n\n\n<h2 class=\"wp-block-heading\" id=\"h-cena-skolskeho-vyletu\"><mark style=\"background-color:rgba(0, 0, 0, 0);color:#21ad04\" class=\"has-inline-color\">Cena \u0161kolsk\u00e9ho v\u00fdletu<\/mark><\/h2>\n\n\n\n<p>v z\u00e1vislosti od kapacity: 30-25 os\u00f4b \/ 24-20 os\u00f4b \/ 19-15 os\u00f4b<\/p>\n\n\n\n<ul class=\"wp-block-list\">\n<li>\u017diak: 19,40 \u20ac \/ 21 \u20ac \/ 23,70 \u20ac<\/li>\n\n\n\n<li>Pedag\u00f3g: 7,50 \u20ac<\/li>\n<\/ul>\n\n\n\n<div style=\"height:22px\" aria-hidden=\"true\" class=\"wp-block-spacer\"><\/div>\n\n\n\n<div class=\"wp-block-columns is-layout-flex wp-container-core-columns-is-layout-28f84493 wp-block-columns-is-layout-flex\">\n<div class=\"wp-block-column is-layout-flow wp-block-column-is-layout-flow\" style=\"flex-basis:50%\">\n<div class=\"wp-block-group has-global-padding\"><div class=\"wp-block-group__inner-container is-layout-constrained wp-block-group-is-layout-constrained\">\n<div class=\"wp-block-group is-vertical is-layout-flex wp-container-core-group-is-layout-fe9cc265 wp-block-group-is-layout-flex\">\n<h3 class=\"wp-block-heading has-text-color\" id=\"h-cena-zahrna\" style=\"color:#ba20a4\"><mark style=\"background-color:rgba(0, 0, 0, 0);color:#21ad04\" class=\"has-inline-color\">Cena zah\u0155\u0148a<\/mark><\/h3>\n\n\n\n<ul class=\"wp-block-list\">\n<li>Zabezpe\u010denie itiner\u00e1ra \u0161kolsk\u00e9ho v\u00fdletu<\/li>\n\n\n\n<li>Vstupn\u00e9 do in\u0161tit\u00faci\u00ed s komentovanou prehliadkou<\/li>\n\n\n\n<li>Anima\u010dn\u00fd program s rozpr\u00e1va\u010dom krajiny Haravara<\/li>\n\n\n\n<li>Tepl\u00fd obed<\/li>\n<\/ul>\n\n\n\n<p><\/p>\n<\/div>\n<\/div><\/div>\n<\/div>\n\n\n\n<div class=\"wp-block-column is-layout-flow wp-block-column-is-layout-flow\" style=\"flex-basis:50%\"><div class=\"wp-block-image\">\n<figure class=\"alignright size-full is-resized\"><img decoding=\"async\" width=\"500\" height=\"500\" src=\"https:\/\/www.haravara.sk\/wp-content\/uploads\/2022\/03\/Zmenseny-element-7.png\" alt=\"\" class=\"wp-image-6444\" style=\"width:212px;height:212px\" srcset=\"https:\/\/www.haravara.sk\/wp-content\/uploads\/2022\/03\/Zmenseny-element-7.png 500w, https:\/\/www.haravara.sk\/wp-content\/uploads\/2022\/03\/Zmenseny-element-7-300x300.png 300w, https:\/\/www.haravara.sk\/wp-content\/uploads\/2022\/03\/Zmenseny-element-7-150x150.png 150w\" sizes=\"(max-width: 500px) 100vw, 500px\" \/><\/figure>\n<\/div><\/div>\n<\/div>\n\n\n\n<div style=\"height:26px\" aria-hidden=\"true\" class=\"wp-block-spacer\"><\/div>\n\n\n\n<div class=\"wp-block-group is-vertical is-layout-flex wp-container-core-group-is-layout-fe9cc265 wp-block-group-is-layout-flex\">\n<h3 class=\"wp-block-heading has-text-color\" id=\"h-cena-nezahrna\" style=\"color:#ba20a4\"><mark style=\"background-color:rgba(0, 0, 0, 0)\" class=\"has-inline-color has-vivid-red-color\">Cena nezah\u0155\u0148a<\/mark><\/h3>\n<\/div>\n\n\n\n<div style=\"height:26px\" aria-hidden=\"true\" class=\"wp-block-spacer\"><\/div>\n\n\n\n<ul class=\"wp-block-list\">\n<li>dopravu<\/li>\n<\/ul>\n\n\n\n<div style=\"height:20px\" aria-hidden=\"true\" class=\"wp-block-spacer\"><\/div>\n\n\n\n<p class=\"has-text-align-center\"><\/p>\n\n\n\n<blockquote class=\"wp-block-quote is-layout-flow wp-block-quote-is-layout-flow\">\n<p class=\"has-text-align-center has-vivid-red-color has-text-color\"><strong>! Dopravu na \u0161kolsk\u00fd v\u00fdlet si ka\u017ed\u00e1 \u0161kola zabezpe\u010duje sama. <\/strong><\/p>\n<\/blockquote>\n\n\n\n<div style=\"height:44px\" aria-hidden=\"true\" class=\"wp-block-spacer\"><\/div>\n\n\n\n<h2 class=\"wp-block-heading\" id=\"h-terminy-a-dlzka-skolskeho-vyletu\"><mark style=\"background-color:rgba(0, 0, 0, 0);color:#21ad04\" class=\"has-inline-color\">Term\u00edny a d\u013a\u017eka \u0161kolsk\u00e9ho v\u00fdletu<\/mark><\/h2>\n\n\n\n<div style=\"height:19px\" aria-hidden=\"true\" class=\"wp-block-spacer\"><\/div>\n\n\n\n<ul class=\"wp-block-list\">\n<li>za\u010diatok v\u00fdletu je o 9:00 hod.<\/li>\n\n\n\n<li>koniec v\u00fdletu je o 15:00 hod.<\/li>\n<\/ul>\n\n\n\n<div style=\"height:41px\" aria-hidden=\"true\" class=\"wp-block-spacer\"><\/div>\n\n\n\n<p class=\"has-text-align-center\"><strong>! Na v\u00fdlet je potrebn\u00e9 dostavi\u0165 sa v 20-min\u00fatovom predstihu kv\u00f4li presunu na prv\u00fa atrakciu.<\/strong><\/p>\n\n\n\n<div style=\"height:22px\" aria-hidden=\"true\" class=\"wp-block-spacer\"><\/div>\n\n\n\n<div class=\"wp-block-columns is-layout-flex wp-container-core-columns-is-layout-28f84493 wp-block-columns-is-layout-flex\">\n<div class=\"wp-block-column is-layout-flow wp-block-column-is-layout-flow\">\n<ul class=\"wp-block-list\">\n<li><strong>15. m\u00e1j 2025<\/strong><\/li>\n\n\n\n<li><strong>22. m\u00e1j 2025<\/strong><\/li>\n\n\n\n<li><strong>29. m\u00e1j 2025<\/strong><\/li>\n\n\n\n<li><strong>5. j\u00fan 2025<\/strong><\/li>\n\n\n\n<li><strong>12. j\u00fan 2025<\/strong><\/li>\n\n\n\n<li><strong>19. j\u00fan 2025<\/strong><\/li>\n<\/ul>\n<\/div>\n\n\n\n<div class=\"wp-block-column is-layout-flow wp-block-column-is-layout-flow\">\n<figure class=\"wp-block-image size-full is-resized\"><img decoding=\"async\" width=\"500\" height=\"500\" src=\"https:\/\/www.haravara.sk\/wp-content\/uploads\/2023\/03\/budik_hodinky.png\" alt=\"\" class=\"wp-image-11927\" style=\"width:300px;height:auto\" srcset=\"https:\/\/www.haravara.sk\/wp-content\/uploads\/2023\/03\/budik_hodinky.png 500w, https:\/\/www.haravara.sk\/wp-content\/uploads\/2023\/03\/budik_hodinky-300x300.png 300w, https:\/\/www.haravara.sk\/wp-content\/uploads\/2023\/03\/budik_hodinky-150x150.png 150w\" sizes=\"(max-width: 500px) 100vw, 500px\" \/><\/figure>\n<\/div>\n<\/div>\n\n\n\n<div style=\"height:32px\" aria-hidden=\"true\" class=\"wp-block-spacer\"><\/div>\n\n\n\n<h3 class=\"wp-block-heading\" id=\"h-\"><\/h3>\n\n\n\n<div style=\"height:45px\" aria-hidden=\"true\" class=\"wp-block-spacer\"><\/div>\n\n\n\n<div class=\"wp-block-group has-global-padding\"><div class=\"wp-block-group__inner-container is-layout-constrained wp-block-group-is-layout-constrained\">\n<div class=\"wp-block-group is-vertical is-layout-flex wp-container-core-group-is-layout-fe9cc265 wp-block-group-is-layout-flex\">\n<h3 class=\"wp-block-heading\" id=\"h-uluv-ustredie-ludovej-umeleckej-vyroby\">\u00da\u013dUV \u2013 \u00dastredie \u013eudovej umeleckej v\u00fdroby <\/h3>\n\n\n\n<p>Aj vy radi sk\u00fa\u0161ate nie\u010do nov\u00e9 a bav\u00ed v\u00e1s remeseln\u00e1, ru\u010dn\u00e1 a kreat\u00edvna pr\u00e1ca? \u00dastredie \u013eudovej umeleckej v\u00fdroby je t\u00fdm prav\u00fdm miestom, kde h\u013eada\u0165 remesl\u00e1 a \u0161ikovn\u00fdch remeseln\u00edkov. Pod zna\u010dkou \u00da\u013dUV n\u00e1jdete skuto\u010dne origin\u00e1lne a autorsk\u00e9 v\u00fdrobky tradi\u010dn\u00fdch remesiel. Najprv n\u00e1s \u010dak\u00e1 exkurzia, kde sa dozvieme ak\u00fdm druhom remesiel sa v minulosti venovali obyvatelia Haravary a potom sa podel\u00edme do men\u0161\u00edch skupiniek, kde si ka\u017ed\u00fd pod veden\u00edm sk\u00fasen\u00e9ho lektora na vlastn\u00e9 ruky vysk\u00fa\u0161a jednu tradi\u010dn\u00fa techniku.<\/p>\n<\/div>\n<\/div><\/div>\n\n\n\n<div style=\"height:34px\" aria-hidden=\"true\" class=\"wp-block-spacer\"><\/div>\n\n\n\n<div style=\"height:0px\" aria-hidden=\"true\" class=\"wp-block-spacer\"><\/div>\n\n\n\n<div class=\"wp-block-group has-global-padding\"><div class=\"wp-block-group__inner-container is-layout-constrained wp-block-group-is-layout-constrained\">\n<div class=\"wp-block-group is-vertical is-layout-flex wp-container-core-group-is-layout-fe9cc265 wp-block-group-is-layout-flex\">\n<h3 class=\"wp-block-heading\" id=\"h-kosicky-hrad\">Ko\u0161ick\u00fd hrad<\/h3>\n\n\n\n<p>Hlavn\u00e9 mesto Haravary bolo v minulosti v\u00fdznamn\u00fdm kult\u00farnym centrom, bolo preto samozrejm\u00e9, \u017ee malo aj svoj hrad. No ten Ko\u0161ick\u00fd hrad je napriek tomu zahalen\u00fd r\u00fa\u0161kom tajomstva. Pravdepodobne ide o nedokon\u010den\u00fd hrad zo za\u010diatku 14. storo\u010dia a mohlo by \u00eds\u0165 o dielo Omodeja z Abu. Hovor\u00ed sa tie\u017e, \u017ee opevnen\u00e9 s\u00eddlo na Hradovej by mohlo by\u0165 nedokon\u010den\u00fdm protitat\u00e1rskym \u00fato\u010diskom. Po v\u00fdstupe na hradn\u00fd kopec sa o jeho hist\u00f3rii dozvieme viac a nazrieme na Ko\u0161ice z vt\u00e1\u010dej perspekt\u00edvy.<\/p>\n<\/div>\n<\/div><\/div>\n\n\n\n<div style=\"height:33px\" aria-hidden=\"true\" class=\"wp-block-spacer\"><\/div>\n\n\n\n<div style=\"height:0px\" aria-hidden=\"true\" class=\"wp-block-spacer\"><\/div>\n\n\n\n<div style=\"height:0px\" aria-hidden=\"true\" class=\"wp-block-spacer\"><\/div>\n\n\n\n<div class=\"wp-block-group is-vertical is-layout-flex wp-container-core-group-is-layout-fe9cc265 wp-block-group-is-layout-flex\">\n<h3 class=\"wp-block-heading\" id=\"h-castellum-cassovia-kovacska-dielna\">Castellum Cassovia \u2013 kov\u00e1\u010dska diel\u0148a<\/h3>\n\n\n\n<p>V\u010faka Ob\u010dianskemu zdru\u017eeniu Castellum Cassovia Ko\u0161ick\u00fd hrad so svojou hradnou dedinkou o\u017e\u00edva. Ako kedysi fungovali na\u0161i predkovia na hradn\u00fdch n\u00e1dvoriach? Ak\u00fdm remesl\u00e1m sa venovali a ak\u00fd \u00fa\u017eitok z nich mali? Jedine\u010dn\u00fa uk\u00e1\u017eku najtvrd\u0161ieho remesla n\u00e1m predvedie kov\u00e1\u010d vo svojej dobovej dielni.<\/p>\n<\/div>\n\n\n\n<div style=\"height:28px\" aria-hidden=\"true\" class=\"wp-block-spacer\"><\/div>\n\n\n\n\n\n<hr class=\"wp-block-separator has-alpha-channel-opacity\"\/>\n\n\n\n<div class=\"wp-block-columns is-layout-flex wp-container-core-columns-is-layout-28f84493 wp-block-columns-is-layout-flex\">\n<div class=\"wp-block-column is-layout-flow wp-block-column-is-layout-flow\" style=\"flex-basis:50%\">\n<div class=\"wp-block-group has-global-padding\"><div class=\"wp-block-group__inner-container is-layout-constrained wp-block-group-is-layout-constrained\">\n<p><\/p>\n<\/div><\/div>\n<\/div>\n\n\n\n<div class=\"wp-block-column is-layout-flow wp-block-column-is-layout-flow\" style=\"flex-basis:50%\"><\/div>\n<\/div>\n\n\n\n<h2 class=\"wp-block-heading has-text-align-center\" id=\"h-oslovil-vas-tento-vylet-rezervujte-si-ho-na-info-haravara-sk\">Oslovil v\u00e1s tento v\u00fdlet? Rezervujte si ho na info@haravara.sk<\/h2>\n\n\n\n<div style=\"height:63px\" aria-hidden=\"true\" class=\"wp-block-spacer\"><\/div>\n\n\n<div class=\"wp-block-image\">\n<figure class=\"aligncenter size-full is-resized\"><img decoding=\"async\" width=\"500\" height=\"500\" src=\"https:\/\/www.haravara.sk\/wp-content\/uploads\/2024\/03\/Dizajn-bez-nazvu-87.png\" alt=\"\" class=\"wp-image-16720\" style=\"width:355px;height:auto\" srcset=\"https:\/\/www.haravara.sk\/wp-content\/uploads\/2024\/03\/Dizajn-bez-nazvu-87.png 500w, https:\/\/www.haravara.sk\/wp-content\/uploads\/2024\/03\/Dizajn-bez-nazvu-87-300x300.png 300w, https:\/\/www.haravara.sk\/wp-content\/uploads\/2024\/03\/Dizajn-bez-nazvu-87-150x150.png 150w, https:\/\/www.haravara.sk\/wp-content\/uploads\/2024\/03\/Dizajn-bez-nazvu-87-12x12.png 12w\" sizes=\"(max-width: 500px) 100vw, 500px\" \/><\/figure>\n<\/div>\n\n\n<div class=\"wp-block-columns is-layout-flex wp-container-core-columns-is-layout-28f84493 wp-block-columns-is-layout-flex\">\n<div class=\"wp-block-column is-layout-flow wp-block-column-is-layout-flow\" style=\"flex-basis:50%\"><\/div>\n<\/div>","protected":false},"excerpt":{"rendered":"<p>\u0160kolsk\u00fd v\u00fdlet si m\u00f4\u017eete objedna\u0165 do 15. apr\u00edla 2025. Na tento v\u00fdlet v\u00e1s \u0161peci\u00e1lne poz\u00fdva Majka, ktor\u00e1 pozn\u00e1 v\u0161etky kreat\u00edvne miesta v hlavnom meste Haravary! \u010caro krajiny Haravara toti\u017e nele\u017e\u00ed len na rozkvitnut\u00fdch l\u00fakach, na trblietav\u00fdch hladin\u00e1ch jazier \u010di v tajupln\u00fdch podzemn\u00fdch trezoroch. N\u00e1js\u0165 ho m\u00f4\u017eete aj v trad\u00edci\u00e1ch miestnych remeseln\u00edkov, ktor\u00ed n\u00e1m svojimi zlat\u00fdmi...<\/p>","protected":false},"featured_media":18354,"menu_order":0,"template":"","format":"standard","meta":{"_acf_changed":false,"footnotes":""},"categories":[19],"class_list":["post-18353","vylety","type-vylety","status-publish","format-standard","has-post-thumbnail","hentry","category-skolske-vylety"],"acf":[],"yoast_head":"<!-- This site is optimized with the Yoast SEO Premium plugin v22.7 (Yoast SEO v27.2) - https:\/\/yoast.com\/product\/yoast-seo-premium-wordpress\/ -->\n<title>\u2b50HARAVARA - Ponuka \u0161kolsk\u00fdch v\u00fdletov - V Majkinej dielni\u010dke<\/title>\n<meta name=\"description\" content=\"P\u00fdtate sa kam s de\u0165mi na \u0161kolsk\u00fd v\u00fdlet v Ko\u0161ickom kraji? Vyberte si jeden z na\u0161ej ponuky, kde sa l\u00fa\u0161ti - V Majkinej dielni\u010dke\" \/>\n<meta name=\"robots\" content=\"index, follow, max-snippet:-1, max-image-preview:large, max-video-preview:-1\" \/>\n<link rel=\"canonical\" href=\"https:\/\/www.haravara.sk\/hu\/vylety\/v-majkinej-dielnicke\/\" \/>\n<meta property=\"og:locale\" content=\"hu_HU\" \/>\n<meta property=\"og:type\" content=\"article\" \/>\n<meta property=\"og:title\" content=\"V Majkinej dielni\u010dke\" \/>\n<meta property=\"og:description\" content=\"P\u00fdtate sa kam s de\u0165mi na \u0161kolsk\u00fd v\u00fdlet v Ko\u0161ickom kraji? Vyberte si jeden z na\u0161ej ponuky, kde sa l\u00fa\u0161ti - V Majkinej dielni\u010dke\" \/>\n<meta property=\"og:url\" content=\"https:\/\/www.haravara.sk\/hu\/vylety\/v-majkinej-dielnicke\/\" \/>\n<meta property=\"og:site_name\" content=\"HARAVARA\" \/>\n<meta property=\"article:publisher\" content=\"https:\/\/www.facebook.com\/haravara.detsky.svet\" \/>\n<meta property=\"article:modified_time\" content=\"2025-06-17T22:44:10+00:00\" \/>\n<meta property=\"og:image\" content=\"https:\/\/www.haravara.sk\/wp-content\/uploads\/2025\/02\/01-SK.VYLET-ULUV-KOSICKY-HRAD-1-1024x683.png\" \/>\n\t<meta property=\"og:image:width\" content=\"1024\" \/>\n\t<meta property=\"og:image:height\" content=\"683\" \/>\n\t<meta property=\"og:image:type\" content=\"image\/png\" \/>\n<meta name=\"twitter:card\" content=\"summary_large_image\" \/>\n<meta name=\"twitter:label1\" content=\"Becs\u00fclt olvas\u00e1si id\u0151\" \/>\n\t<meta name=\"twitter:data1\" content=\"4 perc\" \/>\n<script type=\"application\/ld+json\" class=\"yoast-schema-graph\">{\"@context\":\"https:\/\/schema.org\",\"@graph\":[{\"@type\":\"WebPage\",\"@id\":\"https:\/\/www.haravara.sk\/vylety\/v-majkinej-dielnicke\/\",\"url\":\"https:\/\/www.haravara.sk\/vylety\/v-majkinej-dielnicke\/\",\"name\":\"\u2b50HARAVARA - Ponuka \u0161kolsk\u00fdch v\u00fdletov - V Majkinej dielni\u010dke\",\"isPartOf\":{\"@id\":\"https:\/\/www.haravara.sk\/#website\"},\"primaryImageOfPage\":{\"@id\":\"https:\/\/www.haravara.sk\/vylety\/v-majkinej-dielnicke\/#primaryimage\"},\"image\":{\"@id\":\"https:\/\/www.haravara.sk\/vylety\/v-majkinej-dielnicke\/#primaryimage\"},\"thumbnailUrl\":\"https:\/\/www.haravara.sk\/wp-content\/uploads\/2025\/02\/01-SK.VYLET-ULUV-KOSICKY-HRAD.png\",\"datePublished\":\"2025-03-03T10:45:28+00:00\",\"dateModified\":\"2025-06-17T22:44:10+00:00\",\"description\":\"P\u00fdtate sa kam s de\u0165mi na \u0161kolsk\u00fd v\u00fdlet v Ko\u0161ickom kraji? Vyberte si jeden z na\u0161ej ponuky, kde sa l\u00fa\u0161ti - V Majkinej dielni\u010dke\",\"breadcrumb\":{\"@id\":\"https:\/\/www.haravara.sk\/vylety\/v-majkinej-dielnicke\/#breadcrumb\"},\"inLanguage\":\"hu\",\"potentialAction\":[{\"@type\":\"ReadAction\",\"target\":[\"https:\/\/www.haravara.sk\/vylety\/v-majkinej-dielnicke\/\"]}]},{\"@type\":\"ImageObject\",\"inLanguage\":\"hu\",\"@id\":\"https:\/\/www.haravara.sk\/vylety\/v-majkinej-dielnicke\/#primaryimage\",\"url\":\"https:\/\/www.haravara.sk\/wp-content\/uploads\/2025\/02\/01-SK.VYLET-ULUV-KOSICKY-HRAD.png\",\"contentUrl\":\"https:\/\/www.haravara.sk\/wp-content\/uploads\/2025\/02\/01-SK.VYLET-ULUV-KOSICKY-HRAD.png\",\"width\":3000,\"height\":2000},{\"@type\":\"BreadcrumbList\",\"@id\":\"https:\/\/www.haravara.sk\/vylety\/v-majkinej-dielnicke\/#breadcrumb\",\"itemListElement\":[{\"@type\":\"ListItem\",\"position\":1,\"name\":\"Domov\",\"item\":\"https:\/\/www.haravara.sk\/\"},{\"@type\":\"ListItem\",\"position\":2,\"name\":\"V\u00fdlety\",\"item\":\"https:\/\/www.haravara.sk\/vylety\/\"},{\"@type\":\"ListItem\",\"position\":3,\"name\":\"V Majkinej dielni\u010dke\"}]},{\"@type\":\"WebSite\",\"@id\":\"https:\/\/www.haravara.sk\/#website\",\"url\":\"https:\/\/www.haravara.sk\/\",\"name\":\"HARAVARA\",\"description\":\"Objav detsk\u00fd svet v Ko\u0161ickom kraji\",\"publisher\":{\"@id\":\"https:\/\/www.haravara.sk\/#organization\"},\"potentialAction\":[{\"@type\":\"SearchAction\",\"target\":{\"@type\":\"EntryPoint\",\"urlTemplate\":\"https:\/\/www.haravara.sk\/?s={search_term_string}\"},\"query-input\":{\"@type\":\"PropertyValueSpecification\",\"valueRequired\":true,\"valueName\":\"search_term_string\"}}],\"inLanguage\":\"hu\"},{\"@type\":\"Organization\",\"@id\":\"https:\/\/www.haravara.sk\/#organization\",\"name\":\"Haravara\",\"url\":\"https:\/\/www.haravara.sk\/\",\"logo\":{\"@type\":\"ImageObject\",\"inLanguage\":\"hu\",\"@id\":\"https:\/\/www.haravara.sk\/#\/schema\/logo\/image\/\",\"url\":\"https:\/\/www.haravara.sk\/wp-content\/uploads\/2021\/04\/LOGO-LandingPage.png\",\"contentUrl\":\"https:\/\/www.haravara.sk\/wp-content\/uploads\/2021\/04\/LOGO-LandingPage.png\",\"width\":832,\"height\":618,\"caption\":\"Haravara\"},\"image\":{\"@id\":\"https:\/\/www.haravara.sk\/#\/schema\/logo\/image\/\"},\"sameAs\":[\"https:\/\/www.facebook.com\/haravara.detsky.svet\"]}]}<\/script>\n<!-- \/ Yoast SEO Premium plugin. -->","yoast_head_json":{"title":"\u2b50HARAVARA - Ponuka \u0161kolsk\u00fdch v\u00fdletov - V Majkinej dielni\u010dke","description":"P\u00fdtate sa kam s de\u0165mi na \u0161kolsk\u00fd v\u00fdlet v Ko\u0161ickom kraji? Vyberte si jeden z na\u0161ej ponuky, kde sa l\u00fa\u0161ti - V Majkinej dielni\u010dke","robots":{"index":"index","follow":"follow","max-snippet":"max-snippet:-1","max-image-preview":"max-image-preview:large","max-video-preview":"max-video-preview:-1"},"canonical":"https:\/\/www.haravara.sk\/hu\/vylety\/v-majkinej-dielnicke\/","og_locale":"hu_HU","og_type":"article","og_title":"V Majkinej dielni\u010dke","og_description":"P\u00fdtate sa kam s de\u0165mi na \u0161kolsk\u00fd v\u00fdlet v Ko\u0161ickom kraji? Vyberte si jeden z na\u0161ej ponuky, kde sa l\u00fa\u0161ti - V Majkinej dielni\u010dke","og_url":"https:\/\/www.haravara.sk\/hu\/vylety\/v-majkinej-dielnicke\/","og_site_name":"HARAVARA","article_publisher":"https:\/\/www.facebook.com\/haravara.detsky.svet","article_modified_time":"2025-06-17T22:44:10+00:00","og_image":[{"width":1024,"height":683,"url":"https:\/\/www.haravara.sk\/wp-content\/uploads\/2025\/02\/01-SK.VYLET-ULUV-KOSICKY-HRAD-1-1024x683.png","type":"image\/png"}],"twitter_card":"summary_large_image","twitter_misc":{"Becs\u00fclt olvas\u00e1si id\u0151":"4 perc"},"schema":{"@context":"https:\/\/schema.org","@graph":[{"@type":"WebPage","@id":"https:\/\/www.haravara.sk\/vylety\/v-majkinej-dielnicke\/","url":"https:\/\/www.haravara.sk\/vylety\/v-majkinej-dielnicke\/","name":"\u2b50HARAVARA - Ponuka \u0161kolsk\u00fdch v\u00fdletov - V Majkinej dielni\u010dke","isPartOf":{"@id":"https:\/\/www.haravara.sk\/#website"},"primaryImageOfPage":{"@id":"https:\/\/www.haravara.sk\/vylety\/v-majkinej-dielnicke\/#primaryimage"},"image":{"@id":"https:\/\/www.haravara.sk\/vylety\/v-majkinej-dielnicke\/#primaryimage"},"thumbnailUrl":"https:\/\/www.haravara.sk\/wp-content\/uploads\/2025\/02\/01-SK.VYLET-ULUV-KOSICKY-HRAD.png","datePublished":"2025-03-03T10:45:28+00:00","dateModified":"2025-06-17T22:44:10+00:00","description":"P\u00fdtate sa kam s de\u0165mi na \u0161kolsk\u00fd v\u00fdlet v Ko\u0161ickom kraji? Vyberte si jeden z na\u0161ej ponuky, kde sa l\u00fa\u0161ti - V Majkinej dielni\u010dke","breadcrumb":{"@id":"https:\/\/www.haravara.sk\/vylety\/v-majkinej-dielnicke\/#breadcrumb"},"inLanguage":"hu","potentialAction":[{"@type":"ReadAction","target":["https:\/\/www.haravara.sk\/vylety\/v-majkinej-dielnicke\/"]}]},{"@type":"ImageObject","inLanguage":"hu","@id":"https:\/\/www.haravara.sk\/vylety\/v-majkinej-dielnicke\/#primaryimage","url":"https:\/\/www.haravara.sk\/wp-content\/uploads\/2025\/02\/01-SK.VYLET-ULUV-KOSICKY-HRAD.png","contentUrl":"https:\/\/www.haravara.sk\/wp-content\/uploads\/2025\/02\/01-SK.VYLET-ULUV-KOSICKY-HRAD.png","width":3000,"height":2000},{"@type":"BreadcrumbList","@id":"https:\/\/www.haravara.sk\/vylety\/v-majkinej-dielnicke\/#breadcrumb","itemListElement":[{"@type":"ListItem","position":1,"name":"Domov","item":"https:\/\/www.haravara.sk\/"},{"@type":"ListItem","position":2,"name":"V\u00fdlety","item":"https:\/\/www.haravara.sk\/vylety\/"},{"@type":"ListItem","position":3,"name":"V Majkinej dielni\u010dke"}]},{"@type":"WebSite","@id":"https:\/\/www.haravara.sk\/#website","url":"https:\/\/www.haravara.sk\/","name":"HARAVARA","description":"Objav detsk\u00fd svet v Ko\u0161ickom kraji","publisher":{"@id":"https:\/\/www.haravara.sk\/#organization"},"potentialAction":[{"@type":"SearchAction","target":{"@type":"EntryPoint","urlTemplate":"https:\/\/www.haravara.sk\/?s={search_term_string}"},"query-input":{"@type":"PropertyValueSpecification","valueRequired":true,"valueName":"search_term_string"}}],"inLanguage":"hu"},{"@type":"Organization","@id":"https:\/\/www.haravara.sk\/#organization","name":"Haravara","url":"https:\/\/www.haravara.sk\/","logo":{"@type":"ImageObject","inLanguage":"hu","@id":"https:\/\/www.haravara.sk\/#\/schema\/logo\/image\/","url":"https:\/\/www.haravara.sk\/wp-content\/uploads\/2021\/04\/LOGO-LandingPage.png","contentUrl":"https:\/\/www.haravara.sk\/wp-content\/uploads\/2021\/04\/LOGO-LandingPage.png","width":832,"height":618,"caption":"Haravara"},"image":{"@id":"https:\/\/www.haravara.sk\/#\/schema\/logo\/image\/"},"sameAs":["https:\/\/www.facebook.com\/haravara.detsky.svet"]}]}},"_links":{"self":[{"href":"https:\/\/www.haravara.sk\/hu\/wp-json\/wp\/v2\/vylety\/18353","targetHints":{"allow":["GET"]}}],"collection":[{"href":"https:\/\/www.haravara.sk\/hu\/wp-json\/wp\/v2\/vylety"}],"about":[{"href":"https:\/\/www.haravara.sk\/hu\/wp-json\/wp\/v2\/types\/vylety"}],"version-history":[{"count":3,"href":"https:\/\/www.haravara.sk\/hu\/wp-json\/wp\/v2\/vylety\/18353\/revisions"}],"predecessor-version":[{"id":18496,"href":"https:\/\/www.haravara.sk\/hu\/wp-json\/wp\/v2\/vylety\/18353\/revisions\/18496"}],"wp:featuredmedia":[{"embeddable":true,"href":"https:\/\/www.haravara.sk\/hu\/wp-json\/wp\/v2\/media\/18354"}],"wp:attachment":[{"href":"https:\/\/www.haravara.sk\/hu\/wp-json\/wp\/v2\/media?parent=18353"}],"wp:term":[{"taxonomy":"category","embeddable":true,"href":"https:\/\/www.haravara.sk\/hu\/wp-json\/wp\/v2\/categories?post=18353"}],"curies":[{"name":"wp","href":"https:\/\/api.w.org\/{rel}","templated":true}]}}