{"id":20536,"date":"2025-11-30T14:03:10","date_gmt":"2025-11-30T13:03:10","guid":{"rendered":"https:\/\/www.haravara.sk\/?post_type=vylety&#038;p=20536"},"modified":"2025-12-04T20:46:34","modified_gmt":"2025-12-04T19:46:34","slug":"prehlad-vianocnych-trhov-v-kosickom-kraji","status":"publish","type":"vylety","link":"https:\/\/www.haravara.sk\/hu\/vylety\/prehlad-vianocnych-trhov-v-kosickom-kraji\/","title":{"rendered":"Preh\u013ead viano\u010dn\u00fdch trhov v Ko\u0161ickom kraji"},"content":{"rendered":"<blockquote class=\"wp-block-quote is-layout-flow wp-block-quote-is-layout-flow\">\n<p><strong><em>\u201eNa Hlavnej ulici, v Rozpr\u00e1vkovom parku, je ukryt\u00fd Mikul\u00e1\u0161sky Zvon\u010dek. Ak ho n\u00e1jdete, dostanete sa na p\u00f3dium k najv\u00e4\u010d\u0161iemu viano\u010dn\u00e9mu stromu, kde pr\u00e1ve vystupuje T\u00e1rajko a Popletajka! Je to pre deti aj dospel\u00fdch a d\u00e1 sa tam za\u017ei\u0165 kopa z\u00e1bavy.\u201c l\u00e1kal na\u0161ich s\u00farodencov Ka\u0161ko na n\u00e1v\u0161tevu viano\u010dn\u00fdch trhov.  Majkine o\u010di za\u017eiarili: \u201eA ke\u010f n\u00e1jdeme zvon\u010dek a dostaneme sa na koncert, \u010do potom?\u201c \u201ePotom vyraz\u00edme viano\u010dnou atmosf\u00e9rou a\u017e do Mestsk\u00e9ho parku, kde na v\u00e1s \u010dak\u00e1 magick\u00fd Medovn\u00edkov\u00fd Dom\u010dek. Cestou objav\u00edte tajomn\u00fa Br\u00e1nu \u010carovn\u00fdch Objavov \u2013 miesto, kde sa plnia tie najtajnej\u0161ie viano\u010dn\u00e9 sny a program pre deti je najv\u00e4\u010d\u0161\u00ed,\u201c dodal Ka\u0161ko so \u0161ibalsk\u00fdm \u00fasmevom. \u201eA v tom Medovn\u00edkovom Dom\u010deku bud\u00fa pern\u00edky a hor\u00faca \u010dokol\u00e1da?\u201c sp\u00fdtal sa Max realisticky. \u201eV Dom\u010deku je Kuchy\u0148a \u010carovn\u00fdch V\u00f4n\u00ed, kde si v\u0161etci hladn\u00ed radi pochutia \u2013 nie\u010do pre detsk\u00e9 bru\u0161k\u00e1 ur\u010dite n\u00e1jdete!\u201c<\/em><\/strong><\/p>\n<\/blockquote>\n\n\n\n<div style=\"height:23px\" aria-hidden=\"true\" class=\"wp-block-spacer\"><\/div>\n\n\n\n<figure class=\"wp-block-image size-full is-resized\"><img decoding=\"async\" width=\"275\" height=\"183\" src=\"https:\/\/www.haravara.sk\/wp-content\/uploads\/2025\/11\/advent-1-1.jpg\" alt=\"\" class=\"wp-image-20553\" style=\"width:353px;height:auto\" srcset=\"https:\/\/www.haravara.sk\/wp-content\/uploads\/2025\/11\/advent-1-1.jpg 275w, https:\/\/www.haravara.sk\/wp-content\/uploads\/2025\/11\/advent-1-1-18x12.jpg 18w\" sizes=\"(max-width: 275px) 100vw, 275px\" \/><\/figure>\n\n\n\n<div style=\"height:27px\" aria-hidden=\"true\" class=\"wp-block-spacer\"><\/div>\n\n\n\n<h3 class=\"wp-block-heading\" id=\"h-michalovce-vianocna-atmosfera-na-zempline\"><strong><span style=\"color:#ba20a4\" class=\"has-inline-color\"><strong><strong><strong><strong><strong><strong><strong>\ud83c\udff0 Michalovce \u2013 Viano\u010dn\u00e1 atmosf\u00e9ra na Zempl\u00edne<\/strong><\/strong><\/strong><\/strong><\/strong><\/strong><\/strong><\/span><\/strong><\/h3>\n\n\n\n<div style=\"height:40px\" aria-hidden=\"true\" class=\"wp-block-spacer\"><\/div>\n\n\n\n<p><strong>Michalovce<\/strong> pripravuj\u00fa viano\u010dn\u00fa atmosf\u00e9ru od <strong>5. decembra<\/strong> na N\u00e1mest\u00ed oslobodite\u013eov. Vrcholom je <strong>Mikul\u00e1\u0161sky program<\/strong> (5. decembra) spojen\u00fd s rozsvieten\u00edm v\u00fdzdoby. Hlavn\u00e9 detsk\u00e9 podujatie, <strong>Viano\u010dn\u00e9 \u010darovn\u00e9 popoludnie<\/strong> (14. december), prinesie <strong>divadeln\u00fa rozpr\u00e1vku<\/strong>, <strong>tvoriv\u00e9 dielni\u010dky<\/strong> a <strong>spolo\u010dn\u00e9 zdobenie strom\u010deka<\/strong>.<\/p>\n\n\n\n<div style=\"height:91px\" aria-hidden=\"true\" class=\"wp-block-spacer\"><\/div>\n\n\n\n<div class=\"wp-block-group is-nowrap is-layout-flex wp-container-core-group-is-layout-6c531013 wp-block-group-is-layout-flex\">\n<div class=\"wp-block-group has-global-padding\"><div class=\"wp-block-group__inner-container is-layout-constrained wp-block-group-is-layout-constrained\">\n<div class=\"wp-block-columns is-layout-flex wp-container-core-columns-is-layout-28f84493 wp-block-columns-is-layout-flex\">\n<div class=\"wp-block-column is-layout-flow wp-block-column-is-layout-flow\" style=\"flex-basis:100%\">\n<figure class=\"wp-block-gallery has-nested-images columns-default is-cropped wp-block-gallery-1 is-layout-flex wp-block-gallery-is-layout-flex\">\n<figure class=\"wp-block-image size-large\"><img decoding=\"async\" width=\"724\" height=\"1024\" data-id=\"20539\" src=\"https:\/\/www.haravara.sk\/wp-content\/uploads\/2025\/11\/michalovce-trhy-1-1-1-724x1024.jpg\" alt=\"\" class=\"wp-image-20539\" srcset=\"https:\/\/www.haravara.sk\/wp-content\/uploads\/2025\/11\/michalovce-trhy-1-1-1-724x1024.jpg 724w, https:\/\/www.haravara.sk\/wp-content\/uploads\/2025\/11\/michalovce-trhy-1-1-1-212x300.jpg 212w, https:\/\/www.haravara.sk\/wp-content\/uploads\/2025\/11\/michalovce-trhy-1-1-1-768x1086.jpg 768w, https:\/\/www.haravara.sk\/wp-content\/uploads\/2025\/11\/michalovce-trhy-1-1-1-1086x1536.jpg 1086w, https:\/\/www.haravara.sk\/wp-content\/uploads\/2025\/11\/michalovce-trhy-1-1-1-1448x2048.jpg 1448w, https:\/\/www.haravara.sk\/wp-content\/uploads\/2025\/11\/michalovce-trhy-1-1-1-8x12.jpg 8w, https:\/\/www.haravara.sk\/wp-content\/uploads\/2025\/11\/michalovce-trhy-1-1-1.jpg 1920w\" sizes=\"(max-width: 724px) 100vw, 724px\" \/><\/figure>\n<\/figure>\n<\/div>\n<\/div>\n<\/div><\/div>\n\n\n\n<figure class=\"wp-block-image size-large\"><img decoding=\"async\" width=\"1024\" height=\"728\" src=\"https:\/\/www.haravara.sk\/wp-content\/uploads\/2025\/11\/michalovce-trhy-2-1-1-1024x728.jpg\" alt=\"\" class=\"wp-image-20540\" srcset=\"https:\/\/www.haravara.sk\/wp-content\/uploads\/2025\/11\/michalovce-trhy-2-1-1-1024x728.jpg 1024w, https:\/\/www.haravara.sk\/wp-content\/uploads\/2025\/11\/michalovce-trhy-2-1-1-300x213.jpg 300w, https:\/\/www.haravara.sk\/wp-content\/uploads\/2025\/11\/michalovce-trhy-2-1-1-768x546.jpg 768w, https:\/\/www.haravara.sk\/wp-content\/uploads\/2025\/11\/michalovce-trhy-2-1-1-1536x1092.jpg 1536w, https:\/\/www.haravara.sk\/wp-content\/uploads\/2025\/11\/michalovce-trhy-2-1-1-18x12.jpg 18w, https:\/\/www.haravara.sk\/wp-content\/uploads\/2025\/11\/michalovce-trhy-2-1-1.jpg 1920w\" sizes=\"(max-width: 1024px) 100vw, 1024px\" \/><\/figure>\n<\/div>\n\n\n\n<div style=\"height:45px\" aria-hidden=\"true\" class=\"wp-block-spacer\"><\/div>\n\n\n\n<p>Zdroj a viac inform\u00e1ci\u00ed:<a href=\" https:\/\/www.michalovce.sk\/sk\/aktualita\/michalovce-sa-zahalia-do-vianocnej-atmosfery-cakaju-nas-tradicne-trhy-prichod-mikulasa-aj-beneficny-punc\"> https:\/\/www.michalovce.sk\/sk\/aktualita\/michalovce-sa-zahalia-do-vianocnej-atmosfery-cakaju-nas-tradicne-trhy-prichod-mikulasa-aj-beneficny-punc<\/a><\/p>\n\n\n\n<div style=\"height:45px\" aria-hidden=\"true\" class=\"wp-block-spacer\"><\/div>\n\n\n\n<h3 class=\"wp-block-heading\" id=\"h-kosicke-rozpravkove-vianoce-kosice\"><strong><mark style=\"background-color:rgba(0, 0, 0, 0);color:#ba20a4\" class=\"has-inline-color\"><strong><strong><strong>\ud83c\udf1f Ko\u0161ick\u00e9 rozpr\u00e1vkov\u00e9 Vianoce (Ko\u0161ice)<\/strong><\/strong><\/strong><\/mark><\/strong><\/h3>\n\n\n\n<div style=\"height:45px\" aria-hidden=\"true\" class=\"wp-block-spacer\"><\/div>\n\n\n\n<h5 class=\"wp-block-heading\">\ud83c\udf81 \u010co sa e\u0161te bude dia\u0165?<\/h5>\n\n\n\n<ul class=\"wp-block-list\">\n<li><strong>Viano\u010dn\u00e9 trhy:<\/strong> V pondelok sa otv\u00e1raj\u00fa st\u00e1nky, kde n\u00e1jde\u0161 kopu dobr\u00f4t a dar\u010dekov! \ud83c\udf6c Trhy bud\u00fa medzi Immaculatou a OD Urban a bud\u00fa otvoren\u00e9 ka\u017ed\u00fd de\u0148 u\u017e <strong>od 11:00<\/strong> (okrem \u0160tedr\u00e9ho d\u0148a a prv\u00e9ho sviatku viano\u010dn\u00e9ho).<\/li>\n\n\n\n<li><strong>Prim\u00e1torsk\u00fd pun\u010d:<\/strong> Za\u010dne sa zbierka pre dobr\u00fa vec \u2013 k\u00fapi\u0161 si pun\u010d (pre deti bude <strong>nealko verzia!<\/strong>) a pom\u00f4\u017ee\u0161 t\u00fdm, ktor\u00ed to potrebuj\u00fa. \u010capova\u0165 sa bude od 16:00 do 20:00.<\/li>\n<\/ul>\n\n\n\n<div style=\"height:25px\" aria-hidden=\"true\" class=\"wp-block-spacer\"><\/div>\n\n\n\n<h5 class=\"wp-block-heading\">\ud83c\udf33 Obrovsk\u00fd viano\u010dn\u00fd strom!<\/h5>\n\n\n\n<ul class=\"wp-block-list\">\n<li>Na Hlavnej ulici stoj\u00ed nov\u00e1 viano\u010dn\u00e1 hviezda: <strong>16 metrov<\/strong> vysok\u00e1 jed\u013ea biela!<\/li>\n\n\n\n<li>Priniesli ju a\u017e z Kysaku. Ozdoben\u00e1 je 2 000 metrami svetiel a 14 000 \u00fasporn\u00fdmi LED svetielkami! Kr\u00e1sa! \ud83d\ude0d<\/li>\n<\/ul>\n\n\n\n<div style=\"height:25px\" aria-hidden=\"true\" class=\"wp-block-spacer\"><\/div>\n\n\n\n<h5 class=\"wp-block-heading\">\ud83d\udc96 \u010caro Rozpr\u00e1vkova v Mestskom parku!<\/h5>\n\n\n\n<p>Od 5. decembra sa otv\u00e1ra ob\u013e\u00faben\u00e1 <strong>\u013eadov\u00e1 plocha<\/strong> na kor\u010du\u013eovanie! A hne\u010f oproti nej n\u00e1jdete:<\/p>\n\n\n\n<ul class=\"wp-block-list\">\n<li><strong>Rozpr\u00e1vkovo:<\/strong> Krajina k\u00faziel, kde n\u00e1jdete Medovn\u00edkov\u00fd dom\u010dek, Pav\u00faka s pierkami z <em>Perinbaby<\/em>, \u010cerven\u00fa \u010diapo\u010dku, Janka Hra\u0161ka a <strong>\u00fapln\u00fa novinku:<\/strong> <strong>Snehulienku a jej mil\u00fdch trpasl\u00edkov<\/strong>!<\/li>\n\n\n\n<li>Fig\u00farky svietia ka\u017ed\u00fd de\u0148 <strong>od 16:00 do 21:00<\/strong>.<\/li>\n<\/ul>\n\n\n\n<div style=\"height:26px\" aria-hidden=\"true\" class=\"wp-block-spacer\"><\/div>\n\n\n\n<h5 class=\"wp-block-heading\">\ud83c\udfa1 Koloto\u010de a z\u00e1bava!<\/h5>\n\n\n\n<ul class=\"wp-block-list\">\n<li>Pri OD Dargov (ju\u017en\u00fd koniec Hlavnej ulice) n\u00e1jdete <strong>Ko\u0161ick\u00e9 oko<\/strong> (vyhliadkov\u00fd koloto\u010d), ben\u00e1tsky koloto\u010d a <strong>ve\u013ek\u00fa \u0161m\u00fdka\u010dku<\/strong>! \ud83c\udfa2 Za\u010d\u00ednaj\u00fa u\u017e dnes poobede.<\/li>\n<\/ul>\n\n\n\n<div style=\"height:14px\" aria-hidden=\"true\" class=\"wp-block-spacer\"><\/div>\n\n\n\n<p>Dobre, rozumiem. Tu je text pre detsk\u00fa str\u00e1nku, prepracovan\u00fd do s\u00favisl\u00fdch odsekov s detsk\u00fdmi emojis a zameran\u00edm na program pre deti a rodiny:<\/p>\n\n\n\n<div style=\"height:52px\" aria-hidden=\"true\" class=\"wp-block-spacer\"><\/div>\n\n\n\n<hr class=\"wp-block-separator has-alpha-channel-opacity\"\/>\n\n\n\n<h3 class=\"wp-block-heading\" id=\"h-zupne-vianocne-trhy\">\ud83c\udf1f \u017dupn\u00e9 Viano\u010dn\u00e9 trhy  \ud83e\udd73<\/h3>\n\n\n\n<div style=\"height:53px\" aria-hidden=\"true\" class=\"wp-block-spacer\"><\/div>\n\n\n\n<p>Pr\u00ed\u010fte s celou rodinou u\u017ei\u0165 si \u010darovn\u00fa viano\u010dn\u00fa atmosf\u00e9ru v Ko\u0161iciach, v are\u00e1li <strong>Katovej Ba\u0161ty<\/strong> na Hrn\u010diarskej ulici 7! Trhy s\u00fa otvoren\u00e9 dlho, ka\u017ed\u00fd de\u0148 <strong>od 30. novembra do 23. decembra 2025<\/strong> a to od <strong>11:00 do 22:00<\/strong>. \u010cakaj\u00fa na v\u00e1s st\u00e1nky s l\u00e1kav\u00fdmi dobrotami \ud83c\udf6c, kr\u00e1sne sveteln\u00e9 miesta na fotenie a hlavne <strong>ve\u013ea z\u00e1bavy pre v\u00e1s, deti<\/strong>!<\/p>\n\n\n\n<div style=\"height:27px\" aria-hidden=\"true\" class=\"wp-block-spacer\"><\/div>\n\n\n\n<h5 class=\"wp-block-heading\">\ud83d\udc96 Nede\u013ea patr\u00ed rodin\u00e1m!<\/h5>\n\n\n\n<p>\u017dupa poz\u00fdva hlavne <strong>rodiny s de\u0165mi ka\u017ed\u00fa nede\u013eu<\/strong>! Ka\u017ed\u00fa nede\u013eu popoludn\u00ed sa kon\u00e1 <strong>Ko\u0161ick\u00fd adventn\u00fd de\u0148 (15:00 - 19:00)<\/strong>. Pr\u00ed\u010fte sa pozrie\u0165 na <strong>\u017dIV\u00dd BETLEHEM<\/strong>! T\u00e1to novinka n\u00e1m ka\u017ed\u00fa nede\u013eu popoludn\u00ed rozpovie viano\u010dn\u00fd pr\u00edbeh. Deti ur\u010dite pote\u0161\u00ed aj kr\u00e1sny <strong>DREVEN\u00dd KOLOTO\u010c<\/strong>! \ud83c\udfa0<\/p>\n\n\n\n<div style=\"height:28px\" aria-hidden=\"true\" class=\"wp-block-spacer\"><\/div>\n\n\n\n<h5 class=\"wp-block-heading\">\u2728 Program pre najmen\u0161\u00edch:<\/h5>\n\n\n\n<p>Nezabudnite pr\u00eds\u0165 <strong>6. decembra 2025<\/strong> (v sobotu) o <strong>17:00<\/strong>, preto\u017ee pr\u00edde <strong>Mikul\u00e1\u0161<\/strong> spolu s <strong>b\u00e1bkov\u00fdm divadlom<\/strong> \u2013 to nesmiete zme\u0161ka\u0165! V <strong>nede\u013eu 7. 12. 2025<\/strong> o <strong>17:00<\/strong> pr\u00edde zab\u00e1va\u0165 v\u0161etky deti <strong>UJO \u013dUBO<\/strong>! A v <strong>nede\u013eu 14. 12. 2025<\/strong> o <strong>16:00<\/strong> si zaspievate a zatlieskate na koncerte <strong>Tom a Elo<\/strong>. Vidie\u0165 m\u00f4\u017eete aj hudobno-tane\u010dn\u00e9 vyst\u00fapenie <strong>Divadla Romathan<\/strong> hne\u010f na za\u010diatku, v <strong>sobotu 30. 11. 2025<\/strong> o <strong>17:00<\/strong>.<\/p>\n\n\n\n<div style=\"height:24px\" aria-hidden=\"true\" class=\"wp-block-spacer\"><\/div>\n\n\n\n<h5 class=\"wp-block-heading\">\u2615 Ma\u0161krty a dobr\u00e9 srdce:<\/h5>\n\n\n\n<p>Uprostred trhov n\u00e1jdete kr\u00e1sny <strong>viano\u010dn\u00fd strom\u010dek<\/strong> \ud83c\udf32. M\u00f4\u017eete si k\u00fapi\u0165 aj <strong>Nada\u010dn\u00fd pun\u010d<\/strong> (pre deti bude nealko!) a penia\u017eky p\u00f4jdu pre deti, ktor\u00e9 to v \u017eivote nemali v\u017edy jednoduch\u00e9. Pun\u010d si m\u00f4\u017eete vychutna\u0165 aj vo <strong>vyhrievanom stane<\/strong>. Okrem toho m\u00f4\u017eete ochutna\u0165 aj pe\u010den\u00e9 prasiatko alebo in\u00e9 lah\u00f4dky.<\/p>\n\n\n\n<p><\/p>\n\n\n\n<figure class=\"wp-block-image size-large\"><img decoding=\"async\" width=\"1024\" height=\"1014\" src=\"https:\/\/www.haravara.sk\/wp-content\/uploads\/2025\/11\/zupne-vianocne-trhy-1-1024x1014.jpg\" alt=\"\" class=\"wp-image-20544\" srcset=\"https:\/\/www.haravara.sk\/wp-content\/uploads\/2025\/11\/zupne-vianocne-trhy-1-1024x1014.jpg 1024w, https:\/\/www.haravara.sk\/wp-content\/uploads\/2025\/11\/zupne-vianocne-trhy-1-300x297.jpg 300w, https:\/\/www.haravara.sk\/wp-content\/uploads\/2025\/11\/zupne-vianocne-trhy-1-150x150.jpg 150w, https:\/\/www.haravara.sk\/wp-content\/uploads\/2025\/11\/zupne-vianocne-trhy-1-768x760.jpg 768w, https:\/\/www.haravara.sk\/wp-content\/uploads\/2025\/11\/zupne-vianocne-trhy-1-1536x1521.jpg 1536w, https:\/\/www.haravara.sk\/wp-content\/uploads\/2025\/11\/zupne-vianocne-trhy-1-2048x2028.jpg 2048w, https:\/\/www.haravara.sk\/wp-content\/uploads\/2025\/11\/zupne-vianocne-trhy-1-12x12.jpg 12w, https:\/\/www.haravara.sk\/wp-content\/uploads\/2025\/11\/zupne-vianocne-trhy-1.jpg 5965w\" sizes=\"(max-width: 1024px) 100vw, 1024px\" \/><\/figure>\n\n\n\n<div style=\"height:76px\" aria-hidden=\"true\" class=\"wp-block-spacer\"><\/div>\n\n\n\n<h5 class=\"wp-block-heading\" id=\"h-hviezdne-vianocne-trhy-oc-aupark\"><strong><em>\ud83c\udf1f Hviezdne Viano\u010dn\u00e9 Trhy (OC Aupark)<\/em><\/strong><\/h5>\n\n\n\n<p>Trhy pred Auparkom s\u00fa jednou z prv\u00fdch viano\u010dn\u00fdch akci\u00ed v Ko\u0161iciach, ktor\u00e9 tradi\u010dne prin\u00e1\u0161aj\u00fa mix gastro ponuky a detsk\u00fdch vyst\u00fapen\u00ed.<\/p>\n\n\n\n<p><strong>Term\u00edn:<\/strong> Trhy prebiehaj\u00fa od <strong>22. novembra do 30. decembra 2025<\/strong> a s\u00fa otvoren\u00e9 denne.<\/p>\n\n\n\n<p><strong>Detsk\u00fd program:<\/strong><\/p>\n\n\n\n<p><strong>29. november (Sobota):<\/strong> Koncert <strong>Mi\u0161ko s L\u00ed\u0161kou<\/strong> (detsk\u00fd interpret)<\/p>\n\n\n\n<p><strong>6. december (Sobota):<\/strong> Vyst\u00fapenie <strong>\u0160a\u0161ka Ba\u0161ka<\/strong><\/p>\n\n\n\n<p><strong>Atrakcia:<\/strong> Pre najmen\u0161\u00edch je k dispoz\u00edcii <strong>dreven\u00fd koloto\u010d<\/strong>.<\/p>\n\n\n\n<div style=\"height:41px\" aria-hidden=\"true\" class=\"wp-block-spacer\"><\/div>\n\n\n\n<h5 class=\"wp-block-heading\" id=\"h-carovne-vianoce-na-terase-oc-galeria-shopping\"><strong><em> \u2728 \u010carovn\u00e9 Vianoce na Terase (OC Gal\u00e9ria Shopping)<\/em><\/strong><\/h5>\n\n\n\n<p>Trhy pred OC Gal\u00e9ria, organizovan\u00e9 v spolupr\u00e1ci s Mestskou \u010das\u0165ou Ko\u0161ice-Z\u00e1pad, pon\u00fakaj\u00fa bohat\u00fd kult\u00farny program s pravideln\u00fdmi detsk\u00fdmi vyst\u00fapeniami.<\/p>\n\n\n\n<p><strong>Term\u00edn:<\/strong> Trhy prebiehaj\u00fa od <strong>28. novembra do 21. decembra 2025<\/strong>. Program za\u010d\u00edna ka\u017ed\u00fd de\u0148 od 14:00, hlavn\u00e9 vyst\u00fapenia s\u00fa o 17:00 hod.<\/p>\n\n\n\n<p><strong>Mikul\u00e1\u0161sky program (Pre deti)<\/strong><\/p>\n\n\n\n<div style=\"height:45px\" aria-hidden=\"true\" class=\"wp-block-spacer\"><\/div>\n\n\n\n<figure class=\"wp-block-gallery has-nested-images columns-default is-cropped wp-block-gallery-2 is-layout-flex wp-block-gallery-is-layout-flex\">\n<figure class=\"wp-block-image size-large\"><img decoding=\"async\" width=\"1024\" height=\"677\" data-id=\"20543\" src=\"https:\/\/www.haravara.sk\/wp-content\/uploads\/2025\/11\/hviezdne-vianocne-trhy-1-1024x677.webp\" alt=\"\" class=\"wp-image-20543\" srcset=\"https:\/\/www.haravara.sk\/wp-content\/uploads\/2025\/11\/hviezdne-vianocne-trhy-1-1024x677.webp 1024w, https:\/\/www.haravara.sk\/wp-content\/uploads\/2025\/11\/hviezdne-vianocne-trhy-1-300x198.webp 300w, https:\/\/www.haravara.sk\/wp-content\/uploads\/2025\/11\/hviezdne-vianocne-trhy-1-768x508.webp 768w, https:\/\/www.haravara.sk\/wp-content\/uploads\/2025\/11\/hviezdne-vianocne-trhy-1-18x12.webp 18w, https:\/\/www.haravara.sk\/wp-content\/uploads\/2025\/11\/hviezdne-vianocne-trhy-1.webp 1200w\" sizes=\"(max-width: 1024px) 100vw, 1024px\" \/><\/figure>\n\n\n\n<figure class=\"wp-block-image size-large\"><img decoding=\"async\" width=\"725\" height=\"1024\" data-id=\"20541\" src=\"https:\/\/www.haravara.sk\/wp-content\/uploads\/2025\/11\/carovne-vianoce-na-terase-1-725x1024.webp\" alt=\"\" class=\"wp-image-20541\" srcset=\"https:\/\/www.haravara.sk\/wp-content\/uploads\/2025\/11\/carovne-vianoce-na-terase-1-725x1024.webp 725w, https:\/\/www.haravara.sk\/wp-content\/uploads\/2025\/11\/carovne-vianoce-na-terase-1-213x300.webp 213w, https:\/\/www.haravara.sk\/wp-content\/uploads\/2025\/11\/carovne-vianoce-na-terase-1-768x1084.webp 768w, https:\/\/www.haravara.sk\/wp-content\/uploads\/2025\/11\/carovne-vianoce-na-terase-1-9x12.webp 9w, https:\/\/www.haravara.sk\/wp-content\/uploads\/2025\/11\/carovne-vianoce-na-terase-1.webp 1088w\" sizes=\"(max-width: 725px) 100vw, 725px\" \/><\/figure>\n<\/figure>\n\n\n\n<div style=\"height:45px\" aria-hidden=\"true\" class=\"wp-block-spacer\"><\/div>\n\n\n\n<h3 class=\"wp-block-heading\" id=\"h-35-vianocny-trh-v-spisskej-novej-vsi\"><strong><span style=\"color:#ba20a4\" class=\"has-inline-color\"><strong><strong><strong><strong><strong><strong><strong><strong><mark style=\"background-color:rgba(0, 0, 0, 0);color:#ba20a4\" class=\"has-inline-color\"><strong><strong><strong>\ud83c\udf1f<\/strong><\/strong><\/strong><\/mark><\/strong> 35. Viano\u010dn\u00fd trh v Spi\u0161skej Novej Vsi<\/strong><\/strong><\/strong><\/strong><\/strong><\/strong><\/strong><\/span><\/strong><\/h3>\n\n\n\n<p>\u23f0 Kedy s\u00fa st\u00e1nky otvoren\u00e9?<\/p>\n\n\n\n<p>Tu n\u00e1jdete prev\u00e1dzkov\u00fa dobu pre st\u00e1nky s <strong>dar\u010dekmi a hra\u010dkami<\/strong>:<\/p>\n\n\n\n<ul class=\"wp-block-list\">\n<li><strong>Piatok (12. 12. 2025):<\/strong> 10:00 \u2013 18:00<\/li>\n\n\n\n<li><strong>Sobota (13. 12. 2025):<\/strong> 8:00 \u2013 18:00<\/li>\n\n\n\n<li><strong>Nede\u013ea (14. 12. 2025):<\/strong> 8:00 \u2013 12:00<\/li>\n<\/ul>\n\n\n\n<p><strong>Pozor!<\/strong> St\u00e1nky s jedlom a pit\u00edm (gastro) \ud83e\udd68\u2615 bud\u00fa v piatok a sobotu otvoren\u00e9 dlh\u0161ie: <strong>od 8:00 a\u017e do 22:00! M\u0148am!<\/strong> \ud83d\ude0b<\/p>\n\n\n\n<div style=\"height:25px\" aria-hidden=\"true\" class=\"wp-block-spacer\"><\/div>\n\n\n\n<h5 class=\"wp-block-heading\"><strong>\ud83c\udfad Super program pre deti v PIATOK (12. 12. 2025)<\/strong><\/h5>\n\n\n\n<p>Cel\u00fd program n\u00e1jdete na p\u00f3diu pri Levo\u010dskej br\u00e1ne. Ur\u010dite nezme\u0161kajte toto:<\/p>\n\n\n\n<p><strong>18:00:<\/strong> DETSK\u00dd FOLKL\u00d3RNY<\/p>\n\n\n\n<p><strong>15:15:<\/strong> BLONDUO - Zaspievajte si s nimi! \ud83c\udfb6<\/p>\n\n\n\n<p><strong>16:00:<\/strong> <strong>DIVADLO NA HOJDA\u010cKE:<\/strong> <strong>FEDOR Z KRAJINY MALA<\/strong> \u2013 Vesel\u00e1 <strong>b\u00e1bkov\u00e1 rozpr\u00e1vka<\/strong> s pesni\u010dkami! Je vhodn\u00e1 najm\u00e4 pre deti <strong>od 4 rokov<\/strong>.<\/p>\n\n\n\n<p><strong>17:00:<\/strong> DUO BLIND FRIENDS - \u010eal\u0161\u00ed koncert.<\/p>\n\n\n\n<div style=\"height:45px\" aria-hidden=\"true\" class=\"wp-block-spacer\"><\/div>\n\n\n\n<div class=\"wp-block-group is-nowrap is-layout-flex wp-container-core-group-is-layout-6c531013 wp-block-group-is-layout-flex\">\n<div class=\"wp-block-group has-global-padding\"><div class=\"wp-block-group__inner-container is-layout-constrained wp-block-group-is-layout-constrained\">\n<div class=\"wp-block-columns is-layout-flex wp-container-core-columns-is-layout-28f84493 wp-block-columns-is-layout-flex\">\n<div class=\"wp-block-column is-layout-flow wp-block-column-is-layout-flow\" style=\"flex-basis:100%\">\n<figure class=\"wp-block-gallery has-nested-images columns-default is-cropped wp-block-gallery-3 is-layout-flex wp-block-gallery-is-layout-flex\">\n<figure class=\"wp-block-image size-large\"><img decoding=\"async\" width=\"724\" height=\"1024\" data-id=\"20586\" src=\"https:\/\/www.haravara.sk\/wp-content\/uploads\/2025\/11\/snv-1-724x1024.jpg\" alt=\"\" class=\"wp-image-20586\" srcset=\"https:\/\/www.haravara.sk\/wp-content\/uploads\/2025\/11\/snv-1-724x1024.jpg 724w, https:\/\/www.haravara.sk\/wp-content\/uploads\/2025\/11\/snv-1-212x300.jpg 212w, https:\/\/www.haravara.sk\/wp-content\/uploads\/2025\/11\/snv-1-768x1086.jpg 768w, https:\/\/www.haravara.sk\/wp-content\/uploads\/2025\/11\/snv-1-8x12.jpg 8w, https:\/\/www.haravara.sk\/wp-content\/uploads\/2025\/11\/snv-1.jpg 1024w\" sizes=\"(max-width: 724px) 100vw, 724px\" \/><\/figure>\n<\/figure>\n<\/div>\n<\/div>\n<\/div><\/div>\n<\/div>\n\n\n\n<p>Zdroj a viac inform\u00e1ci\u00ed: <a href=\"https:\/\/www.kosice.sk\/clanok\/v-pondelok-zacinaju-oblubene-kosicke-rozpravkove-vianoce\">https:\/\/www.kosice.sk\/clanok\/v-pondelok-zacinaju-oblubene-kosicke-rozpravkove-vianoce<\/a><\/p>\n\n\n\n<div style=\"height:45px\" aria-hidden=\"true\" class=\"wp-block-spacer\"><\/div>\n\n\n\n<h3 class=\"wp-block-heading\" id=\"h-dalsie-trhy-v-kosickom-kraji\"><strong><mark style=\"background-color:rgba(0, 0, 0, 0);color:#ba20a4\" class=\"has-inline-color\"><strong><strong><strong>\ud83c\udf1f \u010eal\u0161ie trhy v Ko\u0161ickom kraji<\/strong><\/strong><\/strong><\/mark><\/strong><\/h3>\n\n\n\n<div style=\"height:24px\" aria-hidden=\"true\" class=\"wp-block-spacer\"><\/div>\n\n\n\n<p><strong>Rozpr\u00e1vkov\u00e9 viano\u010dn\u00e9 trhy<\/strong> bud\u00fa <strong>v Ro\u017e\u0148ave<\/strong> prebieha\u0165 od <strong>4. do 6. decembra<\/strong> na N\u00e1mest\u00ed ban\u00edkov.<\/p>\n\n\n\n<ul class=\"wp-block-list\">\n<li><strong>Detsk\u00e9 hviezdy:<\/strong> 4. decembra je napl\u00e1novan\u00fd <strong>\u010darodejn\u00fd viano\u010dn\u00fd koncert<\/strong> spev\u00e1\u010dky <strong>Klaudie Vens<\/strong>, ktor\u00fd je vhodn\u00fd pre rodiny.<\/li>\n\n\n\n<li><strong>Mikul\u00e1\u0161sky sprievod:<\/strong> 5. decembra sa uskuto\u010dn\u00ed <strong>Pr\u00edchod Mikul\u00e1\u0161a<\/strong> na n\u00e1mestie. Pre jednoduch\u0161\u00ed pr\u00edstup de\u0165om sa program s Mikul\u00e1\u0161om a rozsvieten\u00edm strom\u010dekov uskuto\u010dn\u00ed aj na vybran\u00fdch s\u00eddlisk\u00e1ch mesta.<\/li>\n\n\n\n<li><strong>Nov\u00e1 atrakcia:<\/strong> Pre rodiny bude pripraven\u00e9 nov\u00e9 <strong>Viano\u010dn\u00e9 meste\u010dko v parku<\/strong>.<\/li>\n<\/ul>\n\n\n\n<p>O <strong>Spi\u0161skej Novej Vsi<\/strong> (12. december) sa o\u010dak\u00e1va tradi\u010dn\u00e1 viano\u010dn\u00e1 atmosf\u00e9ra s programom, ktor\u00e9ho detaily bud\u00fa upresnen\u00e9. <\/p>\n\n\n\n<p>O <strong>Trebi\u0161ove<\/strong> sa o\u010dak\u00e1va tradi\u010dn\u00fd <strong>Mikul\u00e1\u0161sky program<\/strong> (okolo 5.\/6. decembra) a vyst\u00fapenia \u017eiakov miestnych \u0161k\u00f4l.<\/p>\n\n\n\n<p>Men\u0161ie, komunitn\u00e9 trhy v <strong>Vinnom<\/strong> (predpokladan\u00fd term\u00edn 1. alebo 2. decembrov\u00fd v\u00edkend) s\u00fa zn\u00e1me svojim siln\u00fdm rodinn\u00fdm programom vr\u00e1tane <strong>Divadeln\u00e9ho predstavenia pre deti<\/strong> a <strong>Pr\u00edchodu Mikul\u00e1\u0161a<\/strong>.<\/p>\n\n\n\n<p><\/p>\n\n\n\n<div style=\"height:24px\" aria-hidden=\"true\" class=\"wp-block-spacer\"><\/div>\n\n\n\n<div style=\"height:24px\" aria-hidden=\"true\" class=\"wp-block-spacer\"><\/div>\n\n\n\n<figure class=\"wp-block-gallery has-nested-images columns-default is-cropped wp-block-gallery-4 is-layout-flex wp-block-gallery-is-layout-flex\">\n<figure class=\"wp-block-image size-large\"><img decoding=\"async\" width=\"724\" height=\"1024\" data-id=\"20547\" src=\"https:\/\/www.haravara.sk\/wp-content\/uploads\/2025\/11\/trhy-roznava-1-724x1024.jpg\" alt=\"\" class=\"wp-image-20547\" srcset=\"https:\/\/www.haravara.sk\/wp-content\/uploads\/2025\/11\/trhy-roznava-1-724x1024.jpg 724w, https:\/\/www.haravara.sk\/wp-content\/uploads\/2025\/11\/trhy-roznava-1-212x300.jpg 212w, https:\/\/www.haravara.sk\/wp-content\/uploads\/2025\/11\/trhy-roznava-1-768x1086.jpg 768w, https:\/\/www.haravara.sk\/wp-content\/uploads\/2025\/11\/trhy-roznava-1-1086x1536.jpg 1086w, https:\/\/www.haravara.sk\/wp-content\/uploads\/2025\/11\/trhy-roznava-1-8x12.jpg 8w, https:\/\/www.haravara.sk\/wp-content\/uploads\/2025\/11\/trhy-roznava-1.jpg 1358w\" sizes=\"(max-width: 724px) 100vw, 724px\" \/><\/figure>\n\n\n\n<figure class=\"wp-block-image alignfull size-large\"><img decoding=\"async\" width=\"525\" height=\"371\" data-id=\"20546\" src=\"https:\/\/www.haravara.sk\/wp-content\/uploads\/2025\/11\/zimne-trhy-trebisov-1.jpg\" alt=\"\" class=\"wp-image-20546\" srcset=\"https:\/\/www.haravara.sk\/wp-content\/uploads\/2025\/11\/zimne-trhy-trebisov-1.jpg 525w, https:\/\/www.haravara.sk\/wp-content\/uploads\/2025\/11\/zimne-trhy-trebisov-1-300x212.jpg 300w, https:\/\/www.haravara.sk\/wp-content\/uploads\/2025\/11\/zimne-trhy-trebisov-1-18x12.jpg 18w\" sizes=\"(max-width: 525px) 100vw, 525px\" \/><\/figure>\n\n\n\n<figure class=\"wp-block-image size-large is-style-default\"><img decoding=\"async\" width=\"1024\" height=\"539\" data-id=\"20545\" src=\"https:\/\/www.haravara.sk\/wp-content\/uploads\/2025\/11\/gemer-vian.-trhy-1.jpg\" alt=\"\" class=\"wp-image-20545\" srcset=\"https:\/\/www.haravara.sk\/wp-content\/uploads\/2025\/11\/gemer-vian.-trhy-1.jpg 1024w, https:\/\/www.haravara.sk\/wp-content\/uploads\/2025\/11\/gemer-vian.-trhy-1-300x158.jpg 300w, https:\/\/www.haravara.sk\/wp-content\/uploads\/2025\/11\/gemer-vian.-trhy-1-768x404.jpg 768w, https:\/\/www.haravara.sk\/wp-content\/uploads\/2025\/11\/gemer-vian.-trhy-1-18x9.jpg 18w\" sizes=\"(max-width: 1024px) 100vw, 1024px\" \/><\/figure>\n<\/figure>\n\n\n\n<div style=\"height:24px\" aria-hidden=\"true\" class=\"wp-block-spacer\"><\/div>\n\n\n\n<h3 class=\"wp-block-heading\" id=\"h-nevahajte-a-pridte-si-uzit-tu-pravu-vianocnu-atmosferu\"><mark style=\"background-color:rgba(0, 0, 0, 0);color:#ba20a4\" class=\"has-inline-color\">Nev\u00e1hajte a pr\u00ed\u010fte si u\u017ei\u0165 t\u00fa prav\u00fa viano\u010dn\u00fa atmosf\u00e9ru<\/mark><\/h3>","protected":false},"excerpt":{"rendered":"<p>\u201eNa Hlavnej ulici, v Rozpr\u00e1vkovom parku, je ukryt\u00fd Mikul\u00e1\u0161sky Zvon\u010dek. Ak ho n\u00e1jdete, dostanete sa na p\u00f3dium k najv\u00e4\u010d\u0161iemu viano\u010dn\u00e9mu stromu, kde pr\u00e1ve vystupuje T\u00e1rajko a Popletajka! Je to pre deti aj dospel\u00fdch a d\u00e1 sa tam za\u017ei\u0165 kopa z\u00e1bavy.\u201c l\u00e1kal na\u0161ich s\u00farodencov Ka\u0161ko na n\u00e1v\u0161tevu viano\u010dn\u00fdch trhov. Majkine o\u010di za\u017eiarili: \u201eA ke\u010f n\u00e1jdeme zvon\u010dek...<\/p>","protected":false},"featured_media":20553,"menu_order":0,"template":"","format":"standard","meta":{"_acf_changed":false,"footnotes":""},"categories":[17,1],"class_list":["post-20536","vylety","type-vylety","status-publish","format-standard","has-post-thumbnail","hentry","category-jednodnove-vylety","category-tipy-pre-rodicov"],"acf":[],"yoast_head":"<!-- This site is optimized with the Yoast SEO Premium plugin v22.7 (Yoast SEO v27.5) - https:\/\/yoast.com\/product\/yoast-seo-premium-wordpress\/ -->\n<title>\u2b50HARAVARA - Kam s de\u0165mi v Ko\u0161ickom kraji - Preh\u013ead viano\u010dn\u00fdch trhov v Ko\u0161ickom kraji<\/title>\n<meta name=\"description\" content=\"P\u00fdtate sa kam s de\u0165mi v Ko\u0161ickom kraji? Odpove\u010f je HARAVARA Nechajte sa in\u0161pirova\u0165 skvel\u00fdmi tipmi na rodinn\u00e9 v\u00fdlety, podujatia...\" \/>\n<meta name=\"robots\" content=\"index, follow, max-snippet:-1, max-image-preview:large, max-video-preview:-1\" \/>\n<link rel=\"canonical\" href=\"https:\/\/www.haravara.sk\/hu\/vylety\/prehlad-vianocnych-trhov-v-kosickom-kraji\/\" \/>\n<meta property=\"og:locale\" content=\"hu_HU\" \/>\n<meta property=\"og:type\" content=\"article\" \/>\n<meta property=\"og:title\" content=\"Preh\u013ead viano\u010dn\u00fdch trhov v Ko\u0161ickom kraji\" \/>\n<meta property=\"og:description\" content=\"P\u00fdtate sa kam s de\u0165mi v Ko\u0161ickom kraji? Odpove\u010f je HARAVARA Nechajte sa in\u0161pirova\u0165 skvel\u00fdmi tipmi na rodinn\u00e9 v\u00fdlety, podujatia...\" \/>\n<meta property=\"og:url\" content=\"https:\/\/www.haravara.sk\/hu\/vylety\/prehlad-vianocnych-trhov-v-kosickom-kraji\/\" \/>\n<meta property=\"og:site_name\" content=\"HARAVARA\" \/>\n<meta property=\"article:publisher\" content=\"https:\/\/www.facebook.com\/haravara.detsky.svet\" \/>\n<meta property=\"article:modified_time\" content=\"2025-12-04T19:46:34+00:00\" \/>\n<meta property=\"og:image\" content=\"https:\/\/www.haravara.sk\/wp-content\/uploads\/2023\/04\/archeoskanzen-3-scaled-1.jpg\" \/>\n\t<meta property=\"og:image:width\" content=\"2560\" \/>\n\t<meta property=\"og:image:height\" content=\"1707\" \/>\n\t<meta property=\"og:image:type\" content=\"image\/jpeg\" \/>\n<meta name=\"twitter:card\" content=\"summary_large_image\" \/>\n<meta name=\"twitter:label1\" content=\"Becs\u00fclt olvas\u00e1si id\u0151\" \/>\n\t<meta name=\"twitter:data1\" content=\"7 perc\" \/>\n<script type=\"application\/ld+json\" class=\"yoast-schema-graph\">{\"@context\":\"https:\\\/\\\/schema.org\",\"@graph\":[{\"@type\":\"WebPage\",\"@id\":\"https:\\\/\\\/www.haravara.sk\\\/vylety\\\/prehlad-vianocnych-trhov-v-kosickom-kraji\\\/\",\"url\":\"https:\\\/\\\/www.haravara.sk\\\/vylety\\\/prehlad-vianocnych-trhov-v-kosickom-kraji\\\/\",\"name\":\"\u2b50HARAVARA - Kam s de\u0165mi v Ko\u0161ickom kraji - Preh\u013ead viano\u010dn\u00fdch trhov v Ko\u0161ickom kraji\",\"isPartOf\":{\"@id\":\"https:\\\/\\\/www.haravara.sk\\\/#website\"},\"primaryImageOfPage\":{\"@id\":\"https:\\\/\\\/www.haravara.sk\\\/vylety\\\/prehlad-vianocnych-trhov-v-kosickom-kraji\\\/#primaryimage\"},\"image\":{\"@id\":\"https:\\\/\\\/www.haravara.sk\\\/vylety\\\/prehlad-vianocnych-trhov-v-kosickom-kraji\\\/#primaryimage\"},\"thumbnailUrl\":\"https:\\\/\\\/www.haravara.sk\\\/wp-content\\\/uploads\\\/2025\\\/11\\\/advent-1-1.jpg\",\"datePublished\":\"2025-11-30T13:03:10+00:00\",\"dateModified\":\"2025-12-04T19:46:34+00:00\",\"description\":\"P\u00fdtate sa kam s de\u0165mi v Ko\u0161ickom kraji? Odpove\u010f je HARAVARA Nechajte sa in\u0161pirova\u0165 skvel\u00fdmi tipmi na rodinn\u00e9 v\u00fdlety, podujatia...\",\"breadcrumb\":{\"@id\":\"https:\\\/\\\/www.haravara.sk\\\/vylety\\\/prehlad-vianocnych-trhov-v-kosickom-kraji\\\/#breadcrumb\"},\"inLanguage\":\"hu\",\"potentialAction\":[{\"@type\":\"ReadAction\",\"target\":[\"https:\\\/\\\/www.haravara.sk\\\/vylety\\\/prehlad-vianocnych-trhov-v-kosickom-kraji\\\/\"]}]},{\"@type\":\"ImageObject\",\"inLanguage\":\"hu\",\"@id\":\"https:\\\/\\\/www.haravara.sk\\\/vylety\\\/prehlad-vianocnych-trhov-v-kosickom-kraji\\\/#primaryimage\",\"url\":\"https:\\\/\\\/www.haravara.sk\\\/wp-content\\\/uploads\\\/2025\\\/11\\\/advent-1-1.jpg\",\"contentUrl\":\"https:\\\/\\\/www.haravara.sk\\\/wp-content\\\/uploads\\\/2025\\\/11\\\/advent-1-1.jpg\",\"width\":275,\"height\":183},{\"@type\":\"BreadcrumbList\",\"@id\":\"https:\\\/\\\/www.haravara.sk\\\/vylety\\\/prehlad-vianocnych-trhov-v-kosickom-kraji\\\/#breadcrumb\",\"itemListElement\":[{\"@type\":\"ListItem\",\"position\":1,\"name\":\"Domov\",\"item\":\"https:\\\/\\\/www.haravara.sk\\\/\"},{\"@type\":\"ListItem\",\"position\":2,\"name\":\"V\u00fdlety\",\"item\":\"https:\\\/\\\/www.haravara.sk\\\/vylety\\\/\"},{\"@type\":\"ListItem\",\"position\":3,\"name\":\"Preh\u013ead viano\u010dn\u00fdch trhov v Ko\u0161ickom kraji\"}]},{\"@type\":\"WebSite\",\"@id\":\"https:\\\/\\\/www.haravara.sk\\\/#website\",\"url\":\"https:\\\/\\\/www.haravara.sk\\\/\",\"name\":\"HARAVARA\",\"description\":\"Objav detsk\u00fd svet v Ko\u0161ickom kraji\",\"publisher\":{\"@id\":\"https:\\\/\\\/www.haravara.sk\\\/#organization\"},\"potentialAction\":[{\"@type\":\"SearchAction\",\"target\":{\"@type\":\"EntryPoint\",\"urlTemplate\":\"https:\\\/\\\/www.haravara.sk\\\/?s={search_term_string}\"},\"query-input\":{\"@type\":\"PropertyValueSpecification\",\"valueRequired\":true,\"valueName\":\"search_term_string\"}}],\"inLanguage\":\"hu\"},{\"@type\":\"Organization\",\"@id\":\"https:\\\/\\\/www.haravara.sk\\\/#organization\",\"name\":\"Haravara\",\"url\":\"https:\\\/\\\/www.haravara.sk\\\/\",\"logo\":{\"@type\":\"ImageObject\",\"inLanguage\":\"hu\",\"@id\":\"https:\\\/\\\/www.haravara.sk\\\/#\\\/schema\\\/logo\\\/image\\\/\",\"url\":\"https:\\\/\\\/www.haravara.sk\\\/wp-content\\\/uploads\\\/2021\\\/04\\\/LOGO-LandingPage.png\",\"contentUrl\":\"https:\\\/\\\/www.haravara.sk\\\/wp-content\\\/uploads\\\/2021\\\/04\\\/LOGO-LandingPage.png\",\"width\":832,\"height\":618,\"caption\":\"Haravara\"},\"image\":{\"@id\":\"https:\\\/\\\/www.haravara.sk\\\/#\\\/schema\\\/logo\\\/image\\\/\"},\"sameAs\":[\"https:\\\/\\\/www.facebook.com\\\/haravara.detsky.svet\"]}]}<\/script>\n<!-- \/ Yoast SEO Premium plugin. -->","yoast_head_json":{"title":"\u2b50HARAVARA - Kam s de\u0165mi v Ko\u0161ickom kraji - Preh\u013ead viano\u010dn\u00fdch trhov v Ko\u0161ickom kraji","description":"P\u00fdtate sa kam s de\u0165mi v Ko\u0161ickom kraji? Odpove\u010f je HARAVARA Nechajte sa in\u0161pirova\u0165 skvel\u00fdmi tipmi na rodinn\u00e9 v\u00fdlety, podujatia...","robots":{"index":"index","follow":"follow","max-snippet":"max-snippet:-1","max-image-preview":"max-image-preview:large","max-video-preview":"max-video-preview:-1"},"canonical":"https:\/\/www.haravara.sk\/hu\/vylety\/prehlad-vianocnych-trhov-v-kosickom-kraji\/","og_locale":"hu_HU","og_type":"article","og_title":"Preh\u013ead viano\u010dn\u00fdch trhov v Ko\u0161ickom kraji","og_description":"P\u00fdtate sa kam s de\u0165mi v Ko\u0161ickom kraji? Odpove\u010f je HARAVARA Nechajte sa in\u0161pirova\u0165 skvel\u00fdmi tipmi na rodinn\u00e9 v\u00fdlety, podujatia...","og_url":"https:\/\/www.haravara.sk\/hu\/vylety\/prehlad-vianocnych-trhov-v-kosickom-kraji\/","og_site_name":"HARAVARA","article_publisher":"https:\/\/www.facebook.com\/haravara.detsky.svet","article_modified_time":"2025-12-04T19:46:34+00:00","og_image":[{"width":2560,"height":1707,"url":"https:\/\/www.haravara.sk\/wp-content\/uploads\/2023\/04\/archeoskanzen-3-scaled-1.jpg","type":"image\/jpeg"}],"twitter_card":"summary_large_image","twitter_misc":{"Becs\u00fclt olvas\u00e1si id\u0151":"7 perc"},"schema":{"@context":"https:\/\/schema.org","@graph":[{"@type":"WebPage","@id":"https:\/\/www.haravara.sk\/vylety\/prehlad-vianocnych-trhov-v-kosickom-kraji\/","url":"https:\/\/www.haravara.sk\/vylety\/prehlad-vianocnych-trhov-v-kosickom-kraji\/","name":"\u2b50HARAVARA - Kam s de\u0165mi v Ko\u0161ickom kraji - Preh\u013ead viano\u010dn\u00fdch trhov v Ko\u0161ickom kraji","isPartOf":{"@id":"https:\/\/www.haravara.sk\/#website"},"primaryImageOfPage":{"@id":"https:\/\/www.haravara.sk\/vylety\/prehlad-vianocnych-trhov-v-kosickom-kraji\/#primaryimage"},"image":{"@id":"https:\/\/www.haravara.sk\/vylety\/prehlad-vianocnych-trhov-v-kosickom-kraji\/#primaryimage"},"thumbnailUrl":"https:\/\/www.haravara.sk\/wp-content\/uploads\/2025\/11\/advent-1-1.jpg","datePublished":"2025-11-30T13:03:10+00:00","dateModified":"2025-12-04T19:46:34+00:00","description":"P\u00fdtate sa kam s de\u0165mi v Ko\u0161ickom kraji? Odpove\u010f je HARAVARA Nechajte sa in\u0161pirova\u0165 skvel\u00fdmi tipmi na rodinn\u00e9 v\u00fdlety, podujatia...","breadcrumb":{"@id":"https:\/\/www.haravara.sk\/vylety\/prehlad-vianocnych-trhov-v-kosickom-kraji\/#breadcrumb"},"inLanguage":"hu","potentialAction":[{"@type":"ReadAction","target":["https:\/\/www.haravara.sk\/vylety\/prehlad-vianocnych-trhov-v-kosickom-kraji\/"]}]},{"@type":"ImageObject","inLanguage":"hu","@id":"https:\/\/www.haravara.sk\/vylety\/prehlad-vianocnych-trhov-v-kosickom-kraji\/#primaryimage","url":"https:\/\/www.haravara.sk\/wp-content\/uploads\/2025\/11\/advent-1-1.jpg","contentUrl":"https:\/\/www.haravara.sk\/wp-content\/uploads\/2025\/11\/advent-1-1.jpg","width":275,"height":183},{"@type":"BreadcrumbList","@id":"https:\/\/www.haravara.sk\/vylety\/prehlad-vianocnych-trhov-v-kosickom-kraji\/#breadcrumb","itemListElement":[{"@type":"ListItem","position":1,"name":"Domov","item":"https:\/\/www.haravara.sk\/"},{"@type":"ListItem","position":2,"name":"V\u00fdlety","item":"https:\/\/www.haravara.sk\/vylety\/"},{"@type":"ListItem","position":3,"name":"Preh\u013ead viano\u010dn\u00fdch trhov v Ko\u0161ickom kraji"}]},{"@type":"WebSite","@id":"https:\/\/www.haravara.sk\/#website","url":"https:\/\/www.haravara.sk\/","name":"HARAVARA","description":"Objav detsk\u00fd svet v Ko\u0161ickom kraji","publisher":{"@id":"https:\/\/www.haravara.sk\/#organization"},"potentialAction":[{"@type":"SearchAction","target":{"@type":"EntryPoint","urlTemplate":"https:\/\/www.haravara.sk\/?s={search_term_string}"},"query-input":{"@type":"PropertyValueSpecification","valueRequired":true,"valueName":"search_term_string"}}],"inLanguage":"hu"},{"@type":"Organization","@id":"https:\/\/www.haravara.sk\/#organization","name":"Haravara","url":"https:\/\/www.haravara.sk\/","logo":{"@type":"ImageObject","inLanguage":"hu","@id":"https:\/\/www.haravara.sk\/#\/schema\/logo\/image\/","url":"https:\/\/www.haravara.sk\/wp-content\/uploads\/2021\/04\/LOGO-LandingPage.png","contentUrl":"https:\/\/www.haravara.sk\/wp-content\/uploads\/2021\/04\/LOGO-LandingPage.png","width":832,"height":618,"caption":"Haravara"},"image":{"@id":"https:\/\/www.haravara.sk\/#\/schema\/logo\/image\/"},"sameAs":["https:\/\/www.facebook.com\/haravara.detsky.svet"]}]}},"_links":{"self":[{"href":"https:\/\/www.haravara.sk\/hu\/wp-json\/wp\/v2\/vylety\/20536","targetHints":{"allow":["GET"]}}],"collection":[{"href":"https:\/\/www.haravara.sk\/hu\/wp-json\/wp\/v2\/vylety"}],"about":[{"href":"https:\/\/www.haravara.sk\/hu\/wp-json\/wp\/v2\/types\/vylety"}],"version-history":[{"count":2,"href":"https:\/\/www.haravara.sk\/hu\/wp-json\/wp\/v2\/vylety\/20536\/revisions"}],"predecessor-version":[{"id":20591,"href":"https:\/\/www.haravara.sk\/hu\/wp-json\/wp\/v2\/vylety\/20536\/revisions\/20591"}],"wp:featuredmedia":[{"embeddable":true,"href":"https:\/\/www.haravara.sk\/hu\/wp-json\/wp\/v2\/media\/20553"}],"wp:attachment":[{"href":"https:\/\/www.haravara.sk\/hu\/wp-json\/wp\/v2\/media?parent=20536"}],"wp:term":[{"taxonomy":"category","embeddable":true,"href":"https:\/\/www.haravara.sk\/hu\/wp-json\/wp\/v2\/categories?post=20536"}],"curies":[{"name":"wp","href":"https:\/\/api.w.org\/{rel}","templated":true}]}}