{"id":5583,"date":"2025-04-22T15:06:36","date_gmt":"2025-04-22T14:06:36","guid":{"rendered":"https:\/\/www.haravara.sk\/?post_type=vylety&#038;p=5583"},"modified":"2025-05-20T16:27:47","modified_gmt":"2025-05-20T15:27:47","slug":"cez-sivu-bradu-az-po-kamenne-mesto","status":"publish","type":"vylety","link":"https:\/\/www.haravara.sk\/hu\/vylety\/cez-sivu-bradu-az-po-kamenne-mesto\/","title":{"rendered":"A Sz\u00fcrke Szak\u00e1llt\u00f3l a k\u0151v\u00e1rosig"},"content":{"rendered":"<blockquote class=\"wp-block-quote is-style-default is-layout-flow wp-block-quote-is-layout-flow\">\n<p>,,L\u00e1tt\u00e1tok m\u00e1r a Sz\u00fcrke Szak\u00e1llt?\" k\u00e9rdezte Kask\u00f3 a bar\u00e1tait\u00f3l, akik azon nyomban fergeteges kacag\u00e1sban t\u00f6rtek ki. <br>,,Hogyne, a nagyap\u00e1nak is van sz\u00fcrke szak\u00e1lla,\u201c nevetett Maxi, szinte a hasa is belef\u00e1jdult. <br>,,\u00c9s a buszsof\u0151rnek, Jaro b\u00e1csinak is,\" eg\u00e9sz\u00edtette ki Maja, sz\u00e9les vigyorral. <br>,,De \u00e9n nem olyan szak\u00e1llra gondolok, hanem egy gejz\u00edrre, amelyet Sz\u00fcrke Szak\u00e1llnak neveznek,\" pr\u00f3b\u00e1lta nekik elmagyar\u00e1zni Kask\u00f3, de tudta, hogy am\u00edg nem mutatja meg nekik a gejz\u00edr, \u00fagysem fogj\u00e1k abbahagyni a nevet\u00e9st.\" <\/p>\n<\/blockquote>\n\n\n\n<figure class=\"wp-block-gallery has-nested-images columns-default is-cropped wp-block-gallery-1 is-layout-flex wp-block-gallery-is-layout-flex\">\n<figure class=\"wp-block-image size-large\"><img decoding=\"async\" width=\"1024\" height=\"769\" data-id=\"2230\" src=\"https:\/\/www.haravara.sk\/wp-content\/uploads\/2021\/05\/siva-brada-1024x769.jpg\" alt=\"Siv\u00e1 brada\" class=\"wp-image-2230\" srcset=\"https:\/\/www.haravara.sk\/wp-content\/uploads\/2021\/05\/siva-brada-1024x769.jpg 1024w, https:\/\/www.haravara.sk\/wp-content\/uploads\/2021\/05\/siva-brada-300x225.jpg 300w, https:\/\/www.haravara.sk\/wp-content\/uploads\/2021\/05\/siva-brada-768x576.jpg 768w, https:\/\/www.haravara.sk\/wp-content\/uploads\/2021\/05\/siva-brada.jpg 1187w\" sizes=\"(max-width: 1024px) 100vw, 1024px\" \/><figcaption class=\"wp-element-caption\">Gejz\u00edr na Sivej brade <\/figcaption><\/figure>\n\n\n\n<figure class=\"wp-block-image size-large\"><img decoding=\"async\" width=\"1024\" height=\"683\" data-id=\"2505\" src=\"https:\/\/www.haravara.sk\/wp-content\/uploads\/2021\/05\/atrakcia-foto-2021-05-25T213445.967-1-1024x683.jpg\" alt=\"\" class=\"wp-image-2505\" srcset=\"https:\/\/www.haravara.sk\/wp-content\/uploads\/2021\/05\/atrakcia-foto-2021-05-25T213445.967-1-1024x683.jpg 1024w, https:\/\/www.haravara.sk\/wp-content\/uploads\/2021\/05\/atrakcia-foto-2021-05-25T213445.967-1-300x200.jpg 300w, https:\/\/www.haravara.sk\/wp-content\/uploads\/2021\/05\/atrakcia-foto-2021-05-25T213445.967-1-768x512.jpg 768w, https:\/\/www.haravara.sk\/wp-content\/uploads\/2021\/05\/atrakcia-foto-2021-05-25T213445.967-1-1536x1024.jpg 1536w, https:\/\/www.haravara.sk\/wp-content\/uploads\/2021\/05\/atrakcia-foto-2021-05-25T213445.967-1-2048x1365.jpg 2048w, https:\/\/www.haravara.sk\/wp-content\/uploads\/2021\/05\/atrakcia-foto-2021-05-25T213445.967-1-scaled.jpg 2560w\" sizes=\"(max-width: 1024px) 100vw, 1024px\" \/><figcaption class=\"wp-element-caption\">A Szepesi-v\u00e1r<\/figcaption><\/figure>\n\n\n\n<figure class=\"wp-block-image size-large\"><img decoding=\"async\" width=\"1024\" height=\"683\" data-id=\"1801\" src=\"https:\/\/www.haravara.sk\/wp-content\/uploads\/2021\/04\/atrakcia-foto-49-1024x683.jpg\" alt=\"\" class=\"wp-image-1801\" srcset=\"https:\/\/www.haravara.sk\/wp-content\/uploads\/2021\/04\/atrakcia-foto-49-1024x683.jpg 1024w, https:\/\/www.haravara.sk\/wp-content\/uploads\/2021\/04\/atrakcia-foto-49-300x200.jpg 300w, https:\/\/www.haravara.sk\/wp-content\/uploads\/2021\/04\/atrakcia-foto-49-768x512.jpg 768w, https:\/\/www.haravara.sk\/wp-content\/uploads\/2021\/04\/atrakcia-foto-49-1536x1024.jpg 1536w, https:\/\/www.haravara.sk\/wp-content\/uploads\/2021\/04\/atrakcia-foto-49-2048x1365.jpg 2048w, https:\/\/www.haravara.sk\/wp-content\/uploads\/2021\/04\/atrakcia-foto-49-scaled.jpg 2560w\" sizes=\"(max-width: 1024px) 100vw, 1024px\" \/><figcaption class=\"wp-element-caption\">Dreven\u00edk<\/figcaption><\/figure>\n<\/figure>\n\n\n\n<p>L\u00e1ttatok m\u00e1r n\u00f6vekv\u0151 hegyet? Jobban mondva, egy n\u00f6vekv\u0151 kupacot, amib\u0151l gejz\u00edr t\u00f6r fel?  M\u00e9ghozz\u00e1 egy gy\u00f3gyviz\u0171 gejz\u00edr? Az \u00e1sv\u00e1nyviz\u0171 Sz\u00fcrke Szak\u00e1ll elb\u0171v\u00f6l\u0151 l\u00e1tv\u00e1nyt ny\u00fajt: a f\u00f6ld m\u00e9ly\u00e9r\u0151l bugyog fel, titokzatos ny\u00edl\u00e1sokb\u00f3l, \u0151si hangokat hallatva. A m\u00e9sztufa-l\u00e9pcs\u0151k is ugyanilyen \u00e9rdekesek, ny\u00e1ron \u00fagy n\u00e9znek ki, mint a h\u00f3takar\u00f3. Gyertek el megn\u00e9zni ezt a rejt\u00e9lyes sz\u00e9ps\u00e9get! A k\u00f6zelb\u0151l leny\u0171g\u00f6z\u0151 l\u00e1tv\u00e1nyt ny\u00fajt a Szepesi v\u00e1r \u00e9s a Drevenik hasad\u00e1sos eredet\u0171 barlangjai, szikl\u00e1s k\u00e9pz\u0151dm\u00e9nyei, szurdokai \u00e9s kanyonjai.<\/p>\n\n\n\n<p><\/p>\n\n\n<div class=\"wp-block-image\">\n<figure class=\"aligncenter size-large\"><img decoding=\"async\" width=\"1024\" height=\"493\" src=\"https:\/\/www.haravara.sk\/wp-content\/uploads\/2021\/11\/SPODOK-STRANKY-2-1-1024x493.png\" alt=\"\" class=\"wp-image-5585\" srcset=\"https:\/\/www.haravara.sk\/wp-content\/uploads\/2021\/11\/SPODOK-STRANKY-2-1-1024x493.png 1024w, https:\/\/www.haravara.sk\/wp-content\/uploads\/2021\/11\/SPODOK-STRANKY-2-1-300x144.png 300w, https:\/\/www.haravara.sk\/wp-content\/uploads\/2021\/11\/SPODOK-STRANKY-2-1-768x370.png 768w, https:\/\/www.haravara.sk\/wp-content\/uploads\/2021\/11\/SPODOK-STRANKY-2-1-1536x739.png 1536w, https:\/\/www.haravara.sk\/wp-content\/uploads\/2021\/11\/SPODOK-STRANKY-2-1-2048x985.png 2048w, https:\/\/www.haravara.sk\/wp-content\/uploads\/2021\/11\/SPODOK-STRANKY-2-1.png 2500w\" sizes=\"(max-width: 1024px) 100vw, 1024px\" \/><\/figure>\n<\/div>\n\n\n<h4 class=\"wp-block-heading\" id=\"h-gejzir-na-sivej-brade\"><strong><span style=\"color:#ba20a4\" class=\"has-inline-color\"><a href=\"https:\/\/www.haravara.sk\/hu\/atrakcie\/siva-brada\/\">Gejz\u00edr a Sz\u00fcrke Szak\u00e1llon <\/a><\/span><\/strong><\/h4>\n\n\n\n<p>L\u00e1tt\u00e1tok m\u00e1r ezeket a titokzatos szepesi ny\u00edl\u00e1sokat, ahonnan a f\u00f6ldfelsz\u00edn alatti v\u00edz hangja hallatszik? M\u00e9g annak ellen\u00e9re is, hogy a k\u00f6zelben vezet az \u00fat, j\u00f3l hallani ezeket a sz\u0171nni nem akar\u00f3 hangokat. A Sz\u00fcrke Szak\u00e1llon kis m\u00e9sztufa-kr\u00e1tereket is lehet tal\u00e1lni, amelyekb\u0151l nem v\u00edz, hanem sz\u00e9n-dioxid t\u00f6r fel. Nagyobb mennyis\u00e9g bel\u00e9legz\u00e9se eset\u00e9n egy kisebb \u00e9l\u0151l\u00e9ny sz\u00e1m\u00e1ra ak\u00e1r v\u00e9gzetes is lehet. Erre legink\u00e1bb a madarak fizetnek r\u00e1, n\u00e9hol \u00e9szrevehetj\u00fck elhullt test\u00fcket. A Sz\u00fcrke Szak\u00e1ll egy teljesen egyedi term\u00e9szeti k\u00e9pz\u0151dm\u00e9ny, egy tov\u00e1bbra is n\u00f6vekv\u0151 m\u00e9sztufa-domb. Hogyan lehets\u00e9ges ez? A forr\u00e1sokban l\u00e9v\u0151 \u00e1sv\u00e1nyi anyag a tavacska partj\u00e1n kicsap\u00f3dik, feh\u00e9r forr\u00e1sm\u00e9szk\u0151k\u00e9nt, amelyek megkem\u00e9nyednek \u00e9s \u00edgy alakulnak kupacc\u00e1, dombb\u00e1, heggy\u00e9. Nem semmi, igaz? Sokak sz\u00e1m\u00e1ra azonban a gejz\u00edr az igazi l\u00e1tv\u00e1nyoss\u00e1g, amely bizonyos id\u0151szakokban ak\u00e1r 3 m\u00e9ter magasra is felt\u00f6r, m\u00e1skor pedig a t\u00f3 felsz\u00edn\u00e9n bugyog. A Sz\u00fcrke Szak\u00e1ll tetej\u00e9n \u00e1ll egy fest\u0151i sz\u00e9ps\u00e9g\u0171 romantikus barokk k\u00e1polna, a Szent Kereszt-k\u00e1polna, amelynek k\u00f6zep\u00e9b\u0151l valaha szint\u00e9n forr\u00e1s fakadt.<\/p>\n\n\n\n<div style=\"height:45px\" aria-hidden=\"true\" class=\"wp-block-spacer\"><\/div>\n\n\n\n<h4 class=\"wp-block-heading\"><strong><span style=\"color:#ba20a4\" class=\"has-inline-color\"><a href=\"https:\/\/www.haravara.sk\/hu\/atrakcie\/spissky-hrad\/\">A Szepesi-v\u00e1r<\/a><\/span><\/strong><\/h4>\n\n\n\n<p>Szeretn\u00e9d bevenni a legnagyobb k\u00f6z\u00e9pkori v\u00e1rat? J\u00f3 kis kaland lehetne, ha a f\u0151bej\u00e1ratot a szikl\u00e1n \u00e1t k\u00f6zel\u00edten\u00e9nk meg, ahogy r\u00e9gen az ellens\u00e9g. De ink\u00e1bb gondolj\u00e1tok \u00e1t. A Szepesi v\u00e1rat ugyanis sohasem vett\u00e9k be! Ez f\u0151k\u00e9nt a neh\u00e9z, nehezen megk\u00f6zel\u00edthet\u0151 terepnek k\u00f6sz\u00f6nhet\u0151, amelyet m\u00e9g ha el is \u00e9rtek, a v\u00e1rfalakn\u00e1l m\u00e1r v\u00e1rt\u00e1k \u0151ket a der\u00e9k v\u00e1rv\u00e9d\u0151 katon\u00e1k. A Szepesi v\u00e1r egyik legjobb \u00e1llapotban fennmaradt helyis\u00e9ge az eredeti konyha, ahol ma r\u00e9gi konyhai eszk\u00f6z\u00f6kb\u0151l ny\u00edlt ki\u00e1ll\u00edt\u00e1s. Ezenk\u00edv\u00fcl l\u00e1thatunk a v\u00e1rban r\u00e9gi szob\u00e1kat \u00e9s egy eredeti k\u00ednz\u00f3kamr\u00e1t is. A v\u00e1rhoz r\u00e9gebben egy malom is tartozott, amely a teljes lakoss\u00e1g sz\u00e1m\u00e1ra biztos\u00edtotta a lisztet, a csel\u00e9ds\u00e9get is bele\u00e9rtve. K\u00e9pzelj\u00e9tek el, hogy m\u00e9g egy kis barlang is van itt, ahov\u00e1 az urak sz\u00fcks\u00e9g eset\u00e9n el tudtak b\u00fajni. Megtekinthet\u0151k az udvarok, a v\u00e1rfalak egy r\u00e9sze, a k\u00e1polna, a konyha, a szob\u00e1k \u00e9s egy gazdag fegyvergy\u0171jtem\u00e9ny is.<\/p>\n\n\n\n<div style=\"height:45px\" aria-hidden=\"true\" class=\"wp-block-spacer\"><\/div>\n\n\n\n<h4 class=\"wp-block-heading\"><strong><span style=\"color:#ba20a4\" class=\"has-inline-color\"><a href=\"https:\/\/www.haravara.sk\/hu\/atrakcie\/skalne-mestecko-drevenik\/\">Dreven\u00edk, a sziklav\u00e1ros<\/a><\/span><\/strong><\/h4>\n\n\n\n<p>\u00c9s most m\u00e1r csak \u00f6ssze kell a szikl\u00e1s hasad\u00e9kokat \u00e9s a barlangokat - \u00e9s meg is van az \u00faj \u00fatic\u00e9l: Szlov\u00e1kia legnagyobb forr\u00e1sm\u00e9szk\u0151 (travert\u00edn\u00f3) ter\u00fclete, ahol hasad\u00e1sos eredet\u0171 barlangok, szikl\u00e1s k\u00e9pz\u0151dm\u00e9nyek, szurdokok, s\u0151t szakad\u00e9kok is v\u00e1rj\u00e1k a l\u00e1togat\u00f3kat. A legismertebbek a Pokol \u00e9s a K\u0151paradicsom nev\u0171 szurdokok. A K\u0151paradicsomban toronyszer\u0171 szikl\u00e1s k\u00e9pz\u0151dm\u00e9nyek magasodnak. A domb egy tektonikus k\u0151fejt\u0151n alakult ki, \u00e1sv\u00e1nyviz\u0171 forr\u00e1sokb\u00f3l, t\u00f6bb m\u00e9szk\u0151 \u00e9s travert\u00edn\u00f3 halom \u00f6sszeolvad\u00e1s\u00e1val (Pa\u017eie, Kozia, Ostr\u00e1 hura). Ha kedvelitek a r\u00e9gi korok t\u00f6rt\u00e9nelm\u00e9t, akkor az \u00f3szl\u00e1v f\u00f6ldv\u00e1r is \u00e9rdekelni fog benneteket. A Drevenik-dombon ugyanis a h\u00e1rom barlangon k\u00edv\u00fcl egy \u00fajk\u0151korszakbeli f\u00f6ldm\u0171ves-telep\u00fcl\u00e9s is megtal\u00e1lhat\u00f3. <\/p>\n\n\n\n<div style=\"height:45px\" aria-hidden=\"true\" class=\"wp-block-spacer\"><\/div>\n\n\n\n<p><\/p>\n\n\n\n<p><\/p>\n\n\n\n<h3 class=\"wp-block-heading\" id=\"h-ako-sa-sem-dostanete-nbsp\"><mark style=\"background-color:rgba(0, 0, 0, 0);color:#ba20a4\" class=\"has-inline-color\"><strong>Hogyan jutunk el ide?<\/strong>&nbsp;<\/mark><\/h3>\n\n\n\n<p>A Dreven\u00edk term\u00e9szeti rezerv\u00e1tumon \u00e1thalad a Szepesv\u00e1ralj\u00e1r\u00f3l \u00e9s Zsigr\u00e1r\u00f3l indul\u00f3 turista\u00f6sv\u00e9ny. Eljuthatunk ide a Szepesi v\u00e1r t\u00f6v\u00e9ben tal\u00e1lhat\u00f3 parkol\u00f3b\u00f3l is, vagy sz\u00ednes\u00edthetj\u00fck a kir\u00e1ndul\u00e1st egy meg\u00e1ll\u00f3val a hotk\u00f3ci kast\u00e9lyn\u00e1l, ahonnan a parkol\u00f3 m\u00e1r csak egy ugr\u00e1s. A Sz\u00fcrke Szak\u00e1ll gejz\u00edr szint\u00e9n j\u00f3l megk\u00f6zel\u00edthet\u0151 a parkol\u00f3 fel\u0151l, amely azut\u00f3val csak 5 percnyire van a Szepesi v\u00e1rt\u00f3l.<\/p>\n\n\n<p><iframe src=\"https:\/\/www.google.com\/maps\/embed?pb=!1m34!1m12!1m3!1d83737.17297661706!2d20.624740980475142!3d49.01464368050987!2m3!1f0!2f0!3f0!3m2!1i1024!2i768!4f13.1!4m19!3e0!4m5!1s0x473e46f555847dc5%3A0xe793e861e84fdcab!2zU3BpxaFza8O9IEhyYWQgLSBTTk0gU3BpxaFza8OpIE3DunpldW0sIE7DoW1lc3RpZSBNYWpzdHJhIFBhdmxhLCBMZXZvxI1h!3m2!1d49.0253789!2d20.587578999999998!4m5!1s0x473e44d0d2e5e181%3A0xf817544f25386136!2zU2l2w6EgYnJhZGEsIDA1MyAwNCBTcGnFoXNrw6kgUG9kaHJhZGll!3m2!1d49.0064734!2d20.7231921!4m5!1s0x473e5bbc6c7c2ad9%3A0xf8bfff4385628500!2sDreven%C3%ADk%20Parkovisko%2C%20%C5%BDehra!3m2!1d48.9900929!2d20.7794511!5e0!3m2!1ssk!2ssk!4v1637591670729!5m2!1ssk!2ssk\" width=\"100%\" height=\"450\" style=\"border:0;\" allowfullscreen=\"\" loading=\"lazy\"><\/iframe><\/p>\n\n\n\n<div style=\"height:45px\" aria-hidden=\"true\" class=\"wp-block-spacer\"><\/div>\n\n\n\n<p><\/p>\n\n\n\n<h3 class=\"wp-block-heading\" id=\"h-pre-koho-je-vylet-urceny\"><mark style=\"background-color:rgba(0, 0, 0, 0);color:#ba20a4\" class=\"has-inline-color\"><strong>Kinek aj\u00e1nljuk ezt a kir\u00e1ndul\u00e1st?<\/strong><\/mark><\/h3>\n\n\n\n<ul class=\"wp-block-list\">\n<li>Minden kis \u00e9s nagy felfedez\u0151nek \u00e9s kalandornak,<\/li>\n\n\n\n<li>\u00f3vod\u00e1soknak \u00e9s nagyobb iskol\u00e1soknak is,<\/li>\n\n\n\n<li>a rejt\u00e9lyek \u00e9s a t\u00f6rt\u00e9nelem titkai ir\u00e1nt \u00e9rdekl\u0151d\u0151knek<\/li>\n<\/ul>\n\n\n\n<div style=\"height:45px\" aria-hidden=\"true\" class=\"wp-block-spacer\"><\/div>\n\n\n\n<p><\/p>\n\n\n\n<h3 class=\"wp-block-heading\" id=\"h-co-sa-pocas-vyletu-dozviete\"><mark style=\"background-color:rgba(0, 0, 0, 0);color:#ba20a4\" class=\"has-inline-color\"><strong>Mit tudhatunk meg a kir\u00e1ndul\u00e1s sor\u00e1n?<\/strong><\/mark><\/h3>\n\n\n\n<ul class=\"wp-block-list\">\n<li>....hogy a f\u00f6ldalatti kir\u00e1lys\u00e1g tele van \u00e1sv\u00e1nyi kincsekkel.<\/li>\n\n\n\n<li>Hogyan n\u00e9z ki a m\u00e9sztufa \u00e9s hogyan n\u0151het egy domb?<\/li>\n\n\n\n<li>Mi\u00e9rt nem tudt\u00e1k soha bevenni a Szepesi v\u00e1rat \u00e9s mi van benne ma?<\/li>\n<\/ul>\n\n\n<div class=\"wp-block-image\">\n<figure class=\"alignleft size-full is-resized\"><img decoding=\"async\" width=\"403\" height=\"500\" src=\"https:\/\/www.haravara.sk\/wp-content\/uploads\/2022\/07\/lupa_cut.png\" alt=\"\" class=\"wp-image-7901\" style=\"width:316px;height:316px\" srcset=\"https:\/\/www.haravara.sk\/wp-content\/uploads\/2022\/07\/lupa_cut.png 403w, https:\/\/www.haravara.sk\/wp-content\/uploads\/2022\/07\/lupa_cut-242x300.png 242w\" sizes=\"(max-width: 403px) 100vw, 403px\" \/><\/figure>\n<\/div>\n\n\n<div style=\"height:45px\" aria-hidden=\"true\" class=\"wp-block-spacer\"><\/div>\n\n\n\n<h3 class=\"wp-block-heading\" id=\"h-viac-informacii\"><mark style=\"background-color:rgba(0, 0, 0, 0);color:#ba20a4\" class=\"has-inline-color\"><strong>T\u00f6bb inform\u00e1ci\u00f3<\/strong><\/mark><\/h3>\n\n\n\n<ul class=\"wp-block-list\">\n<li><a href=\"http:\/\/www.spisskyhrad.sk\/\">http:\/\/www.spisskyhrad.sk\/<\/a><\/li>\n\n\n\n<li><a href=\"http:\/\/www.thermalsirava.sk\">https:\/\/www.snm.sk\/?spissky-hrad-otvaracie-hodiny<\/a><\/li>\n\n\n\n<li><a href=\"https:\/\/www.kosiceregion.com\/sk\/pekelne-mestecko-je-takmer-z-dreva\/ \">https:\/\/www.kosiceregion.com\/sk\/pekelne-mestecko-je-takmer-z-dreva\/ <\/a><a href=\"http:\/\/www.zemplinske-hrady.sk\/\"><\/a><\/li>\n<\/ul>\n\n\n\n<p><\/p>\n\n\n\n<div style=\"height:45px\" aria-hidden=\"true\" class=\"wp-block-spacer\"><\/div>\n\n\n\n<h3 class=\"wp-block-heading\" id=\"h-moznosti-stravovania-na-vylete\"><mark style=\"background-color:rgba(0, 0, 0, 0);color:#ba20a4\" class=\"has-inline-color\"><strong>\u00c9tkez\u00e9si lehet\u0151s\u00e9gek a kir\u00e1ndul\u00e1s sor\u00e1n<\/strong><\/mark><\/h3>\n\n\n\n<ul class=\"wp-block-list\">\n<li><em><a href=\"https:\/\/www.hotelcingov.sk\/\">Hotel \u010cINGOV *** Slovensk\u00fd raj, 053 11 Smi\u017eany <\/a><\/em><\/li>\n\n\n\n<li><em>Spi\u0161sk\u00fd sala\u0161, Levo\u010dsk\u00e1 cesta 11, 053 04 Spi\u0161sk\u00e9 Podhradie<\/em><\/li>\n\n\n\n<li><em>Re\u0161taur\u00e1cia \"U kastel\u00e1na\", Pale\u0161ovo n\u00e1mestie 47, 053 04 Spi\u0161sk\u00e9 Podhradie<\/em><\/li>\n\n\n\n<li><em>U Spi\u0161sk\u00fdch Bratr\u00edkov, \u0160tef\u00e1nikova 71, 053 04 Spi\u0161sk\u00e9 Podhradie<\/em><\/li>\n\n\n\n<li><em>St. Martin Restaurant, Spi\u0161sk\u00e1 kapitula, 053 04 Spi\u0161sk\u00e9 Podhradie<\/em><\/li>\n<\/ul>\n\n\n\n<div style=\"height:45px\" aria-hidden=\"true\" class=\"wp-block-spacer\"><\/div>\n\n\n\n<p><\/p>\n\n\n\n<h3 class=\"wp-block-heading\" id=\"h-moznosti-ubytovania-v-okoli\"><mark style=\"background-color:rgba(0, 0, 0, 0);color:#ba20a4\" class=\"has-inline-color\"><strong>Sz\u00e1ll\u00e1shelyek a k\u00f6rny\u00e9ken<\/strong><\/mark><\/h3>\n\n\n\n<ul class=\"wp-block-list\">\n<li><em><a href=\"https:\/\/www.hotelcingov.sk\/\">Hotel \u010cINGOV *** Slovensk\u00fd raj, 053 11 Smi\u017eany <\/a><\/em><\/li>\n\n\n\n<li><em>Penzi\u00f3n St. Martin, Spi\u0161sk\u00e1 Kapitula, +421 948 957 977<\/em><\/li>\n\n\n\n<li><em>Ka\u0161tie\u013e Biela D\u00e1ma a \u010cierny Rytier - Kluknava \u010d. 178, Krompachy, +421(0)53 4473720<\/em><\/li>\n\n\n\n<li><em>Hotel Metropol, \u0160tef\u00e1nikovo n\u00e1mestie 2, 05201 Spi\u0161sk\u00e1 Nov\u00e1 Ves, Slovensko 053\/417 47 00<\/em><\/li>\n<\/ul>\n\n\n\n<p><\/p>","protected":false},"excerpt":{"rendered":"<p>,,Videli ste u\u017e niekedy Siv\u00fa Bradu?\" op\u00fdtal sa Ka\u0161ko kamar\u00e1tov, ktor\u00ed okam\u017eite spustili ohromn\u00fd smiech. ,,Jasn\u00e9, v\u0161ak siv\u00fa bradu m\u00e1 aj n\u00e1\u0161 dedko,\" smial sa Max\u00edk, a\u017e ho bolelo brucho. ,,Aj ujo Jaro, \u0161of\u00e9r autobusu,\" doplnila ho Majka, taktie\u017e so smiechom v hlase. ,,Ale ja nemysl\u00edm tak\u00fa bradu, ale gejz\u00edr, ktor\u00fd sa vol\u00e1 Siv\u00e1 brada,\"...<\/p>","protected":false},"featured_media":1801,"menu_order":0,"template":"","format":"standard","meta":{"_acf_changed":false,"footnotes":""},"categories":[17,1],"class_list":["post-5583","vylety","type-vylety","status-publish","format-standard","has-post-thumbnail","hentry","category-jednodnove-vylety","category-tipy-pre-rodicov"],"acf":[],"yoast_head":"<!-- This site is optimized with the Yoast SEO Premium plugin v22.7 (Yoast SEO v27.2) - https:\/\/yoast.com\/product\/yoast-seo-premium-wordpress\/ -->\n<title>\u2b50HARAVARA - Kam s de\u0165mi v Ko\u0161ickom kraji - Cez Siv\u00fa Bradu a\u017e po kamenn\u00e9 mesto<\/title>\n<meta name=\"description\" content=\"P\u00fdtate sa kam s de\u0165mi v Ko\u0161ickom kraji? Odpove\u010f je HARAVARA Nechajte sa in\u0161pirova\u0165 skvel\u00fdmi tipmi na rodinn\u00e9 v\u00fdlety, podujatia...\" \/>\n<meta name=\"robots\" content=\"index, follow, max-snippet:-1, max-image-preview:large, max-video-preview:-1\" \/>\n<link rel=\"canonical\" href=\"https:\/\/www.haravara.sk\/hu\/vylety\/cez-sivu-bradu-az-po-kamenne-mesto\/\" \/>\n<meta property=\"og:locale\" content=\"hu_HU\" \/>\n<meta property=\"og:type\" content=\"article\" \/>\n<meta property=\"og:title\" content=\"Cez Siv\u00fa Bradu a\u017e po kamenn\u00e9 mesto\" \/>\n<meta property=\"og:description\" content=\"P\u00fdtate sa kam s de\u0165mi v Ko\u0161ickom kraji? Odpove\u010f je HARAVARA Nechajte sa in\u0161pirova\u0165 skvel\u00fdmi tipmi na rodinn\u00e9 v\u00fdlety, podujatia...\" \/>\n<meta property=\"og:url\" content=\"https:\/\/www.haravara.sk\/hu\/vylety\/cez-sivu-bradu-az-po-kamenne-mesto\/\" \/>\n<meta property=\"og:site_name\" content=\"HARAVARA\" \/>\n<meta property=\"article:publisher\" content=\"https:\/\/www.facebook.com\/haravara.detsky.svet\" \/>\n<meta property=\"article:modified_time\" content=\"2025-05-20T15:27:47+00:00\" \/>\n<meta property=\"og:image\" content=\"https:\/\/www.haravara.sk\/wp-content\/uploads\/2021\/04\/atrakcia-foto-49-scaled.jpg\" \/>\n\t<meta property=\"og:image:width\" content=\"2560\" \/>\n\t<meta property=\"og:image:height\" content=\"1707\" \/>\n\t<meta property=\"og:image:type\" content=\"image\/jpeg\" \/>\n<meta name=\"twitter:card\" content=\"summary_large_image\" \/>\n<meta name=\"twitter:label1\" content=\"Becs\u00fclt olvas\u00e1si id\u0151\" \/>\n\t<meta name=\"twitter:data1\" content=\"5 perc\" \/>\n<script type=\"application\/ld+json\" class=\"yoast-schema-graph\">{\"@context\":\"https:\/\/schema.org\",\"@graph\":[{\"@type\":\"WebPage\",\"@id\":\"https:\/\/www.haravara.sk\/vylety\/cez-sivu-bradu-az-po-kamenne-mesto\/\",\"url\":\"https:\/\/www.haravara.sk\/vylety\/cez-sivu-bradu-az-po-kamenne-mesto\/\",\"name\":\"\u2b50HARAVARA - Kam s de\u0165mi v Ko\u0161ickom kraji - Cez Siv\u00fa Bradu a\u017e po kamenn\u00e9 mesto\",\"isPartOf\":{\"@id\":\"https:\/\/www.haravara.sk\/#website\"},\"primaryImageOfPage\":{\"@id\":\"https:\/\/www.haravara.sk\/vylety\/cez-sivu-bradu-az-po-kamenne-mesto\/#primaryimage\"},\"image\":{\"@id\":\"https:\/\/www.haravara.sk\/vylety\/cez-sivu-bradu-az-po-kamenne-mesto\/#primaryimage\"},\"thumbnailUrl\":\"https:\/\/www.haravara.sk\/wp-content\/uploads\/2021\/04\/atrakcia-foto-49-scaled.jpg\",\"datePublished\":\"2025-04-22T14:06:36+00:00\",\"dateModified\":\"2025-05-20T15:27:47+00:00\",\"description\":\"P\u00fdtate sa kam s de\u0165mi v Ko\u0161ickom kraji? Odpove\u010f je HARAVARA Nechajte sa in\u0161pirova\u0165 skvel\u00fdmi tipmi na rodinn\u00e9 v\u00fdlety, podujatia...\",\"breadcrumb\":{\"@id\":\"https:\/\/www.haravara.sk\/vylety\/cez-sivu-bradu-az-po-kamenne-mesto\/#breadcrumb\"},\"inLanguage\":\"hu\",\"potentialAction\":[{\"@type\":\"ReadAction\",\"target\":[\"https:\/\/www.haravara.sk\/vylety\/cez-sivu-bradu-az-po-kamenne-mesto\/\"]}]},{\"@type\":\"ImageObject\",\"inLanguage\":\"hu\",\"@id\":\"https:\/\/www.haravara.sk\/vylety\/cez-sivu-bradu-az-po-kamenne-mesto\/#primaryimage\",\"url\":\"https:\/\/www.haravara.sk\/wp-content\/uploads\/2021\/04\/atrakcia-foto-49-scaled.jpg\",\"contentUrl\":\"https:\/\/www.haravara.sk\/wp-content\/uploads\/2021\/04\/atrakcia-foto-49-scaled.jpg\",\"width\":2560,\"height\":1707},{\"@type\":\"BreadcrumbList\",\"@id\":\"https:\/\/www.haravara.sk\/vylety\/cez-sivu-bradu-az-po-kamenne-mesto\/#breadcrumb\",\"itemListElement\":[{\"@type\":\"ListItem\",\"position\":1,\"name\":\"Domov\",\"item\":\"https:\/\/www.haravara.sk\/\"},{\"@type\":\"ListItem\",\"position\":2,\"name\":\"V\u00fdlety\",\"item\":\"https:\/\/www.haravara.sk\/vylety\/\"},{\"@type\":\"ListItem\",\"position\":3,\"name\":\"Cez Siv\u00fa Bradu a\u017e po kamenn\u00e9 mesto\"}]},{\"@type\":\"WebSite\",\"@id\":\"https:\/\/www.haravara.sk\/#website\",\"url\":\"https:\/\/www.haravara.sk\/\",\"name\":\"HARAVARA\",\"description\":\"Objav detsk\u00fd svet v Ko\u0161ickom kraji\",\"publisher\":{\"@id\":\"https:\/\/www.haravara.sk\/#organization\"},\"potentialAction\":[{\"@type\":\"SearchAction\",\"target\":{\"@type\":\"EntryPoint\",\"urlTemplate\":\"https:\/\/www.haravara.sk\/?s={search_term_string}\"},\"query-input\":{\"@type\":\"PropertyValueSpecification\",\"valueRequired\":true,\"valueName\":\"search_term_string\"}}],\"inLanguage\":\"hu\"},{\"@type\":\"Organization\",\"@id\":\"https:\/\/www.haravara.sk\/#organization\",\"name\":\"Haravara\",\"url\":\"https:\/\/www.haravara.sk\/\",\"logo\":{\"@type\":\"ImageObject\",\"inLanguage\":\"hu\",\"@id\":\"https:\/\/www.haravara.sk\/#\/schema\/logo\/image\/\",\"url\":\"https:\/\/www.haravara.sk\/wp-content\/uploads\/2021\/04\/LOGO-LandingPage.png\",\"contentUrl\":\"https:\/\/www.haravara.sk\/wp-content\/uploads\/2021\/04\/LOGO-LandingPage.png\",\"width\":832,\"height\":618,\"caption\":\"Haravara\"},\"image\":{\"@id\":\"https:\/\/www.haravara.sk\/#\/schema\/logo\/image\/\"},\"sameAs\":[\"https:\/\/www.facebook.com\/haravara.detsky.svet\"]}]}<\/script>\n<!-- \/ Yoast SEO Premium plugin. -->","yoast_head_json":{"title":"\u2b50HARAVARA - Kam s de\u0165mi v Ko\u0161ickom kraji - Cez Siv\u00fa Bradu a\u017e po kamenn\u00e9 mesto","description":"P\u00fdtate sa kam s de\u0165mi v Ko\u0161ickom kraji? Odpove\u010f je HARAVARA Nechajte sa in\u0161pirova\u0165 skvel\u00fdmi tipmi na rodinn\u00e9 v\u00fdlety, podujatia...","robots":{"index":"index","follow":"follow","max-snippet":"max-snippet:-1","max-image-preview":"max-image-preview:large","max-video-preview":"max-video-preview:-1"},"canonical":"https:\/\/www.haravara.sk\/hu\/vylety\/cez-sivu-bradu-az-po-kamenne-mesto\/","og_locale":"hu_HU","og_type":"article","og_title":"Cez Siv\u00fa Bradu a\u017e po kamenn\u00e9 mesto","og_description":"P\u00fdtate sa kam s de\u0165mi v Ko\u0161ickom kraji? Odpove\u010f je HARAVARA Nechajte sa in\u0161pirova\u0165 skvel\u00fdmi tipmi na rodinn\u00e9 v\u00fdlety, podujatia...","og_url":"https:\/\/www.haravara.sk\/hu\/vylety\/cez-sivu-bradu-az-po-kamenne-mesto\/","og_site_name":"HARAVARA","article_publisher":"https:\/\/www.facebook.com\/haravara.detsky.svet","article_modified_time":"2025-05-20T15:27:47+00:00","og_image":[{"width":2560,"height":1707,"url":"https:\/\/www.haravara.sk\/wp-content\/uploads\/2021\/04\/atrakcia-foto-49-scaled.jpg","type":"image\/jpeg"}],"twitter_card":"summary_large_image","twitter_misc":{"Becs\u00fclt olvas\u00e1si id\u0151":"5 perc"},"schema":{"@context":"https:\/\/schema.org","@graph":[{"@type":"WebPage","@id":"https:\/\/www.haravara.sk\/vylety\/cez-sivu-bradu-az-po-kamenne-mesto\/","url":"https:\/\/www.haravara.sk\/vylety\/cez-sivu-bradu-az-po-kamenne-mesto\/","name":"\u2b50HARAVARA - Kam s de\u0165mi v Ko\u0161ickom kraji - Cez Siv\u00fa Bradu a\u017e po kamenn\u00e9 mesto","isPartOf":{"@id":"https:\/\/www.haravara.sk\/#website"},"primaryImageOfPage":{"@id":"https:\/\/www.haravara.sk\/vylety\/cez-sivu-bradu-az-po-kamenne-mesto\/#primaryimage"},"image":{"@id":"https:\/\/www.haravara.sk\/vylety\/cez-sivu-bradu-az-po-kamenne-mesto\/#primaryimage"},"thumbnailUrl":"https:\/\/www.haravara.sk\/wp-content\/uploads\/2021\/04\/atrakcia-foto-49-scaled.jpg","datePublished":"2025-04-22T14:06:36+00:00","dateModified":"2025-05-20T15:27:47+00:00","description":"P\u00fdtate sa kam s de\u0165mi v Ko\u0161ickom kraji? Odpove\u010f je HARAVARA Nechajte sa in\u0161pirova\u0165 skvel\u00fdmi tipmi na rodinn\u00e9 v\u00fdlety, podujatia...","breadcrumb":{"@id":"https:\/\/www.haravara.sk\/vylety\/cez-sivu-bradu-az-po-kamenne-mesto\/#breadcrumb"},"inLanguage":"hu","potentialAction":[{"@type":"ReadAction","target":["https:\/\/www.haravara.sk\/vylety\/cez-sivu-bradu-az-po-kamenne-mesto\/"]}]},{"@type":"ImageObject","inLanguage":"hu","@id":"https:\/\/www.haravara.sk\/vylety\/cez-sivu-bradu-az-po-kamenne-mesto\/#primaryimage","url":"https:\/\/www.haravara.sk\/wp-content\/uploads\/2021\/04\/atrakcia-foto-49-scaled.jpg","contentUrl":"https:\/\/www.haravara.sk\/wp-content\/uploads\/2021\/04\/atrakcia-foto-49-scaled.jpg","width":2560,"height":1707},{"@type":"BreadcrumbList","@id":"https:\/\/www.haravara.sk\/vylety\/cez-sivu-bradu-az-po-kamenne-mesto\/#breadcrumb","itemListElement":[{"@type":"ListItem","position":1,"name":"Domov","item":"https:\/\/www.haravara.sk\/"},{"@type":"ListItem","position":2,"name":"V\u00fdlety","item":"https:\/\/www.haravara.sk\/vylety\/"},{"@type":"ListItem","position":3,"name":"Cez Siv\u00fa Bradu a\u017e po kamenn\u00e9 mesto"}]},{"@type":"WebSite","@id":"https:\/\/www.haravara.sk\/#website","url":"https:\/\/www.haravara.sk\/","name":"HARAVARA","description":"Objav detsk\u00fd svet v Ko\u0161ickom kraji","publisher":{"@id":"https:\/\/www.haravara.sk\/#organization"},"potentialAction":[{"@type":"SearchAction","target":{"@type":"EntryPoint","urlTemplate":"https:\/\/www.haravara.sk\/?s={search_term_string}"},"query-input":{"@type":"PropertyValueSpecification","valueRequired":true,"valueName":"search_term_string"}}],"inLanguage":"hu"},{"@type":"Organization","@id":"https:\/\/www.haravara.sk\/#organization","name":"Haravara","url":"https:\/\/www.haravara.sk\/","logo":{"@type":"ImageObject","inLanguage":"hu","@id":"https:\/\/www.haravara.sk\/#\/schema\/logo\/image\/","url":"https:\/\/www.haravara.sk\/wp-content\/uploads\/2021\/04\/LOGO-LandingPage.png","contentUrl":"https:\/\/www.haravara.sk\/wp-content\/uploads\/2021\/04\/LOGO-LandingPage.png","width":832,"height":618,"caption":"Haravara"},"image":{"@id":"https:\/\/www.haravara.sk\/#\/schema\/logo\/image\/"},"sameAs":["https:\/\/www.facebook.com\/haravara.detsky.svet"]}]}},"_links":{"self":[{"href":"https:\/\/www.haravara.sk\/hu\/wp-json\/wp\/v2\/vylety\/5583","targetHints":{"allow":["GET"]}}],"collection":[{"href":"https:\/\/www.haravara.sk\/hu\/wp-json\/wp\/v2\/vylety"}],"about":[{"href":"https:\/\/www.haravara.sk\/hu\/wp-json\/wp\/v2\/types\/vylety"}],"version-history":[{"count":2,"href":"https:\/\/www.haravara.sk\/hu\/wp-json\/wp\/v2\/vylety\/5583\/revisions"}],"predecessor-version":[{"id":17666,"href":"https:\/\/www.haravara.sk\/hu\/wp-json\/wp\/v2\/vylety\/5583\/revisions\/17666"}],"wp:featuredmedia":[{"embeddable":true,"href":"https:\/\/www.haravara.sk\/hu\/wp-json\/wp\/v2\/media\/1801"}],"wp:attachment":[{"href":"https:\/\/www.haravara.sk\/hu\/wp-json\/wp\/v2\/media?parent=5583"}],"wp:term":[{"taxonomy":"category","embeddable":true,"href":"https:\/\/www.haravara.sk\/hu\/wp-json\/wp\/v2\/categories?post=5583"}],"curies":[{"name":"wp","href":"https:\/\/api.w.org\/{rel}","templated":true}]}}