{"id":6028,"date":"2022-02-16T17:07:13","date_gmt":"2022-02-16T16:07:13","guid":{"rendered":"https:\/\/www.haravara.sk\/?post_type=vylety&#038;p=6028"},"modified":"2025-03-24T15:02:15","modified_gmt":"2025-03-24T14:02:15","slug":"carovna-cesta-krajinou-haravara","status":"publish","type":"vylety","link":"https:\/\/www.haravara.sk\/hu\/vylety\/carovna-cesta-krajinou-haravara\/","title":{"rendered":"\u010carovn\u00e1 cesta krajinou Haravara"},"content":{"rendered":"<blockquote class=\"wp-block-quote is-style-default is-layout-flow wp-block-quote-is-layout-flow\">\n<p>,,Pozrite kamar\u00e1ti, \u010do som na\u0161iel,\" s n\u00e1znakom nov\u00e9ho dobrodru\u017estva za\u010dal d\u00f4le\u017eit\u00fa debatu Ka\u0161ko. ,,Toto je vz\u00e1cny, zoznam z\u00e1\u017eitkov, ktor\u00e9 by ste pri spozn\u00e1van\u00ed krajiny Haravara mali za\u017ei\u0165, aby sa z V\u00e1s stali skuto\u010dn\u00ed Haravar\u010dania.\"<br>,,Uk\u00e1\u00e1\u00e1\u00e1\u017e n\u00e1m to!\" zvedavo na\u0165ahovali ruky Max s Majkou. <br>,,Nabra\u0165 odvahu a neb\u00e1\u0165 sa ani duchov, ani v\u00fd\u0161ok? V\u0161ak ja sa neboj\u00edm ni\u010doho!\" vyhl\u00e1sil sebavedome Max\u00edk. <br>,,Ochutna\u0165 cukrov\u00fa homo\u013eu? T\u00e1 bude ur\u010dite sladu\u010dk\u00e1 ako l\u00edzatko!\" s chu\u0165ou na sladk\u00e9 povedala Majka. <br>,,Kamar\u00e1ti, vyr\u00e1\u017eame! Je \u010das na poriadne dobrodru\u017estvo naprie\u010d celou krajinou Haravara! A bez v\u0161etk\u00fdch od\u0161krtan\u00fdch z\u00e1\u017eitkov na zozname sa domov nevr\u00e1time!\"<br><\/p>\n<\/blockquote>\n\n\n\n<div style=\"height:32px\" aria-hidden=\"true\" class=\"wp-block-spacer\"><\/div>\n\n\n\n<p>Cie\u013eom va\u0161ich v\u00fdletov nemus\u00ed by\u0165 v\u017edy len konkr\u00e9tne miesto, ktor\u00e9 sa rozhodnete nav\u0161t\u00edvi\u0165. Cie\u013eom m\u00f4\u017eu by\u0165 pr\u00e1ve z\u00e1\u017eitky, ktor\u00e9 po\u010das va\u0161ich potulk\u00e1ch po krajine Haravara za\u017eijete. Vyrazte na v\u00fdlet u\u017e s pripraven\u00fdm zoznamom, takzvan\u00fdm Bucket listom, v\u010faka ktor\u00e9mu na ni\u010d d\u00f4le\u017eit\u00e9 nikdy nezabudnete. <\/p>\n\n\n\n<div class=\"wp-block-buttons is-horizontal is-content-justification-center is-layout-flex wp-container-core-buttons-is-layout-03627597 wp-block-buttons-is-layout-flex\">\n<div class=\"wp-block-button\"><a class=\"wp-block-button__link has-luminous-vivid-amber-to-luminous-vivid-orange-gradient-background has-background wp-element-button\" href=\"https:\/\/www.haravara.sk\/wp-content\/uploads\/2022\/02\/BL_1536x1920px_Haravara.jpg\"><strong>Chcem zoznam z\u00e1\u017eitkov<\/strong><\/a><\/div>\n<\/div>\n\n\n\n<div style=\"height:38px\" aria-hidden=\"true\" class=\"wp-block-spacer\"><\/div>\n\n\n\n<figure class=\"wp-block-image size-large\"><a href=\"https:\/\/www.haravara.sk\/hu\/atrakcie\/hrad-slanec\/\"><img decoding=\"async\" width=\"2560\" height=\"1440\" src=\"https:\/\/www.haravara.sk\/wp-content\/uploads\/2022\/02\/atrakcia-foto-99-1-edited-scaled.jpg\" alt=\"\" class=\"wp-image-6042\" srcset=\"https:\/\/www.haravara.sk\/wp-content\/uploads\/2022\/02\/atrakcia-foto-99-1-edited-scaled.jpg 2560w, https:\/\/www.haravara.sk\/wp-content\/uploads\/2022\/02\/atrakcia-foto-99-1-edited-300x169.jpg 300w, https:\/\/www.haravara.sk\/wp-content\/uploads\/2022\/02\/atrakcia-foto-99-1-edited-1024x576.jpg 1024w, https:\/\/www.haravara.sk\/wp-content\/uploads\/2022\/02\/atrakcia-foto-99-1-edited-768x432.jpg 768w, https:\/\/www.haravara.sk\/wp-content\/uploads\/2022\/02\/atrakcia-foto-99-1-edited-1536x864.jpg 1536w, https:\/\/www.haravara.sk\/wp-content\/uploads\/2022\/02\/atrakcia-foto-99-1-edited-2048x1152.jpg 2048w\" sizes=\"(max-width: 2560px) 100vw, 2560px\" \/><\/a><\/figure>\n\n\n\n<div style=\"height:25px\" aria-hidden=\"true\" class=\"wp-block-spacer\"><\/div>\n\n\n\n<h4 class=\"wp-block-heading\"><span style=\"color:#ba20a4\" class=\"has-inline-color\">\ud83d\udc7b<strong><strong><strong>Nabra\u0165 odvahu a neb\u00e1\u0165 sa ani duchov, ani v\u00fd\u0161ok<\/strong><\/strong><\/strong> <\/span><\/h4>\n\n\n\n<div style=\"height:24px\" aria-hidden=\"true\" class=\"wp-block-spacer\"><\/div>\n\n\n\n<h5 class=\"wp-block-heading\" id=\"h-hrad-slanec\"><a href=\"https:\/\/www.haravara.sk\/hu\/atrakcie\/hrad-slanec\/\">Hrad Slanec<\/a><\/h5>\n\n\n\n<p>Zr\u00facaniny Slansk\u00e9ho hradu sa t\u00fd\u010dia na strmom kopci nad obcou Slanec a&nbsp;vy\u010dk\u00e1vaj\u00fa na va\u0161u n\u00e1v\u0161tevu. Hrad bol pravdepodobne postaven\u00fd v&nbsp;13. storo\u010d\u00ed a&nbsp;pre\u0161iel rukami viacer\u00fdch majite\u013eov. V roku 1815 dal majite\u013e panstva Jozef Forg\u00e1ch zrekon\u0161truova\u0165 hlavn\u00fa ve\u017eu a zriadil v nej rodov\u00e9 m\u00fazeum a obraz\u00e1re\u0148. Po\u010das druhej svetovej vojny za\u010dala ve\u017ea, dnes naz\u00fdvan\u00e1 Nebojsa, postupne ch\u00e1tra\u0165 a&nbsp;n\u00e1sledne sa vplyvom poveternostn\u00fdch podmienok \u00faplne rozpadla. V&nbsp;s\u00fa\u010dasnosti pracuje na revitaliz\u00e1cii tejto historickej pamiatky ob\u010dianske zdru\u017eenie Zachr\u00e1\u0148me hrad Slanec a&nbsp;v\u00fdsledky ich pr\u00e1ce s\u00fa u\u017e aj zna\u010dne badate\u013en\u00e9. V&nbsp;bud\u00facnosti by malo d\u00f4js\u0165 k znovuzrodeniu zaniknutej obraz\u00e1rne a rodov\u00e9ho m\u00fazea Forg\u00e1chovcov a ve\u017ea Nebojsa by mala sl\u00fa\u017ei\u0165 aj ako vyhliadka, preto\u017ee okolit\u00e1 scen\u00e9ria v\u00e1s skuto\u010dne o\u010dar\u00ed. Na hrad sa dostanete po \u010dervenej turistickej zna\u010dke z obce.<\/p>\n\n\n\n<p>Vypo\u010dujte si rozpr\u00e1vku, v ktorej Ka\u0161ko previedol svojich kamar\u00e1tov aj hradom Slanec.<\/p>\n\n\n\n<div style=\"height:27px\" aria-hidden=\"true\" class=\"wp-block-spacer\"><\/div>\n\n\n\n<div class=\"wp-block-buttons is-layout-flex wp-block-buttons-is-layout-flex\">\n<div class=\"wp-block-button\"><a class=\"wp-block-button__link has-luminous-vivid-amber-background-color has-background wp-element-button\" href=\"https:\/\/www.haravara.sk\/hu\/pribehy\/kasko-mamuty-a-sopky\/\"><strong>Vypo\u010du\u0165 si rozpr\u00e1vku<\/strong><\/a><\/div>\n<\/div>\n\n\n\n<div style=\"height:45px\" aria-hidden=\"true\" class=\"wp-block-spacer\"><\/div>\n\n\n\n<figure class=\"wp-block-image size-large\"><a href=\"https:\/\/www.haravara.sk\/hu\/atrakcie\/zadielska-tiesnava\/\"><img decoding=\"async\" width=\"2288\" height=\"1288\" src=\"https:\/\/www.haravara.sk\/wp-content\/uploads\/2022\/02\/S\u030cto\u0301s-Za\u0301dielska-tiesn\u030cava-1-edited.jpg\" alt=\"\" class=\"wp-image-6044\" srcset=\"https:\/\/www.haravara.sk\/wp-content\/uploads\/2022\/02\/S\u030cto\u0301s-Za\u0301dielska-tiesn\u030cava-1-edited.jpg 2288w, https:\/\/www.haravara.sk\/wp-content\/uploads\/2022\/02\/S\u030cto\u0301s-Za\u0301dielska-tiesn\u030cava-1-edited-300x169.jpg 300w, https:\/\/www.haravara.sk\/wp-content\/uploads\/2022\/02\/S\u030cto\u0301s-Za\u0301dielska-tiesn\u030cava-1-edited-1024x576.jpg 1024w, https:\/\/www.haravara.sk\/wp-content\/uploads\/2022\/02\/S\u030cto\u0301s-Za\u0301dielska-tiesn\u030cava-1-edited-768x432.jpg 768w, https:\/\/www.haravara.sk\/wp-content\/uploads\/2022\/02\/S\u030cto\u0301s-Za\u0301dielska-tiesn\u030cava-1-edited-1536x865.jpg 1536w, https:\/\/www.haravara.sk\/wp-content\/uploads\/2022\/02\/S\u030cto\u0301s-Za\u0301dielska-tiesn\u030cava-1-edited-2048x1153.jpg 2048w\" sizes=\"(max-width: 2288px) 100vw, 2288px\" \/><\/a><\/figure>\n\n\n\n<div style=\"height:34px\" aria-hidden=\"true\" class=\"wp-block-spacer\"><\/div>\n\n\n\n<h4 class=\"wp-block-heading\"><span style=\"color:#ba20a4\" class=\"has-inline-color\">\ud83c\udf6dOchutna\u0165 ,,cukrov\u00fa homo\u013eu\"<\/span><\/h4>\n\n\n\n<div style=\"height:31px\" aria-hidden=\"true\" class=\"wp-block-spacer\"><\/div>\n\n\n\n<h5 class=\"wp-block-heading\" id=\"h-z-dielska-ties-ava\"><a href=\"https:\/\/www.haravara.sk\/hu\/atrakcie\/zadielska-tiesnava\/\">Z\u00e1dielska ties\u0148ava<\/a><\/h5>\n\n\n\n<p>Roz\u013eahl\u00e1 skalnat\u00e1 ties\u0148ava krasov\u00e9ho p\u00f4vodu sa nach\u00e1dza ved\u013ea obce Z\u00e1diel. Je dlh\u00e1 asi 3 km a jej bral\u00e1 s\u00fa dobre vidite\u013en\u00e9 u\u017e z dia\u013eky. K\u013eukatiaci sa potok Blatnica tu vytvoril r\u00f4zne z\u00e1kutia, \u00fatesy a mali\u010dk\u00e9 z\u00e1toky. V niektor\u00fdch miestach je \u0161irok\u00e1 iba 10 metrov, pri\u010dom samotn\u00e9 v\u00e1pencov\u00e9 steny dosahuj\u00fa v\u00fd\u0161ku a\u017e 300 metrov. Strm\u00e9 skaln\u00e9 koryto potoka v\u00e1s pr\u00edjemne schlad\u00ed aj uprostred najv\u00e4\u010d\u0161\u00edch hor\u00fa\u010dav. Po\u010das prech\u00e1dzky si nezabudnite v\u0161imn\u00fa\u0165 vysok\u00e1nsku skaln\u00fa ihlu naz\u00fdvan\u00fa Cukrov\u00e1 homo\u013ea.<\/p>\n\n\n\n<p>Ak v\u00e1m nesta\u010d\u00ed pozera\u0165 sa na krasov\u00e9 zr\u00e1zy len zdola, smelo vyst\u00fapte a\u017e na Z\u00e1dielsku planinu, kde sa nach\u00e1dza viacero v\u00fdh\u013eadov\u00fdch miest. Verte, \u017ee tieto v\u00fdh\u013eady v\u00e1m skuto\u010dne vezm\u00fa dych.<\/p>\n\n\n\n<p>Z\u00e1dielska ties\u0148ava je pre Ka\u0161ka ide\u00e1lnym miestom aj na vzdu\u0161n\u00fa nah\u00e1\u0148a\u010dku s Ko\u0161ick\u00fdm vetrom. Kto vyhral? Zistite to sami! <\/p>\n\n\n\n<div style=\"height:40px\" aria-hidden=\"true\" class=\"wp-block-spacer\"><\/div>\n\n\n\n<div class=\"wp-block-buttons is-layout-flex wp-block-buttons-is-layout-flex\">\n<div class=\"wp-block-button\"><a class=\"wp-block-button__link has-luminous-vivid-amber-to-luminous-vivid-orange-gradient-background has-background wp-element-button\" href=\"https:\/\/www.haravara.sk\/hu\/pribehy\/ako-bezal-kasko-s-vetrom-opreteky\/\"><strong>Vypo\u010du\u0165 si rozpr\u00e1vku<\/strong><\/a><\/div>\n<\/div>\n\n\n\n<div style=\"height:45px\" aria-hidden=\"true\" class=\"wp-block-spacer\"><\/div>\n\n\n\n<div style=\"height:45px\" aria-hidden=\"true\" class=\"wp-block-spacer\"><\/div>\n\n\n\n<figure class=\"wp-block-image size-large\"><a href=\"https:\/\/www.haravara.sk\/hu\/atrakcie\/most-sv-gottharda-v-lelesi\/\"><img decoding=\"async\" width=\"2560\" height=\"1440\" src=\"https:\/\/www.haravara.sk\/wp-content\/uploads\/2022\/02\/Leles-kamenny\u0301-most_autor-Kos\u030cice-regio\u0301n-turizmus-edited-scaled.jpeg\" alt=\"\" class=\"wp-image-6041\" srcset=\"https:\/\/www.haravara.sk\/wp-content\/uploads\/2022\/02\/Leles-kamenny\u0301-most_autor-Kos\u030cice-regio\u0301n-turizmus-edited-scaled.jpeg 2560w, https:\/\/www.haravara.sk\/wp-content\/uploads\/2022\/02\/Leles-kamenny\u0301-most_autor-Kos\u030cice-regio\u0301n-turizmus-edited-300x169.jpeg 300w, https:\/\/www.haravara.sk\/wp-content\/uploads\/2022\/02\/Leles-kamenny\u0301-most_autor-Kos\u030cice-regio\u0301n-turizmus-edited-1024x576.jpeg 1024w, https:\/\/www.haravara.sk\/wp-content\/uploads\/2022\/02\/Leles-kamenny\u0301-most_autor-Kos\u030cice-regio\u0301n-turizmus-edited-768x432.jpeg 768w, https:\/\/www.haravara.sk\/wp-content\/uploads\/2022\/02\/Leles-kamenny\u0301-most_autor-Kos\u030cice-regio\u0301n-turizmus-edited-1536x864.jpeg 1536w, https:\/\/www.haravara.sk\/wp-content\/uploads\/2022\/02\/Leles-kamenny\u0301-most_autor-Kos\u030cice-regio\u0301n-turizmus-edited-2048x1152.jpeg 2048w\" sizes=\"(max-width: 2560px) 100vw, 2560px\" \/><\/a><\/figure>\n\n\n\n<div style=\"height:27px\" aria-hidden=\"true\" class=\"wp-block-spacer\"><\/div>\n\n\n\n<h4 class=\"wp-block-heading\">\ud83d\udde1<span style=\"color:#ba20a4\" class=\"has-inline-color\">Necha\u0165 sa pasova\u0165 za rytiera<\/span><\/h4>\n\n\n\n<div style=\"height:36px\" aria-hidden=\"true\" class=\"wp-block-spacer\"><\/div>\n\n\n\n<h5 class=\"wp-block-heading\" id=\"h-most-sv-gottharda-v-lelesi\"><a href=\"https:\/\/www.haravara.sk\/hu\/atrakcie\/most-sv-gottharda-v-lelesi\/\">Most Sv. Gottharda v Lelesi<\/a><\/h5>\n\n\n\n<p>70 metrov dlh\u00fd a&nbsp;5 metrov \u0161irok\u00fd gotick\u00fd most zo 14. storo\u010dia bol postaven\u00fd z&nbsp;bridlicov\u00fdch andezitov z&nbsp;ne\u010falek\u00fdch lomov. Romantick\u00fd, klenbov\u00fd, hist\u00f3riou d\u00fdchaj\u00faci most je pravdepodobne najstar\u0161\u00edm na \u00fazem\u00ed Slovenska. V minulosti pod n\u00edm tieklo dnes u\u017e m\u0155tve rameno rieky Tisa. V 18. storo\u010d\u00ed na\u0148 mn\u00edsi z lelesk\u00e9ho kl\u00e1\u0161tora umiestnili sochu sv. Gottharda, po ktorej je pomenovan\u00fd, no dnes ju tam u\u017e nen\u00e1jdeme. V&nbsp;s\u00fa\u010dasnosti most predstavuje turistick\u00fa atrakciu, miesto vhodn\u00e9 na prech\u00e1dzky a oddych. N\u00e1jdete ho na z\u00e1padnom okraji obce pri hlavnej ceste ved\u00facej z Kr\u00e1\u013eovsk\u00e9ho Chlmca.<\/p>\n\n\n\n<p>Viete, \u010do sa stane, ke\u010f sa prejdete mostom v Lelesi? Max\u00edk s Majkou to u\u017e vedia.<\/p>\n\n\n\n<div style=\"height:23px\" aria-hidden=\"true\" class=\"wp-block-spacer\"><\/div>\n\n\n\n<div class=\"wp-block-buttons is-layout-flex wp-block-buttons-is-layout-flex\">\n<div class=\"wp-block-button\"><a class=\"wp-block-button__link has-luminous-vivid-amber-to-luminous-vivid-orange-gradient-background has-background wp-element-button\" href=\"https:\/\/www.haravara.sk\/hu\/pribehy\/ako-chcel-kasko-s-kamaratmi-ochranit-mesto\/\"><strong>Vypo\u010du\u0165 si rozpr\u00e1vku<\/strong><\/a><\/div>\n<\/div>\n\n\n\n<div style=\"height:45px\" aria-hidden=\"true\" class=\"wp-block-spacer\"><\/div>\n\n\n\n<figure class=\"wp-block-image size-full\"><a href=\"https:\/\/www.haravara.sk\/hu\/atrakcie\/sien-bojovej-slavy\/\"><img decoding=\"async\" width=\"960\" height=\"540\" src=\"https:\/\/www.haravara.sk\/wp-content\/uploads\/2022\/02\/sien\u030c-bojovej-sla\u0301vy-dargov-pama\u0308tni\u0301k-edited-1.jpeg\" alt=\"\" class=\"wp-image-6040\" srcset=\"https:\/\/www.haravara.sk\/wp-content\/uploads\/2022\/02\/sien\u030c-bojovej-sla\u0301vy-dargov-pama\u0308tni\u0301k-edited-1.jpeg 960w, https:\/\/www.haravara.sk\/wp-content\/uploads\/2022\/02\/sien\u030c-bojovej-sla\u0301vy-dargov-pama\u0308tni\u0301k-edited-1-300x169.jpeg 300w, https:\/\/www.haravara.sk\/wp-content\/uploads\/2022\/02\/sien\u030c-bojovej-sla\u0301vy-dargov-pama\u0308tni\u0301k-edited-1-768x432.jpeg 768w\" sizes=\"(max-width: 960px) 100vw, 960px\" \/><\/a><\/figure>\n\n\n\n<div style=\"height:34px\" aria-hidden=\"true\" class=\"wp-block-spacer\"><\/div>\n\n\n\n<h4 class=\"wp-block-heading\">\ud83d\udcf8<strong><span style=\"color:#ba20a4\" class=\"has-inline-color\"><strong><strong>Odfoti\u0165 sa ako dobr\u00fd vojak pri tanku<\/strong><\/strong><\/span><\/strong><\/h4>\n\n\n\n<div style=\"height:35px\" aria-hidden=\"true\" class=\"wp-block-spacer\"><\/div>\n\n\n\n<h5 class=\"wp-block-heading\" id=\"h-dargovsk-priesmyk\"><a href=\"https:\/\/www.haravara.sk\/hu\/atrakcie\/sien-bojovej-slavy\/\">Dargovsk\u00fd priesmyk<\/a><\/h5>\n\n\n\n<p><\/p>\n\n\n\n<p>Pam\u00e4tn\u00edk v Dargovskom priesmyku sa nach\u00e1dza na hranici chot\u00e1rov obc\u00ed Ko\u0161ick\u00fd Kle\u010denov a Dargov v sedle Dargovsk\u00e9ho priesmyku vo v\u00fd\u0161ke 474 m n. m. Pozost\u00e1va zo s\u00faso\u0161ia Oslobodenia, expoz\u00edcie oslobodite\u013esk\u00fdch tankov a z pam\u00e4tnej siene bojovej sl\u00e1vy. Venovan\u00fd je bitke o Dargovsk\u00fd priesmyk, ktor\u00e1 sa svojou d\u013a\u017ekou a po\u010dtom obet\u00ed zaradila medzi naj\u0165a\u017e\u0161ie na \u00fazem\u00ed b\u00fdval\u00e9ho \u010ceskoslovenska, hne\u010f za Karpatsko-dukelskou oper\u00e1ciou. Okrem samotn\u00e9ho pam\u00e4tn\u00edka sa tu nach\u00e1dza aj Sie\u0148 bojovej sl\u00e1vy, kde je mo\u017en\u00e9 si pozrie\u0165 uniformy, zbrane, dokumenty a \u010fal\u0161ie pamiatky. <\/p>\n\n\n\n<p>Ak ste zvedav\u00ed, \u010di tanky na Dargovskom priesmyku e\u0161te funguj\u00fa? Ka\u0161ko v\u00e1m to prezrad\u00ed v rozpr\u00e1vke. <\/p>\n\n\n\n<div style=\"height:36px\" aria-hidden=\"true\" class=\"wp-block-spacer\"><\/div>\n\n\n\n<div class=\"wp-block-buttons is-layout-flex wp-block-buttons-is-layout-flex\">\n<div class=\"wp-block-button\"><a class=\"wp-block-button__link has-luminous-vivid-amber-to-luminous-vivid-orange-gradient-background has-background wp-element-button\" href=\"https:\/\/www.haravara.sk\/hu\/pribehy\/ako-chcel-kasko-s-kamaratmi-ochranit-mesto\/\"><strong>Vypo\u010du\u0165 si rozpr\u00e1vku<\/strong><\/a><\/div>\n<\/div>\n\n\n\n<div style=\"height:45px\" aria-hidden=\"true\" class=\"wp-block-spacer\"><\/div>\n\n\n\n<figure class=\"wp-block-image size-large\"><a href=\"https:\/\/www.haravara.sk\/wp-content\/uploads\/2022\/02\/BL_1536x1920px_Haravara.jpg\"><img decoding=\"async\" width=\"819\" height=\"1024\" src=\"https:\/\/www.haravara.sk\/wp-content\/uploads\/2022\/02\/BL_1536x1920px_Haravara-819x1024.jpg\" alt=\"\" class=\"wp-image-6045\" srcset=\"https:\/\/www.haravara.sk\/wp-content\/uploads\/2022\/02\/BL_1536x1920px_Haravara-819x1024.jpg 819w, https:\/\/www.haravara.sk\/wp-content\/uploads\/2022\/02\/BL_1536x1920px_Haravara-240x300.jpg 240w, https:\/\/www.haravara.sk\/wp-content\/uploads\/2022\/02\/BL_1536x1920px_Haravara-768x960.jpg 768w, https:\/\/www.haravara.sk\/wp-content\/uploads\/2022\/02\/BL_1536x1920px_Haravara-1229x1536.jpg 1229w, https:\/\/www.haravara.sk\/wp-content\/uploads\/2022\/02\/BL_1536x1920px_Haravara.jpg 1536w\" sizes=\"(max-width: 819px) 100vw, 819px\" \/><\/a><\/figure>\n\n\n\n<div style=\"height:31px\" aria-hidden=\"true\" class=\"wp-block-spacer\"><\/div>\n\n\n\n<h3 class=\"wp-block-heading\" id=\"h-pre-koho-je-bucket-list-ur-en\"><span style=\"color:#ba20a4\" class=\"has-inline-color\"><strong>Pre koho je bucket list ur\u010den\u00fd?<\/strong><\/span><\/h3>\n\n\n\n<ul class=\"wp-block-list\">\n<li>pre v\u0161etk\u00fdch mal\u00fdch, ale aj ve\u013ek\u00fdch dobrodruhov, \u00a0<\/li>\n\n\n\n<li>pre v\u0161etk\u00fdch, ktor\u00ed sa neboja v\u00fdziev (ani duchov a v\u00fd\u0161ok), \u00a0<\/li>\n\n\n\n<li>pre neboj\u00e1cnych lovcov z\u00e1\u017eitkov,<\/li>\n\n\n\n<li>pre mal\u00fdch aj ve\u013ek\u00fdch turistov a milovn\u00edkov sladkost\u00ed,<\/li>\n\n\n\n<li>pre t\u00fdch, ktor\u00ed bez fotky z v\u00fdletu nikdy neod\u00eddu.<\/li>\n<\/ul>\n\n\n\n<div style=\"height:45px\" aria-hidden=\"true\" class=\"wp-block-spacer\"><\/div>\n\n\n\n<h3 class=\"wp-block-heading\" id=\"h-o-sa-po-as-v-letu-dozviete\"><span style=\"color:#ba20a4\" class=\"has-inline-color\"><strong>Mit tudhatunk meg a kir\u00e1ndul\u00e1s sor\u00e1n?<\/strong><\/span><\/h3>\n\n\n\n<ul class=\"wp-block-list\">\n<li>ako sa vol\u00e1 ve\u017ea na hrade Slanec,<\/li>\n\n\n\n<li>\u010di je cukrov\u00e1 homo\u013ea naozaj sladk\u00e1,<\/li>\n\n\n\n<li>ko\u013eko obl\u00fakov m\u00e1 most v Lelese,<\/li>\n\n\n\n<li>ak\u00e9 stroje bojovali vo vojne.<\/li>\n<\/ul>\n\n\n\n<p><\/p>\n\n\n\n<p><\/p>\n\n\n\n<p><\/p>","protected":false},"excerpt":{"rendered":"<p>,,Pozrite kamar\u00e1ti, \u010do som na\u0161iel,\" s n\u00e1znakom nov\u00e9ho dobrodru\u017estva za\u010dal d\u00f4le\u017eit\u00fa debatu Ka\u0161ko. ,,Toto je vz\u00e1cny, zoznam z\u00e1\u017eitkov, ktor\u00e9 by ste pri spozn\u00e1van\u00ed krajiny Haravara mali za\u017ei\u0165, aby sa z V\u00e1s stali skuto\u010dn\u00ed Haravar\u010dania.\",,Uk\u00e1\u00e1\u00e1\u00e1\u017e n\u00e1m to!\" zvedavo na\u0165ahovali ruky Max s Majkou. ,,Nabra\u0165 odvahu a neb\u00e1\u0165 sa ani duchov, ani v\u00fd\u0161ok? V\u0161ak ja sa neboj\u00edm...<\/p>","protected":false},"featured_media":6049,"menu_order":0,"template":"","format":"standard","meta":{"_acf_changed":false,"footnotes":""},"categories":[17,1],"class_list":["post-6028","vylety","type-vylety","status-publish","format-standard","has-post-thumbnail","hentry","category-jednodnove-vylety","category-tipy-pre-rodicov"],"acf":[],"yoast_head":"<!-- This site is optimized with the Yoast SEO Premium plugin v22.7 (Yoast SEO v27.5) - https:\/\/yoast.com\/product\/yoast-seo-premium-wordpress\/ -->\n<title>\u2b50HARAVARA - Kam s de\u0165mi v Ko\u0161ickom kraji - \u010carovn\u00e1 cesta krajinou Haravara<\/title>\n<meta name=\"description\" content=\"P\u00fdtate sa kam s de\u0165mi v Ko\u0161ickom kraji? Odpove\u010f je HARAVARA Nechajte sa in\u0161pirova\u0165 skvel\u00fdmi tipmi na rodinn\u00e9 v\u00fdlety, podujatia...\" \/>\n<meta name=\"robots\" content=\"index, follow, max-snippet:-1, max-image-preview:large, max-video-preview:-1\" \/>\n<link rel=\"canonical\" href=\"https:\/\/www.haravara.sk\/hu\/vylety\/carovna-cesta-krajinou-haravara\/\" \/>\n<meta property=\"og:locale\" content=\"hu_HU\" \/>\n<meta property=\"og:type\" content=\"article\" \/>\n<meta property=\"og:title\" content=\"\ud83e\udded\ud83c\udf44\u010carovn\u00e1 cesta krajinou Haravara \ud83c\udf08\ud83c\udfb2\" \/>\n<meta property=\"og:description\" content=\"Cie\u013eom va\u0161ich v\u00fdletov nemus\u00ed by\u0165 v\u017edy len konkr\u00e9tne miesto, ktor\u00e9 sa rozhodnete nav\u0161t\u00edvi\u0165. Cie\u013eom m\u00f4\u017eu by\u0165 pr\u00e1ve z\u00e1\u017eitky, ktor\u00e9 po\u010das va\u0161ich potulk\u00e1ch po krajine Haravara za\u017eijete. Vyrazte na v\u00fdlet u\u017e s pripraven\u00fdm zoznamom z\u00e1\u017eitkov, v\u010faka ktor\u00fdm na ni\u010d d\u00f4le\u017eit\u00e9 nikdy nezabudnete.\" \/>\n<meta property=\"og:url\" content=\"https:\/\/www.haravara.sk\/hu\/vylety\/carovna-cesta-krajinou-haravara\/\" \/>\n<meta property=\"og:site_name\" content=\"HARAVARA\" \/>\n<meta property=\"article:publisher\" content=\"https:\/\/www.facebook.com\/haravara.detsky.svet\" \/>\n<meta property=\"article:modified_time\" content=\"2025-03-24T14:02:15+00:00\" \/>\n<meta property=\"og:image\" content=\"https:\/\/www.haravara.sk\/wp-content\/uploads\/2022\/02\/Dizajn-bez-nazvu-6.jpg\" \/>\n\t<meta property=\"og:image:width\" content=\"1200\" \/>\n\t<meta property=\"og:image:height\" content=\"624\" \/>\n\t<meta property=\"og:image:type\" content=\"image\/jpeg\" \/>\n<meta name=\"twitter:card\" content=\"summary_large_image\" \/>\n<meta name=\"twitter:title\" content=\"\u010carovn\u00e1 cesta krajinou Haravara\" \/>\n<meta name=\"twitter:label1\" content=\"Becs\u00fclt olvas\u00e1si id\u0151\" \/>\n\t<meta name=\"twitter:data1\" content=\"4 perc\" \/>\n<script type=\"application\/ld+json\" class=\"yoast-schema-graph\">{\"@context\":\"https:\\\/\\\/schema.org\",\"@graph\":[{\"@type\":\"WebPage\",\"@id\":\"https:\\\/\\\/www.haravara.sk\\\/vylety\\\/carovna-cesta-krajinou-haravara\\\/\",\"url\":\"https:\\\/\\\/www.haravara.sk\\\/vylety\\\/carovna-cesta-krajinou-haravara\\\/\",\"name\":\"\u2b50HARAVARA - Kam s de\u0165mi v Ko\u0161ickom kraji - \u010carovn\u00e1 cesta krajinou Haravara\",\"isPartOf\":{\"@id\":\"https:\\\/\\\/www.haravara.sk\\\/#website\"},\"primaryImageOfPage\":{\"@id\":\"https:\\\/\\\/www.haravara.sk\\\/vylety\\\/carovna-cesta-krajinou-haravara\\\/#primaryimage\"},\"image\":{\"@id\":\"https:\\\/\\\/www.haravara.sk\\\/vylety\\\/carovna-cesta-krajinou-haravara\\\/#primaryimage\"},\"thumbnailUrl\":\"https:\\\/\\\/www.haravara.sk\\\/wp-content\\\/uploads\\\/2022\\\/02\\\/zmensene.jpg\",\"datePublished\":\"2022-02-16T16:07:13+00:00\",\"dateModified\":\"2025-03-24T14:02:15+00:00\",\"description\":\"P\u00fdtate sa kam s de\u0165mi v Ko\u0161ickom kraji? Odpove\u010f je HARAVARA Nechajte sa in\u0161pirova\u0165 skvel\u00fdmi tipmi na rodinn\u00e9 v\u00fdlety, podujatia...\",\"breadcrumb\":{\"@id\":\"https:\\\/\\\/www.haravara.sk\\\/vylety\\\/carovna-cesta-krajinou-haravara\\\/#breadcrumb\"},\"inLanguage\":\"hu\",\"potentialAction\":[{\"@type\":\"ReadAction\",\"target\":[\"https:\\\/\\\/www.haravara.sk\\\/vylety\\\/carovna-cesta-krajinou-haravara\\\/\"]}]},{\"@type\":\"ImageObject\",\"inLanguage\":\"hu\",\"@id\":\"https:\\\/\\\/www.haravara.sk\\\/vylety\\\/carovna-cesta-krajinou-haravara\\\/#primaryimage\",\"url\":\"https:\\\/\\\/www.haravara.sk\\\/wp-content\\\/uploads\\\/2022\\\/02\\\/zmensene.jpg\",\"contentUrl\":\"https:\\\/\\\/www.haravara.sk\\\/wp-content\\\/uploads\\\/2022\\\/02\\\/zmensene.jpg\",\"width\":1773,\"height\":1182},{\"@type\":\"BreadcrumbList\",\"@id\":\"https:\\\/\\\/www.haravara.sk\\\/vylety\\\/carovna-cesta-krajinou-haravara\\\/#breadcrumb\",\"itemListElement\":[{\"@type\":\"ListItem\",\"position\":1,\"name\":\"Domov\",\"item\":\"https:\\\/\\\/www.haravara.sk\\\/\"},{\"@type\":\"ListItem\",\"position\":2,\"name\":\"V\u00fdlety\",\"item\":\"https:\\\/\\\/www.haravara.sk\\\/vylety\\\/\"},{\"@type\":\"ListItem\",\"position\":3,\"name\":\"\u010carovn\u00e1 cesta krajinou Haravara\"}]},{\"@type\":\"WebSite\",\"@id\":\"https:\\\/\\\/www.haravara.sk\\\/#website\",\"url\":\"https:\\\/\\\/www.haravara.sk\\\/\",\"name\":\"HARAVARA\",\"description\":\"Objav detsk\u00fd svet v Ko\u0161ickom kraji\",\"publisher\":{\"@id\":\"https:\\\/\\\/www.haravara.sk\\\/#organization\"},\"potentialAction\":[{\"@type\":\"SearchAction\",\"target\":{\"@type\":\"EntryPoint\",\"urlTemplate\":\"https:\\\/\\\/www.haravara.sk\\\/?s={search_term_string}\"},\"query-input\":{\"@type\":\"PropertyValueSpecification\",\"valueRequired\":true,\"valueName\":\"search_term_string\"}}],\"inLanguage\":\"hu\"},{\"@type\":\"Organization\",\"@id\":\"https:\\\/\\\/www.haravara.sk\\\/#organization\",\"name\":\"Haravara\",\"url\":\"https:\\\/\\\/www.haravara.sk\\\/\",\"logo\":{\"@type\":\"ImageObject\",\"inLanguage\":\"hu\",\"@id\":\"https:\\\/\\\/www.haravara.sk\\\/#\\\/schema\\\/logo\\\/image\\\/\",\"url\":\"https:\\\/\\\/www.haravara.sk\\\/wp-content\\\/uploads\\\/2021\\\/04\\\/LOGO-LandingPage.png\",\"contentUrl\":\"https:\\\/\\\/www.haravara.sk\\\/wp-content\\\/uploads\\\/2021\\\/04\\\/LOGO-LandingPage.png\",\"width\":832,\"height\":618,\"caption\":\"Haravara\"},\"image\":{\"@id\":\"https:\\\/\\\/www.haravara.sk\\\/#\\\/schema\\\/logo\\\/image\\\/\"},\"sameAs\":[\"https:\\\/\\\/www.facebook.com\\\/haravara.detsky.svet\"]}]}<\/script>\n<!-- \/ Yoast SEO Premium plugin. -->","yoast_head_json":{"title":"\u2b50HARAVARA - Kam s de\u0165mi v Ko\u0161ickom kraji - \u010carovn\u00e1 cesta krajinou Haravara","description":"P\u00fdtate sa kam s de\u0165mi v Ko\u0161ickom kraji? Odpove\u010f je HARAVARA Nechajte sa in\u0161pirova\u0165 skvel\u00fdmi tipmi na rodinn\u00e9 v\u00fdlety, podujatia...","robots":{"index":"index","follow":"follow","max-snippet":"max-snippet:-1","max-image-preview":"max-image-preview:large","max-video-preview":"max-video-preview:-1"},"canonical":"https:\/\/www.haravara.sk\/hu\/vylety\/carovna-cesta-krajinou-haravara\/","og_locale":"hu_HU","og_type":"article","og_title":"\ud83e\udded\ud83c\udf44\u010carovn\u00e1 cesta krajinou Haravara \ud83c\udf08\ud83c\udfb2","og_description":"Cie\u013eom va\u0161ich v\u00fdletov nemus\u00ed by\u0165 v\u017edy len konkr\u00e9tne miesto, ktor\u00e9 sa rozhodnete nav\u0161t\u00edvi\u0165. Cie\u013eom m\u00f4\u017eu by\u0165 pr\u00e1ve z\u00e1\u017eitky, ktor\u00e9 po\u010das va\u0161ich potulk\u00e1ch po krajine Haravara za\u017eijete. Vyrazte na v\u00fdlet u\u017e s pripraven\u00fdm zoznamom z\u00e1\u017eitkov, v\u010faka ktor\u00fdm na ni\u010d d\u00f4le\u017eit\u00e9 nikdy nezabudnete.","og_url":"https:\/\/www.haravara.sk\/hu\/vylety\/carovna-cesta-krajinou-haravara\/","og_site_name":"HARAVARA","article_publisher":"https:\/\/www.facebook.com\/haravara.detsky.svet","article_modified_time":"2025-03-24T14:02:15+00:00","og_image":[{"width":1200,"height":624,"url":"https:\/\/www.haravara.sk\/wp-content\/uploads\/2022\/02\/Dizajn-bez-nazvu-6.jpg","type":"image\/jpeg"}],"twitter_card":"summary_large_image","twitter_title":"\u010carovn\u00e1 cesta krajinou Haravara","twitter_misc":{"Becs\u00fclt olvas\u00e1si id\u0151":"4 perc"},"schema":{"@context":"https:\/\/schema.org","@graph":[{"@type":"WebPage","@id":"https:\/\/www.haravara.sk\/vylety\/carovna-cesta-krajinou-haravara\/","url":"https:\/\/www.haravara.sk\/vylety\/carovna-cesta-krajinou-haravara\/","name":"\u2b50HARAVARA - Kam s de\u0165mi v Ko\u0161ickom kraji - \u010carovn\u00e1 cesta krajinou Haravara","isPartOf":{"@id":"https:\/\/www.haravara.sk\/#website"},"primaryImageOfPage":{"@id":"https:\/\/www.haravara.sk\/vylety\/carovna-cesta-krajinou-haravara\/#primaryimage"},"image":{"@id":"https:\/\/www.haravara.sk\/vylety\/carovna-cesta-krajinou-haravara\/#primaryimage"},"thumbnailUrl":"https:\/\/www.haravara.sk\/wp-content\/uploads\/2022\/02\/zmensene.jpg","datePublished":"2022-02-16T16:07:13+00:00","dateModified":"2025-03-24T14:02:15+00:00","description":"P\u00fdtate sa kam s de\u0165mi v Ko\u0161ickom kraji? Odpove\u010f je HARAVARA Nechajte sa in\u0161pirova\u0165 skvel\u00fdmi tipmi na rodinn\u00e9 v\u00fdlety, podujatia...","breadcrumb":{"@id":"https:\/\/www.haravara.sk\/vylety\/carovna-cesta-krajinou-haravara\/#breadcrumb"},"inLanguage":"hu","potentialAction":[{"@type":"ReadAction","target":["https:\/\/www.haravara.sk\/vylety\/carovna-cesta-krajinou-haravara\/"]}]},{"@type":"ImageObject","inLanguage":"hu","@id":"https:\/\/www.haravara.sk\/vylety\/carovna-cesta-krajinou-haravara\/#primaryimage","url":"https:\/\/www.haravara.sk\/wp-content\/uploads\/2022\/02\/zmensene.jpg","contentUrl":"https:\/\/www.haravara.sk\/wp-content\/uploads\/2022\/02\/zmensene.jpg","width":1773,"height":1182},{"@type":"BreadcrumbList","@id":"https:\/\/www.haravara.sk\/vylety\/carovna-cesta-krajinou-haravara\/#breadcrumb","itemListElement":[{"@type":"ListItem","position":1,"name":"Domov","item":"https:\/\/www.haravara.sk\/"},{"@type":"ListItem","position":2,"name":"V\u00fdlety","item":"https:\/\/www.haravara.sk\/vylety\/"},{"@type":"ListItem","position":3,"name":"\u010carovn\u00e1 cesta krajinou Haravara"}]},{"@type":"WebSite","@id":"https:\/\/www.haravara.sk\/#website","url":"https:\/\/www.haravara.sk\/","name":"HARAVARA","description":"Objav detsk\u00fd svet v Ko\u0161ickom kraji","publisher":{"@id":"https:\/\/www.haravara.sk\/#organization"},"potentialAction":[{"@type":"SearchAction","target":{"@type":"EntryPoint","urlTemplate":"https:\/\/www.haravara.sk\/?s={search_term_string}"},"query-input":{"@type":"PropertyValueSpecification","valueRequired":true,"valueName":"search_term_string"}}],"inLanguage":"hu"},{"@type":"Organization","@id":"https:\/\/www.haravara.sk\/#organization","name":"Haravara","url":"https:\/\/www.haravara.sk\/","logo":{"@type":"ImageObject","inLanguage":"hu","@id":"https:\/\/www.haravara.sk\/#\/schema\/logo\/image\/","url":"https:\/\/www.haravara.sk\/wp-content\/uploads\/2021\/04\/LOGO-LandingPage.png","contentUrl":"https:\/\/www.haravara.sk\/wp-content\/uploads\/2021\/04\/LOGO-LandingPage.png","width":832,"height":618,"caption":"Haravara"},"image":{"@id":"https:\/\/www.haravara.sk\/#\/schema\/logo\/image\/"},"sameAs":["https:\/\/www.facebook.com\/haravara.detsky.svet"]}]}},"_links":{"self":[{"href":"https:\/\/www.haravara.sk\/hu\/wp-json\/wp\/v2\/vylety\/6028","targetHints":{"allow":["GET"]}}],"collection":[{"href":"https:\/\/www.haravara.sk\/hu\/wp-json\/wp\/v2\/vylety"}],"about":[{"href":"https:\/\/www.haravara.sk\/hu\/wp-json\/wp\/v2\/types\/vylety"}],"version-history":[{"count":2,"href":"https:\/\/www.haravara.sk\/hu\/wp-json\/wp\/v2\/vylety\/6028\/revisions"}],"predecessor-version":[{"id":18558,"href":"https:\/\/www.haravara.sk\/hu\/wp-json\/wp\/v2\/vylety\/6028\/revisions\/18558"}],"wp:featuredmedia":[{"embeddable":true,"href":"https:\/\/www.haravara.sk\/hu\/wp-json\/wp\/v2\/media\/6049"}],"wp:attachment":[{"href":"https:\/\/www.haravara.sk\/hu\/wp-json\/wp\/v2\/media?parent=6028"}],"wp:term":[{"taxonomy":"category","embeddable":true,"href":"https:\/\/www.haravara.sk\/hu\/wp-json\/wp\/v2\/categories?post=6028"}],"curies":[{"name":"wp","href":"https:\/\/api.w.org\/{rel}","templated":true}]}}