{"id":93,"date":"2021-02-15T12:33:48","date_gmt":"2021-02-15T11:33:48","guid":{"rendered":"https:\/\/www.haravara.sk\/?post_type=vylety&#038;p=93"},"modified":"2024-06-28T22:02:33","modified_gmt":"2024-06-28T21:02:33","slug":"zit-ako-zalesak","status":"publish","type":"vylety","link":"https:\/\/www.haravara.sk\/hu\/vylety\/zit-ako-zalesak\/","title":{"rendered":"Kir\u00e1ndul\u00e1sa a Tam\u00e1sfalvi kil\u00e1t\u00f3hoz"},"content":{"rendered":"<blockquote class=\"wp-block-quote is-style-default is-layout-flow wp-block-quote-is-layout-flow\">\n<p><strong><em>,,Ugyan mi abban a m\u00f3ka, ha eg\u00e9sz nap bent kuksolunk \u00e9s a sz\u00e1m\u00edt\u00f3g\u00e9pbe b\u00e1mulunk?\u201c k\u00e9rdezte egy nap Kask\u00f3 Maxit, aki megint a monitor el\u0151tt \u00fclt. <br>,,Te ezt egy\u00e1ltal\u00e1n nem \u00e9rted! \u00c9n egy szuper j\u00e1t\u00e9kot j\u00e1tszom, ahol egy t\u00fal\u00e9l\u0151 vagyok \u00e9s k\u00fcl\u00f6nf\u00e9le akad\u00e1lyokat kell lek\u00fczdenem,\u201c pr\u00f3b\u00e1lta magyar\u00e1zni Maxi, de nem j\u00e1rt sikerrel.<br>,,Majd \u00e9n megmutatom, hogy lehetsz igazi t\u00fal\u00e9l\u0151! Vedd a h\u00e1tizs\u00e1kot \u00e9s k\u00e9sz\u00fclj fel egy igazi nagy kalandra. Ha t\u00fal\u00e9l\u0151 akarsz lenni, h\u00e1t az leszel! De el\u0151sz\u00f6r meg kell k\u00fczdened a Hern\u00e1d-\u00e1tt\u00f6r\u00e9ssel, a Tam\u00e1sfalvi-kil\u00e1t\u00f3val \u00e9s a Kyse\u013e nev\u0171 via ferr\u00e1t\u00e1val!\"<\/em><\/strong><\/p>\n\n\n\n<p><\/p>\n<\/blockquote>\n\n\n\n<div style=\"height:28px\" aria-hidden=\"true\" class=\"wp-block-spacer\"><\/div>\n\n\n\n<figure class=\"wp-block-gallery has-nested-images columns-default is-cropped wp-block-gallery-1 is-layout-flex wp-block-gallery-is-layout-flex\">\n<figure class=\"wp-block-image size-full\"><img decoding=\"async\" width=\"1000\" height=\"667\" data-id=\"13514\" src=\"https:\/\/www.haravara.sk\/wp-content\/uploads\/2023\/05\/DSC04429.jpg\" alt=\"\" class=\"wp-image-13514\" srcset=\"https:\/\/www.haravara.sk\/wp-content\/uploads\/2023\/05\/DSC04429.jpg 1000w, https:\/\/www.haravara.sk\/wp-content\/uploads\/2023\/05\/DSC04429-300x200.jpg 300w, https:\/\/www.haravara.sk\/wp-content\/uploads\/2023\/05\/DSC04429-768x512.jpg 768w\" sizes=\"(max-width: 1000px) 100vw, 1000px\" \/><figcaption class=\"wp-element-caption\">A Tam\u00e1sfalvi-kil\u00e1t\u00f3<\/figcaption><\/figure>\n\n\n\n<figure class=\"wp-block-image size-full\"><img decoding=\"async\" width=\"1000\" height=\"667\" data-id=\"13498\" src=\"https:\/\/www.haravara.sk\/wp-content\/uploads\/2021\/11\/DSC05743-1.jpg\" alt=\"Prielom Horn\u00e1du - stupa\u010dky\" class=\"wp-image-13498\" srcset=\"https:\/\/www.haravara.sk\/wp-content\/uploads\/2021\/11\/DSC05743-1.jpg 1000w, https:\/\/www.haravara.sk\/wp-content\/uploads\/2021\/11\/DSC05743-1-300x200.jpg 300w, https:\/\/www.haravara.sk\/wp-content\/uploads\/2021\/11\/DSC05743-1-768x512.jpg 768w\" sizes=\"(max-width: 1000px) 100vw, 1000px\" \/><figcaption class=\"wp-element-caption\">A Hern\u00e1d-\u00e1tt\u00f6r\u00e9s<\/figcaption><\/figure>\n\n\n\n<figure class=\"wp-block-image size-large\"><img decoding=\"async\" width=\"683\" height=\"1024\" data-id=\"13469\" src=\"https:\/\/www.haravara.sk\/wp-content\/uploads\/2023\/05\/AA_9290-copy-683x1024.jpg\" alt=\"\" class=\"wp-image-13469\" srcset=\"https:\/\/www.haravara.sk\/wp-content\/uploads\/2023\/05\/AA_9290-copy-683x1024.jpg 683w, https:\/\/www.haravara.sk\/wp-content\/uploads\/2023\/05\/AA_9290-copy-200x300.jpg 200w, https:\/\/www.haravara.sk\/wp-content\/uploads\/2023\/05\/AA_9290-copy-768x1152.jpg 768w, https:\/\/www.haravara.sk\/wp-content\/uploads\/2023\/05\/AA_9290-copy-1024x1536.jpg 1024w, https:\/\/www.haravara.sk\/wp-content\/uploads\/2023\/05\/AA_9290-copy-1365x2048.jpg 1365w, https:\/\/www.haravara.sk\/wp-content\/uploads\/2023\/05\/AA_9290-copy.jpg 3840w\" sizes=\"(max-width: 683px) 100vw, 683px\" \/><figcaption class=\"wp-element-caption\">Ferrata Kyse\u013e<\/figcaption><\/figure>\n<\/figure>\n\n\n\n<div style=\"height:28px\" aria-hidden=\"true\" class=\"wp-block-spacer\"><\/div>\n\n\n<div class=\"wp-block-image\">\n<figure class=\"alignright size-large is-resized\"><img decoding=\"async\" width=\"500\" height=\"500\" src=\"https:\/\/www.haravara.sk\/wp-content\/uploads\/2021\/02\/stan-2.png\" alt=\"\" class=\"wp-image-922\" style=\"width:-78px;height:-78px\" srcset=\"https:\/\/www.haravara.sk\/wp-content\/uploads\/2021\/02\/stan-2.png 500w, https:\/\/www.haravara.sk\/wp-content\/uploads\/2021\/02\/stan-2-300x300.png 300w, https:\/\/www.haravara.sk\/wp-content\/uploads\/2021\/02\/stan-2-150x150.png 150w\" sizes=\"(max-width: 500px) 100vw, 500px\" \/><\/figure>\n<\/div>\n\n\n<h3 class=\"wp-block-heading\"><mark style=\"background-color:rgba(0, 0, 0, 0);color:#ba20a4\" class=\"has-inline-color\"><strong>R\u00f6viden az utaz\u00e1sr\u00f3l<\/strong><\/mark><\/h3>\n\n\n\n<p>A mini ferrata (vasalt \u00fat) a Szlov\u00e1k Paradicsom-beli Csing\u00f3i turista k\u00f6zpontban tal\u00e1lhat\u00f3, amely Igl\u00f3t\u00f3l mintegy 5 km-re van. N\u00e9h\u00e1ny sz\u00e1z m\u00e9terrel tov\u00e1bb tal\u00e1ljuk az Ihla s\u00e1tort\u00e1bort, ahol felverhetj\u00fck a s\u00e1trunkat, vagy kivehet\u00fcnk egy fah\u00e1zat. A Tam\u00e1sfalvi-kil\u00e1t\u00f3hoz t\u00f6bb \u00fatvonalon is eljuthatunk,  de a legszebb az, amelyik a Hern\u00e1d-\u00e1tt\u00f6r\u00e9sen \u00e1t vezet.<\/p>\n\n\n\n<p><\/p>\n\n\n\n<p>Ha a Kyse\u013e vasalt \u00faton szeretn\u00e9tek pr\u00f3b\u00e1ra tenni er\u0151t\u00f6ket, a Tam\u00e1sfalvi-kil\u00e1t\u00f3t\u00f3l a z\u00f6ld jelz\u00e9st k\u00f6vetve haladjatok, a Feh\u00e9r Patakon \u00e1t eg\u00e9szen a Kyse\u013e-ig.<\/p>\n\n\n\n<div style=\"height:23px\" aria-hidden=\"true\" class=\"wp-block-spacer\"><\/div>\n\n\n\n<p><\/p>\n\n\n\n<h3 class=\"wp-block-heading\"><mark style=\"background-color:rgba(0, 0, 0, 0);color:#ba20a4\" class=\"has-inline-color\"><strong>Miniferrata <\/strong><\/mark><\/h3>\n\n\n\n<p>A Szlov\u00e1k paradicsomban, a Csing\u00f3 Turistak\u00f6zpontban egy \u00fajonnan megnyitott \u201em\u00e1sz\u00f3t\u00e9r\u201c v\u00e1rja a kis felfedez\u0151ket, ahol az orsz\u00e1g els\u0151, 77 m\u00e9ter hossz\u00fa miniferrat\u00e1j\u00e1t is kipr\u00f3b\u00e1lhatj\u00e1k. Nemcsak gyerekeknek k\u00e9sz\u00fclt, hanem mindazoknak, akik szeretn\u00e9k kipr\u00f3b\u00e1lni a vasalt utat, miel\u0151tt m\u00e9g belev\u00e1gnak az igazi \u00fatvonalba, a Kyse\u013e szurdokban. A felk\u00e9sz\u00edt\u0151 p\u00e1ly\u00e1n megtanulhatnak p\u00f3k m\u00f3dj\u00e1ra m\u00e1szni \u00e9s annyi b\u00e1tors\u00e1got gy\u0171jteni, amennyi egy tapasztalt t\u00fal\u00e9l\u0151nek kell. <br><\/p>\n\n\n\n<div style=\"height:23px\" aria-hidden=\"true\" class=\"wp-block-spacer\"><\/div>\n\n\n\n<p><\/p>\n\n\n\n<h3 class=\"wp-block-heading\"><mark style=\"background-color:rgba(0, 0, 0, 0);color:#ba20a4\" class=\"has-inline-color\"><strong>A Hern\u00e1d-\u00e1tt\u00f6r\u00e9s<\/strong><\/mark><\/h3>\n\n\n\n<p>Ezen a turista-\u00fatvonalon vasl\u00e9tr\u00e1k \u00e9s szikl\u00e1ban r\u00f6gz\u00edtett biztos\u00edt\u00f3 szerkezetek seg\u00edts\u00e9g\u00e9vel jutunk \u00e1t a Hern\u00e1d foly\u00f3 felett. Felt\u00e9tlen\u00fcl sz\u00fcks\u00e9ges a biztos fog\u00e1s \u00e9s a j\u00f3 cip\u0151.<\/p>\n\n\n\n<div style=\"height:19px\" aria-hidden=\"true\" class=\"wp-block-spacer\"><\/div>\n\n\n\n<h3 class=\"wp-block-heading\"><mark style=\"background-color:rgba(0, 0, 0, 0);color:#ba20a4\" class=\"has-inline-color\"><strong>\u00c9jjel a szabad \u00e9g alatt<\/strong><\/mark><\/h3>\n\n\n\n<p><br>A csillagok alatt alhatunk, ha az Ihla s\u00e1tort\u00e1bort v\u00e1lasztjuk, a <a href=\"https:\/\/www.slovenskyraj.sk\/\">Szlov\u00e1k Paradicsom Nemzeti Park<\/a>, <a href=\"https:\/\/www.slovenskyraj.sk\/strediska\/cingov\/cingov.html\">Csing\u00f3 Turistak\u00f6zpontj\u00e1ban<\/a>, az \u00faj <a href=\"https:\/\/www.hotelcingov.sk\/rooms\/autocamp-cingov-slovensky-raj\/\">Csing\u00f3 aut\u00f3kempingben.<\/a>  Akik rendelkeznek kell\u0151 energi\u00e1val, azoknak aj\u00e1nljuk, hogy s\u00e9t\u00e1ljanak el a Szlov\u00e1k Paradicsom legszebb szikl\u00e1j\u00e1ra, a Tam\u00e1sfalvi-kil\u00e1t\u00f3hoz. A leny\u0171g\u00f6z\u0151, t\u00f6bb mint 200 m\u00e9ter hossz\u00fa sziklat\u00f6mb a Hern\u00e1d foly\u00f3 felett ny\u00falik ki a t\u00e9rbe, 146 m\u00e9teres magass\u00e1gban. <br><\/p>\n\n\n\n<div style=\"height:23px\" aria-hidden=\"true\" class=\"wp-block-spacer\"><\/div>\n\n\n\n<h3 class=\"wp-block-heading\"><mark style=\"background-color:rgba(0, 0, 0, 0);color:#ba20a4\" class=\"has-inline-color\"><strong>A Tam\u00e1sfalvi-kil\u00e1t\u00f3<\/strong><\/mark><\/h3>\n\n\n\n<p><br>A padszer\u0171 sziklat\u00f6mb\u00f6k egyed\u00fcl\u00e1ll\u00f3 teraszokat alak\u00edtanak ki, ahonnan nagyszer\u0171 kil\u00e1t\u00e1s t\u00e1rul el\u00e9nk a Szlov\u00e1k Paradicsomra \u00e9s a MagasT\u00e1tr\u00e1ra. A Tam\u00e1sfalvi-kil\u00e1t\u00f3hoz t\u00f6bb \u00fatvonal is vezet, a Csing\u00f3r\u00f3l indul\u00f3 s\u00e1rga jelz\u00e9s a csal\u00e1dosoknak a legmegfelel\u0151bb.&nbsp;<\/p>\n\n\n\n<div style=\"height:23px\" aria-hidden=\"true\" class=\"wp-block-spacer\"><\/div>\n\n\n\n<div style=\"height:28px\" aria-hidden=\"true\" class=\"wp-block-spacer\"><\/div>\n\n\n\n<h3 class=\"wp-block-heading\" id=\"h-ako-a-kde-zacat-vylet-na-tomasovsky-vyhlad-nbsp\"><mark style=\"background-color:rgba(0, 0, 0, 0);color:#ba20a4\" class=\"has-inline-color\"><strong>Hogyan \u00e9s melyik \u00faton jutunk el a Tam\u00e1sfalvi-kil\u00e1t\u00f3hoz?<\/strong>&nbsp;<\/mark><\/h3>\n\n\n\n<p><\/p>\n\n\n<p><iframe style=\"border:none\" src=\"https:\/\/sk.frame.mapy.cz\/s\/homalejeje\" width=\"100%\" height=\"333\" frameborder=\"0\"><\/iframe><\/p>\n\n\n\n<div style=\"height:28px\" aria-hidden=\"true\" class=\"wp-block-spacer\"><\/div>\n\n\n\n<h3 class=\"wp-block-heading\" id=\"h-pre-koho-je-vylet-na-tomasovsky-vyhlad-urceny\"><mark style=\"background-color:rgba(0, 0, 0, 0);color:#ba20a4\" class=\"has-inline-color\"><strong>Kinek aj\u00e1nljuk  a Tam\u00e1sfalvi-kil\u00e1t\u00f3hoz vezet\u0151 t\u00far\u00e1t?<\/strong><\/mark><\/h3>\n\n\n\n<ul class=\"wp-block-list\">\n<li>Azoknak a kis \u00e9s nagy kalandoroknak, akik szeretn\u00e9k pr\u00f3b\u00e1ra tenni m\u00e1sz\u00e1si k\u00e9pess\u00e9g\u00fcket.<\/li>\n\n\n\n<li>Azoknak, akik nem sz\u00e1molj\u00e1k, h\u00e1n l\u00e9p\u00e9s van m\u00e9g h\u00e1tra, ha felfel\u00e9 kell taposni.&nbsp;<\/li>\n\n\n\n<li>A b\u00e1traknak, akik sz\u00edvesen t\u00f6lten\u00e9k az \u00e9jszak\u00e1t a szabad \u00e9g alatt.<\/li>\n<\/ul>\n\n\n\n<div style=\"height:28px\" aria-hidden=\"true\" class=\"wp-block-spacer\"><\/div>\n\n\n\n<h3 class=\"wp-block-heading\" id=\"h-otazky-pre-sikovnych-pozorovatelov\"><mark style=\"background-color:rgba(0, 0, 0, 0);color:#ba20a4\" class=\"has-inline-color\"><strong>K\u00e9rd\u00e9sek a szemf\u00fcles kir\u00e1ndul\u00f3k sz\u00e1m\u00e1ra<\/strong><\/mark><\/h3>\n\n\n\n<p>1. <em>Melyik ismert foly\u00f3 folyik a Tam\u00e1sfalvi-kil\u00e1t\u00f3 k\u00f6zel\u00e9ben?&nbsp;<\/em><br>2. <em>Hogy h\u00edvj\u00e1k azt a vasb\u00f3l k\u00e9sz\u00fclt eszk\u00f6zt, amivel r\u00f6gz\u00edtj\u00fck magunkat, ha a k\u00f6t\u00e9len m\u00e1szunk?<\/em><br>3. <em>A gyuf\u00e1n k\u00edv\u00fcl m\u00e9g mivel tudunk t\u00fczet gy\u00fajtani?&nbsp;<\/em><\/p>\n\n\n\n<div style=\"height:28px\" aria-hidden=\"true\" class=\"wp-block-spacer\"><\/div>\n\n\n\n<h3 class=\"wp-block-heading\" id=\"h-viac-informacii\"><mark style=\"background-color:rgba(0, 0, 0, 0);color:#ba20a4\" class=\"has-inline-color\"><strong>T\u00f6bb inform\u00e1ci\u00f3<\/strong><\/mark><\/h3>\n\n\n\n<p><a href=\"https:\/\/www.viaferratakysel.sk\/\">www.viaferratakysel.sk<\/a><br><a href=\"https:\/\/www.slovenskyraj.sk\/ihla\/\">www.slovenskyraj.sk\/ihla\/<\/a><br><a href=\"https:\/\/www.obecsenne.sk\/\">www.obecsenne.sk<\/a><\/p>\n\n\n\n<div style=\"height:28px\" aria-hidden=\"true\" class=\"wp-block-spacer\"><\/div>\n\n\n\n<h3 class=\"wp-block-heading\" id=\"h-moznosti-stravovania-na-vylete\"><mark style=\"background-color:rgba(0, 0, 0, 0);color:#ba20a4\" class=\"has-inline-color\"><strong>\u00c9tkez\u00e9si lehet\u0151s\u00e9gek a kir\u00e1ndul\u00e1s sor\u00e1n<\/strong><\/mark><\/h3>\n\n\n\n<ul class=\"wp-block-list\">\n<li><em><a href=\"https:\/\/www.hotelcingov.sk\/\">Hotel \u010cINGOV *** Slovensk\u00fd raj, 053 11 Smi\u017eany<\/a><\/em>, <a href=\"tel: +421 905 316 545\"><em>+421 905 316 545<\/em><\/a> \/ <a href=\"tel: +421 53 44 33 633\"><em>+421 53 44 33 633<\/em><\/a><\/li>\n\n\n\n<li><em>Sala\u0161 \u010cingov<\/em> - \u010cingov 147, Spi\u0161sk\u00e9 Tom\u00e1\u0161ovce, <a href=\"https:\/\/www.google.com\/search?client=safari&amp;rls=en&amp;q=salas+cingov&amp;ie=UTF-8&amp;oe=UTF-8#\">0905 562 125<\/a><\/li>\n\n\n\n<li><em>Bufet \u010cingov<\/em> - \u010cingov 113, Spi\u0161sk\u00e9 Tom\u00e1\u0161ovce, 0905 341 770<\/li>\n\n\n\n<li><em>Re\u0161taur\u00e1cia Trio<\/em> - Hradisko 1254, Smi\u017eany, <a href=\"https:\/\/www.google.com\/search?client=safari&amp;rls=en&amp;sxsrf=ALeKk01fyDd9uKs3HMUOCCtSjMJnSGoL3w%3A1588668281119&amp;ei=eSexXuz4Br6GjLsPl7SKkAk&amp;q=restauracia+trio+cingov&amp;oq=restauracia+trio+cingov&amp;gs_lcp=CgZwc3ktYWIQAzIFCAAQzQIyBQgAEM0CMgUIABDNAjIFCAAQzQI6BAgAEEc6AggAOgYIABAWEB46BQghEKABOgQIIRAVOgcIIRAKEKABUPl-WMaHAWCbiQFoAHACeACAAXaIAd4FkgEDMi41mAEAoAEBqgEHZ3dzLXdpeg&amp;sclient=psy-ab&amp;ved=0ahUKEwismb_EqpzpAhU-A2MBHReaApIQ4dUDCAs&amp;uact=5#\">0905 277 381<\/a><\/li>\n\n\n\n<li><em>U Susedy<\/em> - Kpt. J\u00e1na N\u00e1lepku 82\/30, Smi\u017eany, <a href=\"https:\/\/www.google.com\/search?client=safari&amp;rls=en&amp;q=u+susedy&amp;ie=UTF-8&amp;oe=UTF-8#\">0948 464 866<\/a><\/li>\n\n\n\n<li><em>Wimbach<\/em> - Ilia\u0161ovsk\u00e1 2, Smi\u017eany, <a href=\"https:\/\/www.google.com\/search?client=safari&amp;rls=en&amp;sxsrf=ALeKk006mvxVouSO7-OQLq2Jwed85n79DQ%3A1588668374183&amp;ei=1iexXr3iCpHCUobZhyA&amp;q=wimbach+&amp;oq=wimbach+&amp;gs_lcp=CgZwc3ktYWIQAzICCAAyAggAMgIIADICCAAyAggAMgUIABDLATICCAA6BAgAEEc6BAgjECc6BQgAEIMBOgQIABBDOgcIABAKEMsBUNrOAVjl2AFg4d4BaABwBHgAgAFuiAGjBZIBAzcuMZgBAKABAaoBB2d3cy13aXo&amp;sclient=psy-ab&amp;ved=0ahUKEwi9pe_wqpzpAhURoRQKHYbsAQQQ4dUDCAs&amp;uact=5#\">053\/443 44 72<\/a><\/li>\n\n\n\n<li><em>Gazdovsk\u00fd dvor<\/em> - N\u00e1mestie M. Pajdu\u0161\u00e1ka 53, Smi\u017eany, <a href=\"https:\/\/www.google.com\/search?client=safari&amp;rls=en&amp;sxsrf=ALeKk02ZpVNtADasF-bgFMyNjiPxrW5BPg%3A1588668435425&amp;ei=EyixXs3AGbuBjLsPifWtuA8&amp;q=gazdovsky+dvor+smizany&amp;oq=gazdovsky+dvor+smizany&amp;gs_lcp=CgZwc3ktYWIQAzIGCAAQFhAeMgYIABAWEB46BAgAEEc6BAgjECc6BAgAEEM6AggAUMghWNYrYJ8waABwAngAgAFtiAGfBpIBAzMuNZgBAKABAaoBB2d3cy13aXo&amp;sclient=psy-ab&amp;ved=0ahUKEwiNlomOq5zpAhW7AGMBHYl6C_cQ4dUDCAs&amp;uact=5#\">053\/443 43 33<\/a><\/li>\n<\/ul>\n\n\n\n<div style=\"height:28px\" aria-hidden=\"true\" class=\"wp-block-spacer\"><\/div>\n\n\n\n<h3 class=\"wp-block-heading\" id=\"h-moznosti-ubytovania-v-okoli\"><mark style=\"background-color:rgba(0, 0, 0, 0);color:#ba20a4\" class=\"has-inline-color\"><strong>Sz\u00e1ll\u00e1shelyek a k\u00f6rny\u00e9ken<\/strong><\/mark><\/h3>\n\n\n\n<ul class=\"wp-block-list\">\n<li><em><a href=\"https:\/\/www.hotelcingov.sk\/\">Hotel \u010cINGOV *** Slovensk\u00fd raj, 053 11 Smi\u017eany<\/a>, <a href=\"tel: +421 905 316 545\">+421 905 316 545<\/a> \/ <a href=\"tel:. +421 53 44 33 633\">+421 53 44 33 633<\/a>, hotelcingov@hotelcingov.sk<\/em><\/li>\n\n\n\n<li><em>Chata Adri\u00e1n, \u010cingov, 0903 057 002, cingov.adrian@gmail.com<\/em><\/li>\n\n\n\n<li><em>Penzi\u00f3n Thamasy, Spi\u0161sk\u00e9 Tom\u00e1\u0161ovce, 0904 859 476, penzionthamasy@gmail.com<\/em><\/li>\n\n\n\n<li><em>Penzi\u00f3n Paradise, Smi\u017eany, 0905 952 888, pensionparadise@gmail.com<\/em><\/li>\n\n\n\n<li><em>Chata Ostrica v Slovenskom raji, Ko\u0161iarny Brie\u017eok, 0911 360 088, chataostrica@gmail.com<\/em><\/li>\n<\/ul>","protected":false},"excerpt":{"rendered":"<p>,,Koho by bavilo by\u0165 zavret\u00fd cel\u00e9 dni v izbe a pozera\u0165 do po\u010d\u00edta\u010da?\" sp\u00fdtal sa mrzut\u00fd Ka\u0161ko jedn\u00e9ho d\u0148a Maxa, ke\u010f ho op\u00e4\u0165 na\u0161iel sedie\u0165 pred monitorom. ,,Ale ty tomu v\u00f4bec nerozumie\u0161! Ja sa hr\u00e1m super hru, kde som ako\u017ee z\u00e1les\u00e1k a mus\u00edm zvl\u00e1dnu\u0165 r\u00f4zne prek\u00e1\u017eky,\" sna\u017eil sa mu vysvetli\u0165 Max, ale ne\u00faspe\u0161ne.,,Ja ti uk\u00e1\u017eem,...<\/p>","protected":false},"featured_media":947,"menu_order":0,"template":"","format":"standard","meta":{"_acf_changed":false,"footnotes":""},"categories":[1],"class_list":["post-93","vylety","type-vylety","status-publish","format-standard","has-post-thumbnail","hentry","category-tipy-pre-rodicov"],"acf":[],"yoast_head":"<!-- This site is optimized with the Yoast SEO Premium plugin v22.7 (Yoast SEO v27.5) - https:\/\/yoast.com\/product\/yoast-seo-premium-wordpress\/ -->\n<title>Tip na v\u00fdlet v Ko\u0161ickom kraji -V\u00fdlet na Tom\u00e1\u0161ovsk\u00fd v\u00fdh\u013ead - HARAVARA<\/title>\n<meta name=\"description\" content=\"P\u00fdtate sa kam s de\u0165mi v Ko\u0161ickom kraji? Odpove\u010f je V\u00fdlet na Tom\u00e1\u0161ovsk\u00fd v\u00fdh\u013ead Nechajte sa in\u0161pirova\u0165 tipmy na v\u00fdlety, poduajtia...\" \/>\n<meta name=\"robots\" content=\"index, follow, max-snippet:-1, max-image-preview:large, max-video-preview:-1\" \/>\n<link rel=\"canonical\" href=\"https:\/\/www.haravara.sk\/hu\/vylety\/zit-ako-zalesak\/\" \/>\n<meta property=\"og:locale\" content=\"hu_HU\" \/>\n<meta property=\"og:type\" content=\"article\" \/>\n<meta property=\"og:title\" content=\"V\u00fdlet na Tom\u00e1\u0161ovsk\u00fd v\u00fdh\u013ead\" \/>\n<meta property=\"og:description\" content=\"P\u00fdtate sa kam s de\u0165mi v Ko\u0161ickom kraji? Odpove\u010f je V\u00fdlet na Tom\u00e1\u0161ovsk\u00fd v\u00fdh\u013ead Nechajte sa in\u0161pirova\u0165 tipmy na v\u00fdlety, poduajtia...\" \/>\n<meta property=\"og:url\" content=\"https:\/\/www.haravara.sk\/hu\/vylety\/zit-ako-zalesak\/\" \/>\n<meta property=\"og:site_name\" content=\"HARAVARA\" \/>\n<meta property=\"article:publisher\" content=\"https:\/\/www.facebook.com\/haravara.detsky.svet\" \/>\n<meta property=\"article:modified_time\" content=\"2024-06-28T21:02:33+00:00\" \/>\n<meta property=\"og:image\" content=\"https:\/\/www.haravara.sk\/wp-content\/uploads\/2021\/02\/atrakcia-foto--scaled.jpg\" \/>\n\t<meta property=\"og:image:width\" content=\"2560\" \/>\n\t<meta property=\"og:image:height\" content=\"1707\" \/>\n\t<meta property=\"og:image:type\" content=\"image\/jpeg\" \/>\n<meta name=\"twitter:card\" content=\"summary_large_image\" \/>\n<meta name=\"twitter:label1\" content=\"Becs\u00fclt olvas\u00e1si id\u0151\" \/>\n\t<meta name=\"twitter:data1\" content=\"4 perc\" \/>\n<script type=\"application\/ld+json\" class=\"yoast-schema-graph\">{\"@context\":\"https:\\\/\\\/schema.org\",\"@graph\":[{\"@type\":\"WebPage\",\"@id\":\"https:\\\/\\\/www.haravara.sk\\\/vylety\\\/zit-ako-zalesak\\\/\",\"url\":\"https:\\\/\\\/www.haravara.sk\\\/vylety\\\/zit-ako-zalesak\\\/\",\"name\":\"Tip na v\u00fdlet v Ko\u0161ickom kraji -V\u00fdlet na Tom\u00e1\u0161ovsk\u00fd v\u00fdh\u013ead - HARAVARA\",\"isPartOf\":{\"@id\":\"https:\\\/\\\/www.haravara.sk\\\/#website\"},\"primaryImageOfPage\":{\"@id\":\"https:\\\/\\\/www.haravara.sk\\\/vylety\\\/zit-ako-zalesak\\\/#primaryimage\"},\"image\":{\"@id\":\"https:\\\/\\\/www.haravara.sk\\\/vylety\\\/zit-ako-zalesak\\\/#primaryimage\"},\"thumbnailUrl\":\"https:\\\/\\\/www.haravara.sk\\\/wp-content\\\/uploads\\\/2021\\\/02\\\/atrakcia-foto--scaled.jpg\",\"datePublished\":\"2021-02-15T11:33:48+00:00\",\"dateModified\":\"2024-06-28T21:02:33+00:00\",\"description\":\"P\u00fdtate sa kam s de\u0165mi v Ko\u0161ickom kraji? Odpove\u010f je V\u00fdlet na Tom\u00e1\u0161ovsk\u00fd v\u00fdh\u013ead Nechajte sa in\u0161pirova\u0165 tipmy na v\u00fdlety, poduajtia...\",\"breadcrumb\":{\"@id\":\"https:\\\/\\\/www.haravara.sk\\\/vylety\\\/zit-ako-zalesak\\\/#breadcrumb\"},\"inLanguage\":\"hu\",\"potentialAction\":[{\"@type\":\"ReadAction\",\"target\":[\"https:\\\/\\\/www.haravara.sk\\\/vylety\\\/zit-ako-zalesak\\\/\"]}]},{\"@type\":\"ImageObject\",\"inLanguage\":\"hu\",\"@id\":\"https:\\\/\\\/www.haravara.sk\\\/vylety\\\/zit-ako-zalesak\\\/#primaryimage\",\"url\":\"https:\\\/\\\/www.haravara.sk\\\/wp-content\\\/uploads\\\/2021\\\/02\\\/atrakcia-foto--scaled.jpg\",\"contentUrl\":\"https:\\\/\\\/www.haravara.sk\\\/wp-content\\\/uploads\\\/2021\\\/02\\\/atrakcia-foto--scaled.jpg\",\"width\":2560,\"height\":1707,\"caption\":\"toma\u0161ovsk\u00fd v\u00fdh\u013ead\"},{\"@type\":\"BreadcrumbList\",\"@id\":\"https:\\\/\\\/www.haravara.sk\\\/vylety\\\/zit-ako-zalesak\\\/#breadcrumb\",\"itemListElement\":[{\"@type\":\"ListItem\",\"position\":1,\"name\":\"Domov\",\"item\":\"https:\\\/\\\/www.haravara.sk\\\/\"},{\"@type\":\"ListItem\",\"position\":2,\"name\":\"V\u00fdlety\",\"item\":\"https:\\\/\\\/www.haravara.sk\\\/vylety\\\/\"},{\"@type\":\"ListItem\",\"position\":3,\"name\":\"V\u00fdlet na Tom\u00e1\u0161ovsk\u00fd v\u00fdh\u013ead\"}]},{\"@type\":\"WebSite\",\"@id\":\"https:\\\/\\\/www.haravara.sk\\\/#website\",\"url\":\"https:\\\/\\\/www.haravara.sk\\\/\",\"name\":\"HARAVARA\",\"description\":\"Objav detsk\u00fd svet v Ko\u0161ickom kraji\",\"publisher\":{\"@id\":\"https:\\\/\\\/www.haravara.sk\\\/#organization\"},\"potentialAction\":[{\"@type\":\"SearchAction\",\"target\":{\"@type\":\"EntryPoint\",\"urlTemplate\":\"https:\\\/\\\/www.haravara.sk\\\/?s={search_term_string}\"},\"query-input\":{\"@type\":\"PropertyValueSpecification\",\"valueRequired\":true,\"valueName\":\"search_term_string\"}}],\"inLanguage\":\"hu\"},{\"@type\":\"Organization\",\"@id\":\"https:\\\/\\\/www.haravara.sk\\\/#organization\",\"name\":\"Haravara\",\"url\":\"https:\\\/\\\/www.haravara.sk\\\/\",\"logo\":{\"@type\":\"ImageObject\",\"inLanguage\":\"hu\",\"@id\":\"https:\\\/\\\/www.haravara.sk\\\/#\\\/schema\\\/logo\\\/image\\\/\",\"url\":\"https:\\\/\\\/www.haravara.sk\\\/wp-content\\\/uploads\\\/2021\\\/04\\\/LOGO-LandingPage.png\",\"contentUrl\":\"https:\\\/\\\/www.haravara.sk\\\/wp-content\\\/uploads\\\/2021\\\/04\\\/LOGO-LandingPage.png\",\"width\":832,\"height\":618,\"caption\":\"Haravara\"},\"image\":{\"@id\":\"https:\\\/\\\/www.haravara.sk\\\/#\\\/schema\\\/logo\\\/image\\\/\"},\"sameAs\":[\"https:\\\/\\\/www.facebook.com\\\/haravara.detsky.svet\"]}]}<\/script>\n<!-- \/ Yoast SEO Premium plugin. -->","yoast_head_json":{"title":"Tip na v\u00fdlet v Ko\u0161ickom kraji -V\u00fdlet na Tom\u00e1\u0161ovsk\u00fd v\u00fdh\u013ead - HARAVARA","description":"P\u00fdtate sa kam s de\u0165mi v Ko\u0161ickom kraji? Odpove\u010f je V\u00fdlet na Tom\u00e1\u0161ovsk\u00fd v\u00fdh\u013ead Nechajte sa in\u0161pirova\u0165 tipmy na v\u00fdlety, poduajtia...","robots":{"index":"index","follow":"follow","max-snippet":"max-snippet:-1","max-image-preview":"max-image-preview:large","max-video-preview":"max-video-preview:-1"},"canonical":"https:\/\/www.haravara.sk\/hu\/vylety\/zit-ako-zalesak\/","og_locale":"hu_HU","og_type":"article","og_title":"V\u00fdlet na Tom\u00e1\u0161ovsk\u00fd v\u00fdh\u013ead","og_description":"P\u00fdtate sa kam s de\u0165mi v Ko\u0161ickom kraji? Odpove\u010f je V\u00fdlet na Tom\u00e1\u0161ovsk\u00fd v\u00fdh\u013ead Nechajte sa in\u0161pirova\u0165 tipmy na v\u00fdlety, poduajtia...","og_url":"https:\/\/www.haravara.sk\/hu\/vylety\/zit-ako-zalesak\/","og_site_name":"HARAVARA","article_publisher":"https:\/\/www.facebook.com\/haravara.detsky.svet","article_modified_time":"2024-06-28T21:02:33+00:00","og_image":[{"width":2560,"height":1707,"url":"https:\/\/www.haravara.sk\/wp-content\/uploads\/2021\/02\/atrakcia-foto--scaled.jpg","type":"image\/jpeg"}],"twitter_card":"summary_large_image","twitter_misc":{"Becs\u00fclt olvas\u00e1si id\u0151":"4 perc"},"schema":{"@context":"https:\/\/schema.org","@graph":[{"@type":"WebPage","@id":"https:\/\/www.haravara.sk\/vylety\/zit-ako-zalesak\/","url":"https:\/\/www.haravara.sk\/vylety\/zit-ako-zalesak\/","name":"Tip na v\u00fdlet v Ko\u0161ickom kraji -V\u00fdlet na Tom\u00e1\u0161ovsk\u00fd v\u00fdh\u013ead - HARAVARA","isPartOf":{"@id":"https:\/\/www.haravara.sk\/#website"},"primaryImageOfPage":{"@id":"https:\/\/www.haravara.sk\/vylety\/zit-ako-zalesak\/#primaryimage"},"image":{"@id":"https:\/\/www.haravara.sk\/vylety\/zit-ako-zalesak\/#primaryimage"},"thumbnailUrl":"https:\/\/www.haravara.sk\/wp-content\/uploads\/2021\/02\/atrakcia-foto--scaled.jpg","datePublished":"2021-02-15T11:33:48+00:00","dateModified":"2024-06-28T21:02:33+00:00","description":"P\u00fdtate sa kam s de\u0165mi v Ko\u0161ickom kraji? Odpove\u010f je V\u00fdlet na Tom\u00e1\u0161ovsk\u00fd v\u00fdh\u013ead Nechajte sa in\u0161pirova\u0165 tipmy na v\u00fdlety, poduajtia...","breadcrumb":{"@id":"https:\/\/www.haravara.sk\/vylety\/zit-ako-zalesak\/#breadcrumb"},"inLanguage":"hu","potentialAction":[{"@type":"ReadAction","target":["https:\/\/www.haravara.sk\/vylety\/zit-ako-zalesak\/"]}]},{"@type":"ImageObject","inLanguage":"hu","@id":"https:\/\/www.haravara.sk\/vylety\/zit-ako-zalesak\/#primaryimage","url":"https:\/\/www.haravara.sk\/wp-content\/uploads\/2021\/02\/atrakcia-foto--scaled.jpg","contentUrl":"https:\/\/www.haravara.sk\/wp-content\/uploads\/2021\/02\/atrakcia-foto--scaled.jpg","width":2560,"height":1707,"caption":"toma\u0161ovsk\u00fd v\u00fdh\u013ead"},{"@type":"BreadcrumbList","@id":"https:\/\/www.haravara.sk\/vylety\/zit-ako-zalesak\/#breadcrumb","itemListElement":[{"@type":"ListItem","position":1,"name":"Domov","item":"https:\/\/www.haravara.sk\/"},{"@type":"ListItem","position":2,"name":"V\u00fdlety","item":"https:\/\/www.haravara.sk\/vylety\/"},{"@type":"ListItem","position":3,"name":"V\u00fdlet na Tom\u00e1\u0161ovsk\u00fd v\u00fdh\u013ead"}]},{"@type":"WebSite","@id":"https:\/\/www.haravara.sk\/#website","url":"https:\/\/www.haravara.sk\/","name":"HARAVARA","description":"Objav detsk\u00fd svet v Ko\u0161ickom kraji","publisher":{"@id":"https:\/\/www.haravara.sk\/#organization"},"potentialAction":[{"@type":"SearchAction","target":{"@type":"EntryPoint","urlTemplate":"https:\/\/www.haravara.sk\/?s={search_term_string}"},"query-input":{"@type":"PropertyValueSpecification","valueRequired":true,"valueName":"search_term_string"}}],"inLanguage":"hu"},{"@type":"Organization","@id":"https:\/\/www.haravara.sk\/#organization","name":"Haravara","url":"https:\/\/www.haravara.sk\/","logo":{"@type":"ImageObject","inLanguage":"hu","@id":"https:\/\/www.haravara.sk\/#\/schema\/logo\/image\/","url":"https:\/\/www.haravara.sk\/wp-content\/uploads\/2021\/04\/LOGO-LandingPage.png","contentUrl":"https:\/\/www.haravara.sk\/wp-content\/uploads\/2021\/04\/LOGO-LandingPage.png","width":832,"height":618,"caption":"Haravara"},"image":{"@id":"https:\/\/www.haravara.sk\/#\/schema\/logo\/image\/"},"sameAs":["https:\/\/www.facebook.com\/haravara.detsky.svet"]}]}},"_links":{"self":[{"href":"https:\/\/www.haravara.sk\/hu\/wp-json\/wp\/v2\/vylety\/93","targetHints":{"allow":["GET"]}}],"collection":[{"href":"https:\/\/www.haravara.sk\/hu\/wp-json\/wp\/v2\/vylety"}],"about":[{"href":"https:\/\/www.haravara.sk\/hu\/wp-json\/wp\/v2\/types\/vylety"}],"version-history":[{"count":3,"href":"https:\/\/www.haravara.sk\/hu\/wp-json\/wp\/v2\/vylety\/93\/revisions"}],"predecessor-version":[{"id":17662,"href":"https:\/\/www.haravara.sk\/hu\/wp-json\/wp\/v2\/vylety\/93\/revisions\/17662"}],"wp:featuredmedia":[{"embeddable":true,"href":"https:\/\/www.haravara.sk\/hu\/wp-json\/wp\/v2\/media\/947"}],"wp:attachment":[{"href":"https:\/\/www.haravara.sk\/hu\/wp-json\/wp\/v2\/media?parent=93"}],"wp:term":[{"taxonomy":"category","embeddable":true,"href":"https:\/\/www.haravara.sk\/hu\/wp-json\/wp\/v2\/categories?post=93"}],"curies":[{"name":"wp","href":"https:\/\/api.w.org\/{rel}","templated":true}]}}