{"id":1250,"date":"2021-03-30T09:57:17","date_gmt":"2021-03-30T09:57:17","guid":{"rendered":"https:\/\/www.haravara.sk\/?post_type=atrakcie&#038;p=1250"},"modified":"2025-08-27T09:34:48","modified_gmt":"2025-08-27T08:34:48","slug":"pavol-emanuel-dobsinsky-rodny-dom","status":"publish","type":"atrakcie","link":"https:\/\/www.haravara.sk\/pl\/atrakcie\/pavol-emanuel-dobsinsky-rodny-dom\/","title":{"rendered":"Pavol Emanuel Dob\u0161insk\u00fd - rodn\u00fd dom"},"content":{"rendered":"<p><\/p>\n\n\n\n<blockquote class=\"wp-block-quote is-style-default is-layout-flow wp-block-quote-is-layout-flow\">\n<p><em><strong>Viete, \u010do znamen\u00e1 a odkia\u013e poch\u00e1dza slovo Haravara? <br>Haravara je star\u00fd n\u00e1zov, ktor\u00fd \u010dasto pou\u017e\u00edval v svojich rozpr\u00e1vkach Pavol Dob\u0161insk\u00fd. Toto slovo po\u010dul od najstar\u0161\u00edch obyvate\u013eov u\u017e v 19. storo\u010d\u00ed. Bolo v slovnej z\u00e1sobe \u013eud\u00ed na tomto \u00fazem\u00ed u\u017e ve\u013emi d\u00e1vno. Je to archaizmus, ktor\u00fd \u017eije v rozpr\u00e1vkach, v literat\u00fare a v expres\u00edvnych prejavoch.<\/strong><\/em> <em><strong>\"Haravara\" znamen\u00e1 v\u0161ehochu\u0165 v\u0161etk\u00e9ho ako aj na\u0161a krajina je v\u0161ehochu\u0165ou v\u0161etk\u00e9ho - n\u00e1jdete tu mest\u00e1, dediny, lesy, jaskyne, jazer\u00e1...  a taktie\u017e to znamen\u00e1 aj hluk, no a hluk det\u00ed je samozrejme, s\u00fa\u010das\u0165ou krajiny Haravara.<\/strong><\/em><\/p>\n<\/blockquote>\n\n\n\n<p>Obec Slavo\u0161ovce je rodiskom v\u00fdznamn\u00e9ho slovensk\u00e9ho dejate\u013ea, evanjelick\u00e9ho k\u0148aza, spisovate\u013ea a zberate\u013ea slovensk\u00fdch (hlavne gemersk\u00fdch) \u013eudov\u00fdch rozpr\u00e1vok. Pavol Emanuel Dob\u0161insk\u00fd bol vynikaj\u00facim prekladate\u013eom, glos\u00e1torom, autorom cestopisov, ale najm\u00e4 zberate\u013eom proston\u00e1rodn\u00fdch slovensk\u00fdch povest\u00ed a priekopn\u00edkom v etnografii. V jeho rodnom dome - budove b\u00fdvalej evanjelickej fary je mo\u017en\u00e9 nav\u0161t\u00edvi\u0165 pam\u00e4tn\u00fa izbu so st\u00e1lym sprievodcom. <\/p>\n\n\n\n<p>Na prie\u010del\u00ed budovy je bronzov\u00e1 pam\u00e4tn\u00e1 tabu\u013ea od Franti\u0161ka Moto\u0161ku, v are\u00e1li z\u00e1kladnej \u0161koly stoj\u00ed kamenn\u00fd pomn\u00edk Dob\u0161insk\u00e9ho s jeho portr\u00e9tnou bustou od akademick\u00e9ho soch\u00e1ra Du\u0161ana Dzureka.<\/p>\n\n\n\n<div style=\"height:35px\" aria-hidden=\"true\" class=\"wp-block-spacer\"><\/div>\n\n\n\n<figure class=\"wp-block-gallery has-nested-images columns-default is-cropped wp-block-gallery-1 is-layout-flex wp-block-gallery-is-layout-flex\">\n<figure class=\"wp-block-image size-large\"><a href=\"https:\/\/www.haravara.sk\/wp-content\/uploads\/2021\/03\/atrakcia-foto-30-scaled.jpg\"><img decoding=\"async\" width=\"1024\" height=\"683\" data-id=\"1372\" src=\"https:\/\/www.haravara.sk\/wp-content\/uploads\/2021\/03\/atrakcia-foto-30-1024x683.jpg\" alt=\"\" class=\"wp-image-1372\" srcset=\"https:\/\/www.haravara.sk\/wp-content\/uploads\/2021\/03\/atrakcia-foto-30-1024x683.jpg 1024w, https:\/\/www.haravara.sk\/wp-content\/uploads\/2021\/03\/atrakcia-foto-30-300x200.jpg 300w, https:\/\/www.haravara.sk\/wp-content\/uploads\/2021\/03\/atrakcia-foto-30-768x512.jpg 768w, https:\/\/www.haravara.sk\/wp-content\/uploads\/2021\/03\/atrakcia-foto-30-1536x1024.jpg 1536w, https:\/\/www.haravara.sk\/wp-content\/uploads\/2021\/03\/atrakcia-foto-30-2048x1365.jpg 2048w, https:\/\/www.haravara.sk\/wp-content\/uploads\/2021\/03\/atrakcia-foto-30-scaled.jpg 2560w\" sizes=\"(max-width: 1024px) 100vw, 1024px\" \/><\/a><figcaption class=\"wp-element-caption\">Interi\u00e9r rodn\u00e9ho domu<\/figcaption><\/figure>\n\n\n\n<figure class=\"wp-block-image size-large\"><a href=\"https:\/\/www.haravara.sk\/wp-content\/uploads\/2021\/03\/atrakcia-foto-31-1-scaled.jpg\"><img decoding=\"async\" width=\"1024\" height=\"683\" data-id=\"1374\" src=\"https:\/\/www.haravara.sk\/wp-content\/uploads\/2021\/03\/atrakcia-foto-31-1-1024x683.jpg\" alt=\"\" class=\"wp-image-1374\" srcset=\"https:\/\/www.haravara.sk\/wp-content\/uploads\/2021\/03\/atrakcia-foto-31-1-1024x683.jpg 1024w, https:\/\/www.haravara.sk\/wp-content\/uploads\/2021\/03\/atrakcia-foto-31-1-300x200.jpg 300w, https:\/\/www.haravara.sk\/wp-content\/uploads\/2021\/03\/atrakcia-foto-31-1-768x512.jpg 768w, https:\/\/www.haravara.sk\/wp-content\/uploads\/2021\/03\/atrakcia-foto-31-1-1536x1024.jpg 1536w, https:\/\/www.haravara.sk\/wp-content\/uploads\/2021\/03\/atrakcia-foto-31-1-2048x1365.jpg 2048w, https:\/\/www.haravara.sk\/wp-content\/uploads\/2021\/03\/atrakcia-foto-31-1-scaled.jpg 2560w\" sizes=\"(max-width: 1024px) 100vw, 1024px\" \/><\/a><figcaption class=\"wp-element-caption\">V\u00fdjavy z rozpr\u00e1vok Dob\u0161insk\u00e9ho<\/figcaption><\/figure>\n<\/figure>\n\n\n\n<div style=\"height:28px\" aria-hidden=\"true\" class=\"wp-block-spacer\"><\/div>\n\n\n\n<h3 class=\"wp-block-heading\" id=\"h-otv-racie-hodiny\"><mark style=\"background-color:rgba(0, 0, 0, 0);color:#21ad04\" class=\"has-inline-color\">Otv\u00e1racie hodiny<\/mark><\/h3>\n\n\n\n<p>Vstup do&nbsp;expoz\u00edcie je mo\u017en\u00fd na&nbsp;po\u017eiadanie, je v\u0161ak vhodn\u00e9 ohl\u00e1si\u0165 sa vopred. Rodn\u00fd dom spravuje obec Slavo\u0161ovce.<\/p>\n\n\n\n<div style=\"height:27px\" aria-hidden=\"true\" class=\"wp-block-spacer\"><\/div>\n\n\n\n<h3 class=\"wp-block-heading\" id=\"h-kontakt\"><mark style=\"background-color:rgba(0, 0, 0, 0);color:#21ad04\" class=\"has-inline-color\">Kontakt<\/mark><\/h3>\n\n\n\n<p>Tel.: <a href=\"tel: 058 \/ 799 92 81\">058 \/ 799 92 81 <\/a>\/ <a href=\"tel: 058 788 26 00\">058 788 26 00<\/a> \/&nbsp;<a href=\"tel: +421 907 367 938\">0907 367 938<\/a> \/ <a href=\"tel: +421 907 159 163\">0907 159 163<\/a><br>E-mail:&nbsp;<a href=\"mailto:info@obecslavosovce.sk\">info@obecslavosovce.sk<\/a><\/p>\n\n\n\n<p>Rodn\u00fd dom Pavla Emanuela Dob\u0161insk\u00e9ho spravuje obec <a href=\"http:\/\/www.slavosovce.sk\">Slavo\u0161ovce<\/a> <br><br><\/p>\n\n\n\n<div style=\"height:28px\" aria-hidden=\"true\" class=\"wp-block-spacer\"><\/div>\n\n\n\n<h3 class=\"wp-block-heading\" id=\"h-kde-sa-nachadza-dobsinskeho-rodny-dom\"><mark style=\"background-color:rgba(0, 0, 0, 0);color:#21ad04\" class=\"has-inline-color\">Kde sa nach\u00e1dza Dob\u0161insk\u00e9ho rodn\u00fd dom?<\/mark><\/h3>\n\n\n<p><iframe src=\"https:\/\/www.google.com\/maps\/embed?pb=!1m18!1m12!1m3!1d2632.6182453586393!2d20.281428615565027!3d48.71277721890265!2m3!1f0!2f0!3f0!3m2!1i1024!2i768!4f13.1!3m3!1m2!1s0x473fb7f21591a45f%3A0x5dd4dd7777d4e93b!2zUm9kbm7DvSBkb20gUGF2bGEgRG9ixaFpbnNrw6lobw!5e0!3m2!1ssk!2ssk!4v1617089475037!5m2!1ssk!2ssk\" width=\"100%\" height=\"450\" style=\"border:0;\" allowfullscreen=\"\" loading=\"lazy\"><\/iframe><\/p>","protected":false},"excerpt":{"rendered":"<p>Obec Slavo\u0161ovce je rodiskom v\u00fdznamn\u00e9ho slovensk\u00e9ho dejate\u013ea, evanjelick\u00e9ho k\u0148aza, spisovate\u013ea a zberate\u013ea slovensk\u00fdch (hlavne gemersk\u00fdch) \u013eudov\u00fdch rozpr\u00e1vok, Pavla Emanuela Dob\u0161insk\u00e9ho.<\/p>","protected":false},"featured_media":1373,"menu_order":0,"template":"","format":"standard","meta":{"_acf_changed":false,"footnotes":""},"categories":[1],"class_list":["post-1250","atrakcie","type-atrakcie","status-publish","format-standard","has-post-thumbnail","hentry","category-tipy-pre-rodicov"],"acf":[],"yoast_head":"<!-- This site is optimized with the Yoast SEO Premium plugin v22.7 (Yoast SEO v27.2) - https:\/\/yoast.com\/product\/yoast-seo-premium-wordpress\/ -->\n<title>\u2b50HARAVARA - Kam s de\u0165mi v Ko\u0161ickom kraji - Pavol Emanuel Dob\u0161insk\u00fd - rodn\u00fd dom<\/title>\n<meta name=\"description\" content=\"Pavol Emanuel Dob\u0161insk\u00fd sa narodil v malej obci na Gemeri - v obci Slavo\u0161ovce. Jeho rodn\u00fd dom je pln\u00fd rozpr\u00e1vkov\u00fdch pokladov.\" \/>\n<meta name=\"robots\" content=\"index, follow, max-snippet:-1, max-image-preview:large, max-video-preview:-1\" \/>\n<link rel=\"canonical\" href=\"https:\/\/www.haravara.sk\/pl\/atrakcie\/pavol-emanuel-dobsinsky-rodny-dom\/\" \/>\n<meta property=\"og:locale\" content=\"pl_PL\" \/>\n<meta property=\"og:type\" content=\"article\" \/>\n<meta property=\"og:title\" content=\"Pavol Emanuel Dob\u0161insk\u00fd - rodn\u00fd dom\" \/>\n<meta property=\"og:description\" content=\"Pavol Emanuel Dob\u0161insk\u00fd sa narodil v malej obci na Gemeri - v obci Slavo\u0161ovce. Jeho rodn\u00fd dom je pln\u00fd rozpr\u00e1vkov\u00fdch pokladov.\" \/>\n<meta property=\"og:url\" content=\"https:\/\/www.haravara.sk\/pl\/atrakcie\/pavol-emanuel-dobsinsky-rodny-dom\/\" \/>\n<meta property=\"og:site_name\" content=\"HARAVARA\" \/>\n<meta property=\"article:publisher\" content=\"https:\/\/www.facebook.com\/haravara.detsky.svet\" \/>\n<meta property=\"article:modified_time\" content=\"2025-08-27T08:34:48+00:00\" \/>\n<meta property=\"og:image\" content=\"https:\/\/www.haravara.sk\/wp-content\/uploads\/2021\/03\/atrakcia-foto-32-scaled.jpg\" \/>\n\t<meta property=\"og:image:width\" content=\"2560\" \/>\n\t<meta property=\"og:image:height\" content=\"1707\" \/>\n\t<meta property=\"og:image:type\" content=\"image\/jpeg\" \/>\n<meta name=\"twitter:card\" content=\"summary_large_image\" \/>\n<meta name=\"twitter:label1\" content=\"Szacowany czas czytania\" \/>\n\t<meta name=\"twitter:data1\" content=\"2 minuty\" \/>\n<script type=\"application\/ld+json\" class=\"yoast-schema-graph\">{\"@context\":\"https:\/\/schema.org\",\"@graph\":[{\"@type\":\"WebPage\",\"@id\":\"https:\/\/www.haravara.sk\/atrakcie\/pavol-emanuel-dobsinsky-rodny-dom\/\",\"url\":\"https:\/\/www.haravara.sk\/atrakcie\/pavol-emanuel-dobsinsky-rodny-dom\/\",\"name\":\"\u2b50HARAVARA - Kam s de\u0165mi v Ko\u0161ickom kraji - Pavol Emanuel Dob\u0161insk\u00fd - rodn\u00fd dom\",\"isPartOf\":{\"@id\":\"https:\/\/www.haravara.sk\/#website\"},\"primaryImageOfPage\":{\"@id\":\"https:\/\/www.haravara.sk\/atrakcie\/pavol-emanuel-dobsinsky-rodny-dom\/#primaryimage\"},\"image\":{\"@id\":\"https:\/\/www.haravara.sk\/atrakcie\/pavol-emanuel-dobsinsky-rodny-dom\/#primaryimage\"},\"thumbnailUrl\":\"https:\/\/www.haravara.sk\/wp-content\/uploads\/2021\/03\/atrakcia-foto-32-scaled.jpg\",\"datePublished\":\"2021-03-30T09:57:17+00:00\",\"dateModified\":\"2025-08-27T08:34:48+00:00\",\"description\":\"Pavol Emanuel Dob\u0161insk\u00fd sa narodil v malej obci na Gemeri - v obci Slavo\u0161ovce. Jeho rodn\u00fd dom je pln\u00fd rozpr\u00e1vkov\u00fdch pokladov.\",\"breadcrumb\":{\"@id\":\"https:\/\/www.haravara.sk\/atrakcie\/pavol-emanuel-dobsinsky-rodny-dom\/#breadcrumb\"},\"inLanguage\":\"pl-PL\",\"potentialAction\":[{\"@type\":\"ReadAction\",\"target\":[\"https:\/\/www.haravara.sk\/atrakcie\/pavol-emanuel-dobsinsky-rodny-dom\/\"]}]},{\"@type\":\"ImageObject\",\"inLanguage\":\"pl-PL\",\"@id\":\"https:\/\/www.haravara.sk\/atrakcie\/pavol-emanuel-dobsinsky-rodny-dom\/#primaryimage\",\"url\":\"https:\/\/www.haravara.sk\/wp-content\/uploads\/2021\/03\/atrakcia-foto-32-scaled.jpg\",\"contentUrl\":\"https:\/\/www.haravara.sk\/wp-content\/uploads\/2021\/03\/atrakcia-foto-32-scaled.jpg\",\"width\":2560,\"height\":1707},{\"@type\":\"BreadcrumbList\",\"@id\":\"https:\/\/www.haravara.sk\/atrakcie\/pavol-emanuel-dobsinsky-rodny-dom\/#breadcrumb\",\"itemListElement\":[{\"@type\":\"ListItem\",\"position\":1,\"name\":\"Domov\",\"item\":\"https:\/\/www.haravara.sk\/\"},{\"@type\":\"ListItem\",\"position\":2,\"name\":\"Atrakcie\",\"item\":\"https:\/\/www.haravara.sk\/atrakcie\/\"},{\"@type\":\"ListItem\",\"position\":3,\"name\":\"Pavol Emanuel Dob\u0161insk\u00fd - rodn\u00fd dom\"}]},{\"@type\":\"WebSite\",\"@id\":\"https:\/\/www.haravara.sk\/#website\",\"url\":\"https:\/\/www.haravara.sk\/\",\"name\":\"HARAVARA\",\"description\":\"Objav detsk\u00fd svet v Ko\u0161ickom kraji\",\"publisher\":{\"@id\":\"https:\/\/www.haravara.sk\/#organization\"},\"potentialAction\":[{\"@type\":\"SearchAction\",\"target\":{\"@type\":\"EntryPoint\",\"urlTemplate\":\"https:\/\/www.haravara.sk\/?s={search_term_string}\"},\"query-input\":{\"@type\":\"PropertyValueSpecification\",\"valueRequired\":true,\"valueName\":\"search_term_string\"}}],\"inLanguage\":\"pl-PL\"},{\"@type\":\"Organization\",\"@id\":\"https:\/\/www.haravara.sk\/#organization\",\"name\":\"Haravara\",\"url\":\"https:\/\/www.haravara.sk\/\",\"logo\":{\"@type\":\"ImageObject\",\"inLanguage\":\"pl-PL\",\"@id\":\"https:\/\/www.haravara.sk\/#\/schema\/logo\/image\/\",\"url\":\"https:\/\/www.haravara.sk\/wp-content\/uploads\/2021\/04\/LOGO-LandingPage.png\",\"contentUrl\":\"https:\/\/www.haravara.sk\/wp-content\/uploads\/2021\/04\/LOGO-LandingPage.png\",\"width\":832,\"height\":618,\"caption\":\"Haravara\"},\"image\":{\"@id\":\"https:\/\/www.haravara.sk\/#\/schema\/logo\/image\/\"},\"sameAs\":[\"https:\/\/www.facebook.com\/haravara.detsky.svet\"]}]}<\/script>\n<!-- \/ Yoast SEO Premium plugin. -->","yoast_head_json":{"title":"\u2b50HARAVARA - Kam s de\u0165mi v Ko\u0161ickom kraji - Pavol Emanuel Dob\u0161insk\u00fd - rodn\u00fd dom","description":"Pavol Emanuel Dob\u0161insk\u00fd sa narodil v malej obci na Gemeri - v obci Slavo\u0161ovce. Jeho rodn\u00fd dom je pln\u00fd rozpr\u00e1vkov\u00fdch pokladov.","robots":{"index":"index","follow":"follow","max-snippet":"max-snippet:-1","max-image-preview":"max-image-preview:large","max-video-preview":"max-video-preview:-1"},"canonical":"https:\/\/www.haravara.sk\/pl\/atrakcie\/pavol-emanuel-dobsinsky-rodny-dom\/","og_locale":"pl_PL","og_type":"article","og_title":"Pavol Emanuel Dob\u0161insk\u00fd - rodn\u00fd dom","og_description":"Pavol Emanuel Dob\u0161insk\u00fd sa narodil v malej obci na Gemeri - v obci Slavo\u0161ovce. Jeho rodn\u00fd dom je pln\u00fd rozpr\u00e1vkov\u00fdch pokladov.","og_url":"https:\/\/www.haravara.sk\/pl\/atrakcie\/pavol-emanuel-dobsinsky-rodny-dom\/","og_site_name":"HARAVARA","article_publisher":"https:\/\/www.facebook.com\/haravara.detsky.svet","article_modified_time":"2025-08-27T08:34:48+00:00","og_image":[{"width":2560,"height":1707,"url":"https:\/\/www.haravara.sk\/wp-content\/uploads\/2021\/03\/atrakcia-foto-32-scaled.jpg","type":"image\/jpeg"}],"twitter_card":"summary_large_image","twitter_misc":{"Szacowany czas czytania":"2 minuty"},"schema":{"@context":"https:\/\/schema.org","@graph":[{"@type":"WebPage","@id":"https:\/\/www.haravara.sk\/atrakcie\/pavol-emanuel-dobsinsky-rodny-dom\/","url":"https:\/\/www.haravara.sk\/atrakcie\/pavol-emanuel-dobsinsky-rodny-dom\/","name":"\u2b50HARAVARA - Kam s de\u0165mi v Ko\u0161ickom kraji - Pavol Emanuel Dob\u0161insk\u00fd - rodn\u00fd dom","isPartOf":{"@id":"https:\/\/www.haravara.sk\/#website"},"primaryImageOfPage":{"@id":"https:\/\/www.haravara.sk\/atrakcie\/pavol-emanuel-dobsinsky-rodny-dom\/#primaryimage"},"image":{"@id":"https:\/\/www.haravara.sk\/atrakcie\/pavol-emanuel-dobsinsky-rodny-dom\/#primaryimage"},"thumbnailUrl":"https:\/\/www.haravara.sk\/wp-content\/uploads\/2021\/03\/atrakcia-foto-32-scaled.jpg","datePublished":"2021-03-30T09:57:17+00:00","dateModified":"2025-08-27T08:34:48+00:00","description":"Pavol Emanuel Dob\u0161insk\u00fd sa narodil v malej obci na Gemeri - v obci Slavo\u0161ovce. Jeho rodn\u00fd dom je pln\u00fd rozpr\u00e1vkov\u00fdch pokladov.","breadcrumb":{"@id":"https:\/\/www.haravara.sk\/atrakcie\/pavol-emanuel-dobsinsky-rodny-dom\/#breadcrumb"},"inLanguage":"pl-PL","potentialAction":[{"@type":"ReadAction","target":["https:\/\/www.haravara.sk\/atrakcie\/pavol-emanuel-dobsinsky-rodny-dom\/"]}]},{"@type":"ImageObject","inLanguage":"pl-PL","@id":"https:\/\/www.haravara.sk\/atrakcie\/pavol-emanuel-dobsinsky-rodny-dom\/#primaryimage","url":"https:\/\/www.haravara.sk\/wp-content\/uploads\/2021\/03\/atrakcia-foto-32-scaled.jpg","contentUrl":"https:\/\/www.haravara.sk\/wp-content\/uploads\/2021\/03\/atrakcia-foto-32-scaled.jpg","width":2560,"height":1707},{"@type":"BreadcrumbList","@id":"https:\/\/www.haravara.sk\/atrakcie\/pavol-emanuel-dobsinsky-rodny-dom\/#breadcrumb","itemListElement":[{"@type":"ListItem","position":1,"name":"Domov","item":"https:\/\/www.haravara.sk\/"},{"@type":"ListItem","position":2,"name":"Atrakcie","item":"https:\/\/www.haravara.sk\/atrakcie\/"},{"@type":"ListItem","position":3,"name":"Pavol Emanuel Dob\u0161insk\u00fd - rodn\u00fd dom"}]},{"@type":"WebSite","@id":"https:\/\/www.haravara.sk\/#website","url":"https:\/\/www.haravara.sk\/","name":"HARAVARA","description":"Objav detsk\u00fd svet v Ko\u0161ickom kraji","publisher":{"@id":"https:\/\/www.haravara.sk\/#organization"},"potentialAction":[{"@type":"SearchAction","target":{"@type":"EntryPoint","urlTemplate":"https:\/\/www.haravara.sk\/?s={search_term_string}"},"query-input":{"@type":"PropertyValueSpecification","valueRequired":true,"valueName":"search_term_string"}}],"inLanguage":"pl-PL"},{"@type":"Organization","@id":"https:\/\/www.haravara.sk\/#organization","name":"Haravara","url":"https:\/\/www.haravara.sk\/","logo":{"@type":"ImageObject","inLanguage":"pl-PL","@id":"https:\/\/www.haravara.sk\/#\/schema\/logo\/image\/","url":"https:\/\/www.haravara.sk\/wp-content\/uploads\/2021\/04\/LOGO-LandingPage.png","contentUrl":"https:\/\/www.haravara.sk\/wp-content\/uploads\/2021\/04\/LOGO-LandingPage.png","width":832,"height":618,"caption":"Haravara"},"image":{"@id":"https:\/\/www.haravara.sk\/#\/schema\/logo\/image\/"},"sameAs":["https:\/\/www.facebook.com\/haravara.detsky.svet"]}]}},"_links":{"self":[{"href":"https:\/\/www.haravara.sk\/pl\/wp-json\/wp\/v2\/atrakcie\/1250","targetHints":{"allow":["GET"]}}],"collection":[{"href":"https:\/\/www.haravara.sk\/pl\/wp-json\/wp\/v2\/atrakcie"}],"about":[{"href":"https:\/\/www.haravara.sk\/pl\/wp-json\/wp\/v2\/types\/atrakcie"}],"version-history":[{"count":3,"href":"https:\/\/www.haravara.sk\/pl\/wp-json\/wp\/v2\/atrakcie\/1250\/revisions"}],"predecessor-version":[{"id":19828,"href":"https:\/\/www.haravara.sk\/pl\/wp-json\/wp\/v2\/atrakcie\/1250\/revisions\/19828"}],"wp:featuredmedia":[{"embeddable":true,"href":"https:\/\/www.haravara.sk\/pl\/wp-json\/wp\/v2\/media\/1373"}],"wp:attachment":[{"href":"https:\/\/www.haravara.sk\/pl\/wp-json\/wp\/v2\/media?parent=1250"}],"wp:term":[{"taxonomy":"category","embeddable":true,"href":"https:\/\/www.haravara.sk\/pl\/wp-json\/wp\/v2\/categories?post=1250"}],"curies":[{"name":"wp","href":"https:\/\/api.w.org\/{rel}","templated":true}]}}