{"id":1908,"date":"2021-04-28T15:52:32","date_gmt":"2021-04-28T15:52:32","guid":{"rendered":"https:\/\/www.haravara.sk\/?post_type=atrakcie&#038;p=1908"},"modified":"2022-08-15T11:06:53","modified_gmt":"2022-08-15T10:06:53","slug":"kastiel-v-markusovciach","status":"publish","type":"atrakcie","link":"https:\/\/www.haravara.sk\/pl\/atrakcie\/kastiel-v-markusovciach\/","title":{"rendered":"Ka\u0161tie\u013e v Marku\u0161ovciach"},"content":{"rendered":"<blockquote class=\"wp-block-quote is-layout-flow wp-block-quote-is-layout-flow\"><p><em>\u201eUr\u010dite neviete, ak\u00fd n\u00e1bytok letel za mojich \u010dias,\u201c smial sa Ka\u0161ko, ke\u010f videl, ako sa Majka s&nbsp;Maxom nevedia dohodn\u00fa\u0165, ak\u00fd pracovn\u00fd st\u00f4l im rodi\u010dia k\u00fapia do detskej izby. \u201eNo, k\u00fdm si to s&nbsp;t\u00fdm stolom rozmysl\u00edte, uk\u00e1\u017eem v\u00e1m miesto, kde tento n\u00e1bytok e\u0161te v\u017edy m\u00f4\u017eete obdivova\u0165!\u201c<\/em><\/p><\/blockquote>\n\n\n\n<p>Ka\u0161tie\u013e v renesan\u010dnom slohu dal v roku 1643 postavi\u0165 Franti\u0161ek M\u00e1ri\u00e1ssy a v polovici 20. storo\u010dia bol ka\u0161tie\u013e upraven\u00fd pre \u00fa\u010dely m\u00fazea, ktor\u00e9 sa po rozsiahlej rekon\u0161trukcii za\u010dalo \u0161pecializova\u0165 ako Expoz\u00edcia historick\u00e9ho n\u00e1bytku. Jej interi\u00e9r zdob\u00ed n\u00e1bytok poch\u00e1dzaj\u00faci z cs\u00e1kyovsk\u00e9ho ka\u0161tie\u013ea v Hodkovciach a marku\u0161ovsk\u00e9ho ka\u0161tie\u013ea. Cie\u013eom expoz\u00edcie je pouk\u00e1za\u0165 na v\u00fdvoj a typov\u00e9 zast\u00fapenie n\u00e1bytkov\u00e9ho umenia a interi\u00e9rov\u00fdch doplnkov, chronologicky usporiadan\u00fdch od 17. storo\u010dia a\u017e po za\u010diatok 20. storo\u010dia. Star\u0161ie obdobie, ktor\u00e9 predstavuj\u00fa s\u00f3lo kusy z obdobia klasicizmu, emp\u00edru a biedermeieru, je in\u0161talovan\u00e9 na poschod\u00ed.<\/p>\n\n\n\n<p>V are\u00e1li ka\u0161tie\u013ea sa nach\u00e1dza aj<a href=\"https:\/\/www.haravara.sk\/pl\/atrakcie\/letohradok-dardanely-v-markusovciach\/\"> letohr\u00e1dok Dardanely<\/a> so vz\u00e1cnou zbierkou kl\u00e1vesov\u00fdch hudobn\u00fdch n\u00e1strojov.<\/p>\n\n\n\n<figure class=\"wp-block-gallery has-nested-images columns-default is-cropped wp-block-gallery-1 is-layout-flex wp-block-gallery-is-layout-flex\">\n<figure class=\"wp-block-image size-large\"><a href=\"https:\/\/www.haravara.sk\/wp-content\/uploads\/2021\/04\/Markusovce-III.jpg\"><img decoding=\"async\" width=\"1024\" height=\"768\" data-id=\"3120\" src=\"https:\/\/www.haravara.sk\/wp-content\/uploads\/2021\/04\/Markusovce-III-1024x768.jpg\" alt=\"\" class=\"wp-image-3120\" srcset=\"https:\/\/www.haravara.sk\/wp-content\/uploads\/2021\/04\/Markusovce-III-1024x768.jpg 1024w, https:\/\/www.haravara.sk\/wp-content\/uploads\/2021\/04\/Markusovce-III-300x225.jpg 300w, https:\/\/www.haravara.sk\/wp-content\/uploads\/2021\/04\/Markusovce-III-768x576.jpg 768w, https:\/\/www.haravara.sk\/wp-content\/uploads\/2021\/04\/Markusovce-III-1536x1151.jpg 1536w, https:\/\/www.haravara.sk\/wp-content\/uploads\/2021\/04\/Markusovce-III.jpg 1633w\" sizes=\"(max-width: 1024px) 100vw, 1024px\" \/><\/a><\/figure>\n\n\n\n<figure class=\"wp-block-image size-large\"><a href=\"https:\/\/www.haravara.sk\/wp-content\/uploads\/2021\/04\/Markusovce-II.jpg\"><img decoding=\"async\" width=\"1024\" height=\"768\" data-id=\"3119\" src=\"https:\/\/www.haravara.sk\/wp-content\/uploads\/2021\/04\/Markusovce-II-1024x768.jpg\" alt=\"\" class=\"wp-image-3119\" srcset=\"https:\/\/www.haravara.sk\/wp-content\/uploads\/2021\/04\/Markusovce-II-1024x768.jpg 1024w, https:\/\/www.haravara.sk\/wp-content\/uploads\/2021\/04\/Markusovce-II-300x225.jpg 300w, https:\/\/www.haravara.sk\/wp-content\/uploads\/2021\/04\/Markusovce-II-768x576.jpg 768w, https:\/\/www.haravara.sk\/wp-content\/uploads\/2021\/04\/Markusovce-II-1536x1151.jpg 1536w, https:\/\/www.haravara.sk\/wp-content\/uploads\/2021\/04\/Markusovce-II.jpg 1633w\" sizes=\"(max-width: 1024px) 100vw, 1024px\" \/><\/a><\/figure>\n<\/figure>\n\n\n\n<h3 class=\"wp-block-heading\" id=\"h-otv-racie-hodiny\"><mark style=\"background-color:rgba(0, 0, 0, 0);color:#21ad04\" class=\"has-inline-color\">Otv\u00e1racie hodiny:<\/mark><\/h3>\n\n\n\n<p>Pondelok: zatvoren\u00e9<br>Utorok \u2013 Sobota: 09:00 - 17:00<br>Nede\u013ea: 13:00 - 17:00<br>Posledn\u00fd vstup: je hodinu a pol pred ukon\u010den\u00edm otv\u00e1racej doby (15:30).<\/p>\n\n\n\n<h3 class=\"wp-block-heading\" id=\"h-vstupn\"><mark style=\"background-color:rgba(0, 0, 0, 0);color:#21ad04\" class=\"has-inline-color\">Vstupn\u00e9:<\/mark><\/h3>\n\n\n\n<p><strong>Ka\u0161tie\u013e:&nbsp;&nbsp;<\/strong><br>Dospel\u00ed - 5 \u20ac&nbsp;&nbsp;&nbsp; &nbsp;&nbsp;&nbsp;&nbsp;&nbsp;&nbsp;&nbsp;&nbsp;&nbsp;&nbsp;&nbsp;<br>Deti od 3 do 18 rokov, Dr\u017eitelia ISIC, Seniori - 3 \u20ac *<br>Dr\u017eitelia karty Spi\u0161 card, Z\u0164P, vojnov\u00ed veter\u00e1ni a dr\u017eitelia J\u00e1nskeho plakety - 2,50 \u20ac<br>Rodinn\u00e1 vstupenka - 13 \u20ac*&nbsp;&nbsp;&nbsp;&nbsp;&nbsp;&nbsp;<\/p>\n\n\n\n<p><strong>Ka\u0161tie\u013e +&nbsp;letohr\u00e1dok:<\/strong><br>Dospel\u00ed 7 \u20ac<br>Deti od 3 do 18 rokov, Dr\u017eitelia ISIC, Seniori - 4 \u20ac *<br>Dr\u017eitelia karty Spi\u0161 card, Z\u0164P, vojnov\u00ed veter\u00e1ni a dr\u017eitelia J\u00e1nskeho plakety - 3,50 \u20ac<br>Rodinn\u00e1 vstupenka - 18,00 \u20ac*<\/p>\n\n\n\n<p>* Rodinn\u00e1 vstupenka zah\u0155\u0148a vstupn\u00e9 pre dve dospel\u00e9 osoby a maxim\u00e1lne 3 deti do 15r.<br>* Deti do 6 rokov v sprievode rodi\u010da maj\u00fa vstup do ka\u0161tie\u013ea a letohr\u00e1dku bezplatn\u00fd.&nbsp;<\/p>\n\n\n\n<p><strong>!<\/strong>Akceptujeme len&nbsp;<strong>hotovostn\u00e9 platby<\/strong>&nbsp;a&nbsp;<strong>kult\u00farne poukazy<\/strong>. Platba platobnou kartou, alebo mobilom nie je mo\u017en\u00e1<strong>!<\/strong><\/p>\n\n\n\n<h3 class=\"wp-block-heading\" id=\"h-kontakt\"><mark style=\"background-color:rgba(0, 0, 0, 0);color:#21ad04\" class=\"has-inline-color\">Kontakt:<\/mark><\/h3>\n\n\n\n<p>Viac inform\u00e1ci\u00ed n\u00e1jdete tu: <a href=\"https:\/\/www.muzeumspisa.com\/mar.php?text=kastiel\">Ka\u0161tie\u013e v Marku\u0161ovciach<\/a><\/p>\n\n\n\n<h3 class=\"wp-block-heading\" id=\"h-ako-sa-dostanete-ku-ka-tie-u\"><mark style=\"background-color:rgba(0, 0, 0, 0);color:#21ad04\" class=\"has-inline-color\">Ako sa dostanete ku ka\u0161tie\u013eu?<\/mark><\/h3>\n\n\n<p><iframe src=\"https:\/\/www.google.com\/maps\/embed?pb=!1m18!1m12!1m3!1d2621.986382055271!2d20.621901615571442!3d48.91565170462728!2m3!1f0!2f0!3f0!3m2!1i1024!2i768!4f13.1!3m3!1m2!1s0x473e4e41814bccaf%3A0x112e81e5a5aabe15!2sKa%C5%A1tie%C4%BE%20a%20letohr%C3%A1dok%20Dardanely%20v%20Marku%C5%A1ovciach!5e0!3m2!1ssk!2ssk!4v1619610160719!5m2!1ssk!2ssk\" width=\"100%\" height=\"450\" style=\"border:0;\" allowfullscreen=\"\" loading=\"lazy\"><\/iframe><\/p>","protected":false},"excerpt":{"rendered":"<p>\u201eUr\u010dite neviete, ak\u00fd n\u00e1bytok letel za mojich \u010dias,\u201c smial sa Ka\u0161ko, ke\u010f videl, ako sa Majka s&nbsp;Maxom nevedia dohodn\u00fa\u0165, ak\u00fd pracovn\u00fd st\u00f4l im rodi\u010dia k\u00fapia do detskej izby. \u201eNo, k\u00fdm si to s&nbsp;t\u00fdm stolom rozmysl\u00edte, uk\u00e1\u017eem v\u00e1m miesto, kde tento n\u00e1bytok e\u0161te v\u017edy m\u00f4\u017eete obdivova\u0165!\u201c Ka\u0161tie\u013e v renesan\u010dnom slohu dal v roku 1643 postavi\u0165 Franti\u0161ek...<\/p>","protected":false},"featured_media":3121,"menu_order":0,"template":"","format":"standard","meta":{"_acf_changed":false,"footnotes":""},"categories":[1],"class_list":["post-1908","atrakcie","type-atrakcie","status-publish","format-standard","has-post-thumbnail","hentry","category-tipy-pre-rodicov"],"acf":[],"yoast_head":"<!-- This site is optimized with the Yoast SEO Premium plugin v22.7 (Yoast SEO v27.2) - https:\/\/yoast.com\/product\/yoast-seo-premium-wordpress\/ -->\n<title>\u2b50HARAVARA - Kam s de\u0165mi v Ko\u0161ickom kraji - Ka\u0161tie\u013e v Marku\u0161ovciach<\/title>\n<meta name=\"description\" content=\"Ka\u0161tie\u013e dal v roku 1643 postavi\u0165 Franti\u0161ek M\u00e1ri\u00e1ssy a v polovici 20. storo\u010dia bol upraven\u00fd na m\u00fazeum a Expoz\u00edciu historick\u00e9ho n\u00e1bytku.\" \/>\n<meta name=\"robots\" content=\"index, follow, max-snippet:-1, max-image-preview:large, max-video-preview:-1\" \/>\n<link rel=\"canonical\" href=\"https:\/\/www.haravara.sk\/pl\/atrakcie\/kastiel-v-markusovciach\/\" \/>\n<meta property=\"og:locale\" content=\"pl_PL\" \/>\n<meta property=\"og:type\" content=\"article\" \/>\n<meta property=\"og:title\" content=\"Ka\u0161tie\u013e v Marku\u0161ovciach\" \/>\n<meta property=\"og:description\" content=\"Ka\u0161tie\u013e dal v roku 1643 postavi\u0165 Franti\u0161ek M\u00e1ri\u00e1ssy a v polovici 20. storo\u010dia bol upraven\u00fd na m\u00fazeum a Expoz\u00edciu historick\u00e9ho n\u00e1bytku.\" \/>\n<meta property=\"og:url\" content=\"https:\/\/www.haravara.sk\/pl\/atrakcie\/kastiel-v-markusovciach\/\" \/>\n<meta property=\"og:site_name\" content=\"HARAVARA\" \/>\n<meta property=\"article:publisher\" content=\"https:\/\/www.facebook.com\/haravara.detsky.svet\" \/>\n<meta property=\"article:modified_time\" content=\"2022-08-15T10:06:53+00:00\" \/>\n<meta property=\"og:image\" content=\"https:\/\/www.haravara.sk\/wp-content\/uploads\/2021\/04\/Markusovce.jpg\" \/>\n\t<meta property=\"og:image:width\" content=\"1633\" \/>\n\t<meta property=\"og:image:height\" content=\"1224\" \/>\n\t<meta property=\"og:image:type\" content=\"image\/jpeg\" \/>\n<meta name=\"twitter:card\" content=\"summary_large_image\" \/>\n<meta name=\"twitter:label1\" content=\"Szacowany czas czytania\" \/>\n\t<meta name=\"twitter:data1\" content=\"2 minuty\" \/>\n<script type=\"application\/ld+json\" class=\"yoast-schema-graph\">{\"@context\":\"https:\/\/schema.org\",\"@graph\":[{\"@type\":\"WebPage\",\"@id\":\"https:\/\/www.haravara.sk\/atrakcie\/kastiel-v-markusovciach\/\",\"url\":\"https:\/\/www.haravara.sk\/atrakcie\/kastiel-v-markusovciach\/\",\"name\":\"\u2b50HARAVARA - Kam s de\u0165mi v Ko\u0161ickom kraji - Ka\u0161tie\u013e v Marku\u0161ovciach\",\"isPartOf\":{\"@id\":\"https:\/\/www.haravara.sk\/#website\"},\"primaryImageOfPage\":{\"@id\":\"https:\/\/www.haravara.sk\/atrakcie\/kastiel-v-markusovciach\/#primaryimage\"},\"image\":{\"@id\":\"https:\/\/www.haravara.sk\/atrakcie\/kastiel-v-markusovciach\/#primaryimage\"},\"thumbnailUrl\":\"https:\/\/www.haravara.sk\/wp-content\/uploads\/2021\/04\/Markusovce.jpg\",\"datePublished\":\"2021-04-28T15:52:32+00:00\",\"dateModified\":\"2022-08-15T10:06:53+00:00\",\"description\":\"Ka\u0161tie\u013e dal v roku 1643 postavi\u0165 Franti\u0161ek M\u00e1ri\u00e1ssy a v polovici 20. storo\u010dia bol upraven\u00fd na m\u00fazeum a Expoz\u00edciu historick\u00e9ho n\u00e1bytku.\",\"breadcrumb\":{\"@id\":\"https:\/\/www.haravara.sk\/atrakcie\/kastiel-v-markusovciach\/#breadcrumb\"},\"inLanguage\":\"pl-PL\",\"potentialAction\":[{\"@type\":\"ReadAction\",\"target\":[\"https:\/\/www.haravara.sk\/atrakcie\/kastiel-v-markusovciach\/\"]}]},{\"@type\":\"ImageObject\",\"inLanguage\":\"pl-PL\",\"@id\":\"https:\/\/www.haravara.sk\/atrakcie\/kastiel-v-markusovciach\/#primaryimage\",\"url\":\"https:\/\/www.haravara.sk\/wp-content\/uploads\/2021\/04\/Markusovce.jpg\",\"contentUrl\":\"https:\/\/www.haravara.sk\/wp-content\/uploads\/2021\/04\/Markusovce.jpg\",\"width\":1633,\"height\":1224},{\"@type\":\"BreadcrumbList\",\"@id\":\"https:\/\/www.haravara.sk\/atrakcie\/kastiel-v-markusovciach\/#breadcrumb\",\"itemListElement\":[{\"@type\":\"ListItem\",\"position\":1,\"name\":\"Domov\",\"item\":\"https:\/\/www.haravara.sk\/\"},{\"@type\":\"ListItem\",\"position\":2,\"name\":\"Atrakcie\",\"item\":\"https:\/\/www.haravara.sk\/atrakcie\/\"},{\"@type\":\"ListItem\",\"position\":3,\"name\":\"Ka\u0161tie\u013e v Marku\u0161ovciach\"}]},{\"@type\":\"WebSite\",\"@id\":\"https:\/\/www.haravara.sk\/#website\",\"url\":\"https:\/\/www.haravara.sk\/\",\"name\":\"HARAVARA\",\"description\":\"Objav detsk\u00fd svet v Ko\u0161ickom kraji\",\"publisher\":{\"@id\":\"https:\/\/www.haravara.sk\/#organization\"},\"potentialAction\":[{\"@type\":\"SearchAction\",\"target\":{\"@type\":\"EntryPoint\",\"urlTemplate\":\"https:\/\/www.haravara.sk\/?s={search_term_string}\"},\"query-input\":{\"@type\":\"PropertyValueSpecification\",\"valueRequired\":true,\"valueName\":\"search_term_string\"}}],\"inLanguage\":\"pl-PL\"},{\"@type\":\"Organization\",\"@id\":\"https:\/\/www.haravara.sk\/#organization\",\"name\":\"Haravara\",\"url\":\"https:\/\/www.haravara.sk\/\",\"logo\":{\"@type\":\"ImageObject\",\"inLanguage\":\"pl-PL\",\"@id\":\"https:\/\/www.haravara.sk\/#\/schema\/logo\/image\/\",\"url\":\"https:\/\/www.haravara.sk\/wp-content\/uploads\/2021\/04\/LOGO-LandingPage.png\",\"contentUrl\":\"https:\/\/www.haravara.sk\/wp-content\/uploads\/2021\/04\/LOGO-LandingPage.png\",\"width\":832,\"height\":618,\"caption\":\"Haravara\"},\"image\":{\"@id\":\"https:\/\/www.haravara.sk\/#\/schema\/logo\/image\/\"},\"sameAs\":[\"https:\/\/www.facebook.com\/haravara.detsky.svet\"]}]}<\/script>\n<!-- \/ Yoast SEO Premium plugin. -->","yoast_head_json":{"title":"\u2b50HARAVARA - Kam s de\u0165mi v Ko\u0161ickom kraji - Ka\u0161tie\u013e v Marku\u0161ovciach","description":"Ka\u0161tie\u013e dal v roku 1643 postavi\u0165 Franti\u0161ek M\u00e1ri\u00e1ssy a v polovici 20. storo\u010dia bol upraven\u00fd na m\u00fazeum a Expoz\u00edciu historick\u00e9ho n\u00e1bytku.","robots":{"index":"index","follow":"follow","max-snippet":"max-snippet:-1","max-image-preview":"max-image-preview:large","max-video-preview":"max-video-preview:-1"},"canonical":"https:\/\/www.haravara.sk\/pl\/atrakcie\/kastiel-v-markusovciach\/","og_locale":"pl_PL","og_type":"article","og_title":"Ka\u0161tie\u013e v Marku\u0161ovciach","og_description":"Ka\u0161tie\u013e dal v roku 1643 postavi\u0165 Franti\u0161ek M\u00e1ri\u00e1ssy a v polovici 20. storo\u010dia bol upraven\u00fd na m\u00fazeum a Expoz\u00edciu historick\u00e9ho n\u00e1bytku.","og_url":"https:\/\/www.haravara.sk\/pl\/atrakcie\/kastiel-v-markusovciach\/","og_site_name":"HARAVARA","article_publisher":"https:\/\/www.facebook.com\/haravara.detsky.svet","article_modified_time":"2022-08-15T10:06:53+00:00","og_image":[{"width":1633,"height":1224,"url":"https:\/\/www.haravara.sk\/wp-content\/uploads\/2021\/04\/Markusovce.jpg","type":"image\/jpeg"}],"twitter_card":"summary_large_image","twitter_misc":{"Szacowany czas czytania":"2 minuty"},"schema":{"@context":"https:\/\/schema.org","@graph":[{"@type":"WebPage","@id":"https:\/\/www.haravara.sk\/atrakcie\/kastiel-v-markusovciach\/","url":"https:\/\/www.haravara.sk\/atrakcie\/kastiel-v-markusovciach\/","name":"\u2b50HARAVARA - Kam s de\u0165mi v Ko\u0161ickom kraji - Ka\u0161tie\u013e v Marku\u0161ovciach","isPartOf":{"@id":"https:\/\/www.haravara.sk\/#website"},"primaryImageOfPage":{"@id":"https:\/\/www.haravara.sk\/atrakcie\/kastiel-v-markusovciach\/#primaryimage"},"image":{"@id":"https:\/\/www.haravara.sk\/atrakcie\/kastiel-v-markusovciach\/#primaryimage"},"thumbnailUrl":"https:\/\/www.haravara.sk\/wp-content\/uploads\/2021\/04\/Markusovce.jpg","datePublished":"2021-04-28T15:52:32+00:00","dateModified":"2022-08-15T10:06:53+00:00","description":"Ka\u0161tie\u013e dal v roku 1643 postavi\u0165 Franti\u0161ek M\u00e1ri\u00e1ssy a v polovici 20. storo\u010dia bol upraven\u00fd na m\u00fazeum a Expoz\u00edciu historick\u00e9ho n\u00e1bytku.","breadcrumb":{"@id":"https:\/\/www.haravara.sk\/atrakcie\/kastiel-v-markusovciach\/#breadcrumb"},"inLanguage":"pl-PL","potentialAction":[{"@type":"ReadAction","target":["https:\/\/www.haravara.sk\/atrakcie\/kastiel-v-markusovciach\/"]}]},{"@type":"ImageObject","inLanguage":"pl-PL","@id":"https:\/\/www.haravara.sk\/atrakcie\/kastiel-v-markusovciach\/#primaryimage","url":"https:\/\/www.haravara.sk\/wp-content\/uploads\/2021\/04\/Markusovce.jpg","contentUrl":"https:\/\/www.haravara.sk\/wp-content\/uploads\/2021\/04\/Markusovce.jpg","width":1633,"height":1224},{"@type":"BreadcrumbList","@id":"https:\/\/www.haravara.sk\/atrakcie\/kastiel-v-markusovciach\/#breadcrumb","itemListElement":[{"@type":"ListItem","position":1,"name":"Domov","item":"https:\/\/www.haravara.sk\/"},{"@type":"ListItem","position":2,"name":"Atrakcie","item":"https:\/\/www.haravara.sk\/atrakcie\/"},{"@type":"ListItem","position":3,"name":"Ka\u0161tie\u013e v Marku\u0161ovciach"}]},{"@type":"WebSite","@id":"https:\/\/www.haravara.sk\/#website","url":"https:\/\/www.haravara.sk\/","name":"HARAVARA","description":"Objav detsk\u00fd svet v Ko\u0161ickom kraji","publisher":{"@id":"https:\/\/www.haravara.sk\/#organization"},"potentialAction":[{"@type":"SearchAction","target":{"@type":"EntryPoint","urlTemplate":"https:\/\/www.haravara.sk\/?s={search_term_string}"},"query-input":{"@type":"PropertyValueSpecification","valueRequired":true,"valueName":"search_term_string"}}],"inLanguage":"pl-PL"},{"@type":"Organization","@id":"https:\/\/www.haravara.sk\/#organization","name":"Haravara","url":"https:\/\/www.haravara.sk\/","logo":{"@type":"ImageObject","inLanguage":"pl-PL","@id":"https:\/\/www.haravara.sk\/#\/schema\/logo\/image\/","url":"https:\/\/www.haravara.sk\/wp-content\/uploads\/2021\/04\/LOGO-LandingPage.png","contentUrl":"https:\/\/www.haravara.sk\/wp-content\/uploads\/2021\/04\/LOGO-LandingPage.png","width":832,"height":618,"caption":"Haravara"},"image":{"@id":"https:\/\/www.haravara.sk\/#\/schema\/logo\/image\/"},"sameAs":["https:\/\/www.facebook.com\/haravara.detsky.svet"]}]}},"_links":{"self":[{"href":"https:\/\/www.haravara.sk\/pl\/wp-json\/wp\/v2\/atrakcie\/1908","targetHints":{"allow":["GET"]}}],"collection":[{"href":"https:\/\/www.haravara.sk\/pl\/wp-json\/wp\/v2\/atrakcie"}],"about":[{"href":"https:\/\/www.haravara.sk\/pl\/wp-json\/wp\/v2\/types\/atrakcie"}],"version-history":[{"count":3,"href":"https:\/\/www.haravara.sk\/pl\/wp-json\/wp\/v2\/atrakcie\/1908\/revisions"}],"predecessor-version":[{"id":8904,"href":"https:\/\/www.haravara.sk\/pl\/wp-json\/wp\/v2\/atrakcie\/1908\/revisions\/8904"}],"wp:featuredmedia":[{"embeddable":true,"href":"https:\/\/www.haravara.sk\/pl\/wp-json\/wp\/v2\/media\/3121"}],"wp:attachment":[{"href":"https:\/\/www.haravara.sk\/pl\/wp-json\/wp\/v2\/media?parent=1908"}],"wp:term":[{"taxonomy":"category","embeddable":true,"href":"https:\/\/www.haravara.sk\/pl\/wp-json\/wp\/v2\/categories?post=1908"}],"curies":[{"name":"wp","href":"https:\/\/api.w.org\/{rel}","templated":true}]}}