{"id":17473,"date":"2024-05-20T21:09:30","date_gmt":"2024-05-20T20:09:30","guid":{"rendered":"https:\/\/www.haravara.sk\/?post_type=podujatia&#038;p=17473"},"modified":"2024-05-20T21:09:31","modified_gmt":"2024-05-20T20:09:31","slug":"den-deti-na-kvp-v-kosiciach","status":"publish","type":"podujatia","link":"https:\/\/www.haravara.sk\/pl\/podujatia\/den-deti-na-kvp-v-kosiciach\/","title":{"rendered":"De\u0148 det\u00ed na KVP v Ko\u0161iciach"},"content":{"rendered":"<p>Rodi\u010dia a star\u00ed rodi\u010dia, vyberte sa so svojimi ratoles\u0165ami osl\u00e1vi\u0165 ich ve\u013ek\u00fd sviatok na de\u0148 det\u00ed na KVP v Ko\u0161iciach. Pripraven\u00fd bude zauj\u00edmav\u00fd program so skvel\u00fdmi atrakciami!<\/p>\n\n\n\n<div style=\"height:41px\" aria-hidden=\"true\" class=\"wp-block-spacer\"><\/div>\n\n\n\n<figure class=\"wp-block-image size-large\"><img decoding=\"async\" width=\"1024\" height=\"536\" src=\"https:\/\/www.haravara.sk\/wp-content\/uploads\/2024\/05\/441970109_768077702113083_4654731788643918756_n-1024x536.jpg\" alt=\"\" class=\"wp-image-17474\" srcset=\"https:\/\/www.haravara.sk\/wp-content\/uploads\/2024\/05\/441970109_768077702113083_4654731788643918756_n-1024x536.jpg 1024w, https:\/\/www.haravara.sk\/wp-content\/uploads\/2024\/05\/441970109_768077702113083_4654731788643918756_n-300x157.jpg 300w, https:\/\/www.haravara.sk\/wp-content\/uploads\/2024\/05\/441970109_768077702113083_4654731788643918756_n-768x402.jpg 768w, https:\/\/www.haravara.sk\/wp-content\/uploads\/2024\/05\/441970109_768077702113083_4654731788643918756_n-1536x804.jpg 1536w, https:\/\/www.haravara.sk\/wp-content\/uploads\/2024\/05\/441970109_768077702113083_4654731788643918756_n-18x9.jpg 18w, https:\/\/www.haravara.sk\/wp-content\/uploads\/2024\/05\/441970109_768077702113083_4654731788643918756_n.jpg 1920w\" sizes=\"(max-width: 1024px) 100vw, 1024px\" \/><\/figure>\n\n\n\n<div style=\"height:51px\" aria-hidden=\"true\" class=\"wp-block-spacer\"><\/div>\n\n\n\n<h3 class=\"wp-block-heading\" id=\"h-program-de-det\"><mark style=\"background-color:rgba(0, 0, 0, 0);color:#061172\" class=\"has-inline-color\">Program de\u0148 det\u00ed<\/mark><\/h3>\n\n\n\n<p>Po\u010das osl\u00e1v D\u0148a det\u00ed na KVP v\u00e1s pote\u0161ia T\u00e1rajko a Popletajka, str\u00fdko Baltaz\u00e1r ale aj Samo Proch\u00e1zka, zn\u00e1my ako Gracioso. <\/p>\n\n\n\n<p>Okrem toho sa m\u00f4\u017eete te\u0161i\u0165 na pestr\u00fd program nabit\u00fd sprievodn\u00fdmi aktivitami - ma\u013eovanie na tv\u00e1r, modelovanie bal\u00f3nov, sk\u00e1kacie hrady, \u0161\u013eapacie aut\u00ed\u010dka a \u010fal\u0161ie. Ch\u00fdba\u0165 nebud\u00fa ani st\u00e1nky s ob\u010derstven\u00edm a zauj\u00edmav\u00e9 s\u00fa\u0165a\u017ee pre cel\u00fa rodinu.<\/p>\n\n\n\n<div style=\"height:51px\" aria-hidden=\"true\" class=\"wp-block-spacer\"><\/div>\n\n\n\n<blockquote class=\"wp-block-quote is-layout-flow wp-block-quote-is-layout-flow\">\n<p>Vyberte sa so svojimi ratoles\u0165ami v sobotu poobede za z\u00e1bavou. U\u017eijete si poobedie v duchu smiechu, zauj\u00edmav\u00fdch a z\u00e1bavn\u00fdch hier a dobrej n\u00e1lade. <\/p>\n<\/blockquote>\n\n\n\n<p>Nezabudnite si dobr\u00fa n\u00e1ladu a \u00fasmev na per\u00e1ch! <\/p>\n\n\n\n<div style=\"height:46px\" aria-hidden=\"true\" class=\"wp-block-spacer\"><\/div>\n\n\n\n<h3 class=\"wp-block-heading\" id=\"h-kedy\"><mark style=\"background-color:rgba(0, 0, 0, 0);color:#061172\" class=\"has-inline-color\">Kedy a kde?<\/mark><\/h3>\n\n\n\n<p>Podujatie sa uskuto\u010dn\u00ed <strong>v Droc\u00e1rovom parku, S\u00eddlisko KVP,<\/strong> 040 23 Ko\u0161ice - okolie d\u0148a<strong> 1. j\u00fana<\/strong> (sobota) od <strong>12:00<\/strong> <strong>hod.<\/strong> do <strong>17:00 hod. <\/strong><\/p>\n\n\n\n<div style=\"height:51px\" aria-hidden=\"true\" class=\"wp-block-spacer\"><\/div>\n\n\n\n<h3 class=\"wp-block-heading\" id=\"h-vstupn\"><mark style=\"background-color:rgba(0, 0, 0, 0);color:#061172\" class=\"has-inline-color\">Vstupn\u00e9<\/mark><\/h3>\n\n\n\n<p>Vstupn\u00e9 je pre v\u0161etk\u00fdch \u00fa\u010dastn\u00edkov<strong> ZADARMO!<\/strong><\/p>\n\n\n\n<div style=\"height:51px\" aria-hidden=\"true\" class=\"wp-block-spacer\"><\/div>\n\n\n\n<h3 class=\"wp-block-heading\" id=\"h-ako-sa-dostanete-na-de-det-kvp\"><mark style=\"background-color:rgba(0, 0, 0, 0);color:#061172\" class=\"has-inline-color\">Ako sa dostanete na de\u0148 det\u00ed KVP?<\/mark><\/h3>\n\n\n<p><iframe src=\"https:\/\/www.google.com\/maps\/embed?pb=!1m14!1m8!1m3!1d10531.205534936762!2d21.2145684!3d48.7092771!3m2!1i1024!2i768!4f13.1!3m3!1m2!1s0x0%3A0x6111842c292411b5!2sDroc%C3%A1rov%20Park%2C%20040%2023%20S%C3%ADdlisko%20KVP!5e0!3m2!1ssk!2ssk!4v1653566435494!5m2!1ssk!2ssk\" width=\"100%\" height=\"450\" style=\"border:0;\" allowfullscreen=\"\" loading=\"lazy\" referrerpolicy=\"no-referrer-when-downgrade\"><\/iframe><\/p>\n\n\n\n<div style=\"height:51px\" aria-hidden=\"true\" class=\"wp-block-spacer\"><\/div>\n\n\n\n<h3 class=\"wp-block-heading\" id=\"h-kontakt\"><mark style=\"background-color:rgba(0, 0, 0, 0);color:#061172\" class=\"has-inline-color\">Kontakt:<\/mark><\/h3>\n\n\n\n<p>Viac inform\u00e1ci\u00ed n\u00e1jdete na webovej str\u00e1nke: <a href=\"https:\/\/t.ly\/odFK9\">M<\/a><a href=\"https:\/\/t.ly\/e2VkL\">estsk\u00e1 \u010das\u0165 Ko\u0161ice - S\u00eddlisko KVP<\/a><\/p>\n\n\n\n<p>E-mail: <a href=\"mailto:sekret@mckvp.sk\">sekret@mckvp.sk<\/a><\/p>\n\n\n\n<p>Tel. kontakt: <a href=\"http:\/\/tel.: 055\/789 06 10\">055\/789 06 10<\/a><\/p>\n\n\n\n<div style=\"height:51px\" aria-hidden=\"true\" class=\"wp-block-spacer\"><\/div>\n\n\n\n<h3 class=\"wp-block-heading\" id=\"h-te-me-sa-na-v-s\"><mark style=\"background-color:rgba(0, 0, 0, 0);color:#061172\" class=\"has-inline-color\">Te\u0161\u00edme sa na v\u00e1s! <\/mark><\/h3>","protected":false},"excerpt":{"rendered":"<p>Rodi\u010dia a star\u00ed rodi\u010dia, vyberte sa so svojimi ratoles\u0165ami osl\u00e1vi\u0165 ich ve\u013ek\u00fd sviatok na de\u0148 det\u00ed na KVP v Ko\u0161iciach. Pripraven\u00fd bude zauj\u00edmav\u00fd program so skvel\u00fdmi atrakciami! Program de\u0148 det\u00ed Po\u010das osl\u00e1v D\u0148a det\u00ed na KVP v\u00e1s pote\u0161ia T\u00e1rajko a Popletajka, str\u00fdko Baltaz\u00e1r ale aj Samo Proch\u00e1zka, zn\u00e1my ako Gracioso. Okrem toho sa m\u00f4\u017eete te\u0161i\u0165...<\/p>","protected":false},"featured_media":17474,"menu_order":0,"template":"","format":"standard","meta":{"_acf_changed":false,"footnotes":""},"categories":[],"class_list":["post-17473","podujatia","type-podujatia","status-publish","format-standard","has-post-thumbnail","hentry"],"acf":[],"yoast_head":"<!-- This site is optimized with the Yoast SEO Premium plugin v22.7 (Yoast SEO v27.5) - https:\/\/yoast.com\/product\/yoast-seo-premium-wordpress\/ -->\n<title>\u2b50 HARAVARA - De\u0148 det\u00ed na KVP v Ko\u0161iciach<\/title>\n<meta name=\"description\" content=\"P\u00fdtate sa kam s de\u0165mi v Ko\u0161ickom kraji? Odpove\u010f je De\u0148 det\u00ed na KVP v Ko\u0161iciach Nechajte sa in\u0161pirova\u0165 skvel\u00fdmi tipmi na v\u00fdlety.\" \/>\n<meta name=\"robots\" content=\"index, follow, max-snippet:-1, max-image-preview:large, max-video-preview:-1\" \/>\n<link rel=\"canonical\" href=\"https:\/\/www.haravara.sk\/pl\/podujatia\/den-deti-na-kvp-v-kosiciach\/\" \/>\n<meta property=\"og:locale\" content=\"pl_PL\" \/>\n<meta property=\"og:type\" content=\"article\" \/>\n<meta property=\"og:title\" content=\"De\u0148 det\u00ed na KVP v Ko\u0161iciach\" \/>\n<meta property=\"og:description\" content=\"P\u00fdtate sa kam s de\u0165mi v Ko\u0161ickom kraji? Odpove\u010f je De\u0148 det\u00ed na KVP v Ko\u0161iciach Nechajte sa in\u0161pirova\u0165 skvel\u00fdmi tipmi na v\u00fdlety.\" \/>\n<meta property=\"og:url\" content=\"https:\/\/www.haravara.sk\/pl\/podujatia\/den-deti-na-kvp-v-kosiciach\/\" \/>\n<meta property=\"og:site_name\" content=\"HARAVARA\" \/>\n<meta property=\"article:publisher\" content=\"https:\/\/www.facebook.com\/haravara.detsky.svet\" \/>\n<meta property=\"article:modified_time\" content=\"2024-05-20T20:09:31+00:00\" \/>\n<meta property=\"og:image\" content=\"https:\/\/www.haravara.sk\/wp-content\/uploads\/2024\/05\/441970109_768077702113083_4654731788643918756_n.jpg\" \/>\n\t<meta property=\"og:image:width\" content=\"1920\" \/>\n\t<meta property=\"og:image:height\" content=\"1005\" \/>\n\t<meta property=\"og:image:type\" content=\"image\/jpeg\" \/>\n<meta name=\"twitter:card\" content=\"summary_large_image\" \/>\n<meta name=\"twitter:label1\" content=\"Szacowany czas czytania\" \/>\n\t<meta name=\"twitter:data1\" content=\"2 minuty\" \/>\n<script type=\"application\/ld+json\" class=\"yoast-schema-graph\">{\"@context\":\"https:\\\/\\\/schema.org\",\"@graph\":[{\"@type\":\"WebPage\",\"@id\":\"https:\\\/\\\/www.haravara.sk\\\/podujatia\\\/den-deti-na-kvp-v-kosiciach\\\/\",\"url\":\"https:\\\/\\\/www.haravara.sk\\\/podujatia\\\/den-deti-na-kvp-v-kosiciach\\\/\",\"name\":\"\u2b50 HARAVARA - De\u0148 det\u00ed na KVP v Ko\u0161iciach\",\"isPartOf\":{\"@id\":\"https:\\\/\\\/www.haravara.sk\\\/#website\"},\"primaryImageOfPage\":{\"@id\":\"https:\\\/\\\/www.haravara.sk\\\/podujatia\\\/den-deti-na-kvp-v-kosiciach\\\/#primaryimage\"},\"image\":{\"@id\":\"https:\\\/\\\/www.haravara.sk\\\/podujatia\\\/den-deti-na-kvp-v-kosiciach\\\/#primaryimage\"},\"thumbnailUrl\":\"https:\\\/\\\/www.haravara.sk\\\/wp-content\\\/uploads\\\/2024\\\/05\\\/441970109_768077702113083_4654731788643918756_n.jpg\",\"datePublished\":\"2024-05-20T20:09:30+00:00\",\"dateModified\":\"2024-05-20T20:09:31+00:00\",\"description\":\"P\u00fdtate sa kam s de\u0165mi v Ko\u0161ickom kraji? Odpove\u010f je De\u0148 det\u00ed na KVP v Ko\u0161iciach Nechajte sa in\u0161pirova\u0165 skvel\u00fdmi tipmi na v\u00fdlety.\",\"breadcrumb\":{\"@id\":\"https:\\\/\\\/www.haravara.sk\\\/podujatia\\\/den-deti-na-kvp-v-kosiciach\\\/#breadcrumb\"},\"inLanguage\":\"pl-PL\",\"potentialAction\":[{\"@type\":\"ReadAction\",\"target\":[\"https:\\\/\\\/www.haravara.sk\\\/podujatia\\\/den-deti-na-kvp-v-kosiciach\\\/\"]}]},{\"@type\":\"ImageObject\",\"inLanguage\":\"pl-PL\",\"@id\":\"https:\\\/\\\/www.haravara.sk\\\/podujatia\\\/den-deti-na-kvp-v-kosiciach\\\/#primaryimage\",\"url\":\"https:\\\/\\\/www.haravara.sk\\\/wp-content\\\/uploads\\\/2024\\\/05\\\/441970109_768077702113083_4654731788643918756_n.jpg\",\"contentUrl\":\"https:\\\/\\\/www.haravara.sk\\\/wp-content\\\/uploads\\\/2024\\\/05\\\/441970109_768077702113083_4654731788643918756_n.jpg\",\"width\":1920,\"height\":1005},{\"@type\":\"BreadcrumbList\",\"@id\":\"https:\\\/\\\/www.haravara.sk\\\/podujatia\\\/den-deti-na-kvp-v-kosiciach\\\/#breadcrumb\",\"itemListElement\":[{\"@type\":\"ListItem\",\"position\":1,\"name\":\"Domov\",\"item\":\"https:\\\/\\\/www.haravara.sk\\\/\"},{\"@type\":\"ListItem\",\"position\":2,\"name\":\"Podujatia\",\"item\":\"https:\\\/\\\/www.haravara.sk\\\/podujatia\\\/\"},{\"@type\":\"ListItem\",\"position\":3,\"name\":\"De\u0148 det\u00ed na KVP v Ko\u0161iciach\"}]},{\"@type\":\"WebSite\",\"@id\":\"https:\\\/\\\/www.haravara.sk\\\/#website\",\"url\":\"https:\\\/\\\/www.haravara.sk\\\/\",\"name\":\"HARAVARA\",\"description\":\"Objav detsk\u00fd svet v Ko\u0161ickom kraji\",\"publisher\":{\"@id\":\"https:\\\/\\\/www.haravara.sk\\\/#organization\"},\"potentialAction\":[{\"@type\":\"SearchAction\",\"target\":{\"@type\":\"EntryPoint\",\"urlTemplate\":\"https:\\\/\\\/www.haravara.sk\\\/?s={search_term_string}\"},\"query-input\":{\"@type\":\"PropertyValueSpecification\",\"valueRequired\":true,\"valueName\":\"search_term_string\"}}],\"inLanguage\":\"pl-PL\"},{\"@type\":\"Organization\",\"@id\":\"https:\\\/\\\/www.haravara.sk\\\/#organization\",\"name\":\"Haravara\",\"url\":\"https:\\\/\\\/www.haravara.sk\\\/\",\"logo\":{\"@type\":\"ImageObject\",\"inLanguage\":\"pl-PL\",\"@id\":\"https:\\\/\\\/www.haravara.sk\\\/#\\\/schema\\\/logo\\\/image\\\/\",\"url\":\"https:\\\/\\\/www.haravara.sk\\\/wp-content\\\/uploads\\\/2021\\\/04\\\/LOGO-LandingPage.png\",\"contentUrl\":\"https:\\\/\\\/www.haravara.sk\\\/wp-content\\\/uploads\\\/2021\\\/04\\\/LOGO-LandingPage.png\",\"width\":832,\"height\":618,\"caption\":\"Haravara\"},\"image\":{\"@id\":\"https:\\\/\\\/www.haravara.sk\\\/#\\\/schema\\\/logo\\\/image\\\/\"},\"sameAs\":[\"https:\\\/\\\/www.facebook.com\\\/haravara.detsky.svet\"]}]}<\/script>\n<!-- \/ Yoast SEO Premium plugin. -->","yoast_head_json":{"title":"\u2b50 HARAVARA - De\u0148 det\u00ed na KVP v Ko\u0161iciach","description":"P\u00fdtate sa kam s de\u0165mi v Ko\u0161ickom kraji? Odpove\u010f je De\u0148 det\u00ed na KVP v Ko\u0161iciach Nechajte sa in\u0161pirova\u0165 skvel\u00fdmi tipmi na v\u00fdlety.","robots":{"index":"index","follow":"follow","max-snippet":"max-snippet:-1","max-image-preview":"max-image-preview:large","max-video-preview":"max-video-preview:-1"},"canonical":"https:\/\/www.haravara.sk\/pl\/podujatia\/den-deti-na-kvp-v-kosiciach\/","og_locale":"pl_PL","og_type":"article","og_title":"De\u0148 det\u00ed na KVP v Ko\u0161iciach","og_description":"P\u00fdtate sa kam s de\u0165mi v Ko\u0161ickom kraji? Odpove\u010f je De\u0148 det\u00ed na KVP v Ko\u0161iciach Nechajte sa in\u0161pirova\u0165 skvel\u00fdmi tipmi na v\u00fdlety.","og_url":"https:\/\/www.haravara.sk\/pl\/podujatia\/den-deti-na-kvp-v-kosiciach\/","og_site_name":"HARAVARA","article_publisher":"https:\/\/www.facebook.com\/haravara.detsky.svet","article_modified_time":"2024-05-20T20:09:31+00:00","og_image":[{"width":1920,"height":1005,"url":"https:\/\/www.haravara.sk\/wp-content\/uploads\/2024\/05\/441970109_768077702113083_4654731788643918756_n.jpg","type":"image\/jpeg"}],"twitter_card":"summary_large_image","twitter_misc":{"Szacowany czas czytania":"2 minuty"},"schema":{"@context":"https:\/\/schema.org","@graph":[{"@type":"WebPage","@id":"https:\/\/www.haravara.sk\/podujatia\/den-deti-na-kvp-v-kosiciach\/","url":"https:\/\/www.haravara.sk\/podujatia\/den-deti-na-kvp-v-kosiciach\/","name":"\u2b50 HARAVARA - De\u0148 det\u00ed na KVP v Ko\u0161iciach","isPartOf":{"@id":"https:\/\/www.haravara.sk\/#website"},"primaryImageOfPage":{"@id":"https:\/\/www.haravara.sk\/podujatia\/den-deti-na-kvp-v-kosiciach\/#primaryimage"},"image":{"@id":"https:\/\/www.haravara.sk\/podujatia\/den-deti-na-kvp-v-kosiciach\/#primaryimage"},"thumbnailUrl":"https:\/\/www.haravara.sk\/wp-content\/uploads\/2024\/05\/441970109_768077702113083_4654731788643918756_n.jpg","datePublished":"2024-05-20T20:09:30+00:00","dateModified":"2024-05-20T20:09:31+00:00","description":"P\u00fdtate sa kam s de\u0165mi v Ko\u0161ickom kraji? Odpove\u010f je De\u0148 det\u00ed na KVP v Ko\u0161iciach Nechajte sa in\u0161pirova\u0165 skvel\u00fdmi tipmi na v\u00fdlety.","breadcrumb":{"@id":"https:\/\/www.haravara.sk\/podujatia\/den-deti-na-kvp-v-kosiciach\/#breadcrumb"},"inLanguage":"pl-PL","potentialAction":[{"@type":"ReadAction","target":["https:\/\/www.haravara.sk\/podujatia\/den-deti-na-kvp-v-kosiciach\/"]}]},{"@type":"ImageObject","inLanguage":"pl-PL","@id":"https:\/\/www.haravara.sk\/podujatia\/den-deti-na-kvp-v-kosiciach\/#primaryimage","url":"https:\/\/www.haravara.sk\/wp-content\/uploads\/2024\/05\/441970109_768077702113083_4654731788643918756_n.jpg","contentUrl":"https:\/\/www.haravara.sk\/wp-content\/uploads\/2024\/05\/441970109_768077702113083_4654731788643918756_n.jpg","width":1920,"height":1005},{"@type":"BreadcrumbList","@id":"https:\/\/www.haravara.sk\/podujatia\/den-deti-na-kvp-v-kosiciach\/#breadcrumb","itemListElement":[{"@type":"ListItem","position":1,"name":"Domov","item":"https:\/\/www.haravara.sk\/"},{"@type":"ListItem","position":2,"name":"Podujatia","item":"https:\/\/www.haravara.sk\/podujatia\/"},{"@type":"ListItem","position":3,"name":"De\u0148 det\u00ed na KVP v Ko\u0161iciach"}]},{"@type":"WebSite","@id":"https:\/\/www.haravara.sk\/#website","url":"https:\/\/www.haravara.sk\/","name":"HARAVARA","description":"Objav detsk\u00fd svet v Ko\u0161ickom kraji","publisher":{"@id":"https:\/\/www.haravara.sk\/#organization"},"potentialAction":[{"@type":"SearchAction","target":{"@type":"EntryPoint","urlTemplate":"https:\/\/www.haravara.sk\/?s={search_term_string}"},"query-input":{"@type":"PropertyValueSpecification","valueRequired":true,"valueName":"search_term_string"}}],"inLanguage":"pl-PL"},{"@type":"Organization","@id":"https:\/\/www.haravara.sk\/#organization","name":"Haravara","url":"https:\/\/www.haravara.sk\/","logo":{"@type":"ImageObject","inLanguage":"pl-PL","@id":"https:\/\/www.haravara.sk\/#\/schema\/logo\/image\/","url":"https:\/\/www.haravara.sk\/wp-content\/uploads\/2021\/04\/LOGO-LandingPage.png","contentUrl":"https:\/\/www.haravara.sk\/wp-content\/uploads\/2021\/04\/LOGO-LandingPage.png","width":832,"height":618,"caption":"Haravara"},"image":{"@id":"https:\/\/www.haravara.sk\/#\/schema\/logo\/image\/"},"sameAs":["https:\/\/www.facebook.com\/haravara.detsky.svet"]}]}},"_links":{"self":[{"href":"https:\/\/www.haravara.sk\/pl\/wp-json\/wp\/v2\/podujatia\/17473","targetHints":{"allow":["GET"]}}],"collection":[{"href":"https:\/\/www.haravara.sk\/pl\/wp-json\/wp\/v2\/podujatia"}],"about":[{"href":"https:\/\/www.haravara.sk\/pl\/wp-json\/wp\/v2\/types\/podujatia"}],"version-history":[{"count":1,"href":"https:\/\/www.haravara.sk\/pl\/wp-json\/wp\/v2\/podujatia\/17473\/revisions"}],"predecessor-version":[{"id":17475,"href":"https:\/\/www.haravara.sk\/pl\/wp-json\/wp\/v2\/podujatia\/17473\/revisions\/17475"}],"wp:featuredmedia":[{"embeddable":true,"href":"https:\/\/www.haravara.sk\/pl\/wp-json\/wp\/v2\/media\/17474"}],"wp:attachment":[{"href":"https:\/\/www.haravara.sk\/pl\/wp-json\/wp\/v2\/media?parent=17473"}],"wp:term":[{"taxonomy":"category","embeddable":true,"href":"https:\/\/www.haravara.sk\/pl\/wp-json\/wp\/v2\/categories?post=17473"}],"curies":[{"name":"wp","href":"https:\/\/api.w.org\/{rel}","templated":true}]}}