{"id":21264,"date":"2026-03-16T18:53:20","date_gmt":"2026-03-16T17:53:20","guid":{"rendered":"https:\/\/www.haravara.sk\/?post_type=podujatia&#038;p=21264"},"modified":"2026-03-16T18:53:21","modified_gmt":"2026-03-16T17:53:21","slug":"prvy-maj-v-madaras-parku","status":"publish","type":"podujatia","link":"https:\/\/www.haravara.sk\/pl\/podujatia\/prvy-maj-v-madaras-parku\/","title":{"rendered":"Prv\u00fd m\u00e1j v Madaras parku"},"content":{"rendered":"<div style=\"height:30px\" aria-hidden=\"true\" class=\"wp-block-spacer\"><\/div>\n\n\n\n<p>Mestsk\u00e9 kult\u00farne centrum v Spi\u0161skej Novej Vsi poz\u00fdva v\u0161etky deti a ich rodi\u010dov na par\u00e1dnu prvom\u00e1jov\u00fa oslavu pod \u0161\u00edrym nebom. Pr\u00ed\u010fte si u\u017ei\u0165 de\u0148 pln\u00fd z\u00e1bavy, hudby a ob\u013e\u00faben\u00fdch pr\u00edbehov priamo do amfite\u00e1tra v Madaras parku.<\/p>\n\n\n\n<div style=\"height:30px\" aria-hidden=\"true\" class=\"wp-block-spacer\"><\/div>\n\n\n\n<figure class=\"wp-block-image size-full\"><img decoding=\"async\" width=\"724\" height=\"1024\" src=\"https:\/\/www.haravara.sk\/wp-content\/uploads\/2026\/03\/mp-1.jpg\" alt=\"\" class=\"wp-image-21265\" srcset=\"https:\/\/www.haravara.sk\/wp-content\/uploads\/2026\/03\/mp-1.jpg 724w, https:\/\/www.haravara.sk\/wp-content\/uploads\/2026\/03\/mp-1-212x300.jpg 212w, https:\/\/www.haravara.sk\/wp-content\/uploads\/2026\/03\/mp-1-8x12.jpg 8w\" sizes=\"(max-width: 724px) 100vw, 724px\" \/><\/figure>\n\n\n\n<div style=\"height:32px\" aria-hidden=\"true\" class=\"wp-block-spacer\"><\/div>\n\n\n\n<h3 class=\"wp-block-heading\" id=\"h-na-co-sa-mozete-tesit\"><mark style=\"background-color:rgba(0, 0, 0, 0);color:#061172\" class=\"has-inline-color\">\ud83c\udfad Na \u010do sa m\u00f4\u017eete te\u0161i\u0165?<\/mark><\/h3>\n\n\n\n<div style=\"height:26px\" aria-hidden=\"true\" class=\"wp-block-spacer\"><\/div>\n\n\n\n<p>Program je nabit\u00fd akciou od popoludnia a\u017e do ve\u010dera:<\/p>\n\n\n\n<ul class=\"wp-block-list\">\n<li><strong>15:00 \u2013 O ps\u00ed\u010dkovi a ma\u010di\u010dke:<\/strong> B\u00e1bkov\u00e9 divadlo Babadlo zahr\u00e1 vesel\u00fa rozpr\u00e1vku o dvoch nerozlu\u010dn\u00fdch kamar\u00e1toch, ktor\u00fdch ur\u010dite dobre pozn\u00e1te.<\/li>\n\n\n\n<li><strong>16:00 \u2013 Folkl\u00f3rna sl\u00e1vnos\u0165:<\/strong> Tane\u010dn\u00e9 top\u00e1nky prevetraj\u00fa dom\u00e1ci folkloristi zo s\u00faboru <strong>\u010ca\u010dina<\/strong> a pridaj\u00fa sa k nim aj \u0161ikovn\u00e9 deti z detsk\u00e9ho folkl\u00f3rneho s\u00faboru <strong>Ihr\u00edk<\/strong>.<\/li>\n\n\n\n<li><strong>17:30 \u2013 Koncert Piaty Element:<\/strong> Zaposl\u00fachajte sa do zn\u00e1mych filmov\u00fdch hitov a popul\u00e1rnych pesni\u010diek, ktor\u00e9 v\u00e1m zahraj\u00fa na z\u00e1ver d\u0148a.<\/li>\n<\/ul>\n\n\n\n<div style=\"height:34px\" aria-hidden=\"true\" class=\"wp-block-spacer\"><\/div>\n\n\n\n<h3 class=\"wp-block-heading\" id=\"h-kde-a-kedy\"><mark style=\"background-color:rgba(0, 0, 0, 0);color:#061172\" class=\"has-inline-color\">\ud83d\udccd Kde a kedy?<\/mark><\/h3>\n\n\n\n<div style=\"height:22px\" aria-hidden=\"true\" class=\"wp-block-spacer\"><\/div>\n\n\n\n<p><strong>D\u00e1tum:<\/strong> Streda <strong>1. m\u00e1ja 2024<\/strong>.<\/p>\n\n\n\n<p><strong>Miesto:<\/strong> Amfite\u00e1ter v <strong>Madaras parku<\/strong>, Spi\u0161sk\u00e1 Nov\u00e1 Ves.<\/p>\n\n\n\n<div style=\"height:34px\" aria-hidden=\"true\" class=\"wp-block-spacer\"><\/div>\n\n\n\n<h3 class=\"wp-block-heading\" id=\"h-kontakt\"><mark style=\"background-color:rgba(0, 0, 0, 0);color:#061172\" class=\"has-inline-color\">Kontakt:<\/mark><\/h3>\n\n\n\n<div style=\"height:22px\" aria-hidden=\"true\" class=\"wp-block-spacer\"><\/div>\n\n\n\n<p>Web: <a href=\"https:\/\/www.mkc.snv.sk\/\">https:\/\/www.mkc.snv.sk\/<\/a><br>Telef\u00f3n: <a href=\"tel: + 421 53 44 256 52\">+ 421 53 44 256 52<\/a><br>E- mail: <a href=\"mailto:informacie@mkc.snv.sk\" target=\"_blank\" rel=\"noreferrer noopener\">informacie@mkc.snv.sk<\/a><br><\/p>\n\n\n\n<div style=\"height:34px\" aria-hidden=\"true\" class=\"wp-block-spacer\"><\/div>\n\n\n\n<h3 class=\"wp-block-heading\" id=\"h-ako-sa-dostanete-do-madaras-parku\"><mark style=\"background-color:rgba(0, 0, 0, 0);color:#061172\" class=\"has-inline-color\">Ako sa dostanete do Madaras parku<\/mark>?<\/h3>\n\n\n<p><iframe src=\"https:\/\/www.google.com\/maps\/embed?pb=!1m18!1m12!1m3!1d2620.997125187439!2d20.573000276310356!3d48.93449657134262!2m3!1f0!2f0!3f0!3m2!1i1024!2i768!4f13.1!3m3!1m2!1s0x473e4edb8f787a8f%3A0x5d4126d92491052b!2smadaras%20shopping%20center!5e0!3m2!1ssk!2ssk!4v1773683453885!5m2!1ssk!2ssk\" width=\"100%\" height=\"450\" style=\"border:0;\" allowfullscreen=\"\" loading=\"lazy\" referrerpolicy=\"no-referrer-when-downgrade\"><\/iframe><\/p>\n\n\n\n<div style=\"height:34px\" aria-hidden=\"true\" class=\"wp-block-spacer\"><\/div>\n\n\n\n<h3 class=\"wp-block-heading\"><mark style=\"background-color:rgba(0, 0, 0, 0);color:#061172\" class=\"has-inline-color\">Te\u0161\u00edme sa na V\u00e1s! <\/mark><\/h3>\n\n\n\n<p><\/p>","protected":false},"excerpt":{"rendered":"<p>Mestsk\u00e9 kult\u00farne centrum v Spi\u0161skej Novej Vsi poz\u00fdva v\u0161etky deti a ich rodi\u010dov na par\u00e1dnu prvom\u00e1jov\u00fa oslavu pod \u0161\u00edrym nebom. Pr\u00ed\u010fte si u\u017ei\u0165 de\u0148 pln\u00fd z\u00e1bavy, hudby a ob\u013e\u00faben\u00fdch pr\u00edbehov priamo do amfite\u00e1tra v Madaras parku. \ud83c\udfad Na \u010do sa m\u00f4\u017eete te\u0161i\u0165? Program je nabit\u00fd akciou od popoludnia a\u017e do ve\u010dera: \ud83d\udccd Kde a kedy?...<\/p>","protected":false},"featured_media":21265,"menu_order":0,"template":"","format":"standard","meta":{"_acf_changed":false,"footnotes":""},"categories":[],"class_list":["post-21264","podujatia","type-podujatia","status-publish","format-standard","has-post-thumbnail","hentry"],"acf":[],"yoast_head":"<!-- This site is optimized with the Yoast SEO Premium plugin v22.7 (Yoast SEO v27.5) - https:\/\/yoast.com\/product\/yoast-seo-premium-wordpress\/ -->\n<title>\u2b50 HARAVARA - Kam s de\u0165mi v Ko\u0161ickom kraji - Prv\u00fd m\u00e1j v Madaras parku<\/title>\n<meta name=\"description\" content=\"P\u00fdtate sa kam s de\u0165mi v Ko\u0161ickom kraji? Odpove\u010f je Prv\u00fd m\u00e1j v Madaras parku. Nechajte sa in\u0161pirova\u0165 skvel\u00fdmi tipmi na rodinn\u00e9 v\u00fdlety, podujatia...\" \/>\n<meta name=\"robots\" content=\"index, follow, max-snippet:-1, max-image-preview:large, max-video-preview:-1\" \/>\n<link rel=\"canonical\" href=\"https:\/\/www.haravara.sk\/pl\/podujatia\/prvy-maj-v-madaras-parku\/\" \/>\n<meta property=\"og:locale\" content=\"pl_PL\" \/>\n<meta property=\"og:type\" content=\"article\" \/>\n<meta property=\"og:title\" content=\"Prv\u00fd m\u00e1j v Madaras parku\" \/>\n<meta property=\"og:description\" content=\"P\u00fdtate sa kam s de\u0165mi v Ko\u0161ickom kraji? Odpove\u010f je Prv\u00fd m\u00e1j v Madaras parku. Nechajte sa in\u0161pirova\u0165 skvel\u00fdmi tipmi na rodinn\u00e9 v\u00fdlety, podujatia...\" \/>\n<meta property=\"og:url\" content=\"https:\/\/www.haravara.sk\/pl\/podujatia\/prvy-maj-v-madaras-parku\/\" \/>\n<meta property=\"og:site_name\" content=\"HARAVARA\" \/>\n<meta property=\"article:publisher\" content=\"https:\/\/www.facebook.com\/haravara.detsky.svet\" \/>\n<meta property=\"article:modified_time\" content=\"2026-03-16T17:53:21+00:00\" \/>\n<meta property=\"og:image\" content=\"https:\/\/www.haravara.sk\/wp-content\/uploads\/2026\/03\/mp-1.jpg\" \/>\n\t<meta property=\"og:image:width\" content=\"724\" \/>\n\t<meta property=\"og:image:height\" content=\"1024\" \/>\n\t<meta property=\"og:image:type\" content=\"image\/jpeg\" \/>\n<meta name=\"twitter:card\" content=\"summary_large_image\" \/>\n<meta name=\"twitter:label1\" content=\"Szacowany czas czytania\" \/>\n\t<meta name=\"twitter:data1\" content=\"2 minuty\" \/>\n<script type=\"application\/ld+json\" class=\"yoast-schema-graph\">{\"@context\":\"https:\\\/\\\/schema.org\",\"@graph\":[{\"@type\":\"WebPage\",\"@id\":\"https:\\\/\\\/www.haravara.sk\\\/podujatia\\\/prvy-maj-v-madaras-parku\\\/\",\"url\":\"https:\\\/\\\/www.haravara.sk\\\/podujatia\\\/prvy-maj-v-madaras-parku\\\/\",\"name\":\"\u2b50 HARAVARA - Kam s de\u0165mi v Ko\u0161ickom kraji - Prv\u00fd m\u00e1j v Madaras parku\",\"isPartOf\":{\"@id\":\"https:\\\/\\\/www.haravara.sk\\\/#website\"},\"primaryImageOfPage\":{\"@id\":\"https:\\\/\\\/www.haravara.sk\\\/podujatia\\\/prvy-maj-v-madaras-parku\\\/#primaryimage\"},\"image\":{\"@id\":\"https:\\\/\\\/www.haravara.sk\\\/podujatia\\\/prvy-maj-v-madaras-parku\\\/#primaryimage\"},\"thumbnailUrl\":\"https:\\\/\\\/www.haravara.sk\\\/wp-content\\\/uploads\\\/2026\\\/03\\\/mp-1.jpg\",\"datePublished\":\"2026-03-16T17:53:20+00:00\",\"dateModified\":\"2026-03-16T17:53:21+00:00\",\"description\":\"P\u00fdtate sa kam s de\u0165mi v Ko\u0161ickom kraji? Odpove\u010f je Prv\u00fd m\u00e1j v Madaras parku. Nechajte sa in\u0161pirova\u0165 skvel\u00fdmi tipmi na rodinn\u00e9 v\u00fdlety, podujatia...\",\"breadcrumb\":{\"@id\":\"https:\\\/\\\/www.haravara.sk\\\/podujatia\\\/prvy-maj-v-madaras-parku\\\/#breadcrumb\"},\"inLanguage\":\"pl-PL\",\"potentialAction\":[{\"@type\":\"ReadAction\",\"target\":[\"https:\\\/\\\/www.haravara.sk\\\/podujatia\\\/prvy-maj-v-madaras-parku\\\/\"]}]},{\"@type\":\"ImageObject\",\"inLanguage\":\"pl-PL\",\"@id\":\"https:\\\/\\\/www.haravara.sk\\\/podujatia\\\/prvy-maj-v-madaras-parku\\\/#primaryimage\",\"url\":\"https:\\\/\\\/www.haravara.sk\\\/wp-content\\\/uploads\\\/2026\\\/03\\\/mp-1.jpg\",\"contentUrl\":\"https:\\\/\\\/www.haravara.sk\\\/wp-content\\\/uploads\\\/2026\\\/03\\\/mp-1.jpg\",\"width\":724,\"height\":1024},{\"@type\":\"BreadcrumbList\",\"@id\":\"https:\\\/\\\/www.haravara.sk\\\/podujatia\\\/prvy-maj-v-madaras-parku\\\/#breadcrumb\",\"itemListElement\":[{\"@type\":\"ListItem\",\"position\":1,\"name\":\"Domov\",\"item\":\"https:\\\/\\\/www.haravara.sk\\\/\"},{\"@type\":\"ListItem\",\"position\":2,\"name\":\"Podujatia\",\"item\":\"https:\\\/\\\/www.haravara.sk\\\/podujatia\\\/\"},{\"@type\":\"ListItem\",\"position\":3,\"name\":\"Prv\u00fd m\u00e1j v Madaras parku\"}]},{\"@type\":\"WebSite\",\"@id\":\"https:\\\/\\\/www.haravara.sk\\\/#website\",\"url\":\"https:\\\/\\\/www.haravara.sk\\\/\",\"name\":\"HARAVARA\",\"description\":\"Objav detsk\u00fd svet v Ko\u0161ickom kraji\",\"publisher\":{\"@id\":\"https:\\\/\\\/www.haravara.sk\\\/#organization\"},\"potentialAction\":[{\"@type\":\"SearchAction\",\"target\":{\"@type\":\"EntryPoint\",\"urlTemplate\":\"https:\\\/\\\/www.haravara.sk\\\/?s={search_term_string}\"},\"query-input\":{\"@type\":\"PropertyValueSpecification\",\"valueRequired\":true,\"valueName\":\"search_term_string\"}}],\"inLanguage\":\"pl-PL\"},{\"@type\":\"Organization\",\"@id\":\"https:\\\/\\\/www.haravara.sk\\\/#organization\",\"name\":\"Haravara\",\"url\":\"https:\\\/\\\/www.haravara.sk\\\/\",\"logo\":{\"@type\":\"ImageObject\",\"inLanguage\":\"pl-PL\",\"@id\":\"https:\\\/\\\/www.haravara.sk\\\/#\\\/schema\\\/logo\\\/image\\\/\",\"url\":\"https:\\\/\\\/www.haravara.sk\\\/wp-content\\\/uploads\\\/2021\\\/04\\\/LOGO-LandingPage.png\",\"contentUrl\":\"https:\\\/\\\/www.haravara.sk\\\/wp-content\\\/uploads\\\/2021\\\/04\\\/LOGO-LandingPage.png\",\"width\":832,\"height\":618,\"caption\":\"Haravara\"},\"image\":{\"@id\":\"https:\\\/\\\/www.haravara.sk\\\/#\\\/schema\\\/logo\\\/image\\\/\"},\"sameAs\":[\"https:\\\/\\\/www.facebook.com\\\/haravara.detsky.svet\"]}]}<\/script>\n<!-- \/ Yoast SEO Premium plugin. -->","yoast_head_json":{"title":"\u2b50 HARAVARA - Kam s de\u0165mi v Ko\u0161ickom kraji - Prv\u00fd m\u00e1j v Madaras parku","description":"P\u00fdtate sa kam s de\u0165mi v Ko\u0161ickom kraji? Odpove\u010f je Prv\u00fd m\u00e1j v Madaras parku. Nechajte sa in\u0161pirova\u0165 skvel\u00fdmi tipmi na rodinn\u00e9 v\u00fdlety, podujatia...","robots":{"index":"index","follow":"follow","max-snippet":"max-snippet:-1","max-image-preview":"max-image-preview:large","max-video-preview":"max-video-preview:-1"},"canonical":"https:\/\/www.haravara.sk\/pl\/podujatia\/prvy-maj-v-madaras-parku\/","og_locale":"pl_PL","og_type":"article","og_title":"Prv\u00fd m\u00e1j v Madaras parku","og_description":"P\u00fdtate sa kam s de\u0165mi v Ko\u0161ickom kraji? Odpove\u010f je Prv\u00fd m\u00e1j v Madaras parku. Nechajte sa in\u0161pirova\u0165 skvel\u00fdmi tipmi na rodinn\u00e9 v\u00fdlety, podujatia...","og_url":"https:\/\/www.haravara.sk\/pl\/podujatia\/prvy-maj-v-madaras-parku\/","og_site_name":"HARAVARA","article_publisher":"https:\/\/www.facebook.com\/haravara.detsky.svet","article_modified_time":"2026-03-16T17:53:21+00:00","og_image":[{"width":724,"height":1024,"url":"https:\/\/www.haravara.sk\/wp-content\/uploads\/2026\/03\/mp-1.jpg","type":"image\/jpeg"}],"twitter_card":"summary_large_image","twitter_misc":{"Szacowany czas czytania":"2 minuty"},"schema":{"@context":"https:\/\/schema.org","@graph":[{"@type":"WebPage","@id":"https:\/\/www.haravara.sk\/podujatia\/prvy-maj-v-madaras-parku\/","url":"https:\/\/www.haravara.sk\/podujatia\/prvy-maj-v-madaras-parku\/","name":"\u2b50 HARAVARA - Kam s de\u0165mi v Ko\u0161ickom kraji - Prv\u00fd m\u00e1j v Madaras parku","isPartOf":{"@id":"https:\/\/www.haravara.sk\/#website"},"primaryImageOfPage":{"@id":"https:\/\/www.haravara.sk\/podujatia\/prvy-maj-v-madaras-parku\/#primaryimage"},"image":{"@id":"https:\/\/www.haravara.sk\/podujatia\/prvy-maj-v-madaras-parku\/#primaryimage"},"thumbnailUrl":"https:\/\/www.haravara.sk\/wp-content\/uploads\/2026\/03\/mp-1.jpg","datePublished":"2026-03-16T17:53:20+00:00","dateModified":"2026-03-16T17:53:21+00:00","description":"P\u00fdtate sa kam s de\u0165mi v Ko\u0161ickom kraji? Odpove\u010f je Prv\u00fd m\u00e1j v Madaras parku. Nechajte sa in\u0161pirova\u0165 skvel\u00fdmi tipmi na rodinn\u00e9 v\u00fdlety, podujatia...","breadcrumb":{"@id":"https:\/\/www.haravara.sk\/podujatia\/prvy-maj-v-madaras-parku\/#breadcrumb"},"inLanguage":"pl-PL","potentialAction":[{"@type":"ReadAction","target":["https:\/\/www.haravara.sk\/podujatia\/prvy-maj-v-madaras-parku\/"]}]},{"@type":"ImageObject","inLanguage":"pl-PL","@id":"https:\/\/www.haravara.sk\/podujatia\/prvy-maj-v-madaras-parku\/#primaryimage","url":"https:\/\/www.haravara.sk\/wp-content\/uploads\/2026\/03\/mp-1.jpg","contentUrl":"https:\/\/www.haravara.sk\/wp-content\/uploads\/2026\/03\/mp-1.jpg","width":724,"height":1024},{"@type":"BreadcrumbList","@id":"https:\/\/www.haravara.sk\/podujatia\/prvy-maj-v-madaras-parku\/#breadcrumb","itemListElement":[{"@type":"ListItem","position":1,"name":"Domov","item":"https:\/\/www.haravara.sk\/"},{"@type":"ListItem","position":2,"name":"Podujatia","item":"https:\/\/www.haravara.sk\/podujatia\/"},{"@type":"ListItem","position":3,"name":"Prv\u00fd m\u00e1j v Madaras parku"}]},{"@type":"WebSite","@id":"https:\/\/www.haravara.sk\/#website","url":"https:\/\/www.haravara.sk\/","name":"HARAVARA","description":"Objav detsk\u00fd svet v Ko\u0161ickom kraji","publisher":{"@id":"https:\/\/www.haravara.sk\/#organization"},"potentialAction":[{"@type":"SearchAction","target":{"@type":"EntryPoint","urlTemplate":"https:\/\/www.haravara.sk\/?s={search_term_string}"},"query-input":{"@type":"PropertyValueSpecification","valueRequired":true,"valueName":"search_term_string"}}],"inLanguage":"pl-PL"},{"@type":"Organization","@id":"https:\/\/www.haravara.sk\/#organization","name":"Haravara","url":"https:\/\/www.haravara.sk\/","logo":{"@type":"ImageObject","inLanguage":"pl-PL","@id":"https:\/\/www.haravara.sk\/#\/schema\/logo\/image\/","url":"https:\/\/www.haravara.sk\/wp-content\/uploads\/2021\/04\/LOGO-LandingPage.png","contentUrl":"https:\/\/www.haravara.sk\/wp-content\/uploads\/2021\/04\/LOGO-LandingPage.png","width":832,"height":618,"caption":"Haravara"},"image":{"@id":"https:\/\/www.haravara.sk\/#\/schema\/logo\/image\/"},"sameAs":["https:\/\/www.facebook.com\/haravara.detsky.svet"]}]}},"_links":{"self":[{"href":"https:\/\/www.haravara.sk\/pl\/wp-json\/wp\/v2\/podujatia\/21264","targetHints":{"allow":["GET"]}}],"collection":[{"href":"https:\/\/www.haravara.sk\/pl\/wp-json\/wp\/v2\/podujatia"}],"about":[{"href":"https:\/\/www.haravara.sk\/pl\/wp-json\/wp\/v2\/types\/podujatia"}],"version-history":[{"count":1,"href":"https:\/\/www.haravara.sk\/pl\/wp-json\/wp\/v2\/podujatia\/21264\/revisions"}],"predecessor-version":[{"id":21266,"href":"https:\/\/www.haravara.sk\/pl\/wp-json\/wp\/v2\/podujatia\/21264\/revisions\/21266"}],"wp:featuredmedia":[{"embeddable":true,"href":"https:\/\/www.haravara.sk\/pl\/wp-json\/wp\/v2\/media\/21265"}],"wp:attachment":[{"href":"https:\/\/www.haravara.sk\/pl\/wp-json\/wp\/v2\/media?parent=21264"}],"wp:term":[{"taxonomy":"category","embeddable":true,"href":"https:\/\/www.haravara.sk\/pl\/wp-json\/wp\/v2\/categories?post=21264"}],"curies":[{"name":"wp","href":"https:\/\/api.w.org\/{rel}","templated":true}]}}