{"id":21305,"date":"2026-04-07T18:55:19","date_gmt":"2026-04-07T17:55:19","guid":{"rendered":"https:\/\/www.haravara.sk\/?post_type=podujatia&#038;p=21305"},"modified":"2026-04-07T18:55:21","modified_gmt":"2026-04-07T17:55:21","slug":"29-rocnik-balonovej-fiesty-kosice","status":"publish","type":"podujatia","link":"https:\/\/www.haravara.sk\/pl\/podujatia\/29-rocnik-balonovej-fiesty-kosice\/","title":{"rendered":"29. ro\u010dn\u00edk Bal\u00f3novej fiesty Ko\u0161ice"},"content":{"rendered":"<div style=\"height:30px\" aria-hidden=\"true\" class=\"wp-block-spacer\"><\/div>\n\n\n\n<p>Priprav sa na \u00fa\u017easn\u00fd poh\u013ead! Nad Ko\u0161icami sa op\u00e4\u0165 rozletia obrovsk\u00e9 farebn\u00e9 bal\u00f3ny. Tento rok je to navy\u0161e \u0161peci\u00e1lne, preto\u017ee oslavujeme a\u017e <strong>120 rokov<\/strong> od \u00faplne prv\u00e9ho letu bal\u00f3nom v na\u0161om meste.<\/p>\n\n\n\n<div style=\"height:30px\" aria-hidden=\"true\" class=\"wp-block-spacer\"><\/div>\n\n\n\n<figure class=\"wp-block-image size-full\"><img decoding=\"async\" width=\"800\" height=\"800\" src=\"https:\/\/www.haravara.sk\/wp-content\/uploads\/2026\/04\/bf1-1.png\" alt=\"\" class=\"wp-image-21306\" srcset=\"https:\/\/www.haravara.sk\/wp-content\/uploads\/2026\/04\/bf1-1.png 800w, https:\/\/www.haravara.sk\/wp-content\/uploads\/2026\/04\/bf1-1-300x300.png 300w, https:\/\/www.haravara.sk\/wp-content\/uploads\/2026\/04\/bf1-1-150x150.png 150w, https:\/\/www.haravara.sk\/wp-content\/uploads\/2026\/04\/bf1-1-768x768.png 768w, https:\/\/www.haravara.sk\/wp-content\/uploads\/2026\/04\/bf1-1-12x12.png 12w\" sizes=\"(max-width: 800px) 100vw, 800px\" \/><\/figure>\n\n\n\n<div style=\"height:32px\" aria-hidden=\"true\" class=\"wp-block-spacer\"><\/div>\n\n\n\n<h3 class=\"wp-block-heading\" id=\"h-na-co-sa-mozes-tesit\"><mark style=\"background-color:rgba(0, 0, 0, 0);color:#061172\" class=\"has-inline-color\">\u2728 Na \u010do sa m\u00f4\u017ee\u0161 te\u0161i\u0165?<\/mark><\/h3>\n\n\n\n<div style=\"height:26px\" aria-hidden=\"true\" class=\"wp-block-spacer\"><\/div>\n\n\n\n<p><strong>Bal\u00f3ny z cel\u00e9ho sveta:<\/strong> Uvid\u00ed\u0161 flotilu bal\u00f3nov nielen zo Slovenska, ale aj z Rak\u00faska, USA \u010di Ve\u013ekej Brit\u00e1nie.<\/p>\n\n\n\n<p><strong>\u0160peci\u00e1lne tvary:<\/strong> Medzi desiatkami bal\u00f3nov objav\u00ed\u0161 aj <strong>3 bal\u00f3ny v netradi\u010dn\u00fdch tvaroch<\/strong>!<\/p>\n\n\n\n<p><strong>Hromadn\u00e9 \u0161tarty:<\/strong> Sleduj, ako desiatky bal\u00f3nov naraz st\u00fapaj\u00fa k oblohe priamo z are\u00e1lu Technickej univerzity.<\/p>\n\n\n\n<p><strong>No\u010dn\u00e9 nafukovanie:<\/strong> V piatok ve\u010der za\u017eije\u0161 magick\u00fa sveteln\u00fa show bal\u00f3nov, ktor\u00e9 bud\u00fa svieti\u0165 do rytmu hudby priamo pod hviezdami.<\/p>\n\n\n\n<div style=\"height:34px\" aria-hidden=\"true\" class=\"wp-block-spacer\"><\/div>\n\n\n\n<h3 class=\"wp-block-heading\" id=\"h-fiestove-mestecko-pre-deti\"><mark style=\"background-color:rgba(0, 0, 0, 0);color:#061172\" class=\"has-inline-color\">\ud83c\udfa1 Fiestov\u00e9 meste\u010dko pre deti<\/mark><\/h3>\n\n\n\n<div style=\"height:22px\" aria-hidden=\"true\" class=\"wp-block-spacer\"><\/div>\n\n\n\n<p>Ka\u017ed\u00fd de\u0148 od stredy do soboty (v\u017edy od 16:00) na teba \u010dak\u00e1 z\u00e1bava v are\u00e1li pri baseballovom ihrisku:<\/p>\n\n\n\n<p><strong>Gastro z\u00f3na<\/strong> s dobrotami.<\/p>\n\n\n\n<p><strong>Atrakcie pre deti<\/strong> a sprievodn\u00fd program.<\/p>\n\n\n\n<div style=\"height:34px\" aria-hidden=\"true\" class=\"wp-block-spacer\"><\/div>\n\n\n\n<h3 class=\"wp-block-heading\" id=\"h-kedy-a-kde\"><mark style=\"background-color:rgba(0, 0, 0, 0);color:#061172\" class=\"has-inline-color\">\ud83d\udcc5 Kedy a kde?<\/mark><\/h3>\n\n\n\n<div style=\"height:22px\" aria-hidden=\"true\" class=\"wp-block-spacer\"><\/div>\n\n\n\n<p><strong>Term\u00edn:<\/strong> <strong>27. \u2013 31. m\u00e1ja 2026<\/strong>.<\/p>\n\n\n\n<p><strong>Miesto:<\/strong> Are\u00e1l TUKE (Vysoko\u0161kolsk\u00e1 ulica), Ko\u0161ice.<\/p>\n\n\n\n<p><strong>Najv\u00e4\u010d\u0161\u00ed highlight:<\/strong> No\u010dn\u00e9 nafukovanie v piatok <strong>29. m\u00e1ja o 21:00<\/strong>.<\/p>\n\n\n\n<p><strong>Vstupn\u00e9:<\/strong> Je \u00faplne <strong>zadarmo<\/strong>.<\/p>\n\n\n\n<div style=\"height:34px\" aria-hidden=\"true\" class=\"wp-block-spacer\"><\/div>\n\n\n\n<h3 class=\"wp-block-heading\" id=\"h-kontakt\"><mark style=\"background-color:rgba(0, 0, 0, 0);color:#061172\" class=\"has-inline-color\">Kontakt:<\/mark><\/h3>\n\n\n\n<div style=\"height:22px\" aria-hidden=\"true\" class=\"wp-block-spacer\"><\/div>\n\n\n\n<p>Web: <a href=\"https:\/\/balon.sk\/balonova-fiesta-kosice-2026\/\">Bal\u00f3nov\u00e1 fiesta Ko\u0161ice 2026 - jedine\u010dn\u00fd z\u00e1\u017eitok a atmosf\u00e9ra<\/a><br>Telef\u00f3n: <a href=\"tel:+421911166333\">+421 911 166 333<\/a><br>E- mail: <a href=\"mailto:balon@balon.sk\">balon@balon.sk<\/a><\/p>\n\n\n\n<div style=\"height:34px\" aria-hidden=\"true\" class=\"wp-block-spacer\"><\/div>\n\n\n\n<h3 class=\"wp-block-heading\" id=\"h-ako-sa-dostanete-do-arealu-technickej-univerzity-v-kosiciach\"><mark style=\"background-color:rgba(0, 0, 0, 0);color:#061172\" class=\"has-inline-color\">Ako sa dostanete do are\u00e1lu Technickej univerzity v Ko\u0161iciach<\/mark>?<\/h3>\n\n\n<p><iframe src=\"https:\/\/www.google.com\/maps\/embed?pb=!1m18!1m12!1m3!1d10526.766981511119!2d21.2262678871582!3d48.7304815!2m3!1f0!2f0!3f0!3m2!1i1024!2i768!4f13.1!3m3!1m2!1s0x473ee0f66f177b3b%3A0x54ad601bd420a411!2sStavebn%C3%A1%20fakulta%20TUKE!5e0!3m2!1ssk!2ssk!4v1775584362892!5m2!1ssk!2ssk\" width=\"100%\" height=\"450\" style=\"border:0;\" allowfullscreen=\"\" loading=\"lazy\" referrerpolicy=\"no-referrer-when-downgrade\"><\/iframe><\/p>\n\n\n\n<div style=\"height:34px\" aria-hidden=\"true\" class=\"wp-block-spacer\"><\/div>\n\n\n\n<h3 class=\"wp-block-heading\"><mark style=\"background-color:rgba(0, 0, 0, 0);color:#061172\" class=\"has-inline-color\">Te\u0161\u00edme sa na V\u00e1s! <\/mark><\/h3>\n\n\n\n<p><\/p>","protected":false},"excerpt":{"rendered":"<p>Priprav sa na \u00fa\u017easn\u00fd poh\u013ead! Nad Ko\u0161icami sa op\u00e4\u0165 rozletia obrovsk\u00e9 farebn\u00e9 bal\u00f3ny. Tento rok je to navy\u0161e \u0161peci\u00e1lne, preto\u017ee oslavujeme a\u017e 120 rokov od \u00faplne prv\u00e9ho letu bal\u00f3nom v na\u0161om meste. \u2728 Na \u010do sa m\u00f4\u017ee\u0161 te\u0161i\u0165? Bal\u00f3ny z cel\u00e9ho sveta: Uvid\u00ed\u0161 flotilu bal\u00f3nov nielen zo Slovenska, ale aj z Rak\u00faska, USA \u010di Ve\u013ekej...<\/p>","protected":false},"featured_media":21306,"menu_order":0,"template":"","format":"standard","meta":{"_acf_changed":false,"footnotes":""},"categories":[],"class_list":["post-21305","podujatia","type-podujatia","status-publish","format-standard","has-post-thumbnail","hentry"],"acf":[],"yoast_head":"<!-- This site is optimized with the Yoast SEO Premium plugin v22.7 (Yoast SEO v27.5) - https:\/\/yoast.com\/product\/yoast-seo-premium-wordpress\/ -->\n<title>\u2b50 HARAVARA - Kam s de\u0165mi v Ko\u0161ickom kraji - 29. ro\u010dn\u00edk Bal\u00f3novej fiesty Ko\u0161ice<\/title>\n<meta name=\"description\" content=\"P\u00fdtate sa kam s de\u0165mi v Ko\u0161ickom kraji? Odpove\u010f je 29. ro\u010dn\u00edk Bal\u00f3novej fiesty Ko\u0161ice. Nechajte sa in\u0161pirova\u0165 skvel\u00fdmi tipmi na rodinn\u00e9 v\u00fdlety, podujatia...\" \/>\n<meta name=\"robots\" content=\"index, follow, max-snippet:-1, max-image-preview:large, max-video-preview:-1\" \/>\n<link rel=\"canonical\" href=\"https:\/\/www.haravara.sk\/pl\/podujatia\/29-rocnik-balonovej-fiesty-kosice\/\" \/>\n<meta property=\"og:locale\" content=\"pl_PL\" \/>\n<meta property=\"og:type\" content=\"article\" \/>\n<meta property=\"og:title\" content=\"29. ro\u010dn\u00edk Bal\u00f3novej fiesty Ko\u0161ice\" \/>\n<meta property=\"og:description\" content=\"P\u00fdtate sa kam s de\u0165mi v Ko\u0161ickom kraji? Odpove\u010f je 29. ro\u010dn\u00edk Bal\u00f3novej fiesty Ko\u0161ice. Nechajte sa in\u0161pirova\u0165 skvel\u00fdmi tipmi na rodinn\u00e9 v\u00fdlety, podujatia...\" \/>\n<meta property=\"og:url\" content=\"https:\/\/www.haravara.sk\/pl\/podujatia\/29-rocnik-balonovej-fiesty-kosice\/\" \/>\n<meta property=\"og:site_name\" content=\"HARAVARA\" \/>\n<meta property=\"article:publisher\" content=\"https:\/\/www.facebook.com\/haravara.detsky.svet\" \/>\n<meta property=\"article:modified_time\" content=\"2026-04-07T17:55:21+00:00\" \/>\n<meta property=\"og:image\" content=\"https:\/\/www.haravara.sk\/wp-content\/uploads\/2026\/04\/bf1-1.png\" \/>\n\t<meta property=\"og:image:width\" content=\"800\" \/>\n\t<meta property=\"og:image:height\" content=\"800\" \/>\n\t<meta property=\"og:image:type\" content=\"image\/png\" \/>\n<meta name=\"twitter:card\" content=\"summary_large_image\" \/>\n<meta name=\"twitter:label1\" content=\"Szacowany czas czytania\" \/>\n\t<meta name=\"twitter:data1\" content=\"2 minuty\" \/>\n<script type=\"application\/ld+json\" class=\"yoast-schema-graph\">{\"@context\":\"https:\\\/\\\/schema.org\",\"@graph\":[{\"@type\":\"WebPage\",\"@id\":\"https:\\\/\\\/www.haravara.sk\\\/podujatia\\\/29-rocnik-balonovej-fiesty-kosice\\\/\",\"url\":\"https:\\\/\\\/www.haravara.sk\\\/podujatia\\\/29-rocnik-balonovej-fiesty-kosice\\\/\",\"name\":\"\u2b50 HARAVARA - Kam s de\u0165mi v Ko\u0161ickom kraji - 29. ro\u010dn\u00edk Bal\u00f3novej fiesty Ko\u0161ice\",\"isPartOf\":{\"@id\":\"https:\\\/\\\/www.haravara.sk\\\/#website\"},\"primaryImageOfPage\":{\"@id\":\"https:\\\/\\\/www.haravara.sk\\\/podujatia\\\/29-rocnik-balonovej-fiesty-kosice\\\/#primaryimage\"},\"image\":{\"@id\":\"https:\\\/\\\/www.haravara.sk\\\/podujatia\\\/29-rocnik-balonovej-fiesty-kosice\\\/#primaryimage\"},\"thumbnailUrl\":\"https:\\\/\\\/www.haravara.sk\\\/wp-content\\\/uploads\\\/2026\\\/04\\\/bf1-1.png\",\"datePublished\":\"2026-04-07T17:55:19+00:00\",\"dateModified\":\"2026-04-07T17:55:21+00:00\",\"description\":\"P\u00fdtate sa kam s de\u0165mi v Ko\u0161ickom kraji? Odpove\u010f je 29. ro\u010dn\u00edk Bal\u00f3novej fiesty Ko\u0161ice. Nechajte sa in\u0161pirova\u0165 skvel\u00fdmi tipmi na rodinn\u00e9 v\u00fdlety, podujatia...\",\"breadcrumb\":{\"@id\":\"https:\\\/\\\/www.haravara.sk\\\/podujatia\\\/29-rocnik-balonovej-fiesty-kosice\\\/#breadcrumb\"},\"inLanguage\":\"pl-PL\",\"potentialAction\":[{\"@type\":\"ReadAction\",\"target\":[\"https:\\\/\\\/www.haravara.sk\\\/podujatia\\\/29-rocnik-balonovej-fiesty-kosice\\\/\"]}]},{\"@type\":\"ImageObject\",\"inLanguage\":\"pl-PL\",\"@id\":\"https:\\\/\\\/www.haravara.sk\\\/podujatia\\\/29-rocnik-balonovej-fiesty-kosice\\\/#primaryimage\",\"url\":\"https:\\\/\\\/www.haravara.sk\\\/wp-content\\\/uploads\\\/2026\\\/04\\\/bf1-1.png\",\"contentUrl\":\"https:\\\/\\\/www.haravara.sk\\\/wp-content\\\/uploads\\\/2026\\\/04\\\/bf1-1.png\",\"width\":800,\"height\":800},{\"@type\":\"BreadcrumbList\",\"@id\":\"https:\\\/\\\/www.haravara.sk\\\/podujatia\\\/29-rocnik-balonovej-fiesty-kosice\\\/#breadcrumb\",\"itemListElement\":[{\"@type\":\"ListItem\",\"position\":1,\"name\":\"Domov\",\"item\":\"https:\\\/\\\/www.haravara.sk\\\/\"},{\"@type\":\"ListItem\",\"position\":2,\"name\":\"Podujatia\",\"item\":\"https:\\\/\\\/www.haravara.sk\\\/podujatia\\\/\"},{\"@type\":\"ListItem\",\"position\":3,\"name\":\"29. ro\u010dn\u00edk Bal\u00f3novej fiesty Ko\u0161ice\"}]},{\"@type\":\"WebSite\",\"@id\":\"https:\\\/\\\/www.haravara.sk\\\/#website\",\"url\":\"https:\\\/\\\/www.haravara.sk\\\/\",\"name\":\"HARAVARA\",\"description\":\"Objav detsk\u00fd svet v Ko\u0161ickom kraji\",\"publisher\":{\"@id\":\"https:\\\/\\\/www.haravara.sk\\\/#organization\"},\"potentialAction\":[{\"@type\":\"SearchAction\",\"target\":{\"@type\":\"EntryPoint\",\"urlTemplate\":\"https:\\\/\\\/www.haravara.sk\\\/?s={search_term_string}\"},\"query-input\":{\"@type\":\"PropertyValueSpecification\",\"valueRequired\":true,\"valueName\":\"search_term_string\"}}],\"inLanguage\":\"pl-PL\"},{\"@type\":\"Organization\",\"@id\":\"https:\\\/\\\/www.haravara.sk\\\/#organization\",\"name\":\"Haravara\",\"url\":\"https:\\\/\\\/www.haravara.sk\\\/\",\"logo\":{\"@type\":\"ImageObject\",\"inLanguage\":\"pl-PL\",\"@id\":\"https:\\\/\\\/www.haravara.sk\\\/#\\\/schema\\\/logo\\\/image\\\/\",\"url\":\"https:\\\/\\\/www.haravara.sk\\\/wp-content\\\/uploads\\\/2021\\\/04\\\/LOGO-LandingPage.png\",\"contentUrl\":\"https:\\\/\\\/www.haravara.sk\\\/wp-content\\\/uploads\\\/2021\\\/04\\\/LOGO-LandingPage.png\",\"width\":832,\"height\":618,\"caption\":\"Haravara\"},\"image\":{\"@id\":\"https:\\\/\\\/www.haravara.sk\\\/#\\\/schema\\\/logo\\\/image\\\/\"},\"sameAs\":[\"https:\\\/\\\/www.facebook.com\\\/haravara.detsky.svet\"]}]}<\/script>\n<!-- \/ Yoast SEO Premium plugin. -->","yoast_head_json":{"title":"\u2b50 HARAVARA - Kam s de\u0165mi v Ko\u0161ickom kraji - 29. ro\u010dn\u00edk Bal\u00f3novej fiesty Ko\u0161ice","description":"P\u00fdtate sa kam s de\u0165mi v Ko\u0161ickom kraji? Odpove\u010f je 29. ro\u010dn\u00edk Bal\u00f3novej fiesty Ko\u0161ice. Nechajte sa in\u0161pirova\u0165 skvel\u00fdmi tipmi na rodinn\u00e9 v\u00fdlety, podujatia...","robots":{"index":"index","follow":"follow","max-snippet":"max-snippet:-1","max-image-preview":"max-image-preview:large","max-video-preview":"max-video-preview:-1"},"canonical":"https:\/\/www.haravara.sk\/pl\/podujatia\/29-rocnik-balonovej-fiesty-kosice\/","og_locale":"pl_PL","og_type":"article","og_title":"29. ro\u010dn\u00edk Bal\u00f3novej fiesty Ko\u0161ice","og_description":"P\u00fdtate sa kam s de\u0165mi v Ko\u0161ickom kraji? Odpove\u010f je 29. ro\u010dn\u00edk Bal\u00f3novej fiesty Ko\u0161ice. Nechajte sa in\u0161pirova\u0165 skvel\u00fdmi tipmi na rodinn\u00e9 v\u00fdlety, podujatia...","og_url":"https:\/\/www.haravara.sk\/pl\/podujatia\/29-rocnik-balonovej-fiesty-kosice\/","og_site_name":"HARAVARA","article_publisher":"https:\/\/www.facebook.com\/haravara.detsky.svet","article_modified_time":"2026-04-07T17:55:21+00:00","og_image":[{"width":800,"height":800,"url":"https:\/\/www.haravara.sk\/wp-content\/uploads\/2026\/04\/bf1-1.png","type":"image\/png"}],"twitter_card":"summary_large_image","twitter_misc":{"Szacowany czas czytania":"2 minuty"},"schema":{"@context":"https:\/\/schema.org","@graph":[{"@type":"WebPage","@id":"https:\/\/www.haravara.sk\/podujatia\/29-rocnik-balonovej-fiesty-kosice\/","url":"https:\/\/www.haravara.sk\/podujatia\/29-rocnik-balonovej-fiesty-kosice\/","name":"\u2b50 HARAVARA - Kam s de\u0165mi v Ko\u0161ickom kraji - 29. ro\u010dn\u00edk Bal\u00f3novej fiesty Ko\u0161ice","isPartOf":{"@id":"https:\/\/www.haravara.sk\/#website"},"primaryImageOfPage":{"@id":"https:\/\/www.haravara.sk\/podujatia\/29-rocnik-balonovej-fiesty-kosice\/#primaryimage"},"image":{"@id":"https:\/\/www.haravara.sk\/podujatia\/29-rocnik-balonovej-fiesty-kosice\/#primaryimage"},"thumbnailUrl":"https:\/\/www.haravara.sk\/wp-content\/uploads\/2026\/04\/bf1-1.png","datePublished":"2026-04-07T17:55:19+00:00","dateModified":"2026-04-07T17:55:21+00:00","description":"P\u00fdtate sa kam s de\u0165mi v Ko\u0161ickom kraji? Odpove\u010f je 29. ro\u010dn\u00edk Bal\u00f3novej fiesty Ko\u0161ice. Nechajte sa in\u0161pirova\u0165 skvel\u00fdmi tipmi na rodinn\u00e9 v\u00fdlety, podujatia...","breadcrumb":{"@id":"https:\/\/www.haravara.sk\/podujatia\/29-rocnik-balonovej-fiesty-kosice\/#breadcrumb"},"inLanguage":"pl-PL","potentialAction":[{"@type":"ReadAction","target":["https:\/\/www.haravara.sk\/podujatia\/29-rocnik-balonovej-fiesty-kosice\/"]}]},{"@type":"ImageObject","inLanguage":"pl-PL","@id":"https:\/\/www.haravara.sk\/podujatia\/29-rocnik-balonovej-fiesty-kosice\/#primaryimage","url":"https:\/\/www.haravara.sk\/wp-content\/uploads\/2026\/04\/bf1-1.png","contentUrl":"https:\/\/www.haravara.sk\/wp-content\/uploads\/2026\/04\/bf1-1.png","width":800,"height":800},{"@type":"BreadcrumbList","@id":"https:\/\/www.haravara.sk\/podujatia\/29-rocnik-balonovej-fiesty-kosice\/#breadcrumb","itemListElement":[{"@type":"ListItem","position":1,"name":"Domov","item":"https:\/\/www.haravara.sk\/"},{"@type":"ListItem","position":2,"name":"Podujatia","item":"https:\/\/www.haravara.sk\/podujatia\/"},{"@type":"ListItem","position":3,"name":"29. ro\u010dn\u00edk Bal\u00f3novej fiesty Ko\u0161ice"}]},{"@type":"WebSite","@id":"https:\/\/www.haravara.sk\/#website","url":"https:\/\/www.haravara.sk\/","name":"HARAVARA","description":"Objav detsk\u00fd svet v Ko\u0161ickom kraji","publisher":{"@id":"https:\/\/www.haravara.sk\/#organization"},"potentialAction":[{"@type":"SearchAction","target":{"@type":"EntryPoint","urlTemplate":"https:\/\/www.haravara.sk\/?s={search_term_string}"},"query-input":{"@type":"PropertyValueSpecification","valueRequired":true,"valueName":"search_term_string"}}],"inLanguage":"pl-PL"},{"@type":"Organization","@id":"https:\/\/www.haravara.sk\/#organization","name":"Haravara","url":"https:\/\/www.haravara.sk\/","logo":{"@type":"ImageObject","inLanguage":"pl-PL","@id":"https:\/\/www.haravara.sk\/#\/schema\/logo\/image\/","url":"https:\/\/www.haravara.sk\/wp-content\/uploads\/2021\/04\/LOGO-LandingPage.png","contentUrl":"https:\/\/www.haravara.sk\/wp-content\/uploads\/2021\/04\/LOGO-LandingPage.png","width":832,"height":618,"caption":"Haravara"},"image":{"@id":"https:\/\/www.haravara.sk\/#\/schema\/logo\/image\/"},"sameAs":["https:\/\/www.facebook.com\/haravara.detsky.svet"]}]}},"_links":{"self":[{"href":"https:\/\/www.haravara.sk\/pl\/wp-json\/wp\/v2\/podujatia\/21305","targetHints":{"allow":["GET"]}}],"collection":[{"href":"https:\/\/www.haravara.sk\/pl\/wp-json\/wp\/v2\/podujatia"}],"about":[{"href":"https:\/\/www.haravara.sk\/pl\/wp-json\/wp\/v2\/types\/podujatia"}],"version-history":[{"count":1,"href":"https:\/\/www.haravara.sk\/pl\/wp-json\/wp\/v2\/podujatia\/21305\/revisions"}],"predecessor-version":[{"id":21307,"href":"https:\/\/www.haravara.sk\/pl\/wp-json\/wp\/v2\/podujatia\/21305\/revisions\/21307"}],"wp:featuredmedia":[{"embeddable":true,"href":"https:\/\/www.haravara.sk\/pl\/wp-json\/wp\/v2\/media\/21306"}],"wp:attachment":[{"href":"https:\/\/www.haravara.sk\/pl\/wp-json\/wp\/v2\/media?parent=21305"}],"wp:term":[{"taxonomy":"category","embeddable":true,"href":"https:\/\/www.haravara.sk\/pl\/wp-json\/wp\/v2\/categories?post=21305"}],"curies":[{"name":"wp","href":"https:\/\/api.w.org\/{rel}","templated":true}]}}