{"id":19229,"date":"2022-07-06T22:00:25","date_gmt":"2022-07-06T21:00:25","guid":{"rendered":"https:\/\/www.haravara.sk\/?post_type=pribehy&#038;p=19229"},"modified":"2025-07-25T21:48:36","modified_gmt":"2025-07-25T20:48:36","slug":"ako-sa-majka-a-maxik-ucili-malovat","status":"publish","type":"pribehy","link":"https:\/\/www.haravara.sk\/pl\/pribehy\/ako-sa-majka-a-maxik-ucili-malovat\/","title":{"rendered":"Jak Majka z Maksiem uczyli si\u0119 malowa\u0107"},"content":{"rendered":"<div style=\"height:39px\" aria-hidden=\"true\" class=\"wp-block-spacer\"><\/div>\n\n\n\n<p class=\"has-drop-cap\">To by\u0142 zwyk\u0142y zimowy poranek. S\u0142oneczko dopiero powoli wyziera\u0142o spoza g\u00f3r, blok\u00f3w i dom\u00f3w oraz katedry \u015bw. El\u017cbiety w Koszycach \u2013 stolicy krainy Figle-Migle. W\u0142a\u015bnie na wie\u017cyczki katedry patrzyli Maksio i Majka. Za oknem le\u017ca\u0142 na ziemi \u015bnieg, wida\u0107 by\u0142o \u015blady ludzi, kt\u00f3rzy przeszli po nim niedawno. Dzieci siedzia\u0142y i zastanawia\u0142y si\u0119, co robi\u0107.<\/p>\n\n\n\n<p>\u201eA mo\u017ce by\u015bmy namalowali te pi\u0119kne widoki?\u201c \u2013 zaproponowa\u0142a Majka, wci\u0105\u017c patrz\u0105c i por\u00f3wnuj\u0105c, kt\u00f3ry widok na krain\u0119 Figle-Migle jest naj\u0142adniejszy.<\/p>\n\n\n\n<p>\u201eMy\u015blisz, \u017ce umieliby\u015bmy?\u201c \u2013 spyta\u0142 Maksio.<\/p>\n\n\n\n<p>\u201eOczywi\u015bcie!\u201c \u2013 uspokoi\u0142a go Majka.<\/p>\n\n\n\n<p>\u201eAle ja bym chcia\u0142a, \u017ceby na moim \u015bniegu by\u0142y te\u017c koniki i...,\u201c \u2013 nie zd\u0105\u017cy\u0142a doko\u0144czy\u0107, bo przerwa\u0142 jej Maksio, ironicznie m\u00f3wi\u0105c:<\/p>\n\n\n\n<p>\u201eI kr\u00f3lewna! W takiej sukni z przyczepk\u0105\u201c.<\/p>\n\n\n\n<p>\u201eNo przepraszam! Dlaczego moje kr\u00f3lewny mia\u0142yby mie\u0107 przyczepki jak jaki\u015b traktor?\u201c \u2013 rozgniewa\u0142a si\u0119 Majka.<\/p>\n\n\n\n<p>\u201eMajko, przyczepki maj\u0105 traktory i kr\u00f3lewny\u201c \u2013 stara\u0142 si\u0119 j\u0105 udobrucha\u0107 Maksio.<\/p>\n\n\n\n<p>\u201eMo\u017ce gdzie\u015b w swoich zamkach, bo przy sukniach maj\u0105 treny?\u201c \u2013 pouczy\u0142a go Majka, kt\u00f3ra wci\u0105\u017c co\u015b rysowa\u0142a na swojej kartce.<\/p>\n\n\n\n<p>\u201eTak nazywa si\u0119 ten d\u0142ugi kawa\u0142ek materia\u0142u, kt\u00f3ry rozwiewa si\u0119 na wietrze, gdy kr\u00f3lewny je\u017cd\u017c\u0105 na koniach lub ci\u0105gnie si\u0119 za nimi, gdy id\u0105 do \u015blubu\u201c \u2013 t\u0142umaczy\u0142a bratu Majka z wypiekami na twarzy.<\/p>\n\n\n\n<p>\u201eCzyli to jest przyczepka\u201c \u2013 nie dawa\u0142 za wygran\u0105 Maksio.<\/p>\n\n\n\n<p>\u201eNo to chc\u0119 te\u017c przyczepk\u0119\u201c \u2013 powiedzia\u0142a ugodowo Majka i oboje pochylili si\u0119 nad kartkami, wzi\u0119li w r\u0119ce p\u0119dzle i farby.<\/p>\n\n\n\n<p>\u201eCa\u0142kiem dobrze ci idzie\u201c \u2013 stwierdzi\u0142 Maksio, zerkaj\u0105c przez rami\u0119 Majce.<\/p>\n\n\n\n<p>\u201eTobie te\u017c\u201c \u2013 odpowiedzia\u0142a Majka.<\/p>\n\n\n\n<p>\u201eMajko...,\u201c \u2013 zagadn\u0105\u0142 Maksio, kt\u00f3ry przesta\u0142 szkicowa\u0107.<\/p>\n\n\n\n<p>Majka jednak nawet nie zauwa\u017cy\u0142a, \u017ce brat ju\u017c nie rysowa\u0142 ani nie malowa\u0142.<\/p>\n\n\n\n<p>\u201eMam pomys\u0142\u201c \u2013 powiedzia\u0142 Maksio, patrz\u0105c na figlo-miglski krajobraz.<\/p>\n\n\n\n<p>\u201eS\u0142ucham\u201c \u2013 powiedzia\u0142a Majka, nie przestaj\u0105c szkicowa\u0107.<\/p>\n\n\n\n<p>\u201eA mo\u017ce pomalowaliby\u015bmy nasz pok\u00f3j?\u201c \u2013 rzuci\u0142 Maksio.<\/p>\n\n\n\n<p>\u201eWiesz przecie\u017c, \u017ce bez zgody rodzic\u00f3w nie mo\u017cemy\u201c \u2013 powiedzia\u0142a Majka, stukaj\u0105c Maksia w czo\u0142o, bo pomy\u015bla\u0142a, \u017ce wypad\u0142o mu z g\u0142owy wszystko, co powinien pami\u0119ta\u0107.<\/p>\n\n\n\n<p>\u201eWiem o tym, ale pami\u0119tasz, co wczoraj wieczorem powiedzia\u0142a nam mama?\u201c \u2013 spyta\u0142 ch\u0142opiec.<\/p>\n\n\n\n<p>\u201eTa \u015bciana, dzieci, jest wasza\u201c \u2013 przypomnia\u0142a Majka i rozb\u0142ys\u0142y jej oczy.<\/p>\n\n\n\n<p>\u201eTu mo\u017cecie sobie malowa\u0107 jak chcecie i kiedy chcecie\u201c \u2013 doda\u0142 Maksio i ju\u017c obojgu za\u015bwieci\u0142y si\u0119 oczy.<\/p>\n\n\n\n<p>\u201eA inne \u015bciany zostan\u0105 czyste\u201c \u2013 doko\u0144czyli oboje.<\/p>\n\n\n\n<p>\u201eNo i co ty na to?\u201c \u2013 nie przestawa\u0142 prowokowa\u0107 Maksio, kt\u00f3remu zacz\u0119\u0142y dziwnie dr\u017ce\u0107 k\u0105ciki ust.<\/p>\n\n\n\n<p>\u201ePowinni\u015bmy skorzysta\u0107 z tej propozycji\u201c \u2013 stwierdzi\u0142a Majka, po czym od\u0142o\u017cy\u0142a o\u0142\u00f3wki i spojrza\u0142a na \u015bcian\u0119.<\/p>\n\n\n\n<p>\u201eAle... czy ty ju\u017c kiedy\u015b malowa\u0142a\u015b \u015bcian\u0119?\u201c \u2013 zapyta\u0142 Maksio.<\/p>\n\n\n\n<p>\u201eJeszcze nie. Przecie\u017c wiesz, \u017ce \u015bcian, a zw\u0142aszcza w mieszkaniu lub budynku nie maluje si\u0119 ot tak sobie\u201c \u2013 odpowiedzia\u0142a dziewczynka.<\/p>\n\n\n\n<p>\u201eS\u0105dz\u0119, \u017ce to chyba b\u0119dzie tak samo, jakby\u015bmy malowali na papierze\u201c \u2013 powiedzia\u0142 Maksio, g\u0142adz\u0105c r\u0119k\u0105 czyst\u0105 \u015bcian\u0119.<\/p>\n\n\n\n<p>Maksio wzi\u0105\u0142 swoje akwarele i zacz\u0105\u0142 nimi malowa\u0107 na \u015bcianie.<\/p>\n\n\n\n<p>\u201ePrzesta\u0144!\u201c \u2013 krzykn\u0119\u0142a Majka.<\/p>\n\n\n\n<p>\u201eCo si\u0119 dzieje?\u201c \u2013 przestraszy\u0142 si\u0119 Maksio.<\/p>\n\n\n\n<p>\u201eSp\u00f3jrz na to!\u201c \u2013 powiedzia\u0142a Majka.<\/p>\n\n\n\n<p>Maksio spojrza\u0142 na \u015bcian\u0119 i o ma\u0142o si\u0119 nie rozp\u0142aka\u0142.<\/p>\n\n\n\n<p>\u201eTo si\u0119 mamie nie spodoba\u201c \u2013 wyszepta\u0142.<\/p>\n\n\n\n<p>\u201eMama wprawdzie powiedzia\u0142a nam, \u017ce mo\u017cemy tam malowa\u0107 wszystko\u201c \u2013 powiedzia\u0142a Majka.<\/p>\n\n\n\n<p>\u201eTo prawda\u201c \u2013 uspokoi\u0142 si\u0119 troch\u0119 Maksio.<\/p>\n\n\n\n<p>\u201eAle to nawet mnie si\u0119 nie podoba\u201c \u2013 powiedzia\u0142a bu\u0144czucznie do brata Majka i doda\u0142a: \u201ePowinni\u015bmy, gdzie\u015b sprawdzi\u0107, jak maluje si\u0119 \u015bciany\u201c.<\/p>\n\n\n\n<p>Kiedy tak rozmy\u015blali, za ich plecami niespodziewanie odezwa\u0142 si\u0119 g\u0142os:<\/p>\n\n\n\n<p>\u201eSztuka nowoczesna, hmmmmmm\u201c.<\/p>\n\n\n\n<p>Dzieci obr\u00f3ci\u0142y si\u0119 i zobaczy\u0142y, \u017ce na za\u015bnie\u017conym parapecie siedzia\u0142 ich kolega \u2013 duch Kaszko.<\/p>\n\n\n\n<p>\u201eTo mia\u0142 by\u0107 konik\u201c \u2013 wyszepta\u0142 ze wstydem Maksio.<\/p>\n\n\n\n<p>\u201eA na nim kr\u00f3lewna i...,\u201c \u2013 doda\u0142a smutno Majka, patrz\u0105c na zlewaj\u0105ce si\u0119 kolory.<\/p>\n\n\n\n<p>\u201eJasne. A czemu tak malowali\u015bcie?\u201c \u2013 spyta\u0142 Kaszko.<\/p>\n\n\n\n<p>\u201eA jak mieli\u015bmy malowa\u0107?\u201c \u2013 zapyta\u0142y dzieci.<\/p>\n\n\n\n<p>\u201eNa \u015bcian\u0119 najlepiej nadaj\u0105 si\u0119 freski\u201c \u2013 odpar\u0142 duch.<\/p>\n\n\n\n<p>\u201eTego na pewno nigdy bym nie zrobi\u0142a\u201c \u2013 o\u015bwiadczy\u0142a Majka.<\/p>\n\n\n\n<p>\u201eCo masz przeciwko?\u201c \u2013 zapyta\u0142 Kaszko.<\/p>\n\n\n\n<p>\u201eNigdy \u017cadnej \u015bciany nie malowa\u0142abym \u017cadnym zwierz\u0105tkiem\u201c \u2013 zdecydowanie powiedzia\u0142a Majka.<\/p>\n\n\n\n<p>\u201eCooo?\u201c \u2013 zdziwi\u0142 si\u0119 Kaszko.<\/p>\n\n\n\n<p>\u201eNawet fretkami\u201c \u2013 twardo obstawa\u0142a przy swoim Majka.<\/p>\n\n\n\n<p>\u201eChodzi o freski\u201c \u2013 wyja\u015bni\u0142 Kaszko.<\/p>\n\n\n\n<p>\u201eA co to jest?\u201c \u2013 zapyta\u0142y dzieci.<\/p>\n\n\n\n<p>\u201eFresk to takie malowid\u0142o, jakie mo\u017cna zobaczy\u0107 na \u015bcianach starych ko\u015bcio\u0142\u00f3w\u201c \u2013 t\u0142umaczy\u0142 Kaszko.<\/p>\n\n\n\n<p>\u201eJasne, widzieli\u015bmy...\u201c \u2013 powiedzia\u0142y dzieci.<\/p>\n\n\n\n<p>\u201eAle maluje si\u0119 je wprost na \u015bcianach, prawda?\u201c \u2013 zauwa\u017cy\u0142a Majka.<\/p>\n\n\n\n<p>\u201eFreski powstaj\u0105 tak, \u017ce najpierw nak\u0142ada si\u0119 wilgotny tynk\u201c \u2013 opowiada\u0142 Kaszko.<\/p>\n\n\n\n<p>\u201eCo?\u201c \u2013 zdumia\u0142 si\u0119 Maksio.<\/p>\n\n\n\n<p>\u201eNo to, co tworzy powierzchni\u0119 \u015bciany\u201c \u2013 powiedzia\u0142 duch.<\/p>\n\n\n\n<p>\u201eJasne \u2013 tynk\u201c \u2013 kiwn\u0119\u0142y g\u0142owami dzieci.<\/p>\n\n\n\n<p>\u201eA kiedy jest wilgotny, to specjalnymi farbami na nim si\u0119 maluje\u201c \u2013 dalej t\u0142umaczy\u0142 im Kaszko.<\/p>\n\n\n\n<p>\u201eA czemu musi by\u0107 mokry?\u201c \u2013 zapyta\u0142a Majka, bo Maksio wstydzi\u0142 si\u0119 przyzna\u0107, \u017ce tego nie wie.<\/p>\n\n\n\n<p>\u201eBo ta farba wsi\u0105ka w tynk\u201c \u2013 odpowiedzia\u0142 Kaszko i stukn\u0105\u0142 w \u015bcian\u0119 z rozp\u0142ywaj\u0105c\u0105 si\u0119 farb\u0105.<\/p>\n\n\n\n<p>\u201eJak w g\u0105bk\u0119\u201c \u2013 powiedzia\u0142a Majka, bo ju\u017c zrozumia\u0142a.<\/p>\n\n\n\n<p>\u201eI zostanie tam na d\u0142u\u017cej\u201c \u2013 potwierdzi\u0142 Kaszko.<\/p>\n\n\n\n<p>\u201ePrzede wszystkim nie rozleje si\u0119 na \u015bcianie\u201c \u2013 westchn\u0105\u0142 Maksio.<\/p>\n\n\n\n<p>\u201eW\u0142a\u015bnie tak, drodzy przyjaciele\u201c \u2013 potwierdzi\u0142 Kaszko.<\/p>\n\n\n\n<p>\u201eAle gdzie mo\u017cemy si\u0119 nauczy\u0107 malowa\u0107 takie freski?\u201c \u2013 zapyta\u0142a Majka, bezradnie rozk\u0142adaj\u0105c r\u0119ce.<\/p>\n\n\n\n<p>\u201eNo przecie\u017c na Gemerze\u201c \u2013 odpowiedzia\u0142 Kaszko.<\/p>\n\n\n\n<p>\u201eGdzie?\u201c \u2013 dzieci nadstawi\u0142y uszu.<\/p>\n\n\n\n<p>\u201eNa Gemerze\u201c \u2013 powoli powt\u00f3rzy\u0142 Kaszko.<\/p>\n\n\n\n<p>\u201eA co to jest?\u201c \u2013 dalej dopytywa\u0142y si\u0119 dzieci.<\/p>\n\n\n\n<p>\u201eTo jest cz\u0119\u015b\u0107 krainy Figle-Migle\u201c \u2013 zacz\u0105\u0142 wyk\u0142ad Kaszko.<\/p>\n\n\n\n<p>\u201eAha\u201c \u2013 przytakn\u0119\u0142y dzieci.<\/p>\n\n\n\n<p>\u201eKo\u0142o miasteczka Ro\u017e\u0148ava\u2026\u201c \u2013 Kaszko stara\u0142 si\u0119 przybli\u017cy\u0107 dzieciom miejsce, gdzie znajduje si\u0119 Gemer,<\/p>\n\n\n\n<p>\u201eWiemy, gdzie jest Ro\u017e\u0148ava!\u201c \u2013 wykrzykn\u0119\u0142y ucieszone dzieci, zachwycone, \u017ce zbli\u017caj\u0105 si\u0119 ich lekcje malowania fresk\u00f3w.<\/p>\n\n\n\n<p>\u201eJest tam kilka starych ko\u015bci\u00f3\u0142k\u00f3w, z kt\u00f3rych wi\u0119kszo\u015b\u0107 jest w zimie zamkni\u0119ta i wtedy dzia\u0142a tam tajna wy\u017csza szko\u0142a sztuk umys\u0142owych i duchowych\u201c \u2013 oznajmi\u0142 Kaszko.<\/p>\n\n\n\n<p>\u201eNaprawd\u0119?\u201c \u2013 zdumia\u0142a si\u0119 Majka.<\/p>\n\n\n\n<p>\u201eChcecie tam zajrze\u0107?\u201c \u2013 niby mimochodem rzuci\u0142 Kaszko, kt\u00f3ry doskonale wiedzia\u0142, jaka b\u0119dzie reakcja.<\/p>\n\n\n\n<p>\u201eOczywi\u015bcie!\u201c \u2013 zawo\u0142a\u0142y zachwycone dzieci.<\/p>\n\n\n\n<p>\u201eWybierzcie sobie ko\u015bci\u00f3\u0142ek, kt\u00f3ry si\u0119 wam najbardziej podoba i mo\u017cecie tam do\u0142\u0105czy\u0107 do moich koleg\u00f3w-uczni\u00f3w\u201c \u2013 poleci\u0142 im Kaszko.<\/p>\n\n\n\n<p>Maksio z Majk\u0105 wsiedli do autobusu, kt\u00f3ry zawi\u00f3z\u0142 ich do miejscowo\u015bci zaznaczonej przez Kaszk\u0119 na mapie jako pierwsza. Nazywa\u0142a si\u0119 Koce\u013eovce.<\/p>\n\n\n\n<p>Koce\u013eovce.<\/p>\n\n\n\n<p>Po przybyciu do tej wsi dzieci wesz\u0142y na ma\u0142y pag\u00f3rek, na kt\u00f3rym sta\u0142 \u015bliczny ko\u015bci\u00f3\u0142ek. Po drodze Kaszko im opowiada\u0142, \u017ce wszystkie te ko\u015bci\u00f3\u0142ki stoj\u0105 tu ju\u017c od ponad 600 lat, a niekt\u00f3re od ponad 700. I freski, kt\u00f3re w nich s\u0105, maj\u0105 tyle samo lat.<\/p>\n\n\n\n<p>\u201eI wci\u0105\u017c tam s\u0105?\u201c \u2013 dopytywa\u0142a si\u0119 Majka.<\/p>\n\n\n\n<p>\u201eWci\u0105\u017c, cho\u0107 niekt\u00f3re zniszczone\u201c \u2013 powiedzia\u0142 ze smutkiem Kaszko.<\/p>\n\n\n\n<p>\u201eKto m\u00f3g\u0142 zniszczy\u0107 takie pi\u0119kne malowid\u0142a?\u201c \u2013 zdziwi\u0142y si\u0119 dzieci.<\/p>\n\n\n\n<p>\u201eBy\u0142 taki czas, nie tylko w Figlach-Miglach, ale w ca\u0142ej Europie, kiedy ko\u015bcio\u0142y dosta\u0142y si\u0119 w r\u0119ce ludzi, kt\u00f3rzy stwierdzili, \u017ce nie powinno by\u0107 w nich malowide\u0142\u201c \u2013 wyja\u015bni\u0142 Kaszko.<\/p>\n\n\n\n<p>\u201eNaprawd\u0119?\u201c \u2013 spyta\u0142a Majka, kt\u00f3ra nie mog\u0142a sobie wyobrazi\u0107 ko\u015bcio\u0142a bez \u017cadnych malowide\u0142.<\/p>\n\n\n\n<p>\u201eZacz\u0119li je zamalowywa\u0107 lub niszczy\u0107\u201c \u2013 ci\u0105gn\u0105\u0142 dalej Kaszko.<\/p>\n\n\n\n<p>\u201eNigdy bym tego nie zrobi\u0142a!\u201c \u2013 stwierdzi\u0142a stanowczo Majka.<\/p>\n\n\n\n<p>\u201eWchodzimy do \u015brodka!\u201c \u2013 zarz\u0105dzi\u0142 Kaszko.<\/p>\n\n\n\n<p>\u201eA mamy klucz?\u201c \u2013 zapyta\u0142y dzieci.<\/p>\n\n\n\n<p>\u201eMy nie, ale moja przyjaci\u00f3\u0142ka Wiktoria ma!\u201c \u2013 o\u015bwiadczy\u0142 Kaszko, a nast\u0119pnie co\u015b wymamrota\u0142 i pojawi\u0142a si\u0119 przy nim dziewczyna-duch ubrana niczym z bajki.<\/p>\n\n\n\n<p>\u201eKaszko!\u201c \u2013 ucieszy\u0142a si\u0119 i obj\u0119\u0142a go Wiktoria.<\/p>\n\n\n\n<p>\u201eWiktoria!\u201c \u2013 krzykn\u0105\u0142 Kaszko.<\/p>\n\n\n\n<p>\u201eW ko\u0144cu postanowi\u0142e\u015b nauczy\u0107 si\u0119 malowa\u0107?\u201c \u2013 zapyta\u0142a dziewczyna.<\/p>\n\n\n\n<p>\u201eJa nie, ale moi przyjaciele owszem\u201c \u2013 odpowiedzia\u0142 Kaszko, wskazuj\u0105c na Maksia i Majk\u0119.<\/p>\n\n\n\n<p>\u201eLudzkie dzieci?\u201c \u2013 dziwi\u0142a si\u0119 Wiktoria, bo nie mia\u0142a poj\u0119cia, \u017ce Maksio i Majka j\u0105 widz\u0105.<\/p>\n\n\n\n<p>\u201eOni nas widz\u0105\u201c \u2013 szepn\u0105\u0142 jej Kaszko i dziewczyna wytrzeszczy\u0142a oczy.<\/p>\n\n\n\n<p>\u201eWiesz, \u017ce to jest szko\u0142a wy\u0142\u0105cznie dla duch\u00f3w\u201c \u2013 przypomnia\u0142a Wiktoria.<\/p>\n\n\n\n<p>\u201eWiem, ale oni s\u0105 bardzo dobrzy\u201c \u2013 u\u015bmiechaj\u0105c si\u0119 odpowiedzia\u0142 Kaszko.<\/p>\n\n\n\n<p>Majka z Maksiem zrobili oczy prosz\u0105cego psa i Wiktoria zaszcz\u0119ka\u0142a ogromnym kluczem w drzwiach ko\u015bci\u00f3\u0142ka. Przed dzie\u0107mi otworzy\u0142a si\u0119 ma\u0142a, lecz przepi\u0119kna galeria.<\/p>\n\n\n\n<p>\u201eCo to jest?\u201c \u2013 spyta\u0142 Maksio.<\/p>\n\n\n\n<p>\u201eWitajcie w ko\u015bci\u00f3\u0142ku w Koce\u013eovcach\u201c \u2013 zaszczebiota\u0142a Wiktoria.<\/p>\n\n\n\n<p>Pod freskami w ko\u015bci\u00f3\u0142ku siedzia\u0142o sporo duch\u00f3w i uczy\u0142o si\u0119 malowa\u0107. Wiktoria wskaza\u0142a na \u015bciany i powiedzia\u0142a:<\/p>\n\n\n\n<p>\u201eTe freski przyjechali tu namalowa\u0107 w\u0142oscy mistrzowie\u201c.<\/p>\n\n\n\n<p>\u201eA\u017c z W\u0142och?\u201c \u2013 nie wierzy\u0142a w\u0142asnym uszom Majka.<\/p>\n\n\n\n<p>\u201eKiedy\u015b Ro\u017e\u0148ava i ca\u0142a ta okolica by\u0142y bardzo bogate\u201c \u2013 wtr\u0105ci\u0142 si\u0119 Kaszko.<\/p>\n\n\n\n<p>\u201eA dlaczego ju\u017c nie s\u0105?\u201c \u2013 zapyta\u0142a z zainteresowaniem Majka.<\/p>\n\n\n\n<p>\u201eWydobywano tu rudy \u017celaza, srebra i z\u0142ota\u201c \u2013 wyja\u015bni\u0142 Kaszko.<\/p>\n\n\n\n<p>\u201eNo i\u2026\u201c \u2013 dopytywa\u0142a Majka, kt\u00f3ra wraz z bratem podziwia\u0142a freski.<\/p>\n\n\n\n<p>\u201eA poniewa\u017c to, co wydobyto, eksportowano do ca\u0142ej Europy, to tutejsi mieszka\u0144cy mogli sobie pozwoli\u0107 na zapraszanie najlepszych mistrz\u00f3w\u201c \u2013 ci\u0105gn\u0105\u0142 dalej Kaszko.<\/p>\n\n\n\n<p>\u201eA freski najpierw tworzono w staro\u017cytnej Grecji, a potem w Rzymie, czyli we W\u0142oszech\u201c \u2013 doda\u0142a Wiktoria.<\/p>\n\n\n\n<p>\u201eA teraz uczymy tego nasze ma\u0142e duchy\u201c \u2013 powiedzia\u0142a wskazuj\u0105c na duch\u00f3w-uczni\u00f3w.<\/p>\n\n\n\n<p>\u201eA do czego jest im to potrzebne?\u201c \u2013 zapytali zdziwieni Maksio z Majk\u0105.<\/p>\n\n\n\n<p>\u201e\u017beby podszeptywali restauratorom, jak maj\u0105 odrestaurowywa\u0107 freski\u201c \u2013 wyja\u015bni\u0142a Wiktoria.<\/p>\n\n\n\n<p>\u201eAhaaa!\u201c \u2013 krzykn\u0105\u0142 Kaszko uradowany, \u017ce dowiedzia\u0142 si\u0119 czego\u015b nowego.<\/p>\n\n\n\n<p>Maksio z Majk\u0105 chodzili po ko\u015bci\u00f3\u0142ku. Podziwiali przepi\u0119kne sklepienie, kt\u00f3re wygl\u0105da\u0142o ba\u015bniowo i malowid\u0142a, czyli freski, na \u015bcianach, kt\u00f3re sprawia\u0142y wra\u017cenie, \u017ce za chwil\u0119 o\u017cyj\u0105.<\/p>\n\n\n\n<p>\u201eAle pi\u0119kne\u201c \u2013 wyszepta\u0142a Majka.<\/p>\n\n\n\n<p>\u201ePrzepi\u0119kne\u201c \u2013 przytakn\u0105\u0142 Maksio.<\/p>\n\n\n\n<p>\u201ePodoba si\u0119 wam tu?\u201c \u2013 zapyta\u0142a po chwili Wiktoria.<\/p>\n\n\n\n<p>\u201ePodoba... A kim s\u0105 ci restauratorzy?\u201c \u2013 zapyta\u0142a j\u0105 Majka, kt\u00f3ra przypomnia\u0142a sobie, \u017ce tego s\u0142owa nie rozumie.<\/p>\n\n\n\n<p>\u201eChod\u017acie, zabior\u0119 was w pewne miejsce, gdzie mo\u017cecie zobaczy\u0107 ich prac\u0119\u201c \u2013 powiedzia\u0142a Wiktoria.<\/p>\n\n\n\n<p>\u201eGdzie?\u201c \u2013 zapyta\u0142y dzieci, kt\u00f3rym \u017cal by\u0142o opuszcza\u0107 ten prze\u015bliczny ko\u015bci\u00f3\u0142ek \u2013 galeri\u0119.<\/p>\n\n\n\n<p>\u201eDo Ple\u0161ivca\u201c \u2013 powiedzia\u0142a Wiktoria, otworzy\u0142a drzwi ko\u015bci\u00f3\u0142ka i poszybowa\u0142a w g\u00f3r\u0119.<\/p>\n\n\n\n<p>Kaszko postanowi\u0142, \u017ce nie b\u0119d\u0105 czeka\u0107 na autobus, lecz u\u017cyje swoich czarodziejskich ro\u015blin i polec\u0105. W ten spos\u00f3b dzieci ju\u017c po paru sekundach znalaz\u0142y si\u0119 ma\u0142ym miasteczku zwanym Ple\u0161ivec. Sta\u0142y przed ko\u015bci\u00f3\u0142kiem bardzo podobnym do tego w Koce\u013eovcach.<\/p>\n\n\n\n<p>\u201eWiecie, z zewn\u0105trz te ko\u015bci\u00f3\u0142ki wygl\u0105daj\u0105 podobnie, bo budowano je w tym samym czasie, musia\u0142y mie\u0107 jedn\u0105 naw\u0119...\u201c \u2013 powiedzia\u0142 Kaszko.<\/p>\n\n\n\n<p>\u201eNaw\u0119?\u201c \u2013 Majka z Maksiem spojrzeli na siebie, bo nie znali tego s\u0142owa.<\/p>\n\n\n\n<p>\u201eNo, to jest ta cz\u0119\u015b\u0107 ko\u015bcio\u0142a, w kt\u00f3rej s\u0105 \u0142awki i gromadz\u0105 si\u0119 ludzie\u201c \u2013 wyja\u015bni\u0142 im Kaszko.<\/p>\n\n\n\n<p>\u201eAha, czyli to jest nawa\u201c \u2013 zrozumia\u0142y dzieci.<\/p>\n\n\n\n<p>\u201eW niekt\u00f3rych du\u017cych ko\u015bcio\u0142ach bywaj\u0105 trzy nawy\u201c \u2013 doda\u0142 duszek.<\/p>\n\n\n\n<p>\u201eHmm\u201c \u2013 u\u015bmiechn\u0105\u0142 si\u0119 Maksio, wyobra\u017caj\u0105c sobie taki ko\u015bci\u00f3\u0142.<\/p>\n\n\n\n<p>Weszli do ko\u015bci\u00f3\u0142ka, kt\u00f3ry znowu im otworzy\u0142a Wiktoria \u2013 naczelna klucznica gemerskich gotyckich ko\u015bci\u00f3\u0142k\u00f3w dla m\u0142odych duch\u00f3w-artyst\u00f3w, jak dowiedzia\u0142y si\u0119 dzieci podczas lotu.<\/p>\n\n\n\n<p>\u201eAle przecie\u017c tu kto\u015b zniszczy\u0142 te freski!\u201c \u2013 wykrzykn\u0119\u0142a Majka.<\/p>\n\n\n\n<p>\u201eTu je kto\u015b naprawi\u0142\u201c \u2013 poprawi\u0142a j\u0105 Wiktoria.<\/p>\n\n\n\n<p>\u201eAle przecie\u017c nie s\u0105 naprawione, lecz zniszczone\u201c \u2013 wtr\u0105ci\u0142 si\u0119 Kaszko.<\/p>\n\n\n\n<p>\u201eTe freski kto\u015b zniszczy\u0142 przed wieloma laty\u201c \u2013 wyja\u015bni\u0142a Wiktoria.<\/p>\n\n\n\n<p>\u201eA czemu ich ca\u0142ych nie naprawicie?\u201c \u2013 dopytywa\u0142 si\u0119 Maksio.<\/p>\n\n\n\n<p>\u201ePrzecie\u017c s\u0105 ju\u017c prawie ca\u0142e naprawione\u201c \u2013 powiedzia\u0142a Wiktoria g\u0142adz\u0105c r\u0119k\u0105 \u015bciany, bo jej delikatna r\u0105czka nie mog\u0142a uszkodzi\u0107 tych malowide\u0142, czyli fresk\u00f3w.<\/p>\n\n\n\n<p>\u201eWidz\u0119 przecie\u017c, \u017ce niekt\u00f3re postacie nie s\u0105 ca\u0142e\u201c \u2013 grzecznie zwr\u00f3ci\u0142a uwag\u0119 Majka.<\/p>\n\n\n\n<p>\u201eBo restaurator nie wie, jak wygl\u0105da\u0142y. Nie mo\u017ce domalowa\u0107 ca\u0142ej postaci, je\u015bli nie wie, jak wygl\u0105da\u0142a, w co by\u0142a ubrana i\u2026\u201c \u2013 t\u0142umaczy\u0142a Wiktoria.<\/p>\n\n\n\n<p>\u201eAha, czyli naprawia tylko to, co wida\u0107?\u201c \u2013 zapyta\u0142y dzieci.<\/p>\n\n\n\n<p>\u201eI to, co jest oczywiste\u201c \u2013 uzupe\u0142ni\u0142a Wiktoria.<\/p>\n\n\n\n<p>\u201eHmm, to ma sens\u201c \u2013 pomy\u015bla\u0142 Maksio.<\/p>\n\n\n\n<p>\u201eCzasami korzysta z zachowanych fotografii lub szkic\u00f3w fresk\u00f3w, ale rzadko tak si\u0119 zdarza\u201c \u2013 wyja\u015bnia\u0142a Wiktoria, a Kaszko w tym czasie lata\u0142 po ko\u015bci\u00f3\u0142ku i studiowa\u0142 freski na sklepieniu.<\/p>\n\n\n\n<p>Kaszko i Wiktoria pokazali dzieciom, jak restaurowano freski w Ple\u0161ivcu, a Wiktoria zaprosi\u0142a je do najwi\u0119kszej pracowni malarskiej, czyli ko\u015bci\u00f3\u0142ka w Ochtinej.<\/p>\n\n\n\n<p>Jeszcze nie zd\u0105\u017cy\u0142a tego do ko\u0144ca powiedzie\u0107, a ju\u017c lecieli. Gdy tylko znale\u017ali si\u0119 przy przepi\u0119knym ko\u015bci\u00f3\u0142ku w ma\u0142ej wiosce Ochtin\u00e1, weszli do niego i usiedli mi\u0119dzy malarzami\u2013duchami.<\/p>\n\n\n\n<p>\u201eWybierzcie sobie posta\u0107 i postarajcie si\u0119 j\u0105 namalowa\u0107 na swojej kartce. Potem naucz\u0119 was, jak j\u0105 namalowa\u0107 na \u015bcianie\u201c \u2013 szeptem powiedzia\u0142a Wiktoria, by nie przeszkadza\u0107 innym artystom w pracy.<\/p>\n\n\n\n<p>Maksio z Majk\u0105 nie mogli si\u0119 zdecydowa\u0107. Otacza\u0142y ich malowid\u0142a, kt\u00f3re przedstawia\u0142y histori\u0119 Wielkiej Nocy. Oczywi\u015bcie nie by\u0142o na nich \u015bmigusa-dyngusa, lecz Ogr\u00f3d Oliwny, Poca\u0142unek Judasza i Droga krzy\u017cowa. I chocia\u017c by\u0142a zima, dzieci ju\u017c zacz\u0119\u0142y si\u0119 cieszy\u0107, \u017ce nadejdzie Wielkanoc.<\/p>\n\n\n\n<p>Wtedy to zobaczy\u0142y.<\/p>\n\n\n\n<p>\u201eA to co?\u201c \u2013 oboje naraz otworzyli usta.<\/p>\n\n\n\n<p>\u201eCo?\u201c \u2013 zapyta\u0142a Wiktoria.<\/p>\n\n\n\n<p>\u201eTa tr\u00f3jg\u0142owa posta\u0107\u201c \u2013 odpowiedzieli, wskazuj\u0105c fresk, na kt\u00f3rym by\u0142a posta\u0107 z trzema twarzami na jednej g\u0142owie.<\/p>\n\n\n\n<p>\u201eTo jeden z najpi\u0119kniejszych fresk\u00f3w w krainie Figle-Migle\u201c \u2013 rozmarzy\u0142a si\u0119 Wiktoria.<\/p>\n\n\n\n<p>\u201eAle co to jest?\u201c \u2013 dopytywali si\u0119 wpatrzeni w malowid\u0142o Majka i Maksio.<\/p>\n\n\n\n<p>\u201eJak my\u015blicie?\u201c \u2013 egzaminowa\u0142 ich Kaszko.<\/p>\n\n\n\n<p>\u201eTr\u00f3jg\u0142owiec pospolity?\u201c \u2013 zaryzykowa\u0142 Maksio.<\/p>\n\n\n\n<p>\u201eJaki\u015b ma\u0142y smok?\u201c \u2013 odpowiedzia\u0142a Majka, widz\u0105c, \u017ce Wiktoria i Kaszko kr\u0119c\u0105 g\u0142owami.<\/p>\n\n\n\n<p>\u201eAlbo\u2026\u201c \u2013 zacz\u0105\u0142 Maksio, ale nic innego ni\u017c inne tr\u00f3jg\u0142owce nie przychodzi\u0142o mu do g\u0142owy.<\/p>\n\n\n\n<p>\u201eTo jest tak zwana Tr\u00f3jca \u015awi\u0119ta\u201c \u2013 powiedzia\u0142a Wiktoria.<\/p>\n\n\n\n<p>\u201eCzyli?\u201c \u2013 dopytywa\u0142a zaciekawiona Majka.<\/p>\n\n\n\n<p>\u201eTo jedna z tajemnic, kt\u00f3rych nie umiemy wyja\u015bni\u0107 nawet my \u2013 duchy. Wiemy jednak, \u017ce to jest g\u0142owa Boga Ojca, ta zapewne Syna, a ta\u2026\u201c \u2013 obja\u015bnia\u0142a spokojnie Wiktoria.<\/p>\n\n\n\n<p>\u201eO matko!\u201c \u2013 wykrzykn\u0119\u0142a Majka.<\/p>\n\n\n\n<p>\u201e\u2026a ta....\u201c \u2013 Wiktoria chcia\u0142a doko\u0144czy\u0107.<\/p>\n\n\n\n<p>\u201eC\u00f3rki?\u201c \u2013 stara\u0142 si\u0119 zapunktowa\u0107 Maksio.<\/p>\n\n\n\n<p>\u201eDucha\u201c \u2013 doko\u0144czy\u0142a Wiktoria.<\/p>\n\n\n\n<p>\u201eAha\u201c \u2013 przytakn\u0119\u0142y dzieci.<\/p>\n\n\n\n<p>Dla Majki i Maksia sta\u0142o si\u0119 jasne, \u017ce b\u0119d\u0105 malowa\u0107 potr\u00f3jn\u0105 g\u0142ow\u0119, konie i dziwne postacie z mieczami oraz ksi\u0105\u017ckami.<\/p>\n\n\n\n<p>\u201eChcia\u0142abym wiedzie\u0107, dlaczego kto\u015b tak to namalowa\u0142 i dlaczego potem kto\u015b to zniszczy\u0142\u201c \u2013powiedzia\u0142a Majka, bo ta my\u015bl nie dawa\u0142a jej spokoju.<\/p>\n\n\n\n<p>\u201eKiedy\u015b dawno ludzie nie umieli czyta\u0107\u201c \u2013 zacz\u0119\u0142a t\u0142umaczy\u0107 Wiktoria i doda\u0142a: \u201eNawet gdyby przed sze\u015bciuset laty zwykli ludzie umieliby czyta\u0107, to nie mieliby co\u201c.<\/p>\n\n\n\n<p>\u201eJak to?\u201c \u2013 nie rozumia\u0142 Maksio.<\/p>\n\n\n\n<p>\u201eKsi\u0105\u017cki pisano r\u0119cznie i by\u0142o ich na \u015bwiecie bardzo ma\u0142o. Na przyk\u0142ad tych najbardziej znanych by\u0142o tylko kilkadziesi\u0105t sztuk\u201c \u2013 wyja\u015bni\u0142 Kaszko.<\/p>\n\n\n\n<p>\u201eTo dopiero!\u201c \u2013 krzykn\u0119\u0142a Majka, kt\u00f3ra wyobrazi\u0142a sobie \u015bwiat bez ksi\u0105\u017cek.<\/p>\n\n\n\n<p>\u201eI dlatego ludzie opowiadali sobie historie\u201c \u2013 ci\u0105gn\u0105\u0142 Kaszko, a dzieci w tym czasie malowa\u0142y i szkicowa\u0142y dziwne ochti\u0144skie postacie na kartkach.<\/p>\n\n\n\n<p>\u201eA\u017ceby mogli sobie te historie przypomnie\u0107\u201c \u2013 kontynuowa\u0142 Kaszko.<\/p>\n\n\n\n<p>\u201eTo rysowali sobie opowie\u015bci jak komiksy\u201c \u2013 doda\u0142a Wiktoria i pochwali\u0142a rysunki dzieci. \u201eMy\u015bl\u0119, \u017ce mo\u017cemy zacz\u0105\u0107 uczy\u0107 si\u0119 malowa\u0107 na \u015bcianie\u201c \u2013 stwierdzi\u0142a.<\/p>\n\n\n\n<p>\u201eNauczymy si\u0119 malowa\u0107 freski!\u201c \u2013 ucieszyli si\u0119 Majka i Maksio.<\/p>\n\n\n\n<p>Wiktoria tylko u\u015bmiechn\u0119\u0142a si\u0119 i wsp\u00f3lnie z innymi duchami nauczy\u0142a Majk\u0119 i Maksia, jak przygotowuje si\u0119 wilgotny tynk, jak zrobi\u0107 farby, jak je miesza\u0107 i jak malowa\u0107 na \u015bwie\u017cym tynku.<\/p>\n\n\n\n<p>Gdy tak malowali nagle z jednego malowid\u0142a wypad\u0142o jab\u0142ko.<\/p>\n\n\n\n<p>\u201eCo to by\u0142o?\u201c \u2013 zaniepokoi\u0142a si\u0119 Wiktoria.<\/p>\n\n\n\n<p>\u201eO\u017cywaj\u0105\u201c \u2013 szepn\u0119\u0142a troch\u0119 wystraszona Majka.<\/p>\n\n\n\n<p>I wtedy sta\u0142o si\u0119 to, czego nikt si\u0119 nie spodziewa\u0142. Te pi\u0119kne malowid\u0142a nad gotyckimi oknami o\u017cy\u0142y \u2013 zacz\u0119\u0142y z nich wylatywa\u0107 or\u0142y i byk. Ze \u015bciany spad\u0142 st\u00f3\u0142, na kt\u00f3rym jedzono Ostatni\u0105 Wieczerz\u0119, w dodatku z chlebem i jakim\u015b kieliszkiem. Postacie wok\u00f3\u0142 te\u017c powoli o\u017cywa\u0142y.<\/p>\n\n\n\n<p>\u201eCo mamy robi\u0107?!\u201c \u2013 krzyczeli uczniowie, a Majka patrzy\u0142a na sw\u00f3j p\u0119dzel.<\/p>\n\n\n\n<p>\u201eZanurzy\u0142a\u015b p\u0119dzel w tej farbie?\u201c \u2013 szybko zapyta\u0142a Wiktoria.<\/p>\n\n\n\n<p>\u201eChyba tak? O co chodzi?\u201c \u2013 odpowiedzia\u0142a Majka, kt\u00f3ra nie mia\u0142a poj\u0119cia, \u017ce co\u015b zepsu\u0142a.<\/p>\n\n\n\n<p>\u201eTo jest magiczna farba, kt\u00f3rej u\u017cywamy tylko wtedy, kiedy uczymy si\u0119 anatomii, \u017ceby wiedzie\u0107, jak wygl\u0105daj\u0105 konie lub ludzie w ruchu\u201c \u2013 powiedzia\u0142a Wiktoria.<\/p>\n\n\n\n<p>\u201eWi\u0119c na chwil\u0119 je o\u017cywiacie?\u201c \u2013 powiedzia\u0142 przera\u017cony Maksio, kt\u00f3ry obserwowa\u0142, jak powoli o\u017cywaj\u0105 postacie w ko\u015bci\u00f3\u0142ku.<\/p>\n\n\n\n<p>\u201eNo w\u0142a\u015bnie\u201c \u2013 potwierdzi\u0142a Wiktoria.<\/p>\n\n\n\n<p class=\"translation-block\">\u201eA jak je odo\u017cywimy?\u201c \u2013 dopytywa\u0142 si\u0119 Kaszko.<\/p>\n\n\n\n<p>\u201eMusimy u\u017cy\u0107 tego\u2026 ale nie wiem!\u201c \u2013 zawaha\u0142a si\u0119 Wiktoria.<\/p>\n\n\n\n<p>\u201eCo si\u0119 sta\u0142o?\u201c \u2013 wyczu\u0142 problem Kaszko.<\/p>\n\n\n\n<p>\u201eMia\u0142am tu magiczny proszek do odo\u017cywiania malowide\u0142\u201c \u2013 powiedzia\u0142a Wiktoria.<\/p>\n\n\n\n<p>\u201eI nie ma go tu?\u201c \u2013 zapyta\u0142a Majka, kt\u00f3ra zacz\u0119\u0142a si\u0119 ba\u0107.<\/p>\n\n\n\n<p>\u201eNie szkodzi \u2013 tu na g\u00f3rze jest pewna magiczna jaskinia\u201c \u2013 powiedzia\u0142a Wiktoria, pokazuj\u0105c przez okienko pobliski szczyt.<\/p>\n\n\n\n<p>\u201eMagiczna?\u201c \u2013 spyta\u0142 szeptem Maksio.<\/p>\n\n\n\n<p>\u201eJest w niej aragonit\u201c \u2013 odpar\u0142a Wiktoria.<\/p>\n\n\n\n<p>\u201eCo w niej jest?\u201c \u2013 zapyta\u0142y dzieci.<\/p>\n\n\n\n<p>\u201eChod\u017acie, nie ma czasu\u201c \u2013 oznajmi\u0142 Kaszko, kiedy zobaczy\u0142, \u017ce ze \u015bciany spad\u0142 kolejny st\u00f3\u0142, a postaciom ju\u017c cieknie \u015blinka na jedzenie.<\/p>\n\n\n\n<p>Wiktoria i Kaszko poprowadzili dzieci w kierunku jaskini. Kiedy Maksio z Majk\u0105 weszli do \u015brodka tajemnym wej\u015bciem, stan\u0119li jak wryci. Nad nimi wisia\u0142y jakie\u015b przecudne srebrne ga\u0142\u0105zki.<\/p>\n\n\n\n<p>\u201eTo jest aragonit. Takich jaski\u0144 jest na \u015bwiecie tylko kilka\u201c \u2013 powiedzia\u0142a Wiktoria, kt\u00f3ra razem z Kaszkiem szuka\u0142a czego\u015b na ziemi.<\/p>\n\n\n\n<p>\u201eJak to kilka?\u201c \u2013 zapyta\u0142a Majka z nieskrywan\u0105 ciekawo\u015bci\u0105.<\/p>\n\n\n\n<p>\u201eMo\u017cna je policzy\u0107 na placach dw\u00f3ch r\u0105k, a jedna jest w\u0142a\u015bnie tutaj\u201c \u2013 wyja\u015bni\u0142a Wiktoria.<\/p>\n\n\n\n<p>\u201eA czego tu szukamy?\u201c \u2013 dopytywa\u0142 Maksio.<\/p>\n\n\n\n<p>Wiktoria schyli\u0142a si\u0119, bo zobaczy\u0142a na ziemi jaki\u015b dziwny proszek.<\/p>\n\n\n\n<p>\u201eTo piasek aragonitowy. Ma magiczn\u0105 moc, ale trzeba go rozmiesza\u0107 z t\u0105 wod\u0105\u201c \u2013 powiedzia\u0142a Wiktoria i zamoczy\u0142a piasek w potoku.<\/p>\n\n\n\n<p>Gdy tylko to zrobi\u0142a, polecieli z powrotem do ko\u015bci\u00f3\u0142ka w Ochtinej, gdzie ju\u017c biega\u0142y konie, a posta\u0107 z trzema twarzami mia\u0142a grymasy na ka\u017cdej z nich.<\/p>\n\n\n\n<p>Wiktoria rozsypa\u0142a piasek w powietrzu i co\u015b sobie szeptali z Kaszkiem.<\/p>\n\n\n\n<p>Wszystkie postacie wr\u00f3ci\u0142y na swoje miejsca w malowid\u0142ach, a Maksio z Majk\u0105 mogli razem z uczniami dalej malowa\u0107.<\/p>\n\n\n\n<p>Wieczorem przed za\u015bni\u0119ciem Maksio z Majk\u0105 szeptali sobie, \u017ce w zimie wybior\u0105 si\u0119 na wycieczk\u0119 do tych ko\u015bci\u00f3\u0142k\u00f3w, \u017ceby je tylko poogl\u0105da\u0107, a w lecie zabior\u0105 tam mam\u0119 i tat\u0119 i p\u00f3jd\u0105 te\u017c do Ochti\u0144skiej Jaskini Aragonitowej.<\/p>\n\n\n\n<p>\u201eAle\u017c to b\u0119dzie wycieczka!\u201c \u2013 ucieszyli si\u0119 oboje.<\/p>\n\n\n\n<p>\u201eA jutro zaczn\u0119 malowa\u0107 freski na naszej \u015bcianie\u201c \u2013 postanowi\u0142 Maksio.<\/p>\n\n\n\n<p>W nocy \u015bni\u0142 si\u0119 im ich pok\u00f3j i \u017ca\u0142owali, \u017ce mog\u0105 ozdobi\u0107 freskami tylko jedn\u0105 \u015bcian\u0119.<\/p>\n\n\n\n<p><\/p>","protected":false},"excerpt":{"rendered":"<p>Majka a Max\u00edk sa jedn\u00e9ho zimn\u00e9ho r\u00e1na rozhodn\u00fa, \u017ee si vyma\u013euj\u00fa stenu vo svojej izbi\u010dke. Ale ke\u010f sa im farby rozte\u010d\u00fa, zavolaj\u00fa na pomoc svojho kamar\u00e1ta ducha Ka\u0161ka. Ten im porad\u00ed, \u017ee najlep\u0161ie ma\u013eby na stenu s\u00fa fresky \u2013 \u0161peci\u00e1lne ma\u013eby, ktor\u00e9 sa ma\u013euj\u00fa na mokr\u00fa omietku.<br \/>\nA tak sa spolu vydaj\u00fa do \u010darovn\u00e9ho kraja Gemer v Haravare, kde sa nach\u00e1dzaj\u00fa kr\u00e1sne star\u00e9 kostol\u00edky pln\u00e9 fresiek. Nav\u0161t\u00edvia dedinky Koce\u013eovce, Ple\u0161ivec a Ochtin\u00e1, kde sa stret\u00e1vaj\u00fa s duchmi-umelcami a nau\u010dia sa, ako sa fresky ma\u013euj\u00fa.<\/p>\n<p>V kostol\u00edkoch obdivuj\u00fa obr\u00e1zky z d\u00e1vnych \u010dias a dokonca aj fresku s trojhlavcom, ktor\u00e1 zobrazuje tajomn\u00fa Sv\u00e4t\u00fa Trojicu. Ke\u010f v\u0161ak Majka omylom pou\u017eije z\u00e1zra\u010dn\u00fa farbu, fresky za\u010dn\u00fa o\u017e\u00edva\u0165! Duchovia a deti musia r\u00fdchlo be\u017ea\u0165 do Ochtinskej aragonitovej jaskyne, kde n\u00e1jdu \u010darovn\u00fd pr\u00e1\u0161ok na \u201eod\u017eivenie\u201c obr\u00e1zkov.<\/p>\n<p>Dobrodru\u017estvo nakoniec dobre dopadne a Majka s Max\u00edkom sa nau\u010dia, \u017ee ma\u013eovanie je ve\u013ek\u00e9 umenie \u2013 a \u017ee aj star\u00e1 omietka vie rozpr\u00e1va\u0165 pr\u00edbehy. A ke\u010f sa vr\u00e1tia domov, u\u017e vedia, ako spr\u00e1vne vyma\u013eova\u0165 svoju stenu.<br \/>\nSpolu nav\u0161t\u00edvia Jahodn\u00fa, kde sa nau\u010dia hra\u0165 discgolf, potom sa presun\u00fa na Alpinku \u2013 miesto pln\u00e9 ihr\u00edsk, lanov\u00fdch parkov a z\u00e1bavy. Zvez\u00fa sa parn\u00fdm vl\u00e1\u010dikom Katka, objavia drezinu, vysk\u00fa\u0161aj\u00fa si Tarzaniu aj indi\u00e1nske t\u00edp\u00ed. Ich dobrodru\u017estvo vrchol\u00ed v botanickej z\u00e1hrade v Ko\u0161iciach, kde v tajnom herb\u00e1ri n\u00e1jdu z\u00e1zra\u010dn\u00fa rastlinku \u2013 vzn\u00e1\u0161ajn\u00ed\u010dek najoby\u010dajnej\u0161\u00ed, ktor\u00fd im umo\u017en\u00ed lieta\u0165.<\/p>\n<p>Hoci na skuto\u010dn\u00e9 Hry duchov nakoniec zaspia, r\u00e1no sa prebudia s medailami za \u00fa\u010das\u0165 \u2013 a s hlavou plnou z\u00e1\u017eitkov z v\u00fdnimo\u010dn\u00e9ho d\u0148a, ktor\u00fd im duchovia pripravili.<\/p>","protected":false},"featured_media":19376,"menu_order":0,"template":"","format":"standard","meta":{"_acf_changed":false,"footnotes":""},"categories":[],"class_list":["post-19229","pribehy","type-pribehy","status-publish","format-standard","has-post-thumbnail","hentry"],"acf":[],"yoast_head":"<!-- This site is optimized with the Yoast SEO Premium plugin v22.7 (Yoast SEO v27.2) - https:\/\/yoast.com\/product\/yoast-seo-premium-wordpress\/ -->\n<title>Ako sa Majka a Max\u00edk u\u010dili ma\u013eova\u0165 - HARAVARA Pr\u00edbehy (rozpr\u00e1vky)<\/title>\n<meta name=\"description\" content=\"V \u010fal\u0161ej rozpr\u00e1vke z krajiny Haravara sa dozviete, \u017ee zvieratk\u00e1 v ZOO sn\u00edvaj\u00fa po\u010das zimy o r\u00f4znych veciach. Ka\u0161ko s de\u0165mi sa im rozhodn\u00fa pom\u00f4c\u0165 splni\u0165 sny: pripravia zvierac\u00ed ples pri Tis\u00edcro\u010dnej kaplnke, rybk\u00e1m splnia sen o \u0161m\u00fdkan\u00ed na d\u00fahe (v skuto\u010dnosti ide o umeleck\u00e9 dielo \u201cD\u00faha, ktor\u00e1 pije vodu\u201d).\" \/>\n<meta name=\"robots\" content=\"index, follow, max-snippet:-1, max-image-preview:large, max-video-preview:-1\" \/>\n<link rel=\"canonical\" href=\"https:\/\/www.haravara.sk\/pl\/pribehy\/ako-sa-majka-a-maxik-ucili-malovat\/\" \/>\n<meta property=\"og:locale\" content=\"pl_PL\" \/>\n<meta property=\"og:type\" content=\"article\" \/>\n<meta property=\"og:title\" content=\"Ako sa Majka a Max\u00edk u\u010dili ma\u013eova\u0165\" \/>\n<meta property=\"og:description\" content=\"V \u010fal\u0161ej rozpr\u00e1vke z krajiny Haravara sa dozviete, \u017ee zvieratk\u00e1 v ZOO sn\u00edvaj\u00fa po\u010das zimy o r\u00f4znych veciach. Ka\u0161ko s de\u0165mi sa im rozhodn\u00fa pom\u00f4c\u0165 splni\u0165 sny: pripravia zvierac\u00ed ples pri Tis\u00edcro\u010dnej kaplnke, rybk\u00e1m splnia sen o \u0161m\u00fdkan\u00ed na d\u00fahe (v skuto\u010dnosti ide o umeleck\u00e9 dielo \u201cD\u00faha, ktor\u00e1 pije vodu\u201d).\" \/>\n<meta property=\"og:url\" content=\"https:\/\/www.haravara.sk\/pl\/pribehy\/ako-sa-majka-a-maxik-ucili-malovat\/\" \/>\n<meta property=\"og:site_name\" content=\"HARAVARA\" \/>\n<meta property=\"article:publisher\" content=\"https:\/\/www.facebook.com\/haravara.detsky.svet\" \/>\n<meta property=\"article:modified_time\" content=\"2025-07-25T20:48:36+00:00\" \/>\n<meta property=\"og:image\" content=\"https:\/\/www.haravara.sk\/wp-content\/uploads\/2022\/07\/Haravara-pribehove-ilustracie-FB-51.png\" \/>\n\t<meta property=\"og:image:width\" content=\"1200\" \/>\n\t<meta property=\"og:image:height\" content=\"628\" \/>\n\t<meta property=\"og:image:type\" content=\"image\/png\" \/>\n<meta name=\"twitter:card\" content=\"summary_large_image\" \/>\n<meta name=\"twitter:description\" content=\"Vonku u\u017e tro\u0161ku mrzlo. R\u00e1no si mamky a ockovia museli \u010disti\u0165 okn\u00e1 na aut\u00e1ch od mraz\u00edku a Ka\u0161ko a ostatn\u00ed duchovia si museli\u2026 vlastne nemuseli ni\u010d. Duchovia toti\u017e nec\u00edtia zimu ani teplo. C\u00edtia to len vtedy, ke\u010f n\u00e1hodou dostan\u00fa nejak\u00fa d\u00fa\u0161iu chorobu.\" \/>\n<meta name=\"twitter:label1\" content=\"Szacowany czas czytania\" \/>\n\t<meta name=\"twitter:data1\" content=\"11 minut\" \/>\n<script type=\"application\/ld+json\" class=\"yoast-schema-graph\">{\"@context\":\"https:\/\/schema.org\",\"@graph\":[{\"@type\":\"WebPage\",\"@id\":\"https:\/\/www.haravara.sk\/pribehy\/ako-sa-majka-a-maxik-ucili-malovat\/\",\"url\":\"https:\/\/www.haravara.sk\/pribehy\/ako-sa-majka-a-maxik-ucili-malovat\/\",\"name\":\"Ako sa Majka a Max\u00edk u\u010dili ma\u013eova\u0165 - HARAVARA Pr\u00edbehy (rozpr\u00e1vky)\",\"isPartOf\":{\"@id\":\"https:\/\/www.haravara.sk\/#website\"},\"primaryImageOfPage\":{\"@id\":\"https:\/\/www.haravara.sk\/pribehy\/ako-sa-majka-a-maxik-ucili-malovat\/#primaryimage\"},\"image\":{\"@id\":\"https:\/\/www.haravara.sk\/pribehy\/ako-sa-majka-a-maxik-ucili-malovat\/#primaryimage\"},\"thumbnailUrl\":\"https:\/\/www.haravara.sk\/wp-content\/uploads\/2022\/07\/Haravara-pribehove-ilustracie-FB-49.png\",\"datePublished\":\"2022-07-06T21:00:25+00:00\",\"dateModified\":\"2025-07-25T20:48:36+00:00\",\"description\":\"V \u010fal\u0161ej rozpr\u00e1vke z krajiny Haravara sa dozviete, \u017ee zvieratk\u00e1 v ZOO sn\u00edvaj\u00fa po\u010das zimy o r\u00f4znych veciach. Ka\u0161ko s de\u0165mi sa im rozhodn\u00fa pom\u00f4c\u0165 splni\u0165 sny: pripravia zvierac\u00ed ples pri Tis\u00edcro\u010dnej kaplnke, rybk\u00e1m splnia sen o \u0161m\u00fdkan\u00ed na d\u00fahe (v skuto\u010dnosti ide o umeleck\u00e9 dielo \u201cD\u00faha, ktor\u00e1 pije vodu\u201d).\",\"breadcrumb\":{\"@id\":\"https:\/\/www.haravara.sk\/pribehy\/ako-sa-majka-a-maxik-ucili-malovat\/#breadcrumb\"},\"inLanguage\":\"pl-PL\",\"potentialAction\":[{\"@type\":\"ReadAction\",\"target\":[\"https:\/\/www.haravara.sk\/pribehy\/ako-sa-majka-a-maxik-ucili-malovat\/\"]}]},{\"@type\":\"ImageObject\",\"inLanguage\":\"pl-PL\",\"@id\":\"https:\/\/www.haravara.sk\/pribehy\/ako-sa-majka-a-maxik-ucili-malovat\/#primaryimage\",\"url\":\"https:\/\/www.haravara.sk\/wp-content\/uploads\/2022\/07\/Haravara-pribehove-ilustracie-FB-49.png\",\"contentUrl\":\"https:\/\/www.haravara.sk\/wp-content\/uploads\/2022\/07\/Haravara-pribehove-ilustracie-FB-49.png\",\"width\":1200,\"height\":628},{\"@type\":\"BreadcrumbList\",\"@id\":\"https:\/\/www.haravara.sk\/pribehy\/ako-sa-majka-a-maxik-ucili-malovat\/#breadcrumb\",\"itemListElement\":[{\"@type\":\"ListItem\",\"position\":1,\"name\":\"Domov\",\"item\":\"https:\/\/www.haravara.sk\/\"},{\"@type\":\"ListItem\",\"position\":2,\"name\":\"Pr\u00edbehy\",\"item\":\"https:\/\/www.haravara.sk\/pribehy\/\"},{\"@type\":\"ListItem\",\"position\":3,\"name\":\"Ako sa Majka a Max\u00edk u\u010dili ma\u013eova\u0165\"}]},{\"@type\":\"WebSite\",\"@id\":\"https:\/\/www.haravara.sk\/#website\",\"url\":\"https:\/\/www.haravara.sk\/\",\"name\":\"HARAVARA\",\"description\":\"Objav detsk\u00fd svet v Ko\u0161ickom kraji\",\"publisher\":{\"@id\":\"https:\/\/www.haravara.sk\/#organization\"},\"potentialAction\":[{\"@type\":\"SearchAction\",\"target\":{\"@type\":\"EntryPoint\",\"urlTemplate\":\"https:\/\/www.haravara.sk\/?s={search_term_string}\"},\"query-input\":{\"@type\":\"PropertyValueSpecification\",\"valueRequired\":true,\"valueName\":\"search_term_string\"}}],\"inLanguage\":\"pl-PL\"},{\"@type\":\"Organization\",\"@id\":\"https:\/\/www.haravara.sk\/#organization\",\"name\":\"Haravara\",\"url\":\"https:\/\/www.haravara.sk\/\",\"logo\":{\"@type\":\"ImageObject\",\"inLanguage\":\"pl-PL\",\"@id\":\"https:\/\/www.haravara.sk\/#\/schema\/logo\/image\/\",\"url\":\"https:\/\/www.haravara.sk\/wp-content\/uploads\/2021\/04\/LOGO-LandingPage.png\",\"contentUrl\":\"https:\/\/www.haravara.sk\/wp-content\/uploads\/2021\/04\/LOGO-LandingPage.png\",\"width\":832,\"height\":618,\"caption\":\"Haravara\"},\"image\":{\"@id\":\"https:\/\/www.haravara.sk\/#\/schema\/logo\/image\/\"},\"sameAs\":[\"https:\/\/www.facebook.com\/haravara.detsky.svet\"]}]}<\/script>\n<!-- \/ Yoast SEO Premium plugin. -->","yoast_head_json":{"title":"Ako sa Majka a Max\u00edk u\u010dili ma\u013eova\u0165 - HARAVARA Pr\u00edbehy (rozpr\u00e1vky)","description":"V \u010fal\u0161ej rozpr\u00e1vke z krajiny Haravara sa dozviete, \u017ee zvieratk\u00e1 v ZOO sn\u00edvaj\u00fa po\u010das zimy o r\u00f4znych veciach. Ka\u0161ko s de\u0165mi sa im rozhodn\u00fa pom\u00f4c\u0165 splni\u0165 sny: pripravia zvierac\u00ed ples pri Tis\u00edcro\u010dnej kaplnke, rybk\u00e1m splnia sen o \u0161m\u00fdkan\u00ed na d\u00fahe (v skuto\u010dnosti ide o umeleck\u00e9 dielo \u201cD\u00faha, ktor\u00e1 pije vodu\u201d).","robots":{"index":"index","follow":"follow","max-snippet":"max-snippet:-1","max-image-preview":"max-image-preview:large","max-video-preview":"max-video-preview:-1"},"canonical":"https:\/\/www.haravara.sk\/pl\/pribehy\/ako-sa-majka-a-maxik-ucili-malovat\/","og_locale":"pl_PL","og_type":"article","og_title":"Ako sa Majka a Max\u00edk u\u010dili ma\u013eova\u0165","og_description":"V \u010fal\u0161ej rozpr\u00e1vke z krajiny Haravara sa dozviete, \u017ee zvieratk\u00e1 v ZOO sn\u00edvaj\u00fa po\u010das zimy o r\u00f4znych veciach. Ka\u0161ko s de\u0165mi sa im rozhodn\u00fa pom\u00f4c\u0165 splni\u0165 sny: pripravia zvierac\u00ed ples pri Tis\u00edcro\u010dnej kaplnke, rybk\u00e1m splnia sen o \u0161m\u00fdkan\u00ed na d\u00fahe (v skuto\u010dnosti ide o umeleck\u00e9 dielo \u201cD\u00faha, ktor\u00e1 pije vodu\u201d).","og_url":"https:\/\/www.haravara.sk\/pl\/pribehy\/ako-sa-majka-a-maxik-ucili-malovat\/","og_site_name":"HARAVARA","article_publisher":"https:\/\/www.facebook.com\/haravara.detsky.svet","article_modified_time":"2025-07-25T20:48:36+00:00","og_image":[{"width":1200,"height":628,"url":"https:\/\/www.haravara.sk\/wp-content\/uploads\/2022\/07\/Haravara-pribehove-ilustracie-FB-51.png","type":"image\/png"}],"twitter_card":"summary_large_image","twitter_description":"Vonku u\u017e tro\u0161ku mrzlo. R\u00e1no si mamky a ockovia museli \u010disti\u0165 okn\u00e1 na aut\u00e1ch od mraz\u00edku a Ka\u0161ko a ostatn\u00ed duchovia si museli\u2026 vlastne nemuseli ni\u010d. Duchovia toti\u017e nec\u00edtia zimu ani teplo. C\u00edtia to len vtedy, ke\u010f n\u00e1hodou dostan\u00fa nejak\u00fa d\u00fa\u0161iu chorobu.","twitter_misc":{"Szacowany czas czytania":"11 minut"},"schema":{"@context":"https:\/\/schema.org","@graph":[{"@type":"WebPage","@id":"https:\/\/www.haravara.sk\/pribehy\/ako-sa-majka-a-maxik-ucili-malovat\/","url":"https:\/\/www.haravara.sk\/pribehy\/ako-sa-majka-a-maxik-ucili-malovat\/","name":"Ako sa Majka a Max\u00edk u\u010dili ma\u013eova\u0165 - HARAVARA Pr\u00edbehy (rozpr\u00e1vky)","isPartOf":{"@id":"https:\/\/www.haravara.sk\/#website"},"primaryImageOfPage":{"@id":"https:\/\/www.haravara.sk\/pribehy\/ako-sa-majka-a-maxik-ucili-malovat\/#primaryimage"},"image":{"@id":"https:\/\/www.haravara.sk\/pribehy\/ako-sa-majka-a-maxik-ucili-malovat\/#primaryimage"},"thumbnailUrl":"https:\/\/www.haravara.sk\/wp-content\/uploads\/2022\/07\/Haravara-pribehove-ilustracie-FB-49.png","datePublished":"2022-07-06T21:00:25+00:00","dateModified":"2025-07-25T20:48:36+00:00","description":"V \u010fal\u0161ej rozpr\u00e1vke z krajiny Haravara sa dozviete, \u017ee zvieratk\u00e1 v ZOO sn\u00edvaj\u00fa po\u010das zimy o r\u00f4znych veciach. Ka\u0161ko s de\u0165mi sa im rozhodn\u00fa pom\u00f4c\u0165 splni\u0165 sny: pripravia zvierac\u00ed ples pri Tis\u00edcro\u010dnej kaplnke, rybk\u00e1m splnia sen o \u0161m\u00fdkan\u00ed na d\u00fahe (v skuto\u010dnosti ide o umeleck\u00e9 dielo \u201cD\u00faha, ktor\u00e1 pije vodu\u201d).","breadcrumb":{"@id":"https:\/\/www.haravara.sk\/pribehy\/ako-sa-majka-a-maxik-ucili-malovat\/#breadcrumb"},"inLanguage":"pl-PL","potentialAction":[{"@type":"ReadAction","target":["https:\/\/www.haravara.sk\/pribehy\/ako-sa-majka-a-maxik-ucili-malovat\/"]}]},{"@type":"ImageObject","inLanguage":"pl-PL","@id":"https:\/\/www.haravara.sk\/pribehy\/ako-sa-majka-a-maxik-ucili-malovat\/#primaryimage","url":"https:\/\/www.haravara.sk\/wp-content\/uploads\/2022\/07\/Haravara-pribehove-ilustracie-FB-49.png","contentUrl":"https:\/\/www.haravara.sk\/wp-content\/uploads\/2022\/07\/Haravara-pribehove-ilustracie-FB-49.png","width":1200,"height":628},{"@type":"BreadcrumbList","@id":"https:\/\/www.haravara.sk\/pribehy\/ako-sa-majka-a-maxik-ucili-malovat\/#breadcrumb","itemListElement":[{"@type":"ListItem","position":1,"name":"Domov","item":"https:\/\/www.haravara.sk\/"},{"@type":"ListItem","position":2,"name":"Pr\u00edbehy","item":"https:\/\/www.haravara.sk\/pribehy\/"},{"@type":"ListItem","position":3,"name":"Ako sa Majka a Max\u00edk u\u010dili ma\u013eova\u0165"}]},{"@type":"WebSite","@id":"https:\/\/www.haravara.sk\/#website","url":"https:\/\/www.haravara.sk\/","name":"HARAVARA","description":"Objav detsk\u00fd svet v Ko\u0161ickom kraji","publisher":{"@id":"https:\/\/www.haravara.sk\/#organization"},"potentialAction":[{"@type":"SearchAction","target":{"@type":"EntryPoint","urlTemplate":"https:\/\/www.haravara.sk\/?s={search_term_string}"},"query-input":{"@type":"PropertyValueSpecification","valueRequired":true,"valueName":"search_term_string"}}],"inLanguage":"pl-PL"},{"@type":"Organization","@id":"https:\/\/www.haravara.sk\/#organization","name":"Haravara","url":"https:\/\/www.haravara.sk\/","logo":{"@type":"ImageObject","inLanguage":"pl-PL","@id":"https:\/\/www.haravara.sk\/#\/schema\/logo\/image\/","url":"https:\/\/www.haravara.sk\/wp-content\/uploads\/2021\/04\/LOGO-LandingPage.png","contentUrl":"https:\/\/www.haravara.sk\/wp-content\/uploads\/2021\/04\/LOGO-LandingPage.png","width":832,"height":618,"caption":"Haravara"},"image":{"@id":"https:\/\/www.haravara.sk\/#\/schema\/logo\/image\/"},"sameAs":["https:\/\/www.facebook.com\/haravara.detsky.svet"]}]}},"_links":{"self":[{"href":"https:\/\/www.haravara.sk\/pl\/wp-json\/wp\/v2\/pribehy\/19229","targetHints":{"allow":["GET"]}}],"collection":[{"href":"https:\/\/www.haravara.sk\/pl\/wp-json\/wp\/v2\/pribehy"}],"about":[{"href":"https:\/\/www.haravara.sk\/pl\/wp-json\/wp\/v2\/types\/pribehy"}],"version-history":[{"count":3,"href":"https:\/\/www.haravara.sk\/pl\/wp-json\/wp\/v2\/pribehy\/19229\/revisions"}],"predecessor-version":[{"id":19543,"href":"https:\/\/www.haravara.sk\/pl\/wp-json\/wp\/v2\/pribehy\/19229\/revisions\/19543"}],"wp:featuredmedia":[{"embeddable":true,"href":"https:\/\/www.haravara.sk\/pl\/wp-json\/wp\/v2\/media\/19376"}],"wp:attachment":[{"href":"https:\/\/www.haravara.sk\/pl\/wp-json\/wp\/v2\/media?parent=19229"}],"wp:term":[{"taxonomy":"category","embeddable":true,"href":"https:\/\/www.haravara.sk\/pl\/wp-json\/wp\/v2\/categories?post=19229"}],"curies":[{"name":"wp","href":"https:\/\/api.w.org\/{rel}","templated":true}]}}