{"id":382,"date":"2021-02-24T11:15:15","date_gmt":"2021-02-24T11:15:15","guid":{"rendered":"https:\/\/www.haravara.sk\/?post_type=pribehy&#038;p=382"},"modified":"2021-08-12T14:18:02","modified_gmt":"2021-08-12T14:18:02","slug":"ako-chcel-kasko-s-kamaratmi-ochranit-mesto","status":"publish","type":"pribehy","link":"https:\/\/www.haravara.sk\/pl\/pribehy\/ako-chcel-kasko-s-kamaratmi-ochranit-mesto\/","title":{"rendered":"Jak Kaszko wraz z przyjaci\u00f3\u0142mi ratowali miasto"},"content":{"rendered":"<p class=\"has-drop-cap\">P\u00f3\u017an\u0105 wiosn\u0105 i na pocz\u0105tku lata kraina Figle-Migle wygl\u0105da najpi\u0119kniej. Wszystko mieni si\u0119 kolorami, urzeka zapachami, szumi i brz\u0119czy a\u017c mi\u0142o.&nbsp;<\/p>\n\n\n\n<p>O tej porze roku Kaszko zwykle sypia w wie\u017cy w samym centrum Koszyc, aby s\u0142ysze\u0107 wszystkie d\u017awi\u0119ki natury i t\u0119tni\u0105cego \u017cyciem miasta. Wie\u017ca znajduje si\u0119 tu\u017c obok katedry \u015bw. El\u017cbiety. Strze\u017ce ma\u0142ego skrzy\u017cowania w stolicy krainy Figle-Migle.&nbsp;<\/p>\n\n\n\n<p>Tamtego ranka p\u00f3\u017an\u0105 wiosn\u0105 Kaszko spokojnie spa\u0142, cicho pochrapuj\u0105c. Nagle wie\u017ca zacz\u0119\u0142a si\u0119 trz\u0105\u015b\u0107, a Kaszko swoim wprawnym uchem us\u0142ysza\u0142 odg\u0142os maszeruj\u0105cych wojsk.&nbsp;<\/p>\n\n\n\n<p>\u201eO nie! Czy ja naprawd\u0119 to s\u0142ysz\u0119?\u201d \u2013 j\u0119kn\u0105\u0142 zaniepokojony.<\/p>\n\n\n\n<p>Przypomnia\u0142 sobie bowiem wszystkie wojny, jakie przetacza\u0142y si\u0119 przez krain\u0119 Figle-Migle i Koszyce od czas\u00f3w prehistorycznych.<\/p>\n\n\n\n<p>\u201eAle\u017c tak, to musz\u0105 by\u0107 wojska! Musz\u0119 uratowa\u0107 Maksia i Majk\u0119!\u201d \u2013 powiedzia\u0142 sam do siebie.<\/p>\n\n\n\n<p>Szybko za\u0142o\u017cy\u0142 na g\u0142ow\u0119 stary kask wojskowy i polecia\u0142 do swoich przyjaci\u00f3\u0142. Maksio i Majka w\u0142a\u015bnie siedzieli na dywanie i uk\u0142adali jak\u0105\u015b konstrukcj\u0119 z klock\u00f3w.<\/p>\n\n\n\n<p>\u201eMajka! Maksio!\u201d \u2013 krzykn\u0105\u0142 jeszcze w locie. \u2013 \u201ePr\u0119dko! Ubierajcie si\u0119 i pakujcie plecaki! Musimy ucieka\u0107!\u201d.<\/p>\n\n\n\n<p>\u201eJedziemy na wycieczk\u0119!\u201d \u2013 uradowa\u0142y si\u0119 dzieci.<\/p>\n\n\n\n<p>\u201eTym razem to nie b\u0119dzie wycieczka. Musimy przygotowa\u0107 si\u0119 do wojny!\u201d \u2013 rzek\u0142 zupe\u0142nie powa\u017cnie Kaszko, a Maksio z Majk\u0105 spojrzeli na niego pytaj\u0105co.&nbsp;<\/p>\n\n\n\n<p>\u201eWy tego nie s\u0142yszycie, ale m\u00f3j niezawodny s\u0142uch podpowiada mi, \u017ce do Koszyc zbli\u017caj\u0105 si\u0119 obce wojska!\u201d.<\/p>\n\n\n\n<p>\u201eWojska?\u201d \u2013 zdziwi\u0142y si\u0119 dzieci.<\/p>\n\n\n\n<p>\u201eNie b\u00f3jcie si\u0119. Wszystkich uratujemy. Walczy\u0142em ju\u017c w kilku wojnach. Chod\u017acie!\u201d.<\/p>\n\n\n\n<p>Chwyci\u0142 dzieci za r\u0119ce i zanim w og\u00f3le zd\u0105\u017cy\u0142y si\u0119 zorientowa\u0107, wyl\u0105dowali na jakim\u015b wzg\u00f3rzu z ogromn\u0105 \u0142\u0105k\u0105 i przedziwn\u0105 budowl\u0105.<\/p>\n\n\n\n<p>\u201eJeste\u015bmy na miejscu! A oto i Dargov\u201d \u2013 Kaszko wskaza\u0142 r\u0119k\u0105 budowl\u0119.<\/p>\n\n\n\n<p>\u201eDargov?\u201d \u2013 zdziwi\u0142 si\u0119 Maksio. \u2013 \u201ePrzecie\u017c to zupe\u0142nie niedaleko!\u201d \u2013 skwitowa\u0142 zawiedziony.<\/p>\n\n\n\n<p>\u201eRozejrzyjcie si\u0119 wok\u00f3\u0142 i powiedzcie mi, co widzicie\u201d \u2013 odezwa\u0142 si\u0119 Kaszko.<\/p>\n\n\n\n<p>Dzieci rozejrza\u0142y si\u0119 po okolicy i zauwa\u017cy\u0142y kilka czo\u0142g\u00f3w.&nbsp;<\/p>\n\n\n\n<p>\u201eCzo\u0142gi?\u201d \u2013 spyta\u0142y.&nbsp;<\/p>\n\n\n\n<p>\u201eOt\u00f3\u017c to! Czo\u0142gi!\u201d \u2013 ucieszy\u0142 si\u0119 Kaszko. \u2013 \u201eWst\u0105pimy jeszcze do muzeum, gdzie znajdziemy mundury i bro\u0144. B\u0119d\u0105 nam potrzebne\u201d.<\/p>\n\n\n\n<p>Kaszko wraz z przyjaci\u00f3\u0142mi znikn\u0119li w przedziwnej budowli. By\u0142o to muzeum wojskowe prezentuj\u0105ce przedmioty, kt\u00f3re \u017co\u0142nierze zostawili na polach bitew. Znale\u017ali par\u0119 karabin\u00f3w, mundury i specjalne naczynia na jedzenie. Gdy zwiedzili ekspozycje, Kaszko wybieg\u0142 na zewn\u0105trz.&nbsp;<\/p>\n\n\n\n<p>\u201eMusimy wypr\u00f3bowa\u0107 sprz\u0119t!\u201d \u2013 zawo\u0142a\u0142.<\/p>\n\n\n\n<p>Wspi\u0119li si\u0119 na czo\u0142g i pr\u00f3bowali go uruchomi\u0107. Kiedy si\u0119 nie uda\u0142o, weszli do kolejnej maszyny, a potem do jeszcze jednej. Jednak \u017caden czo\u0142g nie chcia\u0142 odpali\u0107.<\/p>\n\n\n\n<p>Wtedy spojrzeli na karabiny i stwierdzili, \u017ce one r\u00f3wnie\u017c do niczego im si\u0119 nie przydadz\u0105.&nbsp;<\/p>\n\n\n\n<p>\u201eCo to za miejsce i dlaczego s\u0105 tu czo\u0142gi?\u201d \u2013 zapyta\u0142a wreszcie Majka, kiedy Kaszko opad\u0142 z si\u0142.<\/p>\n\n\n\n<p>\u201ePonad siedemdziesi\u0105t lat temu w tym miejscu toczy\u0142y si\u0119 prawdziwe walki. Wasi dziadkowie na pewno to pami\u0119taj\u0105. A mo\u017ce nawet sami brali w nich udzia\u0142. S\u0142yszeli\u015bcie kiedy\u015b o II wojnie \u015bwiatowej?\u201d \u2013 rzek\u0142 duszek. <strong>, <\/strong>nepo\u010duli ste o nej?\u201c<\/p>\n\n\n\n<p>Dzieci pokr\u0119ci\u0142y g\u0142owami przecz\u0105co.<\/p>\n\n\n\n<p>\u201eCel\u00fd svet sa zbl\u00e1znil,\u201c rozrozpr\u00e1val sa Ka\u0161ko, \u201ev\u0161etci bojovali, strie\u013eali, ubli\u017eovali si. A pr\u00e1ve tu sa odohrala jedna z ve\u013ek\u00fdch bitiek. Viete, \u010do je e\u0161te na tom mieste zvl\u00e1\u0161tne? Pozrite tam dole <strong>, <\/strong>\u201eCa\u0142y \u015bwiat oszala\u0142\u201d \u2013 stwierdzi\u0142 Kaszko. \u2013 \u201eWszyscy walczyli, strzelali, zadawali sobie krzywd\u0119. A w tym miejscu rozegra\u0142a si\u0119 jedna z wielkich bitew. A wiecie, co w tym wszystkim jest najdziwniejsze? Sp\u00f3jrzcie w d\u00f3\u0142. Znajduje si\u0119 tam wie\u015b Rozhanovce. Niedaleko wsi ponad siedemset lat temu mia\u0142a miejsce najwi\u0119ksza bitwa rycerska. Wyobra\u017acie sobie teraz, \u017ce t\u0119dy, gdzie stoimy, przeje\u017cd\u017ca\u0142 kr\u00f3l ze swoim wojskiem\u201d.\n\nDzieci s\u0142ucha\u0142y jak zaczarowane.<\/p>\n\n\n\n<p>\u201eMo\u017cecie kiedy\u015b odwiedzi\u0107 to miejsce z rodzicami\u201d \u2013 zaproponowa\u0142 Kaszko.<\/p>\n\n\n\n<p>\u201eMogliby\u015bmy\u201d \u2013 zamy\u015bli\u0142 si\u0119 Maksio i oczami duszy ujrza\u0142 si\u0119 w roli rycerza w zbroi jad\u0105cego na koniu.<\/p>\n\n\n\n<p>\u201eRycerze\u2026\u201d \u2013 zaduma\u0142 si\u0119 Kaszko. \u2013 \u201eW\u0142a\u015bnie! Rycerze i ich katapulty\u201d.<\/p>\n\n\n\n<p>\u201eChcesz zrobi\u0107 katapult\u0119?\u201d \u2013 zdumia\u0142 si\u0119 Maksio.<\/p>\n\n\n\n<p>\u201eAle\u017c sk\u0105d! Ale wiem, gdzie znajduje si\u0119 katapulta. To niedaleko st\u0105d, na tamtym wzg\u00f3rzu\u201d \u2013 pokaza\u0142 r\u0119k\u0105 Kaszko.&nbsp;<\/p>\n\n\n\n<figure class=\"wp-block-image size-large\"><img decoding=\"async\" width=\"1024\" height=\"817\" src=\"https:\/\/www.haravara.sk\/wp-content\/uploads\/2021\/03\/Untitled-design-11-1024x817.png\" alt=\"\" class=\"wp-image-383\" srcset=\"https:\/\/www.haravara.sk\/wp-content\/uploads\/2021\/03\/Untitled-design-11-1024x817.png 1024w, https:\/\/www.haravara.sk\/wp-content\/uploads\/2021\/03\/Untitled-design-11-300x239.png 300w, https:\/\/www.haravara.sk\/wp-content\/uploads\/2021\/03\/Untitled-design-11-768x612.png 768w, https:\/\/www.haravara.sk\/wp-content\/uploads\/2021\/03\/Untitled-design-11-1536x1225.png 1536w, https:\/\/www.haravara.sk\/wp-content\/uploads\/2021\/03\/Untitled-design-11.png 1842w\" sizes=\"(max-width: 1024px) 100vw, 1024px\" \/><\/figure>\n\n\n\n<p class=\"translation-block\">Oczywi\u015bcie od razu wyruszyli w drog\u0119. Po nied\u0142ugim czasie ich oczom ukaza\u0142a si\u0119 przedziwna rzecz.<\/p>\n\n\n\n<p>Wygl\u0105da\u0142o to jak fontanna, tyle \u017ce bez wody.<\/p>\n\n\n\n<p>\u201eA co to takiego?\u201d \u2013 zapyta\u0142a Majka.<\/p>\n\n\n\n<p>\u201eNiedzia\u0142aj\u0105ca fontanna?\u201d \u2013 za\u015bmia\u0142 si\u0119 Maksio..<\/p>\n\n\n\n<p>\u201eTo jest gejzer Herla\u0144ski\u201d \u2013 powiedzia\u0142 Kaszko u\u015bmiechaj\u0105c si\u0119.<\/p>\n\n\n\n<p>\u201eGejzer? Ale gdzie?\u201d \u2013 zdziwi\u0142y si\u0119 dzieci.<\/p>\n\n\n\n<p>\u201eTrzeba zaczeka\u0107\u201d.<\/p>\n\n\n\n<p>Dzieci przygl\u0105da\u0142y si\u0119 fontannie, kt\u00f3ra nie by\u0142a fontann\u0105, a wok\u00f3\u0142 powoli zacz\u0119li si\u0119 gromadzi\u0107 ludzie. Maksio si\u0119gn\u0105\u0142 do swojego plecaka i wyj\u0105\u0142 z niego ma\u0142y b\u0119benek. Wybi\u0142 marszowy rytm. Fantazjowa\u0142 o tym, jak pojedzie na koniu na wroga i zagra na b\u0119bnie.&nbsp;<\/p>\n\n\n\n<p class=\"translation-block\">Kaszko szuka\u0142 czego\u015b po kieszeniach. Wreszcie wyj\u0105\u0142 dwie pa\u0142eczki i zacz\u0119li wymy\u015bla\u0107 piosenk\u0119 do rytmu b\u0119bna. Majka pomrukiwa\u0142a do taktu.<\/p>\n\n\n\n<p>I wtedy spod ziemi trysn\u0119\u0142a woda.&nbsp;<\/p>\n\n\n\n<p>\u201eAch, to naprawd\u0119 jest gejzer!\u201d \u2013 dzieci przekrzykiwa\u0142y szum wody.<\/p>\n\n\n\n<p>\u201eTak. Zobaczcie jak wysoko si\u0119ga woda. Ca\u0142y ten spektakl potrwa kilka minut!\u201d \u2013 t\u0142umaczy\u0142 Kaszko.<\/p>\n\n\n\n<p>\u201eZdumiewaj\u0105ce!\u201d \u2013 westchn\u0119\u0142y dzieci, gapi\u0105c si\u0119 w g\u00f3r\u0119.<\/p>\n\n\n\n<p>\u201eAle gdzie jest ta katapulta?\u201d \u2013 przypomnia\u0142 sobie Maksio.<\/p>\n\n\n\n<p>\u201eTo b\u0119dzie nasza katapulta\u201d \u2013 powiedzia\u0142 triumfalnie Kaszko. \u2013 \u201eNa ziemi u\u0142o\u017cymy kamienie, a kiedy wojska b\u0119d\u0105 przechodzi\u0107, gejzer wybuchnie i kamienie polec\u0105 na wrog\u00f3w krainy Figle-Migle\u201d \u2013 obja\u015bni\u0142 sw\u00f3j plan duszek.<\/p>\n\n\n\n<p>\u201eNo dobrze, a sk\u0105d we\u017amiemy kamienie?\u201d \u2013 dopytywa\u0142a podekscytowana Majka.<\/p>\n\n\n\n<p>\u201eKamienie, kamienie...\u201d \u2013 zastanawia\u0142 si\u0119 Kaszko. \u2013 \u201eChyba najlepiej poszuka\u0107 ich w kamienio\u0142omie. Tu, niedaleko znajduje si\u0119 wie\u015b Mal\u00e9 Ozorovce, a nad ni\u0105 jest kamienio\u0142om. To tylko kr\u00f3tki spacer\u201d.&nbsp;<\/p>\n\n\n\n<p>Nie mogli polecie\u0107, bo wsz\u0119dzie by\u0142o pe\u0142no ludzi. Z\u0142apali wi\u0119c autobus i po chwili byli na miejscu. Wysiedli przy pi\u0119knym drewnianym ko\u015bci\u00f3\u0142ku i ruszyli w stron\u0119 lasu. Szli jakie\u015b p\u00f3\u0142 godziny i...<\/p>\n\n\n\n<p>\u201eTo musi by\u0107 gdzie\u015b tutaj... Ale to nie wygl\u0105da na kamienio\u0142om\u201d \u2013 mamrota\u0142 Kaszko, a dzieci coraz szerzej otwiera\u0142y oczy ze zdziwienia.<\/p>\n\n\n\n<p>\u201eTo wygl\u0105da jak ko\u015bci\u00f3\u0142 wykuty w skale\u201d \u2013 szepn\u0119\u0142a Majka. \u2013 \u201eMo\u017ce co\u015b ci si\u0119 pomyli\u0142o?\u201d.<\/p>\n\n\n\n<p>W skale, z kt\u00f3rej usuni\u0119to tony kamienia, wyciosano o\u0142tarz, kapliczk\u0119, \u0142awki i\u2026 palenisko.<\/p>\n\n\n\n<p>\u201eNie rozumiem. Gdzie podzia\u0142 si\u0119 kamienio\u0142om?\u201d \u2013 denerwowa\u0142 si\u0119 Kaszko.<\/p>\n\n\n\n<p>\u201eChyba nikt go ju\u017c nie potrzebowa\u0142\u201d \u2013 zamy\u015bli\u0142 si\u0119 Maksio.<\/p>\n\n\n\n<p>\u201eWojny te\u017c nikomu do szcz\u0119\u015bcia nie trzeba\u201d \u2013 szepn\u0119\u0142a Majka.<\/p>\n\n\n\n<p>\u201eAle to znacznie pi\u0119kniejsze ni\u017c wojna\u201d \u2013 orzekli zgodnie.<\/p>\n\n\n\n<p>Chwil\u0119 posiedzieli w ciszy, pos\u0142uchali lasu i odg\u0142os\u00f3w zwierz\u0105t, po czym wr\u00f3cili do Koszyc.&nbsp;<\/p>\n\n\n\n<p>\u201eS\u0142yszycie? Doszli do miasta!\u201d \u2013 przerazi\u0142 si\u0119 Kaszko i polecia\u0142 na deptak zobaczy\u0107, co si\u0119 dzieje.<\/p>\n\n\n\n<p>I faktycznie. W ca\u0142ym mie\u015bcie rozlega\u0142 si\u0119 tupot.<\/p>\n\n\n\n<p>Kiedy jednak dotarli do centrum, wsz\u0119dzie by\u0142y t\u0142umy. I nikt nie maszerowa\u0142, ale ta\u0144czy\u0142. W\u0142a\u015bnie odbywa\u0142 si\u0119 festiwal ta\u0144ca, a ludzie przyszli zobaczy\u0107 wyst\u0119py. Kraina Figle-Migle s\u0142ynie z tancerzy, a niekt\u00f3rzy z nich nosz\u0105 tytu\u0142 mistrz\u00f3w \u015bwiata w r\u00f3\u017cnych ta\u0144cach. Trzeba przyzna\u0107, \u017ce Koszyce to rozta\u0144czone miasto.<\/p>\n\n\n\n<p>Ca\u0142a tr\u00f3jka \u015bmia\u0142a si\u0119 do rozpuku a\u017c ich brzuchy rozbola\u0142y.&nbsp;<\/p>\n\n\n\n<p>I ze \u015bmiechem na ustach poszli spa\u0107.<\/p>\n\n\n\n<p>Zawsze lepiej zobaczy\u0107 przed sob\u0105 tysi\u0105c tancerzy, ni\u017c tysi\u0105c \u017co\u0142nierzy.<\/p>","protected":false},"excerpt":{"rendered":"<p>Boli vo vojenskom m\u00fazeu plnom predmetov, ktor\u00e9 tu vojaci po\u010das bojov postr\u00e1cali. Objavili v \u0148om zop\u00e1r pu\u0161iek, uniforiem a \u0161katu\u013eky na jedlo. <\/p>","protected":false},"featured_media":632,"menu_order":0,"template":"","format":"standard","meta":{"_acf_changed":false,"footnotes":""},"categories":[],"class_list":["post-382","pribehy","type-pribehy","status-publish","format-standard","has-post-thumbnail","hentry"],"acf":[],"yoast_head":"<!-- This site is optimized with the Yoast SEO Premium plugin v22.7 (Yoast SEO v27.2) - https:\/\/yoast.com\/product\/yoast-seo-premium-wordpress\/ -->\n<title>\u2b50 HARAVARA - Kam s de\u0165mi v Ko\u0161ickom kraji - Ako chcel Ka\u0161ko s kamar\u00e1tmi ochr\u00e1ni\u0165 mesto<\/title>\n<meta name=\"description\" content=\"Boli vo vojenskom m\u00fazeu plnom predmetov, ktor\u00e9 tu vojaci po\u010das bojov postr\u00e1cali. Objavili v \u0148om zop\u00e1r pu\u0161iek, uniforiem a \u0161katu\u013eky na jedlo.\" \/>\n<meta name=\"robots\" content=\"index, follow, max-snippet:-1, max-image-preview:large, max-video-preview:-1\" \/>\n<link rel=\"canonical\" href=\"https:\/\/www.haravara.sk\/pl\/pribehy\/ako-chcel-kasko-s-kamaratmi-ochranit-mesto\/\" \/>\n<meta property=\"og:locale\" content=\"pl_PL\" \/>\n<meta property=\"og:type\" content=\"article\" \/>\n<meta property=\"og:title\" content=\"Ako chcel Ka\u0161ko s kamar\u00e1tmi ochr\u00e1ni\u0165 mesto - HARAVARA\" \/>\n<meta property=\"og:description\" content=\"Boli vo vojenskom m\u00fazeu plnom predmetov, ktor\u00e9 tu vojaci po\u010das bojov postr\u00e1cali. Objavili v \u0148om zop\u00e1r pu\u0161iek, uniforiem a \u0161katu\u013eky na jedlo.\" \/>\n<meta property=\"og:url\" content=\"https:\/\/www.haravara.sk\/pl\/pribehy\/ako-chcel-kasko-s-kamaratmi-ochranit-mesto\/\" \/>\n<meta property=\"og:site_name\" content=\"HARAVARA\" \/>\n<meta property=\"article:publisher\" content=\"https:\/\/www.facebook.com\/haravara.detsky.svet\" \/>\n<meta property=\"article:modified_time\" content=\"2021-08-12T14:18:02+00:00\" \/>\n<meta property=\"og:image\" content=\"https:\/\/www.haravara.sk\/wp-content\/uploads\/2021\/02\/pribehove-ilustracie-33.jpg\" \/>\n\t<meta property=\"og:image:width\" content=\"1200\" \/>\n\t<meta property=\"og:image:height\" content=\"628\" \/>\n\t<meta property=\"og:image:type\" content=\"image\/jpeg\" \/>\n<meta name=\"twitter:card\" content=\"summary_large_image\" \/>\n<meta name=\"twitter:title\" content=\"Ako chcel Ka\u0161ko s kamar\u00e1tmi ochr\u00e1ni\u0165 mesto\" \/>\n<meta name=\"twitter:label1\" content=\"Szacowany czas czytania\" \/>\n\t<meta name=\"twitter:data1\" content=\"5 minut\" \/>\n<script type=\"application\/ld+json\" class=\"yoast-schema-graph\">{\"@context\":\"https:\/\/schema.org\",\"@graph\":[{\"@type\":\"WebPage\",\"@id\":\"https:\/\/www.haravara.sk\/pribehy\/ako-chcel-kasko-s-kamaratmi-ochranit-mesto\/\",\"url\":\"https:\/\/www.haravara.sk\/pribehy\/ako-chcel-kasko-s-kamaratmi-ochranit-mesto\/\",\"name\":\"\u2b50 HARAVARA - Kam s de\u0165mi v Ko\u0161ickom kraji - Ako chcel Ka\u0161ko s kamar\u00e1tmi ochr\u00e1ni\u0165 mesto\",\"isPartOf\":{\"@id\":\"https:\/\/www.haravara.sk\/#website\"},\"primaryImageOfPage\":{\"@id\":\"https:\/\/www.haravara.sk\/pribehy\/ako-chcel-kasko-s-kamaratmi-ochranit-mesto\/#primaryimage\"},\"image\":{\"@id\":\"https:\/\/www.haravara.sk\/pribehy\/ako-chcel-kasko-s-kamaratmi-ochranit-mesto\/#primaryimage\"},\"thumbnailUrl\":\"https:\/\/www.haravara.sk\/wp-content\/uploads\/2021\/03\/5.png\",\"datePublished\":\"2021-02-24T11:15:15+00:00\",\"dateModified\":\"2021-08-12T14:18:02+00:00\",\"description\":\"Boli vo vojenskom m\u00fazeu plnom predmetov, ktor\u00e9 tu vojaci po\u010das bojov postr\u00e1cali. Objavili v \u0148om zop\u00e1r pu\u0161iek, uniforiem a \u0161katu\u013eky na jedlo.\",\"breadcrumb\":{\"@id\":\"https:\/\/www.haravara.sk\/pribehy\/ako-chcel-kasko-s-kamaratmi-ochranit-mesto\/#breadcrumb\"},\"inLanguage\":\"pl-PL\",\"potentialAction\":[{\"@type\":\"ReadAction\",\"target\":[\"https:\/\/www.haravara.sk\/pribehy\/ako-chcel-kasko-s-kamaratmi-ochranit-mesto\/\"]}]},{\"@type\":\"ImageObject\",\"inLanguage\":\"pl-PL\",\"@id\":\"https:\/\/www.haravara.sk\/pribehy\/ako-chcel-kasko-s-kamaratmi-ochranit-mesto\/#primaryimage\",\"url\":\"https:\/\/www.haravara.sk\/wp-content\/uploads\/2021\/03\/5.png\",\"contentUrl\":\"https:\/\/www.haravara.sk\/wp-content\/uploads\/2021\/03\/5.png\",\"width\":1200,\"height\":628},{\"@type\":\"BreadcrumbList\",\"@id\":\"https:\/\/www.haravara.sk\/pribehy\/ako-chcel-kasko-s-kamaratmi-ochranit-mesto\/#breadcrumb\",\"itemListElement\":[{\"@type\":\"ListItem\",\"position\":1,\"name\":\"Domov\",\"item\":\"https:\/\/www.haravara.sk\/\"},{\"@type\":\"ListItem\",\"position\":2,\"name\":\"Pr\u00edbehy\",\"item\":\"https:\/\/www.haravara.sk\/pribehy\/\"},{\"@type\":\"ListItem\",\"position\":3,\"name\":\"Ako chcel Ka\u0161ko s kamar\u00e1tmi ochr\u00e1ni\u0165 mesto\"}]},{\"@type\":\"WebSite\",\"@id\":\"https:\/\/www.haravara.sk\/#website\",\"url\":\"https:\/\/www.haravara.sk\/\",\"name\":\"HARAVARA\",\"description\":\"Objav detsk\u00fd svet v Ko\u0161ickom kraji\",\"publisher\":{\"@id\":\"https:\/\/www.haravara.sk\/#organization\"},\"potentialAction\":[{\"@type\":\"SearchAction\",\"target\":{\"@type\":\"EntryPoint\",\"urlTemplate\":\"https:\/\/www.haravara.sk\/?s={search_term_string}\"},\"query-input\":{\"@type\":\"PropertyValueSpecification\",\"valueRequired\":true,\"valueName\":\"search_term_string\"}}],\"inLanguage\":\"pl-PL\"},{\"@type\":\"Organization\",\"@id\":\"https:\/\/www.haravara.sk\/#organization\",\"name\":\"Haravara\",\"url\":\"https:\/\/www.haravara.sk\/\",\"logo\":{\"@type\":\"ImageObject\",\"inLanguage\":\"pl-PL\",\"@id\":\"https:\/\/www.haravara.sk\/#\/schema\/logo\/image\/\",\"url\":\"https:\/\/www.haravara.sk\/wp-content\/uploads\/2021\/04\/LOGO-LandingPage.png\",\"contentUrl\":\"https:\/\/www.haravara.sk\/wp-content\/uploads\/2021\/04\/LOGO-LandingPage.png\",\"width\":832,\"height\":618,\"caption\":\"Haravara\"},\"image\":{\"@id\":\"https:\/\/www.haravara.sk\/#\/schema\/logo\/image\/\"},\"sameAs\":[\"https:\/\/www.facebook.com\/haravara.detsky.svet\"]}]}<\/script>\n<!-- \/ Yoast SEO Premium plugin. -->","yoast_head_json":{"title":"\u2b50 HARAVARA - Kam s de\u0165mi v Ko\u0161ickom kraji - Ako chcel Ka\u0161ko s kamar\u00e1tmi ochr\u00e1ni\u0165 mesto","description":"Boli vo vojenskom m\u00fazeu plnom predmetov, ktor\u00e9 tu vojaci po\u010das bojov postr\u00e1cali. Objavili v \u0148om zop\u00e1r pu\u0161iek, uniforiem a \u0161katu\u013eky na jedlo.","robots":{"index":"index","follow":"follow","max-snippet":"max-snippet:-1","max-image-preview":"max-image-preview:large","max-video-preview":"max-video-preview:-1"},"canonical":"https:\/\/www.haravara.sk\/pl\/pribehy\/ako-chcel-kasko-s-kamaratmi-ochranit-mesto\/","og_locale":"pl_PL","og_type":"article","og_title":"Ako chcel Ka\u0161ko s kamar\u00e1tmi ochr\u00e1ni\u0165 mesto - HARAVARA","og_description":"Boli vo vojenskom m\u00fazeu plnom predmetov, ktor\u00e9 tu vojaci po\u010das bojov postr\u00e1cali. Objavili v \u0148om zop\u00e1r pu\u0161iek, uniforiem a \u0161katu\u013eky na jedlo.","og_url":"https:\/\/www.haravara.sk\/pl\/pribehy\/ako-chcel-kasko-s-kamaratmi-ochranit-mesto\/","og_site_name":"HARAVARA","article_publisher":"https:\/\/www.facebook.com\/haravara.detsky.svet","article_modified_time":"2021-08-12T14:18:02+00:00","og_image":[{"width":1200,"height":628,"url":"https:\/\/www.haravara.sk\/wp-content\/uploads\/2021\/02\/pribehove-ilustracie-33.jpg","type":"image\/jpeg"}],"twitter_card":"summary_large_image","twitter_title":"Ako chcel Ka\u0161ko s kamar\u00e1tmi ochr\u00e1ni\u0165 mesto","twitter_misc":{"Szacowany czas czytania":"5 minut"},"schema":{"@context":"https:\/\/schema.org","@graph":[{"@type":"WebPage","@id":"https:\/\/www.haravara.sk\/pribehy\/ako-chcel-kasko-s-kamaratmi-ochranit-mesto\/","url":"https:\/\/www.haravara.sk\/pribehy\/ako-chcel-kasko-s-kamaratmi-ochranit-mesto\/","name":"\u2b50 HARAVARA - Kam s de\u0165mi v Ko\u0161ickom kraji - Ako chcel Ka\u0161ko s kamar\u00e1tmi ochr\u00e1ni\u0165 mesto","isPartOf":{"@id":"https:\/\/www.haravara.sk\/#website"},"primaryImageOfPage":{"@id":"https:\/\/www.haravara.sk\/pribehy\/ako-chcel-kasko-s-kamaratmi-ochranit-mesto\/#primaryimage"},"image":{"@id":"https:\/\/www.haravara.sk\/pribehy\/ako-chcel-kasko-s-kamaratmi-ochranit-mesto\/#primaryimage"},"thumbnailUrl":"https:\/\/www.haravara.sk\/wp-content\/uploads\/2021\/03\/5.png","datePublished":"2021-02-24T11:15:15+00:00","dateModified":"2021-08-12T14:18:02+00:00","description":"Boli vo vojenskom m\u00fazeu plnom predmetov, ktor\u00e9 tu vojaci po\u010das bojov postr\u00e1cali. Objavili v \u0148om zop\u00e1r pu\u0161iek, uniforiem a \u0161katu\u013eky na jedlo.","breadcrumb":{"@id":"https:\/\/www.haravara.sk\/pribehy\/ako-chcel-kasko-s-kamaratmi-ochranit-mesto\/#breadcrumb"},"inLanguage":"pl-PL","potentialAction":[{"@type":"ReadAction","target":["https:\/\/www.haravara.sk\/pribehy\/ako-chcel-kasko-s-kamaratmi-ochranit-mesto\/"]}]},{"@type":"ImageObject","inLanguage":"pl-PL","@id":"https:\/\/www.haravara.sk\/pribehy\/ako-chcel-kasko-s-kamaratmi-ochranit-mesto\/#primaryimage","url":"https:\/\/www.haravara.sk\/wp-content\/uploads\/2021\/03\/5.png","contentUrl":"https:\/\/www.haravara.sk\/wp-content\/uploads\/2021\/03\/5.png","width":1200,"height":628},{"@type":"BreadcrumbList","@id":"https:\/\/www.haravara.sk\/pribehy\/ako-chcel-kasko-s-kamaratmi-ochranit-mesto\/#breadcrumb","itemListElement":[{"@type":"ListItem","position":1,"name":"Domov","item":"https:\/\/www.haravara.sk\/"},{"@type":"ListItem","position":2,"name":"Pr\u00edbehy","item":"https:\/\/www.haravara.sk\/pribehy\/"},{"@type":"ListItem","position":3,"name":"Ako chcel Ka\u0161ko s kamar\u00e1tmi ochr\u00e1ni\u0165 mesto"}]},{"@type":"WebSite","@id":"https:\/\/www.haravara.sk\/#website","url":"https:\/\/www.haravara.sk\/","name":"HARAVARA","description":"Objav detsk\u00fd svet v Ko\u0161ickom kraji","publisher":{"@id":"https:\/\/www.haravara.sk\/#organization"},"potentialAction":[{"@type":"SearchAction","target":{"@type":"EntryPoint","urlTemplate":"https:\/\/www.haravara.sk\/?s={search_term_string}"},"query-input":{"@type":"PropertyValueSpecification","valueRequired":true,"valueName":"search_term_string"}}],"inLanguage":"pl-PL"},{"@type":"Organization","@id":"https:\/\/www.haravara.sk\/#organization","name":"Haravara","url":"https:\/\/www.haravara.sk\/","logo":{"@type":"ImageObject","inLanguage":"pl-PL","@id":"https:\/\/www.haravara.sk\/#\/schema\/logo\/image\/","url":"https:\/\/www.haravara.sk\/wp-content\/uploads\/2021\/04\/LOGO-LandingPage.png","contentUrl":"https:\/\/www.haravara.sk\/wp-content\/uploads\/2021\/04\/LOGO-LandingPage.png","width":832,"height":618,"caption":"Haravara"},"image":{"@id":"https:\/\/www.haravara.sk\/#\/schema\/logo\/image\/"},"sameAs":["https:\/\/www.facebook.com\/haravara.detsky.svet"]}]}},"_links":{"self":[{"href":"https:\/\/www.haravara.sk\/pl\/wp-json\/wp\/v2\/pribehy\/382","targetHints":{"allow":["GET"]}}],"collection":[{"href":"https:\/\/www.haravara.sk\/pl\/wp-json\/wp\/v2\/pribehy"}],"about":[{"href":"https:\/\/www.haravara.sk\/pl\/wp-json\/wp\/v2\/types\/pribehy"}],"version-history":[{"count":3,"href":"https:\/\/www.haravara.sk\/pl\/wp-json\/wp\/v2\/pribehy\/382\/revisions"}],"predecessor-version":[{"id":3206,"href":"https:\/\/www.haravara.sk\/pl\/wp-json\/wp\/v2\/pribehy\/382\/revisions\/3206"}],"wp:featuredmedia":[{"embeddable":true,"href":"https:\/\/www.haravara.sk\/pl\/wp-json\/wp\/v2\/media\/632"}],"wp:attachment":[{"href":"https:\/\/www.haravara.sk\/pl\/wp-json\/wp\/v2\/media?parent=382"}],"wp:term":[{"taxonomy":"category","embeddable":true,"href":"https:\/\/www.haravara.sk\/pl\/wp-json\/wp\/v2\/categories?post=382"}],"curies":[{"name":"wp","href":"https:\/\/api.w.org\/{rel}","templated":true}]}}