{"id":53,"date":"2025-10-10T14:06:12","date_gmt":"2025-10-10T13:06:12","guid":{"rendered":"https:\/\/www.haravara.sk\/?post_type=pribehy&#038;p=53"},"modified":"2025-10-13T00:10:01","modified_gmt":"2025-10-12T23:10:01","slug":"ako-sa-maxik-s-majkou-zoznamili-s-krajinou-haravara-a-s-duchom-kaskom","status":"publish","type":"pribehy","link":"https:\/\/www.haravara.sk\/pl\/pribehy\/ako-sa-maxik-s-majkou-zoznamili-s-krajinou-haravara-a-s-duchom-kaskom\/","title":{"rendered":"Jak Maksio i Majka poznali krain\u0119 Figle-Migle oraz ducha Kaszka"},"content":{"rendered":"<p class=\"has-drop-cap\">Max\u00edk a Majka s\u00fa najlep\u0161\u00ed s\u00farodenci na svete.&nbsp;<\/p>\n\n\n\n<p><\/p>\n\n\n\n<p>Maksio i Majka to najzgodniejsze rodze\u0144stwo na \u015bwiecie. Maksio ma dziesi\u0119\u0107 lat. Jest starszy od Majki, wi\u0119c i odwa\u017cniejszy. Ch\u0119tny do ka\u017cdej przygody. Zawsze ma pod r\u0119k\u0105 sw\u00f3j plecaczek, kt\u00f3ry potrafi spakowa\u0107 w trzy minuty. Kocha poci\u0105gi i muzyk\u0119. Umie te\u017c gra\u0107 na wielu instrumentach. Na niekt\u00f3rych ca\u0142kiem dobrze, a na innych tylko pr\u00f3buje, ale najwa\u017cniejsze, \u017ce to lubi. Maksio uwielbia przygody i wycieczki, cz\u0119sto nosi bluz\u0119 z kieszeniami, do kt\u00f3rych mo\u017ce schowa\u0107 wszystko to, co nie mie\u015bci si\u0119 do plecaka.<\/p>\n\n\n\n<p class=\"has-text-align-left\">Majka w\u0142a\u015bnie zacz\u0119\u0142a chodzi\u0107 do szko\u0142y. Ma sze\u015b\u0107 lat. Najch\u0119tniej ta\u0144czy\u0142aby w r\u00f3\u017cowych sp\u00f3dniczkach, lecz jej starszy brat ma co chwil\u0119 nowy pomys\u0142, wi\u0119c cz\u0119sto ta\u0144czy w leginsach lub dresie, id\u0105c na wycieczk\u0119. Na nogach nie mo\u017ce mie\u0107 tego, co chce, ale we w\u0142osach ju\u017c tak, wi\u0119c codziennie ma inn\u0105 kokardk\u0119, spink\u0119, wsuwk\u0119 i nie wiem, jakie jeszcze ozd\u00f3bki. Ma te\u017c specjaln\u0105 torebk\u0119, w kt\u00f3rej nosi chyba z 10 grzebieni, bo ogromnie lubi czesa\u0107 siebie i swoje lalki.<\/p>\n\n\n<div class=\"wp-block-image is-style-default\">\n<figure class=\"alignleft size-large is-resized\"><img decoding=\"async\" width=\"1024\" height=\"817\" src=\"https:\/\/www.haravara.sk\/wp-content\/uploads\/2021\/03\/Untitled-design-8-1-1024x817.png\" alt=\"\" class=\"wp-image-349\" style=\"width:573px;height:456px\" srcset=\"https:\/\/www.haravara.sk\/wp-content\/uploads\/2021\/03\/Untitled-design-8-1-1024x817.png 1024w, https:\/\/www.haravara.sk\/wp-content\/uploads\/2021\/03\/Untitled-design-8-1-300x239.png 300w, https:\/\/www.haravara.sk\/wp-content\/uploads\/2021\/03\/Untitled-design-8-1-768x612.png 768w, https:\/\/www.haravara.sk\/wp-content\/uploads\/2021\/03\/Untitled-design-8-1-1536x1225.png 1536w, https:\/\/www.haravara.sk\/wp-content\/uploads\/2021\/03\/Untitled-design-8-1.png 1842w\" sizes=\"(max-width: 1024px) 100vw, 1024px\" \/><\/figure>\n<\/div>\n\n\n<p>Teraz jednak oboje siedz\u0105 smutni w swoim pokoiku. Wok\u00f3\u0142 nich jest mn\u00f3stwo pude\u0142, toreb i woreczk\u00f3w z r\u00f3\u017cnymi rzeczami. Za dziesi\u0119\u0107 minut przyjedzie auto. Ju\u017c tego wieczora Maksio z Majk\u0105 i rodzicami zamieszkaj\u0105 w innym mie\u015bcie. W dodatku nie tylko w innym mie\u015bcie, ale i w innej krainie.<\/p>\n\n\n\n<p>Ca\u0142y otaczaj\u0105cy nas \u015bwiat jest podzielony na wiele r\u00f3\u017cnych krain i kraik\u00f3w. U nas najbardziej znane s\u0105 Bylebyby\u0142o, Wielkiemirzeczy, Miszmasz, Galimatias i Figle-Migle.<\/p>\n\n\n\n<p>Maksio z Majk\u0105 mieszkali dotychczas w krainie Bylebyby\u0142o. Jednak za kilka godzin ju\u017c b\u0119d\u0105 mieszka\u0144cami krainy Figle-Migle.<\/p>\n\n\n\n<p>Otwar\u0142y si\u0119 drzwi i do pokoiku wszed\u0142 dziadek z Byleby\u0142o.<\/p>\n\n\n\n<p>\u201eCo si\u0119 z wami dzieje? Nie biegacie, nie bawicie si\u0119, nawet czekolada le\u017cy nietkni\u0119ta na stole\u201d \u2013 dziadek pokr\u0119ci\u0142 g\u0142ow\u0105<\/p>\n\n\n\n<p>\u201eNie chcemy wyje\u017cd\u017ca\u0107\u201d \u2013 odpowiedzia\u0142y smutno dzieci.<\/p>\n\n\n\n<p>\u201eCzemu? Boicie si\u0119 czego\u015b?\u201d \u2013 dziadek nie dawa\u0142 im spokoju i usiad\u0142 razem z nimi mi\u0119dzy pud\u0142ami oraz torbami.<\/p>\n\n\n\n<p>\u201eNie wiemy, co nas czeka!\u201d \u2013 krzykn\u0105\u0142 zrozpaczony Maksio.<\/p>\n\n\n\n<p class=\"translation-block\">\u201eA nevieme, \u010do je to za krajinu <strong>\u2013 <\/strong>t\u00e1 Haravara,\u201c doplnila brata Majka.<\/p>\n\n\n\n<p>Dziadek rozsiad\u0142 si\u0119, pod\u0142o\u017cy\u0142 sobie pod pup\u0119 i pod g\u0142ow\u0119 poduszeczki i niby nic, powiedzia\u0142:<\/p>\n\n\n\n<p>\u201eJa tam raz by\u0142em\u201d.<\/p>\n\n\n\n<p>\u201eNaprawd\u0119?!\u201d \u2013 krzykn\u0119\u0142y zdziwione dzieci.<\/p>\n\n\n\n<p>\u201eMy\u015blicie, \u017ce was ok\u0142amuj\u0119?\u201d \u2013 dziadek tak wysoko uni\u00f3s\u0142 brwi, \u017ce omal mu okulary nie spad\u0142y z nosa.<\/p>\n\n\n\n<p>\u201eNie, nie! Nie gniewaj si\u0119, ale nigdy nam nie opowiada\u0142e\u015b o Figlach-Miglach\u201d.<\/p>\n\n\n\n<p>\u201eChcecie si\u0119 o nich czego\u015b dowiedzie\u0107?\u201d \u2013 zapyta\u0142 tajemniczo dziadek z Byleby\u0142o.<\/p>\n\n\n\n<p>\u201eM\u00f3w, ale mamy tylko 5 minut!\u201d \u2013 ostrzeg\u0142y dzieci.<\/p>\n\n\n\n<p>\u201eFigle-Migle nie s\u0105 ani wielkie, ani ma\u0142e. S\u0105 takie w sam raz. Za dwa dni da si\u0119 je przejecha\u0107 rowerem wzd\u0142u\u017c i wszerz, a autem, autobusem czy poci\u0105giem w jeden dzie\u0144, w pewnej ich cz\u0119\u015bci mo\u017cna nawet przejecha\u0107 si\u0119 dzieci\u0119c\u0105 kolejk\u0105 parow\u0105. Kiedy b\u0119dziecie starsi, mo\u017cecie je te\u017c przej\u015b\u0107 na piechot\u0119\u201d.<\/p>\n\n\n\n<p>\u201eDobrze, dobrze, ale jaka jest ta kraina?\u201d \u2013 dopytywa\u0142y dzieci.<\/p>\n\n\n\n<p>Dziadek mrugn\u0105\u0142 na Maksia, a ten mu poda\u0142 ma\u0142e ukulele. Dziadek jeszcze raz mrugn\u0105\u0142 i Maksio wyj\u0105\u0142 ze swojego spakowanego plecaka ma\u0142\u0105 fujark\u0119.<\/p>\n\n\n\n<p><\/p>\n\n\n\n<blockquote class=\"wp-block-quote is-layout-flow wp-block-quote-is-layout-flow\">\n<p class=\"translation-block\">,,Tam, \u017cycie jest po prostu takie,\n\u017ce ka\u017cdy zaraz wierzy w cuda.\nTam, gdzie ka\u017cdy my\u015bli, \u017ce to jej kraniec,\ntam si\u0119 zaczyna czarodziejska kraina.<\/p>\n\n\n\n<p><\/p>\n\n\n\n<p class=\"translation-block\"><em>Kde si ka\u017ed\u00fd rob\u00ed, \u010do m\u00e1 r\u00e1d.<br>Kde je ka\u017ed\u00fd s ka\u017ed\u00fdm kamar\u00e1t.<br>Tam, kde si ka\u017ed\u00fd mysl\u00ed, \u017ee to kon\u010d\u00ed,<br>tam iba za\u010d\u00edna \u010darovn\u00e1 krajina.<\/em><\/p>\n\n\n\n<p><\/p>\n\n\n\n<p class=\"translation-block\"><em>Ani ve\u013ek\u00e1, ani mal\u00e1,<br>ani mlad\u00e1, ani star\u00e1,<br>to je z\u00e1zrak menom Haravara.<\/em><\/p>\n\n\n\n<p><\/p>\n\n\n\n<p class=\"translation-block\"><em>Ani ve\u013ek\u00e1, ani mal\u00e1,<\/em><br><em>ani mlad\u00e1, ani star\u00e1,<\/em> <br><em>to je z\u00e1zrak menom Haravara.\u201c<\/em><\/p>\n<\/blockquote>\n\n\n\n<p>Majka zastanowi\u0142a si\u0119: \u201eNo dobrze, ale dalej nie wiem, co nas tam czeka\u201c.<\/p>\n\n\n\n<p>\u201ePrzygoda, Majeczko\u201c \u2013 za\u015bpiewa\u0142 cienkim g\u0142osem dziadek i brzd\u0119kn\u0105\u0142 w ukulele.<\/p>\n\n\n\n<p>\u201ePrzygoda?\u201c \u2013 zdziwi\u0142a si\u0119 dziewczynka.<\/p>\n\n\n\n<p>\u201ePos\u0142uchaj, Figle-Migle dlatego nazywaj\u0105 si\u0119 Figle-Migle, \u017ce kiedy\u015b dawno temu chciano t\u0119 krain\u0119 nazwa\u0107 Krain\u0105 Zabawa. Mo\u017cna w niej przecie\u017c znale\u017a\u0107 wszystko to, co jest potrzebne do dobrej zabawy, <strong>, <\/strong>a tak\u017ce sporo emocji, tajemnic, pi\u0119knych, lecz niebezpiecznych rzeczy. Nikomu jednak nie podoba\u0142 si\u0119 pomys\u0142, by krain\u0119 nazwa\u0107 Zabawa. Wtedy komu\u015b przypomnia\u0142o si\u0119 przepi\u0119kne s\u0142\u00f3wko Figle-Migle, kt\u00f3re dzieci cz\u0119sto s\u0142ysza\u0142y w najstarszych ba\u015bniach. Gdy ludzie nie wiedzieli, jak co\u015b nazwa\u0107, a by\u0142o to tajemnicze i pi\u0119kne, kiedy czego\u015b by\u0142o wiele albo co\u015b by\u0142o stale w ruchu, wtedy nazywano to w ba\u015bniach Figle-Migle\u201c \u2013 wyja\u015bni\u0142 dziadek.<\/p>\n\n\n\n<p>\u201eNo dobrze, ale czy i dzisiaj jest taka?\u201c \u2013 dopytywa\u0142y dzieci.<\/p>\n\n\n\n<p>Figle-Migle zaczyna\u0142y si\u0119 im jednak ca\u0142kiem podoba\u0107.<\/p>\n\n\n\n<p>\u201eDzi\u015b Figle-Migle to kraina, w kt\u00f3rej \u017cyj\u0105 tacy sami zwykli ludzie jak my. To kraina pe\u0142na kolorowych dom\u00f3w, przejrzystych rzek, zielonych las\u00f3w, przez kt\u00f3re wiod\u0105 \u015bcie\u017cki. S\u0105 w niej ma\u0142e i du\u017ce domy, d\u0142ugie ulice, place z cukierniami oraz fontannami, a przede wszystkim pe\u0142no dzieci. W Figlach-Miglach wszyscy s\u0105 bardzo ciekawscy. Figlomilanie wci\u0105\u017c dok\u0105d\u015b je\u017cd\u017c\u0105, bo chc\u0105 pozna\u0107 wszystko to, co ich przodkowie odkryli, zbudowali i wymy\u015blili\u201c \u2013 ci\u0105gn\u0105\u0142 dziadek z Bylebyby\u0142o.<\/p>\n\n\n\n<p>\u201eDziadziu, to brzmi jak bajka\u201c \u2013 zaszczebiota\u0142a Majka.<\/p>\n\n\n\n<p>\u201eTak, bo taka w\u0142a\u015bnie jest ta kraina\u201c \u2013 dziadek na chwil\u0119 zaduma\u0142 si\u0119 i rzek\u0142:, \u201eJest ba\u015bniowa!\u201c.<\/p>\n\n\n\n<p>\u201eMaksiu, Majko, idziemy!\u201c \u2013 z kuchni rozleg\u0142 si\u0119 g\u0142os.<\/p>\n\n\n\n<p>\u201eDzi\u0119kuj\u0119, dziadku\u201c \u2013 Maksio obj\u0105\u0142 dziadka.<\/p>\n\n\n\n<p>\u201eMusimy ju\u017c i\u015b\u0107\u201c \u2013 powiedzia\u0142a troch\u0119 weselej Majka i te\u017c przytuli\u0142a si\u0119 do dziadka.<\/p>\n\n\n\n<p>\u201eNie b\u00f3jcie si\u0119, wszystko b\u0119dzie dobrze. Znajd\u017acie sobie tylko dobrych przyjaci\u00f3\u0142. Nie musi by\u0107 ich wielu. Wystarczy jeden, ale prawdziwy. Taki, z kt\u00f3rym jest i heca, i zabawa, i mo\u017cna si\u0119 czego\u015b nauczy\u0107 od siebie nawzajem \u201c.<\/p>\n\n\n\n<p>\u201eDobrze. Postaramy si\u0119\u201c \u2013 obieca\u0142y dzieci, a potem chwyci\u0142y swoje plecaki i torby.<\/p>\n\n\n\n<p>Do pokoju weszli mama, tata i trzej spece od przeprowadzek. Po pi\u0119ciu minutach pok\u00f3j by\u0142 pusty. Jakby nikt nigdy w nim nie mieszka\u0142.<\/p>\n\n\n\n<p>\u201ePa!\u201c \u2013 krzykn\u0119\u0142y dzieci do dziadka.<\/p>\n\n\n\n<p>Maksio i Majka wsiedli do auta razem z mam\u0105 i tat\u0105. Zaraz za nimi ruszy\u0142 wielki meblow\u00f3z wy\u0142adowany rzeczami z ich domku.<\/p>\n\n\n\n<p>Auto mkn\u0119\u0142o. Po jakich\u015b dw\u00f3ch godzinach nagle zobaczyli na skraju drogi tablic\u0119:<\/p>\n\n\n\n<p>KRAINA FIGLE-MIGLE \u2013 WITAJMY I ZAPRASZAMY DO ZABAWY! <strong>, <\/strong>VITAJTE A BAVTE SA<\/p>\n\n\n\n<p>Kiedy przejechali granic\u0119 krainy Figle-Migle, dzieci od razu przyklei\u0142y nosy do szyby samochodu i patrzy\u0142y na wszystko wko\u0142o. Zanim dojechali do stolicy Figli-Migli, czyli Koszyc, min\u0119li co najmniej trzy zamki, z dziesi\u0119\u0107 pa\u0142ac\u00f3w, przepi\u0119kne lasy, prze\u015bliczne \u0142\u0105ki, kilka jaski\u0144, przynajmniej cztery jeziora, a tak\u017ce kolorowe i pachn\u0105ce ogrody.&nbsp;<\/p>\n\n\n\n<p>Dzieciom teraz ju\u017c nie przeszkadza\u0142o, \u017ce si\u0119 przeprowadzaj\u0105. Wiedzia\u0142y, \u017ce je\u015bli zechc\u0105 zobaczy\u0107 co\u015b \u0142adnego, uda\u0107 si\u0119 na wycieczk\u0119, to b\u0119d\u0105 mia\u0142y dok\u0105d p\u00f3j\u015b\u0107. Byleby tylko tata i mama mieli czas na wycieczki.<\/p>\n\n\n\n<p>Zacz\u0119\u0142o si\u0119 im podoba\u0107 w Figlach-Miglach.<\/p>\n\n\n\n<p>Maksio nachyli\u0142 si\u0119 do Majki i szepn\u0105\u0142 cicho, \u017ceby rodzice nie us\u0142yszeli:<\/p>\n\n\n\n<p>\u201eJutro wybierzemy si\u0119 na pierwsz\u0105 wycieczk\u0119. Nie daleko, nie b\u00f3j si\u0119\u201c.<\/p>\n\n\n\n<p>\u201eI zaczniemy szuka\u0107 tego przyjaciela, o kt\u00f3rym m\u00f3wi\u0142 dziadzio\u201c \u2013 wyszepta\u0142a Majka.<\/p>\n\n\n\n<p>Samoch\u00f3d si\u0119 zatrzyma\u0142. Przed nimi by\u0142a d\u0142uga ulica pe\u0142na kolorowych przepi\u0119knych dom\u00f3w. Mi\u0119dzy nimi wznosi\u0142 si\u0119 jeden trzypi\u0119trowy, stary, lecz pi\u0119kny dom. By\u0142 najwy\u017cszy na ca\u0142ej ulicy. Nie uwierzycie, ale ta ulica nazywa\u0142a si\u0119 D\u0142uga.<\/p>\n\n\n\n<p>\u201eDzieci, chod\u017acie!\u201c \u2013 zawo\u0142a\u0142a mama.&nbsp;<\/p>\n\n\n\n<p>Ruszy\u0142y za ni\u0105 prosto w stron\u0119 tego wielkiego domu. Kiedy si\u0119 do niego zbli\u017cy\u0142y, zobaczy\u0142y pi\u0119kne du\u017ce okna i wysoki komin.<\/p>\n\n\n\n<p>\u201eTen dom jest prze\u015bliczny\u201c \u2013 wyszepta\u0142a Majka.<\/p>\n\n\n\n<p>\u201eZauwa\u017cy\u0142a\u015b ten obrazek na drzwiach? Jest jaki\u015b dziwny\u201c \u2013 powiedzia\u0142 Maksio.<\/p>\n\n\n\n<p>Kiedy podeszli bli\u017cej, dok\u0142adnie obejrzeli znajduj\u0105cy si\u0119 na nich herb z zielonym kotem. Ko\u0142o kota siedzia\u0142 ma\u0142y ch\u0142opiec w czapce i z plecakiem. Patrzy\u0142 rozmarzonym, lecz r\u00f3wnocze\u015bnie zdecydowanym wzrokiem w dal, ponad wszystkimi dachami ulicy D\u0142ugiej.<\/p>\n\n\n\n<p>\u201eKt\u00f3\u017c to mo\u017ce by\u0107?\u201c \u2013 zastanawia\u0142a si\u0119 Majka, wchodz\u0105c do \u015brodka.<\/p>\n\n\n\n<p>Dzieci wprowadzi\u0142y si\u0119 do swojego nowego pokoju. Rodzice powiedzieli im, \u017ce w najbli\u017cszych dniach nie b\u0119d\u0105 mie\u0107 dla nich wiele czasu, <strong>, <\/strong>bo przeprowadzka, bo praca, bo takie jest \u017cycie.<\/p>\n\n\n\n<p>Zatem Maksio z Majk\u0105 wcze\u015bnie rano wybrali si\u0119 na spacer po Koszycach. Przeszli ulic\u0119 D\u0142ug\u0105, potem pokr\u0119cili si\u0119 troch\u0119 po ulicy Garncarskiej, gdzie kupili sobie herbatk\u0119, na G\u0142\u00f3wnej przyrzekli sobie, \u017ce jak najszybciej p\u00f3jd\u0105 do tego przepi\u0119knego teatru, a tak\u017ce do Muzeum Techniki i do Muzeum Wschodnios\u0142owackiego zobaczy\u0107 skarb.&nbsp;<\/p>\n\n\n\n<p>Po przechadzce powoli wracali do domu.<\/p>\n\n\n\n<p>I wtedy w\u0142a\u015bnie to si\u0119 sta\u0142o. Ledwie weszli do domu i szli przez du\u017c\u0105 sie\u0144, gdy nagle ze \u015bciany wyszed\u0142 jaki\u015b ch\u0142opiec w \u015bmiesznej pomara\u0144czowej czapce.<\/p>\n\n\n\n<p>Majka krzykn\u0119\u0142a, a Maksio zawo\u0142a\u0142:<\/p>\n\n\n\n<p>\u201eCo si\u0119 dzieje? Kim jeste\u015b?\u201c<\/p>\n\n\n\n<p>Ch\u0142opiec zdziwi\u0142 si\u0119: \u201eWy mnie widzicie?\u201c<\/p>\n\n\n\n<p>\u201eA co my\u015blisz, \u017ce jeste\u015b niewidzialny?\u201c \u2013 odpowiedzia\u0142y dzieci.<\/p>\n\n\n\n<p>\u201eNo, do dzi\u015b tak my\u015bla\u0142em\u201c \u2013 powiedzia\u0142 zaskoczony ch\u0142opak.<\/p>\n\n\n\n<p>\u201eJak przeszed\u0142e\u015b przez \u015bcian\u0119? Czy nie przeszed\u0142e\u015b? Kr\u0119c\u0105 tutaj jaki\u015b film, czy co si\u0119 tu dzieje?!\u201c \u2013 Maksio i Majka przekrzykiwali si\u0119 nawzajem.<\/p>\n\n\n\n<p>\u201ePssst, pos\u0142uchajcie mnie\u201c \u2013 powiedzia\u0142 tajemniczo ch\u0142opak. Przyci\u0105gn\u0105\u0142 ich oboje do siebie i ostro\u017cnie szepn\u0105\u0142 do ucha: \u201eOsiem i p\u00f3\u0142 tysi\u0105ca lat czekam na kogo\u015b takiego, jak wy. Na kogo\u015b, kto mnie b\u0119dzie widzia\u0142 i s\u0142ysza\u0142\u201c.<\/p>\n\n\n\n<p>\u201eAle kim ty w\u0142a\u015bciwie jeste\u015b?\u201c \u2013 zapyta\u0142 Maksio.<\/p>\n\n\n\n<p>\u201eTy jeste\u015b tym ch\u0142opcem z plecakiem z herbu na naszych drzwiach!\u201c \u2013 wykrzykn\u0119\u0142a Majka z niedowierzaniem.<\/p>\n\n\n\n<p>\u201eTak. Jestem duchem Koszyc. Nazywam si\u0119 Kaszko\u201c \u2013 u\u015bmiechn\u0105\u0142 si\u0119 ch\u0142opiec.&nbsp;<\/p>\n\n\n\n<p>Dzieci zaniem\u00f3wi\u0142y zaskoczone.&nbsp;<\/p>\n\n\n\n<p>\u201eJak chcecie, mo\u017cemy si\u0119 przyja\u017ani\u0107. Nie mam wielu koleg\u00f3w. Teraz to w\u0142a\u015bciwie nie mam \u017cadnego\u201c.<\/p>\n\n\n\n<p>\u201eJak to mo\u017cliwe?\u201c \u2013 zapyta\u0142y zaskoczone dzieci.<\/p>\n\n\n\n<p>\u201eWi\u0119kszo\u015b\u0107 moich przyjaci\u00f3\u0142\u2013duch\u00f3w wyleguje si\u0119 teraz, odpoczywaj\u0105 lub snuj\u0105 si\u0119 bez celu po internecie. Mnie to nie bawi. Ch\u0119tniej posnu\u0142bym si\u0119 po Figlach-Miglach, pochodzi\u0142 na wycieczki, prze\u017cy\u0142 jakie\u015b przygody\u201c \u2013 powiedzia\u0142 Kaszko.<\/p>\n\n\n\n<p>\u201eJasne, my te\u017c!\u201c \u2013 rado\u015bnie krzykn\u0119\u0142y dzieci.<\/p>\n\n\n\n<p>\u201eCzy w takim razie mo\u017cemy by\u0107 przyjaci\u00f3\u0142mi?\u201c \u2013 zapyta\u0142 Kaszko i wyci\u0105gn\u0105\u0142 do nich swoj\u0105 r\u0119k\u0119.<\/p>\n\n\n\n<p>Dzieci spojrza\u0142y na siebie i pomy\u015bla\u0142y o zaj\u0119tych rodzicach oraz o tych wszystkich cudnych miejscach, kt\u00f3re widzia\u0142y po drodze, jad\u0105c do Koszyc, a przede wszystkim o dziadku i jego radzie dotycz\u0105cej przyjaci\u00f3\u0142.<\/p>\n\n\n\n<p>\u201eJa jestem Maksio\u201c \u2013 powiedzia\u0142 ch\u0142opiec i klepn\u0105\u0142 d\u0142oni\u0105 w d\u0142o\u0144 Kaszka.<\/p>\n\n\n\n<p>\u201eA ja jestem Majka\u201c \u2013 dziewczynka te\u017c klepn\u0119\u0142a r\u0119k\u0105 w r\u0119k\u0119 ducha.<\/p>\n\n\n\n<p>\u201eSuper, je\u015bli nie macie na jutro innych plan\u00f3w, to spotkajmy si\u0119 rano w tym miejscu i chod\u017amy na wycieczk\u0119\u201c \u2013 krzykn\u0105\u0142 zachwycony Kaszko.<\/p>\n\n\n\n<p>\u201eTakiego kumpla, mo\u017ce nam pozazdro\u015bci\u0107 ca\u0142y \u015bwiat\u201c \u2013 szepn\u0105\u0142 Maksio do Majki.<\/p>\n\n\n\n<p>Kiedy wieczorem dzieci po\u0142o\u017cy\u0142y si\u0119 do \u0142\u00f3\u017cek, z niecierpliwo\u015bci nie mog\u0142y zasn\u0105\u0107. Jutro p\u00f3jd\u0105 na wycieczk\u0119 z prawdziwym duchem! Wci\u0105\u017c jeszcze nie mog\u0142y w to uwierzy\u0107.&nbsp;<\/p>\n\n\n\n<p>\u201eZobaczymy, co b\u0119dzie rano\u201c \u2013 wyszepta\u0142 Maksio, pog\u0142aska\u0142 siostr\u0119 po g\u0142owie i oboje zasn\u0119li.<\/p>\n\n\n\n<p><\/p>\n\n\n\n<p><\/p>\n\n\n\n<blockquote class=\"wp-block-quote is-style-default is-layout-flow wp-block-quote-is-layout-flow\">\n<p><em>,,Chcesz wiedzie\u0107, kim jest ta tr\u00f3jka,<\/em><br><em>weso\u0142y duch Kaszko, Maksio i Majka?<\/em><br><em>Szybko wi\u0119c krzyknij w domu: Tato, Mamo!<\/em><br><em>Zabierz te\u017c siostr\u0119 i chod\u017acie z nami!&nbsp;<\/em><\/p>\n\n\n\n<p><\/p>\n\n\n\n<p><em>Tu w Figlach-Miglach mamy tyle cud\u00f3w,<\/em><br><em>\u017ce ka\u017cdy chce je widzie\u0107 zn\u00f3w.<\/em><br><em>U nas zobaczysz cuda i w zimie i w lecie.<\/em><br><em>Wierz mi, nie znajdziesz nic pi\u0119kniejszego na \u015bwiecie.&nbsp;<\/em><\/p>\n\n\n\n<p><\/p>\n\n\n\n<p><em>Nie s\u0105 wielkie ani ma\u0142e, <\/em><br><em>ani m\u0142ode, ani stare,<\/em><br><em>to s\u0105 Figle-Migle doskona\u0142e\u201d.<\/em><\/p>\n<\/blockquote>\n\n\n\n<p><\/p>\n\n\n<div class=\"wp-block-image\">\n<figure class=\"aligncenter size-large is-resized\"><img decoding=\"async\" width=\"701\" height=\"1024\" src=\"https:\/\/www.haravara.sk\/wp-content\/uploads\/2021\/03\/KASO-1-701x1024.png\" alt=\"\" class=\"wp-image-333\" style=\"width:317px;height:462px\" srcset=\"https:\/\/www.haravara.sk\/wp-content\/uploads\/2021\/03\/KASO-1-701x1024.png 701w, https:\/\/www.haravara.sk\/wp-content\/uploads\/2021\/03\/KASO-1-205x300.png 205w, https:\/\/www.haravara.sk\/wp-content\/uploads\/2021\/03\/KASO-1-768x1122.png 768w, https:\/\/www.haravara.sk\/wp-content\/uploads\/2021\/03\/KASO-1.png 821w\" sizes=\"(max-width: 701px) 100vw, 701px\" \/><\/figure>\n<\/div>","protected":false},"excerpt":{"rendered":"<p>Zozn\u00e1mte sa s pr\u00edbehom krajiny Haravara a duchom Ka\u0161kom, ktor\u00fd v\u00e1s zoberie na tie najkraj\u0161ie miesta v celom okol\u00ed, napl\u00e1nuje v\u00fdlety alebo rozpovie svoje pr\u00edbehy. <\/p>","protected":false},"featured_media":1992,"menu_order":0,"template":"","format":"standard","meta":{"_acf_changed":false,"footnotes":""},"categories":[],"class_list":["post-53","pribehy","type-pribehy","status-publish","format-standard","has-post-thumbnail","hentry"],"acf":[],"yoast_head":"<!-- This site is optimized with the Yoast SEO Premium plugin v22.7 (Yoast SEO v27.2) - https:\/\/yoast.com\/product\/yoast-seo-premium-wordpress\/ -->\n<title>HARAVARA - Audio rozpr\u00e1vka - Hlavn\u00fd pr\u00edbeh krajiny Haravara<\/title>\n<meta name=\"description\" content=\"\ud83c\udf44\ud83c\udfb2Zozn\u00e1mte sa s pr\u00edbehom krajiny Haravara a duchom Ka\u0161kom, ktor\u00fd v\u00e1s zoberie na tie najkraj\u0161ie miesta v celej Haravare.\" \/>\n<meta name=\"robots\" content=\"index, follow, max-snippet:-1, max-image-preview:large, max-video-preview:-1\" \/>\n<link rel=\"canonical\" href=\"https:\/\/www.haravara.sk\/pl\/pribehy\/ako-sa-maxik-s-majkou-zoznamili-s-krajinou-haravara-a-s-duchom-kaskom\/\" \/>\n<meta property=\"og:locale\" content=\"pl_PL\" \/>\n<meta property=\"og:type\" content=\"article\" \/>\n<meta property=\"og:title\" content=\"\ud83c\udf44\u2728Ako sa Max\u00edk s Majkou zozn\u00e1mili s krajinou Haravara a s duchom Ka\u0161kom - HARAVARA\" \/>\n<meta property=\"og:description\" content=\"Zozn\u00e1mte sa s pr\u00edbehom krajiny Haravara a duchom Ka\u0161kom, ktor\u00fd v\u00e1s zoberie na tie najkraj\u0161ie miesta v celom okol\u00ed, napl\u00e1nuje v\u00fdlety alebo rozpovie svoje pr\u00edbehy.\" \/>\n<meta property=\"og:url\" content=\"https:\/\/www.haravara.sk\/pl\/pribehy\/ako-sa-maxik-s-majkou-zoznamili-s-krajinou-haravara-a-s-duchom-kaskom\/\" \/>\n<meta property=\"og:site_name\" content=\"HARAVARA\" \/>\n<meta property=\"article:publisher\" content=\"https:\/\/www.facebook.com\/haravara.detsky.svet\" \/>\n<meta property=\"article:modified_time\" content=\"2025-10-12T23:10:01+00:00\" \/>\n<meta property=\"og:image\" content=\"https:\/\/www.haravara.sk\/wp-content\/uploads\/2021\/02\/pribehove-ilustracie-2.jpg\" \/>\n\t<meta property=\"og:image:width\" content=\"1200\" \/>\n\t<meta property=\"og:image:height\" content=\"628\" \/>\n\t<meta property=\"og:image:type\" content=\"image\/jpeg\" \/>\n<meta name=\"twitter:card\" content=\"summary_large_image\" \/>\n<meta name=\"twitter:title\" content=\"Ako sa Max\u00edk s Majkou zozn\u00e1mili s krajinou Haravara a s duchom Ka\u0161kom\" \/>\n<meta name=\"twitter:label1\" content=\"Szacowany czas czytania\" \/>\n\t<meta name=\"twitter:data1\" content=\"8 minut\" \/>\n<script type=\"application\/ld+json\" class=\"yoast-schema-graph\">{\"@context\":\"https:\/\/schema.org\",\"@graph\":[{\"@type\":\"WebPage\",\"@id\":\"https:\/\/www.haravara.sk\/pribehy\/ako-sa-maxik-s-majkou-zoznamili-s-krajinou-haravara-a-s-duchom-kaskom\/\",\"url\":\"https:\/\/www.haravara.sk\/pribehy\/ako-sa-maxik-s-majkou-zoznamili-s-krajinou-haravara-a-s-duchom-kaskom\/\",\"name\":\"HARAVARA - Audio rozpr\u00e1vka - Hlavn\u00fd pr\u00edbeh krajiny Haravara\",\"isPartOf\":{\"@id\":\"https:\/\/www.haravara.sk\/#website\"},\"primaryImageOfPage\":{\"@id\":\"https:\/\/www.haravara.sk\/pribehy\/ako-sa-maxik-s-majkou-zoznamili-s-krajinou-haravara-a-s-duchom-kaskom\/#primaryimage\"},\"image\":{\"@id\":\"https:\/\/www.haravara.sk\/pribehy\/ako-sa-maxik-s-majkou-zoznamili-s-krajinou-haravara-a-s-duchom-kaskom\/#primaryimage\"},\"thumbnailUrl\":\"https:\/\/www.haravara.sk\/wp-content\/uploads\/2021\/02\/pribehove-ilustracie-1.jpg\",\"datePublished\":\"2025-10-10T13:06:12+00:00\",\"dateModified\":\"2025-10-12T23:10:01+00:00\",\"description\":\"\ud83c\udf44\ud83c\udfb2Zozn\u00e1mte sa s pr\u00edbehom krajiny Haravara a duchom Ka\u0161kom, ktor\u00fd v\u00e1s zoberie na tie najkraj\u0161ie miesta v celej Haravare.\",\"breadcrumb\":{\"@id\":\"https:\/\/www.haravara.sk\/pribehy\/ako-sa-maxik-s-majkou-zoznamili-s-krajinou-haravara-a-s-duchom-kaskom\/#breadcrumb\"},\"inLanguage\":\"pl-PL\",\"potentialAction\":[{\"@type\":\"ReadAction\",\"target\":[\"https:\/\/www.haravara.sk\/pribehy\/ako-sa-maxik-s-majkou-zoznamili-s-krajinou-haravara-a-s-duchom-kaskom\/\"]}]},{\"@type\":\"ImageObject\",\"inLanguage\":\"pl-PL\",\"@id\":\"https:\/\/www.haravara.sk\/pribehy\/ako-sa-maxik-s-majkou-zoznamili-s-krajinou-haravara-a-s-duchom-kaskom\/#primaryimage\",\"url\":\"https:\/\/www.haravara.sk\/wp-content\/uploads\/2021\/02\/pribehove-ilustracie-1.jpg\",\"contentUrl\":\"https:\/\/www.haravara.sk\/wp-content\/uploads\/2021\/02\/pribehove-ilustracie-1.jpg\",\"width\":1200,\"height\":628,\"caption\":\"Haravara - ako sa Max a Majka zozn\u00e1mili s krajinou Haravara\"},{\"@type\":\"BreadcrumbList\",\"@id\":\"https:\/\/www.haravara.sk\/pribehy\/ako-sa-maxik-s-majkou-zoznamili-s-krajinou-haravara-a-s-duchom-kaskom\/#breadcrumb\",\"itemListElement\":[{\"@type\":\"ListItem\",\"position\":1,\"name\":\"Domov\",\"item\":\"https:\/\/www.haravara.sk\/\"},{\"@type\":\"ListItem\",\"position\":2,\"name\":\"Pr\u00edbehy\",\"item\":\"https:\/\/www.haravara.sk\/pribehy\/\"},{\"@type\":\"ListItem\",\"position\":3,\"name\":\"Ako sa Max\u00edk s Majkou zozn\u00e1mili s krajinou Haravara a s duchom Ka\u0161kom\"}]},{\"@type\":\"WebSite\",\"@id\":\"https:\/\/www.haravara.sk\/#website\",\"url\":\"https:\/\/www.haravara.sk\/\",\"name\":\"HARAVARA\",\"description\":\"Objav detsk\u00fd svet v Ko\u0161ickom kraji\",\"publisher\":{\"@id\":\"https:\/\/www.haravara.sk\/#organization\"},\"potentialAction\":[{\"@type\":\"SearchAction\",\"target\":{\"@type\":\"EntryPoint\",\"urlTemplate\":\"https:\/\/www.haravara.sk\/?s={search_term_string}\"},\"query-input\":{\"@type\":\"PropertyValueSpecification\",\"valueRequired\":true,\"valueName\":\"search_term_string\"}}],\"inLanguage\":\"pl-PL\"},{\"@type\":\"Organization\",\"@id\":\"https:\/\/www.haravara.sk\/#organization\",\"name\":\"Haravara\",\"url\":\"https:\/\/www.haravara.sk\/\",\"logo\":{\"@type\":\"ImageObject\",\"inLanguage\":\"pl-PL\",\"@id\":\"https:\/\/www.haravara.sk\/#\/schema\/logo\/image\/\",\"url\":\"https:\/\/www.haravara.sk\/wp-content\/uploads\/2021\/04\/LOGO-LandingPage.png\",\"contentUrl\":\"https:\/\/www.haravara.sk\/wp-content\/uploads\/2021\/04\/LOGO-LandingPage.png\",\"width\":832,\"height\":618,\"caption\":\"Haravara\"},\"image\":{\"@id\":\"https:\/\/www.haravara.sk\/#\/schema\/logo\/image\/\"},\"sameAs\":[\"https:\/\/www.facebook.com\/haravara.detsky.svet\"]}]}<\/script>\n<!-- \/ Yoast SEO Premium plugin. -->","yoast_head_json":{"title":"HARAVARA - Audio rozpr\u00e1vka - Hlavn\u00fd pr\u00edbeh krajiny Haravara","description":"\ud83c\udf44\ud83c\udfb2Zozn\u00e1mte sa s pr\u00edbehom krajiny Haravara a duchom Ka\u0161kom, ktor\u00fd v\u00e1s zoberie na tie najkraj\u0161ie miesta v celej Haravare.","robots":{"index":"index","follow":"follow","max-snippet":"max-snippet:-1","max-image-preview":"max-image-preview:large","max-video-preview":"max-video-preview:-1"},"canonical":"https:\/\/www.haravara.sk\/pl\/pribehy\/ako-sa-maxik-s-majkou-zoznamili-s-krajinou-haravara-a-s-duchom-kaskom\/","og_locale":"pl_PL","og_type":"article","og_title":"\ud83c\udf44\u2728Ako sa Max\u00edk s Majkou zozn\u00e1mili s krajinou Haravara a s duchom Ka\u0161kom - HARAVARA","og_description":"Zozn\u00e1mte sa s pr\u00edbehom krajiny Haravara a duchom Ka\u0161kom, ktor\u00fd v\u00e1s zoberie na tie najkraj\u0161ie miesta v celom okol\u00ed, napl\u00e1nuje v\u00fdlety alebo rozpovie svoje pr\u00edbehy.","og_url":"https:\/\/www.haravara.sk\/pl\/pribehy\/ako-sa-maxik-s-majkou-zoznamili-s-krajinou-haravara-a-s-duchom-kaskom\/","og_site_name":"HARAVARA","article_publisher":"https:\/\/www.facebook.com\/haravara.detsky.svet","article_modified_time":"2025-10-12T23:10:01+00:00","og_image":[{"width":1200,"height":628,"url":"https:\/\/www.haravara.sk\/wp-content\/uploads\/2021\/02\/pribehove-ilustracie-2.jpg","type":"image\/jpeg"}],"twitter_card":"summary_large_image","twitter_title":"Ako sa Max\u00edk s Majkou zozn\u00e1mili s krajinou Haravara a s duchom Ka\u0161kom","twitter_misc":{"Szacowany czas czytania":"8 minut"},"schema":{"@context":"https:\/\/schema.org","@graph":[{"@type":"WebPage","@id":"https:\/\/www.haravara.sk\/pribehy\/ako-sa-maxik-s-majkou-zoznamili-s-krajinou-haravara-a-s-duchom-kaskom\/","url":"https:\/\/www.haravara.sk\/pribehy\/ako-sa-maxik-s-majkou-zoznamili-s-krajinou-haravara-a-s-duchom-kaskom\/","name":"HARAVARA - Audio rozpr\u00e1vka - Hlavn\u00fd pr\u00edbeh krajiny Haravara","isPartOf":{"@id":"https:\/\/www.haravara.sk\/#website"},"primaryImageOfPage":{"@id":"https:\/\/www.haravara.sk\/pribehy\/ako-sa-maxik-s-majkou-zoznamili-s-krajinou-haravara-a-s-duchom-kaskom\/#primaryimage"},"image":{"@id":"https:\/\/www.haravara.sk\/pribehy\/ako-sa-maxik-s-majkou-zoznamili-s-krajinou-haravara-a-s-duchom-kaskom\/#primaryimage"},"thumbnailUrl":"https:\/\/www.haravara.sk\/wp-content\/uploads\/2021\/02\/pribehove-ilustracie-1.jpg","datePublished":"2025-10-10T13:06:12+00:00","dateModified":"2025-10-12T23:10:01+00:00","description":"\ud83c\udf44\ud83c\udfb2Zozn\u00e1mte sa s pr\u00edbehom krajiny Haravara a duchom Ka\u0161kom, ktor\u00fd v\u00e1s zoberie na tie najkraj\u0161ie miesta v celej Haravare.","breadcrumb":{"@id":"https:\/\/www.haravara.sk\/pribehy\/ako-sa-maxik-s-majkou-zoznamili-s-krajinou-haravara-a-s-duchom-kaskom\/#breadcrumb"},"inLanguage":"pl-PL","potentialAction":[{"@type":"ReadAction","target":["https:\/\/www.haravara.sk\/pribehy\/ako-sa-maxik-s-majkou-zoznamili-s-krajinou-haravara-a-s-duchom-kaskom\/"]}]},{"@type":"ImageObject","inLanguage":"pl-PL","@id":"https:\/\/www.haravara.sk\/pribehy\/ako-sa-maxik-s-majkou-zoznamili-s-krajinou-haravara-a-s-duchom-kaskom\/#primaryimage","url":"https:\/\/www.haravara.sk\/wp-content\/uploads\/2021\/02\/pribehove-ilustracie-1.jpg","contentUrl":"https:\/\/www.haravara.sk\/wp-content\/uploads\/2021\/02\/pribehove-ilustracie-1.jpg","width":1200,"height":628,"caption":"Haravara - ako sa Max a Majka zozn\u00e1mili s krajinou Haravara"},{"@type":"BreadcrumbList","@id":"https:\/\/www.haravara.sk\/pribehy\/ako-sa-maxik-s-majkou-zoznamili-s-krajinou-haravara-a-s-duchom-kaskom\/#breadcrumb","itemListElement":[{"@type":"ListItem","position":1,"name":"Domov","item":"https:\/\/www.haravara.sk\/"},{"@type":"ListItem","position":2,"name":"Pr\u00edbehy","item":"https:\/\/www.haravara.sk\/pribehy\/"},{"@type":"ListItem","position":3,"name":"Ako sa Max\u00edk s Majkou zozn\u00e1mili s krajinou Haravara a s duchom Ka\u0161kom"}]},{"@type":"WebSite","@id":"https:\/\/www.haravara.sk\/#website","url":"https:\/\/www.haravara.sk\/","name":"HARAVARA","description":"Objav detsk\u00fd svet v Ko\u0161ickom kraji","publisher":{"@id":"https:\/\/www.haravara.sk\/#organization"},"potentialAction":[{"@type":"SearchAction","target":{"@type":"EntryPoint","urlTemplate":"https:\/\/www.haravara.sk\/?s={search_term_string}"},"query-input":{"@type":"PropertyValueSpecification","valueRequired":true,"valueName":"search_term_string"}}],"inLanguage":"pl-PL"},{"@type":"Organization","@id":"https:\/\/www.haravara.sk\/#organization","name":"Haravara","url":"https:\/\/www.haravara.sk\/","logo":{"@type":"ImageObject","inLanguage":"pl-PL","@id":"https:\/\/www.haravara.sk\/#\/schema\/logo\/image\/","url":"https:\/\/www.haravara.sk\/wp-content\/uploads\/2021\/04\/LOGO-LandingPage.png","contentUrl":"https:\/\/www.haravara.sk\/wp-content\/uploads\/2021\/04\/LOGO-LandingPage.png","width":832,"height":618,"caption":"Haravara"},"image":{"@id":"https:\/\/www.haravara.sk\/#\/schema\/logo\/image\/"},"sameAs":["https:\/\/www.facebook.com\/haravara.detsky.svet"]}]}},"_links":{"self":[{"href":"https:\/\/www.haravara.sk\/pl\/wp-json\/wp\/v2\/pribehy\/53","targetHints":{"allow":["GET"]}}],"collection":[{"href":"https:\/\/www.haravara.sk\/pl\/wp-json\/wp\/v2\/pribehy"}],"about":[{"href":"https:\/\/www.haravara.sk\/pl\/wp-json\/wp\/v2\/types\/pribehy"}],"version-history":[{"count":4,"href":"https:\/\/www.haravara.sk\/pl\/wp-json\/wp\/v2\/pribehy\/53\/revisions"}],"predecessor-version":[{"id":19055,"href":"https:\/\/www.haravara.sk\/pl\/wp-json\/wp\/v2\/pribehy\/53\/revisions\/19055"}],"wp:featuredmedia":[{"embeddable":true,"href":"https:\/\/www.haravara.sk\/pl\/wp-json\/wp\/v2\/media\/1992"}],"wp:attachment":[{"href":"https:\/\/www.haravara.sk\/pl\/wp-json\/wp\/v2\/media?parent=53"}],"wp:term":[{"taxonomy":"category","embeddable":true,"href":"https:\/\/www.haravara.sk\/pl\/wp-json\/wp\/v2\/categories?post=53"}],"curies":[{"name":"wp","href":"https:\/\/api.w.org\/{rel}","templated":true}]}}