{"id":14375,"date":"2023-07-03T09:11:45","date_gmt":"2023-07-03T08:11:45","guid":{"rendered":"https:\/\/www.haravara.sk\/?post_type=vylety&#038;p=14375"},"modified":"2023-07-03T09:11:46","modified_gmt":"2023-07-03T08:11:46","slug":"z-porac-parku-k-cervenej-skale","status":"publish","type":"vylety","link":"https:\/\/www.haravara.sk\/pl\/vylety\/z-porac-parku-k-cervenej-skale\/","title":{"rendered":"Z Por\u00e1\u010d Parku k \u010cervenej skale"},"content":{"rendered":"<blockquote class=\"wp-block-quote is-layout-flow wp-block-quote-is-layout-flow\">\n<div class=\"wp-block-group\"><div class=\"wp-block-group__inner-container is-layout-flow wp-block-group-is-layout-flow\">\n<div class=\"wp-block-group has-global-padding\"><div class=\"wp-block-group__inner-container is-layout-constrained wp-block-group-is-layout-constrained\">\n<p><em><strong> \"Ka\u0161ko, \u010do znamen\u00e1 by\u0165 skautom?\" <br>\"Skaut je pomenovanie pre \u010dloveka, ktor\u00fd sa neboj\u00ed ni\u010doho, zvl\u00e1dne pre\u017ei\u0165 \u010das v pr\u00edrode a je ve\u013emi priate\u013esk\u00fd\" vysvet\u013eoval Ka\u0161ko Majke. <br>\"Aj ja chcem by\u0165 skautom!\" kri\u010dala nedo\u010dkavo Majka.<br>,,V\u00fdborne kamar\u00e1ti, to r\u00e1d po\u010dujem, a preto v\u00e1s zoberiem do Por\u00e1\u010d parku, kde za\u017eijeme ozajstn\u00fd skautsk\u00fd de\u0148.\" <\/strong><\/em><\/p>\n<\/div><\/div>\n<\/div><\/div>\n<\/blockquote>\n\n\n\n<div style=\"height:47px\" aria-hidden=\"true\" class=\"wp-block-spacer\"><\/div>\n\n\n\n<figure class=\"wp-block-gallery has-nested-images columns-default is-cropped wp-block-gallery-1 is-layout-flex wp-block-gallery-is-layout-flex\">\n<figure class=\"wp-block-image size-large\"><img decoding=\"async\" width=\"1024\" height=\"683\" data-id=\"14377\" src=\"https:\/\/www.haravara.sk\/wp-content\/uploads\/2023\/06\/DSC04762-1024x683.jpg\" alt=\"\" class=\"wp-image-14377\" srcset=\"https:\/\/www.haravara.sk\/wp-content\/uploads\/2023\/06\/DSC04762-1024x683.jpg 1024w, https:\/\/www.haravara.sk\/wp-content\/uploads\/2023\/06\/DSC04762-300x200.jpg 300w, https:\/\/www.haravara.sk\/wp-content\/uploads\/2023\/06\/DSC04762-768x512.jpg 768w, https:\/\/www.haravara.sk\/wp-content\/uploads\/2023\/06\/DSC04762-1536x1024.jpg 1536w, https:\/\/www.haravara.sk\/wp-content\/uploads\/2023\/06\/DSC04762-2048x1365.jpg 2048w, https:\/\/www.haravara.sk\/wp-content\/uploads\/2023\/06\/DSC04762.jpg 5521w\" sizes=\"(max-width: 1024px) 100vw, 1024px\" \/><figcaption class=\"wp-element-caption\">\u0160t\u00f4l\u0148a Pavol <\/figcaption><\/figure>\n\n\n\n<figure class=\"wp-block-image size-large\"><img decoding=\"async\" width=\"1024\" height=\"768\" data-id=\"3249\" src=\"https:\/\/www.haravara.sk\/wp-content\/uploads\/2021\/04\/Porac-1024x768.jpg\" alt=\"\" class=\"wp-image-3249\" srcset=\"https:\/\/www.haravara.sk\/wp-content\/uploads\/2021\/04\/Porac-1024x768.jpg 1024w, https:\/\/www.haravara.sk\/wp-content\/uploads\/2021\/04\/Porac-300x225.jpg 300w, https:\/\/www.haravara.sk\/wp-content\/uploads\/2021\/04\/Porac-768x576.jpg 768w, https:\/\/www.haravara.sk\/wp-content\/uploads\/2021\/04\/Porac-1536x1152.jpg 1536w, https:\/\/www.haravara.sk\/wp-content\/uploads\/2021\/04\/Porac.jpg 1707w\" sizes=\"(max-width: 1024px) 100vw, 1024px\" \/><figcaption class=\"wp-element-caption\">Por\u00e1\u010d Park<\/figcaption><\/figure>\n\n\n\n<figure class=\"wp-block-image size-full\"><img decoding=\"async\" width=\"680\" height=\"509\" data-id=\"14378\" src=\"https:\/\/www.haravara.sk\/wp-content\/uploads\/2023\/06\/195sk_1.jpg\" alt=\"\" class=\"wp-image-14378\" srcset=\"https:\/\/www.haravara.sk\/wp-content\/uploads\/2023\/06\/195sk_1.jpg 680w, https:\/\/www.haravara.sk\/wp-content\/uploads\/2023\/06\/195sk_1-300x225.jpg 300w\" sizes=\"(max-width: 680px) 100vw, 680px\" \/><figcaption class=\"wp-element-caption\">\u010cerven\u00e1 skala<\/figcaption><\/figure>\n<\/figure>\n\n\n\n<div style=\"height:33px\" aria-hidden=\"true\" class=\"wp-block-spacer\"><\/div>\n\n\n\n<h3 class=\"wp-block-heading\" id=\"h-v-let-v-skratke\"><mark style=\"background-color:rgba(0, 0, 0, 0);color:#ba20a4\" class=\"has-inline-color\"><strong>Wycieczka w skr\u00f3cie<\/strong><\/mark><\/h3>\n\n\n\n<div class=\"wp-block-columns is-layout-flex wp-container-core-columns-is-layout-28f84493 wp-block-columns-is-layout-flex\">\n<div class=\"wp-block-column is-layout-flow wp-block-column-is-layout-flow\" style=\"flex-basis:100%\">\n<div class=\"wp-block-columns alignwide is-layout-flex wp-container-core-columns-is-layout-28f84493 wp-block-columns-is-layout-flex\">\n<div class=\"wp-block-column is-layout-flow wp-block-column-is-layout-flow\" style=\"flex-basis:43%\">\n<figure class=\"wp-block-image size-full\"><img decoding=\"async\" width=\"500\" height=\"500\" src=\"https:\/\/www.haravara.sk\/wp-content\/uploads\/2023\/01\/Kopia-suboru-BUS.png\" alt=\"\" class=\"wp-image-11085\" srcset=\"https:\/\/www.haravara.sk\/wp-content\/uploads\/2023\/01\/Kopia-suboru-BUS.png 500w, https:\/\/www.haravara.sk\/wp-content\/uploads\/2023\/01\/Kopia-suboru-BUS-300x300.png 300w, https:\/\/www.haravara.sk\/wp-content\/uploads\/2023\/01\/Kopia-suboru-BUS-150x150.png 150w\" sizes=\"(max-width: 500px) 100vw, 500px\" \/><\/figure>\n<\/div>\n\n\n\n<div class=\"wp-block-column is-layout-flow wp-block-column-is-layout-flow\" style=\"flex-basis:57%\">\n<p>V\u00fdlete za\u010dnete v <a href=\"https:\/\/www.haravara.sk\/pl\/atrakcie\/porac-park\/\">Por\u00e1\u010d Parku<\/a>. Zaparkova\u0165 m\u00f4\u017eete v are\u00e1li hotela Por\u00e1\u010d park, alebo v jeho bl\u00edzkosti. Hotel Por\u00e1\u010d Park je ide\u00e1lne miesto, kde sa m\u00f4\u017eete vr\u00e1ti\u0165 na obed, ale taktie\u017e sa tu dos\u00fdta vybl\u00e1zni\u0165 na preliezkach, \u010di dokonca vyu\u017ei\u0165 ich lezeck\u00fa stenu alebo \u013eadov\u00e9 klzisko.<\/p>\n\n\n\n<div style=\"height:37px\" aria-hidden=\"true\" class=\"wp-block-spacer\"><\/div>\n\n\n\n<p>V Por\u00e1\u010d Parku sa nach\u00e1dza <a href=\"https:\/\/www.terraincognita.sk\/terra-v-terene-banictvo-na-spisi\/\">Por\u00e1\u010dsky ban\u00edcky chodn\u00edk<\/a>. S\u00fa\u010das\u0165ou chodn\u00edka s\u00fa \u0161t\u00f4lne, ktor\u00fdch je v parku viacero. Najzn\u00e1mej\u0161ie s\u00fa \u0160t\u00f4l\u0148a Pavol a \u0160t\u00f4l\u0148a Peter. N\u00e1jdete tu aj detsk\u00fd ban\u00edcky are\u00e1l, kde sa m\u00f4\u017eete zahra\u0165 na ozajstn\u00fdch ban\u00edkov. <\/p>\n\n\n\n<div style=\"height:44px\" aria-hidden=\"true\" class=\"wp-block-spacer\"><\/div>\n\n\n\n<p>Pr\u00edstup k \u010cervenej skale je jednoduch\u00fd a nen\u00e1ro\u010dn\u00fd. M\u00f4\u017eete si zvoli\u0165 svoju trasu. Na v\u00fdber s\u00fa 2 mo\u017enosti. Prv\u00e1 mo\u017enos\u0165 je cesta z Por\u00e1\u010d Parku, ktor\u00e1 vedie lesnou dolinou na lesn\u00fa cestu. Druh\u00e1, menej n\u00e1ro\u010dn\u00e1, je priamo z obce Por\u00e1\u010d. Cesta z obce Por\u00e1\u010d sa spoj\u00ed s cestou z Por\u00e1\u010dskej doliny.<\/p>\n\n\n\n<div style=\"height:42px\" aria-hidden=\"true\" class=\"wp-block-spacer\"><\/div>\n<\/div>\n<\/div>\n<\/div>\n<\/div>\n\n\n\n<h3 class=\"wp-block-heading\" id=\"h-mapa-n-ho-jednod-ov-ho-v-letu\"><mark style=\"background-color:rgba(0, 0, 0, 0);color:#ba20a4\" class=\"has-inline-color\"><strong>Mapa wycieczki<\/strong><\/mark><\/h3>\n\n\n<p><iframe style=\"border:none\" src=\"https:\/\/sk.frame.mapy.cz\/s\/mefudunamu\" width=\"100%\" height=\"280\" frameborder=\"0\"><\/iframe><\/p>\n\n\n\n<div style=\"height:45px\" aria-hidden=\"true\" class=\"wp-block-spacer\"><\/div>\n\n\n\n<h3 class=\"wp-block-heading\" id=\"h-o-uvid-te\"><mark style=\"background-color:rgba(0, 0, 0, 0);color:#ba20a4\" class=\"has-inline-color\"><strong>Na co mo\u017cesz liczy\u0107?<\/strong><\/mark><\/h3>\n\n\n\n<figure class=\"wp-block-image size-large\"><img decoding=\"async\" width=\"1024\" height=\"768\" src=\"https:\/\/www.haravara.sk\/wp-content\/uploads\/2021\/04\/Porac-1024x768.jpg\" alt=\"\" class=\"wp-image-3249\" srcset=\"https:\/\/www.haravara.sk\/wp-content\/uploads\/2021\/04\/Porac-1024x768.jpg 1024w, https:\/\/www.haravara.sk\/wp-content\/uploads\/2021\/04\/Porac-300x225.jpg 300w, https:\/\/www.haravara.sk\/wp-content\/uploads\/2021\/04\/Porac-768x576.jpg 768w, https:\/\/www.haravara.sk\/wp-content\/uploads\/2021\/04\/Porac-1536x1152.jpg 1536w, https:\/\/www.haravara.sk\/wp-content\/uploads\/2021\/04\/Porac.jpg 1707w\" sizes=\"(max-width: 1024px) 100vw, 1024px\" \/><\/figure>\n\n\n\n<h5 class=\"wp-block-heading\" id=\"h-por-park\"><a href=\"https:\/\/www.haravara.sk\/pl\/atrakcie\/porac-park\/\">Por\u00e1\u010d Park <\/a><\/h5>\n\n\n\n<p>V Srdci Por\u00e1\u010dskej doliny sa nach\u00e1dza Por\u00e1\u010d Park, kde n\u00e1jdete ponuku pestrej palety relaxu na bicykloch, turistiky, \u0161portovania v telocvi\u010dni i hale s \u013eadov\u00fdm klziskom. S celou rodinkou si tam ka\u017ed\u00fd pr\u00edde na svoje. Ne\u010faleko hotela objav\u00edte ban\u00edcky are\u00e1l, pln\u00fd zauj\u00edmav\u00fdch interakt\u00edvnych prvkov. <\/p>\n\n\n\n<div style=\"height:45px\" aria-hidden=\"true\" class=\"wp-block-spacer\"><\/div>\n\n\n\n<figure class=\"wp-block-gallery has-nested-images columns-default is-cropped wp-block-gallery-2 is-layout-flex wp-block-gallery-is-layout-flex\">\n<figure class=\"wp-block-image size-large\"><img decoding=\"async\" width=\"680\" height=\"509\" data-id=\"14380\" src=\"https:\/\/www.haravara.sk\/wp-content\/uploads\/2023\/06\/149skabove_2.jpg\" alt=\"\" class=\"wp-image-14380\" srcset=\"https:\/\/www.haravara.sk\/wp-content\/uploads\/2023\/06\/149skabove_2.jpg 680w, https:\/\/www.haravara.sk\/wp-content\/uploads\/2023\/06\/149skabove_2-300x225.jpg 300w\" sizes=\"(max-width: 680px) 100vw, 680px\" \/><\/figure>\n\n\n\n<figure class=\"wp-block-image size-large\"><img decoding=\"async\" width=\"1024\" height=\"683\" data-id=\"14381\" src=\"https:\/\/www.haravara.sk\/wp-content\/uploads\/2023\/06\/DSC04762-1-1024x683.jpg\" alt=\"\" class=\"wp-image-14381\" srcset=\"https:\/\/www.haravara.sk\/wp-content\/uploads\/2023\/06\/DSC04762-1-1024x683.jpg 1024w, https:\/\/www.haravara.sk\/wp-content\/uploads\/2023\/06\/DSC04762-1-300x200.jpg 300w, https:\/\/www.haravara.sk\/wp-content\/uploads\/2023\/06\/DSC04762-1-768x512.jpg 768w, https:\/\/www.haravara.sk\/wp-content\/uploads\/2023\/06\/DSC04762-1-1536x1024.jpg 1536w, https:\/\/www.haravara.sk\/wp-content\/uploads\/2023\/06\/DSC04762-1-2048x1365.jpg 2048w, https:\/\/www.haravara.sk\/wp-content\/uploads\/2023\/06\/DSC04762-1.jpg 5521w\" sizes=\"(max-width: 1024px) 100vw, 1024px\" \/><\/figure>\n\n\n\n<figure class=\"wp-block-image size-large\"><img decoding=\"async\" width=\"683\" height=\"1024\" data-id=\"14382\" src=\"https:\/\/www.haravara.sk\/wp-content\/uploads\/2023\/06\/DSC04766-683x1024.jpg\" alt=\"\" class=\"wp-image-14382\" srcset=\"https:\/\/www.haravara.sk\/wp-content\/uploads\/2023\/06\/DSC04766-683x1024.jpg 683w, https:\/\/www.haravara.sk\/wp-content\/uploads\/2023\/06\/DSC04766-200x300.jpg 200w, https:\/\/www.haravara.sk\/wp-content\/uploads\/2023\/06\/DSC04766-768x1152.jpg 768w, https:\/\/www.haravara.sk\/wp-content\/uploads\/2023\/06\/DSC04766-1024x1536.jpg 1024w, https:\/\/www.haravara.sk\/wp-content\/uploads\/2023\/06\/DSC04766-1365x2048.jpg 1365w, https:\/\/www.haravara.sk\/wp-content\/uploads\/2023\/06\/DSC04766.jpg 3893w\" sizes=\"(max-width: 683px) 100vw, 683px\" \/><\/figure>\n<\/figure>\n\n\n\n<h5 class=\"wp-block-heading\" id=\"h-t-l-a-peter-a-t-l-a-pavol\"><a href=\"https:\/\/www.terraincognita.sk\/terra-v-terene-banictvo-na-spisi\/\">\u0160t\u00f4l\u0148a Peter a \u0160t\u00f4l\u0148a Pavol<\/a><\/h5>\n\n\n\n<p>V Por\u00e1\u010d Parku sa nach\u00e1dza Por\u00e1\u010dska ban\u00edcka cesta. V \u0160t\u00f4lni Peter m\u00f4\u017eete nahliadnu\u0165 do spr\u00edstupnenej chodby, dlhej 120 metrov. Nechajte poc\u00edti\u0165 atmosf\u00e9ru ban\u00edkov. Pred zakon\u010den\u00edm \u0161t\u00f4lne sa nach\u00e1dza geologick\u00fd vrt s&nbsp;ozna\u010den\u00edm Ry-20, predpoklad\u00e1 sa, \u017ee bol vyv\u0155tan\u00fd v&nbsp;roku 1958.&nbsp;Jeho h\u013abka je 460&nbsp;m a&nbsp;je uklonen\u00fd na&nbsp;sever.&nbsp;<\/p>\n\n\n\n<p>\u0160t\u00f4l\u0148a Pavol na nach\u00e1dza pri zelenej chate. T\u00e1 sl\u00fa\u017ei v dne\u0161nej dobe ako ban\u00edcke m\u00fazeum. T\u00e1to \u0161t\u00f4l\u0148a je ni\u017e\u0161ia ako \u0161t\u00f4l\u0148a Peter o 15 metrov. Archeol\u00f3govia predpokladaj\u00fa, \u017ee obe \u0161t\u00f4lne mohli by\u0165 prepojen\u00e9. <\/p>\n\n\n\n<div style=\"height:45px\" aria-hidden=\"true\" class=\"wp-block-spacer\"><\/div>\n\n\n\n<figure class=\"wp-block-image size-full is-resized\"><img decoding=\"async\" src=\"https:\/\/www.haravara.sk\/wp-content\/uploads\/2023\/06\/195sk_1.jpg\" alt=\"\" class=\"wp-image-14378\" width=\"839\" height=\"628\" srcset=\"https:\/\/www.haravara.sk\/wp-content\/uploads\/2023\/06\/195sk_1.jpg 680w, https:\/\/www.haravara.sk\/wp-content\/uploads\/2023\/06\/195sk_1-300x225.jpg 300w\" sizes=\"(max-width: 839px) 100vw, 839px\" \/><\/figure>\n\n\n\n<h5 class=\"wp-block-heading\" id=\"h-erven-skal\">\u010cerven\u00e1 skal\u00e1<\/h5>\n\n\n\n<p>Tieto skaly patria medzi chr\u00e1nen\u00e9 \u00fazemie. Za chr\u00e1nen\u00e9 ho pova\u017eujeme od roku 1981. Naz\u00fdvame ich aj ako \"stenu\" Por\u00e1\u010dskej doliny a a planiny Galmus vo Volovsk\u00fdch vrchoch, medzi obcami Por\u00e1\u010d a Slovinky. Okrem z\u00e1vere\u010dn\u00e9ho v\u00fdh\u013eadu na cel\u00fa dolinu tu n\u00e1jdete aj v\u00fdznamn\u00e9 prvky fauny aj fl\u00f3ry. <\/p>\n\n\n\n<div style=\"height:59px\" aria-hidden=\"true\" class=\"wp-block-spacer\"><\/div>\n\n\n\n<h3 class=\"wp-block-heading\" id=\"h-pre-koho-je-v-let-ur-en\"><mark style=\"background-color:rgba(0, 0, 0, 0);color:#ba20a4\" class=\"has-inline-color\"><strong>Komu mo\u017cna poleci\u0107 wycieczk\u0119?<\/strong><\/mark><\/h3>\n\n\n\n<ul class=\"wp-block-list\">\n<li>odv\u00e1\u017enych skautov<\/li>\n\n\n\n<li>- mi\u0142o\u015bnikom historii i aktywno\u015bci<\/li>\n\n\n\n<li>pre mal\u00fdch a ve\u013ek\u00fdch \u0161k\u00f4lkarov<\/li>\n<\/ul>\n\n\n\n<div style=\"height:37px\" aria-hidden=\"true\" class=\"wp-block-spacer\"><\/div>\n\n\n\n<h3 class=\"wp-block-heading\" id=\"h-ot-zky-pre-ikovn-ch-haravar-anov\"><mark style=\"background-color:rgba(0, 0, 0, 0);color:#ba20a4\" class=\"has-inline-color\"><strong>Pytania do odwiedzaj\u0105cych krain\u0119 Haravara<\/strong><\/mark><\/h3>\n\n\n\n<div class=\"wp-block-media-text is-stacked-on-mobile is-vertically-aligned-center\" style=\"grid-template-columns:43% auto\"><figure class=\"wp-block-media-text__media\"><img decoding=\"async\" width=\"1024\" height=\"1024\" src=\"https:\/\/www.haravara.sk\/wp-content\/uploads\/2021\/02\/kompas-1024x1024.png\" alt=\"\" class=\"wp-image-865 size-full\" srcset=\"https:\/\/www.haravara.sk\/wp-content\/uploads\/2021\/02\/kompas-1024x1024.png 1024w, https:\/\/www.haravara.sk\/wp-content\/uploads\/2021\/02\/kompas-300x300.png 300w, https:\/\/www.haravara.sk\/wp-content\/uploads\/2021\/02\/kompas-150x150.png 150w, https:\/\/www.haravara.sk\/wp-content\/uploads\/2021\/02\/kompas-768x768.png 768w, https:\/\/www.haravara.sk\/wp-content\/uploads\/2021\/02\/kompas-1536x1536.png 1536w, https:\/\/www.haravara.sk\/wp-content\/uploads\/2021\/02\/kompas-2048x2048.png 2048w, https:\/\/www.haravara.sk\/wp-content\/uploads\/2021\/02\/kompas.png 3000w\" sizes=\"(max-width: 1024px) 100vw, 1024px\" \/><\/figure><div class=\"wp-block-media-text__content\">\n<ol class=\"wp-block-list\">\n<li>Pre\u010do vol\u00e1me \u010cerven\u00fa skalu \"stenou\"? <\/li>\n\n\n\n<li>Na \u010do sl\u00fa\u017eili kedysi \u0161t\u00f4lne? <\/li>\n\n\n\n<li>Medzi ak\u00fdmi pohoriami sa nach\u00e1dza Por\u00e1\u010d Park? <\/li>\n<\/ol>\n<\/div><\/div>\n\n\n\n<h3 class=\"wp-block-heading\" id=\"h-mo-nosti-stravovania-na-v-lete\"><mark style=\"background-color:rgba(0, 0, 0, 0);color:#ba20a4\" class=\"has-inline-color\"><strong>Gdzie zje\u015b\u0107 w okolicy<\/strong><\/mark><\/h3>\n\n\n\n<p><a href=\"https:\/\/www.poracpark.sk\/\">Re\u0161taur\u00e1cia Por\u00e1\u010d Park, 053 23 Por\u00e1\u010d<\/a><\/p>\n\n\n\n<div style=\"height:45px\" aria-hidden=\"true\" class=\"wp-block-spacer\"><\/div>\n\n\n\n<h3 class=\"wp-block-heading\" id=\"h-mo-nosti-ubytovania-na-v-lete\"><mark style=\"background-color:rgba(0, 0, 0, 0);color:#ba20a4\" class=\"has-inline-color\"><strong>Gdzie przenocowa\u0107 w okolicy<\/strong><\/mark><\/h3>\n\n\n\n<div class=\"wp-block-media-text has-media-on-the-right is-stacked-on-mobile is-vertically-aligned-top\" style=\"grid-template-columns:auto 46%\"><div class=\"wp-block-media-text__content\">\n<p><a href=\"https:\/\/www.poracpark.sk\/\">Horsk\u00fd hotel Por\u00e1\u010d Park relax &amp; sport centrum, <\/a><br>Por\u00e1\u010dska dolina, 053 23 Slovensk\u00e1 Republika<br>tel: <a href=\"tel: +421 905 794 705\">+421 905 794 705<\/a><br>poracpark@poracpark.sk<\/p>\n\n\n\n<p>Drevenica u Milo\u0161a, Por\u00e1\u010dska dolina, 053 23 Por\u00e1\u010d, web: <a href=\"https:\/\/www.rajnachatach.sk\/drevenica-u-milosa\/\">https:\/\/www.rajnachatach.sk\/drevenica-u-milosa\/<\/a>, tel. kontakt: <a href=\"http:\/\/tel.: 0918538508\">0918538508<\/a><\/p>\n\n\n\n<p>Chata JURAJ Por\u00e1\u010dska Dolina, Por\u00e1\u010d 480, 053 23 Por\u00e1\u010d, tel.: <a href=\"http:\/\/tel.: 0903905634\">0903905634<\/a><\/p>\n\n\n\n<p>Chata \u010cierny bocian, 053 40 Slovinky<\/p>\n<\/div><figure class=\"wp-block-media-text__media\"><img decoding=\"async\" width=\"500\" height=\"500\" src=\"https:\/\/www.haravara.sk\/wp-content\/uploads\/2021\/03\/OTAZNIK.png\" alt=\"\" class=\"wp-image-1222 size-full\" srcset=\"https:\/\/www.haravara.sk\/wp-content\/uploads\/2021\/03\/OTAZNIK.png 500w, https:\/\/www.haravara.sk\/wp-content\/uploads\/2021\/03\/OTAZNIK-300x300.png 300w, https:\/\/www.haravara.sk\/wp-content\/uploads\/2021\/03\/OTAZNIK-150x150.png 150w\" sizes=\"(max-width: 500px) 100vw, 500px\" \/><\/figure><\/div>\n\n\n\n<div style=\"height:39px\" aria-hidden=\"true\" class=\"wp-block-spacer\"><\/div>","protected":false},"excerpt":{"rendered":"<p>V\u00fdlet v skratke V\u00fdlete za\u010dnete v Por\u00e1\u010d Parku. Zaparkova\u0165 m\u00f4\u017eete v are\u00e1li hotela Por\u00e1\u010d park, alebo v jeho bl\u00edzkosti. Hotel Por\u00e1\u010d Park je ide\u00e1lne miesto, kde sa m\u00f4\u017eete vr\u00e1ti\u0165 na obed, ale taktie\u017e sa tu dos\u00fdta vybl\u00e1zni\u0165 na preliezkach, \u010di dokonca vyu\u017ei\u0165 ich lezeck\u00fa stenu alebo \u013eadov\u00e9 klzisko. V Por\u00e1\u010d Parku sa nach\u00e1dza Por\u00e1\u010dsky ban\u00edcky...<\/p>","protected":false},"featured_media":14382,"menu_order":0,"template":"","format":"standard","meta":{"_acf_changed":false,"footnotes":""},"categories":[17,1],"class_list":["post-14375","vylety","type-vylety","status-publish","format-standard","has-post-thumbnail","hentry","category-jednodnove-vylety","category-tipy-pre-rodicov"],"acf":[],"yoast_head":"<!-- This site is optimized with the Yoast SEO Premium plugin v22.7 (Yoast SEO v27.2) - https:\/\/yoast.com\/product\/yoast-seo-premium-wordpress\/ -->\n<title>\u2b50 HARAVARA- Tip na rodinn\u00fd v\u00fdlet - Z Por\u00e1\u010d Parku k \u010cervenej skale<\/title>\n<meta name=\"description\" content=\"Jednod\u0148ov\u00e9 v\u00fdlety - vyberme sa na jednod\u0148ov\u00fd v\u00fdlet do \u010darovnej krajiny Haravara! Za\u017eite skvel\u00fd de\u0148 pln\u00fd spozn\u00e1vania a z\u00e1bavy.\" \/>\n<meta name=\"robots\" content=\"index, follow, max-snippet:-1, max-image-preview:large, max-video-preview:-1\" \/>\n<link rel=\"canonical\" href=\"https:\/\/www.haravara.sk\/pl\/vylety\/z-porac-parku-k-cervenej-skale\/\" \/>\n<meta property=\"og:locale\" content=\"pl_PL\" \/>\n<meta property=\"og:type\" content=\"article\" \/>\n<meta property=\"og:title\" content=\"\u2b50HARAVARA - Tip na v\u00fdlet s de\u0165mi v Ko\u0161ickom kraji - Z Por\u00e1\u010d Parku k \u010cervenej skale\" \/>\n<meta property=\"og:description\" content=\"Jednod\u0148ov\u00e9 v\u00fdlety - vyberme sa na jednod\u0148ov\u00fd v\u00fdlet do \u010darovnej krajiny Haravara! Za\u017eite skvel\u00fd de\u0148 pln\u00fd spozn\u00e1vania a z\u00e1bavy.\" \/>\n<meta property=\"og:url\" content=\"https:\/\/www.haravara.sk\/pl\/vylety\/z-porac-parku-k-cervenej-skale\/\" \/>\n<meta property=\"og:site_name\" content=\"HARAVARA\" \/>\n<meta property=\"article:publisher\" content=\"https:\/\/www.facebook.com\/haravara.detsky.svet\" \/>\n<meta property=\"article:modified_time\" content=\"2023-07-03T08:11:46+00:00\" \/>\n<meta property=\"og:image\" content=\"https:\/\/www.haravara.sk\/wp-content\/uploads\/2023\/06\/DSC04766-683x1024.jpg\" \/>\n\t<meta property=\"og:image:width\" content=\"683\" \/>\n\t<meta property=\"og:image:height\" content=\"1024\" \/>\n\t<meta property=\"og:image:type\" content=\"image\/jpeg\" \/>\n<meta name=\"twitter:card\" content=\"summary_large_image\" \/>\n<meta name=\"twitter:title\" content=\"Z Por\u00e1\u010d Parku k \u010cervenej skale\" \/>\n<meta name=\"twitter:label1\" content=\"Szacowany czas czytania\" \/>\n\t<meta name=\"twitter:data1\" content=\"5 minut\" \/>\n<script type=\"application\/ld+json\" class=\"yoast-schema-graph\">{\"@context\":\"https:\/\/schema.org\",\"@graph\":[{\"@type\":\"WebPage\",\"@id\":\"https:\/\/www.haravara.sk\/vylety\/z-porac-parku-k-cervenej-skale\/\",\"url\":\"https:\/\/www.haravara.sk\/vylety\/z-porac-parku-k-cervenej-skale\/\",\"name\":\"\u2b50 HARAVARA- Tip na rodinn\u00fd v\u00fdlet - Z Por\u00e1\u010d Parku k \u010cervenej skale\",\"isPartOf\":{\"@id\":\"https:\/\/www.haravara.sk\/#website\"},\"primaryImageOfPage\":{\"@id\":\"https:\/\/www.haravara.sk\/vylety\/z-porac-parku-k-cervenej-skale\/#primaryimage\"},\"image\":{\"@id\":\"https:\/\/www.haravara.sk\/vylety\/z-porac-parku-k-cervenej-skale\/#primaryimage\"},\"thumbnailUrl\":\"https:\/\/www.haravara.sk\/wp-content\/uploads\/2023\/06\/DSC04766.jpg\",\"datePublished\":\"2023-07-03T08:11:45+00:00\",\"dateModified\":\"2023-07-03T08:11:46+00:00\",\"description\":\"Jednod\u0148ov\u00e9 v\u00fdlety - vyberme sa na jednod\u0148ov\u00fd v\u00fdlet do \u010darovnej krajiny Haravara! Za\u017eite skvel\u00fd de\u0148 pln\u00fd spozn\u00e1vania a z\u00e1bavy.\",\"breadcrumb\":{\"@id\":\"https:\/\/www.haravara.sk\/vylety\/z-porac-parku-k-cervenej-skale\/#breadcrumb\"},\"inLanguage\":\"pl-PL\",\"potentialAction\":[{\"@type\":\"ReadAction\",\"target\":[\"https:\/\/www.haravara.sk\/vylety\/z-porac-parku-k-cervenej-skale\/\"]}]},{\"@type\":\"ImageObject\",\"inLanguage\":\"pl-PL\",\"@id\":\"https:\/\/www.haravara.sk\/vylety\/z-porac-parku-k-cervenej-skale\/#primaryimage\",\"url\":\"https:\/\/www.haravara.sk\/wp-content\/uploads\/2023\/06\/DSC04766.jpg\",\"contentUrl\":\"https:\/\/www.haravara.sk\/wp-content\/uploads\/2023\/06\/DSC04766.jpg\",\"width\":3893,\"height\":5839},{\"@type\":\"BreadcrumbList\",\"@id\":\"https:\/\/www.haravara.sk\/vylety\/z-porac-parku-k-cervenej-skale\/#breadcrumb\",\"itemListElement\":[{\"@type\":\"ListItem\",\"position\":1,\"name\":\"Domov\",\"item\":\"https:\/\/www.haravara.sk\/\"},{\"@type\":\"ListItem\",\"position\":2,\"name\":\"V\u00fdlety\",\"item\":\"https:\/\/www.haravara.sk\/vylety\/\"},{\"@type\":\"ListItem\",\"position\":3,\"name\":\"Z Por\u00e1\u010d Parku k \u010cervenej skale\"}]},{\"@type\":\"WebSite\",\"@id\":\"https:\/\/www.haravara.sk\/#website\",\"url\":\"https:\/\/www.haravara.sk\/\",\"name\":\"HARAVARA\",\"description\":\"Objav detsk\u00fd svet v Ko\u0161ickom kraji\",\"publisher\":{\"@id\":\"https:\/\/www.haravara.sk\/#organization\"},\"potentialAction\":[{\"@type\":\"SearchAction\",\"target\":{\"@type\":\"EntryPoint\",\"urlTemplate\":\"https:\/\/www.haravara.sk\/?s={search_term_string}\"},\"query-input\":{\"@type\":\"PropertyValueSpecification\",\"valueRequired\":true,\"valueName\":\"search_term_string\"}}],\"inLanguage\":\"pl-PL\"},{\"@type\":\"Organization\",\"@id\":\"https:\/\/www.haravara.sk\/#organization\",\"name\":\"Haravara\",\"url\":\"https:\/\/www.haravara.sk\/\",\"logo\":{\"@type\":\"ImageObject\",\"inLanguage\":\"pl-PL\",\"@id\":\"https:\/\/www.haravara.sk\/#\/schema\/logo\/image\/\",\"url\":\"https:\/\/www.haravara.sk\/wp-content\/uploads\/2021\/04\/LOGO-LandingPage.png\",\"contentUrl\":\"https:\/\/www.haravara.sk\/wp-content\/uploads\/2021\/04\/LOGO-LandingPage.png\",\"width\":832,\"height\":618,\"caption\":\"Haravara\"},\"image\":{\"@id\":\"https:\/\/www.haravara.sk\/#\/schema\/logo\/image\/\"},\"sameAs\":[\"https:\/\/www.facebook.com\/haravara.detsky.svet\"]}]}<\/script>\n<!-- \/ Yoast SEO Premium plugin. -->","yoast_head_json":{"title":"\u2b50 HARAVARA- Tip na rodinn\u00fd v\u00fdlet - Z Por\u00e1\u010d Parku k \u010cervenej skale","description":"Jednod\u0148ov\u00e9 v\u00fdlety - vyberme sa na jednod\u0148ov\u00fd v\u00fdlet do \u010darovnej krajiny Haravara! Za\u017eite skvel\u00fd de\u0148 pln\u00fd spozn\u00e1vania a z\u00e1bavy.","robots":{"index":"index","follow":"follow","max-snippet":"max-snippet:-1","max-image-preview":"max-image-preview:large","max-video-preview":"max-video-preview:-1"},"canonical":"https:\/\/www.haravara.sk\/pl\/vylety\/z-porac-parku-k-cervenej-skale\/","og_locale":"pl_PL","og_type":"article","og_title":"\u2b50HARAVARA - Tip na v\u00fdlet s de\u0165mi v Ko\u0161ickom kraji - Z Por\u00e1\u010d Parku k \u010cervenej skale","og_description":"Jednod\u0148ov\u00e9 v\u00fdlety - vyberme sa na jednod\u0148ov\u00fd v\u00fdlet do \u010darovnej krajiny Haravara! Za\u017eite skvel\u00fd de\u0148 pln\u00fd spozn\u00e1vania a z\u00e1bavy.","og_url":"https:\/\/www.haravara.sk\/pl\/vylety\/z-porac-parku-k-cervenej-skale\/","og_site_name":"HARAVARA","article_publisher":"https:\/\/www.facebook.com\/haravara.detsky.svet","article_modified_time":"2023-07-03T08:11:46+00:00","og_image":[{"width":683,"height":1024,"url":"https:\/\/www.haravara.sk\/wp-content\/uploads\/2023\/06\/DSC04766-683x1024.jpg","type":"image\/jpeg"}],"twitter_card":"summary_large_image","twitter_title":"Z Por\u00e1\u010d Parku k \u010cervenej skale","twitter_misc":{"Szacowany czas czytania":"5 minut"},"schema":{"@context":"https:\/\/schema.org","@graph":[{"@type":"WebPage","@id":"https:\/\/www.haravara.sk\/vylety\/z-porac-parku-k-cervenej-skale\/","url":"https:\/\/www.haravara.sk\/vylety\/z-porac-parku-k-cervenej-skale\/","name":"\u2b50 HARAVARA- Tip na rodinn\u00fd v\u00fdlet - Z Por\u00e1\u010d Parku k \u010cervenej skale","isPartOf":{"@id":"https:\/\/www.haravara.sk\/#website"},"primaryImageOfPage":{"@id":"https:\/\/www.haravara.sk\/vylety\/z-porac-parku-k-cervenej-skale\/#primaryimage"},"image":{"@id":"https:\/\/www.haravara.sk\/vylety\/z-porac-parku-k-cervenej-skale\/#primaryimage"},"thumbnailUrl":"https:\/\/www.haravara.sk\/wp-content\/uploads\/2023\/06\/DSC04766.jpg","datePublished":"2023-07-03T08:11:45+00:00","dateModified":"2023-07-03T08:11:46+00:00","description":"Jednod\u0148ov\u00e9 v\u00fdlety - vyberme sa na jednod\u0148ov\u00fd v\u00fdlet do \u010darovnej krajiny Haravara! Za\u017eite skvel\u00fd de\u0148 pln\u00fd spozn\u00e1vania a z\u00e1bavy.","breadcrumb":{"@id":"https:\/\/www.haravara.sk\/vylety\/z-porac-parku-k-cervenej-skale\/#breadcrumb"},"inLanguage":"pl-PL","potentialAction":[{"@type":"ReadAction","target":["https:\/\/www.haravara.sk\/vylety\/z-porac-parku-k-cervenej-skale\/"]}]},{"@type":"ImageObject","inLanguage":"pl-PL","@id":"https:\/\/www.haravara.sk\/vylety\/z-porac-parku-k-cervenej-skale\/#primaryimage","url":"https:\/\/www.haravara.sk\/wp-content\/uploads\/2023\/06\/DSC04766.jpg","contentUrl":"https:\/\/www.haravara.sk\/wp-content\/uploads\/2023\/06\/DSC04766.jpg","width":3893,"height":5839},{"@type":"BreadcrumbList","@id":"https:\/\/www.haravara.sk\/vylety\/z-porac-parku-k-cervenej-skale\/#breadcrumb","itemListElement":[{"@type":"ListItem","position":1,"name":"Domov","item":"https:\/\/www.haravara.sk\/"},{"@type":"ListItem","position":2,"name":"V\u00fdlety","item":"https:\/\/www.haravara.sk\/vylety\/"},{"@type":"ListItem","position":3,"name":"Z Por\u00e1\u010d Parku k \u010cervenej skale"}]},{"@type":"WebSite","@id":"https:\/\/www.haravara.sk\/#website","url":"https:\/\/www.haravara.sk\/","name":"HARAVARA","description":"Objav detsk\u00fd svet v Ko\u0161ickom kraji","publisher":{"@id":"https:\/\/www.haravara.sk\/#organization"},"potentialAction":[{"@type":"SearchAction","target":{"@type":"EntryPoint","urlTemplate":"https:\/\/www.haravara.sk\/?s={search_term_string}"},"query-input":{"@type":"PropertyValueSpecification","valueRequired":true,"valueName":"search_term_string"}}],"inLanguage":"pl-PL"},{"@type":"Organization","@id":"https:\/\/www.haravara.sk\/#organization","name":"Haravara","url":"https:\/\/www.haravara.sk\/","logo":{"@type":"ImageObject","inLanguage":"pl-PL","@id":"https:\/\/www.haravara.sk\/#\/schema\/logo\/image\/","url":"https:\/\/www.haravara.sk\/wp-content\/uploads\/2021\/04\/LOGO-LandingPage.png","contentUrl":"https:\/\/www.haravara.sk\/wp-content\/uploads\/2021\/04\/LOGO-LandingPage.png","width":832,"height":618,"caption":"Haravara"},"image":{"@id":"https:\/\/www.haravara.sk\/#\/schema\/logo\/image\/"},"sameAs":["https:\/\/www.facebook.com\/haravara.detsky.svet"]}]}},"_links":{"self":[{"href":"https:\/\/www.haravara.sk\/pl\/wp-json\/wp\/v2\/vylety\/14375","targetHints":{"allow":["GET"]}}],"collection":[{"href":"https:\/\/www.haravara.sk\/pl\/wp-json\/wp\/v2\/vylety"}],"about":[{"href":"https:\/\/www.haravara.sk\/pl\/wp-json\/wp\/v2\/types\/vylety"}],"version-history":[{"count":2,"href":"https:\/\/www.haravara.sk\/pl\/wp-json\/wp\/v2\/vylety\/14375\/revisions"}],"predecessor-version":[{"id":14426,"href":"https:\/\/www.haravara.sk\/pl\/wp-json\/wp\/v2\/vylety\/14375\/revisions\/14426"}],"wp:featuredmedia":[{"embeddable":true,"href":"https:\/\/www.haravara.sk\/pl\/wp-json\/wp\/v2\/media\/14382"}],"wp:attachment":[{"href":"https:\/\/www.haravara.sk\/pl\/wp-json\/wp\/v2\/media?parent=14375"}],"wp:term":[{"taxonomy":"category","embeddable":true,"href":"https:\/\/www.haravara.sk\/pl\/wp-json\/wp\/v2\/categories?post=14375"}],"curies":[{"name":"wp","href":"https:\/\/api.w.org\/{rel}","templated":true}]}}