{"id":19422,"date":"2025-07-08T11:54:09","date_gmt":"2025-07-08T10:54:09","guid":{"rendered":"https:\/\/www.haravara.sk\/?post_type=vylety&#038;p=19422"},"modified":"2025-07-09T10:32:33","modified_gmt":"2025-07-09T09:32:33","slug":"farebny-den-na-spisi-duha-vcely-a-cesta-bojovnika","status":"publish","type":"vylety","link":"https:\/\/www.haravara.sk\/pl\/vylety\/farebny-den-na-spisi-duha-vcely-a-cesta-bojovnika\/","title":{"rendered":"Farebn\u00fd de\u0148 na Spi\u0161i: D\u00faha, v\u010dely a cesta bojovn\u00edka"},"content":{"rendered":"<blockquote class=\"wp-block-quote is-style-default is-layout-flow wp-block-quote-is-layout-flow\">\n<blockquote class=\"wp-block-quote is-layout-flow wp-block-quote-is-layout-flow\">\n<p><\/p>\n<\/blockquote>\n<\/blockquote>\n\n\n\n<blockquote class=\"wp-block-quote is-layout-flow wp-block-quote-is-layout-flow\">\n<p><em><strong>\u201eMax, ako vlastne vznik\u00e1 d\u00faha?\u201c \u2013 \u201eTo je, ke\u010f slnko svieti cez kvapky vody, a tie sa rozbij\u00fa na farby!\u201c Majka sa zamyslene zad\u00edvala na oblohu. \u201eTo znie ako \u010darodejn\u00edctvo... alebo k\u00fazlo.\u201c \u201eJe to fyzika!\u201c povedal Max v\u00e1\u017ene \u2013 ale trochu sa pritom usmial. Vtom sa znenazdajky ozval zn\u00e1my tich\u00fd hlas \u2013 duch Ka\u0161ko.<br>\u201eAle \u010do keby som v\u00e1m uk\u00e1zal d\u00fahu, ktor\u00e1 vodu naozaj pije? Nie je z da\u017e\u010fa, ale z dreva. A namiesto toho, aby sa stratila, ost\u00e1va st\u00e1\u0165 v krajine ako br\u00e1na do in\u00e9ho sveta...\u201c \u201eNaozaj existuje tak\u00e1?\u201c zvolala Majka. \u201eLen ak sa vyd\u00e1te so mnou na v\u00fdlet,\u201c povedal Ka\u0161ko tajomne. \u201eUk\u00e1\u017eem v\u00e1m d\u00fahu, ktor\u00e1 sp\u00e1ja nebo so zemou, v\u010dely, ktor\u00e9 poznaj\u00fa v\u00f4\u0148u raja, aj lesn\u00fa cestu, po ktorej kr\u00e1\u010dali star\u00ed bojovn\u00edci...\u201c<\/strong><\/em><\/p>\n<\/blockquote>\n\n\n\n<div style=\"height:23px\" aria-hidden=\"true\" class=\"wp-block-spacer\"><\/div>\n\n\n\n<figure class=\"wp-block-gallery has-nested-images columns-default is-cropped wp-block-gallery-1 is-layout-flex wp-block-gallery-is-layout-flex\">\n<figure class=\"wp-block-image size-full\"><img decoding=\"async\" width=\"960\" height=\"540\" data-id=\"19453\" src=\"https:\/\/www.haravara.sk\/wp-content\/uploads\/2025\/07\/Dizajn-bez-nazvu.jpg\" alt=\"\" class=\"wp-image-19453\" srcset=\"https:\/\/www.haravara.sk\/wp-content\/uploads\/2025\/07\/Dizajn-bez-nazvu.jpg 960w, https:\/\/www.haravara.sk\/wp-content\/uploads\/2025\/07\/Dizajn-bez-nazvu-300x169.jpg 300w, https:\/\/www.haravara.sk\/wp-content\/uploads\/2025\/07\/Dizajn-bez-nazvu-768x432.jpg 768w, https:\/\/www.haravara.sk\/wp-content\/uploads\/2025\/07\/Dizajn-bez-nazvu-18x10.jpg 18w\" sizes=\"(max-width: 960px) 100vw, 960px\" \/><figcaption class=\"wp-element-caption\"><a href=\"https:\/\/www.haravara.sk\/pl\/atrakcie\/duha-vodu-pije\/\">D\u00faha vodu pije<\/a><\/figcaption><\/figure>\n\n\n\n<figure class=\"wp-block-image size-full\"><img decoding=\"async\" width=\"1000\" height=\"667\" data-id=\"19437\" src=\"https:\/\/www.haravara.sk\/wp-content\/uploads\/2025\/07\/KP_0012.jpg\" alt=\"\" class=\"wp-image-19437\" srcset=\"https:\/\/www.haravara.sk\/wp-content\/uploads\/2025\/07\/KP_0012.jpg 1000w, https:\/\/www.haravara.sk\/wp-content\/uploads\/2025\/07\/KP_0012-300x200.jpg 300w, https:\/\/www.haravara.sk\/wp-content\/uploads\/2025\/07\/KP_0012-768x512.jpg 768w, https:\/\/www.haravara.sk\/wp-content\/uploads\/2025\/07\/KP_0012-18x12.jpg 18w\" sizes=\"(max-width: 1000px) 100vw, 1000px\" \/><figcaption class=\"wp-element-caption\"><br><a href=\"https:\/\/www.haravara.sk\/pl\/atrakcie\/ekovcelnica-v-hrabusiciach\/\">Rajskie Pszczo\u0142y, czyli V\u010dely raja<\/a><\/figcaption><\/figure>\n\n\n\n<figure class=\"wp-block-image size-full\"><img decoding=\"async\" width=\"980\" height=\"693\" data-id=\"19425\" src=\"https:\/\/www.haravara.sk\/wp-content\/uploads\/2025\/07\/cesta-bojovnika.jpg\" alt=\"\" class=\"wp-image-19425\" srcset=\"https:\/\/www.haravara.sk\/wp-content\/uploads\/2025\/07\/cesta-bojovnika.jpg 980w, https:\/\/www.haravara.sk\/wp-content\/uploads\/2025\/07\/cesta-bojovnika-300x212.jpg 300w, https:\/\/www.haravara.sk\/wp-content\/uploads\/2025\/07\/cesta-bojovnika-768x543.jpg 768w, https:\/\/www.haravara.sk\/wp-content\/uploads\/2025\/07\/cesta-bojovnika-18x12.jpg 18w\" sizes=\"(max-width: 980px) 100vw, 980px\" \/><figcaption class=\"wp-element-caption\">Cesta bojovn\u00edka<\/figcaption><\/figure>\n<\/figure>\n\n\n\n<div style=\"height:33px\" aria-hidden=\"true\" class=\"wp-block-spacer\"><\/div>\n\n\n\n<h3 class=\"wp-block-heading\" id=\"h-vylet-v-skratke\"><strong><span style=\"color:#ba20a4\" class=\"has-inline-color\"><strong><strong>Wycieczka w skr\u00f3cie<\/strong><\/strong><\/span><\/strong><\/h3>\n\n\n\n<div class=\"wp-block-columns is-layout-flex wp-container-core-columns-is-layout-28f84493 wp-block-columns-is-layout-flex\">\n<div class=\"wp-block-column is-layout-flow wp-block-column-is-layout-flow\" style=\"flex-basis:50%\">\n<p>Tento jednod\u0148ov\u00fd rodinn\u00fd v\u00fdlet v\u00e1s zavedie do \u010darovn\u00e9ho regi\u00f3nu&nbsp;<strong>Spi\u0161<\/strong>, kde objav\u00edte unik\u00e1tne miesta prep\u00e1jaj\u00face pr\u00edrodu, umenie a dobrodru\u017estvo. V obci&nbsp;<strong>Smi\u017eany<\/strong>&nbsp;n\u00e1jdete monument\u00e1lne landartov\u00e9 dielo&nbsp;<strong>D\u00faha vodu pije<\/strong>, v&nbsp;<strong>Hrabu\u0161iciach<\/strong>&nbsp;sa zastav\u00edte v pokojnom are\u00e1li&nbsp;<strong>Rajskie Pszczo\u0142y, czyli V\u010dely raja<\/strong>&nbsp;a nakoniec si vysk\u00fa\u0161ate lesn\u00fa&nbsp;<strong>Cestu bojovn\u00edka<\/strong>, ktor\u00e1 vedie na miesto so siln\u00fdm pr\u00edbehom. Trasa je nen\u00e1ro\u010dn\u00e1, vhodn\u00e1 pre deti, a zakon\u010di\u0165 ju m\u00f4\u017eete chutn\u00fdm obedom v&nbsp;<strong>Pizza Fonzy Restaurant<\/strong>.<\/p>\n<\/div>\n\n\n\n<div class=\"wp-block-column is-layout-flow wp-block-column-is-layout-flow\" style=\"flex-basis:50%\">\n<figure class=\"wp-block-image size-full is-resized\"><img decoding=\"async\" width=\"1080\" height=\"1080\" src=\"https:\/\/www.haravara.sk\/wp-content\/uploads\/2025\/05\/obrazok-HRVR-NL-2025-11-1-1.png\" alt=\"\" class=\"wp-image-19096\" style=\"width:273px;height:auto\" srcset=\"https:\/\/www.haravara.sk\/wp-content\/uploads\/2025\/05\/obrazok-HRVR-NL-2025-11-1-1.png 1080w, https:\/\/www.haravara.sk\/wp-content\/uploads\/2025\/05\/obrazok-HRVR-NL-2025-11-1-1-300x300.png 300w, https:\/\/www.haravara.sk\/wp-content\/uploads\/2025\/05\/obrazok-HRVR-NL-2025-11-1-1-1024x1024.png 1024w, https:\/\/www.haravara.sk\/wp-content\/uploads\/2025\/05\/obrazok-HRVR-NL-2025-11-1-1-150x150.png 150w, https:\/\/www.haravara.sk\/wp-content\/uploads\/2025\/05\/obrazok-HRVR-NL-2025-11-1-1-768x768.png 768w, https:\/\/www.haravara.sk\/wp-content\/uploads\/2025\/05\/obrazok-HRVR-NL-2025-11-1-1-12x12.png 12w\" sizes=\"(max-width: 1080px) 100vw, 1080px\" \/><\/figure>\n<\/div>\n<\/div>\n\n\n\n<div style=\"height:30px\" aria-hidden=\"true\" class=\"wp-block-spacer\"><\/div>\n\n\n\n<h3 class=\"wp-block-heading\" id=\"h-duha-vodu-pije-umelecke-dielo-v-krajine-smizany\"><strong><span style=\"color:#ba20a4\" class=\"has-inline-color\"><strong><strong><a href=\"https:\/\/www.haravara.sk\/pl\/atrakcie\/duha-vodu-pije\/\">&nbsp;D\u00faha vodu pije&nbsp;\u2013 umeleck\u00e9 dielo v krajine (Smi\u017eany)<\/a><\/strong><\/strong><\/span><\/strong><\/h3>\n\n\n\n<p>V\u00fdlet za\u010dnite netradi\u010dne \u2013 pri&nbsp;<strong>umeleckom diele pod hol\u00fdm nebom<\/strong>. Monument\u00e1lny obl\u00fak s poetick\u00fdm n\u00e1zvom&nbsp;<strong>D\u00faha vodu pije<\/strong>, od autora&nbsp;<strong>Mateja Pil\u00e1ta<\/strong>, stoj\u00ed ne\u010faleko obce&nbsp;<strong>Smi\u017eany<\/strong>.<\/p>\n\n\n\n<p>Dielo je vytvoren\u00e9 z&nbsp;<strong>recyklovan\u00e9ho stavebn\u00e9ho materi\u00e1lu<\/strong>&nbsp;poch\u00e1dzaj\u00faceho z tradi\u010dnej drevenej \u013eudovej architekt\u00fary. Obl\u00fak je nielen&nbsp;<strong>funk\u010dnou rozh\u013ead\u0148ou<\/strong>, ale aj siln\u00fdm symbolom \u2013&nbsp;<strong>d\u00faha<\/strong>&nbsp;ako spojenie neba a zeme,&nbsp;<strong>n\u00e1deje a v\u00fdnimo\u010dnosti<\/strong>.<\/p>\n\n\n\n<p>Jeho&nbsp;<strong>element\u00e1rny tvar<\/strong>, pou\u017eit\u00fd materi\u00e1l a tradi\u010dn\u00e9 stavebn\u00e9 techniky vytv\u00e1raj\u00fa&nbsp;<strong>most medzi minulos\u0165ou a s\u00fa\u010dasnos\u0165ou<\/strong>. V\u00fdh\u013ead z vrcholu kon\u0161trukcie pon\u00faka poh\u013ead na krajinu, ktor\u00fd stoj\u00ed za ka\u017ed\u00fd krok.<\/p>\n\n\n\n<p>&nbsp;<strong>Viac o projekte:<\/strong>&nbsp;<a href=\"https:\/\/umenienamieste.sk\/\" target=\"_blank\" rel=\"noreferrer noopener\">umenienamieste.sk<\/a><\/p>\n\n\n\n<div style=\"height:45px\" aria-hidden=\"true\" class=\"wp-block-spacer\"><\/div>\n\n\n\n<h3 class=\"wp-block-heading\" id=\"h-vcely-raja-ekovcelnica-a-apidomcek-hrabusice\"><strong><span style=\"color:#ba20a4\" class=\"has-inline-color\"><strong><strong><a href=\"https:\/\/www.haravara.sk\/pl\/atrakcie\/ekovcelnica-v-hrabusiciach\/\">V\u010dely raja \u2013 ekov\u010delnica a apidom\u010dek&nbsp;(Hrabu\u0161ice)<\/a><\/strong><\/strong><\/span><\/strong><\/h3>\n\n\n\n<p>\u010eal\u0161ia zast\u00e1vka v\u00e1s zavedie do&nbsp;<strong>pokojn\u00e9ho are\u00e1lu na okraji Hrabu\u0161\u00edc<\/strong>, kde sa nach\u00e1dza&nbsp;<strong>ekov\u010delnica V\u010dely raja<\/strong>. Ide o&nbsp;<strong>vo\u013ene pr\u00edstupn\u00e9 miesto<\/strong>, ktor\u00e9 pribli\u017euje svet v\u010diel, ich v\u00fdznam a kr\u00e1su.<\/p>\n\n\n\n<p>V are\u00e1li n\u00e1jdete nieko\u013eko \u00fa\u013eov,&nbsp;<strong>informa\u010dn\u00e9 panely<\/strong>&nbsp;a&nbsp;<strong>drevedn\u00fd apidom\u010dek<\/strong>&nbsp;\u2013 ide\u00e1lne miesto na kr\u00e1tky oddych v tichu. Hoci sa tu neorganizuj\u00fa workshopy, deti aj dospel\u00ed si m\u00f4\u017eu v pokoji pozrie\u0165 \u00fale, porozpr\u00e1va\u0165 sa o pr\u00edrode a spozna\u0165, pre\u010do s\u00fa v\u010dely tak\u00e9 d\u00f4le\u017eit\u00e9.<\/p>\n\n\n\n<p>&nbsp;<strong>Viac inform\u00e1ci\u00ed:<\/strong>&nbsp;<a href=\"https:\/\/www.haravara.sk\/pl\/atrakcie\/ekovcelnica-v-hrabusiciach\/\" target=\"_blank\" rel=\"noreferrer noopener\">Ekov\u010delnica v Hrabu\u0161iciach \u2013 Haravara.sk<\/a><\/p>\n\n\n\n<div style=\"height:45px\" aria-hidden=\"true\" class=\"wp-block-spacer\"><\/div>\n\n\n\n<h3 class=\"wp-block-heading\" id=\"h-zazitkovy-chodnik-cesta-bojovnika-hrabusice\"><strong><span style=\"color:#ba20a4\" class=\"has-inline-color\"><strong><strong><a href=\"https:\/\/www.haravara.sk\/pl\/atrakcie\/cesta-bojovnika\/\">Z\u00e1\u017eitkov\u00fd chodn\u00edk Cesta bojovn\u00edka&nbsp;(Hrabu\u0161ice)<\/a><\/strong><\/strong><\/span><\/strong><\/h3>\n\n\n\n<p>Na z\u00e1ver si dajte&nbsp;<strong>dobrodru\u017en\u00fa bodku<\/strong>&nbsp;\u2013 nen\u00e1ro\u010dn\u00fa prech\u00e1dzku po&nbsp;<strong>z\u00e1\u017eitkovom lesnom chodn\u00edku Cesta bojovn\u00edka<\/strong>, ktor\u00fd je ur\u010den\u00fd&nbsp;<strong>pre deti aj dospel\u00fdch s dobrodru\u017en\u00fdm duchom<\/strong>.<\/p>\n\n\n\n<p>Trasa vedie&nbsp;<strong>lesom pln\u00fdm pr\u00edrodn\u00fdch prek\u00e1\u017eok a v\u00fdziev<\/strong>, ktor\u00e9 preveria rovnov\u00e1hu, koordin\u00e1ciu a t\u00edmov\u00e9ho ducha. Pre deti je to z\u00e1bava, pre rodi\u010dov pr\u00edjemn\u00e1 prech\u00e1dzka.<\/p>\n\n\n\n<p>Chodn\u00edk v\u00e1s zavedie a\u017e na miesto, kde kedysi st\u00e1l&nbsp;<strong>Marcelov hrad<\/strong>. Dnes tu n\u00e1jdete&nbsp;<strong>alt\u00e1nok so zvukovou tabu\u013eou<\/strong>, ktor\u00e1 rozpr\u00e1va p\u00fatav\u00fd pr\u00edbeh o tomto zabudnutom mieste. Okolie zdobia&nbsp;<strong>pr\u00edrodn\u00e9 umeleck\u00e9 diela<\/strong>, ktor\u00e9 dotv\u00e1raj\u00fa jedine\u010dn\u00fa atmosf\u00e9ru.<\/p>\n\n\n\n<p><strong>Viac inform\u00e1ci\u00ed:<\/strong>&nbsp;<a href=\"https:\/\/www.haravara.sk\/pl\/atrakcie\/cesta-bojovnika\/\" target=\"_blank\" rel=\"noreferrer noopener\">Cesta bojovn\u00edka \u2013 Haravara.sk<\/a><\/p>\n\n\n\n<div style=\"height:24px\" aria-hidden=\"true\" class=\"wp-block-spacer\"><\/div>\n\n\n<p><iframe style=\"border:none\" src=\"https:\/\/mapy.com\/s\/lejecapama\" width=\"100%\" height=\"280\" frameborder=\"0\"><\/iframe><\/p>\n\n\n\n<div style=\"height:45px\" aria-hidden=\"true\" class=\"wp-block-spacer\"><\/div>\n\n\n\n<h3 class=\"wp-block-heading\" id=\"h-tip-na-jedlo-pizza-fonzy-restaurant-hrabusice\"><mark style=\"background-color:rgba(0, 0, 0, 0);color:#ba20a4\" class=\"has-inline-color\"><strong>Tip na jedlo:&nbsp;Pizza Fonzy Restaurant \u2013 Hrabu\u0161ice<\/strong><\/mark><\/h3>\n\n\n\n<p>Po dobrodru\u017estve si zasl\u00fa\u017eite dobr\u00e9 jedlo! Napr\u00edklad v&nbsp;<strong>Pizza Fonzy Restaurant<\/strong>&nbsp;v Hrabu\u0161iciach v\u00e1s \u010dak\u00e1 chutn\u00e9 ob\u010derstvenie v pr\u00edjemnej, rodinnej atmosf\u00e9re.<\/p>\n\n\n\n<p>Vybra\u0165 si m\u00f4\u017eete z pestrej ponuky p\u00edzz, cestov\u00edn, \u0161al\u00e1tov aj jed\u00e1l pre deti.&nbsp;<\/p>\n\n\n\n<p><strong>Adresa:<\/strong>&nbsp;Partiz\u00e1nska 154, Hrabu\u0161ice<br><strong>Facebook:<\/strong>&nbsp;Pizza Fonzy Hrabu\u0161ice<\/p>\n\n\n\n<div style=\"height:27px\" aria-hidden=\"true\" class=\"wp-block-spacer\"><\/div>\n\n\n\n<p><br><\/p>\n\n\n\n<div style=\"height:45px\" aria-hidden=\"true\" class=\"wp-block-spacer\"><\/div>\n\n\n\n<h3 class=\"wp-block-heading\" id=\"h-pripraveni-spoznat-nieco-nove\"><mark style=\"background-color:rgba(0, 0, 0, 0);color:#ba20a4\" class=\"has-inline-color\">Pripraven\u00ed spozna\u0165 nie\u010do nov\u00e9?<\/mark><\/h3>","protected":false},"excerpt":{"rendered":"<p>\u201eMax, ako vlastne vznik\u00e1 d\u00faha?\u201c \u2013 \u201eTo je, ke\u010f slnko svieti cez kvapky vody, a tie sa rozbij\u00fa na farby!\u201c Majka sa zamyslene zad\u00edvala na oblohu. \u201eTo znie ako \u010darodejn\u00edctvo... alebo k\u00fazlo.\u201c \u201eJe to fyzika!\u201c povedal Max v\u00e1\u017ene \u2013 ale trochu sa pritom usmial. Vtom sa znenazdajky ozval zn\u00e1my tich\u00fd hlas \u2013 duch Ka\u0161ko.\u201eAle \u010do...<\/p>","protected":false},"featured_media":19452,"menu_order":0,"template":"","format":"standard","meta":{"_acf_changed":false,"footnotes":""},"categories":[17,1],"class_list":["post-19422","vylety","type-vylety","status-publish","format-standard","has-post-thumbnail","hentry","category-jednodnove-vylety","category-tipy-pre-rodicov"],"acf":[],"yoast_head":"<!-- This site is optimized with the Yoast SEO Premium plugin v22.7 (Yoast SEO v27.5) - https:\/\/yoast.com\/product\/yoast-seo-premium-wordpress\/ -->\n<title>\u2b50HARAVARA - Kam s de\u0165mi v Ko\u0161ickom kraji - Farebn\u00fd de\u0148 na Spi\u0161i: D\u00faha, v\u010dely a cesta bojovn\u00edka<\/title>\n<meta name=\"description\" content=\"P\u00fdtate sa kam s de\u0165mi v Ko\u0161ickom kraji? Odpove\u010f je HARAVARA Nechajte sa in\u0161pirova\u0165 skvel\u00fdmi tipmi na rodinn\u00e9 v\u00fdlety, podujatia...\" \/>\n<meta name=\"robots\" content=\"index, follow, max-snippet:-1, max-image-preview:large, max-video-preview:-1\" \/>\n<link rel=\"canonical\" href=\"https:\/\/www.haravara.sk\/pl\/vylety\/farebny-den-na-spisi-duha-vcely-a-cesta-bojovnika\/\" \/>\n<meta property=\"og:locale\" content=\"pl_PL\" \/>\n<meta property=\"og:type\" content=\"article\" \/>\n<meta property=\"og:title\" content=\"Farebn\u00fd de\u0148 na Spi\u0161i: D\u00faha, v\u010dely a cesta bojovn\u00edka\" \/>\n<meta property=\"og:description\" content=\"P\u00fdtate sa kam s de\u0165mi v Ko\u0161ickom kraji? Odpove\u010f je HARAVARA Nechajte sa in\u0161pirova\u0165 skvel\u00fdmi tipmi na rodinn\u00e9 v\u00fdlety, podujatia...\" \/>\n<meta property=\"og:url\" content=\"https:\/\/www.haravara.sk\/pl\/vylety\/farebny-den-na-spisi-duha-vcely-a-cesta-bojovnika\/\" \/>\n<meta property=\"og:site_name\" content=\"HARAVARA\" \/>\n<meta property=\"article:publisher\" content=\"https:\/\/www.facebook.com\/haravara.detsky.svet\" \/>\n<meta property=\"article:modified_time\" content=\"2025-07-09T09:32:33+00:00\" \/>\n<meta property=\"og:image\" content=\"https:\/\/www.haravara.sk\/wp-content\/uploads\/2025\/07\/Dizajn-bez-nazvu-2-1.jpg\" \/>\n\t<meta property=\"og:image:width\" content=\"960\" \/>\n\t<meta property=\"og:image:height\" content=\"540\" \/>\n\t<meta property=\"og:image:type\" content=\"image\/jpeg\" \/>\n<meta name=\"twitter:card\" content=\"summary_large_image\" \/>\n<meta name=\"twitter:label1\" content=\"Szacowany czas czytania\" \/>\n\t<meta name=\"twitter:data1\" content=\"3 minuty\" \/>\n<script type=\"application\/ld+json\" class=\"yoast-schema-graph\">{\"@context\":\"https:\\\/\\\/schema.org\",\"@graph\":[{\"@type\":\"WebPage\",\"@id\":\"https:\\\/\\\/www.haravara.sk\\\/vylety\\\/farebny-den-na-spisi-duha-vcely-a-cesta-bojovnika\\\/\",\"url\":\"https:\\\/\\\/www.haravara.sk\\\/vylety\\\/farebny-den-na-spisi-duha-vcely-a-cesta-bojovnika\\\/\",\"name\":\"\u2b50HARAVARA - Kam s de\u0165mi v Ko\u0161ickom kraji - Farebn\u00fd de\u0148 na Spi\u0161i: D\u00faha, v\u010dely a cesta bojovn\u00edka\",\"isPartOf\":{\"@id\":\"https:\\\/\\\/www.haravara.sk\\\/#website\"},\"primaryImageOfPage\":{\"@id\":\"https:\\\/\\\/www.haravara.sk\\\/vylety\\\/farebny-den-na-spisi-duha-vcely-a-cesta-bojovnika\\\/#primaryimage\"},\"image\":{\"@id\":\"https:\\\/\\\/www.haravara.sk\\\/vylety\\\/farebny-den-na-spisi-duha-vcely-a-cesta-bojovnika\\\/#primaryimage\"},\"thumbnailUrl\":\"https:\\\/\\\/www.haravara.sk\\\/wp-content\\\/uploads\\\/2025\\\/07\\\/Dizajn-bez-nazvu-2-1.jpg\",\"datePublished\":\"2025-07-08T10:54:09+00:00\",\"dateModified\":\"2025-07-09T09:32:33+00:00\",\"description\":\"P\u00fdtate sa kam s de\u0165mi v Ko\u0161ickom kraji? Odpove\u010f je HARAVARA Nechajte sa in\u0161pirova\u0165 skvel\u00fdmi tipmi na rodinn\u00e9 v\u00fdlety, podujatia...\",\"breadcrumb\":{\"@id\":\"https:\\\/\\\/www.haravara.sk\\\/vylety\\\/farebny-den-na-spisi-duha-vcely-a-cesta-bojovnika\\\/#breadcrumb\"},\"inLanguage\":\"pl-PL\",\"potentialAction\":[{\"@type\":\"ReadAction\",\"target\":[\"https:\\\/\\\/www.haravara.sk\\\/vylety\\\/farebny-den-na-spisi-duha-vcely-a-cesta-bojovnika\\\/\"]}]},{\"@type\":\"ImageObject\",\"inLanguage\":\"pl-PL\",\"@id\":\"https:\\\/\\\/www.haravara.sk\\\/vylety\\\/farebny-den-na-spisi-duha-vcely-a-cesta-bojovnika\\\/#primaryimage\",\"url\":\"https:\\\/\\\/www.haravara.sk\\\/wp-content\\\/uploads\\\/2025\\\/07\\\/Dizajn-bez-nazvu-2-1.jpg\",\"contentUrl\":\"https:\\\/\\\/www.haravara.sk\\\/wp-content\\\/uploads\\\/2025\\\/07\\\/Dizajn-bez-nazvu-2-1.jpg\",\"width\":960,\"height\":540},{\"@type\":\"BreadcrumbList\",\"@id\":\"https:\\\/\\\/www.haravara.sk\\\/vylety\\\/farebny-den-na-spisi-duha-vcely-a-cesta-bojovnika\\\/#breadcrumb\",\"itemListElement\":[{\"@type\":\"ListItem\",\"position\":1,\"name\":\"Domov\",\"item\":\"https:\\\/\\\/www.haravara.sk\\\/\"},{\"@type\":\"ListItem\",\"position\":2,\"name\":\"V\u00fdlety\",\"item\":\"https:\\\/\\\/www.haravara.sk\\\/vylety\\\/\"},{\"@type\":\"ListItem\",\"position\":3,\"name\":\"Farebn\u00fd de\u0148 na Spi\u0161i: D\u00faha, v\u010dely a cesta bojovn\u00edka\"}]},{\"@type\":\"WebSite\",\"@id\":\"https:\\\/\\\/www.haravara.sk\\\/#website\",\"url\":\"https:\\\/\\\/www.haravara.sk\\\/\",\"name\":\"HARAVARA\",\"description\":\"Objav detsk\u00fd svet v Ko\u0161ickom kraji\",\"publisher\":{\"@id\":\"https:\\\/\\\/www.haravara.sk\\\/#organization\"},\"potentialAction\":[{\"@type\":\"SearchAction\",\"target\":{\"@type\":\"EntryPoint\",\"urlTemplate\":\"https:\\\/\\\/www.haravara.sk\\\/?s={search_term_string}\"},\"query-input\":{\"@type\":\"PropertyValueSpecification\",\"valueRequired\":true,\"valueName\":\"search_term_string\"}}],\"inLanguage\":\"pl-PL\"},{\"@type\":\"Organization\",\"@id\":\"https:\\\/\\\/www.haravara.sk\\\/#organization\",\"name\":\"Haravara\",\"url\":\"https:\\\/\\\/www.haravara.sk\\\/\",\"logo\":{\"@type\":\"ImageObject\",\"inLanguage\":\"pl-PL\",\"@id\":\"https:\\\/\\\/www.haravara.sk\\\/#\\\/schema\\\/logo\\\/image\\\/\",\"url\":\"https:\\\/\\\/www.haravara.sk\\\/wp-content\\\/uploads\\\/2021\\\/04\\\/LOGO-LandingPage.png\",\"contentUrl\":\"https:\\\/\\\/www.haravara.sk\\\/wp-content\\\/uploads\\\/2021\\\/04\\\/LOGO-LandingPage.png\",\"width\":832,\"height\":618,\"caption\":\"Haravara\"},\"image\":{\"@id\":\"https:\\\/\\\/www.haravara.sk\\\/#\\\/schema\\\/logo\\\/image\\\/\"},\"sameAs\":[\"https:\\\/\\\/www.facebook.com\\\/haravara.detsky.svet\"]}]}<\/script>\n<!-- \/ Yoast SEO Premium plugin. -->","yoast_head_json":{"title":"\u2b50HARAVARA - Kam s de\u0165mi v Ko\u0161ickom kraji - Farebn\u00fd de\u0148 na Spi\u0161i: D\u00faha, v\u010dely a cesta bojovn\u00edka","description":"P\u00fdtate sa kam s de\u0165mi v Ko\u0161ickom kraji? Odpove\u010f je HARAVARA Nechajte sa in\u0161pirova\u0165 skvel\u00fdmi tipmi na rodinn\u00e9 v\u00fdlety, podujatia...","robots":{"index":"index","follow":"follow","max-snippet":"max-snippet:-1","max-image-preview":"max-image-preview:large","max-video-preview":"max-video-preview:-1"},"canonical":"https:\/\/www.haravara.sk\/pl\/vylety\/farebny-den-na-spisi-duha-vcely-a-cesta-bojovnika\/","og_locale":"pl_PL","og_type":"article","og_title":"Farebn\u00fd de\u0148 na Spi\u0161i: D\u00faha, v\u010dely a cesta bojovn\u00edka","og_description":"P\u00fdtate sa kam s de\u0165mi v Ko\u0161ickom kraji? Odpove\u010f je HARAVARA Nechajte sa in\u0161pirova\u0165 skvel\u00fdmi tipmi na rodinn\u00e9 v\u00fdlety, podujatia...","og_url":"https:\/\/www.haravara.sk\/pl\/vylety\/farebny-den-na-spisi-duha-vcely-a-cesta-bojovnika\/","og_site_name":"HARAVARA","article_publisher":"https:\/\/www.facebook.com\/haravara.detsky.svet","article_modified_time":"2025-07-09T09:32:33+00:00","og_image":[{"width":960,"height":540,"url":"https:\/\/www.haravara.sk\/wp-content\/uploads\/2025\/07\/Dizajn-bez-nazvu-2-1.jpg","type":"image\/jpeg"}],"twitter_card":"summary_large_image","twitter_misc":{"Szacowany czas czytania":"3 minuty"},"schema":{"@context":"https:\/\/schema.org","@graph":[{"@type":"WebPage","@id":"https:\/\/www.haravara.sk\/vylety\/farebny-den-na-spisi-duha-vcely-a-cesta-bojovnika\/","url":"https:\/\/www.haravara.sk\/vylety\/farebny-den-na-spisi-duha-vcely-a-cesta-bojovnika\/","name":"\u2b50HARAVARA - Kam s de\u0165mi v Ko\u0161ickom kraji - Farebn\u00fd de\u0148 na Spi\u0161i: D\u00faha, v\u010dely a cesta bojovn\u00edka","isPartOf":{"@id":"https:\/\/www.haravara.sk\/#website"},"primaryImageOfPage":{"@id":"https:\/\/www.haravara.sk\/vylety\/farebny-den-na-spisi-duha-vcely-a-cesta-bojovnika\/#primaryimage"},"image":{"@id":"https:\/\/www.haravara.sk\/vylety\/farebny-den-na-spisi-duha-vcely-a-cesta-bojovnika\/#primaryimage"},"thumbnailUrl":"https:\/\/www.haravara.sk\/wp-content\/uploads\/2025\/07\/Dizajn-bez-nazvu-2-1.jpg","datePublished":"2025-07-08T10:54:09+00:00","dateModified":"2025-07-09T09:32:33+00:00","description":"P\u00fdtate sa kam s de\u0165mi v Ko\u0161ickom kraji? Odpove\u010f je HARAVARA Nechajte sa in\u0161pirova\u0165 skvel\u00fdmi tipmi na rodinn\u00e9 v\u00fdlety, podujatia...","breadcrumb":{"@id":"https:\/\/www.haravara.sk\/vylety\/farebny-den-na-spisi-duha-vcely-a-cesta-bojovnika\/#breadcrumb"},"inLanguage":"pl-PL","potentialAction":[{"@type":"ReadAction","target":["https:\/\/www.haravara.sk\/vylety\/farebny-den-na-spisi-duha-vcely-a-cesta-bojovnika\/"]}]},{"@type":"ImageObject","inLanguage":"pl-PL","@id":"https:\/\/www.haravara.sk\/vylety\/farebny-den-na-spisi-duha-vcely-a-cesta-bojovnika\/#primaryimage","url":"https:\/\/www.haravara.sk\/wp-content\/uploads\/2025\/07\/Dizajn-bez-nazvu-2-1.jpg","contentUrl":"https:\/\/www.haravara.sk\/wp-content\/uploads\/2025\/07\/Dizajn-bez-nazvu-2-1.jpg","width":960,"height":540},{"@type":"BreadcrumbList","@id":"https:\/\/www.haravara.sk\/vylety\/farebny-den-na-spisi-duha-vcely-a-cesta-bojovnika\/#breadcrumb","itemListElement":[{"@type":"ListItem","position":1,"name":"Domov","item":"https:\/\/www.haravara.sk\/"},{"@type":"ListItem","position":2,"name":"V\u00fdlety","item":"https:\/\/www.haravara.sk\/vylety\/"},{"@type":"ListItem","position":3,"name":"Farebn\u00fd de\u0148 na Spi\u0161i: D\u00faha, v\u010dely a cesta bojovn\u00edka"}]},{"@type":"WebSite","@id":"https:\/\/www.haravara.sk\/#website","url":"https:\/\/www.haravara.sk\/","name":"HARAVARA","description":"Objav detsk\u00fd svet v Ko\u0161ickom kraji","publisher":{"@id":"https:\/\/www.haravara.sk\/#organization"},"potentialAction":[{"@type":"SearchAction","target":{"@type":"EntryPoint","urlTemplate":"https:\/\/www.haravara.sk\/?s={search_term_string}"},"query-input":{"@type":"PropertyValueSpecification","valueRequired":true,"valueName":"search_term_string"}}],"inLanguage":"pl-PL"},{"@type":"Organization","@id":"https:\/\/www.haravara.sk\/#organization","name":"Haravara","url":"https:\/\/www.haravara.sk\/","logo":{"@type":"ImageObject","inLanguage":"pl-PL","@id":"https:\/\/www.haravara.sk\/#\/schema\/logo\/image\/","url":"https:\/\/www.haravara.sk\/wp-content\/uploads\/2021\/04\/LOGO-LandingPage.png","contentUrl":"https:\/\/www.haravara.sk\/wp-content\/uploads\/2021\/04\/LOGO-LandingPage.png","width":832,"height":618,"caption":"Haravara"},"image":{"@id":"https:\/\/www.haravara.sk\/#\/schema\/logo\/image\/"},"sameAs":["https:\/\/www.facebook.com\/haravara.detsky.svet"]}]}},"_links":{"self":[{"href":"https:\/\/www.haravara.sk\/pl\/wp-json\/wp\/v2\/vylety\/19422","targetHints":{"allow":["GET"]}}],"collection":[{"href":"https:\/\/www.haravara.sk\/pl\/wp-json\/wp\/v2\/vylety"}],"about":[{"href":"https:\/\/www.haravara.sk\/pl\/wp-json\/wp\/v2\/types\/vylety"}],"version-history":[{"count":3,"href":"https:\/\/www.haravara.sk\/pl\/wp-json\/wp\/v2\/vylety\/19422\/revisions"}],"predecessor-version":[{"id":19455,"href":"https:\/\/www.haravara.sk\/pl\/wp-json\/wp\/v2\/vylety\/19422\/revisions\/19455"}],"wp:featuredmedia":[{"embeddable":true,"href":"https:\/\/www.haravara.sk\/pl\/wp-json\/wp\/v2\/media\/19452"}],"wp:attachment":[{"href":"https:\/\/www.haravara.sk\/pl\/wp-json\/wp\/v2\/media?parent=19422"}],"wp:term":[{"taxonomy":"category","embeddable":true,"href":"https:\/\/www.haravara.sk\/pl\/wp-json\/wp\/v2\/categories?post=19422"}],"curies":[{"name":"wp","href":"https:\/\/api.w.org\/{rel}","templated":true}]}}